{"version":"1.0","provider_name":"AMISNS","provider_url":"https:\/\/amisns.edu.pl\/stara-wersja","title":"Spotkanie informacyjne dotycz\u0105ce programu Erasmus + - AMISNS","type":"rich","width":600,"height":338,"html":"<blockquote class=\"wp-embedded-content\" data-secret=\"v0898lig2u\"><a href=\"https:\/\/amisns.edu.pl\/stara-wersja\/spotkanie-informacyjne-dotyczace-programu-erasmus\/\">Spotkanie informacyjne dotycz\u0105ce programu Erasmus +<\/a><\/blockquote><iframe sandbox=\"allow-scripts\" security=\"restricted\" src=\"https:\/\/amisns.edu.pl\/stara-wersja\/spotkanie-informacyjne-dotyczace-programu-erasmus\/embed\/#?secret=v0898lig2u\" width=\"600\" height=\"338\" title=\"&#8222;Spotkanie informacyjne dotycz\u0105ce programu Erasmus +&#8221; &#8212; AMISNS\" data-secret=\"v0898lig2u\" frameborder=\"0\" marginwidth=\"0\" marginheight=\"0\" scrolling=\"no\" class=\"wp-embedded-content\"><\/iframe><script>\n\/*! This file is auto-generated *\/\n!function(d,l){\"use strict\";l.querySelector&&d.addEventListener&&\"undefined\"!=typeof URL&&(d.wp=d.wp||{},d.wp.receiveEmbedMessage||(d.wp.receiveEmbedMessage=function(e){var t=e.data;if((t||t.secret||t.message||t.value)&&!\/[^a-zA-Z0-9]\/.test(t.secret)){for(var s,r,n,a=l.querySelectorAll('iframe[data-secret=\"'+t.secret+'\"]'),o=l.querySelectorAll('blockquote[data-secret=\"'+t.secret+'\"]'),c=new RegExp(\"^https?:$\",\"i\"),i=0;i<o.length;i++)o[i].style.display=\"none\";for(i=0;i<a.length;i++)s=a[i],e.source===s.contentWindow&&(s.removeAttribute(\"style\"),\"height\"===t.message?(1e3<(r=parseInt(t.value,10))?r=1e3:~~r<200&&(r=200),s.height=r):\"link\"===t.message&&(r=new URL(s.getAttribute(\"src\")),n=new URL(t.value),c.test(n.protocol))&&n.host===r.host&&l.activeElement===s&&(d.top.location.href=t.value))}},d.addEventListener(\"message\",d.wp.receiveEmbedMessage,!1),l.addEventListener(\"DOMContentLoaded\",function(){for(var e,t,s=l.querySelectorAll(\"iframe.wp-embedded-content\"),r=0;r<s.length;r++)(t=(e=s[r]).getAttribute(\"data-secret\"))||(t=Math.random().toString(36).substring(2,12),e.src+=\"#?secret=\"+t,e.setAttribute(\"data-secret\",t)),e.contentWindow.postMessage({message:\"ready\",secret:t},\"*\")},!1)))}(window,document);\n<\/script>\n","thumbnail_url":"https:\/\/amisns.edu.pl\/stara-wersja\/wp-content\/uploads\/11-6.jpg","thumbnail_width":1920,"thumbnail_height":852,"description":"W dniu 20.11.2023 r. odby\u0142o si\u0119 pierwsze spotkanie z cyklu wydarze\u0144 informacyjnych dotycz\u0105cych oferty programu Erasmus+. Organizatorem wydarzenia by\u0142o Biuro ds. Wsp\u00f3\u0142pracy Mi\u0119dzynarodowej Akademii Medycznych i Spo\u0142ecznych Nauk Stosowanych w osobach pani dr Igi Lipskiej, Pe\u0142nomocniczki Rektora ds. Wsp\u00f3\u0142pracy Mi\u0119dzynarodowej i Kszta\u0142cenia Podyplomowego oraz Adiunkta Wydzia\u0142u Lekarskiego i pani Olgi Revy, Specjalistki ds. Wsp\u00f3\u0142pracy Mi\u0119dzynarodowej, [&hellip;]"}