{"version":"1.0","provider_name":"AMISNS","provider_url":"https:\/\/amisns.edu.pl\/stara-wersja","title":"Wizyta studyjna w Euroregionie BA\u0141TYK - AMISNS","type":"rich","width":600,"height":338,"html":"<blockquote class=\"wp-embedded-content\" data-secret=\"8wtPWOeuc6\"><a href=\"https:\/\/amisns.edu.pl\/stara-wersja\/wizyta-studyjna-w-euroregionie-baltyk-2\/\">Wizyta studyjna w Euroregionie BA\u0141TYK<\/a><\/blockquote><iframe sandbox=\"allow-scripts\" security=\"restricted\" src=\"https:\/\/amisns.edu.pl\/stara-wersja\/wizyta-studyjna-w-euroregionie-baltyk-2\/embed\/#?secret=8wtPWOeuc6\" width=\"600\" height=\"338\" title=\"&#8222;Wizyta studyjna w Euroregionie BA\u0141TYK&#8221; &#8212; AMISNS\" data-secret=\"8wtPWOeuc6\" frameborder=\"0\" marginwidth=\"0\" marginheight=\"0\" scrolling=\"no\" class=\"wp-embedded-content\"><\/iframe><script>\n\/*! This file is auto-generated *\/\n!function(d,l){\"use strict\";l.querySelector&&d.addEventListener&&\"undefined\"!=typeof URL&&(d.wp=d.wp||{},d.wp.receiveEmbedMessage||(d.wp.receiveEmbedMessage=function(e){var t=e.data;if((t||t.secret||t.message||t.value)&&!\/[^a-zA-Z0-9]\/.test(t.secret)){for(var s,r,n,a=l.querySelectorAll('iframe[data-secret=\"'+t.secret+'\"]'),o=l.querySelectorAll('blockquote[data-secret=\"'+t.secret+'\"]'),c=new RegExp(\"^https?:$\",\"i\"),i=0;i<o.length;i++)o[i].style.display=\"none\";for(i=0;i<a.length;i++)s=a[i],e.source===s.contentWindow&&(s.removeAttribute(\"style\"),\"height\"===t.message?(1e3<(r=parseInt(t.value,10))?r=1e3:~~r<200&&(r=200),s.height=r):\"link\"===t.message&&(r=new URL(s.getAttribute(\"src\")),n=new URL(t.value),c.test(n.protocol))&&n.host===r.host&&l.activeElement===s&&(d.top.location.href=t.value))}},d.addEventListener(\"message\",d.wp.receiveEmbedMessage,!1),l.addEventListener(\"DOMContentLoaded\",function(){for(var e,t,s=l.querySelectorAll(\"iframe.wp-embedded-content\"),r=0;r<s.length;r++)(t=(e=s[r]).getAttribute(\"data-secret\"))||(t=Math.random().toString(36).substring(2,12),e.src+=\"#?secret=\"+t,e.setAttribute(\"data-secret\",t)),e.contentWindow.postMessage({message:\"ready\",secret:t},\"*\")},!1)))}(window,document);\n<\/script>\n","thumbnail_url":"https:\/\/amisns.edu.pl\/stara-wersja\/wp-content\/uploads\/20240316_151219.jpg","thumbnail_width":1575,"thumbnail_height":1080,"description":"17 marca studenci kierunku bezpiecze\u0144stwo wewn\u0119trzne go\u015bcili w najwi\u0119kszym z Euroregion\u00f3w\u00a0 &#8211; Euroregionie ?BA\u0141TYK?, kt\u00f3ry powsta\u0142 w 1998 roku. Wizyta odby\u0142a si\u0119 w ramach zaj\u0119\u0107 Wsp\u00f3\u0142pracy Transgranicznej. Ze studentami spotka\u0142 si\u0119 dyrektor Euroregionu, Pan Marcin \u017buchowski, wraz ze swoim zast\u0119pc\u0105. Na wst\u0119pie pan \u017buchowski przedstawi\u0142 zebranym, czym jest wsp\u00f3\u0142praca transgraniczna na szczeblu naszego kraju jak [&hellip;]"}