{"version":"1.0","provider_name":"AMISNS","provider_url":"https:\/\/amisns.edu.pl\/stara-wersja","title":"Wizyta studyjna\u00a0w Miejskim Centrum Zarz\u0105dzania Kryzysowego - AMISNS","type":"rich","width":600,"height":338,"html":"<blockquote class=\"wp-embedded-content\" data-secret=\"O2sDt94ZUa\"><a href=\"https:\/\/amisns.edu.pl\/stara-wersja\/wizyta-studyjna-w-miejskim-centrum-zarzadzania-kryzysowego\/\">Wizyta studyjna\u00a0w Miejskim Centrum Zarz\u0105dzania Kryzysowego<\/a><\/blockquote><iframe sandbox=\"allow-scripts\" security=\"restricted\" src=\"https:\/\/amisns.edu.pl\/stara-wersja\/wizyta-studyjna-w-miejskim-centrum-zarzadzania-kryzysowego\/embed\/#?secret=O2sDt94ZUa\" width=\"600\" height=\"338\" title=\"&#8222;Wizyta studyjna\u00a0w Miejskim Centrum Zarz\u0105dzania Kryzysowego&#8221; &#8212; AMISNS\" data-secret=\"O2sDt94ZUa\" frameborder=\"0\" marginwidth=\"0\" marginheight=\"0\" scrolling=\"no\" class=\"wp-embedded-content\"><\/iframe><script>\n\/*! This file is auto-generated *\/\n!function(d,l){\"use strict\";l.querySelector&&d.addEventListener&&\"undefined\"!=typeof URL&&(d.wp=d.wp||{},d.wp.receiveEmbedMessage||(d.wp.receiveEmbedMessage=function(e){var t=e.data;if((t||t.secret||t.message||t.value)&&!\/[^a-zA-Z0-9]\/.test(t.secret)){for(var s,r,n,a=l.querySelectorAll('iframe[data-secret=\"'+t.secret+'\"]'),o=l.querySelectorAll('blockquote[data-secret=\"'+t.secret+'\"]'),c=new RegExp(\"^https?:$\",\"i\"),i=0;i<o.length;i++)o[i].style.display=\"none\";for(i=0;i<a.length;i++)s=a[i],e.source===s.contentWindow&&(s.removeAttribute(\"style\"),\"height\"===t.message?(1e3<(r=parseInt(t.value,10))?r=1e3:~~r<200&&(r=200),s.height=r):\"link\"===t.message&&(r=new URL(s.getAttribute(\"src\")),n=new URL(t.value),c.test(n.protocol))&&n.host===r.host&&l.activeElement===s&&(d.top.location.href=t.value))}},d.addEventListener(\"message\",d.wp.receiveEmbedMessage,!1),l.addEventListener(\"DOMContentLoaded\",function(){for(var e,t,s=l.querySelectorAll(\"iframe.wp-embedded-content\"),r=0;r<s.length;r++)(t=(e=s[r]).getAttribute(\"data-secret\"))||(t=Math.random().toString(36).substring(2,12),e.src+=\"#?secret=\"+t,e.setAttribute(\"data-secret\",t)),e.contentWindow.postMessage({message:\"ready\",secret:t},\"*\")},!1)))}(window,document);\n<\/script>\n","thumbnail_url":"https:\/\/amisns.edu.pl\/stara-wersja\/wp-content\/uploads\/IMG_5386.jpeg","thumbnail_width":1440,"thumbnail_height":1080,"description":"W dniu 28 kwietnia studenci kierunku bezpiecze\u0144stwo wewn\u0119trzne (grupa B4z), w ramach przedmiotu zarz\u0105dzanie kryzysowe, odbyli \u0107wiczenia w Miejskim Centrum Zarz\u0105dzania Kryzysowego. Podczas wizyty studenci zostali zapoznani ze struktur\u0105 i zadaniami Centrum, jego miejscem w strukturze oraz podleg\u0142o\u015bci. Pracownicy przybli\u017cyli dzia\u0142anie Centrum m. in. wykorzystuj\u0105c jako przyk\u0142ad sytuacj\u0119 kryzysow\u0105 typow\u0105 dla regionu, tj. wyst\u0105pienie tzw. [&hellip;]"}