{"id":1007,"date":"2022-11-30T05:52:11","date_gmt":"2022-11-30T05:52:11","guid":{"rendered":"http:\/\/wordpress2247503.home.pl\/public_html\/amisns.edu.pl\/?page_id=1007"},"modified":"2024-06-11T14:53:11","modified_gmt":"2024-06-11T13:53:11","slug":"efekty-uczenia-lekarski","status":"publish","type":"page","link":"https:\/\/amisns.edu.pl\/stara-wersja\/homepage\/wydzialy\/wydzial-lekarski\/lekarski\/efekty-uczenia-lekarski\/","title":{"rendered":"Efekty uczenia lekarski"},"content":{"rendered":"\t\t<div data-elementor-type=\"wp-page\" data-elementor-id=\"1007\" class=\"elementor elementor-1007\" data-elementor-post-type=\"page\">\n\t\t\t\t\t\t<section class=\"elementor-section elementor-top-section elementor-element elementor-element-919f1f6 elementor-section-boxed elementor-section-height-default elementor-section-height-default\" data-id=\"919f1f6\" data-element_type=\"section\">\n\t\t\t\t\t\t<div class=\"elementor-container elementor-column-gap-default\">\n\t\t\t\t\t<div class=\"elementor-column elementor-col-100 elementor-top-column elementor-element elementor-element-f5befa9\" data-id=\"f5befa9\" data-element_type=\"column\">\n\t\t\t<div class=\"elementor-widget-wrap elementor-element-populated\">\n\t\t\t\t\t\t<div class=\"elementor-element elementor-element-8ba5050 elementor-widget elementor-widget-template\" data-id=\"8ba5050\" data-element_type=\"widget\" data-widget_type=\"template.default\">\n\t\t\t\t<div class=\"elementor-widget-container\">\n\t\t\t\t\t<div class=\"elementor-template\">\n\t\t\t\t\t<div data-elementor-type=\"section\" data-elementor-id=\"2045\" class=\"elementor elementor-2045\" data-elementor-post-type=\"elementor_library\">\n\t\t\t\t\t<section class=\"elementor-section elementor-top-section elementor-element elementor-element-6ad9a19a elementor-section-boxed elementor-section-height-default elementor-section-height-default\" data-id=\"6ad9a19a\" data-element_type=\"section\">\n\t\t\t\t\t\t<div class=\"elementor-container elementor-column-gap-default\">\n\t\t\t\t\t<div class=\"elementor-column elementor-col-100 elementor-top-column elementor-element elementor-element-1ee658d0\" data-id=\"1ee658d0\" data-element_type=\"column\">\n\t\t\t<div class=\"elementor-widget-wrap elementor-element-populated\">\n\t\t\t\t\t\t<div class=\"elementor-element elementor-element-62c4ed27 elementor-nav-menu__align-center elementor-nav-menu--dropdown-mobile elementor-nav-menu__text-align-aside elementor-nav-menu--toggle elementor-nav-menu--burger elementor-widget elementor-widget-nav-menu\" data-id=\"62c4ed27\" data-element_type=\"widget\" data-settings=\"{&quot;layout&quot;:&quot;horizontal&quot;,&quot;submenu_icon&quot;:{&quot;value&quot;:&quot;&lt;i class=\\&quot;fas fa-caret-down\\&quot;&gt;&lt;\\\/i&gt;&quot;,&quot;library&quot;:&quot;fa-solid&quot;},&quot;toggle&quot;:&quot;burger&quot;}\" data-widget_type=\"nav-menu.default\">\n\t\t\t\t<div class=\"elementor-widget-container\">\n\t\t\t\t\t\t<nav aria-label=\"Menu\" class=\"elementor-nav-menu--main elementor-nav-menu__container elementor-nav-menu--layout-horizontal e--pointer-underline e--animation-fade\">\n\t\t\t\t<ul id=\"menu-1-62c4ed27\" class=\"elementor-nav-menu\"><li class=\"menu-item menu-item-type-custom menu-item-object-custom menu-item-10787\"><a href=\"https:\/\/amisns.edu.pl\/stara-wersja\/homepage\/kierunek-lekarski\/\" class=\"elementor-item\">Kierunek Lekarski<\/a><\/li>\n<li class=\"menu-item menu-item-type-post_type menu-item-object-page menu-item-10773\"><a href=\"https:\/\/amisns.edu.pl\/stara-wersja\/homepage\/wydzialy\/wydzial-lekarski\/fizjoterapia\/\" class=\"elementor-item\">Fizjoterapia<\/a><\/li>\n<\/ul>\t\t\t<\/nav>\n\t\t\t\t\t<div class=\"elementor-menu-toggle\" role=\"button\" tabindex=\"0\" aria-label=\"Menu Toggle\" aria-expanded=\"false\">\n\t\t\t<i aria-hidden=\"true\" role=\"presentation\" class=\"elementor-menu-toggle__icon--open eicon-menu-bar\"><\/i><i aria-hidden=\"true\" role=\"presentation\" class=\"elementor-menu-toggle__icon--close eicon-close\"><\/i>\t\t\t<span class=\"elementor-screen-only\">Menu<\/span>\n\t\t<\/div>\n\t\t\t\t\t<nav class=\"elementor-nav-menu--dropdown elementor-nav-menu__container\" aria-hidden=\"true\">\n\t\t\t\t<ul id=\"menu-2-62c4ed27\" class=\"elementor-nav-menu\"><li class=\"menu-item menu-item-type-custom menu-item-object-custom menu-item-10787\"><a href=\"https:\/\/amisns.edu.pl\/stara-wersja\/homepage\/kierunek-lekarski\/\" class=\"elementor-item\" tabindex=\"-1\">Kierunek Lekarski<\/a><\/li>\n<li class=\"menu-item menu-item-type-post_type menu-item-object-page menu-item-10773\"><a href=\"https:\/\/amisns.edu.pl\/stara-wersja\/homepage\/wydzialy\/wydzial-lekarski\/fizjoterapia\/\" class=\"elementor-item\" tabindex=\"-1\">Fizjoterapia<\/a><\/li>\n<\/ul>\t\t\t<\/nav>\n\t\t\t\t<\/div>\n\t\t\t\t<\/div>\n\t\t\t\t\t<\/div>\n\t\t<\/div>\n\t\t\t\t\t<\/div>\n\t\t<\/section>\n\t\t\t\t<\/div>\n\t\t\t\t<\/div>\n\t\t\t\t<\/div>\n\t\t\t\t<\/div>\n\t\t\t\t\t<\/div>\n\t\t<\/div>\n\t\t\t\t\t<\/div>\n\t\t<\/section>\n\t\t\t\t<section class=\"elementor-section elementor-top-section elementor-element elementor-element-7020c9b elementor-section-full_width elementor-section-height-default elementor-section-height-default\" data-id=\"7020c9b\" data-element_type=\"section\">\n\t\t\t\t\t\t<div class=\"elementor-container elementor-column-gap-default\">\n\t\t\t\t\t<div class=\"elementor-column elementor-col-100 elementor-top-column elementor-element elementor-element-c58a8ad\" data-id=\"c58a8ad\" data-element_type=\"column\">\n\t\t\t<div class=\"elementor-widget-wrap elementor-element-populated\">\n\t\t\t\t\t\t<div class=\"elementor-element elementor-element-a4f4ae3 elementor--h-position-center elementor--v-position-middle elementor-arrows-position-inside elementor-pagination-position-inside elementor-widget elementor-widget-slides\" data-id=\"a4f4ae3\" data-element_type=\"widget\" data-settings=\"{&quot;navigation&quot;:&quot;both&quot;,&quot;autoplay&quot;:&quot;yes&quot;,&quot;pause_on_hover&quot;:&quot;yes&quot;,&quot;pause_on_interaction&quot;:&quot;yes&quot;,&quot;autoplay_speed&quot;:5000,&quot;infinite&quot;:&quot;yes&quot;,&quot;transition&quot;:&quot;slide&quot;,&quot;transition_speed&quot;:500}\" data-widget_type=\"slides.default\">\n\t\t\t\t<div class=\"elementor-widget-container\">\n\t\t\t\t\t<div class=\"elementor-swiper\">\n\t\t\t<div class=\"elementor-slides-wrapper elementor-main-swiper swiper\" dir=\"ltr\" data-animation=\"fadeInUp\">\n\t\t\t\t<div class=\"swiper-wrapper elementor-slides\">\n\t\t\t\t\t\t\t\t\t\t<div class=\"elementor-repeater-item-040f7df swiper-slide\"><div class=\"swiper-slide-bg elementor-ken-burns elementor-ken-burns--in\" role=\"img\"><\/div><div class=\"swiper-slide-inner\" ><div class=\"swiper-slide-contents\"><div class=\"elementor-slide-heading\">ZARZ\u0104DZENIA DZIEKANA<\/div><\/div><\/div><\/div>\t\t\t\t<\/div>\n\t\t\t\t\t\t\t<\/div>\n\t\t<\/div>\n\t\t\t\t<\/div>\n\t\t\t\t<\/div>\n\t\t\t\t\t<\/div>\n\t\t<\/div>\n\t\t\t\t\t<\/div>\n\t\t<\/section>\n\t\t\t\t<section class=\"elementor-section elementor-top-section elementor-element elementor-element-1b9bc41 elementor-section-boxed elementor-section-height-default elementor-section-height-default\" data-id=\"1b9bc41\" data-element_type=\"section\">\n\t\t\t\t\t\t<div class=\"elementor-container elementor-column-gap-default\">\n\t\t\t\t\t<div class=\"elementor-column elementor-col-100 elementor-top-column elementor-element elementor-element-619175f\" data-id=\"619175f\" data-element_type=\"column\">\n\t\t\t<div class=\"elementor-widget-wrap elementor-element-populated\">\n\t\t\t\t\t\t<div class=\"elementor-element elementor-element-b99d2cf elementor-widget elementor-widget-text-editor\" data-id=\"b99d2cf\" data-element_type=\"widget\" data-widget_type=\"text-editor.default\">\n\t\t\t\t<div class=\"elementor-widget-container\">\n\t\t\t\t\t\t\t<p>Zarz\u0105dzenie Dziekana Wydzia\u0142u Lekarskiego w sprawie powo\u0142ania Wydzia\u0142owego Zespo\u0142u ds. Jako\u015bci Kszta\u0142cenia &#8211;\u00a0<a style=\"background-color: #ffffff;\" href=\"https:\/\/amisns.edu.pl\/wp-content\/uploads\/Zarzadzenie-Dziekana-Wydzialu-Lekarskiego-w-sprawie-powolania-Wydzialowego-Zespolu-ds.-Jakosci-Ksztalcenia-1.pdf\" target=\"_blank\" rel=\"noopener\">pobierz plik<\/a><\/p><p>Zarz\u0105dzenie Dziekana Wydzia\u0142u Lekarskiego w sprawie powo\u0142ania Rady Programowej &#8211;\u00a0<a style=\"background-color: #ffffff;\" href=\"https:\/\/amisns.edu.pl\/wp-content\/uploads\/Zarzadzenie-Dziekana-Wydzialu-Lekarskiego-w-sprawie-powolania-Rady-Programowej-1.pdf\" target=\"_blank\" rel=\"noopener\">pobierz plik<\/a><\/p><p>Zarz\u0105dzenie Dziekana z 3 kwietnia 2024 r. w sprawie udzia\u0142u przedstawicieli student\u00f3w w pracach wydzia\u0142u &#8211;\u00a0<a style=\"background-color: #ffffff;\" href=\"https:\/\/amisns.edu.pl\/wp-content\/uploads\/Zarzadzenie-Dziekana-z-3-kwietnia-2024-r.-ws-udzialu-przedstawicieli-studentow-w-pracach-wydzialu.pdf\" target=\"_blank\" rel=\"noopener\">pobierz plik<\/a><\/p><p>Zarz\u0105dzenie w sprawie organizacji roku akademickiego 2023 &#8211; 2024 &#8211;\u00a0<a style=\"background-color: #ffffff;\" href=\"https:\/\/amisns.edu.pl\/wp-content\/uploads\/24.04.2023-r-ws-organizacji-roku-akademickiego-2023-2024.pdf\" target=\"_blank\" rel=\"noopener\">pobierz plik<\/a><\/p>\t\t\t\t\t\t<\/div>\n\t\t\t\t<\/div>\n\t\t\t\t\t<\/div>\n\t\t<\/div>\n\t\t\t\t\t<\/div>\n\t\t<\/section>\n\t\t\t\t<section class=\"elementor-section elementor-top-section elementor-element elementor-element-a6a968f elementor-section-boxed elementor-section-height-default elementor-section-height-default\" data-id=\"a6a968f\" data-element_type=\"section\">\n\t\t\t\t\t\t<div class=\"elementor-container elementor-column-gap-default\">\n\t\t\t\t\t<div class=\"elementor-column elementor-col-100 elementor-top-column elementor-element elementor-element-58a04cd\" data-id=\"58a04cd\" data-element_type=\"column\">\n\t\t\t<div class=\"elementor-widget-wrap\">\n\t\t\t\t\t\t\t<\/div>\n\t\t<\/div>\n\t\t\t\t\t<\/div>\n\t\t<\/section>\n\t\t\t\t<\/div>\n\t\t","protected":false},"excerpt":{"rendered":"<p>ZARZ\u0104DZENIA DZIEKANA Zarz\u0105dzenie Dziekana Wydzia\u0142u Lekarskiego w sprawie powo\u0142ania Wydzia\u0142owego Zespo\u0142u ds. Jako\u015bci Kszta\u0142cenia &#8211;\u00a0pobierz plik Zarz\u0105dzenie Dziekana Wydzia\u0142u Lekarskiego w sprawie powo\u0142ania Rady Programowej &#8211;\u00a0pobierz plik Zarz\u0105dzenie Dziekana z 3 kwietnia 2024 r. w sprawie udzia\u0142u przedstawicieli student\u00f3w w pracach wydzia\u0142u &#8211;\u00a0pobierz plik Zarz\u0105dzenie w sprawie organizacji roku akademickiego 2023 &#8211; 2024 &#8211;\u00a0pobierz plik<\/p>\n","protected":false},"author":2,"featured_media":0,"parent":1063,"menu_order":0,"comment_status":"closed","ping_status":"closed","template":"elementor_header_footer","meta":{"ocean_post_layout":"","ocean_both_sidebars_style":"","ocean_both_sidebars_content_width":0,"ocean_both_sidebars_sidebars_width":0,"ocean_sidebar":"0","ocean_second_sidebar":"0","ocean_disable_margins":"enable","ocean_add_body_class":"","ocean_shortcode_before_top_bar":"","ocean_shortcode_after_top_bar":"","ocean_shortcode_before_header":"","ocean_shortcode_after_header":"","ocean_has_shortcode":"","ocean_shortcode_after_title":"","ocean_shortcode_before_footer_widgets":"","ocean_shortcode_after_footer_widgets":"","ocean_shortcode_before_footer_bottom":"","ocean_shortcode_after_footer_bottom":"","ocean_display_top_bar":"default","ocean_display_header":"default","ocean_header_style":"","ocean_center_header_left_menu":"0","ocean_custom_header_template":"0","ocean_custom_logo":0,"ocean_custom_retina_logo":0,"ocean_custom_logo_max_width":0,"ocean_custom_logo_tablet_max_width":0,"ocean_custom_logo_mobile_max_width":0,"ocean_custom_logo_max_height":0,"ocean_custom_logo_tablet_max_height":0,"ocean_custom_logo_mobile_max_height":0,"ocean_header_custom_menu":"0","ocean_menu_typo_font_family":"0","ocean_menu_typo_font_subset":"","ocean_menu_typo_font_size":0,"ocean_menu_typo_font_size_tablet":0,"ocean_menu_typo_font_size_mobile":0,"ocean_menu_typo_font_size_unit":"px","ocean_menu_typo_font_weight":"","ocean_menu_typo_font_weight_tablet":"","ocean_menu_typo_font_weight_mobile":"","ocean_menu_typo_transform":"","ocean_menu_typo_transform_tablet":"","ocean_menu_typo_transform_mobile":"","ocean_menu_typo_line_height":0,"ocean_menu_typo_line_height_tablet":0,"ocean_menu_typo_line_height_mobile":0,"ocean_menu_typo_line_height_unit":"","ocean_menu_typo_spacing":0,"ocean_menu_typo_spacing_tablet":0,"ocean_menu_typo_spacing_mobile":0,"ocean_menu_typo_spacing_unit":"","ocean_menu_link_color":"","ocean_menu_link_color_hover":"","ocean_menu_link_color_active":"","ocean_menu_link_background":"","ocean_menu_link_hover_background":"","ocean_menu_link_active_background":"","ocean_menu_social_links_bg":"","ocean_menu_social_hover_links_bg":"","ocean_menu_social_links_color":"","ocean_menu_social_hover_links_color":"","ocean_disable_title":"default","ocean_disable_heading":"default","ocean_post_title":"","ocean_post_subheading":"","ocean_post_title_style":"","ocean_post_title_background_color":"","ocean_post_title_background":0,"ocean_post_title_bg_image_position":"","ocean_post_title_bg_image_attachment":"","ocean_post_title_bg_image_repeat":"","ocean_post_title_bg_image_size":"","ocean_post_title_height":0,"ocean_post_title_bg_overlay":0.5,"ocean_post_title_bg_overlay_color":"","ocean_disable_breadcrumbs":"default","ocean_breadcrumbs_color":"","ocean_breadcrumbs_separator_color":"","ocean_breadcrumbs_links_color":"","ocean_breadcrumbs_links_hover_color":"","ocean_display_footer_widgets":"default","ocean_display_footer_bottom":"default","ocean_custom_footer_template":"0","footnotes":""},"class_list":["post-1007","page","type-page","status-publish","hentry","entry"],"yoast_head":"<!-- This site is optimized with the Yoast SEO plugin v23.7 - https:\/\/yoast.com\/wordpress\/plugins\/seo\/ -->\n<title>Efekty uczenia lekarski - AMISNS<\/title>\n<meta name=\"robots\" content=\"noindex, follow, max-snippet:-1, max-image-preview:large, max-video-preview:-1\" \/>\n<meta property=\"og:locale\" content=\"pl_PL\" \/>\n<meta property=\"og:type\" content=\"article\" \/>\n<meta property=\"og:title\" content=\"Efekty uczenia lekarski - AMISNS\" \/>\n<meta property=\"og:description\" content=\"ZARZ\u0104DZENIA DZIEKANA Zarz\u0105dzenie Dziekana Wydzia\u0142u Lekarskiego w sprawie powo\u0142ania Wydzia\u0142owego Zespo\u0142u ds. Jako\u015bci Kszta\u0142cenia &#8211;\u00a0pobierz plik Zarz\u0105dzenie Dziekana Wydzia\u0142u Lekarskiego w sprawie powo\u0142ania Rady Programowej &#8211;\u00a0pobierz plik Zarz\u0105dzenie Dziekana z 3 kwietnia 2024 r. w sprawie udzia\u0142u przedstawicieli student\u00f3w w pracach wydzia\u0142u &#8211;\u00a0pobierz plik Zarz\u0105dzenie w sprawie organizacji roku akademickiego 2023 &#8211; 2024 &#8211;\u00a0pobierz plik\" \/>\n<meta property=\"og:url\" content=\"https:\/\/amisns.edu.pl\/stara-wersja\/homepage\/wydzialy\/wydzial-lekarski\/lekarski\/efekty-uczenia-lekarski\/\" \/>\n<meta property=\"og:site_name\" content=\"AMISNS\" \/>\n<meta property=\"article:publisher\" content=\"https:\/\/www.facebook.com\/AMiSNSElblag\" \/>\n<meta property=\"article:modified_time\" content=\"2024-06-11T13:53:11+00:00\" \/>\n<meta name=\"twitter:card\" content=\"summary_large_image\" \/>\n<meta name=\"twitter:label1\" content=\"Szacowany czas czytania\" \/>\n\t<meta name=\"twitter:data1\" content=\"1 minuta\" \/>\n<script type=\"application\/ld+json\" class=\"yoast-schema-graph\">{\"@context\":\"https:\/\/schema.org\",\"@graph\":[{\"@type\":\"WebPage\",\"@id\":\"https:\/\/amisns.edu.pl\/stara-wersja\/homepage\/wydzialy\/wydzial-lekarski\/lekarski\/efekty-uczenia-lekarski\/\",\"url\":\"https:\/\/amisns.edu.pl\/stara-wersja\/homepage\/wydzialy\/wydzial-lekarski\/lekarski\/efekty-uczenia-lekarski\/\",\"name\":\"Efekty uczenia lekarski - AMISNS\",\"isPartOf\":{\"@id\":\"https:\/\/amisns.edu.pl\/stara-wersja\/stara-wersja\/#website\"},\"datePublished\":\"2022-11-30T05:52:11+00:00\",\"dateModified\":\"2024-06-11T13:53:11+00:00\",\"breadcrumb\":{\"@id\":\"https:\/\/amisns.edu.pl\/stara-wersja\/homepage\/wydzialy\/wydzial-lekarski\/lekarski\/efekty-uczenia-lekarski\/#breadcrumb\"},\"inLanguage\":\"pl-PL\",\"potentialAction\":[{\"@type\":\"ReadAction\",\"target\":[\"https:\/\/amisns.edu.pl\/stara-wersja\/homepage\/wydzialy\/wydzial-lekarski\/lekarski\/efekty-uczenia-lekarski\/\"]}]},{\"@type\":\"BreadcrumbList\",\"@id\":\"https:\/\/amisns.edu.pl\/stara-wersja\/homepage\/wydzialy\/wydzial-lekarski\/lekarski\/efekty-uczenia-lekarski\/#breadcrumb\",\"itemListElement\":[{\"@type\":\"ListItem\",\"position\":1,\"name\":\"Strona g\u0142\u00f3wna\",\"item\":\"https:\/\/amisns.edu.pl\/stara-wersja\/\"},{\"@type\":\"ListItem\",\"position\":2,\"name\":\"Homepage\",\"item\":\"https:\/\/amisns.edu.pl\/stara-wersja\/\"},{\"@type\":\"ListItem\",\"position\":3,\"name\":\"Wydzia\u0142y\",\"item\":\"https:\/\/amisns.edu.pl\/stara-wersja\/homepage\/wydzialy\/\"},{\"@type\":\"ListItem\",\"position\":4,\"name\":\"Wydzia\u0142 Lekarski\",\"item\":\"https:\/\/amisns.edu.pl\/stara-wersja\/homepage\/wydzialy\/wydzial-lekarski\/\"},{\"@type\":\"ListItem\",\"position\":5,\"name\":\"Lekarski\",\"item\":\"https:\/\/amisns.edu.pl\/stara-wersja\/?page_id=1063\"},{\"@type\":\"ListItem\",\"position\":6,\"name\":\"Efekty uczenia lekarski\"}]},{\"@type\":\"WebSite\",\"@id\":\"https:\/\/amisns.edu.pl\/stara-wersja\/stara-wersja\/#website\",\"url\":\"https:\/\/amisns.edu.pl\/stara-wersja\/stara-wersja\/\",\"name\":\"AMISNS\",\"description\":\"Akademia Medycznych i Spo\u0142ecznych nauk stosowanych\",\"publisher\":{\"@id\":\"https:\/\/amisns.edu.pl\/stara-wersja\/stara-wersja\/#organization\"},\"potentialAction\":[{\"@type\":\"SearchAction\",\"target\":{\"@type\":\"EntryPoint\",\"urlTemplate\":\"https:\/\/amisns.edu.pl\/stara-wersja\/stara-wersja\/?s={search_term_string}\"},\"query-input\":{\"@type\":\"PropertyValueSpecification\",\"valueRequired\":true,\"valueName\":\"search_term_string\"}}],\"inLanguage\":\"pl-PL\"},{\"@type\":\"Organization\",\"@id\":\"https:\/\/amisns.edu.pl\/stara-wersja\/stara-wersja\/#organization\",\"name\":\"AMISNS\",\"url\":\"https:\/\/amisns.edu.pl\/stara-wersja\/stara-wersja\/\",\"logo\":{\"@type\":\"ImageObject\",\"inLanguage\":\"pl-PL\",\"@id\":\"https:\/\/amisns.edu.pl\/stara-wersja\/stara-wersja\/#\/schema\/logo\/image\/\",\"url\":\"https:\/\/amisns.edu.pl\/stara-wersja\/wp-content\/uploads\/2022\/12\/Znak-AMiSNS-na-strone-www-4k.png\",\"contentUrl\":\"https:\/\/amisns.edu.pl\/stara-wersja\/wp-content\/uploads\/2022\/12\/Znak-AMiSNS-na-strone-www-4k.png\",\"width\":1920,\"height\":523,\"caption\":\"AMISNS\"},\"image\":{\"@id\":\"https:\/\/amisns.edu.pl\/stara-wersja\/stara-wersja\/#\/schema\/logo\/image\/\"},\"sameAs\":[\"https:\/\/www.facebook.com\/AMiSNSElblag\"]}]}<\/script>\n<!-- \/ Yoast SEO plugin. -->","yoast_head_json":{"title":"Efekty uczenia lekarski - AMISNS","robots":{"index":"noindex","follow":"follow","max-snippet":"max-snippet:-1","max-image-preview":"max-image-preview:large","max-video-preview":"max-video-preview:-1"},"og_locale":"pl_PL","og_type":"article","og_title":"Efekty uczenia lekarski - AMISNS","og_description":"ZARZ\u0104DZENIA DZIEKANA Zarz\u0105dzenie Dziekana Wydzia\u0142u Lekarskiego w sprawie powo\u0142ania Wydzia\u0142owego Zespo\u0142u ds. Jako\u015bci Kszta\u0142cenia &#8211;\u00a0pobierz plik Zarz\u0105dzenie Dziekana Wydzia\u0142u Lekarskiego w sprawie powo\u0142ania Rady Programowej &#8211;\u00a0pobierz plik Zarz\u0105dzenie Dziekana z 3 kwietnia 2024 r. w sprawie udzia\u0142u przedstawicieli student\u00f3w w pracach wydzia\u0142u &#8211;\u00a0pobierz plik Zarz\u0105dzenie w sprawie organizacji roku akademickiego 2023 &#8211; 2024 &#8211;\u00a0pobierz plik","og_url":"https:\/\/amisns.edu.pl\/stara-wersja\/homepage\/wydzialy\/wydzial-lekarski\/lekarski\/efekty-uczenia-lekarski\/","og_site_name":"AMISNS","article_publisher":"https:\/\/www.facebook.com\/AMiSNSElblag","article_modified_time":"2024-06-11T13:53:11+00:00","twitter_card":"summary_large_image","twitter_misc":{"Szacowany czas czytania":"1 minuta"},"schema":{"@context":"https:\/\/schema.org","@graph":[{"@type":"WebPage","@id":"https:\/\/amisns.edu.pl\/stara-wersja\/homepage\/wydzialy\/wydzial-lekarski\/lekarski\/efekty-uczenia-lekarski\/","url":"https:\/\/amisns.edu.pl\/stara-wersja\/homepage\/wydzialy\/wydzial-lekarski\/lekarski\/efekty-uczenia-lekarski\/","name":"Efekty uczenia lekarski - AMISNS","isPartOf":{"@id":"https:\/\/amisns.edu.pl\/stara-wersja\/stara-wersja\/#website"},"datePublished":"2022-11-30T05:52:11+00:00","dateModified":"2024-06-11T13:53:11+00:00","breadcrumb":{"@id":"https:\/\/amisns.edu.pl\/stara-wersja\/homepage\/wydzialy\/wydzial-lekarski\/lekarski\/efekty-uczenia-lekarski\/#breadcrumb"},"inLanguage":"pl-PL","potentialAction":[{"@type":"ReadAction","target":["https:\/\/amisns.edu.pl\/stara-wersja\/homepage\/wydzialy\/wydzial-lekarski\/lekarski\/efekty-uczenia-lekarski\/"]}]},{"@type":"BreadcrumbList","@id":"https:\/\/amisns.edu.pl\/stara-wersja\/homepage\/wydzialy\/wydzial-lekarski\/lekarski\/efekty-uczenia-lekarski\/#breadcrumb","itemListElement":[{"@type":"ListItem","position":1,"name":"Strona g\u0142\u00f3wna","item":"https:\/\/amisns.edu.pl\/stara-wersja\/"},{"@type":"ListItem","position":2,"name":"Homepage","item":"https:\/\/amisns.edu.pl\/stara-wersja\/"},{"@type":"ListItem","position":3,"name":"Wydzia\u0142y","item":"https:\/\/amisns.edu.pl\/stara-wersja\/homepage\/wydzialy\/"},{"@type":"ListItem","position":4,"name":"Wydzia\u0142 Lekarski","item":"https:\/\/amisns.edu.pl\/stara-wersja\/homepage\/wydzialy\/wydzial-lekarski\/"},{"@type":"ListItem","position":5,"name":"Lekarski","item":"https:\/\/amisns.edu.pl\/stara-wersja\/?page_id=1063"},{"@type":"ListItem","position":6,"name":"Efekty uczenia lekarski"}]},{"@type":"WebSite","@id":"https:\/\/amisns.edu.pl\/stara-wersja\/stara-wersja\/#website","url":"https:\/\/amisns.edu.pl\/stara-wersja\/stara-wersja\/","name":"AMISNS","description":"Akademia Medycznych i Spo\u0142ecznych nauk stosowanych","publisher":{"@id":"https:\/\/amisns.edu.pl\/stara-wersja\/stara-wersja\/#organization"},"potentialAction":[{"@type":"SearchAction","target":{"@type":"EntryPoint","urlTemplate":"https:\/\/amisns.edu.pl\/stara-wersja\/stara-wersja\/?s={search_term_string}"},"query-input":{"@type":"PropertyValueSpecification","valueRequired":true,"valueName":"search_term_string"}}],"inLanguage":"pl-PL"},{"@type":"Organization","@id":"https:\/\/amisns.edu.pl\/stara-wersja\/stara-wersja\/#organization","name":"AMISNS","url":"https:\/\/amisns.edu.pl\/stara-wersja\/stara-wersja\/","logo":{"@type":"ImageObject","inLanguage":"pl-PL","@id":"https:\/\/amisns.edu.pl\/stara-wersja\/stara-wersja\/#\/schema\/logo\/image\/","url":"https:\/\/amisns.edu.pl\/stara-wersja\/wp-content\/uploads\/2022\/12\/Znak-AMiSNS-na-strone-www-4k.png","contentUrl":"https:\/\/amisns.edu.pl\/stara-wersja\/wp-content\/uploads\/2022\/12\/Znak-AMiSNS-na-strone-www-4k.png","width":1920,"height":523,"caption":"AMISNS"},"image":{"@id":"https:\/\/amisns.edu.pl\/stara-wersja\/stara-wersja\/#\/schema\/logo\/image\/"},"sameAs":["https:\/\/www.facebook.com\/AMiSNSElblag"]}]}},"_links":{"self":[{"href":"https:\/\/amisns.edu.pl\/stara-wersja\/wp-json\/wp\/v2\/pages\/1007"}],"collection":[{"href":"https:\/\/amisns.edu.pl\/stara-wersja\/wp-json\/wp\/v2\/pages"}],"about":[{"href":"https:\/\/amisns.edu.pl\/stara-wersja\/wp-json\/wp\/v2\/types\/page"}],"author":[{"embeddable":true,"href":"https:\/\/amisns.edu.pl\/stara-wersja\/wp-json\/wp\/v2\/users\/2"}],"replies":[{"embeddable":true,"href":"https:\/\/amisns.edu.pl\/stara-wersja\/wp-json\/wp\/v2\/comments?post=1007"}],"version-history":[{"count":46,"href":"https:\/\/amisns.edu.pl\/stara-wersja\/wp-json\/wp\/v2\/pages\/1007\/revisions"}],"predecessor-version":[{"id":22327,"href":"https:\/\/amisns.edu.pl\/stara-wersja\/wp-json\/wp\/v2\/pages\/1007\/revisions\/22327"}],"up":[{"embeddable":true,"href":"https:\/\/amisns.edu.pl\/stara-wersja\/wp-json\/wp\/v2\/pages\/1063"}],"wp:attachment":[{"href":"https:\/\/amisns.edu.pl\/stara-wersja\/wp-json\/wp\/v2\/media?parent=1007"}],"curies":[{"name":"wp","href":"https:\/\/api.w.org\/{rel}","templated":true}]}}