{"id":116,"date":"2022-10-16T23:15:50","date_gmt":"2022-10-16T23:15:50","guid":{"rendered":"http:\/\/wordpress2247503.home.pl\/public_html\/amisns.edu.pl\/?page_id=116"},"modified":"2024-05-22T11:21:52","modified_gmt":"2024-05-22T10:21:52","slug":"wydzial-nauk-o-zdrowiu","status":"publish","type":"page","link":"https:\/\/amisns.edu.pl\/stara-wersja\/homepage\/wydzialy\/wydzial-nauk-o-zdrowiu\/","title":{"rendered":"Wydzia\u0142 Nauk o Zdrowiu"},"content":{"rendered":"\t\t<div data-elementor-type=\"wp-page\" data-elementor-id=\"116\" class=\"elementor elementor-116\" data-elementor-post-type=\"page\">\n\t\t\t\t\t\t<section class=\"elementor-section elementor-top-section elementor-element elementor-element-6f4ddf2 elementor-section-boxed elementor-section-height-default elementor-section-height-default\" data-id=\"6f4ddf2\" data-element_type=\"section\">\n\t\t\t\t\t\t<div class=\"elementor-container elementor-column-gap-default\">\n\t\t\t\t\t<div class=\"elementor-column elementor-col-100 elementor-top-column elementor-element elementor-element-94c6602\" data-id=\"94c6602\" data-element_type=\"column\">\n\t\t\t<div class=\"elementor-widget-wrap elementor-element-populated\">\n\t\t\t\t\t\t<div class=\"elementor-element elementor-element-e98b52c elementor-nav-menu__align-center elementor-nav-menu--dropdown-mobile elementor-nav-menu__text-align-aside elementor-nav-menu--toggle elementor-nav-menu--burger elementor-widget elementor-widget-nav-menu\" data-id=\"e98b52c\" data-element_type=\"widget\" data-settings=\"{&quot;layout&quot;:&quot;horizontal&quot;,&quot;submenu_icon&quot;:{&quot;value&quot;:&quot;&lt;i class=\\&quot;fas fa-caret-down\\&quot;&gt;&lt;\\\/i&gt;&quot;,&quot;library&quot;:&quot;fa-solid&quot;},&quot;toggle&quot;:&quot;burger&quot;}\" data-widget_type=\"nav-menu.default\">\n\t\t\t\t<div class=\"elementor-widget-container\">\n\t\t\t\t\t\t<nav aria-label=\"Menu\" class=\"elementor-nav-menu--main elementor-nav-menu__container elementor-nav-menu--layout-horizontal e--pointer-underline e--animation-fade\">\n\t\t\t\t<ul id=\"menu-1-e98b52c\" class=\"elementor-nav-menu\"><li class=\"menu-item menu-item-type-post_type menu-item-object-page menu-item-132\"><a href=\"https:\/\/amisns.edu.pl\/stara-wersja\/homepage\/wydzialy\/wydzial-nauk-o-zdrowiu\/pielegniarstwo\/\" class=\"elementor-item\">Piel\u0119gniarstwo<\/a><\/li>\n<li class=\"menu-item menu-item-type-post_type menu-item-object-page menu-item-480\"><a href=\"https:\/\/amisns.edu.pl\/stara-wersja\/homepage\/wydzialy\/wydzial-nauk-o-zdrowiu\/poloznictwo\/\" class=\"elementor-item\">Po\u0142o\u017cnictwo<\/a><\/li>\n<li class=\"menu-item menu-item-type-post_type menu-item-object-page menu-item-479\"><a href=\"https:\/\/amisns.edu.pl\/stara-wersja\/homepage\/wydzialy\/wydzial-nauk-o-zdrowiu\/ratownictwo-medyczne\/\" class=\"elementor-item\">Ratownictwo Medyczne<\/a><\/li>\n<li class=\"menu-item menu-item-type-post_type menu-item-object-page menu-item-3680\"><a href=\"https:\/\/amisns.edu.pl\/stara-wersja\/homepage\/wydzialy\/wydzial-nauk-o-zdrowiu\/kosmetologia\/\" class=\"elementor-item\">Kosmetologia<\/a><\/li>\n<\/ul>\t\t\t<\/nav>\n\t\t\t\t\t<div class=\"elementor-menu-toggle\" role=\"button\" tabindex=\"0\" aria-label=\"Menu Toggle\" aria-expanded=\"false\">\n\t\t\t<i aria-hidden=\"true\" role=\"presentation\" class=\"elementor-menu-toggle__icon--open eicon-menu-bar\"><\/i><i aria-hidden=\"true\" role=\"presentation\" class=\"elementor-menu-toggle__icon--close eicon-close\"><\/i>\t\t\t<span class=\"elementor-screen-only\">Menu<\/span>\n\t\t<\/div>\n\t\t\t\t\t<nav class=\"elementor-nav-menu--dropdown elementor-nav-menu__container\" aria-hidden=\"true\">\n\t\t\t\t<ul id=\"menu-2-e98b52c\" class=\"elementor-nav-menu\"><li class=\"menu-item menu-item-type-post_type menu-item-object-page menu-item-132\"><a href=\"https:\/\/amisns.edu.pl\/stara-wersja\/homepage\/wydzialy\/wydzial-nauk-o-zdrowiu\/pielegniarstwo\/\" class=\"elementor-item\" tabindex=\"-1\">Piel\u0119gniarstwo<\/a><\/li>\n<li class=\"menu-item menu-item-type-post_type menu-item-object-page menu-item-480\"><a href=\"https:\/\/amisns.edu.pl\/stara-wersja\/homepage\/wydzialy\/wydzial-nauk-o-zdrowiu\/poloznictwo\/\" class=\"elementor-item\" tabindex=\"-1\">Po\u0142o\u017cnictwo<\/a><\/li>\n<li class=\"menu-item menu-item-type-post_type menu-item-object-page menu-item-479\"><a href=\"https:\/\/amisns.edu.pl\/stara-wersja\/homepage\/wydzialy\/wydzial-nauk-o-zdrowiu\/ratownictwo-medyczne\/\" class=\"elementor-item\" tabindex=\"-1\">Ratownictwo Medyczne<\/a><\/li>\n<li class=\"menu-item menu-item-type-post_type menu-item-object-page menu-item-3680\"><a href=\"https:\/\/amisns.edu.pl\/stara-wersja\/homepage\/wydzialy\/wydzial-nauk-o-zdrowiu\/kosmetologia\/\" class=\"elementor-item\" tabindex=\"-1\">Kosmetologia<\/a><\/li>\n<\/ul>\t\t\t<\/nav>\n\t\t\t\t<\/div>\n\t\t\t\t<\/div>\n\t\t\t\t\t<\/div>\n\t\t<\/div>\n\t\t\t\t\t<\/div>\n\t\t<\/section>\n\t\t\t\t<section class=\"elementor-section elementor-top-section elementor-element elementor-element-117bce6 elementor-section-full_width elementor-section-height-default elementor-section-height-default\" data-id=\"117bce6\" data-element_type=\"section\">\n\t\t\t\t\t\t<div class=\"elementor-container elementor-column-gap-default\">\n\t\t\t\t\t<div class=\"elementor-column elementor-col-100 elementor-top-column elementor-element elementor-element-a23ab8b\" data-id=\"a23ab8b\" data-element_type=\"column\">\n\t\t\t<div class=\"elementor-widget-wrap elementor-element-populated\">\n\t\t\t\t\t\t<div class=\"elementor-element elementor-element-f0bcf99 elementor--h-position-left elementor--v-position-middle elementor-pagination-position-inside elementor-widget elementor-widget-slides\" data-id=\"f0bcf99\" data-element_type=\"widget\" data-settings=\"{&quot;navigation&quot;:&quot;dots&quot;,&quot;autoplay&quot;:&quot;yes&quot;,&quot;pause_on_hover&quot;:&quot;yes&quot;,&quot;pause_on_interaction&quot;:&quot;yes&quot;,&quot;autoplay_speed&quot;:5000,&quot;infinite&quot;:&quot;yes&quot;,&quot;transition&quot;:&quot;slide&quot;,&quot;transition_speed&quot;:500}\" data-widget_type=\"slides.default\">\n\t\t\t\t<div class=\"elementor-widget-container\">\n\t\t\t\t\t<div class=\"elementor-swiper\">\n\t\t\t<div class=\"elementor-slides-wrapper elementor-main-swiper swiper\" dir=\"ltr\" data-animation=\"fadeInLeft\">\n\t\t\t\t<div class=\"swiper-wrapper elementor-slides\">\n\t\t\t\t\t\t\t\t\t\t<div class=\"elementor-repeater-item-69f49b7 swiper-slide\"><div class=\"swiper-slide-bg elementor-ken-burns elementor-ken-burns--in\" role=\"img\"><\/div><div class=\"swiper-slide-inner\" ><div class=\"swiper-slide-contents\"><div class=\"elementor-slide-heading\">Wydzia\u0142 Nauk o Zdrowiu<\/div><\/div><\/div><\/div>\t\t\t\t<\/div>\n\t\t\t\t\t\t\t<\/div>\n\t\t<\/div>\n\t\t\t\t<\/div>\n\t\t\t\t<\/div>\n\t\t\t\t\t<\/div>\n\t\t<\/div>\n\t\t\t\t\t<\/div>\n\t\t<\/section>\n\t\t\t\t<section class=\"elementor-section elementor-top-section elementor-element elementor-element-76bb31a animated-slow elementor-section-boxed elementor-section-height-default elementor-section-height-default elementor-invisible\" data-id=\"76bb31a\" data-element_type=\"section\" data-settings=\"{&quot;animation&quot;:&quot;fadeIn&quot;}\">\n\t\t\t\t\t\t<div class=\"elementor-container elementor-column-gap-default\">\n\t\t\t\t\t<div class=\"elementor-column elementor-col-100 elementor-top-column elementor-element elementor-element-542150a\" data-id=\"542150a\" data-element_type=\"column\">\n\t\t\t<div class=\"elementor-widget-wrap elementor-element-populated\">\n\t\t\t\t\t\t<div class=\"elementor-element elementor-element-27f81c8 elementor-grid-3 elementor-grid-tablet-2 elementor-grid-mobile-1 elementor-posts--thumbnail-top elementor-card-shadow-yes elementor-posts__hover-gradient elementor-invisible elementor-widget elementor-widget-posts\" data-id=\"27f81c8\" data-element_type=\"widget\" data-settings=\"{&quot;_animation&quot;:&quot;fadeIn&quot;,&quot;cards_columns&quot;:&quot;3&quot;,&quot;cards_columns_tablet&quot;:&quot;2&quot;,&quot;cards_columns_mobile&quot;:&quot;1&quot;,&quot;cards_row_gap&quot;:{&quot;unit&quot;:&quot;px&quot;,&quot;size&quot;:35,&quot;sizes&quot;:[]},&quot;cards_row_gap_tablet&quot;:{&quot;unit&quot;:&quot;px&quot;,&quot;size&quot;:&quot;&quot;,&quot;sizes&quot;:[]},&quot;cards_row_gap_mobile&quot;:{&quot;unit&quot;:&quot;px&quot;,&quot;size&quot;:&quot;&quot;,&quot;sizes&quot;:[]}}\" data-widget_type=\"posts.cards\">\n\t\t\t\t<div class=\"elementor-widget-container\">\n\t\t\t\t\t<div class=\"elementor-posts-container elementor-posts elementor-posts--skin-cards elementor-grid\">\n\t\t\t\t<article class=\"elementor-post elementor-grid-item post-24731 post type-post status-publish format-standard has-post-thumbnail hentry category-aktualnosc-wnoz category-aktualnosci-biuro-karier category-glowne-aktualnosci category-uncategorized entry has-media\">\n\t\t\t<div class=\"elementor-post__card\">\n\t\t\t\t<a class=\"elementor-post__thumbnail__link\" href=\"https:\/\/amisns.edu.pl\/stara-wersja\/pomorski-urzad-wojewodzki-w-gdansku-poszukuje-inspektora-wojewodzkiego-w-oddziale-ratownictwa-medycznego\/\" tabindex=\"-1\" ><div class=\"elementor-post__thumbnail\"><img fetchpriority=\"high\" decoding=\"async\" width=\"940\" height=\"700\" src=\"https:\/\/amisns.edu.pl\/stara-wersja\/wp-content\/uploads\/Cream-Black-Minimalist-Fair-Job-Facebook-Post-1-940x700.jpg\" class=\"attachment-ocean-thumb-l size-ocean-thumb-l wp-image-23878\" alt=\"\" \/><\/div><\/a>\n\t\t\t\t<div class=\"elementor-post__text\">\n\t\t\t\t<h3 class=\"elementor-post__title\">\n\t\t\t<a href=\"https:\/\/amisns.edu.pl\/stara-wersja\/pomorski-urzad-wojewodzki-w-gdansku-poszukuje-inspektora-wojewodzkiego-w-oddziale-ratownictwa-medycznego\/\" >\n\t\t\t\tPomorski Urz\u0105d Wojew\u00f3dzki w Gda\u0144sku poszukuje: Inspektora Wojew\u00f3dzkiego (&#8230;) w oddziale Ratownictwa Medycznego\t\t\t<\/a>\n\t\t<\/h3>\n\t\t\t\t<div class=\"elementor-post__excerpt\">\n\t\t\t<p>Pomorski Urz\u0105d Wojew\u00f3dzki w Gda\u0144sku poszukuje kandydat\u00f3w na stanowisko inspektora wojew\u00f3dzkiego ds. planowania i organizacji ratownictwa medycznego oraz rozpatrywania skarg medycznych w Wydziale Pa\u0144stwowego Ratownictwa<\/p>\n\t\t<\/div>\n\t\t\t\t\t<div class=\"elementor-post__read-more-wrapper\">\n\t\t\n\t\t<a class=\"elementor-post__read-more\" href=\"https:\/\/amisns.edu.pl\/stara-wersja\/pomorski-urzad-wojewodzki-w-gdansku-poszukuje-inspektora-wojewodzkiego-w-oddziale-ratownictwa-medycznego\/\" aria-label=\"Read more about Pomorski Urz\u0105d Wojew\u00f3dzki w Gda\u0144sku poszukuje: Inspektora Wojew\u00f3dzkiego (&#8230;) w oddziale Ratownictwa Medycznego\" tabindex=\"-1\" >\n\t\t\tZobacz wi\u0119cej\t\t<\/a>\n\n\t\t\t\t\t<\/div>\n\t\t\t\t<\/div>\n\t\t\t\t<div class=\"elementor-post__meta-data\">\n\t\t\t\t\t<span class=\"elementor-post-date\">\n\t\t\t19\/09\/2024\t\t<\/span>\n\t\t\t\t<\/div>\n\t\t\t\t\t<\/div>\n\t\t<\/article>\n\t\t\t\t<article class=\"elementor-post elementor-grid-item post-24645 post type-post status-publish format-standard has-post-thumbnail hentry category-aktualnosc-wnoz category-glowne-aktualnosci category-uncategorized entry has-media\">\n\t\t\t<div class=\"elementor-post__card\">\n\t\t\t\t<a class=\"elementor-post__thumbnail__link\" href=\"https:\/\/amisns.edu.pl\/stara-wersja\/wazna-informacja-rekrutacja-na-kierunek-pielegniarstwo-i-stopnia-zakonczona\/\" tabindex=\"-1\" ><div class=\"elementor-post__thumbnail\"><img decoding=\"async\" width=\"940\" height=\"700\" src=\"https:\/\/amisns.edu.pl\/stara-wersja\/wp-content\/uploads\/buy-now-3-940x700.jpg\" class=\"attachment-ocean-thumb-l size-ocean-thumb-l wp-image-24646\" alt=\"\" \/><\/div><\/a>\n\t\t\t\t<div class=\"elementor-post__text\">\n\t\t\t\t<h3 class=\"elementor-post__title\">\n\t\t\t<a href=\"https:\/\/amisns.edu.pl\/stara-wersja\/wazna-informacja-rekrutacja-na-kierunek-pielegniarstwo-i-stopnia-zakonczona\/\" >\n\t\t\t\tWa\u017cna informacja &#8211; rekrutacja na kierunek piel\u0119gniarstwo I stopnia zako\u0144czona\t\t\t<\/a>\n\t\t<\/h3>\n\t\t\t\t<div class=\"elementor-post__excerpt\">\n\t\t\t<p>Nab\u00f3r na kierunek piel\u0119gniarstwo I stopnia zosta\u0142 ZAKO\u0143CZONY z powodu osi\u0105gni\u0119cia maksymalnej liczby przyj\u0119tych kandydat\u00f3w.\u00a0Zach\u0119camy do zapis\u00f3w na pozosta\u0142e dost\u0119pne kierunki medyczne: piel\u0119gniarstwo II stopnia<\/p>\n\t\t<\/div>\n\t\t\t\t\t<div class=\"elementor-post__read-more-wrapper\">\n\t\t\n\t\t<a class=\"elementor-post__read-more\" href=\"https:\/\/amisns.edu.pl\/stara-wersja\/wazna-informacja-rekrutacja-na-kierunek-pielegniarstwo-i-stopnia-zakonczona\/\" aria-label=\"Read more about Wa\u017cna informacja &#8211; rekrutacja na kierunek piel\u0119gniarstwo I stopnia zako\u0144czona\" tabindex=\"-1\" >\n\t\t\tZobacz wi\u0119cej\t\t<\/a>\n\n\t\t\t\t\t<\/div>\n\t\t\t\t<\/div>\n\t\t\t\t<div class=\"elementor-post__meta-data\">\n\t\t\t\t\t<span class=\"elementor-post-date\">\n\t\t\t17\/09\/2024\t\t<\/span>\n\t\t\t\t<\/div>\n\t\t\t\t\t<\/div>\n\t\t<\/article>\n\t\t\t\t<article class=\"elementor-post elementor-grid-item post-24561 post type-post status-publish format-standard has-post-thumbnail hentry category-aktualnosci-biuro-karier category-ogloszenia-fizjoterapia category-uncategorized entry has-media\">\n\t\t\t<div class=\"elementor-post__card\">\n\t\t\t\t<a class=\"elementor-post__thumbnail__link\" href=\"https:\/\/amisns.edu.pl\/stara-wersja\/firma-rehatherapy-poszukuje-fizjoterapeutow\/\" tabindex=\"-1\" ><div class=\"elementor-post__thumbnail\"><img decoding=\"async\" width=\"940\" height=\"700\" src=\"https:\/\/amisns.edu.pl\/stara-wersja\/wp-content\/uploads\/Cream-Black-Minimalist-Fair-Job-Facebook-Post-940x700.jpg\" class=\"attachment-ocean-thumb-l size-ocean-thumb-l wp-image-22108\" alt=\"\" \/><\/div><\/a>\n\t\t\t\t<div class=\"elementor-post__text\">\n\t\t\t\t<h3 class=\"elementor-post__title\">\n\t\t\t<a href=\"https:\/\/amisns.edu.pl\/stara-wersja\/firma-rehatherapy-poszukuje-fizjoterapeutow\/\" >\n\t\t\t\tFirma RehaTherapy poszukuje Fizjoterapeut\u00f3w\t\t\t<\/a>\n\t\t<\/h3>\n\t\t\t\t<div class=\"elementor-post__excerpt\">\n\t\t\t<p>RehaTherapy jest firm\u0105 \u015bwiadcz\u0105c\u0105 us\u0142ugi rehabilitacji \u015brodowiskowej w ramach wsp\u00f3\u0142pracy\u00a0 z NFZ. Do swojego zespo\u0142u poszukuje fizjoterapeut\u00f3w dyspozycyjnych w miejscowo\u015bciach: Ko\u015bcierzyna\/okolice, Rumia \/ Wejherowo, Kartuzy<\/p>\n\t\t<\/div>\n\t\t\t\t\t<div class=\"elementor-post__read-more-wrapper\">\n\t\t\n\t\t<a class=\"elementor-post__read-more\" href=\"https:\/\/amisns.edu.pl\/stara-wersja\/firma-rehatherapy-poszukuje-fizjoterapeutow\/\" aria-label=\"Read more about Firma RehaTherapy poszukuje Fizjoterapeut\u00f3w\" tabindex=\"-1\" >\n\t\t\tZobacz wi\u0119cej\t\t<\/a>\n\n\t\t\t\t\t<\/div>\n\t\t\t\t<\/div>\n\t\t\t\t<div class=\"elementor-post__meta-data\">\n\t\t\t\t\t<span class=\"elementor-post-date\">\n\t\t\t13\/09\/2024\t\t<\/span>\n\t\t\t\t<\/div>\n\t\t\t\t\t<\/div>\n\t\t<\/article>\n\t\t\t\t<article class=\"elementor-post elementor-grid-item post-24522 post type-post status-publish format-standard has-post-thumbnail hentry category-aktualnosc-wnoz category-glowne-aktualnosci category-uncategorized entry has-media\">\n\t\t\t<div class=\"elementor-post__card\">\n\t\t\t\t<a class=\"elementor-post__thumbnail__link\" href=\"https:\/\/amisns.edu.pl\/stara-wersja\/zmiana-lokalizacji-dziekanatu-nauk-o-zdrowiu\/\" tabindex=\"-1\" ><div class=\"elementor-post__thumbnail\"><img loading=\"lazy\" decoding=\"async\" width=\"940\" height=\"700\" src=\"https:\/\/amisns.edu.pl\/stara-wersja\/wp-content\/uploads\/INFORMACJA-PRASOWA-1-940x700.jpg\" class=\"attachment-ocean-thumb-l size-ocean-thumb-l wp-image-24523\" alt=\"\" \/><\/div><\/a>\n\t\t\t\t<div class=\"elementor-post__text\">\n\t\t\t\t<h3 class=\"elementor-post__title\">\n\t\t\t<a href=\"https:\/\/amisns.edu.pl\/stara-wersja\/zmiana-lokalizacji-dziekanatu-nauk-o-zdrowiu\/\" >\n\t\t\t\tZmiana lokalizacji Dziekanatu Nauk o Zdrowiu\t\t\t<\/a>\n\t\t<\/h3>\n\t\t\t\t<div class=\"elementor-post__excerpt\">\n\t\t\t<p>Informujemy, \u017ce Dziekanat Nauk o Zdrowiu zosta\u0142 przeniesiony do nowej lokalizacji. Serdecznie zapraszamy na I pi\u0119tro do pokoju 202. W tym samym pokoju niezmiennie znajduje<\/p>\n\t\t<\/div>\n\t\t\t\t\t<div class=\"elementor-post__read-more-wrapper\">\n\t\t\n\t\t<a class=\"elementor-post__read-more\" href=\"https:\/\/amisns.edu.pl\/stara-wersja\/zmiana-lokalizacji-dziekanatu-nauk-o-zdrowiu\/\" aria-label=\"Read more about Zmiana lokalizacji Dziekanatu Nauk o Zdrowiu\" tabindex=\"-1\" >\n\t\t\tZobacz wi\u0119cej\t\t<\/a>\n\n\t\t\t\t\t<\/div>\n\t\t\t\t<\/div>\n\t\t\t\t<div class=\"elementor-post__meta-data\">\n\t\t\t\t\t<span class=\"elementor-post-date\">\n\t\t\t10\/09\/2024\t\t<\/span>\n\t\t\t\t<\/div>\n\t\t\t\t\t<\/div>\n\t\t<\/article>\n\t\t\t\t<article class=\"elementor-post elementor-grid-item post-24474 post type-post status-publish format-standard has-post-thumbnail hentry category-aktualnosc-wnoz category-aktulnosci-wlek category-glowne-aktualnosci category-uncategorized entry has-media\">\n\t\t\t<div class=\"elementor-post__card\">\n\t\t\t\t<a class=\"elementor-post__thumbnail__link\" href=\"https:\/\/amisns.edu.pl\/stara-wersja\/tvp3-olsztyn-na-naszej-uczelni-rozmowy-o-rekrutacji-i-praktycznym-wymiarze-studiow-medycznych\/\" tabindex=\"-1\" ><div class=\"elementor-post__thumbnail\"><img loading=\"lazy\" decoding=\"async\" width=\"1200\" height=\"700\" src=\"https:\/\/amisns.edu.pl\/stara-wersja\/wp-content\/uploads\/IMG-20240909-WA0007-1200x700.jpg\" class=\"attachment-ocean-thumb-l size-ocean-thumb-l wp-image-24476\" alt=\"\" \/><\/div><\/a>\n\t\t\t\t<div class=\"elementor-post__text\">\n\t\t\t\t<h3 class=\"elementor-post__title\">\n\t\t\t<a href=\"https:\/\/amisns.edu.pl\/stara-wersja\/tvp3-olsztyn-na-naszej-uczelni-rozmowy-o-rekrutacji-i-praktycznym-wymiarze-studiow-medycznych\/\" >\n\t\t\t\tTVP3 Olsztyn na naszej uczelni: rozmowy o rekrutacji i praktycznym wymiarze studi\u00f3w medycznych\t\t\t<\/a>\n\t\t<\/h3>\n\t\t\t\t<div class=\"elementor-post__excerpt\">\n\t\t\t<p>Wczoraj, 9 wrze\u015bnia, nasza uczelnia mia\u0142a zaszczyt go\u015bci\u0107 ekip\u0119 TVP3 Olsztyn. Przed kamer\u0105 wypowiadali si\u0119 przedstawiciele w\u0142adz wydzia\u0142owych \u2013 Pani Dziekan Wydzia\u0142u Nauk o Zdrowiu<\/p>\n\t\t<\/div>\n\t\t\t\t\t<div class=\"elementor-post__read-more-wrapper\">\n\t\t\n\t\t<a class=\"elementor-post__read-more\" href=\"https:\/\/amisns.edu.pl\/stara-wersja\/tvp3-olsztyn-na-naszej-uczelni-rozmowy-o-rekrutacji-i-praktycznym-wymiarze-studiow-medycznych\/\" aria-label=\"Read more about TVP3 Olsztyn na naszej uczelni: rozmowy o rekrutacji i praktycznym wymiarze studi\u00f3w medycznych\" tabindex=\"-1\" >\n\t\t\tZobacz wi\u0119cej\t\t<\/a>\n\n\t\t\t\t\t<\/div>\n\t\t\t\t<\/div>\n\t\t\t\t<div class=\"elementor-post__meta-data\">\n\t\t\t\t\t<span class=\"elementor-post-date\">\n\t\t\t10\/09\/2024\t\t<\/span>\n\t\t\t\t<\/div>\n\t\t\t\t\t<\/div>\n\t\t<\/article>\n\t\t\t\t<article class=\"elementor-post elementor-grid-item post-24395 post type-post status-publish format-standard has-post-thumbnail hentry category-aktualnosc-wnoz category-glowne-aktualnosci category-uncategorized entry has-media\">\n\t\t\t<div class=\"elementor-post__card\">\n\t\t\t\t<a class=\"elementor-post__thumbnail__link\" href=\"https:\/\/amisns.edu.pl\/stara-wersja\/oferta-specjalna-rekrutacjatrwa\/\" tabindex=\"-1\" ><div class=\"elementor-post__thumbnail\"><img loading=\"lazy\" decoding=\"async\" width=\"940\" height=\"700\" src=\"https:\/\/amisns.edu.pl\/stara-wersja\/wp-content\/uploads\/Promocja-1-940x700.jpg\" class=\"attachment-ocean-thumb-l size-ocean-thumb-l wp-image-24396\" alt=\"\" \/><\/div><\/a>\n\t\t\t\t<div class=\"elementor-post__text\">\n\t\t\t\t<h3 class=\"elementor-post__title\">\n\t\t\t<a href=\"https:\/\/amisns.edu.pl\/stara-wersja\/oferta-specjalna-rekrutacjatrwa\/\" >\n\t\t\t\tOferta specjalna! &#8211; #rekrutacjatrwa\t\t\t<\/a>\n\t\t<\/h3>\n\t\t\t\t<div class=\"elementor-post__excerpt\">\n\t\t\t<p>Kandydaci na studia! Przypominamy c\ud835\ude07\ud835\uddf2\ud835\ude00\ud835\uddfb\ud835\uddf2 \ud835\uddf1\ud835\uddf9\ud835\uddee \ud835\uddf8\ud835\uddf6\ud835\uddf2\ud835\uddff\ud835\ude02\ud835\uddfb\ud835\uddf8\ud835\ude02 \ud835\uddfd\ud835\uddf6\ud835\uddf2\ud835\uddf9\u0119\ud835\uddf4\ud835\uddfb\ud835\uddf6\ud835\uddee\ud835\uddff\ud835\ude00\ud835\ude01\ud835\ude04\ud835\uddfc \ud835\udddc\ud835\udddc \ud835\ude00\ud835\ude01\ud835\uddfc\ud835\uddfd\ud835\uddfb\ud835\uddf6\ud835\uddee \ud835\ude07\ud835\uddfc\ud835\ude00\ud835\ude01\ud835\uddee\u0142\ud835\uddfc \ud835\uddfc\ud835\uddef\ud835\uddfb\ud835\uddf6\u017c\ud835\uddfc\ud835\uddfb\ud835\uddf2!\u00a0To idealna okazja, aby z jeszcze wi\u0119kszym zapa\u0142em kontynuowa\u0107 nauk\u0119 i przygotowania do przysz\u0142ego<\/p>\n\t\t<\/div>\n\t\t\t\t\t<div class=\"elementor-post__read-more-wrapper\">\n\t\t\n\t\t<a class=\"elementor-post__read-more\" href=\"https:\/\/amisns.edu.pl\/stara-wersja\/oferta-specjalna-rekrutacjatrwa\/\" aria-label=\"Read more about Oferta specjalna! &#8211; #rekrutacjatrwa\" tabindex=\"-1\" >\n\t\t\tZobacz wi\u0119cej\t\t<\/a>\n\n\t\t\t\t\t<\/div>\n\t\t\t\t<\/div>\n\t\t\t\t<div class=\"elementor-post__meta-data\">\n\t\t\t\t\t<span class=\"elementor-post-date\">\n\t\t\t09\/09\/2024\t\t<\/span>\n\t\t\t\t<\/div>\n\t\t\t\t\t<\/div>\n\t\t<\/article>\n\t\t\t\t<\/div>\n\t\t\n\t\t\t\t<\/div>\n\t\t\t\t<\/div>\n\t\t\t\t\t<\/div>\n\t\t<\/div>\n\t\t\t\t\t<\/div>\n\t\t<\/section>\n\t\t\t\t<section class=\"elementor-section elementor-top-section elementor-element elementor-element-d197b1c animated-slow elementor-section-boxed elementor-section-height-default elementor-section-height-default elementor-invisible\" data-id=\"d197b1c\" data-element_type=\"section\" data-settings=\"{&quot;animation&quot;:&quot;fadeIn&quot;}\">\n\t\t\t\t\t\t<div class=\"elementor-container elementor-column-gap-default\">\n\t\t\t\t\t<div class=\"elementor-column elementor-col-100 elementor-top-column elementor-element elementor-element-7d5dbfc\" data-id=\"7d5dbfc\" data-element_type=\"column\">\n\t\t\t<div class=\"elementor-widget-wrap elementor-element-populated\">\n\t\t\t\t\t\t<div class=\"elementor-element elementor-element-d81b2c0 elementor-widget elementor-widget-toggle\" data-id=\"d81b2c0\" data-element_type=\"widget\" data-widget_type=\"toggle.default\">\n\t\t\t\t<div class=\"elementor-widget-container\">\n\t\t\t\t\t<div class=\"elementor-toggle\">\n\t\t\t\t\t\t\t<div class=\"elementor-toggle-item\">\n\t\t\t\t\t<div id=\"elementor-tab-title-2261\" class=\"elementor-tab-title\" data-tab=\"1\" role=\"button\" aria-controls=\"elementor-tab-content-2261\" aria-expanded=\"false\">\n\t\t\t\t\t\t\t\t\t\t\t\t<span class=\"elementor-toggle-icon elementor-toggle-icon-left\" aria-hidden=\"true\">\n\t\t\t\t\t\t\t\t\t\t\t\t\t\t\t<span class=\"elementor-toggle-icon-closed\"><i class=\"fas fa-caret-right\"><\/i><\/span>\n\t\t\t\t\t\t\t\t<span class=\"elementor-toggle-icon-opened\"><i class=\"elementor-toggle-icon-opened fas fa-caret-up\"><\/i><\/span>\n\t\t\t\t\t\t\t\t\t\t\t\t\t<\/span>\n\t\t\t\t\t\t\t\t\t\t\t\t<a class=\"elementor-toggle-title\" tabindex=\"0\">W\u0142adze Wydzia\u0142u<\/a>\n\t\t\t\t\t<\/div>\n\n\t\t\t\t\t<div id=\"elementor-tab-content-2261\" class=\"elementor-tab-content elementor-clearfix\" data-tab=\"1\" role=\"region\" aria-labelledby=\"elementor-tab-title-2261\"><p><strong>Dziekan<\/strong><\/p>\n<p><strong>dr n. o zdr. Magdalena Tomczyk<\/strong><\/p>\n<p>Absolwentka kierunku piel\u0119gniarstwo na Akademii Medycznej K.Marcinkowskiego w Poznaniu. Na tej samej uczelni w 2003 r. uko\u0144czy\u0142a studia podyplomowe z zarz\u0105dzania w opiece zdrowotnej. Od 2005r. audytor i pe\u0142nomocnik jako\u015bci (certyfikat Polskiego Centrum Bada\u0144 i Certyfikacji w Warszawie), a od 2014 roku doktor nauk o zdrowiu (tytu\u0142 uzyskany w Collegium Medicum im. Ludwika Rydygiera w Bydgoszczy).<\/p>\n<p>W latach 2003 &#8211; 2016 zatrudniona na stanowiskach kierowniczych w Wojew\u00f3dzkim Szpitalu Zespolonym w Elbl\u0105gu.&nbsp;<\/p>\n<p>Od 2010 roku pe\u0142ni\u0105ca funkcj\u0119 wizytatora Centrum Monitorowania Jako\u015bci, jednostce podleg\u0142ej Ministerstwu Zdrowia. Od 2017 roku pracownik Centrum Monitorowania Jako\u015bci w Ochronie Zdrowia w Krakowie, gdzie jako koordynator zespo\u0142u lekarsko-piel\u0119gniarskiego nadzoruje wizytacje szpitali na zlecenie Ministra Zdrowia.<\/p>\n<p><\/p>\n<p>Szanowni Studenci Wydzia\u0142u Nauk o Zdrowiu, jestem do Waszej dyspozycji.<\/p>\n<p>Prosz\u0119 o kontakt e-mail: m.tomczyk@amisns.edu.pl oraz na uczelni, pok\u00f3j 119 po wcze\u015bniejszym uzgodnieniu drog\u0105 e-mail.<\/p>\n<p><b>KOORDYNATORZY KIERUNK\u00d3W:<\/b><\/p>\n<p style=\"font-variant-ligatures: normal; font-variant-caps: normal; font-family: Roboto, 'sans serif'; font-size: 14px; font-style: normal; font-weight: 400;\"><img loading=\"lazy\" decoding=\"async\" style=\"font-size: 14px;\" src=\"http:\/\/wordpress2247503.home.pl\/public_html\/amisns.edu.pl\/wp-content\/uploads\/DSC05714-200x300.jpg\" alt=\"\" width=\"200\" height=\"300\">&nbsp; &nbsp; &nbsp; &nbsp; &nbsp; &nbsp; &nbsp;&nbsp;<\/p>\n<p style=\"font-variant-ligatures: normal; font-variant-caps: normal; font-family: Roboto, 'sans serif'; font-size: 14px; font-style: normal;\"><b>mgr Barbara G\u0142owacka<\/b><\/p>\n<p style=\"font-variant-ligatures: normal; font-variant-caps: normal; font-family: Roboto, 'sans serif'; font-size: 14px; font-style: normal; font-weight: 400;\">koordynator kierunku piel\u0119gniarstwo<\/p>\n<p style=\"font-variant-ligatures: normal; font-variant-caps: normal; font-family: Roboto, 'sans serif'; font-size: 14px; font-style: normal; font-weight: 400;\">koordynator kierunku po\u0142o\u017cnictwo<\/p>\n<p style=\"font-variant-ligatures: normal; font-variant-caps: normal; font-family: Roboto, 'sans serif'; font-size: 14px; font-style: normal; font-weight: 400;\">pe\u0142nomocnik rektora ds. centrum dydaktyki i symulacji medycznej<\/p>\n<p style=\"font-variant-ligatures: normal; font-variant-caps: normal; font-family: Roboto, 'sans serif'; font-size: 14px; font-style: normal; font-weight: 400;\">e-mail: b.glowacka@amisns.edu.pl<\/p>\n<div style=\"font-variant-ligatures: normal; font-variant-caps: normal; font-family: Roboto, 'sans serif'; font-size: 14px; font-style: normal; font-weight: 400;\">&nbsp;<\/div>\n<div style=\"font-variant-ligatures: normal; font-variant-caps: normal; font-family: Roboto, 'sans serif'; font-size: 14px; font-style: normal;\"><b>mgr Przemys\u0142aw Ho\u0144ko<\/b><b><br><\/b><\/div>\n<div style=\"font-variant-ligatures: normal; font-variant-caps: normal; font-family: Roboto, 'sans serif'; font-size: 14px; font-style: normal;\">\n<div style=\"font-weight: 400; font-size: 14px;\">koordynator kierunku ratownictwo medyczne<\/div>\n<div style=\"font-weight: 400; font-size: 14px;\">e-mail:&nbsp;p.honko@amisns.edu.pl<\/div>\n<div style=\"font-weight: 400; font-size: 14px;\">&nbsp;<\/div>\n<div style=\"font-weight: 400; font-size: 14px;\"><span style=\"font-variant-ligatures: normal; font-variant-caps: normal; font-family: Roboto, 'sans serif'; font-size: 14px; font-style: normal; font-weight: bold;\">KOORDYNATORZY PRAKTYK:<\/span><\/div>\n<div style=\"font-weight: 400; font-size: 14px;\">&nbsp;<\/div>\n<div style=\"font-size: 14px;\">\n<p style=\"font-weight: 400; font-variant-ligatures: normal; font-variant-caps: normal; font-family: Roboto, 'sans serif'; font-size: 14px; font-style: normal;\"><img loading=\"lazy\" decoding=\"async\" style=\"font-size: 14px;\" src=\"http:\/\/wordpress2247503.home.pl\/public_html\/amisns.edu.pl\/wp-content\/uploads\/2022\/10\/Wioletta-Sulich-Swidnicka-225x300.jpg\" alt=\"\" width=\"225\" height=\"300\"><\/p>\n<p style=\"font-variant-ligatures: normal; font-variant-caps: normal; font-family: Roboto, 'sans serif'; font-size: 14px; font-style: normal;\"><b>mgr Wioletta Sulich-\u015awidnicka<\/b><\/p>\n<p style=\"font-weight: 400; font-variant-ligatures: normal; font-variant-caps: normal; font-family: Roboto, 'sans serif'; font-size: 14px; font-style: normal;\">koordynator praktyk zawodowych kierunku piel\u0119gniarstwo i po\u0142o\u017cnictwo<\/p>\n<p style=\"font-weight: 400; font-variant-ligatures: normal; font-variant-caps: normal; font-family: Roboto, 'sans serif'; font-size: 14px; font-style: normal;\">e-mail: w.sulich-swidnicka@amisns.edu.pl<\/p>\n<p style=\"font-weight: 400; font-variant-ligatures: normal; font-variant-caps: normal; font-family: Roboto, 'sans serif'; font-size: 14px; font-style: normal;\"><img loading=\"lazy\" decoding=\"async\" style=\"font-variant-ligatures: normal; font-variant-caps: normal; font-family: Rajdhani, 'sans serif'; font-size: 16px; font-style: normal; font-weight: 400;\" src=\"http:\/\/wordpress2247503.home.pl\/public_html\/amisns.edu.pl\/wp-content\/uploads\/2022\/10\/Michal-Lach-225x300.jpg\" alt=\"\" width=\"225\" height=\"300\"><\/p>\n<div style=\"font-variant-ligatures: normal; font-variant-caps: normal; font-family: Roboto, 'sans serif'; font-size: 14px; font-style: normal;\"><span style=\"font-weight: 400;\">&nbsp;<\/span><b>mgr Micha\u0142 Lach<\/b><\/div>\n<div style=\"font-weight: 400; font-variant-ligatures: normal; font-variant-caps: normal; font-family: Roboto, 'sans serif'; font-size: 14px; font-style: normal;\">\n<div style=\"font-size: 14px;\">koordynator praktyk zawodowych kierunku fizjoterapia<\/div>\n<div style=\"font-size: 14px;\">e-mail: m.lach@amisns.edu.p<\/div>\n<\/div>\n<\/div>\n<\/div><\/div>\n\t\t\t\t<\/div>\n\t\t\t\t\t\t\t<div class=\"elementor-toggle-item\">\n\t\t\t\t\t<div id=\"elementor-tab-title-2262\" class=\"elementor-tab-title\" data-tab=\"2\" role=\"button\" aria-controls=\"elementor-tab-content-2262\" aria-expanded=\"false\">\n\t\t\t\t\t\t\t\t\t\t\t\t<span class=\"elementor-toggle-icon elementor-toggle-icon-left\" aria-hidden=\"true\">\n\t\t\t\t\t\t\t\t\t\t\t\t\t\t\t<span class=\"elementor-toggle-icon-closed\"><i class=\"fas fa-caret-right\"><\/i><\/span>\n\t\t\t\t\t\t\t\t<span class=\"elementor-toggle-icon-opened\"><i class=\"elementor-toggle-icon-opened fas fa-caret-up\"><\/i><\/span>\n\t\t\t\t\t\t\t\t\t\t\t\t\t<\/span>\n\t\t\t\t\t\t\t\t\t\t\t\t<a class=\"elementor-toggle-title\" tabindex=\"0\">Kadra naukowo-dydaktyczna<\/a>\n\t\t\t\t\t<\/div>\n\n\t\t\t\t\t<div id=\"elementor-tab-content-2262\" class=\"elementor-tab-content elementor-clearfix\" data-tab=\"2\" role=\"region\" aria-labelledby=\"elementor-tab-title-2262\"><p>dr hab.&nbsp;Banecka-Majkutewicz&nbsp;Zyta&nbsp;<\/p>\n<p>dr hab.&nbsp;Koc-\u017b\u00f3rawska&nbsp;Ewa&nbsp;<\/p>\n<p>dr hab.&nbsp;\u015awi\u0105tkowska-Freund&nbsp;Ma\u0142gorzata&nbsp;<\/p>\n<p>dr&nbsp; Zarzeczna-Baran&nbsp;Marzena&nbsp;<\/p>\n<p>dr&nbsp;Badtke&nbsp;Piotr&nbsp;<\/p>\n<p>dr&nbsp;Bogus\u0142awski&nbsp;Maciej&nbsp;<\/p>\n<p>dr&nbsp;Dargiewicz&nbsp;Robert&nbsp;<\/p>\n<p>dr&nbsp;Grzesiowski&nbsp;Pawe\u0142<\/p>\n<p>dr Janiewicz Piotr <br><\/p>\n<p>dr&nbsp;Kuta&nbsp;W\u0142odzimierz&nbsp;<\/p>\n<p>dr&nbsp;Leszczy\u0144ska-Ole\u015b&nbsp;Joanna&nbsp;<\/p>\n<p>dr&nbsp;Majchrzak-K\u0142okocka&nbsp;El\u017cbieta&nbsp;<\/p>\n<p>dr&nbsp;Makarowski&nbsp;Ryszard, prof. uczelni<\/p>\n<p>dr&nbsp;Ma\u0144ko&nbsp;Grzegorz&nbsp;<\/p>\n<p>dr&nbsp;Meller&nbsp;Jolanta&nbsp;<\/p>\n<p>dr&nbsp;Olejniczak&nbsp;Marek&nbsp;<\/p>\n<p>dr&nbsp;Paszko&nbsp;Krystyna&nbsp;<\/p>\n<p>dr&nbsp;Penkowski&nbsp;Micha\u0142&nbsp;<\/p>\n<p>dr&nbsp;Pluszy\u0144ski&nbsp;Rafa\u0142&nbsp;<\/p>\n<p>dr&nbsp;Ruckemann-Dziurdzi\u0144ska&nbsp;Katarzyna&nbsp;<\/p>\n<p>dr&nbsp;Szewczy\u0144ska-Mulcan&nbsp;Katarzyna&nbsp;<\/p>\n<p>dr&nbsp;\u015aniecikowski&nbsp;Wies\u0142aw&nbsp;<\/p>\n<p>dr&nbsp;\u015anieg&nbsp;Aleksandra&nbsp;<\/p>\n<p>dr&nbsp;Ta\u0142aj&nbsp;Anna&nbsp;<\/p>\n<p>dr&nbsp;Tomczyk&nbsp;Magdalena&nbsp;<\/p>\n<p>dr&nbsp;Wodzikowska&nbsp;Ewa&nbsp;<\/p>\n<p>dr&nbsp;Wo\u0142oszyn&nbsp;Przemys\u0142aw&nbsp;<\/p>\n<p>dr&nbsp;Zachalski&nbsp;Wojciech&nbsp;<\/p>\n<p>dr&nbsp;Ziejka&nbsp;Katarzyna&nbsp;<\/p>\n<p>dr&nbsp;\u017b\u00f3rawski&nbsp;Marcin&nbsp;<\/p>\n<p>dr&nbsp;\u017buraty\u0144ski&nbsp;Przemys\u0142aw&nbsp;<\/p>\n<p>lek. med.&nbsp;Florczak&nbsp;Andrzej&nbsp;<\/p>\n<p>lek. med.&nbsp;Go\u0142aszewski&nbsp;Jaros\u0142aw&nbsp;<\/p>\n<p>lek. med.&nbsp;Kara\u015b&nbsp;Krystyna&nbsp;<\/p>\n<p>lek. med.&nbsp;Lichacz&nbsp;Tomasz&nbsp;<\/p>\n<p>lek. med.&nbsp;Walczak&nbsp;Maciej&nbsp;<\/p>\n<p>lek. med.&nbsp;Wi\u015bniewski&nbsp;Jacek&nbsp;<\/p>\n<p>mgr&nbsp;Arndt&nbsp;Marek&nbsp;<\/p>\n<p>mgr&nbsp;Bendyk&nbsp;Mariola&nbsp;<\/p>\n<p>mgr&nbsp;Boczarska&nbsp;Emilia&nbsp;<\/p>\n<p>mgr&nbsp;Czurakowska&nbsp;Aldona&nbsp;<\/p>\n<p>mgr&nbsp;Drewa&nbsp;Nina&nbsp;<\/p>\n<p>mgr&nbsp;Dzieka\u0144ska&nbsp;Helena&nbsp;<\/p>\n<p>mgr&nbsp;Firlej&nbsp;Danuta&nbsp;<\/p>\n<p>mgr&nbsp;Frynas&nbsp;Paulina&nbsp;<\/p>\n<p>mgr&nbsp;Gajewska&nbsp;Bo\u017cena&nbsp;<\/p>\n<p>mgr&nbsp;G\u0142owacka&nbsp;Barbara&nbsp;<\/p>\n<p>mgr&nbsp;Heinz&nbsp;Edyta&nbsp;<\/p>\n<p>mgr&nbsp;Ho\u0144ko&nbsp;Przemys\u0142aw&nbsp;<\/p>\n<p>mgr&nbsp;Kami\u0144ski&nbsp;Dominik&nbsp;<\/p>\n<p>mgr&nbsp;Kawiecka&nbsp;Joanna&nbsp;<\/p>\n<p>mgr&nbsp;K\u0105kol&nbsp;Irena&nbsp;<\/p>\n<p>mgr&nbsp;Kubach&nbsp;Marlena&nbsp;<\/p>\n<p>mgr&nbsp;Kuter&nbsp;Anna&nbsp;<\/p>\n<p>mgr&nbsp;Lach&nbsp;Micha\u0142&nbsp;<\/p>\n<p>mgr&nbsp;Lasota-Mincewicz&nbsp;Karolina&nbsp;<\/p>\n<p>mgr&nbsp;Micha\u0142owska&nbsp;Ma\u0142gorzata&nbsp;<\/p>\n<p>mgr&nbsp;Miecznikowska&nbsp;Marzena&nbsp;<\/p>\n<p>mgr&nbsp;Nowik&nbsp;Halina&nbsp;<\/p>\n<p>mgr&nbsp;Onisk&nbsp;Bartosz&nbsp;<\/p>\n<p>mgr&nbsp;Pilarska&nbsp;Adriana&nbsp;<\/p>\n<p>mgr&nbsp;Rubaj&nbsp;Katarzyna&nbsp;<\/p>\n<p>mgr&nbsp;Rybka-Nadolska&nbsp;Anna&nbsp;<\/p>\n<p>mgr&nbsp;Rychcik&nbsp;Katarzyna&nbsp;<\/p>\n<p>mgr&nbsp;Sa\u0142amacha&nbsp;\u0141ukasz&nbsp;<\/p>\n<p>mgr&nbsp;Sanecki&nbsp;Piotr&nbsp;<\/p>\n<p>mgr&nbsp;Socha&nbsp;Marta&nbsp;<\/p>\n<p>mgr&nbsp;Stanicka&nbsp;Danuta&nbsp;<\/p>\n<p>mgr&nbsp;Sulich-\u015awidnicka&nbsp;Wioletta&nbsp;<\/p>\n<p>mgr&nbsp;\u015aledzi\u0144ski&nbsp;Rafa\u0142&nbsp;<\/p>\n<p>mgr \u015awidnicka Ewa<\/p>\n<p>mgr&nbsp;Tomkiewicz&nbsp;Justyna&nbsp;<\/p>\n<p>mgr&nbsp;Turczyk&nbsp;Dariusz&nbsp;<\/p>\n<p>mgr&nbsp;Winiarczyk&nbsp;El\u017cbieta&nbsp;<\/p>\n<p><\/p><\/div>\n\t\t\t\t<\/div>\n\t\t\t\t\t\t\t\t<\/div>\n\t\t\t\t<\/div>\n\t\t\t\t<\/div>\n\t\t\t\t\t<\/div>\n\t\t<\/div>\n\t\t\t\t\t<\/div>\n\t\t<\/section>\n\t\t\t\t<section class=\"elementor-section elementor-top-section elementor-element elementor-element-c163569 animated-slow elementor-section-boxed elementor-section-height-default elementor-section-height-default elementor-invisible\" data-id=\"c163569\" data-element_type=\"section\" data-settings=\"{&quot;animation&quot;:&quot;fadeIn&quot;}\">\n\t\t\t\t\t\t<div class=\"elementor-container elementor-column-gap-default\">\n\t\t\t\t\t<div class=\"elementor-column elementor-col-100 elementor-top-column elementor-element elementor-element-75be66d\" data-id=\"75be66d\" data-element_type=\"column\">\n\t\t\t<div class=\"elementor-widget-wrap elementor-element-populated\">\n\t\t\t\t\t\t<div class=\"elementor-element elementor-element-472367e elementor-widget elementor-widget-heading\" data-id=\"472367e\" data-element_type=\"widget\" data-widget_type=\"heading.default\">\n\t\t\t\t<div class=\"elementor-widget-container\">\n\t\t\t<h1 class=\"elementor-heading-title elementor-size-default\">Formularz uwag o jako\u015bci kszta\u0142cenia<\/h1>\t\t<\/div>\n\t\t\t\t<\/div>\n\t\t\t\t<div class=\"elementor-element elementor-element-ee1cb00 elementor-widget elementor-widget-text-editor\" data-id=\"ee1cb00\" data-element_type=\"widget\" data-widget_type=\"text-editor.default\">\n\t\t\t\t<div class=\"elementor-widget-container\">\n\t\t\t\t\t\t\t<p>Szanowni Studenci.<\/p><p>Podnoszenie jako\u015bci kszta\u0142cenia w AMiSNS jest jednym z priorytet\u00f3w dzia\u0142a\u0144 jej w\u0142adz.<\/p><p>W konsekwencji proponujemy Pa\u0144stwu anonimowe zg\u0142aszania uwag w tym zakresie w celu poprawy jako\u015bci prowadzonych zaj\u0119\u0107 dydaktycznych i dostosowania oferty edukacyjnej do wskazywanych potrzeb.<\/p><p>Wszystkie wpisywane w powy\u017cszym formularzu opinie s\u0105 poddawane uwa\u017cnej analizie, a w\u0142adze uczelni podejmuj\u0105 dzia\u0142ania s\u0142u\u017c\u0105ce wyeliminowaniu w przysz\u0142o\u015bci ryzyka pojawienia si\u0119 wskazywanych przez Pa\u0144stwa zdarze\u0144. Dlatego bardzo prosimy o dok\u0142adne informacje dotycz\u0105ce opisywanych spraw i zg\u0142aszanych problem\u00f3w.<\/p><p>Prosimy, aby pozostawiali Pa\u0144stwo adres email. Umo\u017cliwi on kontakt, gdyby wyja\u015bnienie problemu tego wymaga\u0142o.<\/p><p>Jednocze\u015bnie informujemy, \u017ce dost\u0119p do podawanych tu informacji posiadaj\u0105 jedynie w\u0142adze uczelni.<\/p><p>Z g\u00f3ry dzi\u0119kujemy zar\u00f3wno za pozytywne, jak i negatywne opinie w tym zakresie.<\/p>\t\t\t\t\t\t<\/div>\n\t\t\t\t<\/div>\n\t\t\t\t\t<\/div>\n\t\t<\/div>\n\t\t\t\t\t<\/div>\n\t\t<\/section>\n\t\t\t\t<section class=\"elementor-section elementor-top-section elementor-element elementor-element-4457c2e animated-slow elementor-section-boxed elementor-section-height-default elementor-section-height-default elementor-invisible\" data-id=\"4457c2e\" data-element_type=\"section\" data-settings=\"{&quot;animation&quot;:&quot;fadeIn&quot;}\">\n\t\t\t\t\t\t<div class=\"elementor-container elementor-column-gap-default\">\n\t\t\t\t\t<div class=\"elementor-column elementor-col-100 elementor-top-column elementor-element elementor-element-f263e3e\" data-id=\"f263e3e\" data-element_type=\"column\">\n\t\t\t<div class=\"elementor-widget-wrap elementor-element-populated\">\n\t\t\t\t\t\t<div class=\"elementor-element elementor-element-487dee1 elementor-button-align-stretch elementor-widget elementor-widget-form\" data-id=\"487dee1\" data-element_type=\"widget\" data-settings=\"{&quot;step_next_label&quot;:&quot;Next&quot;,&quot;step_previous_label&quot;:&quot;Previous&quot;,&quot;button_width&quot;:&quot;100&quot;,&quot;step_type&quot;:&quot;number_text&quot;,&quot;step_icon_shape&quot;:&quot;circle&quot;}\" data-widget_type=\"form.default\">\n\t\t\t\t<div class=\"elementor-widget-container\">\n\t\t\t\t\t<form class=\"elementor-form\" method=\"post\" name=\"New Form\">\n\t\t\t<input type=\"hidden\" name=\"post_id\" value=\"116\"\/>\n\t\t\t<input type=\"hidden\" name=\"form_id\" value=\"487dee1\"\/>\n\t\t\t<input type=\"hidden\" name=\"referer_title\" value=\"AMISNS\" \/>\n\n\t\t\t\n\t\t\t<div class=\"elementor-form-fields-wrapper elementor-labels-\">\n\t\t\t\t\t\t\t\t<div class=\"elementor-field-type-text elementor-field-group elementor-column elementor-field-group-imie elementor-col-100\">\n\t\t\t\t\t\t\t\t\t\t\t\t<label for=\"form-field-imie\" class=\"elementor-field-label elementor-screen-only\">\n\t\t\t\t\t\t\t\tImi\u0119\t\t\t\t\t\t\t<\/label>\n\t\t\t\t\t\t\t\t\t\t\t\t\t\t<input size=\"1\" type=\"text\" name=\"form_fields[imie]\" id=\"form-field-imie\" class=\"elementor-field elementor-size-sm  elementor-field-textual\" placeholder=\"Imi\u0119\">\n\t\t\t\t\t\t\t\t\t\t\t<\/div>\n\t\t\t\t\t\t\t\t<div class=\"elementor-field-type-email elementor-field-group elementor-column elementor-field-group-email elementor-col-100 elementor-field-required\">\n\t\t\t\t\t\t\t\t\t\t\t\t<label for=\"form-field-email\" class=\"elementor-field-label elementor-screen-only\">\n\t\t\t\t\t\t\t\tE-mail\t\t\t\t\t\t\t<\/label>\n\t\t\t\t\t\t\t\t\t\t\t\t\t\t<input size=\"1\" type=\"email\" name=\"form_fields[email]\" id=\"form-field-email\" class=\"elementor-field elementor-size-sm  elementor-field-textual\" placeholder=\"E-mail\" required=\"required\" aria-required=\"true\">\n\t\t\t\t\t\t\t\t\t\t\t<\/div>\n\t\t\t\t\t\t\t\t<div class=\"elementor-field-type-textarea elementor-field-group elementor-column elementor-field-group-message elementor-col-100\">\n\t\t\t\t\t\t\t\t\t\t\t\t<label for=\"form-field-message\" class=\"elementor-field-label elementor-screen-only\">\n\t\t\t\t\t\t\t\tWiadomo\u015b\u0107\t\t\t\t\t\t\t<\/label>\n\t\t\t\t\t\t<textarea class=\"elementor-field-textual elementor-field  elementor-size-sm\" name=\"form_fields[message]\" id=\"form-field-message\" rows=\"4\" placeholder=\"Wiadomo\u015b\u0107\"><\/textarea>\t\t\t\t<\/div>\n\t\t\t\t\t\t\t\t<div class=\"elementor-field-group elementor-column elementor-field-type-submit elementor-col-100 e-form__buttons\">\n\t\t\t\t\t<button class=\"elementor-button elementor-size-sm\" type=\"submit\">\n\t\t\t\t\t\t<span class=\"elementor-button-content-wrapper\">\n\t\t\t\t\t\t\t\t\t\t\t\t\t\t\t\t\t\t\t\t\t\t<span class=\"elementor-button-text\">Wy\u015blij formularz<\/span>\n\t\t\t\t\t\t\t\t\t\t\t\t\t<\/span>\n\t\t\t\t\t<\/button>\n\t\t\t\t<\/div>\n\t\t\t<\/div>\n\t\t<\/form>\n\t\t\t\t<\/div>\n\t\t\t\t<\/div>\n\t\t\t\t\t<\/div>\n\t\t<\/div>\n\t\t\t\t\t<\/div>\n\t\t<\/section>\n\t\t\t\t<\/div>\n\t\t","protected":false},"excerpt":{"rendered":"<p>Wydzia\u0142 Nauk o Zdrowiu W\u0142adze Wydzia\u0142u Dziekan dr n. o zdr. Magdalena Tomczyk Absolwentka kierunku piel\u0119gniarstwo na Akademii Medycznej K.Marcinkowskiego w Poznaniu. Na tej samej uczelni w 2003 r. uko\u0144czy\u0142a studia podyplomowe z zarz\u0105dzania w opiece zdrowotnej. Od 2005r. audytor i pe\u0142nomocnik jako\u015bci (certyfikat Polskiego Centrum Bada\u0144 i Certyfikacji w Warszawie), a od 2014 roku [&hellip;]<\/p>\n","protected":false},"author":2,"featured_media":0,"parent":62,"menu_order":0,"comment_status":"closed","ping_status":"closed","template":"elementor_header_footer","meta":{"ocean_post_layout":"","ocean_both_sidebars_style":"","ocean_both_sidebars_content_width":0,"ocean_both_sidebars_sidebars_width":0,"ocean_sidebar":"0","ocean_second_sidebar":"0","ocean_disable_margins":"enable","ocean_add_body_class":"","ocean_shortcode_before_top_bar":"","ocean_shortcode_after_top_bar":"","ocean_shortcode_before_header":"","ocean_shortcode_after_header":"","ocean_has_shortcode":"","ocean_shortcode_after_title":"","ocean_shortcode_before_footer_widgets":"","ocean_shortcode_after_footer_widgets":"","ocean_shortcode_before_footer_bottom":"","ocean_shortcode_after_footer_bottom":"","ocean_display_top_bar":"default","ocean_display_header":"default","ocean_header_style":"","ocean_center_header_left_menu":"0","ocean_custom_header_template":"0","ocean_custom_logo":0,"ocean_custom_retina_logo":0,"ocean_custom_logo_max_width":0,"ocean_custom_logo_tablet_max_width":0,"ocean_custom_logo_mobile_max_width":0,"ocean_custom_logo_max_height":0,"ocean_custom_logo_tablet_max_height":0,"ocean_custom_logo_mobile_max_height":0,"ocean_header_custom_menu":"0","ocean_menu_typo_font_family":"0","ocean_menu_typo_font_subset":"","ocean_menu_typo_font_size":0,"ocean_menu_typo_font_size_tablet":0,"ocean_menu_typo_font_size_mobile":0,"ocean_menu_typo_font_size_unit":"px","ocean_menu_typo_font_weight":"","ocean_menu_typo_font_weight_tablet":"","ocean_menu_typo_font_weight_mobile":"","ocean_menu_typo_transform":"","ocean_menu_typo_transform_tablet":"","ocean_menu_typo_transform_mobile":"","ocean_menu_typo_line_height":0,"ocean_menu_typo_line_height_tablet":0,"ocean_menu_typo_line_height_mobile":0,"ocean_menu_typo_line_height_unit":"","ocean_menu_typo_spacing":0,"ocean_menu_typo_spacing_tablet":0,"ocean_menu_typo_spacing_mobile":0,"ocean_menu_typo_spacing_unit":"","ocean_menu_link_color":"","ocean_menu_link_color_hover":"","ocean_menu_link_color_active":"","ocean_menu_link_background":"","ocean_menu_link_hover_background":"","ocean_menu_link_active_background":"","ocean_menu_social_links_bg":"","ocean_menu_social_hover_links_bg":"","ocean_menu_social_links_color":"","ocean_menu_social_hover_links_color":"","ocean_disable_title":"default","ocean_disable_heading":"default","ocean_post_title":"","ocean_post_subheading":"","ocean_post_title_style":"","ocean_post_title_background_color":"","ocean_post_title_background":0,"ocean_post_title_bg_image_position":"","ocean_post_title_bg_image_attachment":"","ocean_post_title_bg_image_repeat":"","ocean_post_title_bg_image_size":"","ocean_post_title_height":0,"ocean_post_title_bg_overlay":0.5,"ocean_post_title_bg_overlay_color":"","ocean_disable_breadcrumbs":"default","ocean_breadcrumbs_color":"","ocean_breadcrumbs_separator_color":"","ocean_breadcrumbs_links_color":"","ocean_breadcrumbs_links_hover_color":"","ocean_display_footer_widgets":"default","ocean_display_footer_bottom":"default","ocean_custom_footer_template":"0","footnotes":""},"class_list":["post-116","page","type-page","status-publish","hentry","entry","has-media"],"yoast_head":"<!-- This site is optimized with the Yoast SEO plugin v23.7 - https:\/\/yoast.com\/wordpress\/plugins\/seo\/ -->\n<title>Wydzia\u0142 Nauk o Zdrowiu - AMISNS<\/title>\n<meta name=\"robots\" content=\"noindex, follow, max-snippet:-1, max-image-preview:large, max-video-preview:-1\" \/>\n<meta property=\"og:locale\" content=\"pl_PL\" \/>\n<meta property=\"og:type\" content=\"article\" \/>\n<meta property=\"og:title\" content=\"Wydzia\u0142 Nauk o Zdrowiu - AMISNS\" \/>\n<meta property=\"og:description\" content=\"Wydzia\u0142 Nauk o Zdrowiu W\u0142adze Wydzia\u0142u Dziekan dr n. o zdr. Magdalena Tomczyk Absolwentka kierunku piel\u0119gniarstwo na Akademii Medycznej K.Marcinkowskiego w Poznaniu. Na tej samej uczelni w 2003 r. uko\u0144czy\u0142a studia podyplomowe z zarz\u0105dzania w opiece zdrowotnej. Od 2005r. audytor i pe\u0142nomocnik jako\u015bci (certyfikat Polskiego Centrum Bada\u0144 i Certyfikacji w Warszawie), a od 2014 roku [&hellip;]\" \/>\n<meta property=\"og:url\" content=\"https:\/\/amisns.edu.pl\/stara-wersja\/homepage\/wydzialy\/wydzial-nauk-o-zdrowiu\/\" \/>\n<meta property=\"og:site_name\" content=\"AMISNS\" \/>\n<meta property=\"article:publisher\" content=\"https:\/\/www.facebook.com\/AMiSNSElblag\" \/>\n<meta property=\"article:modified_time\" content=\"2024-05-22T10:21:52+00:00\" \/>\n<meta property=\"og:image\" content=\"http:\/\/wordpress2247503.home.pl\/public_html\/amisns.edu.pl\/stara-wersja\/wp-content\/uploads\/DSC05714-200x300.jpg\" \/>\n<meta name=\"twitter:card\" content=\"summary_large_image\" \/>\n<meta name=\"twitter:label1\" content=\"Szacowany czas czytania\" \/>\n\t<meta name=\"twitter:data1\" content=\"10 minut\" \/>\n<script type=\"application\/ld+json\" class=\"yoast-schema-graph\">{\"@context\":\"https:\/\/schema.org\",\"@graph\":[{\"@type\":\"WebPage\",\"@id\":\"https:\/\/amisns.edu.pl\/stara-wersja\/homepage\/wydzialy\/wydzial-nauk-o-zdrowiu\/\",\"url\":\"https:\/\/amisns.edu.pl\/stara-wersja\/homepage\/wydzialy\/wydzial-nauk-o-zdrowiu\/\",\"name\":\"Wydzia\u0142 Nauk o Zdrowiu - AMISNS\",\"isPartOf\":{\"@id\":\"https:\/\/amisns.edu.pl\/stara-wersja\/stara-wersja\/#website\"},\"primaryImageOfPage\":{\"@id\":\"https:\/\/amisns.edu.pl\/stara-wersja\/homepage\/wydzialy\/wydzial-nauk-o-zdrowiu\/#primaryimage\"},\"image\":{\"@id\":\"https:\/\/amisns.edu.pl\/stara-wersja\/homepage\/wydzialy\/wydzial-nauk-o-zdrowiu\/#primaryimage\"},\"thumbnailUrl\":\"http:\/\/wordpress2247503.home.pl\/public_html\/amisns.edu.pl\/stara-wersja\/wp-content\/uploads\/DSC05714-200x300.jpg\",\"datePublished\":\"2022-10-16T23:15:50+00:00\",\"dateModified\":\"2024-05-22T10:21:52+00:00\",\"breadcrumb\":{\"@id\":\"https:\/\/amisns.edu.pl\/stara-wersja\/homepage\/wydzialy\/wydzial-nauk-o-zdrowiu\/#breadcrumb\"},\"inLanguage\":\"pl-PL\",\"potentialAction\":[{\"@type\":\"ReadAction\",\"target\":[\"https:\/\/amisns.edu.pl\/stara-wersja\/homepage\/wydzialy\/wydzial-nauk-o-zdrowiu\/\"]}]},{\"@type\":\"ImageObject\",\"inLanguage\":\"pl-PL\",\"@id\":\"https:\/\/amisns.edu.pl\/stara-wersja\/homepage\/wydzialy\/wydzial-nauk-o-zdrowiu\/#primaryimage\",\"url\":\"http:\/\/wordpress2247503.home.pl\/public_html\/amisns.edu.pl\/stara-wersja\/wp-content\/uploads\/DSC05714-200x300.jpg\",\"contentUrl\":\"http:\/\/wordpress2247503.home.pl\/public_html\/amisns.edu.pl\/stara-wersja\/wp-content\/uploads\/DSC05714-200x300.jpg\"},{\"@type\":\"BreadcrumbList\",\"@id\":\"https:\/\/amisns.edu.pl\/stara-wersja\/homepage\/wydzialy\/wydzial-nauk-o-zdrowiu\/#breadcrumb\",\"itemListElement\":[{\"@type\":\"ListItem\",\"position\":1,\"name\":\"Strona g\u0142\u00f3wna\",\"item\":\"https:\/\/amisns.edu.pl\/stara-wersja\/\"},{\"@type\":\"ListItem\",\"position\":2,\"name\":\"Homepage\",\"item\":\"https:\/\/amisns.edu.pl\/stara-wersja\/\"},{\"@type\":\"ListItem\",\"position\":3,\"name\":\"Wydzia\u0142y\",\"item\":\"https:\/\/amisns.edu.pl\/stara-wersja\/homepage\/wydzialy\/\"},{\"@type\":\"ListItem\",\"position\":4,\"name\":\"Wydzia\u0142 Nauk o Zdrowiu\"}]},{\"@type\":\"WebSite\",\"@id\":\"https:\/\/amisns.edu.pl\/stara-wersja\/stara-wersja\/#website\",\"url\":\"https:\/\/amisns.edu.pl\/stara-wersja\/stara-wersja\/\",\"name\":\"AMISNS\",\"description\":\"Akademia Medycznych i Spo\u0142ecznych nauk stosowanych\",\"publisher\":{\"@id\":\"https:\/\/amisns.edu.pl\/stara-wersja\/stara-wersja\/#organization\"},\"potentialAction\":[{\"@type\":\"SearchAction\",\"target\":{\"@type\":\"EntryPoint\",\"urlTemplate\":\"https:\/\/amisns.edu.pl\/stara-wersja\/stara-wersja\/?s={search_term_string}\"},\"query-input\":{\"@type\":\"PropertyValueSpecification\",\"valueRequired\":true,\"valueName\":\"search_term_string\"}}],\"inLanguage\":\"pl-PL\"},{\"@type\":\"Organization\",\"@id\":\"https:\/\/amisns.edu.pl\/stara-wersja\/stara-wersja\/#organization\",\"name\":\"AMISNS\",\"url\":\"https:\/\/amisns.edu.pl\/stara-wersja\/stara-wersja\/\",\"logo\":{\"@type\":\"ImageObject\",\"inLanguage\":\"pl-PL\",\"@id\":\"https:\/\/amisns.edu.pl\/stara-wersja\/stara-wersja\/#\/schema\/logo\/image\/\",\"url\":\"https:\/\/amisns.edu.pl\/stara-wersja\/wp-content\/uploads\/2022\/12\/Znak-AMiSNS-na-strone-www-4k.png\",\"contentUrl\":\"https:\/\/amisns.edu.pl\/stara-wersja\/wp-content\/uploads\/2022\/12\/Znak-AMiSNS-na-strone-www-4k.png\",\"width\":1920,\"height\":523,\"caption\":\"AMISNS\"},\"image\":{\"@id\":\"https:\/\/amisns.edu.pl\/stara-wersja\/stara-wersja\/#\/schema\/logo\/image\/\"},\"sameAs\":[\"https:\/\/www.facebook.com\/AMiSNSElblag\"]}]}<\/script>\n<!-- \/ Yoast SEO plugin. -->","yoast_head_json":{"title":"Wydzia\u0142 Nauk o Zdrowiu - AMISNS","robots":{"index":"noindex","follow":"follow","max-snippet":"max-snippet:-1","max-image-preview":"max-image-preview:large","max-video-preview":"max-video-preview:-1"},"og_locale":"pl_PL","og_type":"article","og_title":"Wydzia\u0142 Nauk o Zdrowiu - AMISNS","og_description":"Wydzia\u0142 Nauk o Zdrowiu W\u0142adze Wydzia\u0142u Dziekan dr n. o zdr. Magdalena Tomczyk Absolwentka kierunku piel\u0119gniarstwo na Akademii Medycznej K.Marcinkowskiego w Poznaniu. Na tej samej uczelni w 2003 r. uko\u0144czy\u0142a studia podyplomowe z zarz\u0105dzania w opiece zdrowotnej. Od 2005r. audytor i pe\u0142nomocnik jako\u015bci (certyfikat Polskiego Centrum Bada\u0144 i Certyfikacji w Warszawie), a od 2014 roku [&hellip;]","og_url":"https:\/\/amisns.edu.pl\/stara-wersja\/homepage\/wydzialy\/wydzial-nauk-o-zdrowiu\/","og_site_name":"AMISNS","article_publisher":"https:\/\/www.facebook.com\/AMiSNSElblag","article_modified_time":"2024-05-22T10:21:52+00:00","og_image":[{"url":"http:\/\/wordpress2247503.home.pl\/public_html\/amisns.edu.pl\/stara-wersja\/wp-content\/uploads\/DSC05714-200x300.jpg"}],"twitter_card":"summary_large_image","twitter_misc":{"Szacowany czas czytania":"10 minut"},"schema":{"@context":"https:\/\/schema.org","@graph":[{"@type":"WebPage","@id":"https:\/\/amisns.edu.pl\/stara-wersja\/homepage\/wydzialy\/wydzial-nauk-o-zdrowiu\/","url":"https:\/\/amisns.edu.pl\/stara-wersja\/homepage\/wydzialy\/wydzial-nauk-o-zdrowiu\/","name":"Wydzia\u0142 Nauk o Zdrowiu - AMISNS","isPartOf":{"@id":"https:\/\/amisns.edu.pl\/stara-wersja\/stara-wersja\/#website"},"primaryImageOfPage":{"@id":"https:\/\/amisns.edu.pl\/stara-wersja\/homepage\/wydzialy\/wydzial-nauk-o-zdrowiu\/#primaryimage"},"image":{"@id":"https:\/\/amisns.edu.pl\/stara-wersja\/homepage\/wydzialy\/wydzial-nauk-o-zdrowiu\/#primaryimage"},"thumbnailUrl":"http:\/\/wordpress2247503.home.pl\/public_html\/amisns.edu.pl\/stara-wersja\/wp-content\/uploads\/DSC05714-200x300.jpg","datePublished":"2022-10-16T23:15:50+00:00","dateModified":"2024-05-22T10:21:52+00:00","breadcrumb":{"@id":"https:\/\/amisns.edu.pl\/stara-wersja\/homepage\/wydzialy\/wydzial-nauk-o-zdrowiu\/#breadcrumb"},"inLanguage":"pl-PL","potentialAction":[{"@type":"ReadAction","target":["https:\/\/amisns.edu.pl\/stara-wersja\/homepage\/wydzialy\/wydzial-nauk-o-zdrowiu\/"]}]},{"@type":"ImageObject","inLanguage":"pl-PL","@id":"https:\/\/amisns.edu.pl\/stara-wersja\/homepage\/wydzialy\/wydzial-nauk-o-zdrowiu\/#primaryimage","url":"http:\/\/wordpress2247503.home.pl\/public_html\/amisns.edu.pl\/stara-wersja\/wp-content\/uploads\/DSC05714-200x300.jpg","contentUrl":"http:\/\/wordpress2247503.home.pl\/public_html\/amisns.edu.pl\/stara-wersja\/wp-content\/uploads\/DSC05714-200x300.jpg"},{"@type":"BreadcrumbList","@id":"https:\/\/amisns.edu.pl\/stara-wersja\/homepage\/wydzialy\/wydzial-nauk-o-zdrowiu\/#breadcrumb","itemListElement":[{"@type":"ListItem","position":1,"name":"Strona g\u0142\u00f3wna","item":"https:\/\/amisns.edu.pl\/stara-wersja\/"},{"@type":"ListItem","position":2,"name":"Homepage","item":"https:\/\/amisns.edu.pl\/stara-wersja\/"},{"@type":"ListItem","position":3,"name":"Wydzia\u0142y","item":"https:\/\/amisns.edu.pl\/stara-wersja\/homepage\/wydzialy\/"},{"@type":"ListItem","position":4,"name":"Wydzia\u0142 Nauk o Zdrowiu"}]},{"@type":"WebSite","@id":"https:\/\/amisns.edu.pl\/stara-wersja\/stara-wersja\/#website","url":"https:\/\/amisns.edu.pl\/stara-wersja\/stara-wersja\/","name":"AMISNS","description":"Akademia Medycznych i Spo\u0142ecznych nauk stosowanych","publisher":{"@id":"https:\/\/amisns.edu.pl\/stara-wersja\/stara-wersja\/#organization"},"potentialAction":[{"@type":"SearchAction","target":{"@type":"EntryPoint","urlTemplate":"https:\/\/amisns.edu.pl\/stara-wersja\/stara-wersja\/?s={search_term_string}"},"query-input":{"@type":"PropertyValueSpecification","valueRequired":true,"valueName":"search_term_string"}}],"inLanguage":"pl-PL"},{"@type":"Organization","@id":"https:\/\/amisns.edu.pl\/stara-wersja\/stara-wersja\/#organization","name":"AMISNS","url":"https:\/\/amisns.edu.pl\/stara-wersja\/stara-wersja\/","logo":{"@type":"ImageObject","inLanguage":"pl-PL","@id":"https:\/\/amisns.edu.pl\/stara-wersja\/stara-wersja\/#\/schema\/logo\/image\/","url":"https:\/\/amisns.edu.pl\/stara-wersja\/wp-content\/uploads\/2022\/12\/Znak-AMiSNS-na-strone-www-4k.png","contentUrl":"https:\/\/amisns.edu.pl\/stara-wersja\/wp-content\/uploads\/2022\/12\/Znak-AMiSNS-na-strone-www-4k.png","width":1920,"height":523,"caption":"AMISNS"},"image":{"@id":"https:\/\/amisns.edu.pl\/stara-wersja\/stara-wersja\/#\/schema\/logo\/image\/"},"sameAs":["https:\/\/www.facebook.com\/AMiSNSElblag"]}]}},"_links":{"self":[{"href":"https:\/\/amisns.edu.pl\/stara-wersja\/wp-json\/wp\/v2\/pages\/116"}],"collection":[{"href":"https:\/\/amisns.edu.pl\/stara-wersja\/wp-json\/wp\/v2\/pages"}],"about":[{"href":"https:\/\/amisns.edu.pl\/stara-wersja\/wp-json\/wp\/v2\/types\/page"}],"author":[{"embeddable":true,"href":"https:\/\/amisns.edu.pl\/stara-wersja\/wp-json\/wp\/v2\/users\/2"}],"replies":[{"embeddable":true,"href":"https:\/\/amisns.edu.pl\/stara-wersja\/wp-json\/wp\/v2\/comments?post=116"}],"version-history":[{"count":248,"href":"https:\/\/amisns.edu.pl\/stara-wersja\/wp-json\/wp\/v2\/pages\/116\/revisions"}],"predecessor-version":[{"id":21275,"href":"https:\/\/amisns.edu.pl\/stara-wersja\/wp-json\/wp\/v2\/pages\/116\/revisions\/21275"}],"up":[{"embeddable":true,"href":"https:\/\/amisns.edu.pl\/stara-wersja\/wp-json\/wp\/v2\/pages\/62"}],"wp:attachment":[{"href":"https:\/\/amisns.edu.pl\/stara-wersja\/wp-json\/wp\/v2\/media?parent=116"}],"curies":[{"name":"wp","href":"https:\/\/api.w.org\/{rel}","templated":true}]}}