{"id":282,"date":"2022-11-02T18:17:48","date_gmt":"2022-11-02T18:17:48","guid":{"rendered":"http:\/\/wordpress2247503.home.pl\/public_html\/amisns.edu.pl\/?page_id=282"},"modified":"2023-11-17T15:51:07","modified_gmt":"2023-11-17T14:51:07","slug":"wydzial-administracji-i-nauk-spolecznych","status":"publish","type":"page","link":"https:\/\/amisns.edu.pl\/stara-wersja\/homepage\/wydzialy\/wydzial-administracji-i-nauk-spolecznych\/","title":{"rendered":"Wydzia\u0142 Administracji i Nauk Spo\u0142ecznych"},"content":{"rendered":"\t\t<div data-elementor-type=\"wp-page\" data-elementor-id=\"282\" class=\"elementor elementor-282\" data-elementor-post-type=\"page\">\n\t\t\t\t\t\t<section class=\"elementor-section elementor-top-section elementor-element elementor-element-6f4ddf2 elementor-section-boxed elementor-section-height-default elementor-section-height-default\" data-id=\"6f4ddf2\" data-element_type=\"section\">\n\t\t\t\t\t\t<div class=\"elementor-container elementor-column-gap-default\">\n\t\t\t\t\t<div class=\"elementor-column elementor-col-100 elementor-top-column elementor-element elementor-element-94c6602\" data-id=\"94c6602\" data-element_type=\"column\">\n\t\t\t<div class=\"elementor-widget-wrap elementor-element-populated\">\n\t\t\t\t\t\t<div class=\"elementor-element elementor-element-e98b52c elementor-nav-menu__align-center elementor-nav-menu--dropdown-mobile elementor-nav-menu__text-align-aside elementor-nav-menu--toggle elementor-nav-menu--burger elementor-widget elementor-widget-nav-menu\" data-id=\"e98b52c\" data-element_type=\"widget\" data-settings=\"{&quot;layout&quot;:&quot;horizontal&quot;,&quot;submenu_icon&quot;:{&quot;value&quot;:&quot;&lt;i class=\\&quot;fas fa-caret-down\\&quot;&gt;&lt;\\\/i&gt;&quot;,&quot;library&quot;:&quot;fa-solid&quot;},&quot;toggle&quot;:&quot;burger&quot;}\" data-widget_type=\"nav-menu.default\">\n\t\t\t\t<div class=\"elementor-widget-container\">\n\t\t\t\t\t\t<nav aria-label=\"Menu\" class=\"elementor-nav-menu--main elementor-nav-menu__container elementor-nav-menu--layout-horizontal e--pointer-underline e--animation-fade\">\n\t\t\t\t<ul id=\"menu-1-e98b52c\" class=\"elementor-nav-menu\"><li class=\"menu-item menu-item-type-post_type menu-item-object-page menu-item-490\"><a href=\"https:\/\/amisns.edu.pl\/stara-wersja\/homepage\/wydzialy\/wydzial-administracji-i-nauk-spolecznych\/administracja\/\" class=\"elementor-item\">Administracja<\/a><\/li>\n<li class=\"menu-item menu-item-type-post_type menu-item-object-page menu-item-530\"><a href=\"https:\/\/amisns.edu.pl\/stara-wersja\/homepage\/wydzialy\/wydzial-administracji-i-nauk-spolecznych\/pedagogika\/\" class=\"elementor-item\">Pedagogika<\/a><\/li>\n<li class=\"menu-item menu-item-type-post_type menu-item-object-page menu-item-531\"><a href=\"https:\/\/amisns.edu.pl\/stara-wersja\/homepage\/wydzialy\/wydzial-administracji-i-nauk-spolecznych\/psychologia\/\" class=\"elementor-item\">Psychologia<\/a><\/li>\n<li class=\"menu-item menu-item-type-post_type menu-item-object-page menu-item-532\"><a href=\"https:\/\/amisns.edu.pl\/stara-wersja\/homepage\/wydzialy\/wydzial-administracji-i-nauk-spolecznych\/zarzadzanie\/\" class=\"elementor-item\">Zarz\u0105dzanie<\/a><\/li>\n<li class=\"menu-item menu-item-type-post_type menu-item-object-page menu-item-533\"><a href=\"https:\/\/amisns.edu.pl\/stara-wersja\/homepage\/wydzialy\/wydzial-administracji-i-nauk-spolecznych\/bezpieczenstwo-wewnetrzne\/\" class=\"elementor-item\">Bezpiecze\u0144stwo wewn\u0119trzne<\/a><\/li>\n<\/ul>\t\t\t<\/nav>\n\t\t\t\t\t<div class=\"elementor-menu-toggle\" role=\"button\" tabindex=\"0\" aria-label=\"Menu Toggle\" aria-expanded=\"false\">\n\t\t\t<i aria-hidden=\"true\" role=\"presentation\" class=\"elementor-menu-toggle__icon--open eicon-menu-bar\"><\/i><i aria-hidden=\"true\" role=\"presentation\" class=\"elementor-menu-toggle__icon--close eicon-close\"><\/i>\t\t\t<span class=\"elementor-screen-only\">Menu<\/span>\n\t\t<\/div>\n\t\t\t\t\t<nav class=\"elementor-nav-menu--dropdown elementor-nav-menu__container\" aria-hidden=\"true\">\n\t\t\t\t<ul id=\"menu-2-e98b52c\" class=\"elementor-nav-menu\"><li class=\"menu-item menu-item-type-post_type menu-item-object-page menu-item-490\"><a href=\"https:\/\/amisns.edu.pl\/stara-wersja\/homepage\/wydzialy\/wydzial-administracji-i-nauk-spolecznych\/administracja\/\" class=\"elementor-item\" tabindex=\"-1\">Administracja<\/a><\/li>\n<li class=\"menu-item menu-item-type-post_type menu-item-object-page menu-item-530\"><a href=\"https:\/\/amisns.edu.pl\/stara-wersja\/homepage\/wydzialy\/wydzial-administracji-i-nauk-spolecznych\/pedagogika\/\" class=\"elementor-item\" tabindex=\"-1\">Pedagogika<\/a><\/li>\n<li class=\"menu-item menu-item-type-post_type menu-item-object-page menu-item-531\"><a href=\"https:\/\/amisns.edu.pl\/stara-wersja\/homepage\/wydzialy\/wydzial-administracji-i-nauk-spolecznych\/psychologia\/\" class=\"elementor-item\" tabindex=\"-1\">Psychologia<\/a><\/li>\n<li class=\"menu-item menu-item-type-post_type menu-item-object-page menu-item-532\"><a href=\"https:\/\/amisns.edu.pl\/stara-wersja\/homepage\/wydzialy\/wydzial-administracji-i-nauk-spolecznych\/zarzadzanie\/\" class=\"elementor-item\" tabindex=\"-1\">Zarz\u0105dzanie<\/a><\/li>\n<li class=\"menu-item menu-item-type-post_type menu-item-object-page menu-item-533\"><a href=\"https:\/\/amisns.edu.pl\/stara-wersja\/homepage\/wydzialy\/wydzial-administracji-i-nauk-spolecznych\/bezpieczenstwo-wewnetrzne\/\" class=\"elementor-item\" tabindex=\"-1\">Bezpiecze\u0144stwo wewn\u0119trzne<\/a><\/li>\n<\/ul>\t\t\t<\/nav>\n\t\t\t\t<\/div>\n\t\t\t\t<\/div>\n\t\t\t\t\t<\/div>\n\t\t<\/div>\n\t\t\t\t\t<\/div>\n\t\t<\/section>\n\t\t\t\t<section class=\"elementor-section elementor-top-section elementor-element elementor-element-117bce6 elementor-section-full_width elementor-section-height-default elementor-section-height-default\" data-id=\"117bce6\" data-element_type=\"section\">\n\t\t\t\t\t\t<div class=\"elementor-container elementor-column-gap-default\">\n\t\t\t\t\t<div class=\"elementor-column elementor-col-100 elementor-top-column elementor-element elementor-element-a23ab8b\" data-id=\"a23ab8b\" data-element_type=\"column\">\n\t\t\t<div class=\"elementor-widget-wrap elementor-element-populated\">\n\t\t\t\t\t\t<div class=\"elementor-element elementor-element-f0bcf99 elementor--h-position-left elementor--v-position-middle elementor-pagination-position-inside elementor-widget elementor-widget-slides\" data-id=\"f0bcf99\" data-element_type=\"widget\" data-settings=\"{&quot;navigation&quot;:&quot;dots&quot;,&quot;autoplay&quot;:&quot;yes&quot;,&quot;pause_on_hover&quot;:&quot;yes&quot;,&quot;pause_on_interaction&quot;:&quot;yes&quot;,&quot;autoplay_speed&quot;:5000,&quot;infinite&quot;:&quot;yes&quot;,&quot;transition&quot;:&quot;slide&quot;,&quot;transition_speed&quot;:500}\" data-widget_type=\"slides.default\">\n\t\t\t\t<div class=\"elementor-widget-container\">\n\t\t\t\t\t<div class=\"elementor-swiper\">\n\t\t\t<div class=\"elementor-slides-wrapper elementor-main-swiper swiper\" dir=\"ltr\" data-animation=\"fadeInLeft\">\n\t\t\t\t<div class=\"swiper-wrapper elementor-slides\">\n\t\t\t\t\t\t\t\t\t\t<div class=\"elementor-repeater-item-69f49b7 swiper-slide\"><div class=\"swiper-slide-bg elementor-ken-burns elementor-ken-burns--in\" role=\"img\"><\/div><div class=\"swiper-slide-inner\" ><div class=\"swiper-slide-contents\"><div class=\"elementor-slide-heading\">Wydzia\u0142 Administracji i Nauk Spo\u0142ecznych<\/div><\/div><\/div><\/div>\t\t\t\t<\/div>\n\t\t\t\t\t\t\t<\/div>\n\t\t<\/div>\n\t\t\t\t<\/div>\n\t\t\t\t<\/div>\n\t\t\t\t\t<\/div>\n\t\t<\/div>\n\t\t\t\t\t<\/div>\n\t\t<\/section>\n\t\t\t\t<section class=\"elementor-section elementor-top-section elementor-element elementor-element-76bb31a animated-slow elementor-section-boxed elementor-section-height-default elementor-section-height-default elementor-invisible\" data-id=\"76bb31a\" data-element_type=\"section\" data-settings=\"{&quot;animation&quot;:&quot;fadeIn&quot;}\">\n\t\t\t\t\t\t<div class=\"elementor-container elementor-column-gap-default\">\n\t\t\t\t\t<div class=\"elementor-column elementor-col-100 elementor-top-column elementor-element elementor-element-542150a\" data-id=\"542150a\" data-element_type=\"column\">\n\t\t\t<div class=\"elementor-widget-wrap elementor-element-populated\">\n\t\t\t\t\t\t<div class=\"elementor-element elementor-element-27f81c8 animated-slow elementor-grid-3 elementor-grid-tablet-2 elementor-grid-mobile-1 elementor-posts--thumbnail-top elementor-card-shadow-yes elementor-posts__hover-gradient elementor-invisible elementor-widget elementor-widget-posts\" data-id=\"27f81c8\" data-element_type=\"widget\" data-settings=\"{&quot;_animation&quot;:&quot;fadeIn&quot;,&quot;cards_columns&quot;:&quot;3&quot;,&quot;cards_columns_tablet&quot;:&quot;2&quot;,&quot;cards_columns_mobile&quot;:&quot;1&quot;,&quot;cards_row_gap&quot;:{&quot;unit&quot;:&quot;px&quot;,&quot;size&quot;:35,&quot;sizes&quot;:[]},&quot;cards_row_gap_tablet&quot;:{&quot;unit&quot;:&quot;px&quot;,&quot;size&quot;:&quot;&quot;,&quot;sizes&quot;:[]},&quot;cards_row_gap_mobile&quot;:{&quot;unit&quot;:&quot;px&quot;,&quot;size&quot;:&quot;&quot;,&quot;sizes&quot;:[]}}\" data-widget_type=\"posts.cards\">\n\t\t\t\t<div class=\"elementor-widget-container\">\n\t\t\t\t\t<div class=\"elementor-posts-container elementor-posts elementor-posts--skin-cards elementor-grid\">\n\t\t\t\t<article class=\"elementor-post elementor-grid-item post-24885 post type-post status-publish format-standard has-post-thumbnail hentry category-aktualnosci-biuro-karier category-aktualnosci-wains category-glowne-aktualnosci category-ogloszenia-dla-studentow-psychologii category-uncategorized entry has-media\">\n\t\t\t<div class=\"elementor-post__card\">\n\t\t\t\t<a class=\"elementor-post__thumbnail__link\" href=\"https:\/\/amisns.edu.pl\/stara-wersja\/elblaskie-stowarzyszenie-wspierania-inicjatyw-pozarzadowych-zatrudni-psychologa-zke\/\" tabindex=\"-1\" ><div class=\"elementor-post__thumbnail\"><img fetchpriority=\"high\" decoding=\"async\" width=\"940\" height=\"700\" src=\"https:\/\/amisns.edu.pl\/stara-wersja\/wp-content\/uploads\/Cream-Black-Minimalist-Fair-Job-Facebook-Post-1-940x700.png\" class=\"attachment-ocean-thumb-l size-ocean-thumb-l wp-image-21501\" alt=\"\" \/><\/div><\/a>\n\t\t\t\t<div class=\"elementor-post__text\">\n\t\t\t\t<h3 class=\"elementor-post__title\">\n\t\t\t<a href=\"https:\/\/amisns.edu.pl\/stara-wersja\/elblaskie-stowarzyszenie-wspierania-inicjatyw-pozarzadowych-zatrudni-psychologa-zke\/\" >\n\t\t\t\tElbl\u0105skie Stowarzyszenie Wspierania Inicjatyw Pozarz\u0105dowych zatrudni psychologa\/\u017ck\u0119\t\t\t<\/a>\n\t\t<\/h3>\n\t\t\t\t<div class=\"elementor-post__excerpt\">\n\t\t\t<p>Stowarzyszenie ESWIP poszukuje pracownika na stanowisko psychologa\/-\u017cki. Podstawowy zakres obowi\u0105zk\u00f3w:&#8211; wspieranie w aktywno\u015bci spo\u0142ecznej i zawodowej os\u00f3b zagro\u017conych wykluczeniem spo\u0142ecznym,&#8211; prowadzenie warsztat\u00f3w i spotka\u0144 indywidualnych<\/p>\n\t\t<\/div>\n\t\t\t\t\t<div class=\"elementor-post__read-more-wrapper\">\n\t\t\n\t\t<a class=\"elementor-post__read-more\" href=\"https:\/\/amisns.edu.pl\/stara-wersja\/elblaskie-stowarzyszenie-wspierania-inicjatyw-pozarzadowych-zatrudni-psychologa-zke\/\" aria-label=\"Read more about Elbl\u0105skie Stowarzyszenie Wspierania Inicjatyw Pozarz\u0105dowych zatrudni psychologa\/\u017ck\u0119\" tabindex=\"-1\" >\n\t\t\tZobacz wi\u0119cej\t\t<\/a>\n\n\t\t\t\t\t<\/div>\n\t\t\t\t<\/div>\n\t\t\t\t<div class=\"elementor-post__meta-data\">\n\t\t\t\t\t<span class=\"elementor-post-date\">\n\t\t\t26\/09\/2024\t\t<\/span>\n\t\t\t\t<\/div>\n\t\t\t\t\t<\/div>\n\t\t<\/article>\n\t\t\t\t<article class=\"elementor-post elementor-grid-item post-23946 post type-post status-publish format-standard has-post-thumbnail hentry category-aktualnosci-biuro-karier category-aktualnosci-wains category-glowne-aktualnosci entry has-media\">\n\t\t\t<div class=\"elementor-post__card\">\n\t\t\t\t<a class=\"elementor-post__thumbnail__link\" href=\"https:\/\/amisns.edu.pl\/stara-wersja\/srodowiskowy-dom-samopomocy-w-kwietniewie-nr-48-gmina-rychliki-poszukuje-psychologa-3\/\" tabindex=\"-1\" ><div class=\"elementor-post__thumbnail\"><img fetchpriority=\"high\" decoding=\"async\" width=\"940\" height=\"700\" src=\"https:\/\/amisns.edu.pl\/stara-wersja\/wp-content\/uploads\/Cream-Black-Minimalist-Fair-Job-Facebook-Post-1-940x700.png\" class=\"attachment-ocean-thumb-l size-ocean-thumb-l wp-image-21501\" alt=\"\" \/><\/div><\/a>\n\t\t\t\t<div class=\"elementor-post__text\">\n\t\t\t\t<h3 class=\"elementor-post__title\">\n\t\t\t<a href=\"https:\/\/amisns.edu.pl\/stara-wersja\/srodowiskowy-dom-samopomocy-w-kwietniewie-nr-48-gmina-rychliki-poszukuje-psychologa-3\/\" >\n\t\t\t\t\u015arodowiskowy Dom Samopomocy w Kwietniewie nr 48, gmina Rychliki poszukuje PSYCHOLOGA\t\t\t<\/a>\n\t\t<\/h3>\n\t\t\t\t<div class=\"elementor-post__excerpt\">\n\t\t\t<p>\u015arodowiskowy Dom Samopomocy w Kwietniewie\u00a0nr 48, gmina Rychliki poszukuje\u00a0PSYCHOLOGA\u00a0? w za\u0142\u0105czeniu oferta pracy, kt\u00f3ra jest r\u00f3wnie\u017c na stronie PUP w Elbl\u0105gu. Dom jest prowadzony przez<\/p>\n\t\t<\/div>\n\t\t\t\t\t<div class=\"elementor-post__read-more-wrapper\">\n\t\t\n\t\t<a class=\"elementor-post__read-more\" href=\"https:\/\/amisns.edu.pl\/stara-wersja\/srodowiskowy-dom-samopomocy-w-kwietniewie-nr-48-gmina-rychliki-poszukuje-psychologa-3\/\" aria-label=\"Read more about \u015arodowiskowy Dom Samopomocy w Kwietniewie nr 48, gmina Rychliki poszukuje PSYCHOLOGA\" tabindex=\"-1\" >\n\t\t\tZobacz wi\u0119cej\t\t<\/a>\n\n\t\t\t\t\t<\/div>\n\t\t\t\t<\/div>\n\t\t\t\t<div class=\"elementor-post__meta-data\">\n\t\t\t\t\t<span class=\"elementor-post-date\">\n\t\t\t09\/08\/2024\t\t<\/span>\n\t\t\t\t<\/div>\n\t\t\t\t\t<\/div>\n\t\t<\/article>\n\t\t\t\t<article class=\"elementor-post elementor-grid-item post-23538 post type-post status-publish format-standard has-post-thumbnail hentry category-aktualnosci-wains category-glowne-aktualnosci category-uncategorized entry has-media\">\n\t\t\t<div class=\"elementor-post__card\">\n\t\t\t\t<a class=\"elementor-post__thumbnail__link\" href=\"https:\/\/amisns.edu.pl\/stara-wersja\/final-akcji-zamiast-kwiatka-przynies-karme-dla-zwierzaczka\/\" tabindex=\"-1\" ><div class=\"elementor-post__thumbnail\"><img decoding=\"async\" width=\"851\" height=\"700\" src=\"https:\/\/amisns.edu.pl\/stara-wersja\/wp-content\/uploads\/1-94-851x700.jpg\" class=\"attachment-ocean-thumb-l size-ocean-thumb-l wp-image-23539\" alt=\"\" \/><\/div><\/a>\n\t\t\t\t<div class=\"elementor-post__text\">\n\t\t\t\t<h3 class=\"elementor-post__title\">\n\t\t\t<a href=\"https:\/\/amisns.edu.pl\/stara-wersja\/final-akcji-zamiast-kwiatka-przynies-karme-dla-zwierzaczka\/\" >\n\t\t\t\tFina\u0142 akcji &#8222;Zamiast kwiatka przynie\u015b karm\u0119 dla zwierzaczka&#8221;\t\t\t<\/a>\n\t\t<\/h3>\n\t\t\t\t<div class=\"elementor-post__excerpt\">\n\t\t\t<p>W tym roku, ju\u017c po raz czwarty w historii naszej uczelni, w\u0142adze Wydzia\u0142u Administracji i Nauk Spo\u0142ecznych zdecydowa\u0142y si\u0119 wyj\u015b\u0107 z inicjatyw\u0105, kt\u00f3ra pozwoli\u0142a uczyni\u0107<\/p>\n\t\t<\/div>\n\t\t\t\t\t<div class=\"elementor-post__read-more-wrapper\">\n\t\t\n\t\t<a class=\"elementor-post__read-more\" href=\"https:\/\/amisns.edu.pl\/stara-wersja\/final-akcji-zamiast-kwiatka-przynies-karme-dla-zwierzaczka\/\" aria-label=\"Read more about Fina\u0142 akcji &#8222;Zamiast kwiatka przynie\u015b karm\u0119 dla zwierzaczka&#8221;\" tabindex=\"-1\" >\n\t\t\tZobacz wi\u0119cej\t\t<\/a>\n\n\t\t\t\t\t<\/div>\n\t\t\t\t<\/div>\n\t\t\t\t<div class=\"elementor-post__meta-data\">\n\t\t\t\t\t<span class=\"elementor-post-date\">\n\t\t\t16\/07\/2024\t\t<\/span>\n\t\t\t\t<\/div>\n\t\t\t\t\t<\/div>\n\t\t<\/article>\n\t\t\t\t<\/div>\n\t\t\n\t\t\t\t<\/div>\n\t\t\t\t<\/div>\n\t\t\t\t\t<\/div>\n\t\t<\/div>\n\t\t\t\t\t<\/div>\n\t\t<\/section>\n\t\t\t\t<section class=\"elementor-section elementor-top-section elementor-element elementor-element-db8fc66 animated-slow elementor-section-boxed elementor-section-height-default elementor-section-height-default elementor-invisible\" data-id=\"db8fc66\" data-element_type=\"section\" data-settings=\"{&quot;animation&quot;:&quot;fadeIn&quot;}\">\n\t\t\t\t\t\t<div class=\"elementor-container elementor-column-gap-default\">\n\t\t\t\t\t<div class=\"elementor-column elementor-col-100 elementor-top-column elementor-element elementor-element-2d56654\" data-id=\"2d56654\" data-element_type=\"column\">\n\t\t\t<div class=\"elementor-widget-wrap elementor-element-populated\">\n\t\t\t\t\t\t<div class=\"elementor-element elementor-element-1802424 elementor-align-center elementor-widget elementor-widget-button\" data-id=\"1802424\" data-element_type=\"widget\" data-widget_type=\"button.default\">\n\t\t\t\t<div class=\"elementor-widget-container\">\n\t\t\t\t\t<div class=\"elementor-button-wrapper\">\n\t\t\t<a class=\"elementor-button elementor-button-link elementor-size-lg\" href=\"http:\/\/wordpress2247503.home.pl\/public_html\/amisns.edu.pl\/homepage\/aktualnosci\/\">\n\t\t\t\t\t\t<span class=\"elementor-button-content-wrapper\">\n\t\t\t\t\t\t\t\t\t<span class=\"elementor-button-text\">Aktualno\u015bci<\/span>\n\t\t\t\t\t<\/span>\n\t\t\t\t\t<\/a>\n\t\t<\/div>\n\t\t\t\t<\/div>\n\t\t\t\t<\/div>\n\t\t\t\t\t<\/div>\n\t\t<\/div>\n\t\t\t\t\t<\/div>\n\t\t<\/section>\n\t\t\t\t<section class=\"elementor-section elementor-top-section elementor-element elementor-element-d197b1c animated-slow elementor-section-boxed elementor-section-height-default elementor-section-height-default elementor-invisible\" data-id=\"d197b1c\" data-element_type=\"section\" data-settings=\"{&quot;animation&quot;:&quot;fadeIn&quot;}\">\n\t\t\t\t\t\t<div class=\"elementor-container elementor-column-gap-default\">\n\t\t\t\t\t<div class=\"elementor-column elementor-col-100 elementor-top-column elementor-element elementor-element-7d5dbfc\" data-id=\"7d5dbfc\" data-element_type=\"column\">\n\t\t\t<div class=\"elementor-widget-wrap elementor-element-populated\">\n\t\t\t\t\t\t<div class=\"elementor-element elementor-element-d81b2c0 elementor-widget elementor-widget-toggle\" data-id=\"d81b2c0\" data-element_type=\"widget\" data-widget_type=\"toggle.default\">\n\t\t\t\t<div class=\"elementor-widget-container\">\n\t\t\t\t\t<div class=\"elementor-toggle\">\n\t\t\t\t\t\t\t<div class=\"elementor-toggle-item\">\n\t\t\t\t\t<div id=\"elementor-tab-title-2261\" class=\"elementor-tab-title\" data-tab=\"1\" role=\"button\" aria-controls=\"elementor-tab-content-2261\" aria-expanded=\"false\">\n\t\t\t\t\t\t\t\t\t\t\t\t<span class=\"elementor-toggle-icon elementor-toggle-icon-left\" aria-hidden=\"true\">\n\t\t\t\t\t\t\t\t\t\t\t\t\t\t\t<span class=\"elementor-toggle-icon-closed\"><i class=\"fas fa-caret-right\"><\/i><\/span>\n\t\t\t\t\t\t\t\t<span class=\"elementor-toggle-icon-opened\"><i class=\"elementor-toggle-icon-opened fas fa-caret-up\"><\/i><\/span>\n\t\t\t\t\t\t\t\t\t\t\t\t\t<\/span>\n\t\t\t\t\t\t\t\t\t\t\t\t<a class=\"elementor-toggle-title\" tabindex=\"0\">W\u0142adze Wydzia\u0142u<\/a>\n\t\t\t\t\t<\/div>\n\n\t\t\t\t\t<div id=\"elementor-tab-content-2261\" class=\"elementor-tab-content elementor-clearfix\" data-tab=\"1\" role=\"region\" aria-labelledby=\"elementor-tab-title-2261\"><p><img decoding=\"async\" src=\"http:\/\/wordpress2247503.home.pl\/public_html\/amisns.edu.pl\/wp-content\/uploads\/Dziekan-WAiNS-dr-Piotr-Kulikowski-200x300.jpg\" alt=\"\" width=\"200\" height=\"300\"><\/p>\n<p><b>Dziekan dr Piotr Kulikowski<\/b><\/p>\n<p>Absolwent oligofrenopedagogiki na Uniwersytecie Warmi\u0144sko-Mazurskim w Olsztynie. Doktorat nauk humanistycznych w zakresie pedagogiki na Uniwersytecie Warmi\u0144sko-Mazurskim w Olsztynie. Zainteresowania naukowe i badawcze to przede wszystkim dynamika i charakterystyka proces\u00f3w patologicznych w\u015br\u00f3d wsp\u00f3\u0142czesnej m\u0142odzie\u017cy, czynniki i determinanty zachowa\u0144 niedostosowanych spo\u0142ecznie, uwarunkowania spo\u0142eczne i charakterologiczne proces\u00f3w niedostosowania spo\u0142ecznego i wykolejenia spo\u0142ecznego w\u015br\u00f3d m\u0142odzie\u017cy, rodzaj i charakterystyka zachowa\u0144 ryzykownych, dewiacyjnych i patologicznych w\u015br\u00f3d m\u0142odzie\u017cy oraz szeroko rozumiany instytucjonalny wymiar opieki i wychowania dzieci i m\u0142odzie\u017cy.<\/p>\n<p>Autor artyku\u0142\u00f3w i publikacji dotycz\u0105cych g\u0142\u00f3wnie problematyki niedostosowania i wykolejenia spo\u0142ecznego nieletnich dziewcz\u0105t oraz wszelkich form zachowa\u0144 negatywnych. W swoim dorobku posiada referaty wyg\u0142aszane na konferencjach zar\u00f3wno krajowych jak i mi\u0119dzynarodowych. Posiada wieloletnie do\u015bwiadczenie praktyczne w pracy z dzie\u0107mi i m\u0142odzie\u017c wykonuj\u0105c zaw\u00f3d na stanowisku starszego wychowawcy w Domu dla Dzieci \u201ew Parku\u201d przy Olszty\u0144skim Centrum Pomocy Dziecku w Olsztynie. Uczestnik licznych szkole\u0144 i warsztat\u00f3w w zakresie podnoszenia kwalifikacji i umiej\u0119tno\u015bci zwi\u0105zanych z wykonywanym zawodem. Swoje do\u015bwiadczenie praktyczne wykorzystuje w prowadzonej dzia\u0142alno\u015bci dydaktycznej w Akademii Medycznych i Spo\u0142ecznych Nauk Stosowanych Cz\u0142onek Komisji ds. Jako\u015bci Kszta\u0142cenia (AMiSNS), za\u0142o\u017cyciel i opiekun Ko\u0142a Naukowego Elbl\u0105skich Pedagog\u00f3w oraz Wiceprezes Stowarzyszenia Przyjaci\u00f3\u0142 Olszty\u0144skiego Centrum Pomocy Dziecku.<\/p>\n<p>kontakt: piotr.kulikowski1@wp.pl<\/p>\n<p><b>KOORDYNATORZY KIERUNK\u00d3W:<\/b><\/p>\n<p style=\"font-variant-ligatures: normal; font-variant-caps: normal; font-family: Roboto, 'sans serif'; font-size: 14px; font-style: normal; font-weight: 400;\"><img loading=\"lazy\" decoding=\"async\" style=\"font-size: 14px;\" src=\"http:\/\/wordpress2247503.home.pl\/public_html\/amisns.edu.pl\/wp-content\/uploads\/DSC05827-200x300.jpg\" alt=\"\" width=\"200\" height=\"300\"><\/p>\n<p style=\"font-variant-ligatures: normal; font-variant-caps: normal; font-family: Roboto, 'sans serif'; font-size: 14px; font-style: normal;\"><b>dr Anna Skuzi\u0144ska &#8211; prof. uczelni<\/b><\/p>\n<p style=\"font-variant-ligatures: normal; font-variant-caps: normal; font-family: Roboto, 'sans serif'; font-size: 14px; font-style: normal; font-weight: 400;\">kierownik kierunku psychologia&nbsp;<\/p>\n<p style=\"font-variant-ligatures: normal; font-variant-caps: normal; font-family: Roboto, 'sans serif'; font-size: 14px; font-style: normal; font-weight: 400;\"><span style=\"font-family: Roboto, &quot;sans serif&quot;; font-size: 14px; font-style: normal; font-variant-ligatures: normal; font-variant-caps: normal; font-weight: 400; color: var( --e-global-color-text );\">e-mail<\/span>: askuzinska@amisns.edu.pl<\/p>\n<p style=\"font-variant-ligatures: normal; font-variant-caps: normal; font-family: Roboto, 'sans serif'; font-size: 14px; font-style: normal; font-weight: 400;\"><img loading=\"lazy\" decoding=\"async\" style=\"font-size: 14px;\" src=\"http:\/\/wordpress2247503.home.pl\/public_html\/amisns.edu.pl\/wp-content\/uploads\/DSC05811-200x300.jpg\" alt=\"\" width=\"200\" height=\"300\"><\/p>\n<div style=\"font-variant-ligatures: normal; font-variant-caps: normal; font-family: Roboto, 'sans serif'; font-size: 14px; font-style: normal;\">\n<p style=\"font-size: 14px;\"><b>dr Mi\u0142osz Jan Kaczy\u0144ski<\/b><\/p>\n<div style=\"font-weight: 400; font-size: 14px;\">koordynator kierunku administracja<\/div>\n<div style=\"font-weight: 400; font-size: 14px;\">koordynator kierunku zarz\u0105dzanie<\/div>\n<div style=\"font-weight: 400; font-size: 14px;\">koordynator kierunku bezpiecze\u0144stwo wewn\u0119trzne<\/div><div style=\"font-weight: 400; font-size: 14px;\">e-mail: m.kaczynski@amisns.edu.pl<br><\/div>\n<\/div><\/div>\n\t\t\t\t<\/div>\n\t\t\t\t\t\t\t<div class=\"elementor-toggle-item\">\n\t\t\t\t\t<div id=\"elementor-tab-title-2262\" class=\"elementor-tab-title\" data-tab=\"2\" role=\"button\" aria-controls=\"elementor-tab-content-2262\" aria-expanded=\"false\">\n\t\t\t\t\t\t\t\t\t\t\t\t<span class=\"elementor-toggle-icon elementor-toggle-icon-left\" aria-hidden=\"true\">\n\t\t\t\t\t\t\t\t\t\t\t\t\t\t\t<span class=\"elementor-toggle-icon-closed\"><i class=\"fas fa-caret-right\"><\/i><\/span>\n\t\t\t\t\t\t\t\t<span class=\"elementor-toggle-icon-opened\"><i class=\"elementor-toggle-icon-opened fas fa-caret-up\"><\/i><\/span>\n\t\t\t\t\t\t\t\t\t\t\t\t\t<\/span>\n\t\t\t\t\t\t\t\t\t\t\t\t<a class=\"elementor-toggle-title\" tabindex=\"0\">Kadra naukowo-dydaktyczna<\/a>\n\t\t\t\t\t<\/div>\n\n\t\t\t\t\t<div id=\"elementor-tab-content-2262\" class=\"elementor-tab-content elementor-clearfix\" data-tab=\"2\" role=\"region\" aria-labelledby=\"elementor-tab-title-2262\"><p><span style=\"color: gray; font-family: &quot;Times New Roman&quot;, serif; font-size: 12pt;\">prof. <\/span><span style=\"color: gray; font-family: &quot;Times New Roman&quot;, serif; font-size: 12pt;\">zw. dr hab.&nbsp;Plopa&nbsp;Mieczys\u0142aw&nbsp;<\/span><br><\/p>\n<p style=\"margin: 0cm 0cm 7.5pt; background-image: initial; background-position: initial; background-size: initial; background-repeat: initial; background-attachment: initial; background-origin: initial; background-clip: initial; font-variant-ligatures: normal; font-variant-caps: normal;\"><span><span style=\"font-size:12.0pt;font-family:&quot;Times New Roman&quot;,serif; color:gray\">dr hab.&nbsp;Ciosek&nbsp;&nbsp;Mieczys\u0142aw prof. uczelni<\/span><\/span><span style=\"font-size: 12pt; font-family: &quot;sans serif&quot;, serif;\"><o:p><\/o:p><\/span><\/p>\n<p style=\"margin: 0cm 0cm 7.5pt; background-image: initial; background-position: initial; background-size: initial; background-repeat: initial; background-attachment: initial; background-origin: initial; background-clip: initial; font-variant-ligatures: normal; font-variant-caps: normal;\"><span><span style=\"font-size:12.0pt;font-family:&quot;Times New Roman&quot;,serif; color:gray\">dr hab.&nbsp;Juchniewicz&nbsp;&nbsp;Edward prof. uczelni<\/span><\/span><span style=\"font-size: 12pt; font-family: &quot;sans serif&quot;, serif;\"><o:p><\/o:p><\/span><\/p>\n<p style=\"margin: 0cm 0cm 7.5pt; background-image: initial; background-position: initial; background-size: initial; background-repeat: initial; background-attachment: initial; background-origin: initial; background-clip: initial; font-variant-ligatures: normal; font-variant-caps: normal;\"><span><span style=\"font-size:12.0pt;font-family:&quot;Times New Roman&quot;,serif; color:gray\">dr hab.&nbsp;Korsak&nbsp;Zbigniew&nbsp;<\/span><\/span><span style=\"font-size: 12pt; font-family: &quot;sans serif&quot;, serif;\"><o:p><\/o:p><\/span><\/p>\n<p style=\"margin: 0cm 0cm 7.5pt; background-image: initial; background-position: initial; background-size: initial; background-repeat: initial; background-attachment: initial; background-origin: initial; background-clip: initial; font-variant-ligatures: normal; font-variant-caps: normal;\"><span><span style=\"font-size:12.0pt;font-family:&quot;Times New Roman&quot;,serif; color:gray\">dr hab.&nbsp;Lizi\u0144ski&nbsp;Tadeusz&nbsp;<\/span><\/span><span style=\"font-size: 12pt; font-family: &quot;sans serif&quot;, serif;\"><o:p><\/o:p><\/span><\/p>\n<p style=\"margin: 0cm 0cm 7.5pt; background-image: initial; background-position: initial; background-size: initial; background-repeat: initial; background-attachment: initial; background-origin: initial; background-clip: initial; font-variant-ligatures: normal; font-variant-caps: normal;\"><span><span style=\"font-size:12.0pt;font-family:&quot;Times New Roman&quot;,serif; color:gray\">dr hab.&nbsp;Maliszewski&nbsp;Tomasz&nbsp;<\/span><\/span><span style=\"font-size: 12pt; font-family: &quot;sans serif&quot;, serif;\"><o:p><\/o:p><\/span><\/p>\n<p style=\"margin: 0cm 0cm 7.5pt; background-image: initial; background-position: initial; background-size: initial; background-repeat: initial; background-attachment: initial; background-origin: initial; background-clip: initial; font-variant-ligatures: normal; font-variant-caps: normal;\"><span><span lang=\"EN-US\" style=\"font-size:12.0pt;font-family: &quot;Times New Roman&quot;,serif;color:gray;mso-ansi-language:EN-US\">dr hab.&nbsp;M\u0119czkowska-Christiansen&nbsp;Astrid&nbsp;<\/span><\/span><span lang=\"EN-US\" style=\"font-size: 12pt; font-family: &quot;sans serif&quot;, serif;\"><o:p><\/o:p><\/span><\/p>\n<p style=\"margin: 0cm 0cm 7.5pt; background-image: initial; background-position: initial; background-size: initial; background-repeat: initial; background-attachment: initial; background-origin: initial; background-clip: initial; font-variant-ligatures: normal; font-variant-caps: normal;\"><span><span lang=\"EN-US\" style=\"font-size:12.0pt;font-family: &quot;Times New Roman&quot;,serif;color:gray;mso-ansi-language:EN-US\">dr&nbsp;hab. <\/span><\/span><span><span style=\"font-size:12.0pt;font-family:&quot;Times New Roman&quot;,serif; color:gray\">Piotrowski&nbsp;Andrzej&nbsp;<\/span><\/span><span style=\"font-size: 12pt; font-family: &quot;sans serif&quot;, serif;\"><o:p><\/o:p><\/span><\/p>\n<p style=\"margin: 0cm 0cm 7.5pt; background-image: initial; background-position: initial; background-size: initial; background-repeat: initial; background-attachment: initial; background-origin: initial; background-clip: initial; font-variant-ligatures: normal; font-variant-caps: normal;\"><span><span style=\"font-size:12.0pt;font-family:&quot;Times New Roman&quot;,serif; color:gray\">dr hab.&nbsp;Rytel-Warzocha&nbsp;Anna, prof. uczelni<\/span><\/span><span style=\"font-size: 12pt; font-family: &quot;sans serif&quot;, serif;\"><o:p><\/o:p><\/span><\/p>\n<p style=\"margin: 0cm 0cm 7.5pt; background-image: initial; background-position: initial; background-size: initial; background-repeat: initial; background-attachment: initial; background-origin: initial; background-clip: initial; font-variant-ligatures: normal; font-variant-caps: normal;\"><span><span style=\"font-size:12.0pt;font-family:&quot;Times New Roman&quot;,serif; color:gray\">dr hab. Siemionow Justyna, prof. uczelni<\/span><\/span><span style=\"font-size: 12pt; font-family: &quot;sans serif&quot;, serif;\"><o:p><\/o:p><\/span><\/p>\n<p><span><span style=\"font-size:12.0pt;font-family: &quot;Times New Roman&quot;,serif;color:gray\">dr Ch\u0142opicka Sylwia&nbsp;<\/span><\/span><span style=\"font-size:12.0pt\"><o:p><\/o:p><\/span><\/p>\n<p><span><span style=\"font-size:12.0pt;font-family: &quot;Times New Roman&quot;,serif;color:gray\">dr&nbsp;&nbsp;Chrostek-\u017bugaj&nbsp;Gra\u017cyna<\/span><\/span><span style=\"font-size:12.0pt\"><o:p><\/o:p><\/span><\/p>\n<p style=\"margin: 0cm 0cm 7.5pt; background-image: initial; background-position: initial; background-size: initial; background-repeat: initial; background-attachment: initial; background-origin: initial; background-clip: initial; font-variant-ligatures: normal; font-variant-caps: normal;\"><span><span style=\"font-size:12.0pt;font-family:&quot;Times New Roman&quot;,serif; color:gray\">dr&nbsp;Bogus\u0142awski&nbsp;Maciej<\/span><\/span><\/p><p style=\"margin: 0cm 0cm 7.5pt; background-image: initial; background-position: initial; background-size: initial; background-repeat: initial; background-attachment: initial; background-origin: initial; background-clip: initial; font-variant-ligatures: normal; font-variant-caps: normal;\"><span><span style=\"font-size:12.0pt;font-family:&quot;Times New Roman&quot;,serif; color:gray\">dr Engler Wioleta <\/span><\/span><span style=\"font-size: 12pt; font-family: &quot;sans serif&quot;, serif;\"><o:p><\/o:p><\/span><span style=\"font-size: 12pt; font-family: &quot;sans serif&quot;, serif;\"><o:p><\/o:p><\/span><\/p>\n<p style=\"margin: 0cm 0cm 7.5pt; background-image: initial; background-position: initial; background-size: initial; background-repeat: initial; background-attachment: initial; background-origin: initial; background-clip: initial; font-variant-ligatures: normal; font-variant-caps: normal;\"><span><span style=\"font-size:12.0pt;font-family:&quot;Times New Roman&quot;,serif; color:gray\">dr&nbsp;Gali\u0144ski&nbsp;Pawe\u0142&nbsp;<\/span><\/span><span style=\"font-size: 12pt; font-family: &quot;sans serif&quot;, serif;\"><o:p><\/o:p><\/span><\/p>\n<p style=\"margin: 0cm 0cm 7.5pt; background-image: initial; background-position: initial; background-size: initial; background-repeat: initial; background-attachment: initial; background-origin: initial; background-clip: initial; font-variant-ligatures: normal; font-variant-caps: normal;\"><span><span style=\"font-size:12.0pt;font-family:&quot;Times New Roman&quot;,serif; color:gray\">dr&nbsp;Gliniecka-R\u0119kawik&nbsp;Magdalena&nbsp;<\/span><\/span><span style=\"font-size: 12pt; font-family: &quot;sans serif&quot;, serif;\"><o:p><\/o:p><\/span><\/p>\n<p style=\"margin: 0cm 0cm 7.5pt; background-image: initial; background-position: initial; background-size: initial; background-repeat: initial; background-attachment: initial; background-origin: initial; background-clip: initial; font-variant-ligatures: normal; font-variant-caps: normal;\"><span><span style=\"font-size:12.0pt;font-family:&quot;Times New Roman&quot;,serif; color:gray\">dr&nbsp;Janusz&nbsp;Marcin&nbsp;<\/span><\/span><span style=\"font-size: 12pt; font-family: &quot;sans serif&quot;, serif;\"><o:p><\/o:p><\/span><\/p>\n<p style=\"margin: 0cm 0cm 7.5pt; background-image: initial; background-position: initial; background-size: initial; background-repeat: initial; background-attachment: initial; background-origin: initial; background-clip: initial; font-variant-ligatures: normal; font-variant-caps: normal;\"><span><span style=\"font-size:12.0pt;font-family:&quot;Times New Roman&quot;,serif; color:gray\">dr&nbsp;Jaworska&nbsp;Teresa&nbsp;<\/span><\/span><span style=\"font-size: 12pt; font-family: &quot;sans serif&quot;, serif;\"><o:p><\/o:p><\/span><\/p>\n<p style=\"margin: 0cm 0cm 7.5pt; background-image: initial; background-position: initial; background-size: initial; background-repeat: initial; background-attachment: initial; background-origin: initial; background-clip: initial; font-variant-ligatures: normal; font-variant-caps: normal;\"><span><span style=\"font-size:12.0pt;font-family:&quot;Times New Roman&quot;,serif; color:gray\">dr&nbsp;Kaczy\u0144ski&nbsp;Mi\u0142osz&nbsp;<\/span><\/span><span style=\"font-size: 12pt; font-family: &quot;sans serif&quot;, serif;\"><o:p><\/o:p><\/span><\/p>\n<p style=\"margin: 0cm 0cm 7.5pt; background-image: initial; background-position: initial; background-size: initial; background-repeat: initial; background-attachment: initial; background-origin: initial; background-clip: initial; font-variant-ligatures: normal; font-variant-caps: normal;\"><span><span style=\"font-size:12.0pt;font-family:&quot;Times New Roman&quot;,serif; color:gray\">dr&nbsp;Kie\u0142basiewicz&nbsp;Magdalena&nbsp;<\/span><\/span><span style=\"font-size: 12pt; font-family: &quot;sans serif&quot;, serif;\"><o:p><\/o:p><\/span><\/p>\n<p style=\"margin: 0cm 0cm 7.5pt; background-image: initial; background-position: initial; background-size: initial; background-repeat: initial; background-attachment: initial; background-origin: initial; background-clip: initial; font-variant-ligatures: normal; font-variant-caps: normal;\"><span><span style=\"font-size:12.0pt;font-family:&quot;Times New Roman&quot;,serif; color:gray\">dr&nbsp;Ko\u0142odziejski&nbsp;Hubert&nbsp;<\/span><\/span><span style=\"font-size: 12pt; font-family: &quot;sans serif&quot;, serif;\"><o:p><\/o:p><\/span><\/p>\n<p style=\"margin: 0cm 0cm 7.5pt; background-image: initial; background-position: initial; background-size: initial; background-repeat: initial; background-attachment: initial; background-origin: initial; background-clip: initial; font-variant-ligatures: normal; font-variant-caps: normal;\"><span><span style=\"font-size:12.0pt;font-family:&quot;Times New Roman&quot;,serif; color:gray\">dr&nbsp;Kr\u00f3l&nbsp;Ma\u0142gorzata&nbsp;<\/span><\/span><span style=\"font-size: 12pt; font-family: &quot;sans serif&quot;, serif;\"><o:p><\/o:p><\/span><\/p>\n<p style=\"margin: 0cm 0cm 7.5pt; background-image: initial; background-position: initial; background-size: initial; background-repeat: initial; background-attachment: initial; background-origin: initial; background-clip: initial; font-variant-ligatures: normal; font-variant-caps: normal;\"><span><span style=\"font-size:12.0pt;font-family:&quot;Times New Roman&quot;,serif; color:gray\">dr&nbsp;Kulikowski&nbsp;Piotr<\/span><\/span><span style=\"font-size: 12pt; font-family: &quot;sans serif&quot;, serif;\"><o:p><\/o:p><\/span><\/p>\n<p style=\"margin: 0cm 0cm 7.5pt; background-image: initial; background-position: initial; background-size: initial; background-repeat: initial; background-attachment: initial; background-origin: initial; background-clip: initial; font-variant-ligatures: normal; font-variant-caps: normal;\"><span><span style=\"font-size:12.0pt;font-family:&quot;Times New Roman&quot;,serif; color:gray\">dr Makarowski Ryszard, prof. uczelni<\/span><\/span><span style=\"font-size: 12pt; font-family: &quot;sans serif&quot;, serif;\"><o:p><\/o:p><\/span><\/p>\n<p style=\"margin: 0cm 0cm 7.5pt; background-image: initial; background-position: initial; background-size: initial; background-repeat: initial; background-attachment: initial; background-origin: initial; background-clip: initial; font-variant-ligatures: normal; font-variant-caps: normal;\"><span><span style=\"font-size:12.0pt;font-family:&quot;Times New Roman&quot;,serif; color:gray\">dr&nbsp;Piwowarczyk&nbsp;Przemys\u0142aw&nbsp;<\/span><\/span><span style=\"font-size: 12pt; font-family: &quot;sans serif&quot;, serif;\"><o:p><\/o:p><\/span><\/p>\n<p style=\"margin: 0cm 0cm 7.5pt; background-image: initial; background-position: initial; background-size: initial; background-repeat: initial; background-attachment: initial; background-origin: initial; background-clip: initial; font-variant-ligatures: normal; font-variant-caps: normal;\"><span><span style=\"font-size:12.0pt;font-family:&quot;Times New Roman&quot;,serif; color:gray\">dr&nbsp;Po\u0142om&nbsp;Magdalena&nbsp;<\/span><\/span><span style=\"font-size: 12pt; font-family: &quot;sans serif&quot;, serif;\"><o:p><\/o:p><\/span><\/p>\n<p style=\"margin: 0cm 0cm 7.5pt; background-image: initial; background-position: initial; background-size: initial; background-repeat: initial; background-attachment: initial; background-origin: initial; background-clip: initial; font-variant-ligatures: normal; font-variant-caps: normal;\"><span><span style=\"font-size:12.0pt;font-family:&quot;Times New Roman&quot;,serif; color:gray\">dr&nbsp;S\u0119kowska&nbsp;Izabela&nbsp;<\/span><\/span><span style=\"font-size: 12pt; font-family: &quot;sans serif&quot;, serif;\"><o:p><\/o:p><\/span><\/p>\n<p style=\"margin: 0cm 0cm 7.5pt; background-image: initial; background-position: initial; background-size: initial; background-repeat: initial; background-attachment: initial; background-origin: initial; background-clip: initial; font-variant-ligatures: normal; font-variant-caps: normal;\"><span><span style=\"font-size:12.0pt;font-family:&quot;Times New Roman&quot;,serif; color:gray\">dr Skuzi\u0144ska Anna, prof. uczelni<\/span><\/span><span style=\"font-size: 12pt; font-family: &quot;sans serif&quot;, serif;\"><o:p><\/o:p><\/span><\/p>\n<p style=\"margin: 0cm 0cm 7.5pt; background-image: initial; background-position: initial; background-size: initial; background-repeat: initial; background-attachment: initial; background-origin: initial; background-clip: initial; font-variant-ligatures: normal; font-variant-caps: normal;\"><span><span style=\"font-size:12.0pt;font-family:&quot;Times New Roman&quot;,serif; color:gray\">dr&nbsp;Sosnowska&nbsp;Irena&nbsp;<\/span><\/span><span style=\"font-size: 12pt; font-family: &quot;sans serif&quot;, serif;\"><o:p><\/o:p><\/span><\/p>\n<p style=\"margin: 0cm 0cm 7.5pt; background-image: initial; background-position: initial; background-size: initial; background-repeat: initial; background-attachment: initial; background-origin: initial; background-clip: initial; font-variant-ligatures: normal; font-variant-caps: normal;\"><span><span style=\"font-size:12.0pt;font-family:&quot;Times New Roman&quot;,serif; color:gray\">dr&nbsp;Szutowicz-Rozwadowska&nbsp;El\u017cbieta&nbsp;<\/span><\/span><span style=\"font-size: 12pt; font-family: &quot;sans serif&quot;, serif;\"><o:p><\/o:p><\/span><\/p>\n<p style=\"margin: 0cm 0cm 7.5pt; background-image: initial; background-position: initial; background-size: initial; background-repeat: initial; background-attachment: initial; background-origin: initial; background-clip: initial; font-variant-ligatures: normal; font-variant-caps: normal;\"><span><span style=\"font-size:12.0pt;font-family:&quot;Times New Roman&quot;,serif; color:gray\">dr&nbsp;\u015aniecikowski&nbsp;Wies\u0142aw&nbsp;<\/span><\/span><span style=\"font-size: 12pt; font-family: &quot;sans serif&quot;, serif;\"><o:p><\/o:p><\/span><\/p>\n<p style=\"margin: 0cm 0cm 7.5pt; background-image: initial; background-position: initial; background-size: initial; background-repeat: initial; background-attachment: initial; background-origin: initial; background-clip: initial; font-variant-ligatures: normal; font-variant-caps: normal;\"><span><span style=\"font-size:12.0pt;font-family:&quot;Times New Roman&quot;,serif; color:gray\">dr&nbsp;Wojnicz&nbsp;Piotr&nbsp;<\/span><\/span><span style=\"font-size: 12pt; font-family: &quot;sans serif&quot;, serif;\"><o:p><\/o:p><\/span><\/p>\n<p style=\"margin: 0cm 0cm 7.5pt; background-image: initial; background-position: initial; background-size: initial; background-repeat: initial; background-attachment: initial; background-origin: initial; background-clip: initial; font-variant-ligatures: normal; font-variant-caps: normal;\"><span><span style=\"font-size:12.0pt;font-family:&quot;Times New Roman&quot;,serif; color:gray\">dr&nbsp;Zawrot&nbsp;Jaros\u0142aw&nbsp;<\/span><\/span><\/p>\n<p style=\"margin: 0cm 0cm 7.5pt; background-image: initial; background-position: initial; background-size: initial; background-repeat: initial; background-attachment: initial; background-origin: initial; background-clip: initial; font-variant-ligatures: normal; font-variant-caps: normal;\"><span><span style=\"font-size:12.0pt;font-family:&quot;Times New Roman&quot;,serif; color:gray\">lic.&nbsp;G\u00f3rzy\u0144ski&nbsp;Bogdan&nbsp;<\/span><\/span><span style=\"font-size: 12pt; font-family: &quot;sans serif&quot;, serif;\"><o:p><\/o:p><\/span><\/p>\n<p style=\"margin: 0cm 0cm 7.5pt; background-image: initial; background-position: initial; background-size: initial; background-repeat: initial; background-attachment: initial; background-origin: initial; background-clip: initial; font-variant-ligatures: normal; font-variant-caps: normal;\"><span><span style=\"font-size:12.0pt;font-family:&quot;Times New Roman&quot;,serif; color:gray\">mgr in\u017c. pp\u0142k&nbsp;&nbsp;Tuszy\u0144ski&nbsp;Zbigniew&nbsp;<\/span><\/span><span style=\"font-size: 12pt; font-family: &quot;sans serif&quot;, serif;\"><o:p><\/o:p><\/span><\/p>\n<p style=\"margin: 0cm 0cm 7.5pt; background-image: initial; background-position: initial; background-size: initial; background-repeat: initial; background-attachment: initial; background-origin: initial; background-clip: initial; font-variant-ligatures: normal; font-variant-caps: normal;\"><span><span style=\"font-size:12.0pt;font-family:&quot;Times New Roman&quot;,serif; color:gray\">mgr&nbsp;Badaszek&nbsp;Anna&nbsp;<\/span><\/span><span style=\"font-size: 12pt; font-family: &quot;sans serif&quot;, serif;\"><o:p><\/o:p><\/span><\/p>\n<p style=\"margin: 0cm 0cm 7.5pt; background-image: initial; background-position: initial; background-size: initial; background-repeat: initial; background-attachment: initial; background-origin: initial; background-clip: initial; font-variant-ligatures: normal; font-variant-caps: normal;\"><span><span style=\"font-size:12.0pt;font-family:&quot;Times New Roman&quot;,serif; color:gray\">mgr&nbsp;Bugaj-Milewska&nbsp;Iwona&nbsp;<\/span><\/span><span style=\"font-size: 12pt; font-family: &quot;sans serif&quot;, serif;\"><o:p><\/o:p><\/span><\/p>\n<p style=\"margin: 0cm 0cm 7.5pt; background-image: initial; background-position: initial; background-size: initial; background-repeat: initial; background-attachment: initial; background-origin: initial; background-clip: initial; font-variant-ligatures: normal; font-variant-caps: normal;\"><span><span style=\"font-size:12.0pt;font-family:&quot;Times New Roman&quot;,serif; color:gray\">mgr&nbsp;Bukowska-Piwowarczyk&nbsp;Magdalena&nbsp;<\/span><\/span><span style=\"font-size: 12pt; font-family: &quot;sans serif&quot;, serif;\"><o:p><\/o:p><\/span><\/p>\n<p style=\"margin: 0cm 0cm 7.5pt; background-image: initial; background-position: initial; background-size: initial; background-repeat: initial; background-attachment: initial; background-origin: initial; background-clip: initial; font-variant-ligatures: normal; font-variant-caps: normal;\"><span><span style=\"font-size:12.0pt;font-family:&quot;Times New Roman&quot;,serif; color:gray\">mgr&nbsp;Czenczak&nbsp;Krzysztof&nbsp;<\/span><\/span><span style=\"font-size: 12pt; font-family: &quot;sans serif&quot;, serif;\"><o:p><\/o:p><\/span><\/p>\n<p style=\"margin: 0cm 0cm 7.5pt; background-image: initial; background-position: initial; background-size: initial; background-repeat: initial; background-attachment: initial; background-origin: initial; background-clip: initial; font-variant-ligatures: normal; font-variant-caps: normal;\"><span><span style=\"font-size:12.0pt;font-family:&quot;Times New Roman&quot;,serif; color:gray\">mgr&nbsp;Decyk&nbsp;Ma\u0142gorzata&nbsp;<\/span><\/span><span style=\"font-size: 12pt; font-family: &quot;sans serif&quot;, serif;\"><o:p><\/o:p><\/span><\/p>\n<p style=\"margin: 0cm 0cm 7.5pt; background-image: initial; background-position: initial; background-size: initial; background-repeat: initial; background-attachment: initial; background-origin: initial; background-clip: initial; font-variant-ligatures: normal; font-variant-caps: normal;\"><span><span style=\"font-size:12.0pt;font-family:&quot;Times New Roman&quot;,serif; color:gray\">mgr&nbsp;Gawe\u0142&nbsp;Tomasz&nbsp;<\/span><\/span><span style=\"font-size: 12pt; font-family: &quot;sans serif&quot;, serif;\"><o:p><\/o:p><\/span><\/p>\n<p style=\"margin: 0cm 0cm 7.5pt; background-image: initial; background-position: initial; background-size: initial; background-repeat: initial; background-attachment: initial; background-origin: initial; background-clip: initial; font-variant-ligatures: normal; font-variant-caps: normal;\"><span><span style=\"font-size:12.0pt;font-family:&quot;Times New Roman&quot;,serif; color:gray\">mgr&nbsp;Gawlicka&nbsp;Joanna&nbsp;<\/span><\/span><span style=\"font-size: 12pt; font-family: &quot;sans serif&quot;, serif;\"><o:p><\/o:p><\/span><\/p>\n<p><span><span style=\"font-size:12.0pt;font-family: &quot;Times New Roman&quot;,serif;color:gray\">mgr Gutowska-P\u0105sik Anna&nbsp;<\/span><\/span><span style=\"font-size:12.0pt\"><o:p><\/o:p><\/span><\/p>\n<p style=\"margin: 0cm 0cm 7.5pt; background-image: initial; background-position: initial; background-size: initial; background-repeat: initial; background-attachment: initial; background-origin: initial; background-clip: initial; font-variant-ligatures: normal; font-variant-caps: normal;\"><span><span style=\"font-size:12.0pt;font-family:&quot;Times New Roman&quot;,serif; color:gray\">mgr&nbsp;Iwankowski&nbsp;Pawe\u0142&nbsp;<\/span><\/span><span style=\"font-size: 12pt; font-family: &quot;sans serif&quot;, serif;\"><o:p><\/o:p><\/span><\/p>\n<p style=\"margin: 0cm 0cm 7.5pt; background-image: initial; background-position: initial; background-size: initial; background-repeat: initial; background-attachment: initial; background-origin: initial; background-clip: initial; font-variant-ligatures: normal; font-variant-caps: normal;\"><span><span style=\"font-size:12.0pt;font-family:&quot;Times New Roman&quot;,serif; color:gray\">mgr&nbsp;Iwanowska&nbsp;Katarzyna&nbsp;<\/span><\/span><span style=\"font-size: 12pt; font-family: &quot;sans serif&quot;, serif;\"><o:p><\/o:p><\/span><\/p>\n<p style=\"margin: 0cm 0cm 7.5pt; background-image: initial; background-position: initial; background-size: initial; background-repeat: initial; background-attachment: initial; background-origin: initial; background-clip: initial; font-variant-ligatures: normal; font-variant-caps: normal;\"><span><span style=\"font-size:12.0pt;font-family:&quot;Times New Roman&quot;,serif; color:gray\">mgr&nbsp;Jankowski&nbsp;\u0141ukasz&nbsp;<\/span><\/span><span style=\"font-size: 12pt; font-family: &quot;sans serif&quot;, serif;\"><o:p><\/o:p><\/span><\/p>\n<p style=\"margin: 0cm 0cm 7.5pt; background-image: initial; background-position: initial; background-size: initial; background-repeat: initial; background-attachment: initial; background-origin: initial; background-clip: initial; font-variant-ligatures: normal; font-variant-caps: normal;\"><span><span style=\"font-size:12.0pt;font-family:&quot;Times New Roman&quot;,serif; color:gray\">mgr&nbsp;Jurec&nbsp;Aleksander&nbsp;<\/span><\/span><span style=\"font-size: 12pt; font-family: &quot;sans serif&quot;, serif;\"><o:p><\/o:p><\/span><span style=\"font-size:12.0pt\"><o:p><\/o:p><\/span><\/p>\n<p style=\"margin: 0cm 0cm 7.5pt; background-image: initial; background-position: initial; background-size: initial; background-repeat: initial; background-attachment: initial; background-origin: initial; background-clip: initial; font-variant-ligatures: normal; font-variant-caps: normal;\"><span><span style=\"font-size:12.0pt;font-family:&quot;Times New Roman&quot;,serif; color:gray\">mgr&nbsp;Kaczmar&nbsp;Ma\u0142gorzata&nbsp;<\/span><\/span><span style=\"font-size: 12pt; font-family: &quot;sans serif&quot;, serif;\"><o:p><\/o:p><\/span><\/p>\n<p style=\"margin: 0cm 0cm 7.5pt; background-image: initial; background-position: initial; background-size: initial; background-repeat: initial; background-attachment: initial; background-origin: initial; background-clip: initial; font-variant-ligatures: normal; font-variant-caps: normal;\"><span><span style=\"font-size:12.0pt;font-family:&quot;Times New Roman&quot;,serif; color:gray\">mgr&nbsp;Kami\u0144ski&nbsp;Dominik&nbsp;<\/span><\/span><span style=\"font-size: 12pt; font-family: &quot;sans serif&quot;, serif;\"><o:p><\/o:p><\/span><\/p>\n<p><span><span style=\"font-size:12.0pt;font-family: &quot;Times New Roman&quot;,serif;color:gray\">mgr Karpi\u0144ska-Czurak Dominika&nbsp;<\/span><\/span><span style=\"font-size:12.0pt\"><o:p><\/o:p><\/span><\/p>\n<p><span><span style=\"font-size:12.0pt;font-family: &quot;Times New Roman&quot;,serif;color:gray\">mgr Kawiecka Joanna<\/span><\/span><span style=\"font-size:12.0pt\"><o:p><\/o:p><\/span><\/p>\n<p style=\"margin: 0cm 0cm 7.5pt; background-image: initial; background-position: initial; background-size: initial; background-repeat: initial; background-attachment: initial; background-origin: initial; background-clip: initial; font-variant-ligatures: normal; font-variant-caps: normal;\"><span><span style=\"font-size:12.0pt;font-family:&quot;Times New Roman&quot;,serif; color:gray\">mgr&nbsp;Kawa\u0142kowski&nbsp;Tomasz&nbsp;<\/span><\/span><span style=\"font-size: 12pt; font-family: &quot;sans serif&quot;, serif;\"><o:p><\/o:p><\/span><\/p>\n<p style=\"margin: 0cm 0cm 7.5pt; background-image: initial; background-position: initial; background-size: initial; background-repeat: initial; background-attachment: initial; background-origin: initial; background-clip: initial; font-variant-ligatures: normal; font-variant-caps: normal;\"><span><span style=\"font-size:12.0pt;font-family:&quot;Times New Roman&quot;,serif; color:gray\">mgr&nbsp;K\u0119dzierski&nbsp;Andrzej&nbsp;<\/span><\/span><span style=\"font-size: 12pt; font-family: &quot;sans serif&quot;, serif;\"><o:p><\/o:p><\/span><\/p>\n<p style=\"margin: 0cm 0cm 7.5pt; background-image: initial; background-position: initial; background-size: initial; background-repeat: initial; background-attachment: initial; background-origin: initial; background-clip: initial; font-variant-ligatures: normal; font-variant-caps: normal;\"><span><span style=\"font-size:12.0pt;font-family:&quot;Times New Roman&quot;,serif; color:gray\">mgr&nbsp;Kowalska-Rutyna&nbsp;Monika&nbsp;<\/span><\/span><span style=\"font-size: 12pt; font-family: &quot;sans serif&quot;, serif;\"><o:p><\/o:p><\/span><\/p>\n<p style=\"margin: 0cm 0cm 7.5pt; background-image: initial; background-position: initial; background-size: initial; background-repeat: initial; background-attachment: initial; background-origin: initial; background-clip: initial; font-variant-ligatures: normal; font-variant-caps: normal;\"><span><span style=\"font-size:12.0pt;font-family:&quot;Times New Roman&quot;,serif; color:gray\">mgr&nbsp;Kukowski&nbsp;Jaros\u0142aw&nbsp;<\/span><\/span><span style=\"font-size: 12pt; font-family: &quot;sans serif&quot;, serif;\"><o:p><\/o:p><\/span><\/p>\n<p style=\"margin: 0cm 0cm 7.5pt; background-image: initial; background-position: initial; background-size: initial; background-repeat: initial; background-attachment: initial; background-origin: initial; background-clip: initial; font-variant-ligatures: normal; font-variant-caps: normal;\"><span><span style=\"font-size:12.0pt;font-family:&quot;Times New Roman&quot;,serif; color:gray\">mgr&nbsp;Kuligowska&nbsp;Magdalena Marta&nbsp;<\/span><\/span><span style=\"font-size: 12pt; font-family: &quot;sans serif&quot;, serif;\"><o:p><\/o:p><\/span><\/p>\n<p style=\"margin: 0cm 0cm 7.5pt; background-image: initial; background-position: initial; background-size: initial; background-repeat: initial; background-attachment: initial; background-origin: initial; background-clip: initial; font-variant-ligatures: normal; font-variant-caps: normal;\"><span><span style=\"font-size:12.0pt;font-family:&quot;Times New Roman&quot;,serif; color:gray\">mgr&nbsp;Kur&nbsp;Andrzej&nbsp;<\/span><\/span><span style=\"font-size: 12pt; font-family: &quot;sans serif&quot;, serif;\"><o:p><\/o:p><\/span><\/p>\n<p style=\"margin: 0cm 0cm 7.5pt; background-image: initial; background-position: initial; background-size: initial; background-repeat: initial; background-attachment: initial; background-origin: initial; background-clip: initial; font-variant-ligatures: normal; font-variant-caps: normal;\"><span><span style=\"font-size:12.0pt;font-family:&quot;Times New Roman&quot;,serif; color:gray\">mgr&nbsp;Lasota-Mincewicz&nbsp;Karolina&nbsp;<\/span><\/span><span style=\"font-size: 12pt; font-family: &quot;sans serif&quot;, serif;\"><o:p><\/o:p><\/span><\/p>\n<p style=\"margin: 0cm 0cm 7.5pt; background-image: initial; background-position: initial; background-size: initial; background-repeat: initial; background-attachment: initial; background-origin: initial; background-clip: initial; font-variant-ligatures: normal; font-variant-caps: normal;\"><span><span style=\"font-size:12.0pt;font-family:&quot;Times New Roman&quot;,serif; color:gray\">mgr&nbsp;\u0141u\u0144ska&nbsp;Agnieszka&nbsp;<\/span><\/span><span style=\"font-size: 12pt; font-family: &quot;sans serif&quot;, serif;\"><o:p><\/o:p><\/span><\/p>\n<p><span><span style=\"font-size:12.0pt;font-family: &quot;Times New Roman&quot;,serif;color:gray\">mgr Malinowska-Wikaryjczyk Hanna<\/span><\/span><span style=\"font-size:12.0pt;font-family:&quot;Times New Roman&quot;,serif;color:gray\"><o:p><\/o:p><\/span><\/p>\n<p style=\"margin: 0cm 0cm 7.5pt; background-image: initial; background-position: initial; background-size: initial; background-repeat: initial; background-attachment: initial; background-origin: initial; background-clip: initial;\"><span><span lang=\"EN-US\" style=\"font-size:12.0pt;font-family:&quot;Times New Roman&quot;,serif;color:gray; mso-ansi-language:EN-US\">mgr&nbsp;Mat\u0142ach&nbsp;Artur&nbsp;<\/span><\/span><\/p>\n<p style=\"margin: 0cm 0cm 7.5pt; background-image: initial; background-position: initial; background-size: initial; background-repeat: initial; background-attachment: initial; background-origin: initial; background-clip: initial;\"><span lang=\"EN-US\" style=\"font-size: 12pt; font-family: &quot;sans serif&quot;, serif;\">mgr Pukin-Sowul Paulina&nbsp;<\/span><span lang=\"EN-US\" style=\"font-size:12.0pt;font-family:&quot;Times New Roman&quot;,serif; color:gray;mso-ansi-language:EN-US\"><o:p><\/o:p><\/span><\/p>\n<p style=\"margin: 0cm 0cm 7.5pt; background-image: initial; background-position: initial; background-size: initial; background-repeat: initial; background-attachment: initial; background-origin: initial; background-clip: initial;\"><span><span style=\"font-size:12.0pt;font-family:&quot;Times New Roman&quot;,serif;color:gray\">mgr&nbsp;Rogalska&nbsp;Agnieszka&nbsp;<\/span><\/span><span style=\"font-size: 12pt; font-family: &quot;sans serif&quot;, serif;\"><o:p><\/o:p><\/span><\/p>\n<p style=\"margin: 0cm 0cm 7.5pt; background-image: initial; background-position: initial; background-size: initial; background-repeat: initial; background-attachment: initial; background-origin: initial; background-clip: initial; font-variant-ligatures: normal; font-variant-caps: normal;\"><span><span style=\"font-size:12.0pt;font-family:&quot;Times New Roman&quot;,serif; color:gray\">mgr&nbsp;Sier\u017cant&nbsp;Urszula&nbsp;<\/span><\/span><span style=\"font-size: 12pt; font-family: &quot;sans serif&quot;, serif;\"><o:p><\/o:p><\/span><\/p>\n<p><span><span style=\"font-size:12.0pt;font-family: &quot;Times New Roman&quot;,serif;color:gray\">mgr Socha Magdalena&nbsp;<\/span><\/span><span style=\"font-size:12.0pt\"><o:p><\/o:p><\/span><\/p>\n<p style=\"margin: 0cm 0cm 7.5pt; background-image: initial; background-position: initial; background-size: initial; background-repeat: initial; background-attachment: initial; background-origin: initial; background-clip: initial; font-variant-ligatures: normal; font-variant-caps: normal;\"><span><span style=\"font-size:12.0pt;font-family:&quot;Times New Roman&quot;,serif; color:gray\">mgr&nbsp;Siwiecka&nbsp;Katarzyna&nbsp;<\/span><\/span><span style=\"font-size: 12pt; font-family: &quot;sans serif&quot;, serif;\"><o:p><\/o:p><\/span><\/p>\n<p style=\"margin: 0cm 0cm 7.5pt; background-image: initial; background-position: initial; background-size: initial; background-repeat: initial; background-attachment: initial; background-origin: initial; background-clip: initial; font-variant-ligatures: normal; font-variant-caps: normal;\"><span><span style=\"font-size:12.0pt;font-family:&quot;Times New Roman&quot;,serif; color:gray\">mgr&nbsp;Szlitter&nbsp;Marzena&nbsp;<\/span><\/span><span style=\"font-size: 12pt; font-family: &quot;sans serif&quot;, serif;\"><o:p><\/o:p><\/span><\/p>\n<p><span><span style=\"font-size:12.0pt;font-family: &quot;Times New Roman&quot;,serif;color:gray\">mgr Witkowski Robert&nbsp;<\/span><\/span><span style=\"font-size:12.0pt\"><o:p><\/o:p><\/span><\/p>\n<p style=\"margin: 0cm 0cm 7.5pt; background-image: initial; background-position: initial; background-size: initial; background-repeat: initial; background-attachment: initial; background-origin: initial; background-clip: initial; font-variant-ligatures: normal; font-variant-caps: normal;\"><span><span style=\"font-size:12.0pt;font-family:&quot;Times New Roman&quot;,serif; color:gray\">mgr&nbsp;&nbsp;Wojew\u00f3dka&nbsp;Sebastian&nbsp;<\/span><\/span><span style=\"font-size: 12pt; font-family: &quot;sans serif&quot;, serif;\"><o:p><\/o:p><\/span><\/p>\n<p><span><span style=\"font-size:12.0pt;font-family: &quot;Times New Roman&quot;,serif;color:gray\">mgr Wojtas Ewelina&nbsp;<\/span><\/span><span style=\"font-size:12.0pt\"><o:p><\/o:p><\/span><\/p>\n<p style=\"margin: 0cm 0cm 7.5pt; background-image: initial; background-position: initial; background-size: initial; background-repeat: initial; background-attachment: initial; background-origin: initial; background-clip: initial; font-variant-ligatures: normal; font-variant-caps: normal;\"><span><span style=\"font-size:12.0pt;font-family:&quot;Times New Roman&quot;,serif; color:gray\">mgr&nbsp;Wojtowicz&nbsp;Jaros\u0142aw&nbsp;<\/span><\/span><span style=\"font-size: 12pt; font-family: &quot;sans serif&quot;, serif;\"><o:p><\/o:p><\/span><\/p>\n<p><span><span style=\"font-size:12.0pt;font-family: &quot;Times New Roman&quot;,serif;color:gray\">mgr Wroczy\u0144ska Agnieszka&nbsp;<\/span><\/span><span style=\"font-size:12.0pt\"><o:p><\/o:p><\/span><\/p>\n<p style=\"margin: 0cm 0cm 7.5pt; background-image: initial; background-position: initial; background-size: initial; background-repeat: initial; background-attachment: initial; background-origin: initial; background-clip: initial; font-variant-ligatures: normal; font-variant-caps: normal;\"><span><span style=\"font-size:12.0pt;font-family:&quot;Times New Roman&quot;,serif; color:gray\">mgr&nbsp;\u017bbikowska&nbsp;Joanna<\/span><\/span><\/p><\/div>\n\t\t\t\t<\/div>\n\t\t\t\t\t\t\t\t<\/div>\n\t\t\t\t<\/div>\n\t\t\t\t<\/div>\n\t\t\t\t\t<\/div>\n\t\t<\/div>\n\t\t\t\t\t<\/div>\n\t\t<\/section>\n\t\t\t\t<section class=\"elementor-section elementor-top-section elementor-element elementor-element-c163569 animated-slow elementor-section-boxed elementor-section-height-default elementor-section-height-default elementor-invisible\" data-id=\"c163569\" data-element_type=\"section\" data-settings=\"{&quot;animation&quot;:&quot;fadeIn&quot;}\">\n\t\t\t\t\t\t<div class=\"elementor-container elementor-column-gap-default\">\n\t\t\t\t\t<div class=\"elementor-column elementor-col-100 elementor-top-column elementor-element elementor-element-75be66d\" data-id=\"75be66d\" data-element_type=\"column\">\n\t\t\t<div class=\"elementor-widget-wrap elementor-element-populated\">\n\t\t\t\t\t\t<div class=\"elementor-element elementor-element-472367e elementor-widget elementor-widget-heading\" data-id=\"472367e\" data-element_type=\"widget\" data-widget_type=\"heading.default\">\n\t\t\t\t<div class=\"elementor-widget-container\">\n\t\t\t<h1 class=\"elementor-heading-title elementor-size-default\">Formularz uwag o jako\u015bci kszta\u0142cenia<\/h1>\t\t<\/div>\n\t\t\t\t<\/div>\n\t\t\t\t<div class=\"elementor-element elementor-element-ee1cb00 elementor-widget elementor-widget-text-editor\" data-id=\"ee1cb00\" data-element_type=\"widget\" data-widget_type=\"text-editor.default\">\n\t\t\t\t<div class=\"elementor-widget-container\">\n\t\t\t\t\t\t\t<p>Szanowni Studenci.<\/p><p>Podnoszenie jako\u015bci kszta\u0142cenia w AMiSNS jest jednym z priorytet\u00f3w dzia\u0142a\u0144 jej w\u0142adz.<\/p><p>W konsekwencji proponujemy Pa\u0144stwu anonimowe zg\u0142aszania uwag w tym zakresie w celu poprawy jako\u015bci prowadzonych zaj\u0119\u0107 dydaktycznych i dostosowania oferty edukacyjnej do wskazywanych potrzeb.<\/p><p>Wszystkie wpisywane w powy\u017cszym formularzu opinie s\u0105 poddawane uwa\u017cnej analizie, a w\u0142adze uczelni podejmuj\u0105 dzia\u0142ania s\u0142u\u017c\u0105ce wyeliminowaniu w przysz\u0142o\u015bci ryzyka pojawienia si\u0119 wskazywanych przez Pa\u0144stwa zdarze\u0144.<\/p><p>Dlatego bardzo prosimy o dok\u0142adne informacje dotycz\u0105ce opisywanych spraw i zg\u0142aszanych problem\u00f3w.<\/p><p>Prosimy, aby pozostawiali Pa\u0144stwo adres email. Umo\u017cliwi on kontakt, gdyby wyja\u015bnienie problemu tego wymaga\u0142o.<\/p><p>Jednocze\u015bnie informujemy, \u017ce dost\u0119p do podawanych tu informacji posiadaj\u0105 jedynie w\u0142adze uczelni.<\/p><p>Z g\u00f3ry dzi\u0119kujemy zar\u00f3wno za pozytywne, jak i negatywne opinie w tym zakresie.<\/p><p>\u00a0<\/p>\t\t\t\t\t\t<\/div>\n\t\t\t\t<\/div>\n\t\t\t\t\t<\/div>\n\t\t<\/div>\n\t\t\t\t\t<\/div>\n\t\t<\/section>\n\t\t\t\t<section class=\"elementor-section elementor-top-section elementor-element elementor-element-4457c2e animated-slow elementor-section-boxed elementor-section-height-default elementor-section-height-default elementor-invisible\" data-id=\"4457c2e\" data-element_type=\"section\" data-settings=\"{&quot;animation&quot;:&quot;fadeIn&quot;}\">\n\t\t\t\t\t\t<div class=\"elementor-container elementor-column-gap-default\">\n\t\t\t\t\t<div class=\"elementor-column elementor-col-100 elementor-top-column elementor-element elementor-element-f263e3e\" data-id=\"f263e3e\" data-element_type=\"column\">\n\t\t\t<div class=\"elementor-widget-wrap elementor-element-populated\">\n\t\t\t\t\t\t<div class=\"elementor-element elementor-element-487dee1 elementor-button-align-stretch elementor-widget elementor-widget-form\" data-id=\"487dee1\" data-element_type=\"widget\" data-settings=\"{&quot;step_next_label&quot;:&quot;Next&quot;,&quot;step_previous_label&quot;:&quot;Previous&quot;,&quot;button_width&quot;:&quot;100&quot;,&quot;step_type&quot;:&quot;number_text&quot;,&quot;step_icon_shape&quot;:&quot;circle&quot;}\" data-widget_type=\"form.default\">\n\t\t\t\t<div class=\"elementor-widget-container\">\n\t\t\t\t\t<form class=\"elementor-form\" method=\"post\" name=\"Formularz WAINS\">\n\t\t\t<input type=\"hidden\" name=\"post_id\" value=\"282\"\/>\n\t\t\t<input type=\"hidden\" name=\"form_id\" value=\"487dee1\"\/>\n\t\t\t<input type=\"hidden\" name=\"referer_title\" value=\"AMISNS\" \/>\n\n\t\t\t\n\t\t\t<div class=\"elementor-form-fields-wrapper elementor-labels-\">\n\t\t\t\t\t\t\t\t<div class=\"elementor-field-type-text elementor-field-group elementor-column elementor-field-group-imie elementor-col-100\">\n\t\t\t\t\t\t\t\t\t\t\t\t<label for=\"form-field-imie\" class=\"elementor-field-label elementor-screen-only\">\n\t\t\t\t\t\t\t\tImi\u0119\t\t\t\t\t\t\t<\/label>\n\t\t\t\t\t\t\t\t\t\t\t\t\t\t<input size=\"1\" type=\"text\" name=\"form_fields[imie]\" id=\"form-field-imie\" class=\"elementor-field elementor-size-sm  elementor-field-textual\" placeholder=\"Imi\u0119\">\n\t\t\t\t\t\t\t\t\t\t\t<\/div>\n\t\t\t\t\t\t\t\t<div class=\"elementor-field-type-email elementor-field-group elementor-column elementor-field-group-email elementor-col-100 elementor-field-required\">\n\t\t\t\t\t\t\t\t\t\t\t\t<label for=\"form-field-email\" class=\"elementor-field-label elementor-screen-only\">\n\t\t\t\t\t\t\t\tE-mail\t\t\t\t\t\t\t<\/label>\n\t\t\t\t\t\t\t\t\t\t\t\t\t\t<input size=\"1\" type=\"email\" name=\"form_fields[email]\" id=\"form-field-email\" class=\"elementor-field elementor-size-sm  elementor-field-textual\" placeholder=\"E-mail\" required=\"required\" aria-required=\"true\">\n\t\t\t\t\t\t\t\t\t\t\t<\/div>\n\t\t\t\t\t\t\t\t<div class=\"elementor-field-type-textarea elementor-field-group elementor-column elementor-field-group-message elementor-col-100\">\n\t\t\t\t\t\t\t\t\t\t\t\t<label for=\"form-field-message\" class=\"elementor-field-label elementor-screen-only\">\n\t\t\t\t\t\t\t\tWiadomo\u015b\u0107\t\t\t\t\t\t\t<\/label>\n\t\t\t\t\t\t<textarea class=\"elementor-field-textual elementor-field  elementor-size-sm\" name=\"form_fields[message]\" id=\"form-field-message\" rows=\"4\" placeholder=\"Wiadomo\u015b\u0107\"><\/textarea>\t\t\t\t<\/div>\n\t\t\t\t\t\t\t\t<div class=\"elementor-field-group elementor-column elementor-field-type-submit elementor-col-100 e-form__buttons\">\n\t\t\t\t\t<button class=\"elementor-button elementor-size-sm\" type=\"submit\">\n\t\t\t\t\t\t<span class=\"elementor-button-content-wrapper\">\n\t\t\t\t\t\t\t\t\t\t\t\t\t\t\t\t\t\t\t\t\t\t<span class=\"elementor-button-text\">Wy\u015blij formularz<\/span>\n\t\t\t\t\t\t\t\t\t\t\t\t\t<\/span>\n\t\t\t\t\t<\/button>\n\t\t\t\t<\/div>\n\t\t\t<\/div>\n\t\t<\/form>\n\t\t\t\t<\/div>\n\t\t\t\t<\/div>\n\t\t\t\t\t<\/div>\n\t\t<\/div>\n\t\t\t\t\t<\/div>\n\t\t<\/section>\n\t\t\t\t<\/div>\n\t\t","protected":false},"excerpt":{"rendered":"<p>Wydzia\u0142 Administracji i Nauk Spo\u0142ecznych Aktualno\u015bci W\u0142adze Wydzia\u0142u Dziekan dr Piotr Kulikowski Absolwent oligofrenopedagogiki na Uniwersytecie Warmi\u0144sko-Mazurskim w Olsztynie. Doktorat nauk humanistycznych w zakresie pedagogiki na Uniwersytecie Warmi\u0144sko-Mazurskim w Olsztynie. Zainteresowania naukowe i badawcze to przede wszystkim dynamika i charakterystyka proces\u00f3w patologicznych w\u015br\u00f3d wsp\u00f3\u0142czesnej m\u0142odzie\u017cy, czynniki i determinanty zachowa\u0144 niedostosowanych spo\u0142ecznie, uwarunkowania spo\u0142eczne i charakterologiczne [&hellip;]<\/p>\n","protected":false},"author":2,"featured_media":0,"parent":62,"menu_order":0,"comment_status":"closed","ping_status":"closed","template":"elementor_header_footer","meta":{"ocean_post_layout":"","ocean_both_sidebars_style":"","ocean_both_sidebars_content_width":0,"ocean_both_sidebars_sidebars_width":0,"ocean_sidebar":"0","ocean_second_sidebar":"0","ocean_disable_margins":"enable","ocean_add_body_class":"","ocean_shortcode_before_top_bar":"","ocean_shortcode_after_top_bar":"","ocean_shortcode_before_header":"","ocean_shortcode_after_header":"","ocean_has_shortcode":"","ocean_shortcode_after_title":"","ocean_shortcode_before_footer_widgets":"","ocean_shortcode_after_footer_widgets":"","ocean_shortcode_before_footer_bottom":"","ocean_shortcode_after_footer_bottom":"","ocean_display_top_bar":"default","ocean_display_header":"default","ocean_header_style":"","ocean_center_header_left_menu":"0","ocean_custom_header_template":"0","ocean_custom_logo":0,"ocean_custom_retina_logo":0,"ocean_custom_logo_max_width":0,"ocean_custom_logo_tablet_max_width":0,"ocean_custom_logo_mobile_max_width":0,"ocean_custom_logo_max_height":0,"ocean_custom_logo_tablet_max_height":0,"ocean_custom_logo_mobile_max_height":0,"ocean_header_custom_menu":"0","ocean_menu_typo_font_family":"0","ocean_menu_typo_font_subset":"","ocean_menu_typo_font_size":0,"ocean_menu_typo_font_size_tablet":0,"ocean_menu_typo_font_size_mobile":0,"ocean_menu_typo_font_size_unit":"px","ocean_menu_typo_font_weight":"","ocean_menu_typo_font_weight_tablet":"","ocean_menu_typo_font_weight_mobile":"","ocean_menu_typo_transform":"","ocean_menu_typo_transform_tablet":"","ocean_menu_typo_transform_mobile":"","ocean_menu_typo_line_height":0,"ocean_menu_typo_line_height_tablet":0,"ocean_menu_typo_line_height_mobile":0,"ocean_menu_typo_line_height_unit":"","ocean_menu_typo_spacing":0,"ocean_menu_typo_spacing_tablet":0,"ocean_menu_typo_spacing_mobile":0,"ocean_menu_typo_spacing_unit":"","ocean_menu_link_color":"","ocean_menu_link_color_hover":"","ocean_menu_link_color_active":"","ocean_menu_link_background":"","ocean_menu_link_hover_background":"","ocean_menu_link_active_background":"","ocean_menu_social_links_bg":"","ocean_menu_social_hover_links_bg":"","ocean_menu_social_links_color":"","ocean_menu_social_hover_links_color":"","ocean_disable_title":"default","ocean_disable_heading":"default","ocean_post_title":"","ocean_post_subheading":"","ocean_post_title_style":"","ocean_post_title_background_color":"","ocean_post_title_background":0,"ocean_post_title_bg_image_position":"","ocean_post_title_bg_image_attachment":"","ocean_post_title_bg_image_repeat":"","ocean_post_title_bg_image_size":"","ocean_post_title_height":0,"ocean_post_title_bg_overlay":0.5,"ocean_post_title_bg_overlay_color":"","ocean_disable_breadcrumbs":"default","ocean_breadcrumbs_color":"","ocean_breadcrumbs_separator_color":"","ocean_breadcrumbs_links_color":"","ocean_breadcrumbs_links_hover_color":"","ocean_display_footer_widgets":"default","ocean_display_footer_bottom":"default","ocean_custom_footer_template":"0","footnotes":""},"class_list":["post-282","page","type-page","status-publish","hentry","entry","has-media"],"yoast_head":"<!-- This site is optimized with the Yoast SEO plugin v23.7 - https:\/\/yoast.com\/wordpress\/plugins\/seo\/ -->\n<title>Wydzia\u0142 Administracji i Nauk Spo\u0142ecznych - AMISNS<\/title>\n<meta name=\"robots\" content=\"noindex, follow, max-snippet:-1, max-image-preview:large, max-video-preview:-1\" \/>\n<meta property=\"og:locale\" content=\"pl_PL\" \/>\n<meta property=\"og:type\" content=\"article\" \/>\n<meta property=\"og:title\" content=\"Wydzia\u0142 Administracji i Nauk Spo\u0142ecznych - AMISNS\" \/>\n<meta property=\"og:description\" content=\"Wydzia\u0142 Administracji i Nauk Spo\u0142ecznych Aktualno\u015bci W\u0142adze Wydzia\u0142u Dziekan dr Piotr Kulikowski Absolwent oligofrenopedagogiki na Uniwersytecie Warmi\u0144sko-Mazurskim w Olsztynie. Doktorat nauk humanistycznych w zakresie pedagogiki na Uniwersytecie Warmi\u0144sko-Mazurskim w Olsztynie. Zainteresowania naukowe i badawcze to przede wszystkim dynamika i charakterystyka proces\u00f3w patologicznych w\u015br\u00f3d wsp\u00f3\u0142czesnej m\u0142odzie\u017cy, czynniki i determinanty zachowa\u0144 niedostosowanych spo\u0142ecznie, uwarunkowania spo\u0142eczne i charakterologiczne [&hellip;]\" \/>\n<meta property=\"og:url\" content=\"https:\/\/amisns.edu.pl\/stara-wersja\/homepage\/wydzialy\/wydzial-administracji-i-nauk-spolecznych\/\" \/>\n<meta property=\"og:site_name\" content=\"AMISNS\" \/>\n<meta property=\"article:publisher\" content=\"https:\/\/www.facebook.com\/AMiSNSElblag\" \/>\n<meta property=\"article:modified_time\" content=\"2023-11-17T14:51:07+00:00\" \/>\n<meta property=\"og:image\" content=\"http:\/\/wordpress2247503.home.pl\/public_html\/amisns.edu.pl\/stara-wersja\/wp-content\/uploads\/Dziekan-WAiNS-dr-Piotr-Kulikowski-200x300.jpg\" \/>\n<meta name=\"twitter:card\" content=\"summary_large_image\" \/>\n<meta name=\"twitter:label1\" content=\"Szacowany czas czytania\" \/>\n\t<meta name=\"twitter:data1\" content=\"6 minut\" \/>\n<script type=\"application\/ld+json\" class=\"yoast-schema-graph\">{\"@context\":\"https:\/\/schema.org\",\"@graph\":[{\"@type\":\"WebPage\",\"@id\":\"https:\/\/amisns.edu.pl\/stara-wersja\/homepage\/wydzialy\/wydzial-administracji-i-nauk-spolecznych\/\",\"url\":\"https:\/\/amisns.edu.pl\/stara-wersja\/homepage\/wydzialy\/wydzial-administracji-i-nauk-spolecznych\/\",\"name\":\"Wydzia\u0142 Administracji i Nauk Spo\u0142ecznych - AMISNS\",\"isPartOf\":{\"@id\":\"https:\/\/amisns.edu.pl\/stara-wersja\/stara-wersja\/#website\"},\"primaryImageOfPage\":{\"@id\":\"https:\/\/amisns.edu.pl\/stara-wersja\/homepage\/wydzialy\/wydzial-administracji-i-nauk-spolecznych\/#primaryimage\"},\"image\":{\"@id\":\"https:\/\/amisns.edu.pl\/stara-wersja\/homepage\/wydzialy\/wydzial-administracji-i-nauk-spolecznych\/#primaryimage\"},\"thumbnailUrl\":\"http:\/\/wordpress2247503.home.pl\/public_html\/amisns.edu.pl\/stara-wersja\/wp-content\/uploads\/Dziekan-WAiNS-dr-Piotr-Kulikowski-200x300.jpg\",\"datePublished\":\"2022-11-02T18:17:48+00:00\",\"dateModified\":\"2023-11-17T14:51:07+00:00\",\"breadcrumb\":{\"@id\":\"https:\/\/amisns.edu.pl\/stara-wersja\/homepage\/wydzialy\/wydzial-administracji-i-nauk-spolecznych\/#breadcrumb\"},\"inLanguage\":\"pl-PL\",\"potentialAction\":[{\"@type\":\"ReadAction\",\"target\":[\"https:\/\/amisns.edu.pl\/stara-wersja\/homepage\/wydzialy\/wydzial-administracji-i-nauk-spolecznych\/\"]}]},{\"@type\":\"ImageObject\",\"inLanguage\":\"pl-PL\",\"@id\":\"https:\/\/amisns.edu.pl\/stara-wersja\/homepage\/wydzialy\/wydzial-administracji-i-nauk-spolecznych\/#primaryimage\",\"url\":\"http:\/\/wordpress2247503.home.pl\/public_html\/amisns.edu.pl\/stara-wersja\/wp-content\/uploads\/Dziekan-WAiNS-dr-Piotr-Kulikowski-200x300.jpg\",\"contentUrl\":\"http:\/\/wordpress2247503.home.pl\/public_html\/amisns.edu.pl\/stara-wersja\/wp-content\/uploads\/Dziekan-WAiNS-dr-Piotr-Kulikowski-200x300.jpg\"},{\"@type\":\"BreadcrumbList\",\"@id\":\"https:\/\/amisns.edu.pl\/stara-wersja\/homepage\/wydzialy\/wydzial-administracji-i-nauk-spolecznych\/#breadcrumb\",\"itemListElement\":[{\"@type\":\"ListItem\",\"position\":1,\"name\":\"Strona g\u0142\u00f3wna\",\"item\":\"https:\/\/amisns.edu.pl\/stara-wersja\/\"},{\"@type\":\"ListItem\",\"position\":2,\"name\":\"Homepage\",\"item\":\"https:\/\/amisns.edu.pl\/stara-wersja\/\"},{\"@type\":\"ListItem\",\"position\":3,\"name\":\"Wydzia\u0142y\",\"item\":\"https:\/\/amisns.edu.pl\/stara-wersja\/homepage\/wydzialy\/\"},{\"@type\":\"ListItem\",\"position\":4,\"name\":\"Wydzia\u0142 Administracji i Nauk Spo\u0142ecznych\"}]},{\"@type\":\"WebSite\",\"@id\":\"https:\/\/amisns.edu.pl\/stara-wersja\/stara-wersja\/#website\",\"url\":\"https:\/\/amisns.edu.pl\/stara-wersja\/stara-wersja\/\",\"name\":\"AMISNS\",\"description\":\"Akademia Medycznych i Spo\u0142ecznych nauk stosowanych\",\"publisher\":{\"@id\":\"https:\/\/amisns.edu.pl\/stara-wersja\/stara-wersja\/#organization\"},\"potentialAction\":[{\"@type\":\"SearchAction\",\"target\":{\"@type\":\"EntryPoint\",\"urlTemplate\":\"https:\/\/amisns.edu.pl\/stara-wersja\/stara-wersja\/?s={search_term_string}\"},\"query-input\":{\"@type\":\"PropertyValueSpecification\",\"valueRequired\":true,\"valueName\":\"search_term_string\"}}],\"inLanguage\":\"pl-PL\"},{\"@type\":\"Organization\",\"@id\":\"https:\/\/amisns.edu.pl\/stara-wersja\/stara-wersja\/#organization\",\"name\":\"AMISNS\",\"url\":\"https:\/\/amisns.edu.pl\/stara-wersja\/stara-wersja\/\",\"logo\":{\"@type\":\"ImageObject\",\"inLanguage\":\"pl-PL\",\"@id\":\"https:\/\/amisns.edu.pl\/stara-wersja\/stara-wersja\/#\/schema\/logo\/image\/\",\"url\":\"https:\/\/amisns.edu.pl\/stara-wersja\/wp-content\/uploads\/2022\/12\/Znak-AMiSNS-na-strone-www-4k.png\",\"contentUrl\":\"https:\/\/amisns.edu.pl\/stara-wersja\/wp-content\/uploads\/2022\/12\/Znak-AMiSNS-na-strone-www-4k.png\",\"width\":1920,\"height\":523,\"caption\":\"AMISNS\"},\"image\":{\"@id\":\"https:\/\/amisns.edu.pl\/stara-wersja\/stara-wersja\/#\/schema\/logo\/image\/\"},\"sameAs\":[\"https:\/\/www.facebook.com\/AMiSNSElblag\"]}]}<\/script>\n<!-- \/ Yoast SEO plugin. -->","yoast_head_json":{"title":"Wydzia\u0142 Administracji i Nauk Spo\u0142ecznych - AMISNS","robots":{"index":"noindex","follow":"follow","max-snippet":"max-snippet:-1","max-image-preview":"max-image-preview:large","max-video-preview":"max-video-preview:-1"},"og_locale":"pl_PL","og_type":"article","og_title":"Wydzia\u0142 Administracji i Nauk Spo\u0142ecznych - AMISNS","og_description":"Wydzia\u0142 Administracji i Nauk Spo\u0142ecznych Aktualno\u015bci W\u0142adze Wydzia\u0142u Dziekan dr Piotr Kulikowski Absolwent oligofrenopedagogiki na Uniwersytecie Warmi\u0144sko-Mazurskim w Olsztynie. Doktorat nauk humanistycznych w zakresie pedagogiki na Uniwersytecie Warmi\u0144sko-Mazurskim w Olsztynie. Zainteresowania naukowe i badawcze to przede wszystkim dynamika i charakterystyka proces\u00f3w patologicznych w\u015br\u00f3d wsp\u00f3\u0142czesnej m\u0142odzie\u017cy, czynniki i determinanty zachowa\u0144 niedostosowanych spo\u0142ecznie, uwarunkowania spo\u0142eczne i charakterologiczne [&hellip;]","og_url":"https:\/\/amisns.edu.pl\/stara-wersja\/homepage\/wydzialy\/wydzial-administracji-i-nauk-spolecznych\/","og_site_name":"AMISNS","article_publisher":"https:\/\/www.facebook.com\/AMiSNSElblag","article_modified_time":"2023-11-17T14:51:07+00:00","og_image":[{"url":"http:\/\/wordpress2247503.home.pl\/public_html\/amisns.edu.pl\/stara-wersja\/wp-content\/uploads\/Dziekan-WAiNS-dr-Piotr-Kulikowski-200x300.jpg"}],"twitter_card":"summary_large_image","twitter_misc":{"Szacowany czas czytania":"6 minut"},"schema":{"@context":"https:\/\/schema.org","@graph":[{"@type":"WebPage","@id":"https:\/\/amisns.edu.pl\/stara-wersja\/homepage\/wydzialy\/wydzial-administracji-i-nauk-spolecznych\/","url":"https:\/\/amisns.edu.pl\/stara-wersja\/homepage\/wydzialy\/wydzial-administracji-i-nauk-spolecznych\/","name":"Wydzia\u0142 Administracji i Nauk Spo\u0142ecznych - AMISNS","isPartOf":{"@id":"https:\/\/amisns.edu.pl\/stara-wersja\/stara-wersja\/#website"},"primaryImageOfPage":{"@id":"https:\/\/amisns.edu.pl\/stara-wersja\/homepage\/wydzialy\/wydzial-administracji-i-nauk-spolecznych\/#primaryimage"},"image":{"@id":"https:\/\/amisns.edu.pl\/stara-wersja\/homepage\/wydzialy\/wydzial-administracji-i-nauk-spolecznych\/#primaryimage"},"thumbnailUrl":"http:\/\/wordpress2247503.home.pl\/public_html\/amisns.edu.pl\/stara-wersja\/wp-content\/uploads\/Dziekan-WAiNS-dr-Piotr-Kulikowski-200x300.jpg","datePublished":"2022-11-02T18:17:48+00:00","dateModified":"2023-11-17T14:51:07+00:00","breadcrumb":{"@id":"https:\/\/amisns.edu.pl\/stara-wersja\/homepage\/wydzialy\/wydzial-administracji-i-nauk-spolecznych\/#breadcrumb"},"inLanguage":"pl-PL","potentialAction":[{"@type":"ReadAction","target":["https:\/\/amisns.edu.pl\/stara-wersja\/homepage\/wydzialy\/wydzial-administracji-i-nauk-spolecznych\/"]}]},{"@type":"ImageObject","inLanguage":"pl-PL","@id":"https:\/\/amisns.edu.pl\/stara-wersja\/homepage\/wydzialy\/wydzial-administracji-i-nauk-spolecznych\/#primaryimage","url":"http:\/\/wordpress2247503.home.pl\/public_html\/amisns.edu.pl\/stara-wersja\/wp-content\/uploads\/Dziekan-WAiNS-dr-Piotr-Kulikowski-200x300.jpg","contentUrl":"http:\/\/wordpress2247503.home.pl\/public_html\/amisns.edu.pl\/stara-wersja\/wp-content\/uploads\/Dziekan-WAiNS-dr-Piotr-Kulikowski-200x300.jpg"},{"@type":"BreadcrumbList","@id":"https:\/\/amisns.edu.pl\/stara-wersja\/homepage\/wydzialy\/wydzial-administracji-i-nauk-spolecznych\/#breadcrumb","itemListElement":[{"@type":"ListItem","position":1,"name":"Strona g\u0142\u00f3wna","item":"https:\/\/amisns.edu.pl\/stara-wersja\/"},{"@type":"ListItem","position":2,"name":"Homepage","item":"https:\/\/amisns.edu.pl\/stara-wersja\/"},{"@type":"ListItem","position":3,"name":"Wydzia\u0142y","item":"https:\/\/amisns.edu.pl\/stara-wersja\/homepage\/wydzialy\/"},{"@type":"ListItem","position":4,"name":"Wydzia\u0142 Administracji i Nauk Spo\u0142ecznych"}]},{"@type":"WebSite","@id":"https:\/\/amisns.edu.pl\/stara-wersja\/stara-wersja\/#website","url":"https:\/\/amisns.edu.pl\/stara-wersja\/stara-wersja\/","name":"AMISNS","description":"Akademia Medycznych i Spo\u0142ecznych nauk stosowanych","publisher":{"@id":"https:\/\/amisns.edu.pl\/stara-wersja\/stara-wersja\/#organization"},"potentialAction":[{"@type":"SearchAction","target":{"@type":"EntryPoint","urlTemplate":"https:\/\/amisns.edu.pl\/stara-wersja\/stara-wersja\/?s={search_term_string}"},"query-input":{"@type":"PropertyValueSpecification","valueRequired":true,"valueName":"search_term_string"}}],"inLanguage":"pl-PL"},{"@type":"Organization","@id":"https:\/\/amisns.edu.pl\/stara-wersja\/stara-wersja\/#organization","name":"AMISNS","url":"https:\/\/amisns.edu.pl\/stara-wersja\/stara-wersja\/","logo":{"@type":"ImageObject","inLanguage":"pl-PL","@id":"https:\/\/amisns.edu.pl\/stara-wersja\/stara-wersja\/#\/schema\/logo\/image\/","url":"https:\/\/amisns.edu.pl\/stara-wersja\/wp-content\/uploads\/2022\/12\/Znak-AMiSNS-na-strone-www-4k.png","contentUrl":"https:\/\/amisns.edu.pl\/stara-wersja\/wp-content\/uploads\/2022\/12\/Znak-AMiSNS-na-strone-www-4k.png","width":1920,"height":523,"caption":"AMISNS"},"image":{"@id":"https:\/\/amisns.edu.pl\/stara-wersja\/stara-wersja\/#\/schema\/logo\/image\/"},"sameAs":["https:\/\/www.facebook.com\/AMiSNSElblag"]}]}},"_links":{"self":[{"href":"https:\/\/amisns.edu.pl\/stara-wersja\/wp-json\/wp\/v2\/pages\/282"}],"collection":[{"href":"https:\/\/amisns.edu.pl\/stara-wersja\/wp-json\/wp\/v2\/pages"}],"about":[{"href":"https:\/\/amisns.edu.pl\/stara-wersja\/wp-json\/wp\/v2\/types\/page"}],"author":[{"embeddable":true,"href":"https:\/\/amisns.edu.pl\/stara-wersja\/wp-json\/wp\/v2\/users\/2"}],"replies":[{"embeddable":true,"href":"https:\/\/amisns.edu.pl\/stara-wersja\/wp-json\/wp\/v2\/comments?post=282"}],"version-history":[{"count":190,"href":"https:\/\/amisns.edu.pl\/stara-wersja\/wp-json\/wp\/v2\/pages\/282\/revisions"}],"predecessor-version":[{"id":14731,"href":"https:\/\/amisns.edu.pl\/stara-wersja\/wp-json\/wp\/v2\/pages\/282\/revisions\/14731"}],"up":[{"embeddable":true,"href":"https:\/\/amisns.edu.pl\/stara-wersja\/wp-json\/wp\/v2\/pages\/62"}],"wp:attachment":[{"href":"https:\/\/amisns.edu.pl\/stara-wersja\/wp-json\/wp\/v2\/media?parent=282"}],"curies":[{"name":"wp","href":"https:\/\/api.w.org\/{rel}","templated":true}]}}