{"id":4734,"date":"2023-01-12T02:15:25","date_gmt":"2023-01-12T01:15:25","guid":{"rendered":"http:\/\/wordpress2247503.home.pl\/public_html\/amisns.edu.pl\/?page_id=4734"},"modified":"2024-01-11T12:13:58","modified_gmt":"2024-01-11T11:13:58","slug":"erasmus-student","status":"publish","type":"page","link":"https:\/\/amisns.edu.pl\/stara-wersja\/homepage\/dla-studenta\/erasmus-student\/","title":{"rendered":"Erasmus+ Student"},"content":{"rendered":"\t\t<div data-elementor-type=\"wp-page\" data-elementor-id=\"4734\" class=\"elementor elementor-4734\" data-elementor-post-type=\"page\">\n\t\t\t\t\t\t<section class=\"elementor-section elementor-top-section elementor-element elementor-element-d7bc47e elementor-section-boxed elementor-section-height-default elementor-section-height-default\" data-id=\"d7bc47e\" data-element_type=\"section\">\n\t\t\t\t\t\t<div class=\"elementor-container elementor-column-gap-default\">\n\t\t\t\t\t<div class=\"elementor-column elementor-col-100 elementor-top-column elementor-element elementor-element-d9b8318\" data-id=\"d9b8318\" data-element_type=\"column\">\n\t\t\t<div class=\"elementor-widget-wrap elementor-element-populated\">\n\t\t\t\t\t\t<div class=\"elementor-element elementor-element-978fd4e elementor-widget elementor-widget-template\" data-id=\"978fd4e\" data-element_type=\"widget\" data-widget_type=\"template.default\">\n\t\t\t\t<div class=\"elementor-widget-container\">\n\t\t\t\t\t<div class=\"elementor-template\">\n\t\t\t\t\t<div data-elementor-type=\"section\" data-elementor-id=\"4758\" class=\"elementor elementor-4758\" data-elementor-post-type=\"elementor_library\">\n\t\t\t\t\t<section class=\"elementor-section elementor-top-section elementor-element elementor-element-6857f17d elementor-section-content-middle elementor-section-boxed elementor-section-height-default elementor-section-height-default\" data-id=\"6857f17d\" data-element_type=\"section\">\n\t\t\t\t\t\t<div class=\"elementor-container elementor-column-gap-default\">\n\t\t\t\t\t<div class=\"elementor-column elementor-col-100 elementor-top-column elementor-element elementor-element-5ed0866c\" data-id=\"5ed0866c\" data-element_type=\"column\">\n\t\t\t<div class=\"elementor-widget-wrap elementor-element-populated\">\n\t\t\t\t\t\t<div class=\"elementor-element elementor-element-3bfa5487 elementor-widget__width-auto elementor-nav-menu--dropdown-tablet elementor-nav-menu__text-align-aside elementor-nav-menu--toggle elementor-nav-menu--burger elementor-widget elementor-widget-nav-menu\" data-id=\"3bfa5487\" data-element_type=\"widget\" data-settings=\"{&quot;layout&quot;:&quot;horizontal&quot;,&quot;submenu_icon&quot;:{&quot;value&quot;:&quot;&lt;i class=\\&quot;fas fa-caret-down\\&quot;&gt;&lt;\\\/i&gt;&quot;,&quot;library&quot;:&quot;fa-solid&quot;},&quot;toggle&quot;:&quot;burger&quot;}\" data-widget_type=\"nav-menu.default\">\n\t\t\t\t<div class=\"elementor-widget-container\">\n\t\t\t\t\t\t<nav aria-label=\"Menu\" class=\"elementor-nav-menu--main elementor-nav-menu__container elementor-nav-menu--layout-horizontal e--pointer-underline e--animation-fade\">\n\t\t\t\t<ul id=\"menu-1-3bfa5487\" class=\"elementor-nav-menu\"><li class=\"menu-item menu-item-type-post_type menu-item-object-page menu-item-4748\"><a href=\"https:\/\/amisns.edu.pl\/stara-wersja\/homepage\/dla-studenta\/erasmus-student\/\" class=\"elementor-item\">Student<\/a><\/li>\n<li class=\"menu-item menu-item-type-post_type menu-item-object-page menu-item-4747\"><a href=\"https:\/\/amisns.edu.pl\/stara-wersja\/homepage\/dla-studenta\/erasmus-kadra\/\" class=\"elementor-item\">Kadra<\/a><\/li>\n<li class=\"menu-item menu-item-type-post_type menu-item-object-page menu-item-4746\"><a href=\"https:\/\/amisns.edu.pl\/stara-wersja\/homepage\/dla-studenta\/erasmus-uczelnie-partnerskie\/\" class=\"elementor-item\">Uczelnie partnerskie<\/a><\/li>\n<\/ul>\t\t\t<\/nav>\n\t\t\t\t\t<div class=\"elementor-menu-toggle\" role=\"button\" tabindex=\"0\" aria-label=\"Menu Toggle\" aria-expanded=\"false\">\n\t\t\t<i aria-hidden=\"true\" role=\"presentation\" class=\"elementor-menu-toggle__icon--open eicon-menu-bar\"><\/i><i aria-hidden=\"true\" role=\"presentation\" class=\"elementor-menu-toggle__icon--close eicon-close\"><\/i>\t\t\t<span class=\"elementor-screen-only\">Menu<\/span>\n\t\t<\/div>\n\t\t\t\t\t<nav class=\"elementor-nav-menu--dropdown elementor-nav-menu__container\" aria-hidden=\"true\">\n\t\t\t\t<ul id=\"menu-2-3bfa5487\" class=\"elementor-nav-menu\"><li class=\"menu-item menu-item-type-post_type menu-item-object-page menu-item-4748\"><a href=\"https:\/\/amisns.edu.pl\/stara-wersja\/homepage\/dla-studenta\/erasmus-student\/\" class=\"elementor-item\" tabindex=\"-1\">Student<\/a><\/li>\n<li class=\"menu-item menu-item-type-post_type menu-item-object-page menu-item-4747\"><a href=\"https:\/\/amisns.edu.pl\/stara-wersja\/homepage\/dla-studenta\/erasmus-kadra\/\" class=\"elementor-item\" tabindex=\"-1\">Kadra<\/a><\/li>\n<li class=\"menu-item menu-item-type-post_type menu-item-object-page menu-item-4746\"><a href=\"https:\/\/amisns.edu.pl\/stara-wersja\/homepage\/dla-studenta\/erasmus-uczelnie-partnerskie\/\" class=\"elementor-item\" tabindex=\"-1\">Uczelnie partnerskie<\/a><\/li>\n<\/ul>\t\t\t<\/nav>\n\t\t\t\t<\/div>\n\t\t\t\t<\/div>\n\t\t\t\t\t<\/div>\n\t\t<\/div>\n\t\t\t\t\t<\/div>\n\t\t<\/section>\n\t\t\t\t<\/div>\n\t\t\t\t<\/div>\n\t\t\t\t<\/div>\n\t\t\t\t<\/div>\n\t\t\t\t\t<\/div>\n\t\t<\/div>\n\t\t\t\t\t<\/div>\n\t\t<\/section>\n\t\t\t\t<section class=\"elementor-section elementor-top-section elementor-element elementor-element-d6acbb2 elementor-section-full_width elementor-section-height-default elementor-section-height-default\" data-id=\"d6acbb2\" data-element_type=\"section\">\n\t\t\t\t\t\t<div class=\"elementor-container elementor-column-gap-default\">\n\t\t\t\t\t<div class=\"elementor-column elementor-col-100 elementor-top-column elementor-element elementor-element-9c4c64e\" data-id=\"9c4c64e\" data-element_type=\"column\">\n\t\t\t<div class=\"elementor-widget-wrap elementor-element-populated\">\n\t\t\t\t\t\t<div class=\"elementor-element elementor-element-6181b71 elementor--h-position-center elementor--v-position-middle elementor-arrows-position-inside elementor-pagination-position-inside elementor-widget elementor-widget-slides\" data-id=\"6181b71\" data-element_type=\"widget\" data-settings=\"{&quot;navigation&quot;:&quot;both&quot;,&quot;autoplay&quot;:&quot;yes&quot;,&quot;pause_on_hover&quot;:&quot;yes&quot;,&quot;pause_on_interaction&quot;:&quot;yes&quot;,&quot;autoplay_speed&quot;:5000,&quot;infinite&quot;:&quot;yes&quot;,&quot;transition&quot;:&quot;slide&quot;,&quot;transition_speed&quot;:500}\" data-widget_type=\"slides.default\">\n\t\t\t\t<div class=\"elementor-widget-container\">\n\t\t\t\t\t<div class=\"elementor-swiper\">\n\t\t\t<div class=\"elementor-slides-wrapper elementor-main-swiper swiper\" dir=\"ltr\" data-animation=\"fadeInUp\">\n\t\t\t\t<div class=\"swiper-wrapper elementor-slides\">\n\t\t\t\t\t\t\t\t\t\t<div class=\"elementor-repeater-item-6e86543 swiper-slide\"><div class=\"swiper-slide-bg elementor-ken-burns elementor-ken-burns--in\" role=\"img\"><\/div><div class=\"swiper-slide-inner\" ><div class=\"swiper-slide-contents\"><div class=\"elementor-slide-heading\">ERASMUS+ Student<\/div><\/div><\/div><\/div>\t\t\t\t<\/div>\n\t\t\t\t\t\t\t<\/div>\n\t\t<\/div>\n\t\t\t\t<\/div>\n\t\t\t\t<\/div>\n\t\t\t\t\t<\/div>\n\t\t<\/div>\n\t\t\t\t\t<\/div>\n\t\t<\/section>\n\t\t\t\t<section class=\"elementor-section elementor-top-section elementor-element elementor-element-14da273 elementor-section-boxed elementor-section-height-default elementor-section-height-default\" data-id=\"14da273\" data-element_type=\"section\">\n\t\t\t\t\t\t<div class=\"elementor-container elementor-column-gap-default\">\n\t\t\t\t\t<div class=\"elementor-column elementor-col-100 elementor-top-column elementor-element elementor-element-faf3f63\" data-id=\"faf3f63\" data-element_type=\"column\">\n\t\t\t<div class=\"elementor-widget-wrap elementor-element-populated\">\n\t\t\t\t\t\t<div class=\"elementor-element elementor-element-394a4ef elementor-widget elementor-widget-heading\" data-id=\"394a4ef\" data-element_type=\"widget\" data-widget_type=\"heading.default\">\n\t\t\t\t<div class=\"elementor-widget-container\">\n\t\t\t<h2 class=\"elementor-heading-title elementor-size-default\">Program Erasmus+ dla Studenta AMiSNS<\/h2>\t\t<\/div>\n\t\t\t\t<\/div>\n\t\t\t\t\t<\/div>\n\t\t<\/div>\n\t\t\t\t\t<\/div>\n\t\t<\/section>\n\t\t\t\t<section class=\"elementor-section elementor-top-section elementor-element elementor-element-12b18bc elementor-section-boxed elementor-section-height-default elementor-section-height-default\" data-id=\"12b18bc\" data-element_type=\"section\">\n\t\t\t\t\t\t<div class=\"elementor-container elementor-column-gap-default\">\n\t\t\t\t\t<div class=\"elementor-column elementor-col-100 elementor-top-column elementor-element elementor-element-5dbc64e\" data-id=\"5dbc64e\" data-element_type=\"column\">\n\t\t\t<div class=\"elementor-widget-wrap elementor-element-populated\">\n\t\t\t\t\t\t<div class=\"elementor-element elementor-element-45700de elementor-widget elementor-widget-text-editor\" data-id=\"45700de\" data-element_type=\"widget\" data-widget_type=\"text-editor.default\">\n\t\t\t\t<div class=\"elementor-widget-container\">\n\t\t\t\t\t\t\t<p>Program wspiera fizyczn\u0105 i mieszan\u0105 mobilno\u015b\u0107 student\u00f3w wszystkich kierunk\u00f3w i cykl\u00f3w studi\u00f3w za granic\u0105 w krajach uprawnionych do uczestnictwa w akcjach Erasmus+.<\/p><p><a href=\"https:\/\/forms.office.com\/Pages\/ResponsePage.aspx?id=zVN-xz8eRU2wb1vMq8MQaHbkAxYAnbpPgtHqqADidnRUQ1lLUVhCSFpLQlhaRU00RlkxQ0k5Tk1LWC4u\">Formularz zg\u0142oszeniowy studenta AMiSNS do udzia\u0142u w programie Erasmus+<\/a><\/p>\t\t\t\t\t\t<\/div>\n\t\t\t\t<\/div>\n\t\t\t\t\t<\/div>\n\t\t<\/div>\n\t\t\t\t\t<\/div>\n\t\t<\/section>\n\t\t\t\t<section class=\"elementor-section elementor-top-section elementor-element elementor-element-370eef7 elementor-section-boxed elementor-section-height-default elementor-section-height-default\" data-id=\"370eef7\" data-element_type=\"section\">\n\t\t\t\t\t\t<div class=\"elementor-container elementor-column-gap-default\">\n\t\t\t\t\t<div class=\"elementor-column elementor-col-100 elementor-top-column elementor-element elementor-element-f468f1e\" data-id=\"f468f1e\" data-element_type=\"column\">\n\t\t\t<div class=\"elementor-widget-wrap elementor-element-populated\">\n\t\t\t\t\t\t<div class=\"elementor-element elementor-element-b86c68f elementor-widget__width-initial elementor-widget elementor-widget-toggle\" data-id=\"b86c68f\" data-element_type=\"widget\" data-widget_type=\"toggle.default\">\n\t\t\t\t<div class=\"elementor-widget-container\">\n\t\t\t\t\t<div class=\"elementor-toggle\">\n\t\t\t\t\t\t\t<div class=\"elementor-toggle-item\">\n\t\t\t\t\t<div id=\"elementor-tab-title-1931\" class=\"elementor-tab-title\" data-tab=\"1\" role=\"button\" aria-controls=\"elementor-tab-content-1931\" aria-expanded=\"false\">\n\t\t\t\t\t\t\t\t\t\t\t\t<span class=\"elementor-toggle-icon elementor-toggle-icon-left\" aria-hidden=\"true\">\n\t\t\t\t\t\t\t\t\t\t\t\t\t\t\t<span class=\"elementor-toggle-icon-closed\"><i class=\"fas fa-caret-right\"><\/i><\/span>\n\t\t\t\t\t\t\t\t<span class=\"elementor-toggle-icon-opened\"><i class=\"elementor-toggle-icon-opened fas fa-caret-up\"><\/i><\/span>\n\t\t\t\t\t\t\t\t\t\t\t\t\t<\/span>\n\t\t\t\t\t\t\t\t\t\t\t\t<a class=\"elementor-toggle-title\" tabindex=\"0\">Kraje uprawnione<\/a>\n\t\t\t\t\t<\/div>\n\n\t\t\t\t\t<div id=\"elementor-tab-content-1931\" class=\"elementor-tab-content elementor-clearfix\" data-tab=\"1\" role=\"region\" aria-labelledby=\"elementor-tab-title-1931\"><p><strong>Pa\u0144stwa cz\u0142onkowskie Unii Europejskiej (UE)<\/strong><\/p><p>Belgia , Bu\u0142garia, Czechy , Dania , Niemcy , Estonia , Irlandia , Grecja , Hiszpania , Francja , Chorwacja , W\u0142ochy , Cypr ,\u00a0 \u0141otwa , Litwa , Luksemburg , W\u0119gry ,\u00a0 Malta , Niderlandy , Austria , Polska , Portugalia , Rumunia , S\u0142owenia , S\u0142owacja , Finlandia , Szwecja.<\/p><p><strong>Pa\u0144stwa trzecie stowarzyszone z programem<\/strong><\/p><p>Macedonia P\u00f3\u0142nocna<br \/>Serbia<br \/>Islandia<br \/>Liechtenstein<br \/>Norwegia<br \/>Turcja<\/p><p><strong>Pa\u0144stwa trzecie niestowarzyszone z programem<\/strong><\/p><p>Ba\u0142kany Zachodnie (Region 1)<br \/>Albania, Bo\u015bnia i Hercegowina, Kosowo5 , Czarnog\u00f3ra.<\/p><p>Wschodnie s\u0105siedztwo (Region 2)<br \/>Armenia, Azerbejd\u017can, Bia\u0142oru\u015b, Gruzja, Mo\u0142dawia, terytorium Ukrainy uznane przez prawo mi\u0119dzynarodowe.<\/p><p>Kraje po\u0142udniowego regionu Morza \u015ar\u00f3dziemnego (Region 3)<br \/>Algieria, Egipt, Izrael6 , Jordania, Liban, Libia, Maroko, Palestyna7 , Syria, Tunezja.<\/p><p>Federacja Rosyjska (Region 4)<br \/>Terytorium Rosji uznane przez prawo mi\u0119dzynarodowe.<\/p><p>Azja (Region 5)<br \/>Bangladesz, Bhutan, Chiny, Filipiny, Indie, Indonezja, Kambod\u017ca, Korea\u0144ska Republika Ludowo-Demokratyczna, Laos, Malediwy, Malezja, Myanmar\/Birma, Mongolia, Nepal, Pakistan, Sri Lanka, Tajlandia i Wietnam<\/p><p>Kraje o wysokich dochodach: Brunei, Hongkong, Japonia, Korea, Makau, Singapur i Tajwan.<\/p><p>Azja \u015arodkowa (Region 6)<br \/>Afganistan, Kazachstan, Kirgistan, Tad\u017cykistan, Turkmenistan, Uzbekistan.<\/p><p>Bliski Wsch\u00f3d (Region 7)<br \/>Irak, Iran, Jemen<\/p><p>Kraje o wysokich dochodach: Arabia Saudyjska, Bahrajn, Katar, Kuwejt, Oman, Zjednoczone Emiraty Arabskie.<\/p><p>Rejon Pacyfiku (Region 8)<br \/>Wyspy Cooka, Fid\u017ci, Kiribati, Wyspy Marshalla, Mikronezja, Nauru, Niue, Palau, Papua-Nowa Gwinea, Samoa, Timor Wschodni, Tonga, Tuvalu, Vanuatu, Wyspy Salomona.<\/p><p>Kraje o wysokich dochodach: Australia, Nowa Zelandia.<\/p><p>Afryka Subsaharyjska12 13 (Region 9)<br \/>Angola, Benin, Botswana, Burkina Faso, Burundi, Czad, Demokratyczna Republika Konga, D\u017cibuti, Erytrea, Eswatini, Etiopia, Gabon, Gambia, Ghana, Gwinea, Gwinea Bissau, Gwinea R\u00f3wnikowa, Kamerun, Kenia, Komory, Kongo, Lesotho, Liberia, Madagaskar, Malawi, Mali, Mauretania, Mauritius, Mozambik, Namibia, Niger, Nigeria, Republika Po\u0142udniowej Afryki, Republika \u015arodkowoafryka\u0144ska, Republika Zielonego Przyl\u0105dka, Rwanda, Senegal, Seszele, Sierra Leone, Somalia, Suazi, Sudan Po\u0142udniowy, Sudan, Tanzania, Togo, Uganda, Wybrze\u017ce Ko\u015bci S\u0142oniowej, Wyspy \u015awi\u0119tego Tomasza i Ksi\u0105\u017c\u0119ca, Zambia, Zimbabwe.<\/p><p>Ameryka \u0141aci\u0144ska (Region 10)<br \/>Argentyna, Boliwia, Brazylia, Chile, Ekwador, Gwatemala, Honduras, Kolumbia, Kostaryka, Meksyk, Nikaragua, Panama, Paragwaj, Peru, Salwador, Urugwaj i Wenezuela<\/p><p>Karaiby (Region 11)<br \/>Antigua i Barbuda, Bahamy, Barbados, Belize, Dominika, Dominikana, Grenada, Gujana, Haiti, Jamajka, Kuba, Saint Kitts i Nevis, Saint Lucia, Saint Vincent i Grenadyny, Surinam oraz Trynidad i Tobago<\/p><p>USA i Kanada (Region 12)<br \/>Stany Zjednoczone Ameryki, Kanada<\/p><p>Instrumentami dzia\u0142a\u0144 zewn\u0119trznych nie s\u0105 obj\u0119te nast\u0119puj\u0105ce pa\u0144stwa trzecie niestowarzyszone z Programem:<\/p><p>Region 13<br \/>Andora, Monako, Pa\u0144stwo Watyka\u0144skie, San Marino<\/p><p>Region 14<br \/>Szwajcaria, Wyspy Owcze, Zjednoczone Kr\u00f3lestwo<\/p><p><strong>Aby uzyska\u0107 wi\u0119cej informacji, nale\u017cy skontaktowa\u0107 si\u0119 z koordynatorami programu Erasmus+ (erasmus@amisns.edu.pl)<\/strong><\/p><\/div>\n\t\t\t\t<\/div>\n\t\t\t\t\t\t\t\t<\/div>\n\t\t\t\t<\/div>\n\t\t\t\t<\/div>\n\t\t\t\t\t<\/div>\n\t\t<\/div>\n\t\t\t\t\t<\/div>\n\t\t<\/section>\n\t\t\t\t<section class=\"elementor-section elementor-top-section elementor-element elementor-element-f850f52 elementor-section-boxed elementor-section-height-default elementor-section-height-default\" data-id=\"f850f52\" data-element_type=\"section\">\n\t\t\t\t\t\t<div class=\"elementor-container elementor-column-gap-default\">\n\t\t\t\t\t<div class=\"elementor-column elementor-col-100 elementor-top-column elementor-element elementor-element-801f06f\" data-id=\"801f06f\" data-element_type=\"column\">\n\t\t\t<div class=\"elementor-widget-wrap elementor-element-populated\">\n\t\t\t\t\t\t<div class=\"elementor-element elementor-element-70e99e1 elementor-widget elementor-widget-text-editor\" data-id=\"70e99e1\" data-element_type=\"widget\" data-widget_type=\"text-editor.default\">\n\t\t\t\t<div class=\"elementor-widget-container\">\n\t\t\t\t\t\t\t<p>Studenci AMiSNS mog\u0105 studiowa\u0107 za granic\u0105 w partnerskiej instytucji szkolnictwa wy\u017cszego albo odbywa\u0107 praktyk\u0119 (sta\u017c) w przedsi\u0119biorstwie, instytucie badawczym, laboratorium, organizacji lub innym odpowiednim miejscu pracy za granic\u0105. <br \/>Student <strong>mo\u017ce zainicjowa\u0107\u00a0<\/strong>nawi\u0105zanie wsp\u00f3\u0142pracy z now\u0105 uczelni\u0105 i podpisanie umowy mi\u0119dzyinstytucjonalnej (nale\u017cy skontaktowa\u0107 si\u0119 z uczelnianym koordynatorem Programu Erasmus+ pok. 020, Budynek C, Akademia Medycznych i Spo\u0142ecznych Nauk Stosowanych, ul. Lotnicza 2,\u00a082\u2013300 Elbl\u0105g)<\/p><p><a href=\"https:\/\/amisns.edu.pl\/homepage\/dla-studenta\/erasmus-uczelnie-partnerskie\/\">Uczelnie partnerskie AMiSNS<\/a><\/p><p>Studenci mog\u0105 r\u00f3wnie\u017c \u0142\u0105czy\u0107 okres studi\u00f3w za granic\u0105 z praktyk\u0105 (sta\u017cem), co dodatkowo zwi\u0119ksza efekty uczenia si\u0119 i sprzyja rozwojowi umiej\u0119tno\u015bci przekrojowych.<\/p><p>Chocia\u017c zdecydowanie zaleca si\u0119 d\u0142ugoterminow\u0105 mobilno\u015b\u0107 fizyczn\u0105, w ramach tej akcji uznaje si\u0119 elastyczny czas trwania fizycznej mobilno\u015bci, aby zapewni\u0107 dost\u0119pno\u015b\u0107 Programu dla student\u00f3w ze wszystkich \u015brodowisk, znajduj\u0105cych si\u0119 w r\u00f3\u017cnych sytuacjach i studiuj\u0105cych na r\u00f3\u017cnych kierunkach<b>.<\/b><\/p>\t\t\t\t\t\t<\/div>\n\t\t\t\t<\/div>\n\t\t\t\t\t<\/div>\n\t\t<\/div>\n\t\t\t\t\t<\/div>\n\t\t<\/section>\n\t\t\t\t<section class=\"elementor-section elementor-top-section elementor-element elementor-element-23c41ff elementor-section-boxed elementor-section-height-default elementor-section-height-default\" data-id=\"23c41ff\" data-element_type=\"section\">\n\t\t\t\t\t\t<div class=\"elementor-container elementor-column-gap-default\">\n\t\t\t\t\t<div class=\"elementor-column elementor-col-100 elementor-top-column elementor-element elementor-element-fef050e\" data-id=\"fef050e\" data-element_type=\"column\">\n\t\t\t<div class=\"elementor-widget-wrap elementor-element-populated\">\n\t\t\t\t\t\t<div class=\"elementor-element elementor-element-b701fad elementor-widget elementor-widget-toggle\" data-id=\"b701fad\" data-element_type=\"widget\" data-widget_type=\"toggle.default\">\n\t\t\t\t<div class=\"elementor-widget-container\">\n\t\t\t\t\t<div class=\"elementor-toggle\">\n\t\t\t\t\t\t\t<div class=\"elementor-toggle-item\">\n\t\t\t\t\t<div id=\"elementor-tab-title-1911\" class=\"elementor-tab-title\" data-tab=\"1\" role=\"button\" aria-controls=\"elementor-tab-content-1911\" aria-expanded=\"false\">\n\t\t\t\t\t\t\t\t\t\t\t\t<span class=\"elementor-toggle-icon elementor-toggle-icon-left\" aria-hidden=\"true\">\n\t\t\t\t\t\t\t\t\t\t\t\t\t\t\t<span class=\"elementor-toggle-icon-closed\"><i class=\"fas fa-caret-right\"><\/i><\/span>\n\t\t\t\t\t\t\t\t<span class=\"elementor-toggle-icon-opened\"><i class=\"elementor-toggle-icon-opened fas fa-caret-up\"><\/i><\/span>\n\t\t\t\t\t\t\t\t\t\t\t\t\t<\/span>\n\t\t\t\t\t\t\t\t\t\t\t\t<a class=\"elementor-toggle-title\" tabindex=\"0\">Wymagania<\/a>\n\t\t\t\t\t<\/div>\n\n\t\t\t\t\t<div id=\"elementor-tab-content-1911\" class=\"elementor-tab-content elementor-clearfix\" data-tab=\"1\" role=\"region\" aria-labelledby=\"elementor-tab-title-1911\"><p>Studenci s\u0105 uprawnieni do udzia\u0142u w rekrutacji, je\u015bli spe\u0142niaj\u0105 jednocze\u015bnie nast\u0119puj\u0105ce warunki:<\/p><ul><li>s\u0105 zarejestrowani na studiach w AMiSNS,<\/li><li>w momencie realizacji mobilno\u015bci s\u0105 studentami co najmniej II roku studi\u00f3w pierwszego stopnia,<\/li><li>znaj\u0105 j\u0119zyk wyk\u0142adowy w uczelni goszcz\u0105cej na poziomie umo\u017cliwiaj\u0105cym aktywny udzia\u0142 w zaj\u0119ciach oraz uzyskanie zalicze\u0144.<\/li><\/ul><p>W rekrutacji nie mog\u0105 wzi\u0105\u0107 udzia\u0142u:<\/p><ul><li>studenci II roku studi\u00f3w drugiego stopnia i V roku (VI roku dla kierunku lekarskiego) jednolitych studi\u00f3w magisterskich,<\/li><li>studenci, kt\u00f3rzy na realizowanym stopniu studi\u00f3w wykorzystali dotychczasowy kapita\u0142 mobilno\u015bci, tj. maksymalnie 12 miesi\u0119cy mobilno\u015bci na ka\u017cdym stopniu studi\u00f3w (licz\u0105c okres studi\u00f3w oraz praktyk w ramach programu Erasmus+) lub 24 miesi\u0105ce w przypadku studi\u00f3w jednolitych,<\/li><li>studenci, kt\u00f3rzy w czasie mobilno\u015bci zagranicznej planuj\u0105 przebywa\u0107 na urlopie dzieka\u0144skim,<\/li><li>studenci, kt\u00f3rzy otrzymuj\u0105 dofinansowanie z innego programu finansowanego ze \u015brodk\u00f3w Unii Europejskiej na realizacj\u0119 swoich studi\u00f3w,<\/li><li>studenci ostatniego roku studi\u00f3w licencjackich mog\u0105 warunkowo przyst\u0105pi\u0107 do rekrutacji, ale realizacja mobilno\u015bci w trakcie pierwszego roku studi\u00f3w magisterskich jest mo\u017cliwa wy\u0142\u0105cznie w semestrze letnim,<\/li><li>studenci, kt\u00f3rych mobilno\u015b\u0107 mia\u0142aby nast\u0105pi\u0107 na ostatnim roku studi\u00f3w I stopnia, mog\u0105 realizowa\u0107 wyjazd wy\u0142\u0105cznie w semestrze zimowym ostatniego roku \u2013 nie mog\u0105 zatem ubiega\u0107 si\u0119 o wyjazd w semestrze letnim lub o wyjazd ca\u0142oroczny,<\/li><li>studenci, kt\u00f3rych mobilno\u015b\u0107 mia\u0142aby nast\u0105pi\u0107 na ostatnim roku studi\u00f3w II stopnia lub na ostatnim roku jednolitych studi\u00f3w magisterskich, mog\u0105 realizowa\u0107 wyjazd wy\u0142\u0105cznie w semestrze zimowym, jednak ka\u017cdy przypadek jest rozpatrywany indywidualnie.<\/li><\/ul><\/div>\n\t\t\t\t<\/div>\n\t\t\t\t\t\t\t\t<\/div>\n\t\t\t\t<\/div>\n\t\t\t\t<\/div>\n\t\t\t\t\t<\/div>\n\t\t<\/div>\n\t\t\t\t\t<\/div>\n\t\t<\/section>\n\t\t\t\t<section class=\"elementor-section elementor-top-section elementor-element elementor-element-7675d9d elementor-section-boxed elementor-section-height-default elementor-section-height-default\" data-id=\"7675d9d\" data-element_type=\"section\">\n\t\t\t\t\t\t<div class=\"elementor-container elementor-column-gap-default\">\n\t\t\t\t\t<div class=\"elementor-column elementor-col-100 elementor-top-column elementor-element elementor-element-51011c1\" data-id=\"51011c1\" data-element_type=\"column\">\n\t\t\t<div class=\"elementor-widget-wrap elementor-element-populated\">\n\t\t\t\t\t\t<div class=\"elementor-element elementor-element-767fe0a elementor-widget elementor-widget-heading\" data-id=\"767fe0a\" data-element_type=\"widget\" data-widget_type=\"heading.default\">\n\t\t\t\t<div class=\"elementor-widget-container\">\n\t\t\t<h2 class=\"elementor-heading-title elementor-size-default\">Okres mobilno\u015bci<\/h2>\t\t<\/div>\n\t\t\t\t<\/div>\n\t\t\t\t\t<\/div>\n\t\t<\/div>\n\t\t\t\t\t<\/div>\n\t\t<\/section>\n\t\t\t\t<section class=\"elementor-section elementor-top-section elementor-element elementor-element-1e5ee4f elementor-section-boxed elementor-section-height-default elementor-section-height-default\" data-id=\"1e5ee4f\" data-element_type=\"section\">\n\t\t\t\t\t\t<div class=\"elementor-container elementor-column-gap-default\">\n\t\t\t\t\t<div class=\"elementor-column elementor-col-100 elementor-top-column elementor-element elementor-element-be3e8eb\" data-id=\"be3e8eb\" data-element_type=\"column\">\n\t\t\t<div class=\"elementor-widget-wrap elementor-element-populated\">\n\t\t\t\t\t\t<div class=\"elementor-element elementor-element-8992da5 elementor-widget elementor-widget-text-editor\" data-id=\"8992da5\" data-element_type=\"widget\" data-widget_type=\"text-editor.default\">\n\t\t\t\t<div class=\"elementor-widget-container\">\n\t\t\t\t\t\t\t<p><span style=\"text-decoration: underline;\"><strong>Mobilno\u015b\u0107 student\u00f3w w celu studiowania:<\/strong><\/span><\/p><p>od <strong>2 miesi\u0119cy<\/strong> (lub jednego semestru lub trymestru akademickiego) do <strong>12 miesi\u0119cy<\/strong> mobilno\u015bci fizycznej, z wy\u0142\u0105czeniem czasu podr\u00f3\u017cy (w przypadku jednolitych studi\u00f3w magisterskich okres ten dotyczy <strong>24 miesi\u0119cy<\/strong>). Mobilno\u015b\u0107 ta mo\u017ce obejmowa\u0107 uzupe\u0142niaj\u0105cy okres praktyki, je\u017celi jest planowana, oraz mo\u017ce zosta\u0107 zorganizowana w r\u00f3\u017cny spos\u00f3b, zale\u017cnie od okoliczno\u015bci: jedno dzia\u0142anie mo\u017ce nast\u0119powa\u0107 po drugim lub mog\u0105 one przebiega\u0107 jednocze\u015bnie. Student mo\u017ce zdecydowa\u0107 r\u00f3wnie\u017c o po\u0142\u0105czeniu studi\u00f3w z komponentem wirtualnym. Przy po\u0142\u0105czeniu dzia\u0142a\u0144 nale\u017cy przestrzega\u0107 zasad dotycz\u0105cych dofinansowania oraz minimalnego okresu mobilno\u015bci uczni\u00f3w. <\/p><p><span style=\"text-decoration: underline;\"><strong>Mobilno\u015b\u0107 student\u00f3w w celu odbycia praktyki:<\/strong><\/span><\/p><p>od <strong>2 dni<\/strong> do <strong>12 miesi\u0119cy<\/strong> mobilno\u015bci fizycznej, z wy\u0142\u0105czeniem czasu podr\u00f3\u017cy.<\/p><p>Ka\u017cdy student, a w szczeg\u00f3lno\u015bci ci, kt\u00f3rzy nie mog\u0105 uczestniczy\u0107 w d\u0142ugoterminowej mobilno\u015bci fizycznej w celu studiowania lub odbycia praktyk zawodowych, mo\u017ce skorzysta\u0107 z <strong>kr\u00f3tszej mobilno\u015bci fizycznej<\/strong> po\u0142\u0105czonej z <strong>mobilno\u015bci\u0105 wirtualn\u0105<\/strong> (<em>kr\u00f3tkoterminowa mobilno\u015b\u0107 mieszana<\/em>).<\/p><p>Dodatkowo ka\u017cdy student mo\u017ce uczestniczy\u0107 w <span style=\"text-decoration: underline;\"><strong>intensywnych programach mieszanych (BIPs)<\/strong>. <\/span><\/p><p>W tych przypadkach mobilno\u015b\u0107 fizyczna musi trwa\u0107 od <strong>5<\/strong> do <strong>30 dni<\/strong> (z wy\u0142\u0105czeniem czasu podr\u00f3\u017cy) i musi \u0142\u0105czy\u0107 si\u0119 z obowi\u0105zkowym komponentem wirtualnym umo\u017cliwiaj\u0105cym prac\u0119 zespo\u0142ow\u0105 i wymian\u0119 do\u015bwiadcze\u0144 na podstawie e-uczenia si\u0119 opartego na wsp\u00f3\u0142pracy. W ramach mobilno\u015bci mieszanej w celu studiowania musz\u0105 zosta\u0107 przyznane co najmniej 3 punkty ECTS.<\/p><p><strong>Ca\u0142kowity kwalifikowalny czas trwania w przeliczeniu na cykl studi\u00f3w:<\/strong><\/p><p>Jeden student mo\u017ce uczestniczy\u0107 w okresach mobilno\u015bci o \u0142\u0105cznym maksymalnym czasie trwania <strong>do 12 miesi\u0119cy<\/strong> na ka\u017cdy cykl studi\u00f3w (studenci studi\u00f3w jednostopniowych\/jednolitych mog\u0105 by\u0107 mobilni przez okres <strong>do 24 miesi\u0119cy<\/strong>), niezale\u017cnie od liczby i rodzaj\u00f3w dzia\u0142a\u0144 w zakresie mobilno\u015bci:<\/p><ul><li>w trakcie studi\u00f3w pierwszego stopnia (licencjat lub studia odpowiadaj\u0105ce licencjatowi);<\/li><li>w trakcie studi\u00f3w drugiego stopnia (studia magisterskie lub odpowiadaj\u0105ce magisterskim \u2013 7 poziom ERK);<\/li><\/ul><p>Czas trwania praktyki w przypadku niedawnych absolwent\u00f3w wynosi maksymalnie <strong>12 miesi\u0119cy<\/strong> w ramach cyklu studi\u00f3w, na kt\u00f3rym sk\u0142adaj\u0105 oni wniosek o praktyk\u0119.<\/p><p>Okres mobilno\u015bci fizycznej mo\u017ce zosta\u0107 przerwany. Okres przerwy nie wlicza si\u0119 do czasu trwania dzia\u0142ania w zakresie mobilno\u015bci. W przypadku praktyk okresu wolnego od pracy w przedsi\u0119biorstwie\/organizacji nie uznaje si\u0119 za okres przerwy. Podczas takiego okresu wolnego od pracy utrzymuje si\u0119 dofinansowanie. Okres wolny od pracy wlicza si\u0119 do minimalnego okresu trwania praktyki. Mobilno\u015b\u0107 w ramach programu Erasmus+ nie mo\u017ce by\u0107 realizowana w trakcie urlopu dzieka\u0144skiego.<strong>\u00a0 \u00a0 \u00a0 \u00a0 \u00a0 \u00a0 \u00a0 \u00a0 \u00a0 \u00a0 \u00a0 \u00a0 \u00a0 \u00a0 \u00a0 \u00a0 \u00a0 \u00a0 \u00a0 \u00a0 \u00a0 \u00a0 \u00a0 \u00a0 \u00a0 \u00a0 \u00a0 \u00a0 \u00a0 \u00a0 \u00a0\u00a0<\/strong><\/p>\t\t\t\t\t\t<\/div>\n\t\t\t\t<\/div>\n\t\t\t\t\t<\/div>\n\t\t<\/div>\n\t\t\t\t\t<\/div>\n\t\t<\/section>\n\t\t\t\t<section class=\"elementor-section elementor-top-section elementor-element elementor-element-ff20504 elementor-section-boxed elementor-section-height-default elementor-section-height-default\" data-id=\"ff20504\" data-element_type=\"section\">\n\t\t\t\t\t\t<div class=\"elementor-container elementor-column-gap-default\">\n\t\t\t\t\t<div class=\"elementor-column elementor-col-100 elementor-top-column elementor-element elementor-element-966fbd4\" data-id=\"966fbd4\" data-element_type=\"column\">\n\t\t\t<div class=\"elementor-widget-wrap elementor-element-populated\">\n\t\t\t\t\t\t<div class=\"elementor-element elementor-element-acfbe18 elementor-widget elementor-widget-heading\" data-id=\"acfbe18\" data-element_type=\"widget\" data-widget_type=\"heading.default\">\n\t\t\t\t<div class=\"elementor-widget-container\">\n\t\t\t<h2 class=\"elementor-heading-title elementor-size-default\">Dofinasowanie mobilno\u015bci<\/h2>\t\t<\/div>\n\t\t\t\t<\/div>\n\t\t\t\t\t<\/div>\n\t\t<\/div>\n\t\t\t\t\t<\/div>\n\t\t<\/section>\n\t\t\t\t<section class=\"elementor-section elementor-top-section elementor-element elementor-element-4ddf644 elementor-section-boxed elementor-section-height-default elementor-section-height-default\" data-id=\"4ddf644\" data-element_type=\"section\">\n\t\t\t\t\t\t<div class=\"elementor-container elementor-column-gap-default\">\n\t\t\t\t\t<div class=\"elementor-column elementor-col-100 elementor-top-column elementor-element elementor-element-877b017\" data-id=\"877b017\" data-element_type=\"column\">\n\t\t\t<div class=\"elementor-widget-wrap elementor-element-populated\">\n\t\t\t\t\t\t<div class=\"elementor-element elementor-element-b9a6972 elementor-widget elementor-widget-text-editor\" data-id=\"b9a6972\" data-element_type=\"widget\" data-widget_type=\"text-editor.default\">\n\t\t\t\t<div class=\"elementor-widget-container\">\n\t\t\t\t\t\t\t<p>Osoby zakwalifikowane do programu otrzymuj\u0105 dofinansowanie, maj\u0105ce w za\u0142o\u017ceniu wyr\u00f3wna\u0107 r\u00f3\u017cnic\u0119 w kosztach utrzymania oraz podr\u00f3\u017cy mi\u0119dzy Polsk\u0105 a krajami mobilno\u015bci.<\/p><p>Stawki stypendialne ustalane s\u0105 co roku przez Narodow\u0105 Agencj\u0119 Programu Erasmus+ w oparciu o wytyczne KE i w porozumieniu z w\u0142adz\u0105 krajow\u0105 w\u0142a\u015bciw\u0105 do spraw szkolnictwa wy\u017cszego. Uczelnia nie mo\u017ce zmieni\u0107 przyporz\u0105dkowania kraju do okre\u015blonej grupy i nie mo\u017ce tworzy\u0107 podgrup w ramach danej grupy.<\/p><p>Wysoko\u015b\u0107 stypendium na wyjazdy na studia i na praktyki jest zale\u017cna od kraju, do kt\u00f3rego si\u0119 wyje\u017cd\u017ca oraz konkursu wniosk\u00f3w w ramach kt\u00f3rego uczelnia ma podpisan\u0105 umow\u0119 finansow\u0105 z Narodow\u0105 Agencj\u0105.<\/p><p>Dok\u0142adne kwoty dofinansowania ustalane s\u0105 ka\u017cdorazowo przez Narodow\u0105 Agencj\u0119 programu Erasmus+ i r\u00f3\u017cni\u0105 si\u0119 w zale\u017cno\u015bci od grupy kraj\u00f3w.<\/p>\t\t\t\t\t\t<\/div>\n\t\t\t\t<\/div>\n\t\t\t\t\t<\/div>\n\t\t<\/div>\n\t\t\t\t\t<\/div>\n\t\t<\/section>\n\t\t\t\t<section class=\"elementor-section elementor-top-section elementor-element elementor-element-8cf9fd2 elementor-section-boxed elementor-section-height-default elementor-section-height-default\" data-id=\"8cf9fd2\" data-element_type=\"section\">\n\t\t\t\t\t\t<div class=\"elementor-container elementor-column-gap-default\">\n\t\t\t\t\t<div class=\"elementor-column elementor-col-100 elementor-top-column elementor-element elementor-element-dfc3282\" data-id=\"dfc3282\" data-element_type=\"column\">\n\t\t\t<div class=\"elementor-widget-wrap elementor-element-populated\">\n\t\t\t\t\t\t<div class=\"elementor-element elementor-element-4e24ee3 elementor-widget elementor-widget-heading\" data-id=\"4e24ee3\" data-element_type=\"widget\" data-widget_type=\"heading.default\">\n\t\t\t\t<div class=\"elementor-widget-container\">\n\t\t\t<h2 class=\"elementor-heading-title elementor-size-default\">Stawki stypendialne <\/h2>\t\t<\/div>\n\t\t\t\t<\/div>\n\t\t\t\t\t<\/div>\n\t\t<\/div>\n\t\t\t\t\t<\/div>\n\t\t<\/section>\n\t\t\t\t<section class=\"elementor-section elementor-top-section elementor-element elementor-element-83bab05 elementor-section-boxed elementor-section-height-default elementor-section-height-default\" data-id=\"83bab05\" data-element_type=\"section\">\n\t\t\t\t\t\t<div class=\"elementor-container elementor-column-gap-default\">\n\t\t\t\t\t<div class=\"elementor-column elementor-col-100 elementor-top-column elementor-element elementor-element-cfdf964\" data-id=\"cfdf964\" data-element_type=\"column\">\n\t\t\t<div class=\"elementor-widget-wrap elementor-element-populated\">\n\t\t\t\t\t\t<div class=\"elementor-element elementor-element-5300783 elementor-widget elementor-widget-text-editor\" data-id=\"5300783\" data-element_type=\"widget\" data-widget_type=\"text-editor.default\">\n\t\t\t\t<div class=\"elementor-widget-container\">\n\t\t\t\t\t\t\t<p><strong>D\u0142ugoterminowe wyjazdy student\u00f3w na studia (SMS):<\/strong><\/p>\t\t\t\t\t\t<\/div>\n\t\t\t\t<\/div>\n\t\t\t\t\t<\/div>\n\t\t<\/div>\n\t\t\t\t\t<\/div>\n\t\t<\/section>\n\t\t\t\t<section class=\"elementor-section elementor-top-section elementor-element elementor-element-171f139 elementor-section-boxed elementor-section-height-default elementor-section-height-default\" data-id=\"171f139\" data-element_type=\"section\">\n\t\t\t\t\t\t<div class=\"elementor-container elementor-column-gap-default\">\n\t\t\t\t\t<div class=\"elementor-column elementor-col-100 elementor-top-column elementor-element elementor-element-8526a20\" data-id=\"8526a20\" data-element_type=\"column\">\n\t\t\t<div class=\"elementor-widget-wrap elementor-element-populated\">\n\t\t\t\t\t\t<div class=\"elementor-element elementor-element-d3325eb elementor-widget elementor-widget-elementskit-tablepress\" data-id=\"d3325eb\" data-element_type=\"widget\" data-widget_type=\"elementskit-tablepress.default\">\n\t\t\t\t<div class=\"elementor-widget-container\">\n\t\t\t<div class=\"elemenetskit-tablepress ekit-wid-con\" id=\"ekit_tablepress_d3325eb\">\n<table id=\"tablepress-10\" class=\"tablepress tablepress-id-10\">\n<thead>\n<tr class=\"row-1 odd\">\n\t<th class=\"column-1\">\t<br \/>\nkraje nale\u017c\u0105ce do danej grupy<br \/>\n<\/th><th class=\"column-2\">Stawka miesi\u0119czna dla projekt\u00f3w zaakceptowanych w konkursie w roku 2023<\/th>\n<\/tr>\n<\/thead>\n<tbody class=\"row-hover\">\n<tr class=\"row-2 even\">\n\t<td class=\"column-1\">Grupa 1 - Dania,  Finlandia,  Irlandia,  Islandia, Lichtenstein, Luksemburg, Norwegia, Szwecja oraz kraje regionu 142<\/td><td class=\"column-2\">                                   670 \u20ac<\/td>\n<\/tr>\n<tr class=\"row-3 odd\">\n\t<td class=\"column-1\">Grupa 2 - Austria, Belgia, Cypr, Francja, Grecja, Hiszpania, Malta,  Niderlandy, Niemcy, Portugalia, W\u0142ochy oraz kraje regionu 133<\/td><td class=\"column-2\">                                   670 \u20ac<\/td>\n<\/tr>\n<tr class=\"row-4 even\">\n\t<td class=\"column-1\">Grupa 3 - Bu\u0142garia, Chorwacja, Czechy, Estonia, Litwa, \u0141otwa, Republika  Macedonii  P\u00f3\u0142nocnej,  Rumunia,  Serbia,  S\u0142owacja, S\u0142owenia, Turcja, W\u0119gry<\/td><td class=\"column-2\">                                   600 \u20ac<\/td>\n<\/tr>\n<\/tbody>\n<\/table>\n<!-- #tablepress-10 from cache --><\/div>\t\t<\/div>\n\t\t\t\t<\/div>\n\t\t\t\t\t<\/div>\n\t\t<\/div>\n\t\t\t\t\t<\/div>\n\t\t<\/section>\n\t\t\t\t<section class=\"elementor-section elementor-top-section elementor-element elementor-element-55c2a4c elementor-section-boxed elementor-section-height-default elementor-section-height-default\" data-id=\"55c2a4c\" data-element_type=\"section\">\n\t\t\t\t\t\t<div class=\"elementor-container elementor-column-gap-default\">\n\t\t\t\t\t<div class=\"elementor-column elementor-col-100 elementor-top-column elementor-element elementor-element-f10c613\" data-id=\"f10c613\" data-element_type=\"column\">\n\t\t\t<div class=\"elementor-widget-wrap elementor-element-populated\">\n\t\t\t\t\t\t<div class=\"elementor-element elementor-element-bd782c3 elementor-widget elementor-widget-text-editor\" data-id=\"bd782c3\" data-element_type=\"widget\" data-widget_type=\"text-editor.default\">\n\t\t\t\t<div class=\"elementor-widget-container\">\n\t\t\t\t\t\t\t<p><strong>D\u0142ugoterminowe wyjazdy student\u00f3w na praktyk\u0119 (SMT):<\/strong><\/p>\t\t\t\t\t\t<\/div>\n\t\t\t\t<\/div>\n\t\t\t\t\t<\/div>\n\t\t<\/div>\n\t\t\t\t\t<\/div>\n\t\t<\/section>\n\t\t\t\t<section class=\"elementor-section elementor-top-section elementor-element elementor-element-80a0b4d elementor-section-boxed elementor-section-height-default elementor-section-height-default\" data-id=\"80a0b4d\" data-element_type=\"section\">\n\t\t\t\t\t\t<div class=\"elementor-container elementor-column-gap-default\">\n\t\t\t\t\t<div class=\"elementor-column elementor-col-100 elementor-top-column elementor-element elementor-element-a021c10\" data-id=\"a021c10\" data-element_type=\"column\">\n\t\t\t<div class=\"elementor-widget-wrap elementor-element-populated\">\n\t\t\t\t\t\t<div class=\"elementor-element elementor-element-5019be8 elementor-widget elementor-widget-elementskit-tablepress\" data-id=\"5019be8\" data-element_type=\"widget\" data-widget_type=\"elementskit-tablepress.default\">\n\t\t\t\t<div class=\"elementor-widget-container\">\n\t\t\t<div class=\"elemenetskit-tablepress ekit-wid-con\" id=\"ekit_tablepress_5019be8\">\n<table id=\"tablepress-14\" class=\"tablepress tablepress-id-14\">\n<thead>\n<tr class=\"row-1 odd\">\n\t<th class=\"column-1\">KRAJE NALE\u017b\u0104CE DO DANEJ GRUPY<\/th><th class=\"column-2\">STAWKA MIESI\u0118CZNA DLA PROJEKT\u00d3W ZAAKCEPTOWANYCH W KONKURSIE W ROKU 2023<\/th>\n<\/tr>\n<\/thead>\n<tbody class=\"row-hover\">\n<tr class=\"row-2 even\">\n\t<td class=\"column-1\">Grupa 1 - Dania, Finlandia, Irlandia, Islandia, Lichtenstein, Luksemburg, Norwegia, Szwecja oraz kraje regionu 142<\/td><td class=\"column-2\">                            820 \u20ac                               <\/td>\n<\/tr>\n<tr class=\"row-3 odd\">\n\t<td class=\"column-1\">Grupa 2 - Austria, Belgia, Cypr, Francja, Grecja, Hiszpania, Malta, Niderlandy, Niemcy, Portugalia, W\u0142ochy oraz kraje regionu 133<\/td><td class=\"column-2\">                            820 \u20ac<\/td>\n<\/tr>\n<tr class=\"row-4 even\">\n\t<td class=\"column-1\">Grupa 3 - Bu\u0142garia, Chorwacja, Czechy, Estonia, Litwa, \u0141otwa, Republika Macedonii P\u00f3\u0142nocnej, Rumunia, Serbia, S\u0142owacja, S\u0142owenia, Turcja, W\u0119gry<\/td><td class=\"column-2\">                            750 \u20ac<\/td>\n<\/tr>\n<\/tbody>\n<\/table>\n<!-- #tablepress-14 from cache --><\/div>\t\t<\/div>\n\t\t\t\t<\/div>\n\t\t\t\t\t<\/div>\n\t\t<\/div>\n\t\t\t\t\t<\/div>\n\t\t<\/section>\n\t\t\t\t<section class=\"elementor-section elementor-top-section elementor-element elementor-element-22c6431 elementor-section-boxed elementor-section-height-default elementor-section-height-default\" data-id=\"22c6431\" data-element_type=\"section\">\n\t\t\t\t\t\t<div class=\"elementor-container elementor-column-gap-default\">\n\t\t\t\t\t<div class=\"elementor-column elementor-col-100 elementor-top-column elementor-element elementor-element-5cd2865\" data-id=\"5cd2865\" data-element_type=\"column\">\n\t\t\t<div class=\"elementor-widget-wrap elementor-element-populated\">\n\t\t\t\t\t\t<div class=\"elementor-element elementor-element-436b6f2 elementor-widget elementor-widget-text-editor\" data-id=\"436b6f2\" data-element_type=\"widget\" data-widget_type=\"text-editor.default\">\n\t\t\t\t<div class=\"elementor-widget-container\">\n\t\t\t\t\t\t\t<p>Osoby (studenci i absolwenci), kt\u00f3re b\u0119d\u0105 spe\u0142nia\u0107 kryteria uj\u0119te w definicji \u201eos\u00f3b z mniejszymi szansami\u201d b\u0119d\u0105 otrzymywa\u0107 dodatkowo kwot\u0119 250 \u20ac na ka\u017cdy miesi\u0105c pobytu niezale\u017cnie od rodzaju wyjazdu.<\/p><p><strong style=\"font-size: 14px; color: var( --e-global-color-text );\">Definicja \u201eos\u00f3b z mniejszymi szansami\u201d obejmuje:<\/strong><strong style=\"font-size: 14px; color: var( --e-global-color-text );\">\u00a0<\/strong><\/p>\t\t\t\t\t\t<\/div>\n\t\t\t\t<\/div>\n\t\t\t\t\t<\/div>\n\t\t<\/div>\n\t\t\t\t\t<\/div>\n\t\t<\/section>\n\t\t\t\t<section class=\"elementor-section elementor-top-section elementor-element elementor-element-7d6c5e8 elementor-section-boxed elementor-section-height-default elementor-section-height-default\" data-id=\"7d6c5e8\" data-element_type=\"section\">\n\t\t\t\t\t\t<div class=\"elementor-container elementor-column-gap-default\">\n\t\t\t\t\t<div class=\"elementor-column elementor-col-100 elementor-top-column elementor-element elementor-element-02a5721\" data-id=\"02a5721\" data-element_type=\"column\">\n\t\t\t<div class=\"elementor-widget-wrap\">\n\t\t\t\t\t\t\t<\/div>\n\t\t<\/div>\n\t\t\t\t\t<\/div>\n\t\t<\/section>\n\t\t\t\t<section class=\"elementor-section elementor-top-section elementor-element elementor-element-8caa41c elementor-section-boxed elementor-section-height-default elementor-section-height-default\" data-id=\"8caa41c\" data-element_type=\"section\">\n\t\t\t\t\t\t<div class=\"elementor-container elementor-column-gap-default\">\n\t\t\t\t\t<div class=\"elementor-column elementor-col-100 elementor-top-column elementor-element elementor-element-041ddea\" data-id=\"041ddea\" data-element_type=\"column\">\n\t\t\t<div class=\"elementor-widget-wrap elementor-element-populated\">\n\t\t\t\t\t\t<div class=\"elementor-element elementor-element-ee16be7 elementor-widget elementor-widget-text-editor\" data-id=\"ee16be7\" data-element_type=\"widget\" data-widget_type=\"text-editor.default\">\n\t\t\t\t<div class=\"elementor-widget-container\">\n\t\t\t\t\t\t\t<p><strong>Kr\u00f3tkoterminowe wyjazdy student\u00f3w i absolwent\u00f3w (pobyty od 5 do 30 dni) do kraj\u00f3w UE i kraj\u00f3w trzecich stowarzyszonych z UE &#8211; dotyczy r\u00f3wnie\u017c mobilno\u015bci mieszanych (blended mobility)<\/strong>:<\/p>\t\t\t\t\t\t<\/div>\n\t\t\t\t<\/div>\n\t\t\t\t\t<\/div>\n\t\t<\/div>\n\t\t\t\t\t<\/div>\n\t\t<\/section>\n\t\t\t\t<section class=\"elementor-section elementor-top-section elementor-element elementor-element-866ab2d elementor-section-boxed elementor-section-height-default elementor-section-height-default\" data-id=\"866ab2d\" data-element_type=\"section\">\n\t\t\t\t\t\t<div class=\"elementor-container elementor-column-gap-default\">\n\t\t\t\t\t<div class=\"elementor-column elementor-col-100 elementor-top-column elementor-element elementor-element-61c9448\" data-id=\"61c9448\" data-element_type=\"column\">\n\t\t\t<div class=\"elementor-widget-wrap elementor-element-populated\">\n\t\t\t\t\t\t<div class=\"elementor-element elementor-element-ec35a4b elementor-widget elementor-widget-elementskit-tablepress\" data-id=\"ec35a4b\" data-element_type=\"widget\" data-widget_type=\"elementskit-tablepress.default\">\n\t\t\t\t<div class=\"elementor-widget-container\">\n\t\t\t<div class=\"elemenetskit-tablepress ekit-wid-con\" id=\"ekit_tablepress_ec35a4b\">\n<table id=\"tablepress-16\" class=\"tablepress tablepress-id-16\">\n<thead>\n<tr class=\"row-1 odd\">\n\t<th class=\"column-1\"><\/th><th class=\"column-2\">kwota dziennego stypendium<\/th><th class=\"column-3\">dodatkowa kwota dla uczestnika spe\u0142niaj\u0105cego definicj\u0119<br \/>\n \"osoby z mniejszymi szansami\"<\/th>\n<\/tr>\n<\/thead>\n<tbody class=\"row-hover\">\n<tr class=\"row-2 even\">\n\t<td class=\"column-1\">pobyt od 5 do 14 dni<\/td><td class=\"column-2\">             79 \u20ac \/ dzie\u0144<\/td><td class=\"column-3\">                                            100 \u20ac \/ wyjazd<\/td>\n<\/tr>\n<tr class=\"row-3 odd\">\n\t<td class=\"column-1\">pobyt od 5 do 30 dni<\/td><td class=\"column-2\">             56 \u20ac \/ dzie\u0144<\/td><td class=\"column-3\">                                            150 \u20ac \/ wyjazd<\/td>\n<\/tr>\n<\/tbody>\n<\/table>\n<!-- #tablepress-16 from cache --><\/div>\t\t<\/div>\n\t\t\t\t<\/div>\n\t\t\t\t<div class=\"elementor-element elementor-element-fbb950d elementor-widget__width-initial elementor-widget elementor-widget-elementskit-tablepress\" data-id=\"fbb950d\" data-element_type=\"widget\" data-widget_type=\"elementskit-tablepress.default\">\n\t\t\t\t<div class=\"elementor-widget-container\">\n\t\t\t<div class=\"elemenetskit-tablepress ekit-wid-con\" id=\"ekit_tablepress_fbb950d\">\n<table id=\"tablepress-15\" class=\"tablepress tablepress-id-15\">\n<thead>\n<tr class=\"row-1 odd\">\n\t<th class=\"column-1\">Grupa os\u00f3b<\/th><th class=\"column-2\">Kryterium, na podstawie kt\u00f3rego uczelnia dokona kwalifikacji<\/th>\n<\/tr>\n<\/thead>\n<tbody class=\"row-hover\">\n<tr class=\"row-2 even\">\n\t<td class=\"column-1\">Osoby z niepe\u0142nosprawno\u015bciami<\/td><td class=\"column-2\">O\u015bwiadczenie woli o posiadanym orzeczeniu o stopniu niepe\u0142nosprawno\u015bci<br \/>\n<\/td>\n<\/tr>\n<tr class=\"row-3 odd\">\n\t<td class=\"column-1\">Osoby ze \u015brodowisk ubo\u017cszych<br \/>\n<\/td><td class=\"column-2\">Decyzja uczelni o przyznaniu stypendium socjalnego. Dla student\u00f3w, kt\u00f3rzy b\u0119d\u0105 wyje\u017cd\u017ca\u0107 jako absolwenci b\u0119d\u0105 brane pod uwag\u0119 decyzje wydane na ostatnim roku studi\u00f3w.<\/td>\n<\/tr>\n<\/tbody>\n<\/table>\n<!-- #tablepress-15 from cache --><\/div>\t\t<\/div>\n\t\t\t\t<\/div>\n\t\t\t\t\t<\/div>\n\t\t<\/div>\n\t\t\t\t\t<\/div>\n\t\t<\/section>\n\t\t\t\t<section class=\"elementor-section elementor-top-section elementor-element elementor-element-b9fc12f elementor-section-boxed elementor-section-height-default elementor-section-height-default\" data-id=\"b9fc12f\" data-element_type=\"section\">\n\t\t\t\t\t\t<div class=\"elementor-container elementor-column-gap-default\">\n\t\t\t\t\t<div class=\"elementor-column elementor-col-100 elementor-top-column elementor-element elementor-element-7fb5726\" data-id=\"7fb5726\" data-element_type=\"column\">\n\t\t\t<div class=\"elementor-widget-wrap elementor-element-populated\">\n\t\t\t\t\t\t<div class=\"elementor-element elementor-element-5f31d81 elementor-widget elementor-widget-toggle\" data-id=\"5f31d81\" data-element_type=\"widget\" data-widget_type=\"toggle.default\">\n\t\t\t\t<div class=\"elementor-widget-container\">\n\t\t\t\t\t<div class=\"elementor-toggle\">\n\t\t\t\t\t\t\t<div class=\"elementor-toggle-item\">\n\t\t\t\t\t<div id=\"elementor-tab-title-9981\" class=\"elementor-tab-title\" data-tab=\"1\" role=\"button\" aria-controls=\"elementor-tab-content-9981\" aria-expanded=\"false\">\n\t\t\t\t\t\t\t\t\t\t\t\t<span class=\"elementor-toggle-icon elementor-toggle-icon-left\" aria-hidden=\"true\">\n\t\t\t\t\t\t\t\t\t\t\t\t\t\t\t<span class=\"elementor-toggle-icon-closed\"><i class=\"fas fa-caret-right\"><\/i><\/span>\n\t\t\t\t\t\t\t\t<span class=\"elementor-toggle-icon-opened\"><i class=\"elementor-toggle-icon-opened fas fa-caret-up\"><\/i><\/span>\n\t\t\t\t\t\t\t\t\t\t\t\t\t<\/span>\n\t\t\t\t\t\t\t\t\t\t\t\t<a class=\"elementor-toggle-title\" tabindex=\"0\">Zasady p\u0142atno\u015bci stypendium<\/a>\n\t\t\t\t\t<\/div>\n\n\t\t\t\t\t<div id=\"elementor-tab-content-9981\" class=\"elementor-tab-content elementor-clearfix\" data-tab=\"1\" role=\"region\" aria-labelledby=\"elementor-tab-title-9981\"><ul>\n<li>studentom wyje\u017cd\u017caj\u0105cym z dofinansowaniem z programu Erasmus+ zaleca si\u0119 posiadanie rachunku bankowego w walucie EURO, poniewa\u017c pozwala to unikn\u0105\u0107 przewalutowania na PLN. Nie ma mo\u017cliwo\u015bci pobrania stypendium w kasie uczelni lub w oddziale banku prowadz\u0105cym konta AMiSNS.<\/li>\n<li>w celu dokonania przelewu grantu, akceptowane s\u0105 numery rachunk\u00f3w bankowych za\u0142o\u017conych w bankach komercyjnych obj\u0119tych gwarancjami Bankowego Funduszu Gwarancyjnego (BFG) &#8211; bfg.pl\/gwarantowanie-depozytow\/podmioty-objete-gwarancjami\/<\/li>\n<li>p\u0142atno\u015b\u0107 stypendium \u2013 przelew bankowy na rachunek uczestnika mobilno\u015bci \u2013 nast\u0119puje w dw\u00f3ch transzach:<\/li>\n<li>pierwsza: w ci\u0105gu 30 dni od podpisania \u201eUmowa na wyjazd studenta na studia w programie Erasmus+\u201d, jednak nie p\u00f3\u017aniej ni\u017c w pierwszym dniu mobilno\u015bci; stanowi ona 70% ca\u0142ego dofinansowania, obliczonego dla pe\u0142nego okresu pobytu w uczelni goszcz\u0105cej, okre\u015blonego w umowie; (warunek konieczny &#8211; podpisanie umowy stypendialnej w terminie nie kr\u00f3tszym ni\u017c 14 dni przed rozpocz\u0119ciem mobilno\u015bci).<\/li>\n<li>druga: p\u0142atna po zako\u0144czeniu i ca\u0142kowitym rozliczeniu mobilno\u015bci, na podstawie potwierdzonego faktycznego czasu studi\u00f3w w uczelni docelowej. Terminowo\u015b\u0107 p\u0142atno\u015bci zale\u017cy od otrzymania przez uczelni\u0119 \u015brodk\u00f3w z Narodowej Agencji Programu Erasmus+.<\/li>\n<li>kwota stypendium obliczona zgodnie z planowanym czasem studi\u00f3w w uczelni przyjmuj\u0105cej wynikaj\u0105cym z \u201eLetter of Acceptance\u201d przes\u0142anego uczestnikowi jest okre\u015blona w umowie o wyjazd jako \u201edofinansowanie maksymalne\u201d. Oznacza to, \u017ce pobyt d\u0142u\u017cszy nie wp\u0142ywa na zwi\u0119kszenie kwoty dofinansowania, natomiast rozliczony pobyt kr\u00f3tszy o co najmniej 5 dni ni\u017c ten wynikaj\u0105cy z umowy obni\u017ca kwot\u0119 stypendium proporcjonalnie do liczby dni, o kt\u00f3re zosta\u0142 skr\u00f3cony okres mobilno\u015bci.<\/li><\/ul><\/div>\n\t\t\t\t<\/div>\n\t\t\t\t\t\t\t\t<\/div>\n\t\t\t\t<\/div>\n\t\t\t\t<\/div>\n\t\t\t\t\t<\/div>\n\t\t<\/div>\n\t\t\t\t\t<\/div>\n\t\t<\/section>\n\t\t\t\t<section class=\"elementor-section elementor-top-section elementor-element elementor-element-e1ed0a5 elementor-section-boxed elementor-section-height-default elementor-section-height-default\" data-id=\"e1ed0a5\" data-element_type=\"section\">\n\t\t\t\t\t\t<div class=\"elementor-container elementor-column-gap-default\">\n\t\t\t\t\t<div class=\"elementor-column elementor-col-100 elementor-top-column elementor-element elementor-element-361d2d9\" data-id=\"361d2d9\" data-element_type=\"column\">\n\t\t\t<div class=\"elementor-widget-wrap elementor-element-populated\">\n\t\t\t\t\t\t<div class=\"elementor-element elementor-element-b3b9783 elementor-widget elementor-widget-heading\" data-id=\"b3b9783\" data-element_type=\"widget\" data-widget_type=\"heading.default\">\n\t\t\t\t<div class=\"elementor-widget-container\">\n\t\t\t<h2 class=\"elementor-heading-title elementor-size-default\">Wyjazdy student\u00f3w na studia (SMS) krok po kroku<\/h2>\t\t<\/div>\n\t\t\t\t<\/div>\n\t\t\t\t\t<\/div>\n\t\t<\/div>\n\t\t\t\t\t<\/div>\n\t\t<\/section>\n\t\t\t\t<section class=\"elementor-section elementor-top-section elementor-element elementor-element-c24017b elementor-section-boxed elementor-section-height-default elementor-section-height-default\" data-id=\"c24017b\" data-element_type=\"section\">\n\t\t\t\t\t\t<div class=\"elementor-container elementor-column-gap-default\">\n\t\t\t\t\t<div class=\"elementor-column elementor-col-100 elementor-top-column elementor-element elementor-element-e10a312\" data-id=\"e10a312\" data-element_type=\"column\">\n\t\t\t<div class=\"elementor-widget-wrap elementor-element-populated\">\n\t\t\t\t\t\t<div class=\"elementor-element elementor-element-4b81af4 elementor-widget elementor-widget-toggle\" data-id=\"4b81af4\" data-element_type=\"widget\" data-widget_type=\"toggle.default\">\n\t\t\t\t<div class=\"elementor-widget-container\">\n\t\t\t\t\t<div class=\"elementor-toggle\">\n\t\t\t\t\t\t\t<div class=\"elementor-toggle-item\">\n\t\t\t\t\t<div id=\"elementor-tab-title-7911\" class=\"elementor-tab-title\" data-tab=\"1\" role=\"button\" aria-controls=\"elementor-tab-content-7911\" aria-expanded=\"false\">\n\t\t\t\t\t\t\t\t\t\t\t\t<span class=\"elementor-toggle-icon elementor-toggle-icon-left\" aria-hidden=\"true\">\n\t\t\t\t\t\t\t\t\t\t\t\t\t\t\t<span class=\"elementor-toggle-icon-closed\"><i class=\"fas fa-caret-right\"><\/i><\/span>\n\t\t\t\t\t\t\t\t<span class=\"elementor-toggle-icon-opened\"><i class=\"elementor-toggle-icon-opened fas fa-caret-up\"><\/i><\/span>\n\t\t\t\t\t\t\t\t\t\t\t\t\t<\/span>\n\t\t\t\t\t\t\t\t\t\t\t\t<a class=\"elementor-toggle-title\" tabindex=\"0\">Etapy rekrutacji<\/a>\n\t\t\t\t\t<\/div>\n\n\t\t\t\t\t<div id=\"elementor-tab-content-7911\" class=\"elementor-tab-content elementor-clearfix\" data-tab=\"1\" role=\"region\" aria-labelledby=\"elementor-tab-title-7911\"><p>Osoby zainteresowane udzia\u0142em w programie Erasmus+ w pierwszej kolejno\u015bci powinny sprawdzi\u0107 informacje o potencjalnych uczelniach docelowych, ich ofertach dydaktycznych i wymogach dotycz\u0105cych znajomo\u015bci j\u0119zyka. Mobilno\u015b\u0107 w ramach studi\u00f3w mo\u017ce by\u0107 realizowana tylko w uczelni, z kt\u00f3r\u0105 podpisana jest umowa mi\u0119dzyinstytucjonalna dla kierunku, na kt\u00f3rym studiuje kandydat, wa\u017cna w roku akademickim, w kt\u00f3rym ma miejsce wyjazd. Wykaz uczelni umieszczony jest na stronie (<a href=\"https:\/\/amisns.edu.pl\/homepage\/dla-studenta\/erasmus-uczelnie-partnerskie\/\">link<\/a>). Student <strong>mo\u017ce zainicjowa\u0107<\/strong> nawi\u0105zanie wsp\u00f3\u0142pracy z now\u0105 uczelni\u0105 i\u00a0podpisanie umowy mi\u0119dzyinstytucjonalnej (Student\u00a0<strong>mo\u017ce zainicjowa\u0107\u00a0<\/strong>nawi\u0105zanie wsp\u00f3\u0142pracy z now\u0105 uczelni\u0105 i podpisanie umowy mi\u0119dzyinstytucjonalnej (nale\u017cy skontaktowa\u0107 si\u0119 z uczelnianym koordynatorem Programu Erasmus+ pok. 020, Budynek C, Akademia Medycznych i Spo\u0142ecznych Nauk Stosowanych, ul. Lotnicza 2, 82\u2013300 Elbl\u0105g albo: erasmus@amisns.edu.pl).<\/p><p>Kandydaci proszeni s\u0105 o wype\u0142nienie formularza zg\u0142oszeniowego (<a href=\"https:\/\/amisns.edu.pl\/wp-content\/uploads\/Formularz-zgloszeniowy_Erasmus_Student.docx\">link<\/a>) na udzia\u0142 w programie Erasmus+. Formularz musi by\u0107 wys\u0142any do Uczelnianego Koordynatora Programu Erasmus+ drog\u0105 mailow\u0105: erasmus@amisns.edu.pl w terminie wskazanym w og\u0142oszeniu o rekrutacji.<\/p><p>Kolejnym elementem procesu rekrutacji b\u0119dzie kwalifikacja aplikacji przez Komisj\u0119. Na podstawie protoko\u0142u Komisji zostanie wy\u0142oniona lista kandydat\u00f3w zakwalifikowanych do wyjazdu.<\/p><p>Wszyscy studenci bior\u0105cy udzia\u0142 w rekrutacji zostan\u0105 poinformowani drog\u0105 mailow\u0105 o wynikach rekrutacji.<\/p><p>Po zamkni\u0119ciu rekrutacji decyzje podj\u0119te przez Komisje nie mog\u0105 ulec zmianom, chyba \u017ce wyst\u0119puje dzia\u0142anie tzw. si\u0142 wy\u017cszych, powoduj\u0105ce niemo\u017cno\u015b\u0107 realizacji okre\u015blonych mobilno\u015bci i weryfikacji postanowie\u0144.<\/p><\/div>\n\t\t\t\t<\/div>\n\t\t\t\t\t\t\t<div class=\"elementor-toggle-item\">\n\t\t\t\t\t<div id=\"elementor-tab-title-7912\" class=\"elementor-tab-title\" data-tab=\"2\" role=\"button\" aria-controls=\"elementor-tab-content-7912\" aria-expanded=\"false\">\n\t\t\t\t\t\t\t\t\t\t\t\t<span class=\"elementor-toggle-icon elementor-toggle-icon-left\" aria-hidden=\"true\">\n\t\t\t\t\t\t\t\t\t\t\t\t\t\t\t<span class=\"elementor-toggle-icon-closed\"><i class=\"fas fa-caret-right\"><\/i><\/span>\n\t\t\t\t\t\t\t\t<span class=\"elementor-toggle-icon-opened\"><i class=\"elementor-toggle-icon-opened fas fa-caret-up\"><\/i><\/span>\n\t\t\t\t\t\t\t\t\t\t\t\t\t<\/span>\n\t\t\t\t\t\t\t\t\t\t\t\t<a class=\"elementor-toggle-title\" tabindex=\"0\">Etapy realizacji mobilno\u015bci<\/a>\n\t\t\t\t\t<\/div>\n\n\t\t\t\t\t<div id=\"elementor-tab-content-7912\" class=\"elementor-tab-content elementor-clearfix\" data-tab=\"2\" role=\"region\" aria-labelledby=\"elementor-tab-title-7912\"><p>Studenci zakwalifikowani musz\u0105 zapozna\u0107 si\u0119 z procedur\u0105 i kryteriami sk\u0142adania wniosk\u00f3w, przegl\u0105daj\u0105c strony internetowe instytucji przyjmuj\u0105cych, do kt\u00f3rych zostali wybrani, i aplikowa\u0107 do nich zgodnie z ustalonymi terminami. Niekt\u00f3re instytucje mog\u0105 wymaga\u0107 aplikacji on-line. Dlatego opr\u00f3cz dokument\u00f3w aplikacyjnych wymaganych przez instytucj\u0119 przyjmuj\u0105c\u0105 nale\u017cy r\u00f3wnie\u017c wzi\u0105\u0107 pod uwag\u0119 wymagania dotycz\u0105ce sk\u0142adania wniosk\u00f3w on-line. Termin sk\u0142adania dokument\u00f3w jest uzale\u017cniony od uczelni partnerskiej, w zwi\u0105zku z powy\u017cszym nale\u017cy wcze\u015bniej zapozna\u0107 si\u0119 z warunkami przyj\u0119cia.<\/p><p>Realizacja wyjazdu mo\u017ce nast\u0105pi\u0107 dopiero po otrzymaniu przez studenta pisemnego Listu Akceptacyjnego (Letter of Acceptance) ze strony uczelni partnerskiej lub instytucji zagranicznej (lub innego dokumentu potwierdzaj\u0105cego) oraz po podpisaniu indywidualnej umowy z AMiSNS.<\/p><p>Umowa na wyjazd studenta na studia w programie Erasmus+ z AMiSNS szczeg\u00f3\u0142owo okre\u015bla warunki wyjazdu oraz wyp\u0142aty i rozliczenia stypendium (mi\u0119dzy innymi: czas trwania pobytu w uczelni zagranicznej, wysoko\u015b\u0107 stypendium, spos\u00f3b jego wyp\u0142aty, termin, w kt\u00f3rym trzeba rozliczy\u0107 si\u0119 z uczelni\u0105 macierzyst\u0105 itp.). Umowa musi zawiera\u0107 pewne niezb\u0119dne elementy wynikaj\u0105ce z zasad programu Erasmus+. Stypendium b\u0119dzie przekazane studentowi na indywidualne konto bankowe prowadzone w EURO, dlatego przed wyjazdem nale\u017cy za\u0142o\u017cy\u0107 takie konto.<\/p><p>W celu podpisania indywidualnej umowy z AMiSNS nale\u017cy dostarczy\u0107 do Uczelnianego Koordynatora Programu Erasmus+ AMiSNS:<\/p><p>1. Learning Agreement for Studies (Porozumienie o programie zaj\u0119\u0107) &#8211;\u00a0to umowa mi\u0119dzy studentem, jego uczelni\u0105 macierzyst\u0105 i uczelni\u0105 przyjmuj\u0105c\u0105, okre\u015blaj\u0105ca program zaj\u0119\u0107, w jakich uczestniczy\u0107 ma student w uczelni partnerskiej oraz liczb\u0119 punkt\u00f3w ECTS, jaka b\u0119dzie przyznana za ich zaliczenie. Program swoich studi\u00f3w za granic\u0105 powinien by\u0107 uzgodniony wcze\u015bniej z dziekanem. W formularzu s\u0105 wyszczeg\u00f3lnione nazwy przedmiot\u00f3w, kt\u00f3re zamierza student studiowa\u0107 oraz tym przedmiotom przyporz\u0105dkowan\u0105 liczb\u0119 punkt\u00f3w ECTS. Stypendysta Erasmusa musi zdoby\u0107 30 ECTS w semestrze, czyli 60 ECTS w ci\u0105gu roku.<\/p><p>Obowi\u0105zkiem studenta jest zapoznanie si\u0119 z <a href=\"https:\/\/amisns.edu.pl\/wp-content\/uploads\/Procedura-zaliczania-okresu-studiow.pdf\">Procedur\u0105 zaliczenia okresu studi\u00f3w zrealizowanego za granic\u0105<\/a>.<\/p><p>Porozumienie o programie zaj\u0119\u0107 ma by\u0107 podpisane przez studenta, uczelni\u0105 partnersk\u0105 i dziekana AMiSNS.<\/p><p>Ubezpieczenie<br \/>Ka\u017cdy stypendysta powinien uzyska\u0107 odpowiednie ubezpieczenie zdrowotne. Podstawowe ubezpieczenie zdrowotne gwarantuje Europejska Karta Ubezpieczenia Zdrowotnego wydawana przez NFZ (plastikowa karta EKUZ). Karta obowi\u0105zuje w krajach Unii Europejskiej i obejmuje tylko cz\u0119\u015b\u0107 \u015bwiadcze\u0144 zwi\u0105zanych z leczeniem. Szczeg\u00f3\u0142owe informacje dost\u0119pne s\u0105 na stronach NFZ. Cz\u0119\u015b\u0107 uczelni zagranicznych wymaga od stypendyst\u00f3w Erasmusa+ wykupienia obowi\u0105zkowego ubezpieczenia na miejscu. Aby unikn\u0105\u0107 podw\u00f3jnych wydatk\u00f3w, nale\u017cy dowiedzie\u0107 si\u0119 przed wyjazdem, jakich formalno\u015bci trzeba b\u0119dzie dope\u0142ni\u0107 w uczelni goszcz\u0105cej.<\/p><p>AMiSNS zapewnia wyje\u017cd\u017caj\u0105cym studentom dodatkowe ubezpieczenie NNW i OC (w przypadku odbywania praktyk).<\/p><p>3. OLS (Online Linguistic Support)<\/p><p>Erasmus+ Online Linguistic Support (Wsparcie j\u0119zykowe online) jest narz\u0119dziem maj\u0105cym na celu zapewnienie lepszej jako\u015bci mobilno\u015bci poprzez podniesienie kompetencji j\u0119zykowych student\u00f3w programu Erasmus+ w zakresie g\u0142\u00f3wnego j\u0119zyka studi\u00f3w\/praktyki przed rozpocz\u0119ciem mobilno\u015bci lub w trakcie jej trwania.<\/p><p>Od 1 stycznia 2015 roku rol\u0105 studenta uczestnicz\u0105cego w wymianie w programie Erasmus+ jest wype\u0142nienie pierwszego i drugiego testu bieg\u0142o\u015bci j\u0119zykowej przed i na zako\u0144czenie pobytu na stypendium oraz, je\u017celi dotyczy, uczestnictwo w kursie j\u0119zykowym.<\/p><p>Test bieg\u0142o\u015bci j\u0119zykowej student wype\u0142nia w terminie okre\u015blonym przez AMiSNS \u2013 po otrzymaniu informacji z OLS.<\/p><p>Wynik testu przed wyjazdem nie wp\u0142ywa na podj\u0119t\u0105 decyzj\u0119 o wyje\u017adzie.<br \/>Uzyskanie wyniku z testu na poziomie B1, powoduje automatyczne przyporz\u0105dkowanie przez system do osoby kursu j\u0119zykowego on-line. Kurs nie jest obowi\u0105zkowy.<\/p><p>Z wype\u0142nienia testu zwolnione s\u0105 osoby, dla kt\u00f3rych j\u0119zyk wyk\u0142adowy\/praktyki jest j\u0119zykiem ojczystym.<\/p><p>Udzia\u0142 w kursie j\u0119zykowym on-line jest mo\u017cliwy wy\u0142\u0105cznie w j\u0119zyku, w kt\u00f3rym zosta\u0142 wype\u0142niony test bieg\u0142o\u015bci j\u0119zykowej \u2013 zmiana j\u0119zyka kursu po dokonaniu testu bieg\u0142o\u015bci przez uczestnika mobilno\u015bci jest mo\u017cliwa wy\u0142\u0105cznie na zasadzie przyznania nowej licencji przez beneficjenta (nowy test bieg\u0142o\u015bci j\u0119zykowej w innym j\u0119zyku i kurs on-line w innym j\u0119zyku).<\/p><p>Podawany adres e-mail studenta w formularzu zg\u0142oszeniowym powinien by\u0107 aktualny i poprawnie napisany, poniewa\u017c za jego po\u015brednictwem jest wys\u0142ana informacja o sposobie logowania do OLS.<\/p><p>Brak wype\u0142nionego pocz\u0105tkowego i ko\u0144cowego testu powoduje, \u017ce mobilno\u015b\u0107 nie mo\u017ce zosta\u0107 rozliczona.<\/p><p>4. O\u015bwiadczenie o rejestracji w serwisie Ministerstwa Spraw Zagranicznych RP \u201eOdyseusz\u201d.<\/p><p>Zaleca si\u0119, aby student zarejestrowa\u0142 si\u0119 w serwisie Odyseusz prowadzonym przez Ministerstwo Spraw Zagranicznych. odyseusz.msz.gov.pl (https:\/\/odyseusz.msz.gov.pl\/).<\/p><p>5. O\u015bwiadczenie z banku o posiadanym koncie walutowym.<\/p><p>W przypadku bank\u00f3w w Polsce numer konta powinien mie\u0107 na pocz\u0105tku litery PL i 26 nast\u0119puj\u0105cych cyfr. W przypadku bank\u00f3w zagranicznych musi by\u0107 podany pe\u0142ny IBAN (czyli numer konta) oraz konieczny jest SWIFT lub BIC-CODE.<\/p><p>Studenci wyje\u017cd\u017caj\u0105cy w ramach programu Erasmus+ zobowi\u0105zani s\u0105 poda\u0107 numer rachunku prowadzonego w EURO.<\/p><p>6. Kopia decyzji wydzia\u0142owej o przyznaniu stypendium socjalnego lub kopia orzeczenia o stopniu niepe\u0142nosprawno\u015bci \u2013 dotyczy os\u00f3b z tzw. mniejszymi szansami, kt\u00f3re kwalifikuj\u0105 si\u0119 do otrzymania dodatku.<\/p><\/div>\n\t\t\t\t<\/div>\n\t\t\t\t\t\t\t<div class=\"elementor-toggle-item\">\n\t\t\t\t\t<div id=\"elementor-tab-title-7913\" class=\"elementor-tab-title\" data-tab=\"3\" role=\"button\" aria-controls=\"elementor-tab-content-7913\" aria-expanded=\"false\">\n\t\t\t\t\t\t\t\t\t\t\t\t<span class=\"elementor-toggle-icon elementor-toggle-icon-left\" aria-hidden=\"true\">\n\t\t\t\t\t\t\t\t\t\t\t\t\t\t\t<span class=\"elementor-toggle-icon-closed\"><i class=\"fas fa-caret-right\"><\/i><\/span>\n\t\t\t\t\t\t\t\t<span class=\"elementor-toggle-icon-opened\"><i class=\"elementor-toggle-icon-opened fas fa-caret-up\"><\/i><\/span>\n\t\t\t\t\t\t\t\t\t\t\t\t\t<\/span>\n\t\t\t\t\t\t\t\t\t\t\t\t<a class=\"elementor-toggle-title\" tabindex=\"0\">Rozliczenie z wyjazdu po powrocie<\/a>\n\t\t\t\t\t<\/div>\n\n\t\t\t\t\t<div id=\"elementor-tab-content-7913\" class=\"elementor-tab-content elementor-clearfix\" data-tab=\"3\" role=\"region\" aria-labelledby=\"elementor-tab-title-7913\"><p>Po powrocie ze studi\u00f3w\/praktyk za granic\u0105 student powinien w pierwszej kolejno\u015bci przed\u0142o\u017cy\u0107 w Dziekanacie Wydzia\u0142u dokumenty w celu zaliczenia semestru\/semestr\u00f3w studi\u00f3w:<\/p><ul><li>Transcript of Records (Wykaz zalicze\u0144)<\/li><\/ul><p>Jest to wykaz wszystkich najwa\u017cniejszych zalicze\u0144 uzyskanych na uczelni macierzystej. Tutaj powinny by\u0107 zawarte wszystkie stopnie ze zdanych przez studenta egzamin\u00f3w w dotychczasowym okresie studi\u00f3w. Transcript of Records potwierdza dziekanat.<\/p><ul><li>Aktualna wersja Learning Agreement oraz ew. zmian (cze\u015b\u0107 &#8222;before mobility&#8221; i &#8222;during mobility&#8221;) &#8211; potwierdzone przez Dziekana wydzia\u0142u macierzystego i Osob\u0119 odpowiedzialn\u0105 za kszta\u0142cenie w jednostce zagranicznej.<\/li><li>Potwierdzenie d\u0142ugo\u015bci pobytu na Uczelni Partnerskiej (Confirmation of Stay) &#8211; wydanego przez uczelni\u0119 przyjmuj\u0105c\u0105 w momencie wyjazdu potwierdzaj\u0105cego okres fizycznej mobilno\u015bci w uczelni przyjmuj\u0105cej<\/li><li>Drugi test j\u0119zykowy w systemie OLS &#8211; link zostanie automatycznie przes\u0142any na adres email studenta bezpo\u015brednio z platformy OLS.<\/li><li>Raport ko\u0144cowy w systemie Mobility Tool<\/li><\/ul><p>Do z\u0142o\u017cenia raportu indywidualnego zobowi\u0105zany jest ka\u017cdy uczestnik mobilno\u015bci. Zgodnie z zapisami umowy, raport nale\u017cy z\u0142o\u017cy\u0107 maksymalnie w ci\u0105gu 30 dni od otrzymania wezwania do z\u0142o\u017cenia raportu. System wy\u015ble automatycznie uczestnikowi mailowe wezwanie do z\u0142o\u017cenia raportu od razu po terminie zako\u0144czenia mobilno\u015bci. W emailu podany b\u0119dzie link do raportu. Raport Uczestnika ma form\u0119 ankiety online, zawieraj\u0105cej g\u0142\u00f3wnie pytania zamkni\u0119te.<\/p><p>Komplet dokument\u00f3w nale\u017cy dostarczy\u0107 te\u017c do Uczelnianego Koordynatora Programu Erasmus+ AMiSNS.<\/p><p>Brak kt\u00f3regokolwiek z dokument\u00f3w lub raportu mo\u017ce by\u0107 podstaw\u0105 wezwania studenta do zwrotu ca\u0142ego wyp\u0142aconego mu stypendium UE.<\/p><p>\u00a0<\/p><\/div>\n\t\t\t\t<\/div>\n\t\t\t\t\t\t\t\t<\/div>\n\t\t\t\t<\/div>\n\t\t\t\t<\/div>\n\t\t\t\t\t<\/div>\n\t\t<\/div>\n\t\t\t\t\t<\/div>\n\t\t<\/section>\n\t\t\t\t<section class=\"elementor-section elementor-top-section elementor-element elementor-element-ef5c087 elementor-section-boxed elementor-section-height-default elementor-section-height-default\" data-id=\"ef5c087\" data-element_type=\"section\">\n\t\t\t\t\t\t<div class=\"elementor-container elementor-column-gap-default\">\n\t\t\t\t\t<div class=\"elementor-column elementor-col-100 elementor-top-column elementor-element elementor-element-d12803f\" data-id=\"d12803f\" data-element_type=\"column\">\n\t\t\t<div class=\"elementor-widget-wrap elementor-element-populated\">\n\t\t\t\t\t\t<div class=\"elementor-element elementor-element-062b9c7 elementor-widget elementor-widget-heading\" data-id=\"062b9c7\" data-element_type=\"widget\" data-widget_type=\"heading.default\">\n\t\t\t\t<div class=\"elementor-widget-container\">\n\t\t\t<h2 class=\"elementor-heading-title elementor-size-default\">Wyjazdy student\u00f3w na praktyk\u0119 (SMP) krok po kroku<\/h2>\t\t<\/div>\n\t\t\t\t<\/div>\n\t\t\t\t\t<\/div>\n\t\t<\/div>\n\t\t\t\t\t<\/div>\n\t\t<\/section>\n\t\t\t\t<section class=\"elementor-section elementor-top-section elementor-element elementor-element-10470d3 elementor-section-boxed elementor-section-height-default elementor-section-height-default\" data-id=\"10470d3\" data-element_type=\"section\">\n\t\t\t\t\t\t<div class=\"elementor-container elementor-column-gap-default\">\n\t\t\t\t\t<div class=\"elementor-column elementor-col-100 elementor-top-column elementor-element elementor-element-5390319\" data-id=\"5390319\" data-element_type=\"column\">\n\t\t\t<div class=\"elementor-widget-wrap elementor-element-populated\">\n\t\t\t\t\t\t<div class=\"elementor-element elementor-element-d34020f elementor-widget elementor-widget-toggle\" data-id=\"d34020f\" data-element_type=\"widget\" data-widget_type=\"toggle.default\">\n\t\t\t\t<div class=\"elementor-widget-container\">\n\t\t\t\t\t<div class=\"elementor-toggle\">\n\t\t\t\t\t\t\t<div class=\"elementor-toggle-item\">\n\t\t\t\t\t<div id=\"elementor-tab-title-2211\" class=\"elementor-tab-title\" data-tab=\"1\" role=\"button\" aria-controls=\"elementor-tab-content-2211\" aria-expanded=\"false\">\n\t\t\t\t\t\t\t\t\t\t\t\t<span class=\"elementor-toggle-icon elementor-toggle-icon-left\" aria-hidden=\"true\">\n\t\t\t\t\t\t\t\t\t\t\t\t\t\t\t<span class=\"elementor-toggle-icon-closed\"><i class=\"fas fa-caret-right\"><\/i><\/span>\n\t\t\t\t\t\t\t\t<span class=\"elementor-toggle-icon-opened\"><i class=\"elementor-toggle-icon-opened fas fa-caret-up\"><\/i><\/span>\n\t\t\t\t\t\t\t\t\t\t\t\t\t<\/span>\n\t\t\t\t\t\t\t\t\t\t\t\t<a class=\"elementor-toggle-title\" tabindex=\"0\">Etapy rekrutacji<\/a>\n\t\t\t\t\t<\/div>\n\n\t\t\t\t\t<div id=\"elementor-tab-content-2211\" class=\"elementor-tab-content elementor-clearfix\" data-tab=\"1\" role=\"region\" aria-labelledby=\"elementor-tab-title-2211\"><p>Studenci studi\u00f3w stacjonarnych, jak i niestacjonarnych, mog\u0105 ubiega\u0107 si\u0119 o wyjazd na praktyk\u0119 po uko\u0144czeniu:<\/p><p>I roku studi\u00f3w,<br \/>II stopnia (magisterskich),<\/p><p>\u00a0<\/p><p>Absolwenci uczelni r\u00f3wnie\u017c mog\u0105 skorzysta\u0107 z wyjazdu na praktyki, jednak rekrutacja musi odbywa\u0107 si\u0119 na ostatnim roku studi\u00f3w. Praktyka zawodowa absolwenta musi si\u0119 odby\u0107 w ci\u0105gu jednego roku od uko\u0144czenia danego stopnia studi\u00f3w (od obrony do zako\u0144czenia mobilno\u015bci mo\u017ce up\u0142yn\u0105\u0107 max. 12 miesi\u0119cy). Czas pobytu na praktyce jest wliczany do \u0142\u0105cznego czasu trwania mobilno\u015bci na tym poziomie studi\u00f3w, na kt\u00f3rym student zosta\u0142 zakwalifikowany na wyjazd.<\/p><\/div>\n\t\t\t\t<\/div>\n\t\t\t\t\t\t\t<div class=\"elementor-toggle-item\">\n\t\t\t\t\t<div id=\"elementor-tab-title-2212\" class=\"elementor-tab-title\" data-tab=\"2\" role=\"button\" aria-controls=\"elementor-tab-content-2212\" aria-expanded=\"false\">\n\t\t\t\t\t\t\t\t\t\t\t\t<span class=\"elementor-toggle-icon elementor-toggle-icon-left\" aria-hidden=\"true\">\n\t\t\t\t\t\t\t\t\t\t\t\t\t\t\t<span class=\"elementor-toggle-icon-closed\"><i class=\"fas fa-caret-right\"><\/i><\/span>\n\t\t\t\t\t\t\t\t<span class=\"elementor-toggle-icon-opened\"><i class=\"elementor-toggle-icon-opened fas fa-caret-up\"><\/i><\/span>\n\t\t\t\t\t\t\t\t\t\t\t\t\t<\/span>\n\t\t\t\t\t\t\t\t\t\t\t\t<a class=\"elementor-toggle-title\" tabindex=\"0\">Terminy realizowania praktyk:<\/a>\n\t\t\t\t\t<\/div>\n\n\t\t\t\t\t<div id=\"elementor-tab-content-2212\" class=\"elementor-tab-content elementor-clearfix\" data-tab=\"2\" role=\"region\" aria-labelledby=\"elementor-tab-title-2212\"><p>studenci: sugerowany jest okres wakacyjny, po uko\u0144czeniu semestru, tj. czerwiec \u2013 wrzesie\u0144; praktyka w trakcie roku akademickiego wi\u0105\u017ce si\u0119 z konieczno\u015bci\u0105 uzyskania zgody dziekana na wyjazd,<br \/>absolwenci: jest to termin dowolny pod warunkiem zako\u0144czenia w okresie trwania projektu, z kt\u00f3rego wyjazd jest finansowany.<\/p><p>Czas sp\u0119dzony na praktyce w programie Erasmus + nie mo\u017ce pokrywa\u0107 si\u0119 z czasem odbywania studi\u00f3w w programie Erasmus+.<\/p><p>Praca wykonywana w ramach praktyki musi by\u0107 zbie\u017cna z profilem studi\u00f3w studenta.<\/p><p>Realizacja praktyk mo\u017ce odbywa\u0107 si\u0119 w zagranicznych instytucjach, np. w przedsi\u0119biorstwie\/firmie, plac\u00f3wce naukowo-badawczej, organizacji non-profit i w innych instytucjach.<\/p><p>Nie jest mo\u017cliwe odbywanie praktyk programu Erasmus+ w instytucjach unijnych lub odpowiedzialnych za zarz\u0105dzanie unijnymi programami, jak r\u00f3wnie\u017c w polskich plac\u00f3wkach dyplomatycznych za granic\u0105. Je\u015bli praktyka zawodowa odbywa si\u0119 w innej uczelni wy\u017cszej, uczelnia ta musi posiada\u0107 wa\u017cn\u0105 Kart\u0119 Erasmusa (ECHE).<\/p><p>W celu zrealizowania praktyki za granic\u0105 w ramach programu Erasmus+, opr\u00f3cz kraj\u00f3w formalnie dopuszczonych do uczestnictwa w programie Erasmus+, studenci mog\u0105 wyjecha\u0107 do instytucji przyjmuj\u0105cej, kt\u00f3r\u0105 samodzielnie znajd\u0105 lub skorzysta\u0107 z ofert znajduj\u0105cych si\u0119 na stronie internetowej Programu.<\/p><p>Po odnalezieniu firmy, w kt\u00f3rej student chcia\u0142by odby\u0107 swoj\u0105 praktyk\u0119, nale\u017cy skontaktowa\u0107 si\u0119 z potencjalnym praktykodawc\u0105.<br \/>Po uzyskaniu pozytywnej odpowiedzi od praktykodawcy, student powinien ustali\u0107 wst\u0119pnie termin odbycia praktyki, zapytaj o kwesti\u0119 zakwaterowania i ewentualnego dodatkowego wsparcia finansowego, a tak\u017ce o mo\u017cliwo\u015b\u0107 uzyskania wst\u0119pnego programu praktyki.<br \/>W programie Erasmus+ na praktyk\u0119 wyjecha\u0107 mo\u017cna do zagranicznej instytucji nieakademickiej np. przedsi\u0119biorstwa\/firmy, plac\u00f3wki naukowo-badawczej, organizacji non-profit lub innych instytucji (muzea, biblioteki, szpitale).<\/p><p>Praktyka nie mo\u017ce odbywa\u0107 si\u0119 w instytucjach unijnych, w instytucjach zwi\u0105zanych z zarz\u0105dzaniem funduszami unijnymi, a tak\u017ce w instytucjach dyplomatycznych i przedstawicielstwach w\u0142asnego kraju.<\/p><p>Studenci, kt\u00f3rzy po zako\u0144czonej rekrutacji zakwalifikowali si\u0119 na wyjazd i zostali powiadomieni o decyzji przez koordynator\u00f3w programu oraz otrzymali potwierdzenie od organizacji zagranicznej, zobowi\u0105zani s\u0105 do przygotowania dokument\u00f3w niezb\u0119dnych do z\u0142o\u017cenia w AMiSNS w celu podpisania umowy finansowej na dofinansowanie na wyjazd:<\/p><p>\u00a0<\/p><p>Learning Agreement for Traineeships (Porozumienie o programie praktyk).<\/p><p>Learning Agreement (LA) to umowa mi\u0119dzy studentem, organizacj\u0105 przyjmuj\u0105c\u0105 i wydzia\u0142em macierzystym, okre\u015blaj\u0105ca program praktyk, kt\u00f3re student ma odby\u0107 w jednostce przyjmuj\u0105cej. Porozumienie zawiera opis planowanych praktyk, jakie student jest zobowi\u0105zany zaliczy\u0107 w organizacji zagranicznej.<\/p><p>Po zatwierdzeniu przez dziekana student powinien z\u0142o\u017cy\u0107 dokument (zatwierdzony podpisem Dziekana oraz przez organizacj\u0119 zagraniczn\u0105) u Uczelnianego Koordynatora Programu Erasmus + w celu podpisania umowy finansowej AMiSNS &#8211; student.<\/p><p>W dokumencie musz\u0105 znajdowa\u0107 si\u0119 dok\u0142adne ramy czasowe odbywania praktyk (dzie\u0144, miesi\u0105c, rok) w celu p\u00f3\u017aniejszego naliczenia stypendium.<\/p><p>Do spisania umowy o dofinansowanie dopuszczalny jest skan dokumentu LA przed wyjazdem.<\/p><p>Mo\u017cna dokonywa\u0107 zmian w trakcie mobilno\u015bci w cz\u0119\u015bci LA During Mobility. Zmiany nale\u017cy ustala\u0107 z Dziekanem Wydzia\u0142u i Uczelnianym Koordynatorem Programu Erasmus + oraz organizacj\u0105 przyjmuj\u0105c\u0105.<\/p><p>Planowany zakres praktyk nale\u017cy konsultowa\u0107 z Dziekanem Wydzia\u0142u i Uczelnianym Koordynatorem Programu Erasmus +.<\/p><p>\u00a0<\/p><p>Ubezpieczenie OC i NNW, karta EKUZ<\/p><p>Student powinien posiada\u0107 ubezpieczenie do czasu przed podpisaniem umowy, kt\u00f3re zobowi\u0105zany jest dostarczy\u0107 do AMiSNS (do wgl\u0105du) w momencie podpisania umowy o dofinansowanie: ubezpieczenie od nast\u0119pstw nieszcz\u0119\u015bliwych wypadk\u00f3w (NNW) na czas pobytu i podr\u00f3\u017cy oraz ubezpieczenie odpowiedzialno\u015bci cywilnej (OC). Dodatkowo wymagana jest wa\u017cna karta EKUZ.<\/p><p>Wi\u0119cej informacji na stronie Narodowego Funduszu Zdrowia<\/p><p>\u00a0<\/p><p>O\u015bwiadczenie z banku o posiadanym koncie bankowym.<\/p><p>W przypadku bank\u00f3w w Polsce numer konta powinien mie\u0107 na pocz\u0105tku litery PL i 26 nast\u0119puj\u0105cych cyfr. W przypadku bank\u00f3w zagranicznych musi by\u0107 podany pe\u0142ny IBAN (czyli numer konta) oraz konieczny jest SWIFT lub BIC-CODE.<\/p><p>Studenci wyje\u017cd\u017caj\u0105cy w ramach programu Erasmus+ zobowi\u0105zani s\u0105 poda\u0107 numer rachunku prowadzonego w EURO. Jedynie osoby, kt\u00f3re otrzymuj\u0105 dofinansowanie z programu POWER zobowi\u0105zane s\u0105 poda\u0107 numer rachunku prowadzonego w PLN.<\/p><p>\u00a0<\/p><p>Test j\u0119zykowy OLS<\/p><p>Erasmus+ Online Language Support jest narz\u0119dziem maj\u0105cym na celu zapewnienie lepszej jako\u015bci mobilno\u015bci poprzez podniesienie kompetencji j\u0119zykowych student\u00f3w programu Erasmus+ w zakresie g\u0142\u00f3wnego j\u0119zyka studi\u00f3w\/praktyki przed rozpocz\u0119ciem mobilno\u015bci lub w trakcie jej trwania.<\/p><p>Rol\u0105 studenta uczestnicz\u0105cego w wymianie w programie Erasmus+ jest wype\u0142nienie pierwszego i drugiego testu bieg\u0142o\u015bci j\u0119zykowej przed i na zako\u0144czenie pobytu na stypendium oraz, je\u017celi dotyczy, uczestnictwo w kursie j\u0119zykowym.<\/p><p>Test bieg\u0142o\u015bci j\u0119zykowej student wype\u0142nia w terminie okre\u015blonym przez AMiSNS \u2013 po otrzymaniu informacji z OLS. Wynik testu przed wyjazdem nie wp\u0142ywa na podj\u0119t\u0105 decyzj\u0119 o wyje\u017adzie. Uzyskanie wyniku z testu na poziomie B1, powoduje automatyczne przyporz\u0105dkowanie przez system do osoby kursu j\u0119zykowego on-line. Z wype\u0142nienia testu zwolnione s\u0105 osoby, dla kt\u00f3rych j\u0119zyk wyk\u0142adowy\/praktyki jest j\u0119zykiem ojczystym.<\/p><p>Udzia\u0142 w kursie j\u0119zykowym on-line jest mo\u017cliwy wy\u0142\u0105cznie w j\u0119zyku, w kt\u00f3rym zosta\u0142 wype\u0142niony test bieg\u0142o\u015bci j\u0119zykowej \u2013 zmiana j\u0119zyka kursu po dokonaniu testu bieg\u0142o\u015bci przez uczestnika mobilno\u015bci jest mo\u017cliwa wy\u0142\u0105cznie na zasadzie przyznania nowej licencji przez beneficjenta (nowy test bieg\u0142o\u015bci j\u0119zykowej w innym j\u0119zyku i kurs on-line w innym j\u0119zyku).<\/p><p>Podawany adres e-mail studenta w Formularze zg\u0142oszeniowym powinien by\u0107 aktualny i poprawnie napisany, poniewa\u017c za jego po\u015brednictwem jest wys\u0142ana informacja o sposobie logowania do OLS.<\/p><p>Brak wype\u0142nionego pocz\u0105tkowego i ko\u0144cowego testu powoduje, \u017ce mobilno\u015b\u0107 nie mo\u017ce zosta\u0107 rozliczona.<\/p><p>\u00a0<\/p><p>O\u015bwiadczenie o rejestracji w serwisie Ministerstwa Spraw Zagranicznych RP \u201eOdyseusz\u201d.<br \/>Zaleca si\u0119, aby student zarejestrowa\u0142 si\u0119 w serwisie Odyseusz prowadzonym przez Ministerstwo Spraw Zagranicznych. odyseusz.msz.gov.pl (https:\/\/odyseusz.msz.gov.pl\/)<\/p><p>\u00a0<\/p><p>O\u015bwiadczenie z banku o posiadanym koncie bankowym.<br \/>W przypadku bank\u00f3w w Polsce numer konta powinien mie\u0107 na pocz\u0105tku litery PL i 26 nast\u0119puj\u0105cych cyfr. W przypadku bank\u00f3w zagranicznych musi by\u0107 podany pe\u0142ny IBAN (czyli numer konta) oraz konieczny jest SWIFT lub BIC-CODE.<\/p><p>Studenci wyje\u017cd\u017caj\u0105cy w ramach programu Erasmus+ zobowi\u0105zani s\u0105 poda\u0107 numer rachunku prowadzonego w EURO. Jedynie osoby, kt\u00f3re otrzymuj\u0105 dofinansowanie z programu POWER zobowi\u0105zane s\u0105 poda\u0107 numer rachunku prowadzonego w PLN.<\/p><p>\u00a0<\/p><p>Kopia decyzji o przyznaniu stypendium socjalnego lub kopia orzeczenia o stopniu niepe\u0142nosprawno\u015bci.<br \/>Dotyczy os\u00f3b z tzw. mniejszymi szansami, kt\u00f3re kwalifikuj\u0105 si\u0119 do otrzymania dodatku.<\/p><\/div>\n\t\t\t\t<\/div>\n\t\t\t\t\t\t\t<div class=\"elementor-toggle-item\">\n\t\t\t\t\t<div id=\"elementor-tab-title-2213\" class=\"elementor-tab-title\" data-tab=\"3\" role=\"button\" aria-controls=\"elementor-tab-content-2213\" aria-expanded=\"false\">\n\t\t\t\t\t\t\t\t\t\t\t\t<span class=\"elementor-toggle-icon elementor-toggle-icon-left\" aria-hidden=\"true\">\n\t\t\t\t\t\t\t\t\t\t\t\t\t\t\t<span class=\"elementor-toggle-icon-closed\"><i class=\"fas fa-caret-right\"><\/i><\/span>\n\t\t\t\t\t\t\t\t<span class=\"elementor-toggle-icon-opened\"><i class=\"elementor-toggle-icon-opened fas fa-caret-up\"><\/i><\/span>\n\t\t\t\t\t\t\t\t\t\t\t\t\t<\/span>\n\t\t\t\t\t\t\t\t\t\t\t\t<a class=\"elementor-toggle-title\" tabindex=\"0\">Rozliczenie z wyjazdu po powrocie<\/a>\n\t\t\t\t\t<\/div>\n\n\t\t\t\t\t<div id=\"elementor-tab-content-2213\" class=\"elementor-tab-content elementor-clearfix\" data-tab=\"3\" role=\"region\" aria-labelledby=\"elementor-tab-title-2213\"><p>Po zako\u0144czonej mobilno\u015bci student zobowi\u0105zany jest dostarczy\u0107:<\/p><p>Za\u015bwiadczenie z instytucji przyjmuj\u0105cej potwierdzaj\u0105ce odbycie praktyk (Confirmation for Traineeship). Dokument po zako\u0144czeniu sta\u017cu\/praktyk podpisuje instytucja przyjmuj\u0105ca.<br \/>LA for Traineeships Before the Mobility podpisane przez uczestnika, instytucj\u0119 przyjmuj\u0105c\u0105, Uczelnianego Koordynatora Programu Erasmus+<br \/>LA for Traineeships After the Mobility podpisane przez instytucj\u0119 przyjmuj\u0105c\u0105 <br \/>Sprawozdanie z praktyki podpisane przez uczestnika i instytucj\u0119 przyjmuj\u0105c\u0105<br \/>Uczestnik zobowi\u0105zany jest wype\u0142ni\u0107 drugi obowi\u0105zkowy test bieg\u0142o\u015bci j\u0119zykowej. Link do testu w systemie Online Language Support zostanie przys\u0142any na maila.<\/p><p>Uczestnik musi r\u00f3wnie\u017c wype\u0142ni\u0107 indywidualny raport on-line EU Survey po zako\u0144czeniu mobilno\u015bci w ci\u0105gu 30 dni.<\/p><p>Wype\u0142nienie testu oraz raportu jest warunkiem pe\u0142nego rozliczenia z wyjazdu.<\/p><p>Ko\u0144cowa p\u0142atno\u015b\u0107 stypendium zostanie zlecona zgodnie z zapisami umowy finansowej pomi\u0119dzy uczestnikiem a AMiSNS.<\/p><p>AMiSNS zastrzega sobie prawo do wprowadzenia zmian w tre\u015bci zasad dot. realizacji wyjazd\u00f3w uczestnik\u00f3w programu Erasmus+. Zmiany te mog\u0105 wynika\u0107 z nowych ustale\u0144 przekazywanych przez Komisj\u0119 Europejsk\u0105 i Fundacj\u0119 Rozwoju Systemu Edukacji w trakcie trwania programu.<\/p><\/div>\n\t\t\t\t<\/div>\n\t\t\t\t\t\t\t\t<\/div>\n\t\t\t\t<\/div>\n\t\t\t\t<\/div>\n\t\t\t\t\t<\/div>\n\t\t<\/div>\n\t\t\t\t\t<\/div>\n\t\t<\/section>\n\t\t\t\t<section class=\"elementor-section elementor-top-section elementor-element elementor-element-3ae33cb animated-slow elementor-section-boxed elementor-section-height-default elementor-section-height-default elementor-invisible\" data-id=\"3ae33cb\" data-element_type=\"section\" data-settings=\"{&quot;animation&quot;:&quot;fadeIn&quot;}\">\n\t\t\t\t\t\t<div class=\"elementor-container elementor-column-gap-default\">\n\t\t\t\t\t<div class=\"elementor-column elementor-col-100 elementor-top-column elementor-element elementor-element-617353e\" data-id=\"617353e\" data-element_type=\"column\">\n\t\t\t<div class=\"elementor-widget-wrap elementor-element-populated\">\n\t\t\t\t\t\t<div class=\"elementor-element elementor-element-cdb6652 elementor-widget elementor-widget-heading\" data-id=\"cdb6652\" data-element_type=\"widget\" data-widget_type=\"heading.default\">\n\t\t\t\t<div class=\"elementor-widget-container\">\n\t\t\t<h2 class=\"elementor-heading-title elementor-size-default\">Kwestie organizacyjne:<\/h2>\t\t<\/div>\n\t\t\t\t<\/div>\n\t\t\t\t\t<\/div>\n\t\t<\/div>\n\t\t\t\t\t<\/div>\n\t\t<\/section>\n\t\t\t\t<section class=\"elementor-section elementor-top-section elementor-element elementor-element-995f505 animated-slow elementor-section-boxed elementor-section-height-default elementor-section-height-default elementor-invisible\" data-id=\"995f505\" data-element_type=\"section\" data-settings=\"{&quot;animation&quot;:&quot;fadeIn&quot;}\">\n\t\t\t\t\t\t<div class=\"elementor-container elementor-column-gap-default\">\n\t\t\t\t\t<div class=\"elementor-column elementor-col-100 elementor-top-column elementor-element elementor-element-32312a9\" data-id=\"32312a9\" data-element_type=\"column\">\n\t\t\t<div class=\"elementor-widget-wrap elementor-element-populated\">\n\t\t\t\t\t\t<div class=\"elementor-element elementor-element-aaf60c0 elementor-widget elementor-widget-toggle\" data-id=\"aaf60c0\" data-element_type=\"widget\" data-widget_type=\"toggle.default\">\n\t\t\t\t<div class=\"elementor-widget-container\">\n\t\t\t\t\t<div class=\"elementor-toggle\">\n\t\t\t\t\t\t\t<div class=\"elementor-toggle-item\">\n\t\t\t\t\t<div id=\"elementor-tab-title-1791\" class=\"elementor-tab-title\" data-tab=\"1\" role=\"button\" aria-controls=\"elementor-tab-content-1791\" aria-expanded=\"false\">\n\t\t\t\t\t\t\t\t\t\t\t\t<span class=\"elementor-toggle-icon elementor-toggle-icon-left\" aria-hidden=\"true\">\n\t\t\t\t\t\t\t\t\t\t\t\t\t\t\t<span class=\"elementor-toggle-icon-closed\"><i class=\"fas fa-caret-right\"><\/i><\/span>\n\t\t\t\t\t\t\t\t<span class=\"elementor-toggle-icon-opened\"><i class=\"elementor-toggle-icon-opened fas fa-caret-up\"><\/i><\/span>\n\t\t\t\t\t\t\t\t\t\t\t\t\t<\/span>\n\t\t\t\t\t\t\t\t\t\t\t\t<a class=\"elementor-toggle-title\" tabindex=\"0\">1. UBEZPIECZENIE<\/a>\n\t\t\t\t\t<\/div>\n\n\t\t\t\t\t<div id=\"elementor-tab-content-1791\" class=\"elementor-tab-content elementor-clearfix\" data-tab=\"1\" role=\"region\" aria-labelledby=\"elementor-tab-title-1791\"><p style=\"font-size: 14px; color: var( --e-global-color-text ); display: inline !important;\">Ka\u017cdy stypendysta powinien uzyska\u0107 odpowiednie ubezpieczenie zdrowotne. Podstawowe ubezpieczenie zdrowotne gwarantuje Europejska Karta Ubezpieczenia Zdrowotnego wydawana przez NFZ (plastikowa karta EKUZ). Karta obowi\u0105zuje w krajach Unii Europejskiej i obejmuje tylko cz\u0119\u015b\u0107 \u015bwiadcze\u0144 zwi\u0105zanych z leczeniem. Student r\u00f3wnie\u017c powinien posiada\u0107\u00a0ubezpieczenie od nast\u0119pstw nieszcz\u0119\u015bliwych wypadk\u00f3w (NNW) na czas pobytu i podr\u00f3\u017cy oraz ubezpieczenie odpowiedzialno\u015bci cywilnej (OC).<\/p><p style=\"font-size: 14px; color: var( --e-global-color-text );\"><span style=\"font-size: 14px; color: var( --e-global-color-text );\">Osoby, op\u0142acaj\u0105ce sk\u0142adki na NFZ, podr\u00f3\u017cuj\u0105ce po krajach Unii Europejskiej\/Europejskiego Obszaru Gospodarczego, maj\u0105 prawo do korzystania z opieki medycznej w ramach ubezpieczenia. Udaj\u0105c si\u0119 do lekarza poza granicami kraju nale\u017cy posiada\u0107 przy sobie dokument potwierdzaj\u0105cy ubezpieczenie &#8211; rol\u0119 t\u0119 pe\u0142ni Europejska Karta Ubezpieczenia Zdrowotnego (EKUZ). O wydanie EKUZ wnioskuje si\u0119 w Polsce, przed wyjazdem na stypendium.<\/span><br \/><span style=\"font-size: 14px; color: var( --e-global-color-text );\">W niekt\u00f3rych krajach EKUZ przedstawia si\u0119 bezpo\u015brednio w plac\u00f3wce medycznej, w innych trzeba przed wizyt\u0105 u lekarza zarejestrowa\u0107 si\u0119 w instytucji ubezpieczeniowej, kt\u00f3ra wyda za\u015bwiadczenie o prawie do nieodp\u0142atnej pomocy medycznej. Szczeg\u00f3\u0142owe informacje dotycz\u0105ce rozwi\u0105za\u0144 przyj\u0119tych w danym kraju dost\u0119pne s\u0105 na stronie internetowej NFZ.<\/span><br \/><span style=\"font-size: 14px; color: var( --e-global-color-text );\">W ka\u017cdym z pa\u0144stw UE\/ EFTA obowi\u0105zuj\u0105 inne zasady udzielania \u015bwiadcze\u0144. Je\u017celi jednak w danym kraju obowi\u0105zuje zasada pokrywania cz\u0119\u015bci koszt\u00f3w \u015bwiadcze\u0144 medycznych przez pacjenta (np. w Belgii, Francji, Niemczech czy Szwecji), polski obywatel b\u0119dzie musia\u0142 najpierw zap\u0142aci\u0107 odpowiedni\u0105 kwot\u0119, a po powrocie do kraju ubiega\u0107 si\u0119 o jej zwrot.<\/span><br \/><span style=\"font-size: 14px; color: var( --e-global-color-text );\">Polacy podejmuj\u0105cy studia w kraju Unii Europejskiej, uprawnieni s\u0105 do korzystania ze wszystkich us\u0142ug medycznych, niezb\u0119dnych do tego, by stan ich zdrowia nie pogorszy\u0142 si\u0119 przez okres nauki. Oznacza to, \u017ce b\u0119d\u0105 mogli leczy\u0107 si\u0119 nie tylko w nag\u0142ych przypadkach (jak tury\u015bci), ale otrzymaj\u0105 pomoc w przypadku przewlek\u0142ej choroby czy konieczno\u015bci skorzystania z porad lekarzy specjalist\u00f3w, jak r\u00f3wnie\u017c wykonania &#8211; na koszt ubezpieczalni &#8211; niezb\u0119dnych bada\u0144 okresowych.<\/span><br \/><span style=\"font-size: 14px; color: var( --e-global-color-text );\">Wi\u0119cej informacji na stronie\u00a0<\/span><a style=\"background-color: #ffffff;\" href=\"https:\/\/www.nfz.gov.pl\/dla-pacjenta\/nasze-zdrowie-w-ue\/\">Narodowego Funduszu Zdrowia<\/a><\/p><\/div>\n\t\t\t\t<\/div>\n\t\t\t\t\t\t\t<div class=\"elementor-toggle-item\">\n\t\t\t\t\t<div id=\"elementor-tab-title-1792\" class=\"elementor-tab-title\" data-tab=\"2\" role=\"button\" aria-controls=\"elementor-tab-content-1792\" aria-expanded=\"false\">\n\t\t\t\t\t\t\t\t\t\t\t\t<span class=\"elementor-toggle-icon elementor-toggle-icon-left\" aria-hidden=\"true\">\n\t\t\t\t\t\t\t\t\t\t\t\t\t\t\t<span class=\"elementor-toggle-icon-closed\"><i class=\"fas fa-caret-right\"><\/i><\/span>\n\t\t\t\t\t\t\t\t<span class=\"elementor-toggle-icon-opened\"><i class=\"elementor-toggle-icon-opened fas fa-caret-up\"><\/i><\/span>\n\t\t\t\t\t\t\t\t\t\t\t\t\t<\/span>\n\t\t\t\t\t\t\t\t\t\t\t\t<a class=\"elementor-toggle-title\" tabindex=\"0\"> 2. POROZUMIENIE O PROGRAMIE ZAJ\u0118\u0106 (LEARNING AGREEMENT FOR STUDIES, LA)<\/a>\n\t\t\t\t\t<\/div>\n\n\t\t\t\t\t<div id=\"elementor-tab-content-1792\" class=\"elementor-tab-content elementor-clearfix\" data-tab=\"2\" role=\"region\" aria-labelledby=\"elementor-tab-title-1792\"><p>Porozumienie o programie zaj\u0119\u0107 (Learning Agreement) to umowa mi\u0119dzy studentem, jego uczelni\u0105 macierzyst\u0105 i uczelni\u0105 przyjmuj\u0105c\u0105, okre\u015blaj\u0105ca program zaj\u0119\u0107, w jakich uczestniczy\u0107 ma student w uczelni partnerskiej oraz liczb\u0119 punkt\u00f3w ECTS, jaka b\u0119dzie przyznana za ich zaliczenie. Program swoich studi\u00f3w za granic\u0105 powinien by\u0107 uzgodniony wcze\u015bniej z dziekanem. W formularzu s\u0105 wyszczeg\u00f3lnione nazwy przedmiot\u00f3w, kt\u00f3re zamierza student studiowa\u0107 oraz tym przedmiotom przyporz\u0105dkowan\u0105 liczb\u0119 punkt\u00f3w ECTS. Stypendysta Erasmusa musi zdoby\u0107 30 ECTS w semestrze, czyli 60 ECTS w ci\u0105gu roku. Porozumienie o programie zaj\u0119\u0107 ma by\u0107 podpisane przez studenta, uczelni\u0105 partnersk\u0105 i dziekana AMiSNS.<\/p><p>\u00a0<\/p><\/div>\n\t\t\t\t<\/div>\n\t\t\t\t\t\t\t<div class=\"elementor-toggle-item\">\n\t\t\t\t\t<div id=\"elementor-tab-title-1793\" class=\"elementor-tab-title\" data-tab=\"3\" role=\"button\" aria-controls=\"elementor-tab-content-1793\" aria-expanded=\"false\">\n\t\t\t\t\t\t\t\t\t\t\t\t<span class=\"elementor-toggle-icon elementor-toggle-icon-left\" aria-hidden=\"true\">\n\t\t\t\t\t\t\t\t\t\t\t\t\t\t\t<span class=\"elementor-toggle-icon-closed\"><i class=\"fas fa-caret-right\"><\/i><\/span>\n\t\t\t\t\t\t\t\t<span class=\"elementor-toggle-icon-opened\"><i class=\"elementor-toggle-icon-opened fas fa-caret-up\"><\/i><\/span>\n\t\t\t\t\t\t\t\t\t\t\t\t\t<\/span>\n\t\t\t\t\t\t\t\t\t\t\t\t<a class=\"elementor-toggle-title\" tabindex=\"0\">3. OLS (ONLINE LINGUISTIC SUPPORT)<\/a>\n\t\t\t\t\t<\/div>\n\n\t\t\t\t\t<div id=\"elementor-tab-content-1793\" class=\"elementor-tab-content elementor-clearfix\" data-tab=\"3\" role=\"region\" aria-labelledby=\"elementor-tab-title-1793\"><p>Erasmus+ Online Linguistic Support (Wsparcie j\u0119zykowe online) jest narz\u0119dziem maj\u0105cym na celu zapewnienie lepszej jako\u015bci mobilno\u015bci poprzez podniesienie kompetencji j\u0119zykowych student\u00f3w programu Erasmus+ w zakresie g\u0142\u00f3wnego j\u0119zyka studi\u00f3w\/praktyki przed rozpocz\u0119ciem mobilno\u015bci lub w trakcie jej trwania.<\/p><p>Od 1 stycznia 2015 roku rol\u0105 studenta uczestnicz\u0105cego w wymianie w programie Erasmus+ jest wype\u0142nienie pierwszego i drugiego testu bieg\u0142o\u015bci j\u0119zykowej przed i na zako\u0144czenie pobytu na stypendium oraz, je\u017celi dotyczy,uczestnictwo w kursie j\u0119zykowym.<\/p><p>Test bieg\u0142o\u015bci j\u0119zykowej student wype\u0142nia w terminie okre\u015blonym przez AMiSNS \u2013 po otrzymaniu informacji z OLS;<\/p><p>Wynik testu przed wyjazdem nie wp\u0142ywa na podj\u0119t\u0105 decyzj\u0119 o wyje\u017adzie.<br \/>Uzyskanie wyniku z testu na poziomie B1, powoduje automatyczne przyporz\u0105dkowanie przez system do osoby kursu j\u0119zykowego on-line.Kurs nie jest obowi\u0105zkowy.<\/p><p>Z wype\u0142nienia testu zwolnione s\u0105 osoby, dla kt\u00f3rych j\u0119zyk wyk\u0142adowy\/praktyki jest j\u0119zykiem ojczystym.<\/p><p>Udzia\u0142 w kursie j\u0119zykowym on-line jest mo\u017cliwy wy\u0142\u0105cznie w j\u0119zyku, w kt\u00f3rym zosta\u0142 wype\u0142niony test bieg\u0142o\u015bci j\u0119zykowej \u2013 zmiana j\u0119zyka kursu po dokonaniu testu bieg\u0142o\u015bci przez uczestnika mobilno\u015bci jest mo\u017cliwa wy\u0142\u0105cznie na zasadzie przyznania nowej licencji przez beneficjenta (nowy test bieg\u0142o\u015bci j\u0119zykowej w innym j\u0119zyku i kurs on-line w innym j\u0119zyku).<\/p><\/div>\n\t\t\t\t<\/div>\n\t\t\t\t\t\t\t<div class=\"elementor-toggle-item\">\n\t\t\t\t\t<div id=\"elementor-tab-title-1794\" class=\"elementor-tab-title\" data-tab=\"4\" role=\"button\" aria-controls=\"elementor-tab-content-1794\" aria-expanded=\"false\">\n\t\t\t\t\t\t\t\t\t\t\t\t<span class=\"elementor-toggle-icon elementor-toggle-icon-left\" aria-hidden=\"true\">\n\t\t\t\t\t\t\t\t\t\t\t\t\t\t\t<span class=\"elementor-toggle-icon-closed\"><i class=\"fas fa-caret-right\"><\/i><\/span>\n\t\t\t\t\t\t\t\t<span class=\"elementor-toggle-icon-opened\"><i class=\"elementor-toggle-icon-opened fas fa-caret-up\"><\/i><\/span>\n\t\t\t\t\t\t\t\t\t\t\t\t\t<\/span>\n\t\t\t\t\t\t\t\t\t\t\t\t<a class=\"elementor-toggle-title\" tabindex=\"0\">4. DECYZJA O PRZYZNANIU STYPENDIUM SOCJALNEGO LUB ORZECZENIA O STOPNIU NIEPE\u0141NOSPRAWNO\u015aCI<\/a>\n\t\t\t\t\t<\/div>\n\n\t\t\t\t\t<div id=\"elementor-tab-content-1794\" class=\"elementor-tab-content elementor-clearfix\" data-tab=\"4\" role=\"region\" aria-labelledby=\"elementor-tab-title-1794\"><p>Dotyczy os\u00f3b z tzw. mniejszymi szansami, kt\u00f3re kwalifikuj\u0105 si\u0119 do otrzymania dodatku.<\/p><\/div>\n\t\t\t\t<\/div>\n\t\t\t\t\t\t\t<div class=\"elementor-toggle-item\">\n\t\t\t\t\t<div id=\"elementor-tab-title-1795\" class=\"elementor-tab-title\" data-tab=\"5\" role=\"button\" aria-controls=\"elementor-tab-content-1795\" aria-expanded=\"false\">\n\t\t\t\t\t\t\t\t\t\t\t\t<span class=\"elementor-toggle-icon elementor-toggle-icon-left\" aria-hidden=\"true\">\n\t\t\t\t\t\t\t\t\t\t\t\t\t\t\t<span class=\"elementor-toggle-icon-closed\"><i class=\"fas fa-caret-right\"><\/i><\/span>\n\t\t\t\t\t\t\t\t<span class=\"elementor-toggle-icon-opened\"><i class=\"elementor-toggle-icon-opened fas fa-caret-up\"><\/i><\/span>\n\t\t\t\t\t\t\t\t\t\t\t\t\t<\/span>\n\t\t\t\t\t\t\t\t\t\t\t\t<a class=\"elementor-toggle-title\" tabindex=\"0\">5. O\u015aWIADCZENIE Z BANKU O POSIADANYM KONCIE BANKOWYM. <\/a>\n\t\t\t\t\t<\/div>\n\n\t\t\t\t\t<div id=\"elementor-tab-content-1795\" class=\"elementor-tab-content elementor-clearfix\" data-tab=\"5\" role=\"region\" aria-labelledby=\"elementor-tab-title-1795\"><p>Nale\u017cy poda\u0107 o\u015bwiadczenie z banku o posiadanym konte bankowym.<\/p><\/div>\n\t\t\t\t<\/div>\n\t\t\t\t\t\t\t<div class=\"elementor-toggle-item\">\n\t\t\t\t\t<div id=\"elementor-tab-title-1796\" class=\"elementor-tab-title\" data-tab=\"6\" role=\"button\" aria-controls=\"elementor-tab-content-1796\" aria-expanded=\"false\">\n\t\t\t\t\t\t\t\t\t\t\t\t<span class=\"elementor-toggle-icon elementor-toggle-icon-left\" aria-hidden=\"true\">\n\t\t\t\t\t\t\t\t\t\t\t\t\t\t\t<span class=\"elementor-toggle-icon-closed\"><i class=\"fas fa-caret-right\"><\/i><\/span>\n\t\t\t\t\t\t\t\t<span class=\"elementor-toggle-icon-opened\"><i class=\"elementor-toggle-icon-opened fas fa-caret-up\"><\/i><\/span>\n\t\t\t\t\t\t\t\t\t\t\t\t\t<\/span>\n\t\t\t\t\t\t\t\t\t\t\t\t<a class=\"elementor-toggle-title\" tabindex=\"0\">6. REJESTRACJA W SERWISIE MINISTERSTWA SPRAW ZAGRANICZNYCH \u201eODYSEUSZ\u201d<\/a>\n\t\t\t\t\t<\/div>\n\n\t\t\t\t\t<div id=\"elementor-tab-content-1796\" class=\"elementor-tab-content elementor-clearfix\" data-tab=\"6\" role=\"region\" aria-labelledby=\"elementor-tab-title-1796\"><p>Zaleca si\u0119, aby Uczestnik zarejestrowa\u0142 si\u0119 w serwisie Odyseusz prowadzonym przez Ministerstwo Spraw Zagranicznych. (odyseusz.msz.gov.pl)<\/p><\/div>\n\t\t\t\t<\/div>\n\t\t\t\t\t\t\t<div class=\"elementor-toggle-item\">\n\t\t\t\t\t<div id=\"elementor-tab-title-1797\" class=\"elementor-tab-title\" data-tab=\"7\" role=\"button\" aria-controls=\"elementor-tab-content-1797\" aria-expanded=\"false\">\n\t\t\t\t\t\t\t\t\t\t\t\t<span class=\"elementor-toggle-icon elementor-toggle-icon-left\" aria-hidden=\"true\">\n\t\t\t\t\t\t\t\t\t\t\t\t\t\t\t<span class=\"elementor-toggle-icon-closed\"><i class=\"fas fa-caret-right\"><\/i><\/span>\n\t\t\t\t\t\t\t\t<span class=\"elementor-toggle-icon-opened\"><i class=\"elementor-toggle-icon-opened fas fa-caret-up\"><\/i><\/span>\n\t\t\t\t\t\t\t\t\t\t\t\t\t<\/span>\n\t\t\t\t\t\t\t\t\t\t\t\t<a class=\"elementor-toggle-title\" tabindex=\"0\">7. PODR\u00d3\u017b, ZAKWATEROWANIE i WY\u017bYWIENIE<\/a>\n\t\t\t\t\t<\/div>\n\n\t\t\t\t\t<div id=\"elementor-tab-content-1797\" class=\"elementor-tab-content elementor-clearfix\" data-tab=\"7\" role=\"region\" aria-labelledby=\"elementor-tab-title-1797\"><p>Koszty podr\u00f3\u017cy oraz zakwaterowania i wy\u017cywienia pokrywane s\u0105 ze stypendium kt\u00f3re wyp\u0142acane jest przez AMiSNS przed wyjazdem. Stypendium wyp\u0142acane jest w Euro natomiast osoby z prawem do stypendium socjalnego i z orzeczonym stopniem niepe\u0142nosprawno\u015bci otrzymuj\u0105 dodatkowe stypendium w PLN.<br \/>Przed rozpocz\u0119ciem mobilno\u015bci student otrzymuj\u0119 80% kwoty stypendium, pozosta\u0142e 20% wyp\u0142acane jest po powrocie z zagranicy i prawid\u0142owym rozliczeniu dokumentacji z wyjazdu.<br \/>W ramach wsp\u00f3\u0142pracy z uczelniami zagranicznymi AMiSNS wspiera swoich student\u00f3w w poszukiwaniu miejsc zakwaterowania (np. akademiki, hostele studenckie), mo\u017cliwe jest tak\u017ce poszukiwanie zakwaterowania we w\u0142asnym zakresie.<\/p><\/div>\n\t\t\t\t<\/div>\n\t\t\t\t\t\t\t<div class=\"elementor-toggle-item\">\n\t\t\t\t\t<div id=\"elementor-tab-title-1798\" class=\"elementor-tab-title\" data-tab=\"8\" role=\"button\" aria-controls=\"elementor-tab-content-1798\" aria-expanded=\"false\">\n\t\t\t\t\t\t\t\t\t\t\t\t<span class=\"elementor-toggle-icon elementor-toggle-icon-left\" aria-hidden=\"true\">\n\t\t\t\t\t\t\t\t\t\t\t\t\t\t\t<span class=\"elementor-toggle-icon-closed\"><i class=\"fas fa-caret-right\"><\/i><\/span>\n\t\t\t\t\t\t\t\t<span class=\"elementor-toggle-icon-opened\"><i class=\"elementor-toggle-icon-opened fas fa-caret-up\"><\/i><\/span>\n\t\t\t\t\t\t\t\t\t\t\t\t\t<\/span>\n\t\t\t\t\t\t\t\t\t\t\t\t<a class=\"elementor-toggle-title\" tabindex=\"0\">8. POTWIERDZENIE POBYTU (CONFIRMATION OF STAY)<\/a>\n\t\t\t\t\t<\/div>\n\n\t\t\t\t\t<div id=\"elementor-tab-content-1798\" class=\"elementor-tab-content elementor-clearfix\" data-tab=\"8\" role=\"region\" aria-labelledby=\"elementor-tab-title-1798\"><p>Uczestnik musi dostarczy\u0107 za\u015bwiadczenie z instytucji przyjmuj\u0105cej potwierdzaj\u0105ce okres pobytu, zawieraj\u0105ce faktyczn\u0105 dat\u0119 rozpocz\u0119cia i zako\u0144czenia mobilno\u015bci. Po powrocie z wyjazdu Uczestnik musi rozliczy\u0107 si\u0119 z AMiSNS w ci\u0105gu 5 dni od zako\u0144czenia wyjazdu okre\u015blonego w li\u015bcie potwierdzaj\u0105cym &#8211; Confirmation Of Stay.<\/p><\/div>\n\t\t\t\t<\/div>\n\t\t\t\t\t\t\t<div class=\"elementor-toggle-item\">\n\t\t\t\t\t<div id=\"elementor-tab-title-1799\" class=\"elementor-tab-title\" data-tab=\"9\" role=\"button\" aria-controls=\"elementor-tab-content-1799\" aria-expanded=\"false\">\n\t\t\t\t\t\t\t\t\t\t\t\t<span class=\"elementor-toggle-icon elementor-toggle-icon-left\" aria-hidden=\"true\">\n\t\t\t\t\t\t\t\t\t\t\t\t\t\t\t<span class=\"elementor-toggle-icon-closed\"><i class=\"fas fa-caret-right\"><\/i><\/span>\n\t\t\t\t\t\t\t\t<span class=\"elementor-toggle-icon-opened\"><i class=\"elementor-toggle-icon-opened fas fa-caret-up\"><\/i><\/span>\n\t\t\t\t\t\t\t\t\t\t\t\t\t<\/span>\n\t\t\t\t\t\t\t\t\t\t\t\t<a class=\"elementor-toggle-title\" tabindex=\"0\">9. WYKAZ ZALICZE\u0143 (TRANSCRIPT OF RECORDS)<\/a>\n\t\t\t\t\t<\/div>\n\n\t\t\t\t\t<div id=\"elementor-tab-content-1799\" class=\"elementor-tab-content elementor-clearfix\" data-tab=\"9\" role=\"region\" aria-labelledby=\"elementor-tab-title-1799\"><p>Jest to wykaz wszystkich najwa\u017cniejszych zalicze\u0144 uzyskanych na uczelni macierzystej. Tutaj powinny by\u0107 zawarte wszystkie stopnie ze zdanych przez studenta egzamin\u00f3w w dotychczasowym okresie studi\u00f3w. Transcript of Records potwierdza dziekanat.<\/p><\/div>\n\t\t\t\t<\/div>\n\t\t\t\t\t\t\t<div class=\"elementor-toggle-item\">\n\t\t\t\t\t<div id=\"elementor-tab-title-17910\" class=\"elementor-tab-title\" data-tab=\"10\" role=\"button\" aria-controls=\"elementor-tab-content-17910\" aria-expanded=\"false\">\n\t\t\t\t\t\t\t\t\t\t\t\t<span class=\"elementor-toggle-icon elementor-toggle-icon-left\" aria-hidden=\"true\">\n\t\t\t\t\t\t\t\t\t\t\t\t\t\t\t<span class=\"elementor-toggle-icon-closed\"><i class=\"fas fa-caret-right\"><\/i><\/span>\n\t\t\t\t\t\t\t\t<span class=\"elementor-toggle-icon-opened\"><i class=\"elementor-toggle-icon-opened fas fa-caret-up\"><\/i><\/span>\n\t\t\t\t\t\t\t\t\t\t\t\t\t<\/span>\n\t\t\t\t\t\t\t\t\t\t\t\t<a class=\"elementor-toggle-title\" tabindex=\"0\">   10. SK\u0141ADANIE RAPORT\u00d3W<\/a>\n\t\t\t\t\t<\/div>\n\n\t\t\t\t\t<div id=\"elementor-tab-content-17910\" class=\"elementor-tab-content elementor-clearfix\" data-tab=\"10\" role=\"region\" aria-labelledby=\"elementor-tab-title-17910\"><p>Do z\u0142o\u017cenia raportu indywidualnego zobowi\u0105zany jest ka\u017cdy uczestnik mobilno\u015bci. Zgodnie z zapisami umowy, raport nale\u017cy z\u0142o\u017cy\u0107 maksymalnie w ci\u0105gu 30 dni od otrzymania wezwania do z\u0142o\u017cenia raportu. System wy\u015ble \u200b\u200bautomatycznie uczestnikowi mailowe wezwanie do z\u0142o\u017cenia raportu od razu po terminie zako\u0144czenia mobilno\u015bci. W emailu podany b\u0119dzie link do raportu. Raport Uczestnika ma form\u0119 ankiety online, zawieraj\u0105cej g\u0142\u00f3wnie pytania zamkni\u0119te.<\/p><p>Brak kt\u00f3regokolwiek z dokument\u00f3w lub raportu mo\u017ce by\u0107 podstaw\u0105 wezwania studenta do zwrotu ca\u0142ego wyp\u0142aconego mu stypendium UE.<\/p><\/div>\n\t\t\t\t<\/div>\n\t\t\t\t\t\t\t\t<\/div>\n\t\t\t\t<\/div>\n\t\t\t\t<\/div>\n\t\t\t\t\t<\/div>\n\t\t<\/div>\n\t\t\t\t\t<\/div>\n\t\t<\/section>\n\t\t\t\t<section class=\"elementor-section elementor-top-section elementor-element elementor-element-1c5f0e9 animated-slow elementor-section-boxed elementor-section-height-default elementor-section-height-default elementor-invisible\" data-id=\"1c5f0e9\" data-element_type=\"section\" data-settings=\"{&quot;animation&quot;:&quot;fadeIn&quot;}\">\n\t\t\t\t\t\t<div class=\"elementor-container elementor-column-gap-default\">\n\t\t\t\t\t<div class=\"elementor-column elementor-col-100 elementor-top-column elementor-element elementor-element-32d2073\" data-id=\"32d2073\" data-element_type=\"column\">\n\t\t\t<div class=\"elementor-widget-wrap elementor-element-populated\">\n\t\t\t\t\t\t<div class=\"elementor-element elementor-element-9e5c928 elementor-widget elementor-widget-heading\" data-id=\"9e5c928\" data-element_type=\"widget\" data-widget_type=\"heading.default\">\n\t\t\t\t<div class=\"elementor-widget-container\">\n\t\t\t<h2 class=\"elementor-heading-title elementor-size-default\">Najwa\u017cniejsze dokumenty:<\/h2>\t\t<\/div>\n\t\t\t\t<\/div>\n\t\t\t\t\t<\/div>\n\t\t<\/div>\n\t\t\t\t\t<\/div>\n\t\t<\/section>\n\t\t\t\t<section class=\"elementor-section elementor-top-section elementor-element elementor-element-fdfc085 animated-slow elementor-section-boxed elementor-section-height-default elementor-section-height-default elementor-invisible\" data-id=\"fdfc085\" data-element_type=\"section\" data-settings=\"{&quot;animation&quot;:&quot;fadeIn&quot;}\">\n\t\t\t\t\t\t<div class=\"elementor-container elementor-column-gap-default\">\n\t\t\t\t\t<div class=\"elementor-column elementor-col-100 elementor-top-column elementor-element elementor-element-245b5a9\" data-id=\"245b5a9\" data-element_type=\"column\">\n\t\t\t<div class=\"elementor-widget-wrap elementor-element-populated\">\n\t\t\t\t\t\t<div class=\"elementor-element elementor-element-3cfcd8e elementor-widget elementor-widget-toggle\" data-id=\"3cfcd8e\" data-element_type=\"widget\" data-widget_type=\"toggle.default\">\n\t\t\t\t<div class=\"elementor-widget-container\">\n\t\t\t\t\t<div class=\"elementor-toggle\">\n\t\t\t\t\t\t\t<div class=\"elementor-toggle-item\">\n\t\t\t\t\t<div id=\"elementor-tab-title-6391\" class=\"elementor-tab-title\" data-tab=\"1\" role=\"button\" aria-controls=\"elementor-tab-content-6391\" aria-expanded=\"false\">\n\t\t\t\t\t\t\t\t\t\t\t\t<span class=\"elementor-toggle-icon elementor-toggle-icon-left\" aria-hidden=\"true\">\n\t\t\t\t\t\t\t\t\t\t\t\t\t\t\t<span class=\"elementor-toggle-icon-closed\"><i class=\"fas fa-caret-right\"><\/i><\/span>\n\t\t\t\t\t\t\t\t<span class=\"elementor-toggle-icon-opened\"><i class=\"elementor-toggle-icon-opened fas fa-caret-up\"><\/i><\/span>\n\t\t\t\t\t\t\t\t\t\t\t\t\t<\/span>\n\t\t\t\t\t\t\t\t\t\t\t\t<a class=\"elementor-toggle-title\" tabindex=\"0\">Formularz zg\u0142oszeniowy<\/a>\n\t\t\t\t\t<\/div>\n\n\t\t\t\t\t<div id=\"elementor-tab-content-6391\" class=\"elementor-tab-content elementor-clearfix\" data-tab=\"1\" role=\"region\" aria-labelledby=\"elementor-tab-title-6391\"><p><a href=\"https:\/\/forms.office.com\/Pages\/ResponsePage.aspx?id=zVN-xz8eRU2wb1vMq8MQaHbkAxYAnbpPgtHqqADidnRUQ1lLUVhCSFpLQlhaRU00RlkxQ0k5Tk1LWC4u\">Formularz zg\u0142oszeniowy<\/a><\/p><\/div>\n\t\t\t\t<\/div>\n\t\t\t\t\t\t\t<div class=\"elementor-toggle-item\">\n\t\t\t\t\t<div id=\"elementor-tab-title-6392\" class=\"elementor-tab-title\" data-tab=\"2\" role=\"button\" aria-controls=\"elementor-tab-content-6392\" aria-expanded=\"false\">\n\t\t\t\t\t\t\t\t\t\t\t\t<span class=\"elementor-toggle-icon elementor-toggle-icon-left\" aria-hidden=\"true\">\n\t\t\t\t\t\t\t\t\t\t\t\t\t\t\t<span class=\"elementor-toggle-icon-closed\"><i class=\"fas fa-caret-right\"><\/i><\/span>\n\t\t\t\t\t\t\t\t<span class=\"elementor-toggle-icon-opened\"><i class=\"elementor-toggle-icon-opened fas fa-caret-up\"><\/i><\/span>\n\t\t\t\t\t\t\t\t\t\t\t\t\t<\/span>\n\t\t\t\t\t\t\t\t\t\t\t\t<a class=\"elementor-toggle-title\" tabindex=\"0\">Karta Studenta Erasmusa<\/a>\n\t\t\t\t\t<\/div>\n\n\t\t\t\t\t<div id=\"elementor-tab-content-6392\" class=\"elementor-tab-content elementor-clearfix\" data-tab=\"2\" role=\"region\" aria-labelledby=\"elementor-tab-title-6392\"><ul><li><a href=\"https:\/\/amisns.edu.pl\/wp-content\/uploads\/Karta-studenta-erasmusa.pdf\">Karta Studenta Erasmusa (plik do pobrania<\/a><a href=\"https:\/\/amisns.edu.pl\/wp-content\/uploads\/Karta-studenta-erasmusa.pdf\">)<\/a><\/li><\/ul><\/div>\n\t\t\t\t<\/div>\n\t\t\t\t\t\t\t<div class=\"elementor-toggle-item\">\n\t\t\t\t\t<div id=\"elementor-tab-title-6393\" class=\"elementor-tab-title\" data-tab=\"3\" role=\"button\" aria-controls=\"elementor-tab-content-6393\" aria-expanded=\"false\">\n\t\t\t\t\t\t\t\t\t\t\t\t<span class=\"elementor-toggle-icon elementor-toggle-icon-left\" aria-hidden=\"true\">\n\t\t\t\t\t\t\t\t\t\t\t\t\t\t\t<span class=\"elementor-toggle-icon-closed\"><i class=\"fas fa-caret-right\"><\/i><\/span>\n\t\t\t\t\t\t\t\t<span class=\"elementor-toggle-icon-opened\"><i class=\"elementor-toggle-icon-opened fas fa-caret-up\"><\/i><\/span>\n\t\t\t\t\t\t\t\t\t\t\t\t\t<\/span>\n\t\t\t\t\t\t\t\t\t\t\t\t<a class=\"elementor-toggle-title\" tabindex=\"0\">Stawki stypendialne dla student\u00f3w<\/a>\n\t\t\t\t\t<\/div>\n\n\t\t\t\t\t<div id=\"elementor-tab-content-6393\" class=\"elementor-tab-content elementor-clearfix\" data-tab=\"3\" role=\"region\" aria-labelledby=\"elementor-tab-title-6393\"><ul><li><a href=\"https:\/\/amisns.edu.pl\/wp-content\/uploads\/Stawki-stypendialne-Studenci_2023_ka131.pdf\">Stawki stypendialne dla student\u00f3w (plik do pobrania)<\/a><\/li><\/ul><\/div>\n\t\t\t\t<\/div>\n\t\t\t\t\t\t\t<div class=\"elementor-toggle-item\">\n\t\t\t\t\t<div id=\"elementor-tab-title-6394\" class=\"elementor-tab-title\" data-tab=\"4\" role=\"button\" aria-controls=\"elementor-tab-content-6394\" aria-expanded=\"false\">\n\t\t\t\t\t\t\t\t\t\t\t\t<span class=\"elementor-toggle-icon elementor-toggle-icon-left\" aria-hidden=\"true\">\n\t\t\t\t\t\t\t\t\t\t\t\t\t\t\t<span class=\"elementor-toggle-icon-closed\"><i class=\"fas fa-caret-right\"><\/i><\/span>\n\t\t\t\t\t\t\t\t<span class=\"elementor-toggle-icon-opened\"><i class=\"elementor-toggle-icon-opened fas fa-caret-up\"><\/i><\/span>\n\t\t\t\t\t\t\t\t\t\t\t\t\t<\/span>\n\t\t\t\t\t\t\t\t\t\t\t\t<a class=\"elementor-toggle-title\" tabindex=\"0\">Procedura zaliczania okresu studi\u00f3w<\/a>\n\t\t\t\t\t<\/div>\n\n\t\t\t\t\t<div id=\"elementor-tab-content-6394\" class=\"elementor-tab-content elementor-clearfix\" data-tab=\"4\" role=\"region\" aria-labelledby=\"elementor-tab-title-6394\"><ul><li><a href=\"https:\/\/amisns.edu.pl\/wp-content\/uploads\/Procedura-zaliczania-okresu-studiow.pdf\">Procedura zaliczania okresu studi\u00f3w<\/a><\/li><\/ul><\/div>\n\t\t\t\t<\/div>\n\t\t\t\t\t\t\t<div class=\"elementor-toggle-item\">\n\t\t\t\t\t<div id=\"elementor-tab-title-6395\" class=\"elementor-tab-title\" data-tab=\"5\" role=\"button\" aria-controls=\"elementor-tab-content-6395\" aria-expanded=\"false\">\n\t\t\t\t\t\t\t\t\t\t\t\t<span class=\"elementor-toggle-icon elementor-toggle-icon-left\" aria-hidden=\"true\">\n\t\t\t\t\t\t\t\t\t\t\t\t\t\t\t<span class=\"elementor-toggle-icon-closed\"><i class=\"fas fa-caret-right\"><\/i><\/span>\n\t\t\t\t\t\t\t\t<span class=\"elementor-toggle-icon-opened\"><i class=\"elementor-toggle-icon-opened fas fa-caret-up\"><\/i><\/span>\n\t\t\t\t\t\t\t\t\t\t\t\t\t<\/span>\n\t\t\t\t\t\t\t\t\t\t\t\t<a class=\"elementor-toggle-title\" tabindex=\"0\">Klauzula RODO Erasmus+<\/a>\n\t\t\t\t\t<\/div>\n\n\t\t\t\t\t<div id=\"elementor-tab-content-6395\" class=\"elementor-tab-content elementor-clearfix\" data-tab=\"5\" role=\"region\" aria-labelledby=\"elementor-tab-title-6395\"><p><a href=\"https:\/\/amisns.edu.pl\/wp-content\/uploads\/Klauzula-RODO-ERASMUS_Student.doc\">Klauzula RODO<\/a><\/p><\/div>\n\t\t\t\t<\/div>\n\t\t\t\t\t\t\t\t<\/div>\n\t\t\t\t<\/div>\n\t\t\t\t<\/div>\n\t\t\t\t\t<\/div>\n\t\t<\/div>\n\t\t\t\t\t<\/div>\n\t\t<\/section>\n\t\t\t\t<\/div>\n\t\t","protected":false},"excerpt":{"rendered":"<p>ERASMUS+ Student Program Erasmus+ dla Studenta AMiSNS Program wspiera fizyczn\u0105 i mieszan\u0105 mobilno\u015b\u0107 student\u00f3w wszystkich kierunk\u00f3w i cykl\u00f3w studi\u00f3w za granic\u0105 w krajach uprawnionych do uczestnictwa w akcjach Erasmus+. Formularz zg\u0142oszeniowy studenta AMiSNS do udzia\u0142u w programie Erasmus+ Kraje uprawnione Pa\u0144stwa cz\u0142onkowskie Unii Europejskiej (UE) Belgia , Bu\u0142garia, Czechy , Dania , Niemcy , Estonia [&hellip;]<\/p>\n","protected":false},"author":2,"featured_media":0,"parent":66,"menu_order":0,"comment_status":"closed","ping_status":"closed","template":"elementor_header_footer","meta":{"ocean_post_layout":"","ocean_both_sidebars_style":"","ocean_both_sidebars_content_width":0,"ocean_both_sidebars_sidebars_width":0,"ocean_sidebar":"0","ocean_second_sidebar":"0","ocean_disable_margins":"enable","ocean_add_body_class":"","ocean_shortcode_before_top_bar":"","ocean_shortcode_after_top_bar":"","ocean_shortcode_before_header":"","ocean_shortcode_after_header":"","ocean_has_shortcode":"","ocean_shortcode_after_title":"","ocean_shortcode_before_footer_widgets":"","ocean_shortcode_after_footer_widgets":"","ocean_shortcode_before_footer_bottom":"","ocean_shortcode_after_footer_bottom":"","ocean_display_top_bar":"default","ocean_display_header":"default","ocean_header_style":"","ocean_center_header_left_menu":"0","ocean_custom_header_template":"0","ocean_custom_logo":0,"ocean_custom_retina_logo":0,"ocean_custom_logo_max_width":0,"ocean_custom_logo_tablet_max_width":0,"ocean_custom_logo_mobile_max_width":0,"ocean_custom_logo_max_height":0,"ocean_custom_logo_tablet_max_height":0,"ocean_custom_logo_mobile_max_height":0,"ocean_header_custom_menu":"0","ocean_menu_typo_font_family":"0","ocean_menu_typo_font_subset":"","ocean_menu_typo_font_size":0,"ocean_menu_typo_font_size_tablet":0,"ocean_menu_typo_font_size_mobile":0,"ocean_menu_typo_font_size_unit":"px","ocean_menu_typo_font_weight":"","ocean_menu_typo_font_weight_tablet":"","ocean_menu_typo_font_weight_mobile":"","ocean_menu_typo_transform":"","ocean_menu_typo_transform_tablet":"","ocean_menu_typo_transform_mobile":"","ocean_menu_typo_line_height":0,"ocean_menu_typo_line_height_tablet":0,"ocean_menu_typo_line_height_mobile":0,"ocean_menu_typo_line_height_unit":"","ocean_menu_typo_spacing":0,"ocean_menu_typo_spacing_tablet":0,"ocean_menu_typo_spacing_mobile":0,"ocean_menu_typo_spacing_unit":"","ocean_menu_link_color":"","ocean_menu_link_color_hover":"","ocean_menu_link_color_active":"","ocean_menu_link_background":"","ocean_menu_link_hover_background":"","ocean_menu_link_active_background":"","ocean_menu_social_links_bg":"","ocean_menu_social_hover_links_bg":"","ocean_menu_social_links_color":"","ocean_menu_social_hover_links_color":"","ocean_disable_title":"default","ocean_disable_heading":"default","ocean_post_title":"","ocean_post_subheading":"","ocean_post_title_style":"","ocean_post_title_background_color":"","ocean_post_title_background":0,"ocean_post_title_bg_image_position":"","ocean_post_title_bg_image_attachment":"","ocean_post_title_bg_image_repeat":"","ocean_post_title_bg_image_size":"","ocean_post_title_height":0,"ocean_post_title_bg_overlay":0.5,"ocean_post_title_bg_overlay_color":"","ocean_disable_breadcrumbs":"default","ocean_breadcrumbs_color":"","ocean_breadcrumbs_separator_color":"","ocean_breadcrumbs_links_color":"","ocean_breadcrumbs_links_hover_color":"","ocean_display_footer_widgets":"default","ocean_display_footer_bottom":"default","ocean_custom_footer_template":"0","footnotes":""},"class_list":["post-4734","page","type-page","status-publish","hentry","entry"],"yoast_head":"<!-- This site is optimized with the Yoast SEO plugin v23.7 - https:\/\/yoast.com\/wordpress\/plugins\/seo\/ -->\n<title>Erasmus+ Student - AMISNS<\/title>\n<meta name=\"robots\" content=\"noindex, follow, max-snippet:-1, max-image-preview:large, max-video-preview:-1\" \/>\n<meta property=\"og:locale\" content=\"pl_PL\" \/>\n<meta property=\"og:type\" content=\"article\" \/>\n<meta property=\"og:title\" content=\"Erasmus+ Student - AMISNS\" \/>\n<meta property=\"og:description\" content=\"ERASMUS+ Student Program Erasmus+ dla Studenta AMiSNS Program wspiera fizyczn\u0105 i mieszan\u0105 mobilno\u015b\u0107 student\u00f3w wszystkich kierunk\u00f3w i cykl\u00f3w studi\u00f3w za granic\u0105 w krajach uprawnionych do uczestnictwa w akcjach Erasmus+. Formularz zg\u0142oszeniowy studenta AMiSNS do udzia\u0142u w programie Erasmus+ Kraje uprawnione Pa\u0144stwa cz\u0142onkowskie Unii Europejskiej (UE) Belgia , Bu\u0142garia, Czechy , Dania , Niemcy , Estonia [&hellip;]\" \/>\n<meta property=\"og:url\" content=\"https:\/\/amisns.edu.pl\/stara-wersja\/homepage\/dla-studenta\/erasmus-student\/\" \/>\n<meta property=\"og:site_name\" content=\"AMISNS\" \/>\n<meta property=\"article:publisher\" content=\"https:\/\/www.facebook.com\/AMiSNSElblag\" \/>\n<meta property=\"article:modified_time\" content=\"2024-01-11T11:13:58+00:00\" \/>\n<meta name=\"twitter:card\" content=\"summary_large_image\" \/>\n<meta name=\"twitter:label1\" content=\"Szacowany czas czytania\" \/>\n\t<meta name=\"twitter:data1\" content=\"31 minut\" \/>\n<script type=\"application\/ld+json\" class=\"yoast-schema-graph\">{\"@context\":\"https:\/\/schema.org\",\"@graph\":[{\"@type\":\"WebPage\",\"@id\":\"https:\/\/amisns.edu.pl\/stara-wersja\/homepage\/dla-studenta\/erasmus-student\/\",\"url\":\"https:\/\/amisns.edu.pl\/stara-wersja\/homepage\/dla-studenta\/erasmus-student\/\",\"name\":\"Erasmus+ Student - AMISNS\",\"isPartOf\":{\"@id\":\"https:\/\/amisns.edu.pl\/stara-wersja\/stara-wersja\/#website\"},\"datePublished\":\"2023-01-12T01:15:25+00:00\",\"dateModified\":\"2024-01-11T11:13:58+00:00\",\"breadcrumb\":{\"@id\":\"https:\/\/amisns.edu.pl\/stara-wersja\/homepage\/dla-studenta\/erasmus-student\/#breadcrumb\"},\"inLanguage\":\"pl-PL\",\"potentialAction\":[{\"@type\":\"ReadAction\",\"target\":[\"https:\/\/amisns.edu.pl\/stara-wersja\/homepage\/dla-studenta\/erasmus-student\/\"]}]},{\"@type\":\"BreadcrumbList\",\"@id\":\"https:\/\/amisns.edu.pl\/stara-wersja\/homepage\/dla-studenta\/erasmus-student\/#breadcrumb\",\"itemListElement\":[{\"@type\":\"ListItem\",\"position\":1,\"name\":\"Strona g\u0142\u00f3wna\",\"item\":\"https:\/\/amisns.edu.pl\/stara-wersja\/\"},{\"@type\":\"ListItem\",\"position\":2,\"name\":\"Homepage\",\"item\":\"https:\/\/amisns.edu.pl\/stara-wersja\/\"},{\"@type\":\"ListItem\",\"position\":3,\"name\":\"Dla studenta\",\"item\":\"https:\/\/amisns.edu.pl\/stara-wersja\/homepage\/dla-studenta\/\"},{\"@type\":\"ListItem\",\"position\":4,\"name\":\"Erasmus+ Student\"}]},{\"@type\":\"WebSite\",\"@id\":\"https:\/\/amisns.edu.pl\/stara-wersja\/stara-wersja\/#website\",\"url\":\"https:\/\/amisns.edu.pl\/stara-wersja\/stara-wersja\/\",\"name\":\"AMISNS\",\"description\":\"Akademia Medycznych i Spo\u0142ecznych nauk stosowanych\",\"publisher\":{\"@id\":\"https:\/\/amisns.edu.pl\/stara-wersja\/stara-wersja\/#organization\"},\"potentialAction\":[{\"@type\":\"SearchAction\",\"target\":{\"@type\":\"EntryPoint\",\"urlTemplate\":\"https:\/\/amisns.edu.pl\/stara-wersja\/stara-wersja\/?s={search_term_string}\"},\"query-input\":{\"@type\":\"PropertyValueSpecification\",\"valueRequired\":true,\"valueName\":\"search_term_string\"}}],\"inLanguage\":\"pl-PL\"},{\"@type\":\"Organization\",\"@id\":\"https:\/\/amisns.edu.pl\/stara-wersja\/stara-wersja\/#organization\",\"name\":\"AMISNS\",\"url\":\"https:\/\/amisns.edu.pl\/stara-wersja\/stara-wersja\/\",\"logo\":{\"@type\":\"ImageObject\",\"inLanguage\":\"pl-PL\",\"@id\":\"https:\/\/amisns.edu.pl\/stara-wersja\/stara-wersja\/#\/schema\/logo\/image\/\",\"url\":\"https:\/\/amisns.edu.pl\/stara-wersja\/wp-content\/uploads\/2022\/12\/Znak-AMiSNS-na-strone-www-4k.png\",\"contentUrl\":\"https:\/\/amisns.edu.pl\/stara-wersja\/wp-content\/uploads\/2022\/12\/Znak-AMiSNS-na-strone-www-4k.png\",\"width\":1920,\"height\":523,\"caption\":\"AMISNS\"},\"image\":{\"@id\":\"https:\/\/amisns.edu.pl\/stara-wersja\/stara-wersja\/#\/schema\/logo\/image\/\"},\"sameAs\":[\"https:\/\/www.facebook.com\/AMiSNSElblag\"]}]}<\/script>\n<!-- \/ Yoast SEO plugin. -->","yoast_head_json":{"title":"Erasmus+ Student - AMISNS","robots":{"index":"noindex","follow":"follow","max-snippet":"max-snippet:-1","max-image-preview":"max-image-preview:large","max-video-preview":"max-video-preview:-1"},"og_locale":"pl_PL","og_type":"article","og_title":"Erasmus+ Student - AMISNS","og_description":"ERASMUS+ Student Program Erasmus+ dla Studenta AMiSNS Program wspiera fizyczn\u0105 i mieszan\u0105 mobilno\u015b\u0107 student\u00f3w wszystkich kierunk\u00f3w i cykl\u00f3w studi\u00f3w za granic\u0105 w krajach uprawnionych do uczestnictwa w akcjach Erasmus+. Formularz zg\u0142oszeniowy studenta AMiSNS do udzia\u0142u w programie Erasmus+ Kraje uprawnione Pa\u0144stwa cz\u0142onkowskie Unii Europejskiej (UE) Belgia , Bu\u0142garia, Czechy , Dania , Niemcy , Estonia [&hellip;]","og_url":"https:\/\/amisns.edu.pl\/stara-wersja\/homepage\/dla-studenta\/erasmus-student\/","og_site_name":"AMISNS","article_publisher":"https:\/\/www.facebook.com\/AMiSNSElblag","article_modified_time":"2024-01-11T11:13:58+00:00","twitter_card":"summary_large_image","twitter_misc":{"Szacowany czas czytania":"31 minut"},"schema":{"@context":"https:\/\/schema.org","@graph":[{"@type":"WebPage","@id":"https:\/\/amisns.edu.pl\/stara-wersja\/homepage\/dla-studenta\/erasmus-student\/","url":"https:\/\/amisns.edu.pl\/stara-wersja\/homepage\/dla-studenta\/erasmus-student\/","name":"Erasmus+ Student - AMISNS","isPartOf":{"@id":"https:\/\/amisns.edu.pl\/stara-wersja\/stara-wersja\/#website"},"datePublished":"2023-01-12T01:15:25+00:00","dateModified":"2024-01-11T11:13:58+00:00","breadcrumb":{"@id":"https:\/\/amisns.edu.pl\/stara-wersja\/homepage\/dla-studenta\/erasmus-student\/#breadcrumb"},"inLanguage":"pl-PL","potentialAction":[{"@type":"ReadAction","target":["https:\/\/amisns.edu.pl\/stara-wersja\/homepage\/dla-studenta\/erasmus-student\/"]}]},{"@type":"BreadcrumbList","@id":"https:\/\/amisns.edu.pl\/stara-wersja\/homepage\/dla-studenta\/erasmus-student\/#breadcrumb","itemListElement":[{"@type":"ListItem","position":1,"name":"Strona g\u0142\u00f3wna","item":"https:\/\/amisns.edu.pl\/stara-wersja\/"},{"@type":"ListItem","position":2,"name":"Homepage","item":"https:\/\/amisns.edu.pl\/stara-wersja\/"},{"@type":"ListItem","position":3,"name":"Dla studenta","item":"https:\/\/amisns.edu.pl\/stara-wersja\/homepage\/dla-studenta\/"},{"@type":"ListItem","position":4,"name":"Erasmus+ Student"}]},{"@type":"WebSite","@id":"https:\/\/amisns.edu.pl\/stara-wersja\/stara-wersja\/#website","url":"https:\/\/amisns.edu.pl\/stara-wersja\/stara-wersja\/","name":"AMISNS","description":"Akademia Medycznych i Spo\u0142ecznych nauk stosowanych","publisher":{"@id":"https:\/\/amisns.edu.pl\/stara-wersja\/stara-wersja\/#organization"},"potentialAction":[{"@type":"SearchAction","target":{"@type":"EntryPoint","urlTemplate":"https:\/\/amisns.edu.pl\/stara-wersja\/stara-wersja\/?s={search_term_string}"},"query-input":{"@type":"PropertyValueSpecification","valueRequired":true,"valueName":"search_term_string"}}],"inLanguage":"pl-PL"},{"@type":"Organization","@id":"https:\/\/amisns.edu.pl\/stara-wersja\/stara-wersja\/#organization","name":"AMISNS","url":"https:\/\/amisns.edu.pl\/stara-wersja\/stara-wersja\/","logo":{"@type":"ImageObject","inLanguage":"pl-PL","@id":"https:\/\/amisns.edu.pl\/stara-wersja\/stara-wersja\/#\/schema\/logo\/image\/","url":"https:\/\/amisns.edu.pl\/stara-wersja\/wp-content\/uploads\/2022\/12\/Znak-AMiSNS-na-strone-www-4k.png","contentUrl":"https:\/\/amisns.edu.pl\/stara-wersja\/wp-content\/uploads\/2022\/12\/Znak-AMiSNS-na-strone-www-4k.png","width":1920,"height":523,"caption":"AMISNS"},"image":{"@id":"https:\/\/amisns.edu.pl\/stara-wersja\/stara-wersja\/#\/schema\/logo\/image\/"},"sameAs":["https:\/\/www.facebook.com\/AMiSNSElblag"]}]}},"_links":{"self":[{"href":"https:\/\/amisns.edu.pl\/stara-wersja\/wp-json\/wp\/v2\/pages\/4734"}],"collection":[{"href":"https:\/\/amisns.edu.pl\/stara-wersja\/wp-json\/wp\/v2\/pages"}],"about":[{"href":"https:\/\/amisns.edu.pl\/stara-wersja\/wp-json\/wp\/v2\/types\/page"}],"author":[{"embeddable":true,"href":"https:\/\/amisns.edu.pl\/stara-wersja\/wp-json\/wp\/v2\/users\/2"}],"replies":[{"embeddable":true,"href":"https:\/\/amisns.edu.pl\/stara-wersja\/wp-json\/wp\/v2\/comments?post=4734"}],"version-history":[{"count":303,"href":"https:\/\/amisns.edu.pl\/stara-wersja\/wp-json\/wp\/v2\/pages\/4734\/revisions"}],"predecessor-version":[{"id":17195,"href":"https:\/\/amisns.edu.pl\/stara-wersja\/wp-json\/wp\/v2\/pages\/4734\/revisions\/17195"}],"up":[{"embeddable":true,"href":"https:\/\/amisns.edu.pl\/stara-wersja\/wp-json\/wp\/v2\/pages\/66"}],"wp:attachment":[{"href":"https:\/\/amisns.edu.pl\/stara-wersja\/wp-json\/wp\/v2\/media?parent=4734"}],"curies":[{"name":"wp","href":"https:\/\/api.w.org\/{rel}","templated":true}]}}