{"id":4735,"date":"2023-01-12T02:15:28","date_gmt":"2023-01-12T01:15:28","guid":{"rendered":"http:\/\/wordpress2247503.home.pl\/public_html\/amisns.edu.pl\/?page_id=4735"},"modified":"2024-08-06T09:29:03","modified_gmt":"2024-08-06T08:29:03","slug":"erasmus-kadra","status":"publish","type":"page","link":"https:\/\/amisns.edu.pl\/stara-wersja\/homepage\/dla-studenta\/erasmus-kadra\/","title":{"rendered":"Erasmus+ Kadra"},"content":{"rendered":"\t\t<div data-elementor-type=\"wp-page\" data-elementor-id=\"4735\" class=\"elementor elementor-4735\" data-elementor-post-type=\"page\">\n\t\t\t\t\t\t<section class=\"elementor-section elementor-top-section elementor-element elementor-element-fbea602 elementor-section-boxed elementor-section-height-default elementor-section-height-default\" data-id=\"fbea602\" data-element_type=\"section\">\n\t\t\t\t\t\t<div class=\"elementor-container elementor-column-gap-default\">\n\t\t\t\t\t<div class=\"elementor-column elementor-col-100 elementor-top-column elementor-element elementor-element-987bd42\" data-id=\"987bd42\" data-element_type=\"column\">\n\t\t\t<div class=\"elementor-widget-wrap elementor-element-populated\">\n\t\t\t\t\t\t<div class=\"elementor-element elementor-element-cc3925b elementor-widget elementor-widget-template\" data-id=\"cc3925b\" data-element_type=\"widget\" data-widget_type=\"template.default\">\n\t\t\t\t<div class=\"elementor-widget-container\">\n\t\t\t\t\t<div class=\"elementor-template\">\n\t\t\t\t\t<div data-elementor-type=\"section\" data-elementor-id=\"4758\" class=\"elementor elementor-4758\" data-elementor-post-type=\"elementor_library\">\n\t\t\t\t\t<section class=\"elementor-section elementor-top-section elementor-element elementor-element-6857f17d elementor-section-content-middle elementor-section-boxed elementor-section-height-default elementor-section-height-default\" data-id=\"6857f17d\" data-element_type=\"section\">\n\t\t\t\t\t\t<div class=\"elementor-container elementor-column-gap-default\">\n\t\t\t\t\t<div class=\"elementor-column elementor-col-100 elementor-top-column elementor-element elementor-element-5ed0866c\" data-id=\"5ed0866c\" data-element_type=\"column\">\n\t\t\t<div class=\"elementor-widget-wrap elementor-element-populated\">\n\t\t\t\t\t\t<div class=\"elementor-element elementor-element-3bfa5487 elementor-widget__width-auto elementor-nav-menu--dropdown-tablet elementor-nav-menu__text-align-aside elementor-nav-menu--toggle elementor-nav-menu--burger elementor-widget elementor-widget-nav-menu\" data-id=\"3bfa5487\" data-element_type=\"widget\" data-settings=\"{&quot;layout&quot;:&quot;horizontal&quot;,&quot;submenu_icon&quot;:{&quot;value&quot;:&quot;&lt;i class=\\&quot;fas fa-caret-down\\&quot;&gt;&lt;\\\/i&gt;&quot;,&quot;library&quot;:&quot;fa-solid&quot;},&quot;toggle&quot;:&quot;burger&quot;}\" data-widget_type=\"nav-menu.default\">\n\t\t\t\t<div class=\"elementor-widget-container\">\n\t\t\t\t\t\t<nav aria-label=\"Menu\" class=\"elementor-nav-menu--main elementor-nav-menu__container elementor-nav-menu--layout-horizontal e--pointer-underline e--animation-fade\">\n\t\t\t\t<ul id=\"menu-1-3bfa5487\" class=\"elementor-nav-menu\"><li class=\"menu-item menu-item-type-post_type menu-item-object-page menu-item-4748\"><a href=\"https:\/\/amisns.edu.pl\/stara-wersja\/homepage\/dla-studenta\/erasmus-student\/\" class=\"elementor-item\">Student<\/a><\/li>\n<li class=\"menu-item menu-item-type-post_type menu-item-object-page menu-item-4747\"><a href=\"https:\/\/amisns.edu.pl\/stara-wersja\/homepage\/dla-studenta\/erasmus-kadra\/\" class=\"elementor-item\">Kadra<\/a><\/li>\n<li class=\"menu-item menu-item-type-post_type menu-item-object-page menu-item-4746\"><a href=\"https:\/\/amisns.edu.pl\/stara-wersja\/homepage\/dla-studenta\/erasmus-uczelnie-partnerskie\/\" class=\"elementor-item\">Uczelnie partnerskie<\/a><\/li>\n<\/ul>\t\t\t<\/nav>\n\t\t\t\t\t<div class=\"elementor-menu-toggle\" role=\"button\" tabindex=\"0\" aria-label=\"Menu Toggle\" aria-expanded=\"false\">\n\t\t\t<i aria-hidden=\"true\" role=\"presentation\" class=\"elementor-menu-toggle__icon--open eicon-menu-bar\"><\/i><i aria-hidden=\"true\" role=\"presentation\" class=\"elementor-menu-toggle__icon--close eicon-close\"><\/i>\t\t\t<span class=\"elementor-screen-only\">Menu<\/span>\n\t\t<\/div>\n\t\t\t\t\t<nav class=\"elementor-nav-menu--dropdown elementor-nav-menu__container\" aria-hidden=\"true\">\n\t\t\t\t<ul id=\"menu-2-3bfa5487\" class=\"elementor-nav-menu\"><li class=\"menu-item menu-item-type-post_type menu-item-object-page menu-item-4748\"><a href=\"https:\/\/amisns.edu.pl\/stara-wersja\/homepage\/dla-studenta\/erasmus-student\/\" class=\"elementor-item\" tabindex=\"-1\">Student<\/a><\/li>\n<li class=\"menu-item menu-item-type-post_type menu-item-object-page menu-item-4747\"><a href=\"https:\/\/amisns.edu.pl\/stara-wersja\/homepage\/dla-studenta\/erasmus-kadra\/\" class=\"elementor-item\" tabindex=\"-1\">Kadra<\/a><\/li>\n<li class=\"menu-item menu-item-type-post_type menu-item-object-page menu-item-4746\"><a href=\"https:\/\/amisns.edu.pl\/stara-wersja\/homepage\/dla-studenta\/erasmus-uczelnie-partnerskie\/\" class=\"elementor-item\" tabindex=\"-1\">Uczelnie partnerskie<\/a><\/li>\n<\/ul>\t\t\t<\/nav>\n\t\t\t\t<\/div>\n\t\t\t\t<\/div>\n\t\t\t\t\t<\/div>\n\t\t<\/div>\n\t\t\t\t\t<\/div>\n\t\t<\/section>\n\t\t\t\t<\/div>\n\t\t\t\t<\/div>\n\t\t\t\t<\/div>\n\t\t\t\t<\/div>\n\t\t\t\t\t<\/div>\n\t\t<\/div>\n\t\t\t\t\t<\/div>\n\t\t<\/section>\n\t\t\t\t<section class=\"elementor-section elementor-top-section elementor-element elementor-element-d6acbb2 elementor-section-full_width elementor-section-height-default elementor-section-height-default\" data-id=\"d6acbb2\" data-element_type=\"section\">\n\t\t\t\t\t\t<div class=\"elementor-container elementor-column-gap-default\">\n\t\t\t\t\t<div class=\"elementor-column elementor-col-100 elementor-top-column elementor-element elementor-element-9c4c64e\" data-id=\"9c4c64e\" data-element_type=\"column\">\n\t\t\t<div class=\"elementor-widget-wrap elementor-element-populated\">\n\t\t\t\t\t\t<div class=\"elementor-element elementor-element-6181b71 elementor--h-position-center elementor--v-position-middle elementor-arrows-position-inside elementor-pagination-position-inside elementor-widget elementor-widget-slides\" data-id=\"6181b71\" data-element_type=\"widget\" data-settings=\"{&quot;navigation&quot;:&quot;both&quot;,&quot;autoplay&quot;:&quot;yes&quot;,&quot;pause_on_hover&quot;:&quot;yes&quot;,&quot;pause_on_interaction&quot;:&quot;yes&quot;,&quot;autoplay_speed&quot;:5000,&quot;infinite&quot;:&quot;yes&quot;,&quot;transition&quot;:&quot;slide&quot;,&quot;transition_speed&quot;:500}\" data-widget_type=\"slides.default\">\n\t\t\t\t<div class=\"elementor-widget-container\">\n\t\t\t\t\t<div class=\"elementor-swiper\">\n\t\t\t<div class=\"elementor-slides-wrapper elementor-main-swiper swiper\" dir=\"ltr\" data-animation=\"fadeInUp\">\n\t\t\t\t<div class=\"swiper-wrapper elementor-slides\">\n\t\t\t\t\t\t\t\t\t\t<div class=\"elementor-repeater-item-6e86543 swiper-slide\"><div class=\"swiper-slide-bg elementor-ken-burns elementor-ken-burns--in\" role=\"img\"><\/div><div class=\"swiper-slide-inner\" ><div class=\"swiper-slide-contents\"><div class=\"elementor-slide-heading\">ERASMUS+<\/div><\/div><\/div><\/div>\t\t\t\t<\/div>\n\t\t\t\t\t\t\t<\/div>\n\t\t<\/div>\n\t\t\t\t<\/div>\n\t\t\t\t<\/div>\n\t\t\t\t\t<\/div>\n\t\t<\/div>\n\t\t\t\t\t<\/div>\n\t\t<\/section>\n\t\t\t\t<section class=\"elementor-section elementor-top-section elementor-element elementor-element-7e70815 elementor-section-boxed elementor-section-height-default elementor-section-height-default\" data-id=\"7e70815\" data-element_type=\"section\">\n\t\t\t\t\t\t<div class=\"elementor-container elementor-column-gap-default\">\n\t\t\t\t\t<div class=\"elementor-column elementor-col-100 elementor-top-column elementor-element elementor-element-966bb98\" data-id=\"966bb98\" data-element_type=\"column\">\n\t\t\t<div class=\"elementor-widget-wrap elementor-element-populated\">\n\t\t\t\t\t\t<div class=\"elementor-element elementor-element-119156b elementor-widget elementor-widget-heading\" data-id=\"119156b\" data-element_type=\"widget\" data-widget_type=\"heading.default\">\n\t\t\t\t<div class=\"elementor-widget-container\">\n\t\t\t<h2 class=\"elementor-heading-title elementor-size-default\">Program Erasmus+ Akcja 1. Mobilno\u015b\u0107 edukacyjna<\/h2>\t\t<\/div>\n\t\t\t\t<\/div>\n\t\t\t\t\t<\/div>\n\t\t<\/div>\n\t\t\t\t\t<\/div>\n\t\t<\/section>\n\t\t\t\t<section class=\"elementor-section elementor-top-section elementor-element elementor-element-10817b8 elementor-section-boxed elementor-section-height-default elementor-section-height-default\" data-id=\"10817b8\" data-element_type=\"section\">\n\t\t\t\t\t\t<div class=\"elementor-container elementor-column-gap-default\">\n\t\t\t\t\t<div class=\"elementor-column elementor-col-100 elementor-top-column elementor-element elementor-element-1c98da3\" data-id=\"1c98da3\" data-element_type=\"column\">\n\t\t\t<div class=\"elementor-widget-wrap elementor-element-populated\">\n\t\t\t\t\t\t<div class=\"elementor-element elementor-element-064d75f elementor-widget elementor-widget-text-editor\" data-id=\"064d75f\" data-element_type=\"widget\" data-widget_type=\"text-editor.default\">\n\t\t\t\t<div class=\"elementor-widget-container\">\n\t\t\t\t\t\t\t<p>W ramach tej akcji wspierani s\u0105 pracownicy dydaktyczni i administracyjni instytucji szkolnictwa wy\u017cszego, aby mogli oni wzi\u0105\u0107 udzia\u0142 w dzia\u0142aniach na rzecz rozwoju zawodowego za granic\u0105, a tak\u017ce pracownicy przedsi\u0119biorstw, kt\u00f3rzy ucz\u0105 i szkol\u0105 student\u00f3w lub pracownik\u00f3w w instytucjach szkolnictwa wy\u017cszego. Dzia\u0142ania te mog\u0105 obejmowa\u0107 zar\u00f3wno okresy nauczania &#8211; STA, jak i szkolenia &#8211; STT (takie jak obserwacja pracy, okresy przygl\u0105dania si\u0119 dzia\u0142alno\u015bci dydaktycznej i szkolenia).<br \/>Celem jest umo\u017cliwienie wszystkim pracownikom, w tym pracownikom przedsi\u0119biorstw, nauczania lub szkolenia za granic\u0105 w ramach rozwoju zawodowego, aby:<br \/>\u2022 dzielili si\u0119 swoj\u0105 wiedz\u0105 fachow\u0105;<br \/>\u2022 do\u015bwiadczyli nowych \u015brodowisk nauczania;<br \/>\u2022 zdobyli nowe innowacyjne umiej\u0119tno\u015bci pedagogiczne i umiej\u0119tno\u015bci w zakresie opracowywania program\u00f3w nauczania, jak r\u00f3wnie\u017c umiej\u0119tno\u015bci cyfrowe;<br \/>\u2022 nawi\u0105zali kontakt z pracownikami za granic\u0105, aby wsp\u00f3lnie opracowywa\u0107 dzia\u0142ania na rzecz osi\u0105gania cel\u00f3w programu;<br \/>\u2022 wymieniali si\u0119 dobrymi praktykami i zacie\u015bniali wsp\u00f3\u0142prac\u0119 mi\u0119dzy instytucjami szkolnictwa wy\u017cszego;<br \/>\u2022 lepiej przygotowywali student\u00f3w do rozpocz\u0119cia pracy.<\/p><p>Ponadto celem jest wspieranie opracowywania transnarodowych i transdyscyplinarnych program\u00f3w nauczania, a tak\u017ce innowacyjnych sposob\u00f3w uczenia si\u0119 i nauczania, w tym wsp\u00f3\u0142pracy online, uczenia si\u0119 opartego na badaniach naukowych i podej\u015bcia opartego na wyzwaniach, aby sprosta\u0107 wyzwaniom spo\u0142ecznym.<\/p><p><a href=\"https:\/\/forms.office.com\/e\/69n6UCfNMi\">Formularz zg\u0142oszeniowy pracownika AMiSNS do udzia\u0142u w programie Erasmus+<\/a><\/p>\t\t\t\t\t\t<\/div>\n\t\t\t\t<\/div>\n\t\t\t\t\t<\/div>\n\t\t<\/div>\n\t\t\t\t\t<\/div>\n\t\t<\/section>\n\t\t\t\t<section class=\"elementor-section elementor-top-section elementor-element elementor-element-0405186 elementor-section-boxed elementor-section-height-default elementor-section-height-default\" data-id=\"0405186\" data-element_type=\"section\">\n\t\t\t\t\t\t<div class=\"elementor-container elementor-column-gap-default\">\n\t\t\t\t\t<div class=\"elementor-column elementor-col-100 elementor-top-column elementor-element elementor-element-1cf97c3\" data-id=\"1cf97c3\" data-element_type=\"column\">\n\t\t\t<div class=\"elementor-widget-wrap elementor-element-populated\">\n\t\t\t\t\t\t<div class=\"elementor-element elementor-element-71b53c7 elementor-widget elementor-widget-toggle\" data-id=\"71b53c7\" data-element_type=\"widget\" data-widget_type=\"toggle.default\">\n\t\t\t\t<div class=\"elementor-widget-container\">\n\t\t\t\t\t<div class=\"elementor-toggle\">\n\t\t\t\t\t\t\t<div class=\"elementor-toggle-item\">\n\t\t\t\t\t<div id=\"elementor-tab-title-1191\" class=\"elementor-tab-title\" data-tab=\"1\" role=\"button\" aria-controls=\"elementor-tab-content-1191\" aria-expanded=\"false\">\n\t\t\t\t\t\t\t\t\t\t\t\t<span class=\"elementor-toggle-icon elementor-toggle-icon-left\" aria-hidden=\"true\">\n\t\t\t\t\t\t\t\t\t\t\t\t\t\t\t<span class=\"elementor-toggle-icon-closed\"><i class=\"fas fa-caret-right\"><\/i><\/span>\n\t\t\t\t\t\t\t\t<span class=\"elementor-toggle-icon-opened\"><i class=\"elementor-toggle-icon-opened fas fa-caret-up\"><\/i><\/span>\n\t\t\t\t\t\t\t\t\t\t\t\t\t<\/span>\n\t\t\t\t\t\t\t\t\t\t\t\t<a class=\"elementor-toggle-title\" tabindex=\"0\">STT (Wyjazd w celu szkoleniowym)<\/a>\n\t\t\t\t\t<\/div>\n\n\t\t\t\t\t<div id=\"elementor-tab-content-1191\" class=\"elementor-tab-content elementor-clearfix\" data-tab=\"1\" role=\"region\" aria-labelledby=\"elementor-tab-title-1191\"><p>Erasmus+ wspiera wyjazdy w celach szkoleniowych pracownik\u00f3w uczelni wy\u017cszych.<br \/>Szkolenia mog\u0105 odbywa\u0107 si\u0119 w instytucjach szkolnictwa wy\u017cszego\u00a0<a href=\"https:\/\/erasmus-plus.ec.europa.eu\/pl\/programme-guide\/part-a\/eligible-countries?\">w kraju uczestnicz\u0105cym w programie Erasmus+ lub kraju partnerskim<\/a>, lub w organizacji spoza sektora w kraju uczestnicz\u0105cym w programie.<br \/>Do takich organizacji nale\u017c\u0105 np. przedsi\u0119biorstwa, organy publiczne, partnerzy spo\u0142eczni, instytuty badawcze i organizacje pozarz\u0105dowe.<\/p><h2>Czas trwania<\/h2><p>Okres szkolenia w ramach wsp\u00f3\u0142pracy mi\u0119dzy dwoma krajami uczestnicz\u0105cymi w programie musi trwa\u0107 co najmniej dwa<strong>\u00a0dni<\/strong>\u00a0i co najwy\u017cej\u00a0<strong>dwa miesi\u0105ce<\/strong>. Nie obejmuje to czasu podr\u00f3\u017cy.<br \/>Okres szkolenia w ramach wsp\u00f3\u0142pracy mi\u0119dzy krajem uczestnicz\u0105cym w programie a krajem partnerskim musi trwa\u0107 co najmniej pi\u0119\u0107<strong>\u00a0dni<\/strong>\u00a0i co najwy\u017cej\u00a0<strong>dwa miesi\u0105ce<\/strong>. Nie obejmuje to czasu podr\u00f3\u017cy.<\/p><h2>Wi\u0119cej informacji<\/h2><p>Skontaktuj si\u0119 z Biurem ds. Wsp\u00f3\u0142pracy Mi\u0119dzynarodowej, aby dowiedzie\u0107 si\u0119, czy mo\u017cesz zg\u0142osi\u0107 swoj\u0105 kandydatur\u0119.<br \/>Wi\u0119cej informacji o mo\u017cliwo\u015bciach szkolenia i doskonalenia zawodowego mo\u017cna znale\u017a\u0107\u00a0<a class=\" eac-external-link\" href=\"http:\/\/staffmobility.eu\/\" target=\"_blank\" rel=\"noopener\">na stronie IMOTION<\/a>.<\/p><\/div>\n\t\t\t\t<\/div>\n\t\t\t\t\t\t\t<div class=\"elementor-toggle-item\">\n\t\t\t\t\t<div id=\"elementor-tab-title-1192\" class=\"elementor-tab-title\" data-tab=\"2\" role=\"button\" aria-controls=\"elementor-tab-content-1192\" aria-expanded=\"false\">\n\t\t\t\t\t\t\t\t\t\t\t\t<span class=\"elementor-toggle-icon elementor-toggle-icon-left\" aria-hidden=\"true\">\n\t\t\t\t\t\t\t\t\t\t\t\t\t\t\t<span class=\"elementor-toggle-icon-closed\"><i class=\"fas fa-caret-right\"><\/i><\/span>\n\t\t\t\t\t\t\t\t<span class=\"elementor-toggle-icon-opened\"><i class=\"elementor-toggle-icon-opened fas fa-caret-up\"><\/i><\/span>\n\t\t\t\t\t\t\t\t\t\t\t\t\t<\/span>\n\t\t\t\t\t\t\t\t\t\t\t\t<a class=\"elementor-toggle-title\" tabindex=\"0\">STA (Wyjazd w celu prowadzenia zaj\u0119\u0107)<\/a>\n\t\t\t\t\t<\/div>\n\n\t\t\t\t\t<div id=\"elementor-tab-content-1192\" class=\"elementor-tab-content elementor-clearfix\" data-tab=\"2\" role=\"region\" aria-labelledby=\"elementor-tab-title-1192\"><p>Erasmus+ wspiera wyjazdy za granic\u0119 w celu go\u015bcinnego prowadzenia zaj\u0119\u0107 na uczelniach wy\u017cszych.<br \/>Jako wyk\u0142adowca mo\u017cesz przez jaki\u015b czas naucza\u0107 na uczelni w\u00a0<a href=\"https:\/\/erasmus-plus.ec.europa.eu\/pl\/programme-guide\/part-a\/eligible-countries?\">kraju uczestnicz\u0105cym w programie Erasmus+ lub kraju partnerskim<\/a>.<\/p><h2>Czas trwania<\/h2><p>Okres pobytu w ramach wsp\u00f3\u0142pracy mi\u0119dzy krajami uczestnicz\u0105cymi w programie musi trwa\u0107 co najmniej\u00a0<strong>2 dni<\/strong>\u00a0i co najwy\u017cej\u00a0<strong>2 miesi\u0105ce<\/strong>. Nie obejmuje to czasu podr\u00f3\u017cy.<br \/>Okres pobytu w ramach wsp\u00f3\u0142pracy mi\u0119dzy krajem uczestnicz\u0105cym w programie a krajem partnerskim musi trwa\u0107 co najmniej\u00a0<strong>5 dni<\/strong>\u00a0i co najwy\u017cej\u00a0<strong>2 miesi\u0105ce<\/strong>. Nie obejmuje to czasu podr\u00f3\u017cy.<\/p><p>Podczas Twojego pobytu za granic\u0105 nauczanie musi zajmowa\u0107 Ci\u00a0<strong>co najmniej 8 godzin tygodniowo\u00a0<\/strong>(lub w przeliczeniu na kr\u00f3tszy okres pobytu).<\/p><h2>Wi\u0119cej informacji<\/h2><p>Skontaktuj si\u0119 z Biurem ds. Wsp\u00f3\u0142pracy Mi\u0119dzynarodowej, aby dowiedzie\u0107 si\u0119, czy mo\u017cesz zg\u0142osi\u0107 swoj\u0105 kandydatur\u0119.<\/p><\/div>\n\t\t\t\t<\/div>\n\t\t\t\t\t\t\t<div class=\"elementor-toggle-item\">\n\t\t\t\t\t<div id=\"elementor-tab-title-1193\" class=\"elementor-tab-title\" data-tab=\"3\" role=\"button\" aria-controls=\"elementor-tab-content-1193\" aria-expanded=\"false\">\n\t\t\t\t\t\t\t\t\t\t\t\t<span class=\"elementor-toggle-icon elementor-toggle-icon-left\" aria-hidden=\"true\">\n\t\t\t\t\t\t\t\t\t\t\t\t\t\t\t<span class=\"elementor-toggle-icon-closed\"><i class=\"fas fa-caret-right\"><\/i><\/span>\n\t\t\t\t\t\t\t\t<span class=\"elementor-toggle-icon-opened\"><i class=\"elementor-toggle-icon-opened fas fa-caret-up\"><\/i><\/span>\n\t\t\t\t\t\t\t\t\t\t\t\t\t<\/span>\n\t\t\t\t\t\t\t\t\t\t\t\t<a class=\"elementor-toggle-title\" tabindex=\"0\">Dok\u0105d mo\u017cna wyjecha\u0107 w ramach stypendium Erasmus+?<\/a>\n\t\t\t\t\t<\/div>\n\n\t\t\t\t\t<div id=\"elementor-tab-content-1193\" class=\"elementor-tab-content elementor-clearfix\" data-tab=\"3\" role=\"region\" aria-labelledby=\"elementor-tab-title-1193\"><p>Wybieraj\u0105c uczelni\u0119 do kt\u00f3rej pracownik chcia\u0142by wyjecha\u0107 w ramach Erasmus STA, pracownik powinien sprawdzi\u0107 list\u0119 uczelni kraj\u00f3w partnerskich z kt\u00f3rymi AMiSNS ma podpisane umowy mi\u0119dzyinstytucjonalne (lista jest dost\u0119pna u Uczelnianego Koordynatora Programu Erasmus+).<br \/>W sprawie dost\u0119pno\u015bci mobilno\u015bci w danej instytucji prosimy kontaktowa\u0107 si\u0119 z Uczelnianym Koordynatorem Programu Erasmus+.<\/p><p>W sytuacji kiedy nie odnaleziona zosta\u0142a \u017cadna interesuj\u0105ca pracownika oferta z listy partner\u00f3w, mo\u017cna poszuka\u0107 innej uczelni (posiadaj\u0105cej Kart\u0119 Szkolnictwa Wy\u017cszego Erasmus (ECHE)) w obszarze Unii Europejskiej. Warunkiem jest to, aby uczelnia przyjmuj\u0105ca pracownika zgodzi\u0142a si\u0119 podpisa\u0107 umow\u0119 mi\u0119dzyinstytucjonaln\u0105 z nasz\u0105 uczelni\u0105 na wymian\u0119 pracownik\u00f3w naukowo-dydaktycznych (opcjonalnie pracownik\u00f3w administracji).<br \/>Liczba mobilno\u015bci w zakresie, zar\u00f3wno Staff Mobility for Training, jak i Staff Mobility for Teaching jest ograniczona.<\/p><\/div>\n\t\t\t\t<\/div>\n\t\t\t\t\t\t\t<div class=\"elementor-toggle-item\">\n\t\t\t\t\t<div id=\"elementor-tab-title-1194\" class=\"elementor-tab-title\" data-tab=\"4\" role=\"button\" aria-controls=\"elementor-tab-content-1194\" aria-expanded=\"false\">\n\t\t\t\t\t\t\t\t\t\t\t\t<span class=\"elementor-toggle-icon elementor-toggle-icon-left\" aria-hidden=\"true\">\n\t\t\t\t\t\t\t\t\t\t\t\t\t\t\t<span class=\"elementor-toggle-icon-closed\"><i class=\"fas fa-caret-right\"><\/i><\/span>\n\t\t\t\t\t\t\t\t<span class=\"elementor-toggle-icon-opened\"><i class=\"elementor-toggle-icon-opened fas fa-caret-up\"><\/i><\/span>\n\t\t\t\t\t\t\t\t\t\t\t\t\t<\/span>\n\t\t\t\t\t\t\t\t\t\t\t\t<a class=\"elementor-toggle-title\" tabindex=\"0\">Aby z\u0142o\u017cy\u0107 wniosek nale\u017cy<\/a>\n\t\t\t\t\t<\/div>\n\n\t\t\t\t\t<div id=\"elementor-tab-content-1194\" class=\"elementor-tab-content elementor-clearfix\" data-tab=\"4\" role=\"region\" aria-labelledby=\"elementor-tab-title-1194\"><p>Nale\u017cy podpisa\u0107 z uczelni\u0105\/instytucj\u0105 przyjmuj\u0105c\u0105 porozumienie o mobilno\u015bci.\u00a0<\/p><p>Porozumienie o mobilno\u015bci okre\u015bla program zaj\u0119\u0107, jaki ma zosta\u0107 zrealizowany podczas wyk\u0142ad\u00f3w lub szkole\u0144. Porozumienie musi zosta\u0107 zatwierdzone przez pracownika uczelni, uczelni\u0119 wysy\u0142aj\u0105c\u0105 (AMiSNS) oraz uczelni\u0119 lub organizacj\u0119 przyjmuj\u0105c\u0105 pracownika uczelni.<\/p><p>Porozumienie o mobilno\u015bci okre\u015bla elementy programu wyk\u0142ad\u00f3w lub szkole\u0144 za granic\u0105 i podkre\u015bla wsp\u00f3ln\u0105 odpowiedzialno\u015b\u0107 instytucji lub organizacji wysy\u0142aj\u0105cej (AMiSNS) oraz instytucji lub organizacji przyjmuj\u0105cej za jako\u015b\u0107 tego programu.<\/p><p><a href=\"https:\/\/amisns.edu.pl\/wp-content\/uploads\/higher-education-mobility-agreement-teaching-ka131.docx\">Porozumienie o mobilno\u015bci w zakresie nauczania<\/a><\/p><p><a href=\"https:\/\/amisns.edu.pl\/wp-content\/uploads\/higher-education-mobility-agreement-training-ka131.docx\">Porozumienie o mobilno\u015bci w zakresie szkole\u0144<\/a><\/p><p>Dost\u0119pne r\u00f3wnie\u017c u koordynator\u00f3w Erasmus+ (pok. 020 Budynek C)<\/p><p>Nast\u0119pnie nale\u017cy wype\u0142ni\u0107 elektroniczny Formularz zg\u0142oszeniowy na udzia\u0142 w Programie Erasmus+.<\/p><\/div>\n\t\t\t\t<\/div>\n\t\t\t\t\t\t\t<div class=\"elementor-toggle-item\">\n\t\t\t\t\t<div id=\"elementor-tab-title-1195\" class=\"elementor-tab-title\" data-tab=\"5\" role=\"button\" aria-controls=\"elementor-tab-content-1195\" aria-expanded=\"false\">\n\t\t\t\t\t\t\t\t\t\t\t\t<span class=\"elementor-toggle-icon elementor-toggle-icon-left\" aria-hidden=\"true\">\n\t\t\t\t\t\t\t\t\t\t\t\t\t\t\t<span class=\"elementor-toggle-icon-closed\"><i class=\"fas fa-caret-right\"><\/i><\/span>\n\t\t\t\t\t\t\t\t<span class=\"elementor-toggle-icon-opened\"><i class=\"elementor-toggle-icon-opened fas fa-caret-up\"><\/i><\/span>\n\t\t\t\t\t\t\t\t\t\t\t\t\t<\/span>\n\t\t\t\t\t\t\t\t\t\t\t\t<a class=\"elementor-toggle-title\" tabindex=\"0\">Kryteria rekrutacji kandydat\u00f3w<\/a>\n\t\t\t\t\t<\/div>\n\n\t\t\t\t\t<div id=\"elementor-tab-content-1195\" class=\"elementor-tab-content elementor-clearfix\" data-tab=\"5\" role=\"region\" aria-labelledby=\"elementor-tab-title-1195\"><p>Kolejnym elementem rekrutacji b\u0119dzie przeprowadzenie kwalifikacji wniosk\u00f3w przez Komisj\u0119 Rekrutacyjn\u0105. Wszystkie wnioski zostan\u0105 rozpatrzone zgodnie z kryteriami rekrutacji kandydat\u00f3w. Opracowane kryteria zgodne s\u0105 z zasad\u0105 r\u00f3wno\u015bci szans, sprawiedliw\u0105 rekrutacj\u0105 oraz przejrzyst\u0105 i sp\u00f3jn\u0105 procedur\u0105 wyboru.<\/p><p>Kryteria b\u0119d\u0105ce brane pod uwag\u0119 przy rekrutacji kandydat\u00f3w do udzia\u0142u w projekcie:<\/p><p>kwalifikacje zawodowe kandydat\u00f3w odpowiadaj\u0105ce specyfikacji mobilno\u015bci,<br \/>motywacja kandydat\u00f3w do wzi\u0119cia udzia\u0142u w mobilno\u015bci,<br \/>gotowo\u015b\u0107 do udzia\u0142u w dzia\u0142aniach na wszystkich etapach trwania projektu (przygotowanie, mobilno\u015b\u0107, wdro\u017cenie i upowszechnienie rezultat\u00f3w),<br \/>znajomo\u015b\u0107 j\u0119zyka wyk\u0142adowego uczelni przyjmuj\u0105cej lub j\u0119zyka angielskiego, w stopniu umo\u017cliwiaj\u0105cym swobodne prowadzenie zaj\u0119\u0107 dydaktycznych lub uczestnictwo w szkoleniach zgodnie z wymogami instytucji przyjmuj\u0105cej.<br \/>Na podstawie protoko\u0142u Komisji zostanie wy\u0142oniona lista kandydat\u00f3w zakwalifikowanych do wyjazdu.<\/p><p>O wynikach rekrutacji kandydaci zostan\u0105 powiadomieni indywidualnie drog\u0105 korespondencji mailowej.<\/p><p>Dokumenty z\u0142o\u017cone po terminie nie b\u0119d\u0105 rozpatrywane.<\/p><p>Wnioski kandydat\u00f3w, kt\u00f3re zostan\u0105 z\u0142o\u017cone po rozdysponowaniu wszystkich \u015brodk\u00f3w finansowych, mog\u0105 zosta\u0107 zarejestrowane na li\u015bcie rezerwowej.<\/p><p>Po pozytywnym rozpatrzeniu wniosku i zakwalifikowaniu do programu, nale\u017cy przyst\u0105pi\u0107 do wype\u0142nienia dokument\u00f3w, kt\u00f3rych wymaga AMiSNS.<\/p><\/div>\n\t\t\t\t<\/div>\n\t\t\t\t\t\t\t<div class=\"elementor-toggle-item\">\n\t\t\t\t\t<div id=\"elementor-tab-title-1196\" class=\"elementor-tab-title\" data-tab=\"6\" role=\"button\" aria-controls=\"elementor-tab-content-1196\" aria-expanded=\"false\">\n\t\t\t\t\t\t\t\t\t\t\t\t<span class=\"elementor-toggle-icon elementor-toggle-icon-left\" aria-hidden=\"true\">\n\t\t\t\t\t\t\t\t\t\t\t\t\t\t\t<span class=\"elementor-toggle-icon-closed\"><i class=\"fas fa-caret-right\"><\/i><\/span>\n\t\t\t\t\t\t\t\t<span class=\"elementor-toggle-icon-opened\"><i class=\"elementor-toggle-icon-opened fas fa-caret-up\"><\/i><\/span>\n\t\t\t\t\t\t\t\t\t\t\t\t\t<\/span>\n\t\t\t\t\t\t\t\t\t\t\t\t<a class=\"elementor-toggle-title\" tabindex=\"0\">Jakie dokumenty s\u0105 wymagane?<\/a>\n\t\t\t\t\t<\/div>\n\n\t\t\t\t\t<div id=\"elementor-tab-content-1196\" class=\"elementor-tab-content elementor-clearfix\" data-tab=\"6\" role=\"region\" aria-labelledby=\"elementor-tab-title-1196\"><ul><li>Umowa finansowa pomi\u0119dzy AMiSNS a pracownikiem zostanie przygotowana na podstawie dostarczonych dokument\u00f3w, na miejscu u Uczelnianego Koordynatora Programu Erasmus+ :<\/li><li>Potwierdzenie zawartego ubezpieczenia na ca\u0142y okres mobilno\u015bci (kopia umowy ubezpieczenia)<br \/>Uczestnik mobilno\u015bci na czas pobytu w kraju docelowym musi mie\u0107 zapewnione ubezpieczenie. Szczeg\u00f3\u0142owe informacje pod sekcj\u0105 Kwestie organizacyjne.<\/li><li>O\u015bwiadczenie o rejestracji w serwisie Ministerstwa Spraw Zagranicznych RP \u201eOdyseusz\u201d<br \/>Zaleca si\u0119, aby Uczestnik zarejestrowa\u0142 si\u0119 w serwisie Odyseusz prowadzonym przez Ministerstwo Spraw Zagranicznych: odyseusz.msz.gov.pl.<\/li><li>O\u015bwiadczenie z banku o posiadanym koncie bankowym. Nale\u017cy poda\u0107 o\u015bwiadczenie z banku o posiadanym koncie walutowym (stypendium jest wyp\u0142acane w EUR).<\/li><\/ul><p>Po skompletowaniu dokument\u00f3w (nie wcze\u015bniej ni\u017c 30 dni przed i nie p\u00f3\u017aniej ni\u017c 10 dni przed mobilno\u015bci\u0105), mo\u017cliwe b\u0119dzie podpisanie umowy finansowej. Umow\u0119 nale\u017cy podpisa\u0107 u Uczelnianego Koordynatora Programu ERASMUS+. Pracownik zostanie poinformowany telefonicznie o terminie podpisania umowy finansowej.<\/p><p>Zawarcie umowy finansowej pomi\u0119dzy AMiSNS, a pracownikiem stanowi podstaw\u0119 do przyznania grantu na wyjazd.<\/p><\/div>\n\t\t\t\t<\/div>\n\t\t\t\t\t\t\t<div class=\"elementor-toggle-item\">\n\t\t\t\t\t<div id=\"elementor-tab-title-1197\" class=\"elementor-tab-title\" data-tab=\"7\" role=\"button\" aria-controls=\"elementor-tab-content-1197\" aria-expanded=\"false\">\n\t\t\t\t\t\t\t\t\t\t\t\t<span class=\"elementor-toggle-icon elementor-toggle-icon-left\" aria-hidden=\"true\">\n\t\t\t\t\t\t\t\t\t\t\t\t\t\t\t<span class=\"elementor-toggle-icon-closed\"><i class=\"fas fa-caret-right\"><\/i><\/span>\n\t\t\t\t\t\t\t\t<span class=\"elementor-toggle-icon-opened\"><i class=\"elementor-toggle-icon-opened fas fa-caret-up\"><\/i><\/span>\n\t\t\t\t\t\t\t\t\t\t\t\t\t<\/span>\n\t\t\t\t\t\t\t\t\t\t\t\t<a class=\"elementor-toggle-title\" tabindex=\"0\">Dofinansowanie mobilno\u015bci<\/a>\n\t\t\t\t\t<\/div>\n\n\t\t\t\t\t<div id=\"elementor-tab-content-1197\" class=\"elementor-tab-content elementor-clearfix\" data-tab=\"7\" role=\"region\" aria-labelledby=\"elementor-tab-title-1197\"><p>Ca\u0142kowite dofinansowanie mobilno\u015bci: Kwota dofinansowania = liczba dni szkolenia x stawka dzienna do danego kraju + dofinansowanie koszt\u00f3w podr\u00f3\u017cy.<\/p><p>Data rozpocz\u0119cia okresu mobilno\u015bci b\u0119dzie pierwszym, a data zako\u0144czenia mobilno\u015bci b\u0119dzie ostatnim dniem, w jakim Uczestnik zgodnie z umow\u0105 finansow\u0105 &#8211; musi by\u0107 obecny w instytucji przyjmuj\u0105cej.<\/p><p>W odniesieniu do wszystkich wyjazd\u00f3w pracownik\u00f3w obowi\u0105zuj\u0105 sztywne stawki rycza\u0142towe indywidualnego wsparcia na ka\u017cdy dzie\u0144 roboczy, zale\u017cnie od kraju docelowego. Stawki te ustali\u0142a Narodowa Agencja (NA) Programu Erasmus+ w porozumieniu z Komisj\u0105 Europejsk\u0105 i uczelnia nie ma prawa ich modyfikowa\u0107.<\/p><p><a href=\"https:\/\/erasmusplus.org.pl\/brepo\/panel_repo_files\/2023\/01\/18\/hp4ru9\/2023-ka131-zasady-alokacji.pdf\">STAWKI STYPENDIALNE (WSPARCIE INDYWIDUALNE)<\/a><br \/>DLA PROJEKT\u00d3W MOBILNO\u015aCI Z KRAJAMI UE I KRAJAMI TRZECIMI STOWARZYSZONYMI Z ERASMUS+<br \/>dla konkursu wniosk\u00f3w w roku 2023<\/p><p>Do obliczenia odleg\u0142o\u015bci Beneficjent jest zobowi\u0105zany stosowa\u0107 kalkulator odleg\u0142o\u015bci opracowany przez KE i udost\u0119pniony na stronie programu Erasmus+ (<a href=\"https:\/\/erasmus-plus.ec.europa.eu\/resources-and-tools\/distance-calculator\" target=\"_blank\" rel=\"noopener\">distance calculator<\/a>).<\/p><\/div>\n\t\t\t\t<\/div>\n\t\t\t\t\t\t\t<div class=\"elementor-toggle-item\">\n\t\t\t\t\t<div id=\"elementor-tab-title-1198\" class=\"elementor-tab-title\" data-tab=\"8\" role=\"button\" aria-controls=\"elementor-tab-content-1198\" aria-expanded=\"false\">\n\t\t\t\t\t\t\t\t\t\t\t\t<span class=\"elementor-toggle-icon elementor-toggle-icon-left\" aria-hidden=\"true\">\n\t\t\t\t\t\t\t\t\t\t\t\t\t\t\t<span class=\"elementor-toggle-icon-closed\"><i class=\"fas fa-caret-right\"><\/i><\/span>\n\t\t\t\t\t\t\t\t<span class=\"elementor-toggle-icon-opened\"><i class=\"elementor-toggle-icon-opened fas fa-caret-up\"><\/i><\/span>\n\t\t\t\t\t\t\t\t\t\t\t\t\t<\/span>\n\t\t\t\t\t\t\t\t\t\t\t\t<a class=\"elementor-toggle-title\" tabindex=\"0\">Podatek<\/a>\n\t\t\t\t\t<\/div>\n\n\t\t\t\t\t<div id=\"elementor-tab-content-1198\" class=\"elementor-tab-content elementor-clearfix\" data-tab=\"8\" role=\"region\" aria-labelledby=\"elementor-tab-title-1198\"><p>Stypendium programu Erasmus+ nie podlega opodatkowaniu.<\/p><\/div>\n\t\t\t\t<\/div>\n\t\t\t\t\t\t\t<div class=\"elementor-toggle-item\">\n\t\t\t\t\t<div id=\"elementor-tab-title-1199\" class=\"elementor-tab-title\" data-tab=\"9\" role=\"button\" aria-controls=\"elementor-tab-content-1199\" aria-expanded=\"false\">\n\t\t\t\t\t\t\t\t\t\t\t\t<span class=\"elementor-toggle-icon elementor-toggle-icon-left\" aria-hidden=\"true\">\n\t\t\t\t\t\t\t\t\t\t\t\t\t\t\t<span class=\"elementor-toggle-icon-closed\"><i class=\"fas fa-caret-right\"><\/i><\/span>\n\t\t\t\t\t\t\t\t<span class=\"elementor-toggle-icon-opened\"><i class=\"elementor-toggle-icon-opened fas fa-caret-up\"><\/i><\/span>\n\t\t\t\t\t\t\t\t\t\t\t\t\t<\/span>\n\t\t\t\t\t\t\t\t\t\t\t\t<a class=\"elementor-toggle-title\" tabindex=\"0\">Warunki rozliczenia<\/a>\n\t\t\t\t\t<\/div>\n\n\t\t\t\t\t<div id=\"elementor-tab-content-1199\" class=\"elementor-tab-content elementor-clearfix\" data-tab=\"9\" role=\"region\" aria-labelledby=\"elementor-tab-title-1199\"><p>Po powrocie z wyjazdu pracownik musi rozliczy\u0107 si\u0119 z AMiSNS w ci\u0105gu 7 dni od zako\u0144czenia wyjazdu okre\u015blonego w li\u015bcie potwierdzaj\u0105cym \u2013 Confirmation of Stay (Confirmation of Teaching, Confirmation of Training).<br \/>Confirmation of Stay &#8211; za\u015bwiadczenie z instytucji przyjmuj\u0105cej potwierdzaj\u0105ce okres pobytu, zawieraj\u0105ce faktyczn\u0105 dat\u0119 rozpocz\u0119cia i zako\u0144czenia mobilno\u015bci oraz, \u017ce planowany program prowadzenia zaj\u0119\u0107\/szkolenia zosta\u0142 zrealizowany.<\/p><p>Jednym ostatnich etap\u00f3w rozliczenia jest wype\u0142nienie Raportu uczestnika, oceniaj\u0105cego pobyt zagraniczny pracownika. <\/p><p>Czym s\u0105 raporty uczestnik\u00f3w? <br \/>Uczestnicy projekt\u00f3w Erasmus+ i Europejskiego Korpusu Solidarno\u015bci mog\u0105 zosta\u0107 poproszeni o przekazanie informacji zwrotnej na temat swoich do\u015bwiadcze\u0144 poprzez wype\u0142nienie Raportu uczestnika .<br \/>Do uczestnik\u00f3w wysy\u0142ane s\u0105 automatyczne e-maile z zaproszeniem do wype\u0142nienia raportu w EU Survey w celu podzielenia si\u0119 swoimi opiniami na temat do\u015bwiadcze\u0144 zwi\u0105zanych z uczestnictwem w dzia\u0142aniu w zakresie mobilno\u015bci w ramach program\u00f3w Erasmus+ lub Europejskiego Korpusu Solidarno\u015bci.<br \/>Uczestnik otrzymuje e-mail z dedykowanym linkiem do raportu uczestnika. Ten link nie wyga\u015bnie. Indywidualny raport uczestnika jest wype\u0142niany online w EU Survey i jest dost\u0119pny w r\u00f3\u017cnych j\u0119zykach.<br \/>Uczestnik mo\u017ce zapisa\u0107 ankiet\u0119 jako wersj\u0119 robocz\u0105 i przes\u0142a\u0107 j\u0105. Po przes\u0142aniu uczestnik mo\u017ce pobra\u0107 wersj\u0119 PDF swojej opinii, ale nie ma mo\u017cliwo\u015bci ponownej edycji formularza.<\/p><p>\u00a0<\/p><\/div>\n\t\t\t\t<\/div>\n\t\t\t\t\t\t\t\t<\/div>\n\t\t\t\t<\/div>\n\t\t\t\t<\/div>\n\t\t\t\t\t<\/div>\n\t\t<\/div>\n\t\t\t\t\t<\/div>\n\t\t<\/section>\n\t\t\t\t<section class=\"elementor-section elementor-top-section elementor-element elementor-element-7813cda animated-slow elementor-section-boxed elementor-section-height-default elementor-section-height-default elementor-invisible\" data-id=\"7813cda\" data-element_type=\"section\" data-settings=\"{&quot;animation&quot;:&quot;fadeIn&quot;}\">\n\t\t\t\t\t\t<div class=\"elementor-container elementor-column-gap-default\">\n\t\t\t\t\t<div class=\"elementor-column elementor-col-100 elementor-top-column elementor-element elementor-element-5c0304a\" data-id=\"5c0304a\" data-element_type=\"column\">\n\t\t\t<div class=\"elementor-widget-wrap elementor-element-populated\">\n\t\t\t\t\t\t<div class=\"elementor-element elementor-element-d7daf1e animated-slow elementor-invisible elementor-widget elementor-widget-heading\" data-id=\"d7daf1e\" data-element_type=\"widget\" data-settings=\"{&quot;_animation&quot;:&quot;fadeIn&quot;}\" data-widget_type=\"heading.default\">\n\t\t\t\t<div class=\"elementor-widget-container\">\n\t\t\t<h2 class=\"elementor-heading-title elementor-size-default\">Kwestie organizacyjne:<\/h2>\t\t<\/div>\n\t\t\t\t<\/div>\n\t\t\t\t\t<\/div>\n\t\t<\/div>\n\t\t\t\t\t<\/div>\n\t\t<\/section>\n\t\t\t\t<section class=\"elementor-section elementor-top-section elementor-element elementor-element-5e5c1d1 animated-slow elementor-section-boxed elementor-section-height-default elementor-section-height-default elementor-invisible\" data-id=\"5e5c1d1\" data-element_type=\"section\" data-settings=\"{&quot;animation&quot;:&quot;fadeIn&quot;}\">\n\t\t\t\t\t\t<div class=\"elementor-container elementor-column-gap-default\">\n\t\t\t\t\t<div class=\"elementor-column elementor-col-100 elementor-top-column elementor-element elementor-element-6e8445d\" data-id=\"6e8445d\" data-element_type=\"column\">\n\t\t\t<div class=\"elementor-widget-wrap elementor-element-populated\">\n\t\t\t\t\t\t<div class=\"elementor-element elementor-element-8ffc797 elementor-widget elementor-widget-toggle\" data-id=\"8ffc797\" data-element_type=\"widget\" data-widget_type=\"toggle.default\">\n\t\t\t\t<div class=\"elementor-widget-container\">\n\t\t\t\t\t<div class=\"elementor-toggle\">\n\t\t\t\t\t\t\t<div class=\"elementor-toggle-item\">\n\t\t\t\t\t<div id=\"elementor-tab-title-1501\" class=\"elementor-tab-title\" data-tab=\"1\" role=\"button\" aria-controls=\"elementor-tab-content-1501\" aria-expanded=\"false\">\n\t\t\t\t\t\t\t\t\t\t\t\t<span class=\"elementor-toggle-icon elementor-toggle-icon-left\" aria-hidden=\"true\">\n\t\t\t\t\t\t\t\t\t\t\t\t\t\t\t<span class=\"elementor-toggle-icon-closed\"><i class=\"fas fa-caret-right\"><\/i><\/span>\n\t\t\t\t\t\t\t\t<span class=\"elementor-toggle-icon-opened\"><i class=\"elementor-toggle-icon-opened fas fa-caret-up\"><\/i><\/span>\n\t\t\t\t\t\t\t\t\t\t\t\t\t<\/span>\n\t\t\t\t\t\t\t\t\t\t\t\t<a class=\"elementor-toggle-title\" tabindex=\"0\">1. UBEZPIECZENIE<\/a>\n\t\t\t\t\t<\/div>\n\n\t\t\t\t\t<div id=\"elementor-tab-content-1501\" class=\"elementor-tab-content elementor-clearfix\" data-tab=\"1\" role=\"region\" aria-labelledby=\"elementor-tab-title-1501\"><p>Uczestnik mobilno\u015bci na czas pobytu w kraju docelowym musi mie\u0107 zapewnione ubezpieczenie. Minimalny zakres ubezpieczenia obejmuje podstawowe ubezpieczenie zdrowotne na podstawie Europejskiej Karty Ubezpieczenia Zdrowotnego (EKUZ) wydawanej przez Narodowy Fundusz Zdrowia oraz ubezpieczenie od nast\u0119pstw nieszcz\u0119\u015bliwych wypadk\u00f3w. NFZ wystawia EKUZ najwcze\u015bniej miesi\u0105c przed wyjazdem za granic\u0119.<\/p><p>AMiSNS zapewnia wyje\u017cd\u017caj\u0105cym pracownikom dodatkowe ubezpieczenie NNW i OC.<\/p><p><a href=\"https:\/\/www.nfz.gov.pl\/dla-pacjenta\/nasze-zdrowie-w-ue\/leczenie-w-krajach-unii-europejskiej-i-efta\/jak-wyrobic-karte-ekuz\/\">Co to jest EKUZ i jak go uzyska\u0107?<\/a><\/p><\/div>\n\t\t\t\t<\/div>\n\t\t\t\t\t\t\t<div class=\"elementor-toggle-item\">\n\t\t\t\t\t<div id=\"elementor-tab-title-1502\" class=\"elementor-tab-title\" data-tab=\"2\" role=\"button\" aria-controls=\"elementor-tab-content-1502\" aria-expanded=\"false\">\n\t\t\t\t\t\t\t\t\t\t\t\t<span class=\"elementor-toggle-icon elementor-toggle-icon-left\" aria-hidden=\"true\">\n\t\t\t\t\t\t\t\t\t\t\t\t\t\t\t<span class=\"elementor-toggle-icon-closed\"><i class=\"fas fa-caret-right\"><\/i><\/span>\n\t\t\t\t\t\t\t\t<span class=\"elementor-toggle-icon-opened\"><i class=\"elementor-toggle-icon-opened fas fa-caret-up\"><\/i><\/span>\n\t\t\t\t\t\t\t\t\t\t\t\t\t<\/span>\n\t\t\t\t\t\t\t\t\t\t\t\t<a class=\"elementor-toggle-title\" tabindex=\"0\">2. PODR\u00d3\u017b, ZAKWATEROWANIE i WY\u017bYWIENIE<\/a>\n\t\t\t\t\t<\/div>\n\n\t\t\t\t\t<div id=\"elementor-tab-content-1502\" class=\"elementor-tab-content elementor-clearfix\" data-tab=\"2\" role=\"region\" aria-labelledby=\"elementor-tab-title-1502\"><p>Uczestnik otrzyma stypendium jako rycza\u0142t na koszty utrzymania i na koszty podr\u00f3\u017cy. Ostateczna kwota zostanie obliczona w nast\u0119puj\u0105cy spos\u00f3b: suma iloczynu liczby dni mobilno\u015bci jak okre\u015blono w umowie i kwoty rycza\u0142towej okre\u015blonej na podr\u00f3\u017c.<\/p><p>W ramach wsp\u00f3\u0142pracy z uczelniami zagranicznymi AMiSNS wspiera uczestnik\u00f3w w poszukiwaniu miejsc zakwaterowania (np. akademiki), mo\u017cliwe jest tak\u017ce poszukiwanie zakwaterowania we w\u0142asnym zakresie.<\/p><\/div>\n\t\t\t\t<\/div>\n\t\t\t\t\t\t\t<div class=\"elementor-toggle-item\">\n\t\t\t\t\t<div id=\"elementor-tab-title-1503\" class=\"elementor-tab-title\" data-tab=\"3\" role=\"button\" aria-controls=\"elementor-tab-content-1503\" aria-expanded=\"false\">\n\t\t\t\t\t\t\t\t\t\t\t\t<span class=\"elementor-toggle-icon elementor-toggle-icon-left\" aria-hidden=\"true\">\n\t\t\t\t\t\t\t\t\t\t\t\t\t\t\t<span class=\"elementor-toggle-icon-closed\"><i class=\"fas fa-caret-right\"><\/i><\/span>\n\t\t\t\t\t\t\t\t<span class=\"elementor-toggle-icon-opened\"><i class=\"elementor-toggle-icon-opened fas fa-caret-up\"><\/i><\/span>\n\t\t\t\t\t\t\t\t\t\t\t\t\t<\/span>\n\t\t\t\t\t\t\t\t\t\t\t\t<a class=\"elementor-toggle-title\" tabindex=\"0\">3. REJESTRACJA W SERWISIE MINISTERSTWA SPRAW ZAGRANICZNYCH \u201eODYSEUSZ\u201d<\/a>\n\t\t\t\t\t<\/div>\n\n\t\t\t\t\t<div id=\"elementor-tab-content-1503\" class=\"elementor-tab-content elementor-clearfix\" data-tab=\"3\" role=\"region\" aria-labelledby=\"elementor-tab-title-1503\"><p>Zaleca si\u0119, aby Uczestnik zarejestrowa\u0142 si\u0119 w serwisie <a href=\"http:\/\/odyseusz.msz.gov.pl\">Odyseusz<\/a> prowadzonym przez Ministerstwo Spraw Zagranicznych.<\/p><\/div>\n\t\t\t\t<\/div>\n\t\t\t\t\t\t\t<div class=\"elementor-toggle-item\">\n\t\t\t\t\t<div id=\"elementor-tab-title-1504\" class=\"elementor-tab-title\" data-tab=\"4\" role=\"button\" aria-controls=\"elementor-tab-content-1504\" aria-expanded=\"false\">\n\t\t\t\t\t\t\t\t\t\t\t\t<span class=\"elementor-toggle-icon elementor-toggle-icon-left\" aria-hidden=\"true\">\n\t\t\t\t\t\t\t\t\t\t\t\t\t\t\t<span class=\"elementor-toggle-icon-closed\"><i class=\"fas fa-caret-right\"><\/i><\/span>\n\t\t\t\t\t\t\t\t<span class=\"elementor-toggle-icon-opened\"><i class=\"elementor-toggle-icon-opened fas fa-caret-up\"><\/i><\/span>\n\t\t\t\t\t\t\t\t\t\t\t\t\t<\/span>\n\t\t\t\t\t\t\t\t\t\t\t\t<a class=\"elementor-toggle-title\" tabindex=\"0\">4.  O\u015aWIADCZENIE Z BANKU O POSIADANYM KONCIE BANKOWYM.<\/a>\n\t\t\t\t\t<\/div>\n\n\t\t\t\t\t<div id=\"elementor-tab-content-1504\" class=\"elementor-tab-content elementor-clearfix\" data-tab=\"4\" role=\"region\" aria-labelledby=\"elementor-tab-title-1504\"><p>Nale\u017cy poda\u0107 o\u015bwiadczenie z banku o posiadanym konte walutowym (stypendium jest wyp\u0142acane w EUR).<\/p><\/div>\n\t\t\t\t<\/div>\n\t\t\t\t\t\t\t<div class=\"elementor-toggle-item\">\n\t\t\t\t\t<div id=\"elementor-tab-title-1505\" class=\"elementor-tab-title\" data-tab=\"5\" role=\"button\" aria-controls=\"elementor-tab-content-1505\" aria-expanded=\"false\">\n\t\t\t\t\t\t\t\t\t\t\t\t<span class=\"elementor-toggle-icon elementor-toggle-icon-left\" aria-hidden=\"true\">\n\t\t\t\t\t\t\t\t\t\t\t\t\t\t\t<span class=\"elementor-toggle-icon-closed\"><i class=\"fas fa-caret-right\"><\/i><\/span>\n\t\t\t\t\t\t\t\t<span class=\"elementor-toggle-icon-opened\"><i class=\"elementor-toggle-icon-opened fas fa-caret-up\"><\/i><\/span>\n\t\t\t\t\t\t\t\t\t\t\t\t\t<\/span>\n\t\t\t\t\t\t\t\t\t\t\t\t<a class=\"elementor-toggle-title\" tabindex=\"0\">5. POTWIERDZENIE POBYTU (CONFIRMATION OF STAY)<\/a>\n\t\t\t\t\t<\/div>\n\n\t\t\t\t\t<div id=\"elementor-tab-content-1505\" class=\"elementor-tab-content elementor-clearfix\" data-tab=\"5\" role=\"region\" aria-labelledby=\"elementor-tab-title-1505\"><p>Uczestnik musi dostarczy\u0107 za\u015bwiadczenie z instytucji przyjmuj\u0105cej potwierdzaj\u0105ce okres pobytu, zawieraj\u0105ce faktyczn\u0105 dat\u0119 rozpocz\u0119cia i zako\u0144czenia mobilno\u015bci oraz, \u017ce planowany program prowadzenia zaj\u0119\u0107\/szkolenia zosta\u0142 zrealizowany. Po powrocie z wyjazdu pracownik musi rozliczy\u0107 si\u0119 z AMiSNS w ci\u0105gu 5 dni od zako\u0144czenia wyjazdu okre\u015blonego w li\u015bcie potwierdzaj\u0105cym &#8211; Confirmation Of Stay.<\/p><\/div>\n\t\t\t\t<\/div>\n\t\t\t\t\t\t\t<div class=\"elementor-toggle-item\">\n\t\t\t\t\t<div id=\"elementor-tab-title-1506\" class=\"elementor-tab-title\" data-tab=\"6\" role=\"button\" aria-controls=\"elementor-tab-content-1506\" aria-expanded=\"false\">\n\t\t\t\t\t\t\t\t\t\t\t\t<span class=\"elementor-toggle-icon elementor-toggle-icon-left\" aria-hidden=\"true\">\n\t\t\t\t\t\t\t\t\t\t\t\t\t\t\t<span class=\"elementor-toggle-icon-closed\"><i class=\"fas fa-caret-right\"><\/i><\/span>\n\t\t\t\t\t\t\t\t<span class=\"elementor-toggle-icon-opened\"><i class=\"elementor-toggle-icon-opened fas fa-caret-up\"><\/i><\/span>\n\t\t\t\t\t\t\t\t\t\t\t\t\t<\/span>\n\t\t\t\t\t\t\t\t\t\t\t\t<a class=\"elementor-toggle-title\" tabindex=\"0\">6. SK\u0141ADANIE RAPORT\u00d3W<\/a>\n\t\t\t\t\t<\/div>\n\n\t\t\t\t\t<div id=\"elementor-tab-content-1506\" class=\"elementor-tab-content elementor-clearfix\" data-tab=\"6\" role=\"region\" aria-labelledby=\"elementor-tab-title-1506\"><p>Do z\u0142o\u017cenia raportu indywidualnego zobowi\u0105zany jest ka\u017cdy uczestnik mobilno\u015bci. Zgodnie z zapisami umowy, raport nale\u017cy z\u0142o\u017cy\u0107 maksymalnie w ci\u0105gu 30 dni od otrzymania wezwania do z\u0142o\u017cenia raportu. System wy\u015ble \u200b\u200bautomatycznie uczestnikowi mailowe wezwanie do z\u0142o\u017cenia raportu od razu po terminie zako\u0144czenia mobilno\u015bci. W emailu podany b\u0119dzie link do raportu. Raport Uczestnika ma form\u0119 ankiety online, zawieraj\u0105cej g\u0142\u00f3wnie pytania zamkni\u0119te.<\/p><p>Uczestnik, kt\u00f3ry nie z\u0142o\u017cy Raportu\/ Confirmation of Stay, mo\u017ce zosta\u0107 zobowi\u0105zany przez Uczelni\u0119 do cz\u0119\u015bciowego lub pe\u0142nego zwrotu otrzymanego stypendium UE.<\/p><\/div>\n\t\t\t\t<\/div>\n\t\t\t\t\t\t\t\t<\/div>\n\t\t\t\t<\/div>\n\t\t\t\t<\/div>\n\t\t\t\t\t<\/div>\n\t\t<\/div>\n\t\t\t\t\t<\/div>\n\t\t<\/section>\n\t\t\t\t<section class=\"elementor-section elementor-top-section elementor-element elementor-element-1c5f0e9 elementor-section-boxed elementor-section-height-default elementor-section-height-default\" data-id=\"1c5f0e9\" data-element_type=\"section\">\n\t\t\t\t\t\t<div class=\"elementor-container elementor-column-gap-default\">\n\t\t\t\t\t<div class=\"elementor-column elementor-col-100 elementor-top-column elementor-element elementor-element-32d2073\" data-id=\"32d2073\" data-element_type=\"column\">\n\t\t\t<div class=\"elementor-widget-wrap elementor-element-populated\">\n\t\t\t\t\t\t<div class=\"elementor-element elementor-element-9e5c928 animated-slow elementor-invisible elementor-widget elementor-widget-heading\" data-id=\"9e5c928\" data-element_type=\"widget\" data-settings=\"{&quot;_animation&quot;:&quot;fadeIn&quot;}\" data-widget_type=\"heading.default\">\n\t\t\t\t<div class=\"elementor-widget-container\">\n\t\t\t<h2 class=\"elementor-heading-title elementor-size-default\"><span style=\"color: var( --e-global-color-994196c );font-size: var( --e-global-typography-52482fb-font-size );font-style: normal;font-weight: var( --e-global-typography-52482fb-font-weight )\">Najwa\u017cniejsze dokumenty:<\/span><\/h2>\t\t<\/div>\n\t\t\t\t<\/div>\n\t\t\t\t\t<\/div>\n\t\t<\/div>\n\t\t\t\t\t<\/div>\n\t\t<\/section>\n\t\t\t\t<section class=\"elementor-section elementor-top-section elementor-element elementor-element-ba5d553 animated-slow elementor-section-boxed elementor-section-height-default elementor-section-height-default elementor-invisible\" data-id=\"ba5d553\" data-element_type=\"section\" data-settings=\"{&quot;animation&quot;:&quot;fadeIn&quot;}\">\n\t\t\t\t\t\t<div class=\"elementor-container elementor-column-gap-default\">\n\t\t\t\t\t<div class=\"elementor-column elementor-col-100 elementor-top-column elementor-element elementor-element-8a0bcdf\" data-id=\"8a0bcdf\" data-element_type=\"column\">\n\t\t\t<div class=\"elementor-widget-wrap elementor-element-populated\">\n\t\t\t\t\t\t<div class=\"elementor-element elementor-element-99041f5 elementor-widget elementor-widget-toggle\" data-id=\"99041f5\" data-element_type=\"widget\" data-widget_type=\"toggle.default\">\n\t\t\t\t<div class=\"elementor-widget-container\">\n\t\t\t\t\t<div class=\"elementor-toggle\">\n\t\t\t\t\t\t\t<div class=\"elementor-toggle-item\">\n\t\t\t\t\t<div id=\"elementor-tab-title-1601\" class=\"elementor-tab-title\" data-tab=\"1\" role=\"button\" aria-controls=\"elementor-tab-content-1601\" aria-expanded=\"false\">\n\t\t\t\t\t\t\t\t\t\t\t\t<span class=\"elementor-toggle-icon elementor-toggle-icon-left\" aria-hidden=\"true\">\n\t\t\t\t\t\t\t\t\t\t\t\t\t\t\t<span class=\"elementor-toggle-icon-closed\"><i class=\"fas fa-caret-right\"><\/i><\/span>\n\t\t\t\t\t\t\t\t<span class=\"elementor-toggle-icon-opened\"><i class=\"elementor-toggle-icon-opened fas fa-caret-up\"><\/i><\/span>\n\t\t\t\t\t\t\t\t\t\t\t\t\t<\/span>\n\t\t\t\t\t\t\t\t\t\t\t\t<a class=\"elementor-toggle-title\" tabindex=\"0\">FORMULARZ ZG\u0141OSZENIOWY<\/a>\n\t\t\t\t\t<\/div>\n\n\t\t\t\t\t<div id=\"elementor-tab-content-1601\" class=\"elementor-tab-content elementor-clearfix\" data-tab=\"1\" role=\"region\" aria-labelledby=\"elementor-tab-title-1601\"><ul><li><a href=\"https:\/\/forms.office.com\/e\/69n6UCfNMi\">Formularz zg\u0142oszeniowy<\/a>\u00a0<\/li><\/ul><\/div>\n\t\t\t\t<\/div>\n\t\t\t\t\t\t\t<div class=\"elementor-toggle-item\">\n\t\t\t\t\t<div id=\"elementor-tab-title-1602\" class=\"elementor-tab-title\" data-tab=\"2\" role=\"button\" aria-controls=\"elementor-tab-content-1602\" aria-expanded=\"false\">\n\t\t\t\t\t\t\t\t\t\t\t\t<span class=\"elementor-toggle-icon elementor-toggle-icon-left\" aria-hidden=\"true\">\n\t\t\t\t\t\t\t\t\t\t\t\t\t\t\t<span class=\"elementor-toggle-icon-closed\"><i class=\"fas fa-caret-right\"><\/i><\/span>\n\t\t\t\t\t\t\t\t<span class=\"elementor-toggle-icon-opened\"><i class=\"elementor-toggle-icon-opened fas fa-caret-up\"><\/i><\/span>\n\t\t\t\t\t\t\t\t\t\t\t\t\t<\/span>\n\t\t\t\t\t\t\t\t\t\t\t\t<a class=\"elementor-toggle-title\" tabindex=\"0\">UMOWA MI\u0118DZY AMiSNS A UCZESTNIKIEM MOBILNO\u015aCI PROGRAMU ERASMUS+<\/a>\n\t\t\t\t\t<\/div>\n\n\t\t\t\t\t<div id=\"elementor-tab-content-1602\" class=\"elementor-tab-content elementor-clearfix\" data-tab=\"2\" role=\"region\" aria-labelledby=\"elementor-tab-title-1602\"><ul><li>Dost\u0119pna u koordynator\u00f3w programu Erasmus+ (pok. 020 Budynek C)\u00a0<\/li><\/ul><\/div>\n\t\t\t\t<\/div>\n\t\t\t\t\t\t\t<div class=\"elementor-toggle-item\">\n\t\t\t\t\t<div id=\"elementor-tab-title-1603\" class=\"elementor-tab-title\" data-tab=\"3\" role=\"button\" aria-controls=\"elementor-tab-content-1603\" aria-expanded=\"false\">\n\t\t\t\t\t\t\t\t\t\t\t\t<span class=\"elementor-toggle-icon elementor-toggle-icon-left\" aria-hidden=\"true\">\n\t\t\t\t\t\t\t\t\t\t\t\t\t\t\t<span class=\"elementor-toggle-icon-closed\"><i class=\"fas fa-caret-right\"><\/i><\/span>\n\t\t\t\t\t\t\t\t<span class=\"elementor-toggle-icon-opened\"><i class=\"elementor-toggle-icon-opened fas fa-caret-up\"><\/i><\/span>\n\t\t\t\t\t\t\t\t\t\t\t\t\t<\/span>\n\t\t\t\t\t\t\t\t\t\t\t\t<a class=\"elementor-toggle-title\" tabindex=\"0\">Porozumienie o mobilno\u015bci<\/a>\n\t\t\t\t\t<\/div>\n\n\t\t\t\t\t<div id=\"elementor-tab-content-1603\" class=\"elementor-tab-content elementor-clearfix\" data-tab=\"3\" role=\"region\" aria-labelledby=\"elementor-tab-title-1603\"><p>Porozumienie o mobilno\u015bci okre\u015bla program zaj\u0119\u0107, jaki ma zosta\u0107 zrealizowany podczas wyk\u0142ad\u00f3w lub szkole\u0144. Program musi zosta\u0107 zatwierdzony przez pracownika uczelni, uczelni\u0119 wysy\u0142aj\u0105c\u0105 oraz uczelni\u0119 lub organizacj\u0119 przyjmuj\u0105c\u0105 pracownika uczelni.<\/p><p>Porozumienie o mobilno\u015bci okre\u015bla elementy programu wyk\u0142ad\u00f3w lub szkole\u0144 za granic\u0105 i podkre\u015bla wsp\u00f3ln\u0105 odpowiedzialno\u015b\u0107 instytucji lub organizacji wysy\u0142aj\u0105cej oraz instytucji lub organizacji przyjmuj\u0105cej za jako\u015b\u0107 tego programu.<\/p><p><a href=\"https:\/\/amisns.edu.pl\/wp-content\/uploads\/higher-education-mobility-agreement-teaching-ka131.docx\">Porozumienie o mobilno\u015bci w zakresie nauczania<\/a><\/p><p><a href=\"https:\/\/amisns.edu.pl\/wp-content\/uploads\/higher-education-mobility-agreement-training-ka131.docx\">Porozumienie o mobilno\u015bci w zakresie szkole\u0144<\/a><\/p><p>Dost\u0119pne r\u00f3wnie\u017c u koordynator\u00f3w Erasmus+ (pok. 020 Budynek C)<\/p><\/div>\n\t\t\t\t<\/div>\n\t\t\t\t\t\t\t<div class=\"elementor-toggle-item\">\n\t\t\t\t\t<div id=\"elementor-tab-title-1604\" class=\"elementor-tab-title\" data-tab=\"4\" role=\"button\" aria-controls=\"elementor-tab-content-1604\" aria-expanded=\"false\">\n\t\t\t\t\t\t\t\t\t\t\t\t<span class=\"elementor-toggle-icon elementor-toggle-icon-left\" aria-hidden=\"true\">\n\t\t\t\t\t\t\t\t\t\t\t\t\t\t\t<span class=\"elementor-toggle-icon-closed\"><i class=\"fas fa-caret-right\"><\/i><\/span>\n\t\t\t\t\t\t\t\t<span class=\"elementor-toggle-icon-opened\"><i class=\"elementor-toggle-icon-opened fas fa-caret-up\"><\/i><\/span>\n\t\t\t\t\t\t\t\t\t\t\t\t\t<\/span>\n\t\t\t\t\t\t\t\t\t\t\t\t<a class=\"elementor-toggle-title\" tabindex=\"0\">ZA\u015aWIADCZENIE Z INSTYTUCJI PRZYJMUJ\u0104CEJ POTWIERDZAJ\u0104CE OKRES POBYTU<\/a>\n\t\t\t\t\t<\/div>\n\n\t\t\t\t\t<div id=\"elementor-tab-content-1604\" class=\"elementor-tab-content elementor-clearfix\" data-tab=\"4\" role=\"region\" aria-labelledby=\"elementor-tab-title-1604\"><ul><li><a href=\"https:\/\/amisns.edu.pl\/wp-content\/uploads\/KA103-2023_Confirmation_of_Stay_Staff_teaching.docx\" target=\"_blank\" rel=\"noopener\">Confirmation of Teaching (plik do pobrania<\/a><a href=\"https:\/\/amisns.edu.pl\/wp-content\/uploads\/KA103-2023_Confirmation_of_Stay_Staff_teaching.docx\" target=\"_blank\" rel=\"noopener\">)<\/a><\/li><li><a href=\"https:\/\/amisns.edu.pl\/wp-content\/uploads\/KA103-2023_Confirmation_of_Stay_Staff_training.docx\" target=\"_blank\" rel=\"noopener\">Confirmation of Training (plik do pobrania)<\/a><\/li><\/ul><\/div>\n\t\t\t\t<\/div>\n\t\t\t\t\t\t\t<div class=\"elementor-toggle-item\">\n\t\t\t\t\t<div id=\"elementor-tab-title-1605\" class=\"elementor-tab-title\" data-tab=\"5\" role=\"button\" aria-controls=\"elementor-tab-content-1605\" aria-expanded=\"false\">\n\t\t\t\t\t\t\t\t\t\t\t\t<span class=\"elementor-toggle-icon elementor-toggle-icon-left\" aria-hidden=\"true\">\n\t\t\t\t\t\t\t\t\t\t\t\t\t\t\t<span class=\"elementor-toggle-icon-closed\"><i class=\"fas fa-caret-right\"><\/i><\/span>\n\t\t\t\t\t\t\t\t<span class=\"elementor-toggle-icon-opened\"><i class=\"elementor-toggle-icon-opened fas fa-caret-up\"><\/i><\/span>\n\t\t\t\t\t\t\t\t\t\t\t\t\t<\/span>\n\t\t\t\t\t\t\t\t\t\t\t\t<a class=\"elementor-toggle-title\" tabindex=\"0\">O\u015aWIADCZENIE O REJESTRACJI W SERWISIE MINISTERSTWA SPRAW ZAGRANICZNYCH RP \"ODYSEUSZ\"<\/a>\n\t\t\t\t\t<\/div>\n\n\t\t\t\t\t<div id=\"elementor-tab-content-1605\" class=\"elementor-tab-content elementor-clearfix\" data-tab=\"5\" role=\"region\" aria-labelledby=\"elementor-tab-title-1605\"><ul><li><a href=\"https:\/\/amisns.edu.pl\/wp-content\/uploads\/Oswiadczenie_Odyseusz_STA-STT-1.docx\" target=\"_blank\" rel=\"noopener\">O\u015bwiadczenie o rejestracji &#8222;Odyseusz&#8221;(plik do pobrania)<\/a><\/li><\/ul><\/div>\n\t\t\t\t<\/div>\n\t\t\t\t\t\t\t<div class=\"elementor-toggle-item\">\n\t\t\t\t\t<div id=\"elementor-tab-title-1606\" class=\"elementor-tab-title\" data-tab=\"6\" role=\"button\" aria-controls=\"elementor-tab-content-1606\" aria-expanded=\"false\">\n\t\t\t\t\t\t\t\t\t\t\t\t<span class=\"elementor-toggle-icon elementor-toggle-icon-left\" aria-hidden=\"true\">\n\t\t\t\t\t\t\t\t\t\t\t\t\t\t\t<span class=\"elementor-toggle-icon-closed\"><i class=\"fas fa-caret-right\"><\/i><\/span>\n\t\t\t\t\t\t\t\t<span class=\"elementor-toggle-icon-opened\"><i class=\"elementor-toggle-icon-opened fas fa-caret-up\"><\/i><\/span>\n\t\t\t\t\t\t\t\t\t\t\t\t\t<\/span>\n\t\t\t\t\t\t\t\t\t\t\t\t<a class=\"elementor-toggle-title\" tabindex=\"0\">Klauzula RODO<\/a>\n\t\t\t\t\t<\/div>\n\n\t\t\t\t\t<div id=\"elementor-tab-content-1606\" class=\"elementor-tab-content elementor-clearfix\" data-tab=\"6\" role=\"region\" aria-labelledby=\"elementor-tab-title-1606\"><p><a href=\"https:\/\/amisns.edu.pl\/wp-content\/uploads\/Klauzula-RODO-ERASMUS_Kadra.doc\">Klauzula RODO<\/a><\/p><\/div>\n\t\t\t\t<\/div>\n\t\t\t\t\t\t\t<div class=\"elementor-toggle-item\">\n\t\t\t\t\t<div id=\"elementor-tab-title-1607\" class=\"elementor-tab-title\" data-tab=\"7\" role=\"button\" aria-controls=\"elementor-tab-content-1607\" aria-expanded=\"false\">\n\t\t\t\t\t\t\t\t\t\t\t\t<span class=\"elementor-toggle-icon elementor-toggle-icon-left\" aria-hidden=\"true\">\n\t\t\t\t\t\t\t\t\t\t\t\t\t\t\t<span class=\"elementor-toggle-icon-closed\"><i class=\"fas fa-caret-right\"><\/i><\/span>\n\t\t\t\t\t\t\t\t<span class=\"elementor-toggle-icon-opened\"><i class=\"elementor-toggle-icon-opened fas fa-caret-up\"><\/i><\/span>\n\t\t\t\t\t\t\t\t\t\t\t\t\t<\/span>\n\t\t\t\t\t\t\t\t\t\t\t\t<a class=\"elementor-toggle-title\" tabindex=\"0\">INFORMATION CLAUSE_ERASMUS_Incoming_staff<\/a>\n\t\t\t\t\t<\/div>\n\n\t\t\t\t\t<div id=\"elementor-tab-content-1607\" class=\"elementor-tab-content elementor-clearfix\" data-tab=\"7\" role=\"region\" aria-labelledby=\"elementor-tab-title-1607\"><p><a href=\"https:\/\/amisns.edu.pl\/wp-content\/uploads\/INFORMATION-CLAUSE_ERASMUS_Incoming_staff.pdf\">INFORMATION CLAUSE_ERASMUS_Incoming_staff<\/a><\/p><\/div>\n\t\t\t\t<\/div>\n\t\t\t\t\t\t\t<div class=\"elementor-toggle-item\">\n\t\t\t\t\t<div id=\"elementor-tab-title-1608\" class=\"elementor-tab-title\" data-tab=\"8\" role=\"button\" aria-controls=\"elementor-tab-content-1608\" aria-expanded=\"false\">\n\t\t\t\t\t\t\t\t\t\t\t\t<span class=\"elementor-toggle-icon elementor-toggle-icon-left\" aria-hidden=\"true\">\n\t\t\t\t\t\t\t\t\t\t\t\t\t\t\t<span class=\"elementor-toggle-icon-closed\"><i class=\"fas fa-caret-right\"><\/i><\/span>\n\t\t\t\t\t\t\t\t<span class=\"elementor-toggle-icon-opened\"><i class=\"elementor-toggle-icon-opened fas fa-caret-up\"><\/i><\/span>\n\t\t\t\t\t\t\t\t\t\t\t\t\t<\/span>\n\t\t\t\t\t\t\t\t\t\t\t\t<a class=\"elementor-toggle-title\" tabindex=\"0\">isced-f 2013 codes<\/a>\n\t\t\t\t\t<\/div>\n\n\t\t\t\t\t<div id=\"elementor-tab-content-1608\" class=\"elementor-tab-content elementor-clearfix\" data-tab=\"8\" role=\"region\" aria-labelledby=\"elementor-tab-title-1608\"><p><a href=\"https:\/\/amisns.edu.pl\/wp-content\/uploads\/isced-f-2013-codes.pdf\">isced-f 2013 codes<\/a><\/p><\/div>\n\t\t\t\t<\/div>\n\t\t\t\t\t\t\t<div class=\"elementor-toggle-item\">\n\t\t\t\t\t<div id=\"elementor-tab-title-1609\" class=\"elementor-tab-title\" data-tab=\"9\" role=\"button\" aria-controls=\"elementor-tab-content-1609\" aria-expanded=\"false\">\n\t\t\t\t\t\t\t\t\t\t\t\t<span class=\"elementor-toggle-icon elementor-toggle-icon-left\" aria-hidden=\"true\">\n\t\t\t\t\t\t\t\t\t\t\t\t\t\t\t<span class=\"elementor-toggle-icon-closed\"><i class=\"fas fa-caret-right\"><\/i><\/span>\n\t\t\t\t\t\t\t\t<span class=\"elementor-toggle-icon-opened\"><i class=\"elementor-toggle-icon-opened fas fa-caret-up\"><\/i><\/span>\n\t\t\t\t\t\t\t\t\t\t\t\t\t<\/span>\n\t\t\t\t\t\t\t\t\t\t\t\t<a class=\"elementor-toggle-title\" tabindex=\"0\">higher-education-mobility-agreement-teaching-ka131_Incoming<\/a>\n\t\t\t\t\t<\/div>\n\n\t\t\t\t\t<div id=\"elementor-tab-content-1609\" class=\"elementor-tab-content elementor-clearfix\" data-tab=\"9\" role=\"region\" aria-labelledby=\"elementor-tab-title-1609\"><p><a href=\"https:\/\/amisns.edu.pl\/wp-content\/uploads\/higher-education-mobility-agreement-teaching-ka131_Incoming.docx\">higher-education-mobility-agreement-teaching-ka131_Incoming<\/a><\/p><\/div>\n\t\t\t\t<\/div>\n\t\t\t\t\t\t\t\t<\/div>\n\t\t\t\t<\/div>\n\t\t\t\t<\/div>\n\t\t\t\t\t<\/div>\n\t\t<\/div>\n\t\t\t\t\t<\/div>\n\t\t<\/section>\n\t\t\t\t<\/div>\n\t\t","protected":false},"excerpt":{"rendered":"<p>ERASMUS+ Program Erasmus+ Akcja 1. Mobilno\u015b\u0107 edukacyjna W ramach tej akcji wspierani s\u0105 pracownicy dydaktyczni i administracyjni instytucji szkolnictwa wy\u017cszego, aby mogli oni wzi\u0105\u0107 udzia\u0142 w dzia\u0142aniach na rzecz rozwoju zawodowego za granic\u0105, a tak\u017ce pracownicy przedsi\u0119biorstw, kt\u00f3rzy ucz\u0105 i szkol\u0105 student\u00f3w lub pracownik\u00f3w w instytucjach szkolnictwa wy\u017cszego. Dzia\u0142ania te mog\u0105 obejmowa\u0107 zar\u00f3wno okresy nauczania [&hellip;]<\/p>\n","protected":false},"author":2,"featured_media":0,"parent":66,"menu_order":0,"comment_status":"closed","ping_status":"closed","template":"elementor_header_footer","meta":{"ocean_post_layout":"","ocean_both_sidebars_style":"","ocean_both_sidebars_content_width":0,"ocean_both_sidebars_sidebars_width":0,"ocean_sidebar":"0","ocean_second_sidebar":"0","ocean_disable_margins":"enable","ocean_add_body_class":"","ocean_shortcode_before_top_bar":"","ocean_shortcode_after_top_bar":"","ocean_shortcode_before_header":"","ocean_shortcode_after_header":"","ocean_has_shortcode":"","ocean_shortcode_after_title":"","ocean_shortcode_before_footer_widgets":"","ocean_shortcode_after_footer_widgets":"","ocean_shortcode_before_footer_bottom":"","ocean_shortcode_after_footer_bottom":"","ocean_display_top_bar":"default","ocean_display_header":"default","ocean_header_style":"","ocean_center_header_left_menu":"0","ocean_custom_header_template":"0","ocean_custom_logo":0,"ocean_custom_retina_logo":0,"ocean_custom_logo_max_width":0,"ocean_custom_logo_tablet_max_width":0,"ocean_custom_logo_mobile_max_width":0,"ocean_custom_logo_max_height":0,"ocean_custom_logo_tablet_max_height":0,"ocean_custom_logo_mobile_max_height":0,"ocean_header_custom_menu":"0","ocean_menu_typo_font_family":"0","ocean_menu_typo_font_subset":"","ocean_menu_typo_font_size":0,"ocean_menu_typo_font_size_tablet":0,"ocean_menu_typo_font_size_mobile":0,"ocean_menu_typo_font_size_unit":"px","ocean_menu_typo_font_weight":"","ocean_menu_typo_font_weight_tablet":"","ocean_menu_typo_font_weight_mobile":"","ocean_menu_typo_transform":"","ocean_menu_typo_transform_tablet":"","ocean_menu_typo_transform_mobile":"","ocean_menu_typo_line_height":0,"ocean_menu_typo_line_height_tablet":0,"ocean_menu_typo_line_height_mobile":0,"ocean_menu_typo_line_height_unit":"","ocean_menu_typo_spacing":0,"ocean_menu_typo_spacing_tablet":0,"ocean_menu_typo_spacing_mobile":0,"ocean_menu_typo_spacing_unit":"","ocean_menu_link_color":"","ocean_menu_link_color_hover":"","ocean_menu_link_color_active":"","ocean_menu_link_background":"","ocean_menu_link_hover_background":"","ocean_menu_link_active_background":"","ocean_menu_social_links_bg":"","ocean_menu_social_hover_links_bg":"","ocean_menu_social_links_color":"","ocean_menu_social_hover_links_color":"","ocean_disable_title":"default","ocean_disable_heading":"default","ocean_post_title":"","ocean_post_subheading":"","ocean_post_title_style":"","ocean_post_title_background_color":"","ocean_post_title_background":0,"ocean_post_title_bg_image_position":"","ocean_post_title_bg_image_attachment":"","ocean_post_title_bg_image_repeat":"","ocean_post_title_bg_image_size":"","ocean_post_title_height":0,"ocean_post_title_bg_overlay":0.5,"ocean_post_title_bg_overlay_color":"","ocean_disable_breadcrumbs":"default","ocean_breadcrumbs_color":"","ocean_breadcrumbs_separator_color":"","ocean_breadcrumbs_links_color":"","ocean_breadcrumbs_links_hover_color":"","ocean_display_footer_widgets":"default","ocean_display_footer_bottom":"default","ocean_custom_footer_template":"0","footnotes":""},"class_list":["post-4735","page","type-page","status-publish","hentry","entry"],"yoast_head":"<!-- This site is optimized with the Yoast SEO plugin v23.7 - https:\/\/yoast.com\/wordpress\/plugins\/seo\/ -->\n<title>Erasmus+ Kadra - AMISNS<\/title>\n<meta name=\"robots\" content=\"noindex, follow, max-snippet:-1, max-image-preview:large, max-video-preview:-1\" \/>\n<meta property=\"og:locale\" content=\"pl_PL\" \/>\n<meta property=\"og:type\" content=\"article\" \/>\n<meta property=\"og:title\" content=\"Erasmus+ Kadra - AMISNS\" \/>\n<meta property=\"og:description\" content=\"ERASMUS+ Program Erasmus+ Akcja 1. Mobilno\u015b\u0107 edukacyjna W ramach tej akcji wspierani s\u0105 pracownicy dydaktyczni i administracyjni instytucji szkolnictwa wy\u017cszego, aby mogli oni wzi\u0105\u0107 udzia\u0142 w dzia\u0142aniach na rzecz rozwoju zawodowego za granic\u0105, a tak\u017ce pracownicy przedsi\u0119biorstw, kt\u00f3rzy ucz\u0105 i szkol\u0105 student\u00f3w lub pracownik\u00f3w w instytucjach szkolnictwa wy\u017cszego. Dzia\u0142ania te mog\u0105 obejmowa\u0107 zar\u00f3wno okresy nauczania [&hellip;]\" \/>\n<meta property=\"og:url\" content=\"https:\/\/amisns.edu.pl\/stara-wersja\/homepage\/dla-studenta\/erasmus-kadra\/\" \/>\n<meta property=\"og:site_name\" content=\"AMISNS\" \/>\n<meta property=\"article:publisher\" content=\"https:\/\/www.facebook.com\/AMiSNSElblag\" \/>\n<meta property=\"article:modified_time\" content=\"2024-08-06T08:29:03+00:00\" \/>\n<meta name=\"twitter:card\" content=\"summary_large_image\" \/>\n<meta name=\"twitter:label1\" content=\"Szacowany czas czytania\" \/>\n\t<meta name=\"twitter:data1\" content=\"11 minut\" \/>\n<script type=\"application\/ld+json\" class=\"yoast-schema-graph\">{\"@context\":\"https:\/\/schema.org\",\"@graph\":[{\"@type\":\"WebPage\",\"@id\":\"https:\/\/amisns.edu.pl\/stara-wersja\/homepage\/dla-studenta\/erasmus-kadra\/\",\"url\":\"https:\/\/amisns.edu.pl\/stara-wersja\/homepage\/dla-studenta\/erasmus-kadra\/\",\"name\":\"Erasmus+ Kadra - AMISNS\",\"isPartOf\":{\"@id\":\"https:\/\/amisns.edu.pl\/stara-wersja\/stara-wersja\/#website\"},\"datePublished\":\"2023-01-12T01:15:28+00:00\",\"dateModified\":\"2024-08-06T08:29:03+00:00\",\"breadcrumb\":{\"@id\":\"https:\/\/amisns.edu.pl\/stara-wersja\/homepage\/dla-studenta\/erasmus-kadra\/#breadcrumb\"},\"inLanguage\":\"pl-PL\",\"potentialAction\":[{\"@type\":\"ReadAction\",\"target\":[\"https:\/\/amisns.edu.pl\/stara-wersja\/homepage\/dla-studenta\/erasmus-kadra\/\"]}]},{\"@type\":\"BreadcrumbList\",\"@id\":\"https:\/\/amisns.edu.pl\/stara-wersja\/homepage\/dla-studenta\/erasmus-kadra\/#breadcrumb\",\"itemListElement\":[{\"@type\":\"ListItem\",\"position\":1,\"name\":\"Strona g\u0142\u00f3wna\",\"item\":\"https:\/\/amisns.edu.pl\/stara-wersja\/\"},{\"@type\":\"ListItem\",\"position\":2,\"name\":\"Homepage\",\"item\":\"https:\/\/amisns.edu.pl\/stara-wersja\/\"},{\"@type\":\"ListItem\",\"position\":3,\"name\":\"Dla studenta\",\"item\":\"https:\/\/amisns.edu.pl\/stara-wersja\/homepage\/dla-studenta\/\"},{\"@type\":\"ListItem\",\"position\":4,\"name\":\"Erasmus+ Kadra\"}]},{\"@type\":\"WebSite\",\"@id\":\"https:\/\/amisns.edu.pl\/stara-wersja\/stara-wersja\/#website\",\"url\":\"https:\/\/amisns.edu.pl\/stara-wersja\/stara-wersja\/\",\"name\":\"AMISNS\",\"description\":\"Akademia Medycznych i Spo\u0142ecznych nauk stosowanych\",\"publisher\":{\"@id\":\"https:\/\/amisns.edu.pl\/stara-wersja\/stara-wersja\/#organization\"},\"potentialAction\":[{\"@type\":\"SearchAction\",\"target\":{\"@type\":\"EntryPoint\",\"urlTemplate\":\"https:\/\/amisns.edu.pl\/stara-wersja\/stara-wersja\/?s={search_term_string}\"},\"query-input\":{\"@type\":\"PropertyValueSpecification\",\"valueRequired\":true,\"valueName\":\"search_term_string\"}}],\"inLanguage\":\"pl-PL\"},{\"@type\":\"Organization\",\"@id\":\"https:\/\/amisns.edu.pl\/stara-wersja\/stara-wersja\/#organization\",\"name\":\"AMISNS\",\"url\":\"https:\/\/amisns.edu.pl\/stara-wersja\/stara-wersja\/\",\"logo\":{\"@type\":\"ImageObject\",\"inLanguage\":\"pl-PL\",\"@id\":\"https:\/\/amisns.edu.pl\/stara-wersja\/stara-wersja\/#\/schema\/logo\/image\/\",\"url\":\"https:\/\/amisns.edu.pl\/stara-wersja\/wp-content\/uploads\/2022\/12\/Znak-AMiSNS-na-strone-www-4k.png\",\"contentUrl\":\"https:\/\/amisns.edu.pl\/stara-wersja\/wp-content\/uploads\/2022\/12\/Znak-AMiSNS-na-strone-www-4k.png\",\"width\":1920,\"height\":523,\"caption\":\"AMISNS\"},\"image\":{\"@id\":\"https:\/\/amisns.edu.pl\/stara-wersja\/stara-wersja\/#\/schema\/logo\/image\/\"},\"sameAs\":[\"https:\/\/www.facebook.com\/AMiSNSElblag\"]}]}<\/script>\n<!-- \/ Yoast SEO plugin. -->","yoast_head_json":{"title":"Erasmus+ Kadra - AMISNS","robots":{"index":"noindex","follow":"follow","max-snippet":"max-snippet:-1","max-image-preview":"max-image-preview:large","max-video-preview":"max-video-preview:-1"},"og_locale":"pl_PL","og_type":"article","og_title":"Erasmus+ Kadra - AMISNS","og_description":"ERASMUS+ Program Erasmus+ Akcja 1. Mobilno\u015b\u0107 edukacyjna W ramach tej akcji wspierani s\u0105 pracownicy dydaktyczni i administracyjni instytucji szkolnictwa wy\u017cszego, aby mogli oni wzi\u0105\u0107 udzia\u0142 w dzia\u0142aniach na rzecz rozwoju zawodowego za granic\u0105, a tak\u017ce pracownicy przedsi\u0119biorstw, kt\u00f3rzy ucz\u0105 i szkol\u0105 student\u00f3w lub pracownik\u00f3w w instytucjach szkolnictwa wy\u017cszego. Dzia\u0142ania te mog\u0105 obejmowa\u0107 zar\u00f3wno okresy nauczania [&hellip;]","og_url":"https:\/\/amisns.edu.pl\/stara-wersja\/homepage\/dla-studenta\/erasmus-kadra\/","og_site_name":"AMISNS","article_publisher":"https:\/\/www.facebook.com\/AMiSNSElblag","article_modified_time":"2024-08-06T08:29:03+00:00","twitter_card":"summary_large_image","twitter_misc":{"Szacowany czas czytania":"11 minut"},"schema":{"@context":"https:\/\/schema.org","@graph":[{"@type":"WebPage","@id":"https:\/\/amisns.edu.pl\/stara-wersja\/homepage\/dla-studenta\/erasmus-kadra\/","url":"https:\/\/amisns.edu.pl\/stara-wersja\/homepage\/dla-studenta\/erasmus-kadra\/","name":"Erasmus+ Kadra - AMISNS","isPartOf":{"@id":"https:\/\/amisns.edu.pl\/stara-wersja\/stara-wersja\/#website"},"datePublished":"2023-01-12T01:15:28+00:00","dateModified":"2024-08-06T08:29:03+00:00","breadcrumb":{"@id":"https:\/\/amisns.edu.pl\/stara-wersja\/homepage\/dla-studenta\/erasmus-kadra\/#breadcrumb"},"inLanguage":"pl-PL","potentialAction":[{"@type":"ReadAction","target":["https:\/\/amisns.edu.pl\/stara-wersja\/homepage\/dla-studenta\/erasmus-kadra\/"]}]},{"@type":"BreadcrumbList","@id":"https:\/\/amisns.edu.pl\/stara-wersja\/homepage\/dla-studenta\/erasmus-kadra\/#breadcrumb","itemListElement":[{"@type":"ListItem","position":1,"name":"Strona g\u0142\u00f3wna","item":"https:\/\/amisns.edu.pl\/stara-wersja\/"},{"@type":"ListItem","position":2,"name":"Homepage","item":"https:\/\/amisns.edu.pl\/stara-wersja\/"},{"@type":"ListItem","position":3,"name":"Dla studenta","item":"https:\/\/amisns.edu.pl\/stara-wersja\/homepage\/dla-studenta\/"},{"@type":"ListItem","position":4,"name":"Erasmus+ Kadra"}]},{"@type":"WebSite","@id":"https:\/\/amisns.edu.pl\/stara-wersja\/stara-wersja\/#website","url":"https:\/\/amisns.edu.pl\/stara-wersja\/stara-wersja\/","name":"AMISNS","description":"Akademia Medycznych i Spo\u0142ecznych nauk stosowanych","publisher":{"@id":"https:\/\/amisns.edu.pl\/stara-wersja\/stara-wersja\/#organization"},"potentialAction":[{"@type":"SearchAction","target":{"@type":"EntryPoint","urlTemplate":"https:\/\/amisns.edu.pl\/stara-wersja\/stara-wersja\/?s={search_term_string}"},"query-input":{"@type":"PropertyValueSpecification","valueRequired":true,"valueName":"search_term_string"}}],"inLanguage":"pl-PL"},{"@type":"Organization","@id":"https:\/\/amisns.edu.pl\/stara-wersja\/stara-wersja\/#organization","name":"AMISNS","url":"https:\/\/amisns.edu.pl\/stara-wersja\/stara-wersja\/","logo":{"@type":"ImageObject","inLanguage":"pl-PL","@id":"https:\/\/amisns.edu.pl\/stara-wersja\/stara-wersja\/#\/schema\/logo\/image\/","url":"https:\/\/amisns.edu.pl\/stara-wersja\/wp-content\/uploads\/2022\/12\/Znak-AMiSNS-na-strone-www-4k.png","contentUrl":"https:\/\/amisns.edu.pl\/stara-wersja\/wp-content\/uploads\/2022\/12\/Znak-AMiSNS-na-strone-www-4k.png","width":1920,"height":523,"caption":"AMISNS"},"image":{"@id":"https:\/\/amisns.edu.pl\/stara-wersja\/stara-wersja\/#\/schema\/logo\/image\/"},"sameAs":["https:\/\/www.facebook.com\/AMiSNSElblag"]}]}},"_links":{"self":[{"href":"https:\/\/amisns.edu.pl\/stara-wersja\/wp-json\/wp\/v2\/pages\/4735"}],"collection":[{"href":"https:\/\/amisns.edu.pl\/stara-wersja\/wp-json\/wp\/v2\/pages"}],"about":[{"href":"https:\/\/amisns.edu.pl\/stara-wersja\/wp-json\/wp\/v2\/types\/page"}],"author":[{"embeddable":true,"href":"https:\/\/amisns.edu.pl\/stara-wersja\/wp-json\/wp\/v2\/users\/2"}],"replies":[{"embeddable":true,"href":"https:\/\/amisns.edu.pl\/stara-wersja\/wp-json\/wp\/v2\/comments?post=4735"}],"version-history":[{"count":160,"href":"https:\/\/amisns.edu.pl\/stara-wersja\/wp-json\/wp\/v2\/pages\/4735\/revisions"}],"predecessor-version":[{"id":23911,"href":"https:\/\/amisns.edu.pl\/stara-wersja\/wp-json\/wp\/v2\/pages\/4735\/revisions\/23911"}],"up":[{"embeddable":true,"href":"https:\/\/amisns.edu.pl\/stara-wersja\/wp-json\/wp\/v2\/pages\/66"}],"wp:attachment":[{"href":"https:\/\/amisns.edu.pl\/stara-wersja\/wp-json\/wp\/v2\/media?parent=4735"}],"curies":[{"name":"wp","href":"https:\/\/api.w.org\/{rel}","templated":true}]}}