{"id":481,"date":"2022-11-08T20:13:02","date_gmt":"2022-11-08T20:13:02","guid":{"rendered":"http:\/\/wordpress2247503.home.pl\/public_html\/amisns.edu.pl\/?page_id=481"},"modified":"2024-07-25T09:00:55","modified_gmt":"2024-07-25T08:00:55","slug":"administracja","status":"publish","type":"page","link":"https:\/\/amisns.edu.pl\/stara-wersja\/homepage\/wydzialy\/wydzial-administracji-i-nauk-spolecznych\/administracja\/","title":{"rendered":"Administracja"},"content":{"rendered":"\t\t<div data-elementor-type=\"wp-page\" data-elementor-id=\"481\" class=\"elementor elementor-481\" data-elementor-post-type=\"page\">\n\t\t\t\t\t\t<section class=\"elementor-section elementor-top-section elementor-element elementor-element-73e051c elementor-section-boxed elementor-section-height-default elementor-section-height-default\" data-id=\"73e051c\" data-element_type=\"section\">\n\t\t\t\t\t\t<div class=\"elementor-container elementor-column-gap-default\">\n\t\t\t\t\t<div class=\"elementor-column elementor-col-100 elementor-top-column elementor-element elementor-element-f0b420a\" data-id=\"f0b420a\" data-element_type=\"column\">\n\t\t\t<div class=\"elementor-widget-wrap elementor-element-populated\">\n\t\t\t\t\t\t<div class=\"elementor-element elementor-element-e31f9eb elementor-widget elementor-widget-template\" data-id=\"e31f9eb\" data-element_type=\"widget\" data-widget_type=\"template.default\">\n\t\t\t\t<div class=\"elementor-widget-container\">\n\t\t\t\t\t<div class=\"elementor-template\">\n\t\t\t\t\t<div data-elementor-type=\"section\" data-elementor-id=\"1711\" class=\"elementor elementor-1711\" data-elementor-post-type=\"elementor_library\">\n\t\t\t\t\t<section class=\"elementor-section elementor-top-section elementor-element elementor-element-3e292e79 elementor-section-boxed elementor-section-height-default elementor-section-height-default\" data-id=\"3e292e79\" data-element_type=\"section\">\n\t\t\t\t\t\t<div class=\"elementor-container elementor-column-gap-default\">\n\t\t\t\t\t<div class=\"elementor-column elementor-col-100 elementor-top-column elementor-element elementor-element-7c07ba61\" data-id=\"7c07ba61\" data-element_type=\"column\">\n\t\t\t<div class=\"elementor-widget-wrap elementor-element-populated\">\n\t\t\t\t\t\t<div class=\"elementor-element elementor-element-ec63c83 elementor-nav-menu__align-center elementor-nav-menu--dropdown-mobile elementor-nav-menu__text-align-aside elementor-nav-menu--toggle elementor-nav-menu--burger elementor-widget elementor-widget-nav-menu\" data-id=\"ec63c83\" data-element_type=\"widget\" data-settings=\"{&quot;layout&quot;:&quot;horizontal&quot;,&quot;submenu_icon&quot;:{&quot;value&quot;:&quot;&lt;i class=\\&quot;fas fa-caret-down\\&quot;&gt;&lt;\\\/i&gt;&quot;,&quot;library&quot;:&quot;fa-solid&quot;},&quot;toggle&quot;:&quot;burger&quot;}\" data-widget_type=\"nav-menu.default\">\n\t\t\t\t<div class=\"elementor-widget-container\">\n\t\t\t\t\t\t<nav aria-label=\"Menu\" class=\"elementor-nav-menu--main elementor-nav-menu__container elementor-nav-menu--layout-horizontal e--pointer-underline e--animation-fade\">\n\t\t\t\t<ul id=\"menu-1-ec63c83\" class=\"elementor-nav-menu\"><li class=\"menu-item menu-item-type-post_type menu-item-object-page menu-item-490\"><a href=\"https:\/\/amisns.edu.pl\/stara-wersja\/homepage\/wydzialy\/wydzial-administracji-i-nauk-spolecznych\/administracja\/\" class=\"elementor-item\">Administracja<\/a><\/li>\n<li class=\"menu-item menu-item-type-post_type menu-item-object-page menu-item-530\"><a href=\"https:\/\/amisns.edu.pl\/stara-wersja\/homepage\/wydzialy\/wydzial-administracji-i-nauk-spolecznych\/pedagogika\/\" class=\"elementor-item\">Pedagogika<\/a><\/li>\n<li class=\"menu-item menu-item-type-post_type menu-item-object-page menu-item-531\"><a href=\"https:\/\/amisns.edu.pl\/stara-wersja\/homepage\/wydzialy\/wydzial-administracji-i-nauk-spolecznych\/psychologia\/\" class=\"elementor-item\">Psychologia<\/a><\/li>\n<li class=\"menu-item menu-item-type-post_type menu-item-object-page menu-item-532\"><a href=\"https:\/\/amisns.edu.pl\/stara-wersja\/homepage\/wydzialy\/wydzial-administracji-i-nauk-spolecznych\/zarzadzanie\/\" class=\"elementor-item\">Zarz\u0105dzanie<\/a><\/li>\n<li class=\"menu-item menu-item-type-post_type menu-item-object-page menu-item-533\"><a href=\"https:\/\/amisns.edu.pl\/stara-wersja\/homepage\/wydzialy\/wydzial-administracji-i-nauk-spolecznych\/bezpieczenstwo-wewnetrzne\/\" class=\"elementor-item\">Bezpiecze\u0144stwo wewn\u0119trzne<\/a><\/li>\n<\/ul>\t\t\t<\/nav>\n\t\t\t\t\t<div class=\"elementor-menu-toggle\" role=\"button\" tabindex=\"0\" aria-label=\"Menu Toggle\" aria-expanded=\"false\">\n\t\t\t<i aria-hidden=\"true\" role=\"presentation\" class=\"elementor-menu-toggle__icon--open eicon-menu-bar\"><\/i><i aria-hidden=\"true\" role=\"presentation\" class=\"elementor-menu-toggle__icon--close eicon-close\"><\/i>\t\t\t<span class=\"elementor-screen-only\">Menu<\/span>\n\t\t<\/div>\n\t\t\t\t\t<nav class=\"elementor-nav-menu--dropdown elementor-nav-menu__container\" aria-hidden=\"true\">\n\t\t\t\t<ul id=\"menu-2-ec63c83\" class=\"elementor-nav-menu\"><li class=\"menu-item menu-item-type-post_type menu-item-object-page menu-item-490\"><a href=\"https:\/\/amisns.edu.pl\/stara-wersja\/homepage\/wydzialy\/wydzial-administracji-i-nauk-spolecznych\/administracja\/\" class=\"elementor-item\" tabindex=\"-1\">Administracja<\/a><\/li>\n<li class=\"menu-item menu-item-type-post_type menu-item-object-page menu-item-530\"><a href=\"https:\/\/amisns.edu.pl\/stara-wersja\/homepage\/wydzialy\/wydzial-administracji-i-nauk-spolecznych\/pedagogika\/\" class=\"elementor-item\" tabindex=\"-1\">Pedagogika<\/a><\/li>\n<li class=\"menu-item menu-item-type-post_type menu-item-object-page menu-item-531\"><a href=\"https:\/\/amisns.edu.pl\/stara-wersja\/homepage\/wydzialy\/wydzial-administracji-i-nauk-spolecznych\/psychologia\/\" class=\"elementor-item\" tabindex=\"-1\">Psychologia<\/a><\/li>\n<li class=\"menu-item menu-item-type-post_type menu-item-object-page menu-item-532\"><a href=\"https:\/\/amisns.edu.pl\/stara-wersja\/homepage\/wydzialy\/wydzial-administracji-i-nauk-spolecznych\/zarzadzanie\/\" class=\"elementor-item\" tabindex=\"-1\">Zarz\u0105dzanie<\/a><\/li>\n<li class=\"menu-item menu-item-type-post_type menu-item-object-page menu-item-533\"><a href=\"https:\/\/amisns.edu.pl\/stara-wersja\/homepage\/wydzialy\/wydzial-administracji-i-nauk-spolecznych\/bezpieczenstwo-wewnetrzne\/\" class=\"elementor-item\" tabindex=\"-1\">Bezpiecze\u0144stwo wewn\u0119trzne<\/a><\/li>\n<\/ul>\t\t\t<\/nav>\n\t\t\t\t<\/div>\n\t\t\t\t<\/div>\n\t\t\t\t\t<\/div>\n\t\t<\/div>\n\t\t\t\t\t<\/div>\n\t\t<\/section>\n\t\t\t\t<\/div>\n\t\t\t\t<\/div>\n\t\t\t\t<\/div>\n\t\t\t\t<\/div>\n\t\t\t\t\t<\/div>\n\t\t<\/div>\n\t\t\t\t\t<\/div>\n\t\t<\/section>\n\t\t\t\t<section class=\"elementor-section elementor-top-section elementor-element elementor-element-7020c9b elementor-section-full_width elementor-section-height-default elementor-section-height-default\" data-id=\"7020c9b\" data-element_type=\"section\">\n\t\t\t\t\t\t<div class=\"elementor-container elementor-column-gap-default\">\n\t\t\t\t\t<div class=\"elementor-column elementor-col-100 elementor-top-column elementor-element elementor-element-c58a8ad\" data-id=\"c58a8ad\" data-element_type=\"column\">\n\t\t\t<div class=\"elementor-widget-wrap elementor-element-populated\">\n\t\t\t\t\t\t<div class=\"elementor-element elementor-element-a4f4ae3 elementor--h-position-center elementor--v-position-middle elementor-arrows-position-inside elementor-pagination-position-inside elementor-widget elementor-widget-slides\" data-id=\"a4f4ae3\" data-element_type=\"widget\" data-settings=\"{&quot;navigation&quot;:&quot;both&quot;,&quot;autoplay&quot;:&quot;yes&quot;,&quot;pause_on_hover&quot;:&quot;yes&quot;,&quot;pause_on_interaction&quot;:&quot;yes&quot;,&quot;autoplay_speed&quot;:5000,&quot;infinite&quot;:&quot;yes&quot;,&quot;transition&quot;:&quot;slide&quot;,&quot;transition_speed&quot;:500}\" data-widget_type=\"slides.default\">\n\t\t\t\t<div class=\"elementor-widget-container\">\n\t\t\t\t\t<div class=\"elementor-swiper\">\n\t\t\t<div class=\"elementor-slides-wrapper elementor-main-swiper swiper\" dir=\"ltr\" data-animation=\"fadeInUp\">\n\t\t\t\t<div class=\"swiper-wrapper elementor-slides\">\n\t\t\t\t\t\t\t\t\t\t<div class=\"elementor-repeater-item-040f7df swiper-slide\"><div class=\"swiper-slide-bg elementor-ken-burns elementor-ken-burns--in\" role=\"img\"><\/div><div class=\"swiper-slide-inner\" ><div class=\"swiper-slide-contents\"><div class=\"elementor-slide-heading\">ADMINISTRACJA<\/div><\/div><\/div><\/div>\t\t\t\t<\/div>\n\t\t\t\t\t\t\t<\/div>\n\t\t<\/div>\n\t\t\t\t<\/div>\n\t\t\t\t<\/div>\n\t\t\t\t\t<\/div>\n\t\t<\/div>\n\t\t\t\t\t<\/div>\n\t\t<\/section>\n\t\t\t\t<section class=\"elementor-section elementor-top-section elementor-element elementor-element-60af717 animated-slow elementor-section-boxed elementor-section-height-default elementor-section-height-default elementor-invisible\" data-id=\"60af717\" data-element_type=\"section\" data-settings=\"{&quot;animation&quot;:&quot;fadeIn&quot;}\">\n\t\t\t\t\t\t<div class=\"elementor-container elementor-column-gap-default\">\n\t\t\t\t\t<div class=\"elementor-column elementor-col-100 elementor-top-column elementor-element elementor-element-1d9ea87\" data-id=\"1d9ea87\" data-element_type=\"column\">\n\t\t\t<div class=\"elementor-widget-wrap elementor-element-populated\">\n\t\t\t\t\t\t<div class=\"elementor-element elementor-element-113490f elementor-widget elementor-widget-template\" data-id=\"113490f\" data-element_type=\"widget\" data-widget_type=\"template.default\">\n\t\t\t\t<div class=\"elementor-widget-container\">\n\t\t\t\t\t<div class=\"elementor-template\">\n\t\t\t\t\t<div data-elementor-type=\"section\" data-elementor-id=\"1113\" class=\"elementor elementor-1113\" data-elementor-post-type=\"elementor_library\">\n\t\t\t\t\t<section class=\"elementor-section elementor-top-section elementor-element elementor-element-304d0b58 elementor-section-boxed elementor-section-height-default elementor-section-height-default\" data-id=\"304d0b58\" data-element_type=\"section\">\n\t\t\t\t\t\t<div class=\"elementor-container elementor-column-gap-default\">\n\t\t\t\t\t<div class=\"elementor-column elementor-col-25 elementor-top-column elementor-element elementor-element-8c04a2\" data-id=\"8c04a2\" data-element_type=\"column\">\n\t\t\t<div class=\"elementor-widget-wrap elementor-element-populated\">\n\t\t\t\t\t\t<div class=\"elementor-element elementor-element-249afb85 elementor-cta--skin-cover elementor-cta--valign-bottom elementor-animated-content elementor-bg-transform elementor-bg-transform-zoom-in elementor-widget elementor-widget-call-to-action\" data-id=\"249afb85\" data-element_type=\"widget\" data-widget_type=\"call-to-action.default\">\n\t\t\t\t<div class=\"elementor-widget-container\">\n\t\t\t\t\t<a class=\"elementor-cta\" href=\"https:\/\/amisns.edu.pl\/stara-wersja\/homepage\/wydzialy\/wydzial-administracji-i-nauk-spolecznych\/administracja\/ogloszenia-dla-studentow-administracja\/\">\n\t\t\t\t\t<div class=\"elementor-cta__bg-wrapper\">\n\t\t\t\t<div class=\"elementor-cta__bg elementor-bg\" style=\"background-image: url(https:\/\/amisns.edu.pl\/stara-wersja\/wp-content\/uploads\/2-piktogram-na-strone-01-szary.jpg);\" role=\"img\" aria-label=\"\"><\/div>\n\t\t\t\t<div class=\"elementor-cta__bg-overlay\"><\/div>\n\t\t\t<\/div>\n\t\t\t\t\t\t\t<div class=\"elementor-cta__content\">\n\t\t\t\t\n\t\t\t\t\n\t\t\t\t\t\t\t\t\t<div class=\"elementor-cta__description elementor-cta__content-item elementor-content-item elementor-animated-item--grow\">\n\t\t\t\t\t\tOG\u0141OSZENIA DLA STUDENT\u00d3W\t\t\t\t\t<\/div>\n\t\t\t\t\n\t\t\t\t\t\t\t<\/div>\n\t\t\t\t\t\t<\/a>\n\t\t\t\t<\/div>\n\t\t\t\t<\/div>\n\t\t\t\t<div class=\"elementor-element elementor-element-746d5fc elementor-cta--skin-cover elementor-cta--valign-bottom elementor-animated-content elementor-bg-transform elementor-bg-transform-zoom-in elementor-widget elementor-widget-call-to-action\" data-id=\"746d5fc\" data-element_type=\"widget\" data-widget_type=\"call-to-action.default\">\n\t\t\t\t<div class=\"elementor-widget-container\">\n\t\t\t\t\t<a class=\"elementor-cta\" href=\"https:\/\/amisns.edu.pl\/stara-wersja\/homepage\/wydzialy\/wydzial-administracji-i-nauk-spolecznych\/administracja\/sylabusy-administracja\/\">\n\t\t\t\t\t<div class=\"elementor-cta__bg-wrapper\">\n\t\t\t\t<div class=\"elementor-cta__bg elementor-bg\" style=\"background-image: url(https:\/\/amisns.edu.pl\/stara-wersja\/wp-content\/uploads\/2-piktogram-na-strone-05-szary.jpg);\" role=\"img\" aria-label=\"\"><\/div>\n\t\t\t\t<div class=\"elementor-cta__bg-overlay\"><\/div>\n\t\t\t<\/div>\n\t\t\t\t\t\t\t<div class=\"elementor-cta__content\">\n\t\t\t\t\n\t\t\t\t\n\t\t\t\t\t\t\t\t\t<div class=\"elementor-cta__description elementor-cta__content-item elementor-content-item elementor-animated-item--grow\">\n\t\t\t\t\t\tSYLABUSY\t\t\t\t\t<\/div>\n\t\t\t\t\n\t\t\t\t\t\t\t<\/div>\n\t\t\t\t\t\t<\/a>\n\t\t\t\t<\/div>\n\t\t\t\t<\/div>\n\t\t\t\t\t<\/div>\n\t\t<\/div>\n\t\t\t\t<div class=\"elementor-column elementor-col-25 elementor-top-column elementor-element elementor-element-6a1213c3\" data-id=\"6a1213c3\" data-element_type=\"column\">\n\t\t\t<div class=\"elementor-widget-wrap elementor-element-populated\">\n\t\t\t\t\t\t<div class=\"elementor-element elementor-element-280b1e29 elementor-cta--skin-cover elementor-cta--valign-bottom elementor-animated-content elementor-bg-transform elementor-bg-transform-zoom-in elementor-widget elementor-widget-call-to-action\" data-id=\"280b1e29\" data-element_type=\"widget\" data-widget_type=\"call-to-action.default\">\n\t\t\t\t<div class=\"elementor-widget-container\">\n\t\t\t\t\t<a class=\"elementor-cta\" href=\"https:\/\/amisns.edu.pl\/stara-wersja\/homepage\/wydzialy\/wydzial-administracji-i-nauk-spolecznych\/administracja\/plany-i-programy-studiow-administracja\/\">\n\t\t\t\t\t<div class=\"elementor-cta__bg-wrapper\">\n\t\t\t\t<div class=\"elementor-cta__bg elementor-bg\" style=\"background-image: url(https:\/\/amisns.edu.pl\/stara-wersja\/wp-content\/uploads\/2-piktogram-na-strone-02-szary.jpg);\" role=\"img\" aria-label=\"\"><\/div>\n\t\t\t\t<div class=\"elementor-cta__bg-overlay\"><\/div>\n\t\t\t<\/div>\n\t\t\t\t\t\t\t<div class=\"elementor-cta__content\">\n\t\t\t\t\n\t\t\t\t\n\t\t\t\t\t\t\t\t\t<div class=\"elementor-cta__description elementor-cta__content-item elementor-content-item elementor-animated-item--grow\">\n\t\t\t\t\t\tPLANY I PROGRAMY STUDI\u00d3W\t\t\t\t\t<\/div>\n\t\t\t\t\n\t\t\t\t\t\t\t<\/div>\n\t\t\t\t\t\t<\/a>\n\t\t\t\t<\/div>\n\t\t\t\t<\/div>\n\t\t\t\t<div class=\"elementor-element elementor-element-18e5872a elementor-cta--skin-cover elementor-cta--valign-bottom elementor-animated-content elementor-bg-transform elementor-bg-transform-zoom-in elementor-widget elementor-widget-call-to-action\" data-id=\"18e5872a\" data-element_type=\"widget\" data-widget_type=\"call-to-action.default\">\n\t\t\t\t<div class=\"elementor-widget-container\">\n\t\t\t\t\t<a class=\"elementor-cta\" href=\"https:\/\/amisns.edu.pl\/stara-wersja\/homepage\/wydzialy\/wydzial-administracji-i-nauk-spolecznych\/administracja\/efekty-uczenia-administracja\/\">\n\t\t\t\t\t<div class=\"elementor-cta__bg-wrapper\">\n\t\t\t\t<div class=\"elementor-cta__bg elementor-bg\" style=\"background-image: url(https:\/\/amisns.edu.pl\/stara-wersja\/wp-content\/uploads\/2-piktogram-na-strone-06-szary.jpg);\" role=\"img\" aria-label=\"\"><\/div>\n\t\t\t\t<div class=\"elementor-cta__bg-overlay\"><\/div>\n\t\t\t<\/div>\n\t\t\t\t\t\t\t<div class=\"elementor-cta__content\">\n\t\t\t\t\n\t\t\t\t\n\t\t\t\t\t\t\t\t\t<div class=\"elementor-cta__description elementor-cta__content-item elementor-content-item elementor-animated-item--grow\">\n\t\t\t\t\t\tEFEKTY UCZENIA\t\t\t\t\t<\/div>\n\t\t\t\t\n\t\t\t\t\t\t\t<\/div>\n\t\t\t\t\t\t<\/a>\n\t\t\t\t<\/div>\n\t\t\t\t<\/div>\n\t\t\t\t\t<\/div>\n\t\t<\/div>\n\t\t\t\t<div class=\"elementor-column elementor-col-25 elementor-top-column elementor-element elementor-element-439050fa\" data-id=\"439050fa\" data-element_type=\"column\">\n\t\t\t<div class=\"elementor-widget-wrap elementor-element-populated\">\n\t\t\t\t\t\t<div class=\"elementor-element elementor-element-bdd9701 elementor-cta--skin-cover elementor-cta--valign-bottom elementor-animated-content elementor-bg-transform elementor-bg-transform-zoom-in elementor-widget elementor-widget-call-to-action\" data-id=\"bdd9701\" data-element_type=\"widget\" data-widget_type=\"call-to-action.default\">\n\t\t\t\t<div class=\"elementor-widget-container\">\n\t\t\t\t\t<a class=\"elementor-cta\" href=\"https:\/\/amisns.edu.pl\/stara-wersja\/homepage\/wydzialy\/wydzial-administracji-i-nauk-spolecznych\/administracja\/praktyki-zawodowe-administracja\/\">\n\t\t\t\t\t<div class=\"elementor-cta__bg-wrapper\">\n\t\t\t\t<div class=\"elementor-cta__bg elementor-bg\" style=\"background-image: url(https:\/\/amisns.edu.pl\/stara-wersja\/wp-content\/uploads\/2-piktogram-na-strone-03-szary.jpg);\" role=\"img\" aria-label=\"\"><\/div>\n\t\t\t\t<div class=\"elementor-cta__bg-overlay\"><\/div>\n\t\t\t<\/div>\n\t\t\t\t\t\t\t<div class=\"elementor-cta__content\">\n\t\t\t\t\n\t\t\t\t\n\t\t\t\t\t\t\t\t\t<div class=\"elementor-cta__description elementor-cta__content-item elementor-content-item elementor-animated-item--grow\">\n\t\t\t\t\t\tPRAKTYKI ZAWODOWE\t\t\t\t\t<\/div>\n\t\t\t\t\n\t\t\t\t\t\t\t<\/div>\n\t\t\t\t\t\t<\/a>\n\t\t\t\t<\/div>\n\t\t\t\t<\/div>\n\t\t\t\t<div class=\"elementor-element elementor-element-3fb02406 elementor-cta--skin-cover elementor-cta--valign-bottom elementor-animated-content elementor-bg-transform elementor-bg-transform-zoom-in elementor-widget elementor-widget-call-to-action\" data-id=\"3fb02406\" data-element_type=\"widget\" data-widget_type=\"call-to-action.default\">\n\t\t\t\t<div class=\"elementor-widget-container\">\n\t\t\t\t\t<a class=\"elementor-cta\" href=\"https:\/\/amisns.edu.pl\/stara-wersja\/homepage\/wydzialy\/wydzial-administracji-i-nauk-spolecznych\/administracja\/wyniki-ewaluacji-zajec-administracja\/\">\n\t\t\t\t\t<div class=\"elementor-cta__bg-wrapper\">\n\t\t\t\t<div class=\"elementor-cta__bg elementor-bg\" style=\"background-image: url(https:\/\/amisns.edu.pl\/stara-wersja\/wp-content\/uploads\/2-piktogram-na-strone-07-szary.jpg);\" role=\"img\" aria-label=\"\"><\/div>\n\t\t\t\t<div class=\"elementor-cta__bg-overlay\"><\/div>\n\t\t\t<\/div>\n\t\t\t\t\t\t\t<div class=\"elementor-cta__content\">\n\t\t\t\t\n\t\t\t\t\n\t\t\t\t\t\t\t\t\t<div class=\"elementor-cta__description elementor-cta__content-item elementor-content-item elementor-animated-item--grow\">\n\t\t\t\t\t\tWYNIKI EWALUACJI ZAJ\u0118\u0106\t\t\t\t\t<\/div>\n\t\t\t\t\n\t\t\t\t\t\t\t<\/div>\n\t\t\t\t\t\t<\/a>\n\t\t\t\t<\/div>\n\t\t\t\t<\/div>\n\t\t\t\t\t<\/div>\n\t\t<\/div>\n\t\t\t\t<div class=\"elementor-column elementor-col-25 elementor-top-column elementor-element elementor-element-373b71fd\" data-id=\"373b71fd\" data-element_type=\"column\">\n\t\t\t<div class=\"elementor-widget-wrap elementor-element-populated\">\n\t\t\t\t\t\t<div class=\"elementor-element elementor-element-6af26b07 elementor-cta--skin-cover elementor-cta--valign-bottom elementor-animated-content elementor-bg-transform elementor-bg-transform-zoom-in elementor-widget elementor-widget-call-to-action\" data-id=\"6af26b07\" data-element_type=\"widget\" data-widget_type=\"call-to-action.default\">\n\t\t\t\t<div class=\"elementor-widget-container\">\n\t\t\t\t\t<a class=\"elementor-cta\" href=\"https:\/\/amisns.edu.pl\/stara-wersja\/homepage\/wydzialy\/wydzial-administracji-i-nauk-spolecznych\/administracja\/zasady-dyplomowania-administracja\/\">\n\t\t\t\t\t<div class=\"elementor-cta__bg-wrapper\">\n\t\t\t\t<div class=\"elementor-cta__bg elementor-bg\" style=\"background-image: url(https:\/\/amisns.edu.pl\/stara-wersja\/wp-content\/uploads\/2-piktogram-na-strone-04-szary.jpg);\" role=\"img\" aria-label=\"\"><\/div>\n\t\t\t\t<div class=\"elementor-cta__bg-overlay\"><\/div>\n\t\t\t<\/div>\n\t\t\t\t\t\t\t<div class=\"elementor-cta__content\">\n\t\t\t\t\n\t\t\t\t\n\t\t\t\t\t\t\t\t\t<div class=\"elementor-cta__description elementor-cta__content-item elementor-content-item elementor-animated-item--grow\">\n\t\t\t\t\t\tZASADY DYPLOMOWANIA\t\t\t\t\t<\/div>\n\t\t\t\t\n\t\t\t\t\t\t\t<\/div>\n\t\t\t\t\t\t<\/a>\n\t\t\t\t<\/div>\n\t\t\t\t<\/div>\n\t\t\t\t<div class=\"elementor-element elementor-element-36bfecce elementor-cta--skin-cover elementor-cta--valign-bottom elementor-animated-content elementor-bg-transform elementor-bg-transform-zoom-in elementor-widget elementor-widget-call-to-action\" data-id=\"36bfecce\" data-element_type=\"widget\" data-widget_type=\"call-to-action.default\">\n\t\t\t\t<div class=\"elementor-widget-container\">\n\t\t\t\t\t<a class=\"elementor-cta\" href=\"https:\/\/amisns.edu.pl\/stara-wersja\/homepage\/wydzialy\/wydzial-administracji-i-nauk-spolecznych\/administracja\/do-pobrania-administracja\/\">\n\t\t\t\t\t<div class=\"elementor-cta__bg-wrapper\">\n\t\t\t\t<div class=\"elementor-cta__bg elementor-bg\" style=\"background-image: url(https:\/\/amisns.edu.pl\/stara-wersja\/wp-content\/uploads\/2-piktogram-na-strone-08-szary.jpg);\" role=\"img\" aria-label=\"\"><\/div>\n\t\t\t\t<div class=\"elementor-cta__bg-overlay\"><\/div>\n\t\t\t<\/div>\n\t\t\t\t\t\t\t<div class=\"elementor-cta__content\">\n\t\t\t\t\n\t\t\t\t\n\t\t\t\t\t\t\t\t\t<div class=\"elementor-cta__description elementor-cta__content-item elementor-content-item elementor-animated-item--grow\">\n\t\t\t\t\t\tDO POBRANIA\t\t\t\t\t<\/div>\n\t\t\t\t\n\t\t\t\t\t\t\t<\/div>\n\t\t\t\t\t\t<\/a>\n\t\t\t\t<\/div>\n\t\t\t\t<\/div>\n\t\t\t\t\t<\/div>\n\t\t<\/div>\n\t\t\t\t\t<\/div>\n\t\t<\/section>\n\t\t\t\t<\/div>\n\t\t\t\t<\/div>\n\t\t\t\t<\/div>\n\t\t\t\t<\/div>\n\t\t\t\t\t<\/div>\n\t\t<\/div>\n\t\t\t\t\t<\/div>\n\t\t<\/section>\n\t\t\t\t<section class=\"elementor-section elementor-top-section elementor-element elementor-element-e3c56af elementor-section-boxed elementor-section-height-default elementor-section-height-default\" data-id=\"e3c56af\" data-element_type=\"section\">\n\t\t\t\t\t\t<div class=\"elementor-container elementor-column-gap-default\">\n\t\t\t\t\t<div class=\"elementor-column elementor-col-100 elementor-top-column elementor-element elementor-element-c0aae17\" data-id=\"c0aae17\" data-element_type=\"column\">\n\t\t\t<div class=\"elementor-widget-wrap elementor-element-populated\">\n\t\t\t\t\t\t<div class=\"elementor-element elementor-element-bb88101 elementor-widget elementor-widget-heading\" data-id=\"bb88101\" data-element_type=\"widget\" data-widget_type=\"heading.default\">\n\t\t\t\t<div class=\"elementor-widget-container\">\n\t\t\t<h1 class=\"elementor-heading-title elementor-size-large\">Administracja - studia I <br>Odkryj kierunek dla przysz\u0142ych specjalist\u00f3w w dziedzinie administracji<\/h1>\t\t<\/div>\n\t\t\t\t<\/div>\n\t\t\t\t\t<\/div>\n\t\t<\/div>\n\t\t\t\t\t<\/div>\n\t\t<\/section>\n\t\t\t\t<section class=\"elementor-section elementor-top-section elementor-element elementor-element-0b99df2 animated-slow elementor-section-boxed elementor-section-height-default elementor-section-height-default elementor-invisible\" data-id=\"0b99df2\" data-element_type=\"section\" data-settings=\"{&quot;animation&quot;:&quot;fadeIn&quot;}\">\n\t\t\t\t\t\t<div class=\"elementor-container elementor-column-gap-default\">\n\t\t\t\t\t<div class=\"elementor-column elementor-col-100 elementor-top-column elementor-element elementor-element-a69ae86\" data-id=\"a69ae86\" data-element_type=\"column\">\n\t\t\t<div class=\"elementor-widget-wrap elementor-element-populated\">\n\t\t\t\t\t\t<div class=\"elementor-element elementor-element-6c1f4d2 elementor-invisible elementor-widget elementor-widget-text-editor\" data-id=\"6c1f4d2\" data-element_type=\"widget\" data-settings=\"{&quot;_animation&quot;:&quot;fadeIn&quot;}\" data-widget_type=\"text-editor.default\">\n\t\t\t\t<div class=\"elementor-widget-container\">\n\t\t\t\t\t\t\t<p>Kluczowym celem kszta\u0142cenia na kierunku administracja I stopnia jest przygotowanie studenta do odpowiedzialnego pe\u0142nienia r\u00f3l zawodowych zwi\u0105zanych m.in. z zadaniami publicznymi, realizowanymi przede wszystkim na r\u00f3\u017cnych poziomach administracji rz\u0105dowej, samorz\u0105dowej b\u0105d\u017a prywatnej, sprawnego pos\u0142ugiwania si\u0119 metodami i narz\u0119dziami wykorzystywanymi w naukach prawnych, w zaawansowanym stopniu wykorzystywania wiedzy w zastosowaniach praktycznych, formu\u0142owania i rozwi\u0105zywania z\u0142o\u017conych i nietypowych problem\u00f3w funkcjonowania administracji oraz realizacji zada\u0144 zawodowych w warunkach nie w pe\u0142ni przewidywalnych, w\u0142a\u015bciwego doboru \u017ar\u00f3de\u0142 i informacji, wykorzystywania w dzia\u0142aniach zawodowych specjalistycznych technologii (tak\u017ce w komunikacji z otoczeniem), sprawnego wsp\u00f3\u0142dzia\u0142ania z innymi uczestnikami organizacji i ca\u0142ego systemu bezpiecze\u0144stwa w ramach prac zespo\u0142owych o charakterze interdyscyplinarnym, krytycznej oceny posiadanej wiedzy i systematycznego jej uzupe\u0142niania, wype\u0142niania zobowi\u0105za\u0144 spo\u0142ecznych. Celem kszta\u0142cenia jest te\u017c przygotowanie studenta do przedsi\u0119biorczego my\u015blenia i dzia\u0142ania w z\u0142o\u017conych uwarunkowaniach ekonomicznych, prawnych i spo\u0142ecznych.<\/p><p>Absolwent studi\u00f3w I stopnia na kierunku administracja wykazuje si\u0119 w zaawansowanym stopniu wiedz\u0105 z dziedziny nauk spo\u0142ecznych w dyscyplinie nauk prawnych oraz podstawow\u0105 wiedz\u0105 ekonomiczn\u0105, tworz\u0105c\u0105 podbudow\u0119 dla rozumienia struktur, instytucji, zjawisk i proces\u00f3w spo\u0142ecznych oraz istoty i znaczenia r\u00f3\u017cnych ga\u0142\u0119zi prawnych, jak r\u00f3wnie\u017c znajomo\u015bci\u0105 problematyki politologicznej i prawnej w zakresie podzia\u0142u w\u0142adzy w pa\u0144stwie, instytucji i \u017ar\u00f3de\u0142 prawa w UE, struktury i ustroju pa\u0144stwa oraz zada\u0144 i zasad funkcjonowania organ\u00f3w pa\u0144stwa, a tak\u017ce jednostek administracji publicznej w zapewnieniu prawid\u0142owego funkcjonowania administracji pa\u0144stwowej. Posiada tak\u017ce umiej\u0119tno\u015b\u0107 interpretowania oraz analizowania zjawisk i proces\u00f3w spo\u0142ecznych, przy wykorzystaniu dorobku socjologii i psychologii spo\u0142ecznej, umiej\u0119tno\u015b\u0107 analizowania zjawisk bezpo\u015brednio zwi\u0105zanych z prac\u0105 urz\u0119dnicz\u0105 w r\u00f3\u017cnych rodzajach administracji: s\u0142u\u017cbie cywilnej, administracji rz\u0105dowej i samorz\u0105dowej oraz administracji gospodarczej, w instytucjach publicznych i pozarz\u0105dowych, administracji specjalnej, administracji prywatnej, plac\u00f3wkach kulturalnych, organach partii politycznych, instytucjach krajowych, a tak\u017ce organizacjach i instytucjach specjalizuj\u0105cych si\u0119 we wsp\u00f3\u0142pracy z partnerami w krajach UE. Ma \u015bwiadomo\u015b\u0107 profesjonalnych i spo\u0142ecznych zada\u0144 absolwenta studi\u00f3w z dziedziny nauk spo\u0142ecznych, z uwzgl\u0119dnieniem zasad aksjologicznych i etyki pracy w s\u0142u\u017cbie cywilnej oraz regu\u0142 komunikacji spo\u0142ecznej. Absolwent potrafi odpowiedzialnie pe\u0142ni\u0107 role zawodowe, kultywowa\u0107 i upowszechnia\u0107 w \u017cyciu spo\u0142ecznym i zawodowym wzory w\u0142a\u015bciwego post\u0119powania, uczestniczy\u0107 w promowaniu kultury projako\u015bciowej i etyki zawodowej. Cechuje go wra\u017cliwo\u015b\u0107 spo\u0142eczna, odpowiedzialno\u015b\u0107 za dziedzictwo kulturowe, ch\u0119\u0107 zaanga\u017cowania si\u0119 w dzia\u0142ania na rzecz dobra publicznego w poczuciu odpowiedzialno\u015bci za bezpiecze\u0144stwo innych i interes publiczny.<\/p>\t\t\t\t\t\t<\/div>\n\t\t\t\t<\/div>\n\t\t\t\t\t<\/div>\n\t\t<\/div>\n\t\t\t\t\t<\/div>\n\t\t<\/section>\n\t\t\t\t<section class=\"elementor-section elementor-top-section elementor-element elementor-element-1f8f925 elementor-section-boxed elementor-section-height-default elementor-section-height-default\" data-id=\"1f8f925\" data-element_type=\"section\">\n\t\t\t\t\t\t<div class=\"elementor-container elementor-column-gap-default\">\n\t\t\t\t\t<div class=\"elementor-column elementor-col-100 elementor-top-column elementor-element elementor-element-31154a9\" data-id=\"31154a9\" data-element_type=\"column\">\n\t\t\t<div class=\"elementor-widget-wrap elementor-element-populated\">\n\t\t\t\t\t\t<div class=\"elementor-element elementor-element-723d4df elementor-widget-divider--view-line elementor-widget elementor-widget-divider\" data-id=\"723d4df\" data-element_type=\"widget\" data-widget_type=\"divider.default\">\n\t\t\t\t<div class=\"elementor-widget-container\">\n\t\t\t\t\t<div class=\"elementor-divider\">\n\t\t\t<span class=\"elementor-divider-separator\">\n\t\t\t\t\t\t<\/span>\n\t\t<\/div>\n\t\t\t\t<\/div>\n\t\t\t\t<\/div>\n\t\t\t\t\t<\/div>\n\t\t<\/div>\n\t\t\t\t\t<\/div>\n\t\t<\/section>\n\t\t\t\t<section class=\"elementor-section elementor-top-section elementor-element elementor-element-c9f3d2a elementor-section-boxed elementor-section-height-default elementor-section-height-default\" data-id=\"c9f3d2a\" data-element_type=\"section\">\n\t\t\t\t\t\t<div class=\"elementor-container elementor-column-gap-default\">\n\t\t\t\t\t<div class=\"elementor-column elementor-col-100 elementor-top-column elementor-element elementor-element-019936f\" data-id=\"019936f\" data-element_type=\"column\">\n\t\t\t<div class=\"elementor-widget-wrap elementor-element-populated\">\n\t\t\t\t\t\t<div class=\"elementor-element elementor-element-cd4a0bd elementor-widget elementor-widget-text-editor\" data-id=\"cd4a0bd\" data-element_type=\"widget\" data-widget_type=\"text-editor.default\">\n\t\t\t\t<div class=\"elementor-widget-container\">\n\t\t\t\t\t\t\t<div class=\"elementor-element elementor-element-924b476 elementor-widget elementor-widget-heading\" data-id=\"924b476\" data-element_type=\"widget\" data-widget_type=\"heading.default\"><div class=\"elementor-widget-container\"><h2 class=\"elementor-heading-title elementor-size-default\">Ile trwaj\u0105 studia?<\/h2><\/div><\/div><div class=\"elementor-element elementor-element-4acd142 elementor-widget elementor-widget-text-editor\" data-id=\"4acd142\" data-element_type=\"widget\" data-widget_type=\"text-editor.default\"><div class=\"elementor-widget-container\"><p>Studia na kierunku pedagogika trwaj\u0105:<\/p><ul><li>studia I stopnia (licencjat): sze\u015b\u0107 semestr\u00f3w (trzy lata)<\/li><li>studia II stopnia (magister): cztery semestry (dwa lata)<\/li><\/ul><p>Zakres obejmuje m.in. nast\u0119puj\u0105ce tre\u015bci: podstawy zarz\u0105dzania, mikro i makroenomi\u0119, konstytucyjny system organ\u00f3w pa\u0144stwowych, post\u0119powanie administracyjne, publiczne prawo gospodarcze, prawo administracyjne, prawo cywilne z umowami w administracji oraz finanse publiczne. Zaj\u0119cia prowadz\u0105 zar\u00f3wno do\u015bwiadczeni pracownicy naukowo-dydaktyczni, jak r\u00f3wnie\u017c specjali\u015bci zajmuj\u0105cy si\u0119 problematyk\u0105 administracji publicznej, zarz\u0105dzaniem i bezpiecze\u0144stwem wewn\u0119trznym, w tym eksperci reprezentuj\u0105cy r\u00f3\u017cne jednostki sektora finans\u00f3w publicznych, takie jak s\u0105dy, wojsko, policj\u0119, urz\u0119dy samorz\u0105du terytorialnego.<\/p><p><strong>Uprawnienia. Absolwent uzyskuje tytu\u0142 licencjata kierunku administracja i jest przygotowany do podj\u0119cia pracy zawodowej lub studi\u00f3w II stopnia (magisterskich) oraz studi\u00f3w podyplomowych i innych form kszta\u0142cenia.<\/strong><\/p><p><strong>W ramach kszta\u0142cenia z wykorzystaniem metod i technik kszta\u0142cenia na odleg\u0142o\u015b\u0107 student mo\u017ce uzyska\u0107 do 30% punkt\u00f3w ECTS.<u><br \/><\/u><\/strong><strong>Zaj\u0119cia z wykorzystaniem technik kszta\u0142cenia na odleg\u0142o\u015b\u0107 odbywaj\u0105 si\u0119 na platformach MOODLE i Ms Teams<\/strong><\/p><\/div><\/div>\t\t\t\t\t\t<\/div>\n\t\t\t\t<\/div>\n\t\t\t\t\t<\/div>\n\t\t<\/div>\n\t\t\t\t\t<\/div>\n\t\t<\/section>\n\t\t\t\t<section class=\"elementor-section elementor-top-section elementor-element elementor-element-e7215a1 elementor-section-boxed elementor-section-height-default elementor-section-height-default\" data-id=\"e7215a1\" data-element_type=\"section\">\n\t\t\t\t\t\t<div class=\"elementor-container elementor-column-gap-default\">\n\t\t\t\t\t<div class=\"elementor-column elementor-col-100 elementor-top-column elementor-element elementor-element-77c2bad\" data-id=\"77c2bad\" data-element_type=\"column\">\n\t\t\t<div class=\"elementor-widget-wrap elementor-element-populated\">\n\t\t\t\t\t\t<div class=\"elementor-element elementor-element-59f959e elementor-widget-divider--view-line elementor-widget elementor-widget-divider\" data-id=\"59f959e\" data-element_type=\"widget\" data-widget_type=\"divider.default\">\n\t\t\t\t<div class=\"elementor-widget-container\">\n\t\t\t\t\t<div class=\"elementor-divider\">\n\t\t\t<span class=\"elementor-divider-separator\">\n\t\t\t\t\t\t<\/span>\n\t\t<\/div>\n\t\t\t\t<\/div>\n\t\t\t\t<\/div>\n\t\t\t\t\t<\/div>\n\t\t<\/div>\n\t\t\t\t\t<\/div>\n\t\t<\/section>\n\t\t\t\t<section class=\"elementor-section elementor-top-section elementor-element elementor-element-438add8 elementor-section-boxed elementor-section-height-default elementor-section-height-default\" data-id=\"438add8\" data-element_type=\"section\">\n\t\t\t\t\t\t<div class=\"elementor-container elementor-column-gap-default\">\n\t\t\t\t\t<div class=\"elementor-column elementor-col-100 elementor-top-column elementor-element elementor-element-bbf1feb\" data-id=\"bbf1feb\" data-element_type=\"column\">\n\t\t\t<div class=\"elementor-widget-wrap elementor-element-populated\">\n\t\t\t\t\t\t<div class=\"elementor-element elementor-element-a6c078b elementor-widget elementor-widget-heading\" data-id=\"a6c078b\" data-element_type=\"widget\" data-widget_type=\"heading.default\">\n\t\t\t\t<div class=\"elementor-widget-container\">\n\t\t\t<h1 class=\"elementor-heading-title elementor-size-large\">NIESTACJONARNE STUDIA PIERWSZEGO STOPNIA, PROFIL PRAKTYCZNY, MODU\u0141Y:<\/h1>\t\t<\/div>\n\t\t\t\t<\/div>\n\t\t\t\t\t<\/div>\n\t\t<\/div>\n\t\t\t\t\t<\/div>\n\t\t<\/section>\n\t\t\t\t<section class=\"elementor-section elementor-top-section elementor-element elementor-element-ed60c76 animated-slow elementor-section-boxed elementor-section-height-default elementor-section-height-default elementor-invisible\" data-id=\"ed60c76\" data-element_type=\"section\" data-settings=\"{&quot;animation&quot;:&quot;fadeIn&quot;}\">\n\t\t\t\t\t\t<div class=\"elementor-container elementor-column-gap-default\">\n\t\t\t\t\t<div class=\"elementor-column elementor-col-100 elementor-top-column elementor-element elementor-element-1d14392\" data-id=\"1d14392\" data-element_type=\"column\">\n\t\t\t<div class=\"elementor-widget-wrap elementor-element-populated\">\n\t\t\t\t\t\t<div class=\"elementor-element elementor-element-ba24f70 elementor--h-position-center elementor--v-position-middle elementor-arrows-position-inside elementor-pagination-position-inside elementor-widget elementor-widget-slides\" data-id=\"ba24f70\" data-element_type=\"widget\" data-settings=\"{&quot;navigation&quot;:&quot;both&quot;,&quot;autoplay&quot;:&quot;yes&quot;,&quot;pause_on_hover&quot;:&quot;yes&quot;,&quot;pause_on_interaction&quot;:&quot;yes&quot;,&quot;autoplay_speed&quot;:5000,&quot;infinite&quot;:&quot;yes&quot;,&quot;transition&quot;:&quot;slide&quot;,&quot;transition_speed&quot;:500}\" data-widget_type=\"slides.default\">\n\t\t\t\t<div class=\"elementor-widget-container\">\n\t\t\t\t\t<div class=\"elementor-swiper\">\n\t\t\t<div class=\"elementor-slides-wrapper elementor-main-swiper swiper\" dir=\"ltr\" data-animation=\"fadeInUp\">\n\t\t\t\t<div class=\"swiper-wrapper elementor-slides\">\n\t\t\t\t\t\t\t\t\t\t<div class=\"elementor-repeater-item-2749875 swiper-slide\"><div class=\"swiper-slide-bg elementor-ken-burns elementor-ken-burns--in\" role=\"img\"><\/div><div class=\"swiper-slide-inner\" ><div class=\"swiper-slide-contents\"><div class=\"elementor-slide-heading\">Administracja publiczna<\/div><\/div><\/div><\/div>\t\t\t\t<\/div>\n\t\t\t\t\t\t\t<\/div>\n\t\t<\/div>\n\t\t\t\t<\/div>\n\t\t\t\t<\/div>\n\t\t\t\t\t<\/div>\n\t\t<\/div>\n\t\t\t\t\t<\/div>\n\t\t<\/section>\n\t\t\t\t<section class=\"elementor-section elementor-top-section elementor-element elementor-element-77eeb70 animated-slow elementor-section-boxed elementor-section-height-default elementor-section-height-default elementor-invisible\" data-id=\"77eeb70\" data-element_type=\"section\" data-settings=\"{&quot;animation&quot;:&quot;fadeIn&quot;}\">\n\t\t\t\t\t\t<div class=\"elementor-container elementor-column-gap-default\">\n\t\t\t\t\t<div class=\"elementor-column elementor-col-100 elementor-top-column elementor-element elementor-element-ae350de\" data-id=\"ae350de\" data-element_type=\"column\">\n\t\t\t<div class=\"elementor-widget-wrap elementor-element-populated\">\n\t\t\t\t\t\t<div class=\"elementor-element elementor-element-c1d97c3 elementor-invisible elementor-widget elementor-widget-text-editor\" data-id=\"c1d97c3\" data-element_type=\"widget\" data-settings=\"{&quot;_animation&quot;:&quot;fadeIn&quot;}\" data-widget_type=\"text-editor.default\">\n\t\t\t\t<div class=\"elementor-widget-container\">\n\t\t\t\t\t\t\t<p><strong>Cel studi\u00f3w<\/strong>. Wybieraj\u0105c grup\u0119 zaj\u0119\u0107 administracja publiczna, student opanuje podstawowe elementy wiedzy o funkcjonowaniu administracji publicznej, pozna regulacje prawne dotycz\u0105ce r\u00f3\u017cnych form dzia\u0142ania administracji, nab\u0119dzie umiej\u0119tno\u015bci sprawnego wykorzystywania wiadomo\u015bci teoretycznych w praktyce. Absolwenci b\u0119d\u0105 przygotowani teoretycznie i praktycznie do zawodu urz\u0119dnika &#8211; wszechstronnie wykszta\u0142conego, znaj\u0105cego europejskie standardy pracy i nowoczesne systemy zarz\u0105dzania.<\/p><p><strong>Wybrane przedmioty<\/strong>: legislacja administracyjna, zam\u00f3wienia publiczne, zarz\u0105dzanie transportem miejskim, partnerstwo publiczno-prywatne, zarz\u0105dzanie strategiczne i marketing us\u0142ug publicznych.<\/p><p><strong>Sylwetka absolwenta<\/strong>. Absolwent tej grupy zaj\u0119\u0107 posiada podstawow\u0105 wiedz\u0119 w zakresie zarz\u0105dzania, organizowania i funkcjonowania administracji publicznej, zar\u00f3wno samorz\u0105dowej jak i rz\u0105dowej. Absolwent zna i rozumie w zaawansowanym stopniu wybrane fakty, obiekty i zjawiska oraz dotycz\u0105ce ich metody i teorie wyja\u015bniaj\u0105ce z\u0142o\u017cone zale\u017cno\u015bci mi\u0119dzy nimi, stanowi\u0105ce podstaw\u0119 funkcjonowania administracji publicznej. Absolwent posiada umiej\u0119tno\u015bci i kompetencje praktycznego zastosowania wiedzy w dzia\u0142alno\u015bci zawodowej zwi\u0105zanej z kierunkiem administracja i zaj\u0119ciami z grupy administracja publiczna.<\/p><p><strong>Absolwent uzyskuje tytu\u0142 licencjata<\/strong> na kierunku administracja i jest przygotowany do podj\u0119cia pracy zawodowej lub studi\u00f3w II stopnia (magisterskich) oraz studi\u00f3w podyplomowych i innych form kszta\u0142cenia.<\/p><p><strong>Przyk\u0142adowe miejsce zatrudnienia<\/strong>. Administracja rz\u0105dowa, struktury samorz\u0105dowe, s\u0142u\u017cby administracyjne podmiot\u00f3w gospodarczych, instytucje pozarz\u0105dowe, administracja specjalna, administracja prywatna, plac\u00f3wki kulturalne, organy partii politycznych, instytucje krajowe, organizacje i instytucje specjalizuj\u0105ce si\u0119 we wsp\u00f3\u0142pracy z partnerami w krajach UE.<\/p>\t\t\t\t\t\t<\/div>\n\t\t\t\t<\/div>\n\t\t\t\t\t<\/div>\n\t\t<\/div>\n\t\t\t\t\t<\/div>\n\t\t<\/section>\n\t\t\t\t<section class=\"elementor-section elementor-top-section elementor-element elementor-element-d1e9040 animated-slow elementor-section-boxed elementor-section-height-default elementor-section-height-default elementor-invisible\" data-id=\"d1e9040\" data-element_type=\"section\" data-settings=\"{&quot;animation&quot;:&quot;fadeIn&quot;}\">\n\t\t\t\t\t\t<div class=\"elementor-container elementor-column-gap-default\">\n\t\t\t\t\t<div class=\"elementor-column elementor-col-100 elementor-top-column elementor-element elementor-element-816d8a9\" data-id=\"816d8a9\" data-element_type=\"column\">\n\t\t\t<div class=\"elementor-widget-wrap elementor-element-populated\">\n\t\t\t\t\t\t<div class=\"elementor-element elementor-element-dd2acb1 elementor--h-position-center elementor--v-position-middle elementor-arrows-position-inside elementor-pagination-position-inside elementor-widget elementor-widget-slides\" data-id=\"dd2acb1\" data-element_type=\"widget\" data-settings=\"{&quot;navigation&quot;:&quot;both&quot;,&quot;autoplay&quot;:&quot;yes&quot;,&quot;pause_on_hover&quot;:&quot;yes&quot;,&quot;pause_on_interaction&quot;:&quot;yes&quot;,&quot;autoplay_speed&quot;:5000,&quot;infinite&quot;:&quot;yes&quot;,&quot;transition&quot;:&quot;slide&quot;,&quot;transition_speed&quot;:500}\" data-widget_type=\"slides.default\">\n\t\t\t\t<div class=\"elementor-widget-container\">\n\t\t\t\t\t<div class=\"elementor-swiper\">\n\t\t\t<div class=\"elementor-slides-wrapper elementor-main-swiper swiper\" dir=\"ltr\" data-animation=\"fadeInUp\">\n\t\t\t\t<div class=\"swiper-wrapper elementor-slides\">\n\t\t\t\t\t\t\t\t\t\t<div class=\"elementor-repeater-item-2749875 swiper-slide\"><div class=\"swiper-slide-bg elementor-ken-burns elementor-ken-burns--in\" role=\"img\"><\/div><div class=\"swiper-slide-inner\" ><div class=\"swiper-slide-contents\"><div class=\"elementor-slide-heading\">Administracja samorz\u0105dowa i finanse publiczne\u200b<\/div><\/div><\/div><\/div>\t\t\t\t<\/div>\n\t\t\t\t\t\t\t<\/div>\n\t\t<\/div>\n\t\t\t\t<\/div>\n\t\t\t\t<\/div>\n\t\t\t\t\t<\/div>\n\t\t<\/div>\n\t\t\t\t\t<\/div>\n\t\t<\/section>\n\t\t\t\t<section class=\"elementor-section elementor-top-section elementor-element elementor-element-9ae6150 animated-slow elementor-section-boxed elementor-section-height-default elementor-section-height-default elementor-invisible\" data-id=\"9ae6150\" data-element_type=\"section\" data-settings=\"{&quot;animation&quot;:&quot;fadeIn&quot;}\">\n\t\t\t\t\t\t<div class=\"elementor-container elementor-column-gap-default\">\n\t\t\t\t\t<div class=\"elementor-column elementor-col-100 elementor-top-column elementor-element elementor-element-691a603\" data-id=\"691a603\" data-element_type=\"column\">\n\t\t\t<div class=\"elementor-widget-wrap elementor-element-populated\">\n\t\t\t\t\t\t<div class=\"elementor-element elementor-element-3bc24d9 elementor-invisible elementor-widget elementor-widget-text-editor\" data-id=\"3bc24d9\" data-element_type=\"widget\" data-settings=\"{&quot;_animation&quot;:&quot;fadeIn&quot;}\" data-widget_type=\"text-editor.default\">\n\t\t\t\t<div class=\"elementor-widget-container\">\n\t\t\t\t\t\t\t<p><strong>Cel studi\u00f3w<\/strong>. Wybieraj\u0105c grup\u0119 zaj\u0119\u0107 administracja publiczna, student opanuje podstawowe elementy wiedzy o funkcjonowaniu administracji publicznej, pozna regulacje prawne dotycz\u0105ce r\u00f3\u017cnych form dzia\u0142ania administracji, nab\u0119dzie umiej\u0119tno\u015bci sprawnego wykorzystywania wiadomo\u015bci teoretycznych w praktyce. Absolwenci b\u0119d\u0105 przygotowani teoretycznie i praktycznie do zawodu urz\u0119dnika &#8211; wszechstronnie wykszta\u0142conego, znaj\u0105cego europejskie standardy pracy i nowoczesne systemy zarz\u0105dzania.<\/p><p><strong>Wybrane przedmioty<\/strong>: legislacja administracyjna, zam\u00f3wienia publiczne, zarz\u0105dzanie transportem miejskim, partnerstwo publiczno-prywatne, zarz\u0105dzanie strategiczne i marketing us\u0142ug publicznych.<\/p><p><strong>Sylwetka absolwenta<\/strong>. Absolwent tej grupy zaj\u0119\u0107 posiada podstawow\u0105 wiedz\u0119 w zakresie zarz\u0105dzania, organizowania i funkcjonowania administracji publicznej, zar\u00f3wno samorz\u0105dowej jak i rz\u0105dowej. Absolwent zna i rozumie w zaawansowanym stopniu wybrane fakty, obiekty i zjawiska oraz dotycz\u0105ce ich metody i teorie wyja\u015bniaj\u0105ce z\u0142o\u017cone zale\u017cno\u015bci mi\u0119dzy nimi, stanowi\u0105ce podstaw\u0119 funkcjonowania administracji publicznej. Absolwent posiada umiej\u0119tno\u015bci i kompetencje praktycznego zastosowania wiedzy w dzia\u0142alno\u015bci zawodowej zwi\u0105zanej z kierunkiem administracja i zaj\u0119ciami z grupy administracja publiczna.<\/p><p><strong>Absolwent uzyskuje tytu\u0142 licencjata<\/strong> na kierunku administracja i jest przygotowany do podj\u0119cia pracy zawodowej lub studi\u00f3w II stopnia (magisterskich) oraz studi\u00f3w podyplomowych i innych form kszta\u0142cenia.<\/p><p><strong>Przyk\u0142adowe miejsce zatrudnienia<\/strong>. Administracja rz\u0105dowa, struktury samorz\u0105dowe, s\u0142u\u017cby administracyjne podmiot\u00f3w gospodarczych, instytucje pozarz\u0105dowe, administracja specjalna, administracja prywatna, plac\u00f3wki kulturalne, organy partii politycznych, instytucje krajowe, organizacje i instytucje specjalizuj\u0105ce si\u0119 we wsp\u00f3\u0142pracy z partnerami w krajach UE.<\/p>\t\t\t\t\t\t<\/div>\n\t\t\t\t<\/div>\n\t\t\t\t\t<\/div>\n\t\t<\/div>\n\t\t\t\t\t<\/div>\n\t\t<\/section>\n\t\t\t\t<section class=\"elementor-section elementor-top-section elementor-element elementor-element-5681d90 animated-slow elementor-section-boxed elementor-section-height-default elementor-section-height-default elementor-invisible\" data-id=\"5681d90\" data-element_type=\"section\" data-settings=\"{&quot;animation&quot;:&quot;fadeIn&quot;}\">\n\t\t\t\t\t\t<div class=\"elementor-container elementor-column-gap-default\">\n\t\t\t\t\t<div class=\"elementor-column elementor-col-100 elementor-top-column elementor-element elementor-element-14c9fce\" data-id=\"14c9fce\" data-element_type=\"column\">\n\t\t\t<div class=\"elementor-widget-wrap elementor-element-populated\">\n\t\t\t\t\t\t<div class=\"elementor-element elementor-element-14dcd0a elementor--h-position-center elementor--v-position-middle elementor-arrows-position-inside elementor-pagination-position-inside elementor-widget elementor-widget-slides\" data-id=\"14dcd0a\" data-element_type=\"widget\" data-settings=\"{&quot;navigation&quot;:&quot;both&quot;,&quot;autoplay&quot;:&quot;yes&quot;,&quot;pause_on_hover&quot;:&quot;yes&quot;,&quot;pause_on_interaction&quot;:&quot;yes&quot;,&quot;autoplay_speed&quot;:5000,&quot;infinite&quot;:&quot;yes&quot;,&quot;transition&quot;:&quot;slide&quot;,&quot;transition_speed&quot;:500}\" data-widget_type=\"slides.default\">\n\t\t\t\t<div class=\"elementor-widget-container\">\n\t\t\t\t\t<div class=\"elementor-swiper\">\n\t\t\t<div class=\"elementor-slides-wrapper elementor-main-swiper swiper\" dir=\"ltr\" data-animation=\"fadeInUp\">\n\t\t\t\t<div class=\"swiper-wrapper elementor-slides\">\n\t\t\t\t\t\t\t\t\t\t<div class=\"elementor-repeater-item-2749875 swiper-slide\"><div class=\"swiper-slide-bg elementor-ken-burns elementor-ken-burns--in\" role=\"img\"><\/div><div class=\"swiper-slide-inner\" ><div class=\"swiper-slide-contents\"><div class=\"elementor-slide-heading\">Administracja bezpiecze\u0144stwa IT\u200b<\/div><\/div><\/div><\/div>\t\t\t\t<\/div>\n\t\t\t\t\t\t\t<\/div>\n\t\t<\/div>\n\t\t\t\t<\/div>\n\t\t\t\t<\/div>\n\t\t\t\t\t<\/div>\n\t\t<\/div>\n\t\t\t\t\t<\/div>\n\t\t<\/section>\n\t\t\t\t<section class=\"elementor-section elementor-top-section elementor-element elementor-element-2953fde animated-slow elementor-section-boxed elementor-section-height-default elementor-section-height-default elementor-invisible\" data-id=\"2953fde\" data-element_type=\"section\" data-settings=\"{&quot;animation&quot;:&quot;fadeIn&quot;}\">\n\t\t\t\t\t\t<div class=\"elementor-container elementor-column-gap-default\">\n\t\t\t\t\t<div class=\"elementor-column elementor-col-100 elementor-top-column elementor-element elementor-element-7384c31\" data-id=\"7384c31\" data-element_type=\"column\">\n\t\t\t<div class=\"elementor-widget-wrap elementor-element-populated\">\n\t\t\t\t\t\t<div class=\"elementor-element elementor-element-80f3e2f elementor-invisible elementor-widget elementor-widget-text-editor\" data-id=\"80f3e2f\" data-element_type=\"widget\" data-settings=\"{&quot;_animation&quot;:&quot;fadeIn&quot;}\" data-widget_type=\"text-editor.default\">\n\t\t\t\t<div class=\"elementor-widget-container\">\n\t\t\t\t\t\t\t<p><strong>Cel studi\u00f3w<\/strong>. Grupa zaj\u0119\u0107 do wyboru Administracja bezpiecze\u0144stwa IT daje mo\u017cliwo\u015bci poszerzenia wiedzy i kwalifikacji z zakresu prawa administracyjnego o zagadnienia zwi\u0105zane z bezpiecze\u0144stwem wewn\u0119trznym, a tak\u017ce bezpiecze\u0144stwem informacji. Adresowana jest zar\u00f3wno do os\u00f3b ju\u017c pracuj\u0105cych w\u00a0administracji publicznej, jak r\u00f3wnie\u017c tych, kt\u00f3re zamierzaj\u0105 ubiega\u0107 si\u0119 o\u00a0stanowisko funkcjonariusza publicznego, szczeg\u00f3lnie do pracownik\u00f3w dzia\u0142\u00f3w i\u00a0kom\u00f3rek zajmuj\u0105cych si\u0119 bezpiecze\u0144stwem informacji.<\/p><p><strong>Wybrane przedmioty<\/strong>: Zarz\u0105dzanie bezpiecze\u0144stwem IT, Prawo telekomunikacyjne, Organizacja polityki bezpiecze\u0144stwa informacyjnego, Prawne aspekty \u015bwiadczenia us\u0142ug drog\u0105 elektroniczn\u0105, Etyka w sferze publicznej i biznesie.<\/p><p><strong>Sylwetka absolwenta<\/strong>. Absolwent posiada wiedz\u0119 i umiej\u0119tno\u015bci zwi\u0105zane z odpowiedzialno\u015bci\u0105 funkcjonariusza publicznego za bezpiecze\u0144stwo teleinformatyczne, polityk\u0105 bezpiecze\u0144stwa informacji i administracj\u0105 elektroniczn\u0105. Potrafi formu\u0142owa\u0107 i rozwi\u0105zywa\u0107 z\u0142o\u017cone i nietypowe problemy zwi\u0105zane z bezpiecze\u0144stwem informatycznym, posiada umiej\u0119tno\u015bci komunikowania si\u0119 z otoczeniem w miejscu pracy z u\u017cyciem specjalistycznej terminologii z wybranego zakresu, a tak\u017ce sprawnie pos\u0142ugiwa\u0107 si\u0119 dost\u0119pnymi \u015brodkami informacji i aktywnie uczestniczy\u0107 w pracy grupowej.<\/p><p><strong>Absolwent uzyskuje tytu\u0142 licencjata<\/strong> na kierunku administracja i jest przygotowany do podj\u0119cia pracy zawodowej lub studi\u00f3w II stopnia (magisterskich) oraz studi\u00f3w podyplomowych i innych form kszta\u0142cenia.<\/p><p><strong>Przyk\u0142adowe miejsce zatrudnienia<\/strong>. S\u0142u\u017cby mundurowe, administracja rz\u0105dowa i samorz\u0105dowa.<\/p>\t\t\t\t\t\t<\/div>\n\t\t\t\t<\/div>\n\t\t\t\t\t<\/div>\n\t\t<\/div>\n\t\t\t\t\t<\/div>\n\t\t<\/section>\n\t\t\t\t<section class=\"elementor-section elementor-top-section elementor-element elementor-element-17045be animated-slow elementor-section-boxed elementor-section-height-default elementor-section-height-default elementor-invisible\" data-id=\"17045be\" data-element_type=\"section\" data-settings=\"{&quot;animation&quot;:&quot;fadeIn&quot;}\">\n\t\t\t\t\t\t<div class=\"elementor-container elementor-column-gap-default\">\n\t\t\t\t\t<div class=\"elementor-column elementor-col-100 elementor-top-column elementor-element elementor-element-fb8591a\" data-id=\"fb8591a\" data-element_type=\"column\">\n\t\t\t<div class=\"elementor-widget-wrap elementor-element-populated\">\n\t\t\t\t\t\t<div class=\"elementor-element elementor-element-6e2a521 elementor--h-position-center elementor--v-position-middle elementor-arrows-position-inside elementor-pagination-position-inside elementor-widget elementor-widget-slides\" data-id=\"6e2a521\" data-element_type=\"widget\" data-settings=\"{&quot;navigation&quot;:&quot;both&quot;,&quot;autoplay&quot;:&quot;yes&quot;,&quot;pause_on_hover&quot;:&quot;yes&quot;,&quot;pause_on_interaction&quot;:&quot;yes&quot;,&quot;autoplay_speed&quot;:5000,&quot;infinite&quot;:&quot;yes&quot;,&quot;transition&quot;:&quot;slide&quot;,&quot;transition_speed&quot;:500}\" data-widget_type=\"slides.default\">\n\t\t\t\t<div class=\"elementor-widget-container\">\n\t\t\t\t\t<div class=\"elementor-swiper\">\n\t\t\t<div class=\"elementor-slides-wrapper elementor-main-swiper swiper\" dir=\"ltr\" data-animation=\"fadeInUp\">\n\t\t\t\t<div class=\"swiper-wrapper elementor-slides\">\n\t\t\t\t\t\t\t\t\t\t<div class=\"elementor-repeater-item-2749875 swiper-slide\"><div class=\"swiper-slide-bg elementor-ken-burns elementor-ken-burns--in\" role=\"img\"><\/div><div class=\"swiper-slide-inner\" ><div class=\"swiper-slide-contents\"><div class=\"elementor-slide-heading\">Administracja celno-skarbowa<\/div><\/div><\/div><\/div>\t\t\t\t<\/div>\n\t\t\t\t\t\t\t<\/div>\n\t\t<\/div>\n\t\t\t\t<\/div>\n\t\t\t\t<\/div>\n\t\t\t\t\t<\/div>\n\t\t<\/div>\n\t\t\t\t\t<\/div>\n\t\t<\/section>\n\t\t\t\t<section class=\"elementor-section elementor-top-section elementor-element elementor-element-22759a7 animated-slow elementor-section-boxed elementor-section-height-default elementor-section-height-default elementor-invisible\" data-id=\"22759a7\" data-element_type=\"section\" data-settings=\"{&quot;animation&quot;:&quot;fadeIn&quot;}\">\n\t\t\t\t\t\t<div class=\"elementor-container elementor-column-gap-default\">\n\t\t\t\t\t<div class=\"elementor-column elementor-col-100 elementor-top-column elementor-element elementor-element-fdc3294\" data-id=\"fdc3294\" data-element_type=\"column\">\n\t\t\t<div class=\"elementor-widget-wrap elementor-element-populated\">\n\t\t\t\t\t\t<div class=\"elementor-element elementor-element-19fe6b8 elementor-invisible elementor-widget elementor-widget-text-editor\" data-id=\"19fe6b8\" data-element_type=\"widget\" data-settings=\"{&quot;_animation&quot;:&quot;fadeIn&quot;}\" data-widget_type=\"text-editor.default\">\n\t\t\t\t<div class=\"elementor-widget-container\">\n\t\t\t\t\t\t\t<p><strong>Cel studi\u00f3w<\/strong>. Mi\u0119dzy innymi z uwagi na fakt cz\u0142onkostwa Polski w Unii Europejskiej grupa zaj\u0119\u0107 w zakresie administracji celno-skarbowej stwarza perspektywy zatrudnienia w r\u00f3\u017cnych strukturach Krajowej Administracji Skarbowej, zw\u0142aszcza w regionach przygranicznych, b\u0119d\u0105cych jednocze\u015bnie granic\u0105 obszaru unijnego, oraz do podj\u0119cia pracy w administracji publicznej. Wyb\u00f3r tej grupy zaj\u0119\u0107 daje studentowi mo\u017cliwo\u015b\u0107 zapoznania si\u0119 nie tylko z problematyk\u0105 prawa administracyjnego, lecz tak\u017ce umiej\u0119tno\u015bci samodzielnego podejmowania decyzji na stanowiskach \u015bredniego szczebla w administracji celno-skarbowej, a tak\u017ce w jednostkach zwi\u0105zanych z aparatem fiskalnym pa\u0144stwa, ze szczeg\u00f3lnym uwzgl\u0119dnieniem pracy w Izbach Administracji Skarbowej, w Urz\u0119dach Celno-Skarbowych oraz pozosta\u0142ych jednostkach zajmuj\u0105cych si\u0119 problematyk\u0105 celn\u0105 w obrocie unijnym i poza unijnym, a tak\u017ce w administracji skarbowej i samorz\u0105dowej, jak r\u00f3wnie\u017c na rzecz podmiot\u00f3w funkcjonuj\u0105cych w obrocie gospodarczym.<\/p><p><strong>Wybrane przedmioty<\/strong>: Struktura i zadania administracji skarbowej, Podstawy prawa i post\u0119powania podatkowego, Kontrola i egzekucja podatkowa, Prawo gospodarcze Unii Europejskiej, Wsp\u00f3\u0142praca mi\u0119dzynarodowa s\u0142u\u017cb celno-skarbowych, Prawo celne, Kontrola celno-skarbowa.<\/p><p><strong>Sylwetka absolwenta<\/strong>. Absolwent potrafi formu\u0142owa\u0107 i rozwi\u0105zywa\u0107 z\u0142o\u017cone i nietypowe problemy zw. z prawem celnym i skarbowym oraz wykonywa\u0107 zadania w warunkach nie w pe\u0142ni przewidywalnych. Posiada umiej\u0119tno\u015bci komunikowania si\u0119 z otoczeniem w miejscu pracy z u\u017cyciem specjalistycznej terminologii. Posiada wiedz\u0119 i kwalifikacje zwi\u0105zane z problematyk\u0105 i specyfik\u0105 dzia\u0142a\u0144 podejmowanych na okre\u015blonym stanowisku w danej jednostce organizacyjnej Krajowej Administracji Skarbowej, stanowi\u0105cej element systemu administracji pa\u0144stwowej. Ponadto student zdobywa praktyczne umiej\u0119tno\u015bci diagnozowania i rozwi\u0105zywania problem\u00f3w zwi\u0105zanych z funkcjonowaniem administracji skarbowej i celno-skarbowej. W celu prawid\u0142owego wykonywania obowi\u0105zk\u00f3w s\u0142u\u017cbowych, w\u015br\u00f3d student\u00f3w kszta\u0142towana jest samodzielno\u015b\u0107 i odpowiedzialno\u015b\u0107 w zakresie powierzonych zada\u0144 oraz umiej\u0119tno\u015b\u0107 zdobywania wiedzy na temat systemu obiegu informacji w organizacji, sposob\u00f3w i narz\u0119dzi komunikacji wewn\u0105trz organizacji i na zewn\u0105trz.<\/p><p><strong>Absolwent uzyskuje tytu\u0142 licencjata<\/strong> na kierunku administracja i jest przygotowany do podj\u0119cia pracy zawodowej lub studi\u00f3w II stopnia (magisterskich) oraz studi\u00f3w podyplomowych i innych form kszta\u0142cenia.<\/p><p><strong>Przyk\u0142adowe miejsce zatrudnienia<\/strong>. Administracja celno-skarbowa, skarbowa oraz samorz\u0105dowa, przede wszystkim Izby Administracji Skarbowe, Urz\u0119dy Skarbowe, Urz\u0119dy Celno-Skarbowe, Odzia\u0142y Celne oraz pozosta\u0142e jednostki uczestnicz\u0105ce w obrocie gospodarczym pa\u0144stwa.<\/p>\t\t\t\t\t\t<\/div>\n\t\t\t\t<\/div>\n\t\t\t\t\t<\/div>\n\t\t<\/div>\n\t\t\t\t\t<\/div>\n\t\t<\/section>\n\t\t\t\t<section class=\"elementor-section elementor-top-section elementor-element elementor-element-f5224cd animated-slow elementor-section-boxed elementor-section-height-default elementor-section-height-default elementor-invisible\" data-id=\"f5224cd\" data-element_type=\"section\" data-settings=\"{&quot;animation&quot;:&quot;fadeIn&quot;}\">\n\t\t\t\t\t\t<div class=\"elementor-container elementor-column-gap-default\">\n\t\t\t\t\t<div class=\"elementor-column elementor-col-100 elementor-top-column elementor-element elementor-element-fad0975\" data-id=\"fad0975\" data-element_type=\"column\">\n\t\t\t<div class=\"elementor-widget-wrap elementor-element-populated\">\n\t\t\t\t\t\t<div class=\"elementor-element elementor-element-038a2ad elementor--h-position-center elementor--v-position-middle elementor-arrows-position-inside elementor-pagination-position-inside elementor-widget elementor-widget-slides\" data-id=\"038a2ad\" data-element_type=\"widget\" data-settings=\"{&quot;navigation&quot;:&quot;both&quot;,&quot;autoplay&quot;:&quot;yes&quot;,&quot;pause_on_hover&quot;:&quot;yes&quot;,&quot;pause_on_interaction&quot;:&quot;yes&quot;,&quot;autoplay_speed&quot;:5000,&quot;infinite&quot;:&quot;yes&quot;,&quot;transition&quot;:&quot;slide&quot;,&quot;transition_speed&quot;:500}\" data-widget_type=\"slides.default\">\n\t\t\t\t<div class=\"elementor-widget-container\">\n\t\t\t\t\t<div class=\"elementor-swiper\">\n\t\t\t<div class=\"elementor-slides-wrapper elementor-main-swiper swiper\" dir=\"ltr\" data-animation=\"fadeInUp\">\n\t\t\t\t<div class=\"swiper-wrapper elementor-slides\">\n\t\t\t\t\t\t\t\t\t\t<div class=\"elementor-repeater-item-2749875 swiper-slide\"><div class=\"swiper-slide-bg elementor-ken-burns elementor-ken-burns--in\" role=\"img\"><\/div><div class=\"swiper-slide-inner\" ><div class=\"swiper-slide-contents\"><div class=\"elementor-slide-heading\">Administracja ochrony zdrowia<\/div><\/div><\/div><\/div>\t\t\t\t<\/div>\n\t\t\t\t\t\t\t<\/div>\n\t\t<\/div>\n\t\t\t\t<\/div>\n\t\t\t\t<\/div>\n\t\t\t\t<div class=\"elementor-element elementor-element-9991fd2 elementor-invisible elementor-widget elementor-widget-text-editor\" data-id=\"9991fd2\" data-element_type=\"widget\" data-settings=\"{&quot;_animation&quot;:&quot;fadeIn&quot;}\" data-widget_type=\"text-editor.default\">\n\t\t\t\t<div class=\"elementor-widget-container\">\n\t\t\t\t\t\t\t<p><strong>Cel studi\u00f3w<\/strong>. Wybieraj\u0105c grup\u0119 zaj\u0119\u0107 w zakresie administracji ochrony zdrowia student pozna poj\u0119cia i definicje z zakresu prawa ochrony zdrowia oraz zrozumie rol\u0119 systemu ochrony zdrowia we wsp\u00f3\u0142czesnym spo\u0142ecze\u0144stwie. Student tej grupy zaj\u0119\u0107 b\u0119dzie efektywnie organizowa\u0107 prac\u0119 w o\u015brodku s\u0142u\u017cby zdrowia, nauczy si\u0119 tak\u017ce ocenia\u0107 czy proponowane rozwi\u0105zania prawne znajd\u0105 zastosowanie w systemie ochrony zdrowia. Zaj\u0119cia w tej grupie umo\u017cliwiaj\u0105 zdobycie kwalifikacji cenionych przez pracodawc\u00f3w sektora ochrony zdrowia realizuj\u0105cych opiek\u0119 zdrowotn\u0105, polityk\u0119 zdrowotn\u0105 czy promocj\u0119 zdrowia.\u00a0Studia mi\u0119dzywydzia\u0142owe (administracja i nauki o zdrowiu).<\/p><p><strong>Wybrane przedmioty<\/strong>: organizacja ochrony zdrowia, zachowania organizacyjne, finanse w ochronie zdrowia, prawo w ochronie zdrowia, promocja zdrowia, zdrowie publiczne.<\/p><p><strong>Sylwetka absolwenta<\/strong>. Po uko\u0144czeniu studi\u00f3w absolwent b\u0119dzie posiada\u0142 specjalistyczn\u0105 wiedz\u0119 z zakresu praw pacjenta, statusu prawnego zak\u0142ad\u00f3w opieki zdrowotnej i plac\u00f3wek obrotu farmaceutycznego, ochrony danych medycznych i farmaceutycznych, odpowiedzialno\u015bci personelu medycznego i farmaceutycznego, kontroli i nadzoru instytucjonalnego, samorz\u0105d\u00f3w zawodowych zawod\u00f3w medycznych i farmaceutycznych, dopuszczania produkt\u00f3w leczniczych do obrotu, systemu ubezpiecze\u0144 zdrowotnych, problem\u00f3w prywatyzacji s\u0142u\u017cby zdrowia. Absolwent grupy zaj\u0119\u0107 z zakresu administracji ochrony zdrowia b\u0119dzie cechowa\u0142 si\u0119 wiedz\u0105, umiej\u0119tno\u015bciami i kompetencjami spo\u0142ecznymi z zakresu organizacji i funkcjonowania zak\u0142ad\u00f3w opieki zdrowotnej, jak r\u00f3wnie\u017c systemu ubezpiecze\u0144 spo\u0142ecznych oraz zasad finansowania \u015bwiadcze\u0144 zdrowotnych.<\/p><p><strong>Absolwent uzyskuje tytu\u0142 licencjata<\/strong> na kierunku administracja i jest przygotowany do podj\u0119cia pracy zawodowej lub studi\u00f3w II stopnia (magisterskich) oraz studi\u00f3w podyplomowych i innych form kszta\u0142cenia.<\/p><p><strong>Przyk\u0142adowe miejsce zatrudnienia<\/strong>. W administracji rz\u0105dowej i samorz\u0105dowej, instytucjach ubezpieczenia spo\u0142ecznego, Narodowym Funduszu Zdrowia, szpitalach, przychodniach, bran\u017cy farmaceutycznej, Stacjach Sanitarno-Epidemiologicznych, organizacjach pozarz\u0105dowych &#8211; zwi\u0105zanych z problematyk\u0105 zdrowia publicznego, w szczeg\u00f3lno\u015bci: zajmowania stanowisk merytorycznych w instytucjach ochrony zdrowia r\u00f3\u017cnego szczebla, tworzenia program\u00f3w promocji zdrowia i edukacji zdrowotnej, kierowania zespo\u0142ami wykonuj\u0105cymi zadania w ramach zada\u0144 ochrony zdrowia, prowadzenia program\u00f3w dotycz\u0105cych prewencji i promocji zdrowia w szpitalach, przychodniach.<\/p>\t\t\t\t\t\t<\/div>\n\t\t\t\t<\/div>\n\t\t\t\t\t<\/div>\n\t\t<\/div>\n\t\t\t\t\t<\/div>\n\t\t<\/section>\n\t\t\t\t<section class=\"elementor-section elementor-top-section elementor-element elementor-element-e7d5558 elementor-section-boxed elementor-section-height-default elementor-section-height-default\" data-id=\"e7d5558\" data-element_type=\"section\">\n\t\t\t\t\t\t<div class=\"elementor-container elementor-column-gap-default\">\n\t\t\t\t\t<div class=\"elementor-column elementor-col-100 elementor-top-column elementor-element elementor-element-9f1ee8a\" data-id=\"9f1ee8a\" data-element_type=\"column\">\n\t\t\t<div class=\"elementor-widget-wrap elementor-element-populated\">\n\t\t\t\t\t\t<div class=\"elementor-element elementor-element-5f00b88 elementor-widget-divider--view-line elementor-widget elementor-widget-divider\" data-id=\"5f00b88\" data-element_type=\"widget\" data-widget_type=\"divider.default\">\n\t\t\t\t<div class=\"elementor-widget-container\">\n\t\t\t\t\t<div class=\"elementor-divider\">\n\t\t\t<span class=\"elementor-divider-separator\">\n\t\t\t\t\t\t<\/span>\n\t\t<\/div>\n\t\t\t\t<\/div>\n\t\t\t\t<\/div>\n\t\t\t\t\t<\/div>\n\t\t<\/div>\n\t\t\t\t\t<\/div>\n\t\t<\/section>\n\t\t\t\t<section class=\"elementor-section elementor-top-section elementor-element elementor-element-ee2ece3 elementor-section-boxed elementor-section-height-default elementor-section-height-default\" data-id=\"ee2ece3\" data-element_type=\"section\">\n\t\t\t\t\t\t<div class=\"elementor-container elementor-column-gap-default\">\n\t\t\t\t\t<div class=\"elementor-column elementor-col-100 elementor-top-column elementor-element elementor-element-27d08f3\" data-id=\"27d08f3\" data-element_type=\"column\">\n\t\t\t<div class=\"elementor-widget-wrap elementor-element-populated\">\n\t\t\t\t\t\t<div class=\"elementor-element elementor-element-6b85b7e elementor-widget elementor-widget-heading\" data-id=\"6b85b7e\" data-element_type=\"widget\" data-widget_type=\"heading.default\">\n\t\t\t\t<div class=\"elementor-widget-container\">\n\t\t\t<h1 class=\"elementor-heading-title elementor-size-large\">NIESTACJONARNE STUDIA DRUGIEGO STOPNIA, PROFIL PRAKTYCZNY, MODU\u0141Y:<\/h1>\t\t<\/div>\n\t\t\t\t<\/div>\n\t\t\t\t\t<\/div>\n\t\t<\/div>\n\t\t\t\t\t<\/div>\n\t\t<\/section>\n\t\t\t\t<section class=\"elementor-section elementor-top-section elementor-element elementor-element-e5e3861 elementor-section-boxed elementor-section-height-default elementor-section-height-default\" data-id=\"e5e3861\" data-element_type=\"section\">\n\t\t\t\t\t\t<div class=\"elementor-container elementor-column-gap-default\">\n\t\t\t\t\t<div class=\"elementor-column elementor-col-100 elementor-top-column elementor-element elementor-element-fe1fbd6\" data-id=\"fe1fbd6\" data-element_type=\"column\">\n\t\t\t<div class=\"elementor-widget-wrap elementor-element-populated\">\n\t\t\t\t\t\t<div class=\"elementor-element elementor-element-611eaf3 elementor-widget elementor-widget-text-editor\" data-id=\"611eaf3\" data-element_type=\"widget\" data-widget_type=\"text-editor.default\">\n\t\t\t\t<div class=\"elementor-widget-container\">\n\t\t\t\t\t\t\t<p>Kluczowym celem kszta\u0142cenia na kierunku administracja II stopnia jest przygotowanie studenta do odpowiedzialnego pe\u0142nienia r\u00f3l zawodowych zwi\u0105zanych m.in. z zadaniami publicznymi, realizowanymi przede wszystkim na r\u00f3\u017cnych poziomach administracji rz\u0105dowej, samorz\u0105dowej b\u0105d\u017a prywatnej, sprawnego pos\u0142ugiwania si\u0119 metodami i narz\u0119dziami wykorzystywanymi w naukach prawnych, w pog\u0142\u0119bionym stopniu wykorzystywania wiedzy w zastosowaniach praktycznych, formu\u0142owania i rozwi\u0105zywania z\u0142o\u017conych i nietypowych problem\u00f3w funkcjonowania administracji oraz realizacji zada\u0144 zawodowych w warunkach nie w pe\u0142ni przewidywalnych, w\u0142a\u015bciwego doboru \u017ar\u00f3de\u0142 i informacji, wykorzystywania w dzia\u0142aniach zawodowych specjalistycznych technologii (tak\u017ce w komunikacji z otoczeniem), sprawnego wsp\u00f3\u0142dzia\u0142ania z innymi uczestnikami organizacji i ca\u0142ego systemu bezpiecze\u0144stwa w ramach prac zespo\u0142owych o charakterze interdyscyplinarnym, krytycznej oceny posiadanej wiedzy i systematycznego jej uzupe\u0142niania, wype\u0142niania zobowi\u0105za\u0144 spo\u0142ecznych. Celem kszta\u0142cenia jest te\u017c przygotowanie studenta do przedsi\u0119biorczego my\u015blenia i dzia\u0142ania w z\u0142o\u017conych uwarunkowaniach ekonomicznych, prawnych i spo\u0142ecznych.<\/p><p><br \/>Absolwent studi\u00f3w II stopnia na kierunku administracja dysponuje pog\u0142\u0119bion\u0105 wiedz\u0105 z dziedziny nauk spo\u0142ecznych w dyscyplinie nauk prawnych oraz podstawow\u0105 wiedz\u0105 ekonomiczn\u0105, tworz\u0105c\u0105 podbudow\u0119 dla rozumienia struktur, instytucji, zjawisk i proces\u00f3w spo\u0142ecznych oraz istoty i znaczenia r\u00f3\u017cnych ga\u0142\u0119zi prawnych, jak r\u00f3wnie\u017c znajomo\u015bci\u0105 problematyki politologicznej i prawnej w zakresie podzia\u0142u w\u0142adzy w pa\u0144stwie, instytucji i \u017ar\u00f3de\u0142 prawa w UE, struktury i ustroju pa\u0144stwa oraz zada\u0144 i zasad funkcjonowania organ\u00f3w pa\u0144stwa, jednostek administracji publicznej w zapewnieniu prawid\u0142owego funkcjonowania administracji pa\u0144stwowej. Posiada tak\u017ce umiej\u0119tno\u015b\u0107 interpretowania oraz analizowania zjawisk i proces\u00f3w spo\u0142ecznych, przy wykorzystaniu dorobku socjologii i psychologii spo\u0142ecznej, umiej\u0119tno\u015b\u0107 analizowania zjawisk bezpo\u015brednio zwi\u0105zanych z prac\u0105 urz\u0119dnicz\u0105 w r\u00f3\u017cnych rodzajach administracji: s\u0142u\u017cbie cywilnej, administracji rz\u0105dowej i samorz\u0105dowej oraz administracji gospodarczej, w instytucjach publicznych i pozarz\u0105dowych, administracji specjalnej, administracji prywatnej, plac\u00f3wkach kulturalnych, organach partii politycznych, instytucjach krajowych, a tak\u017ce organizacjach i instytucjach specjalizuj\u0105cych si\u0119 we wsp\u00f3\u0142pracy z partnerami w krajach UE. Jest \u015bwiadomy profesjonalnych i spo\u0142ecznych zada\u0144 absolwenta studi\u00f3w z dziedziny nauk spo\u0142ecznych, z uwzgl\u0119dnieniem zasad aksjologicznych i etyki pracy z s\u0142u\u017cbie cywilnej oraz regu\u0142 komunikacji spo\u0142ecznej. Absolwent jest przygotowany do odpowiedzialnego pe\u0142nienia r\u00f3l zawodowych, kultywowania i upowszechniania w \u017cyciu spo\u0142ecznym i zawodowym wzor\u00f3w w\u0142a\u015bciwego post\u0119powania, uczestnictwa w promowaniu kultury projako\u015bciowej i etyki zawodowej. Cechuje go wra\u017cliwo\u015b\u0107 spo\u0142eczna, odpowiedzialno\u015b\u0107 za dziedzictwo kulturowe, ch\u0119\u0107 zaanga\u017cowania si\u0119 w dzia\u0142ania na rzecz dobra publicznego w poczuciu odpowiedzialno\u015bci za bezpiecze\u0144stwo innych i interes publiczny.<\/p>\t\t\t\t\t\t<\/div>\n\t\t\t\t<\/div>\n\t\t\t\t\t<\/div>\n\t\t<\/div>\n\t\t\t\t\t<\/div>\n\t\t<\/section>\n\t\t\t\t<section class=\"elementor-section elementor-top-section elementor-element elementor-element-239786d elementor-section-boxed elementor-section-height-default elementor-section-height-default\" data-id=\"239786d\" data-element_type=\"section\">\n\t\t\t\t\t\t<div class=\"elementor-container elementor-column-gap-default\">\n\t\t\t\t\t<div class=\"elementor-column elementor-col-100 elementor-top-column elementor-element elementor-element-d6cb812\" data-id=\"d6cb812\" data-element_type=\"column\">\n\t\t\t<div class=\"elementor-widget-wrap elementor-element-populated\">\n\t\t\t\t\t\t<div class=\"elementor-element elementor-element-8dae178 elementor-widget-divider--view-line elementor-widget elementor-widget-divider\" data-id=\"8dae178\" data-element_type=\"widget\" data-widget_type=\"divider.default\">\n\t\t\t\t<div class=\"elementor-widget-container\">\n\t\t\t\t\t<div class=\"elementor-divider\">\n\t\t\t<span class=\"elementor-divider-separator\">\n\t\t\t\t\t\t<\/span>\n\t\t<\/div>\n\t\t\t\t<\/div>\n\t\t\t\t<\/div>\n\t\t\t\t\t<\/div>\n\t\t<\/div>\n\t\t\t\t\t<\/div>\n\t\t<\/section>\n\t\t\t\t<section class=\"elementor-section elementor-top-section elementor-element elementor-element-444f97b elementor-section-boxed elementor-section-height-default elementor-section-height-default\" data-id=\"444f97b\" data-element_type=\"section\">\n\t\t\t\t\t\t<div class=\"elementor-container elementor-column-gap-default\">\n\t\t\t\t\t<div class=\"elementor-column elementor-col-100 elementor-top-column elementor-element elementor-element-cc9fdaa\" data-id=\"cc9fdaa\" data-element_type=\"column\">\n\t\t\t<div class=\"elementor-widget-wrap elementor-element-populated\">\n\t\t\t\t\t\t<div class=\"elementor-element elementor-element-bcaf7ad elementor-widget elementor-widget-text-editor\" data-id=\"bcaf7ad\" data-element_type=\"widget\" data-widget_type=\"text-editor.default\">\n\t\t\t\t<div class=\"elementor-widget-container\">\n\t\t\t\t\t\t\t<div class=\"elementor-element elementor-element-924b476 elementor-widget elementor-widget-heading\" data-id=\"924b476\" data-element_type=\"widget\" data-widget_type=\"heading.default\"><div class=\"elementor-widget-container\"><h2 class=\"elementor-heading-title elementor-size-default\">Ile trwaj\u0105 studia?<\/h2><\/div><\/div><div class=\"elementor-element elementor-element-4acd142 elementor-widget elementor-widget-text-editor\" data-id=\"4acd142\" data-element_type=\"widget\" data-widget_type=\"text-editor.default\"><div class=\"elementor-widget-container\"><p>Studia na kierunku pedagogika trwaj\u0105:<\/p><ul><li>studia II stopnia (magister): cztery semestry (dwa lata)<\/li><\/ul><p>Zakres obejmuje m.in. nast\u0119puj\u0105ce tre\u015bci: podstawy zarz\u0105dzania, mikro i makroenomi\u0119, konstytucyjny system organ\u00f3w pa\u0144stwowych, post\u0119powanie administracyjne, publiczne prawo gospodarcze, prawo administracyjne, prawo cywilne z umowami w administracji oraz finanse publiczne. Zaj\u0119cia prowadz\u0105 zar\u00f3wno do\u015bwiadczeni pracownicy naukowo-dydaktyczni, jak r\u00f3wnie\u017c specjali\u015bci zajmuj\u0105cy si\u0119 problematyk\u0105 administracji publicznej, zarz\u0105dzaniem i bezpiecze\u0144stwem wewn\u0119trznym, w tym eksperci reprezentuj\u0105cy r\u00f3\u017cne jednostki sektora finans\u00f3w publicznych, takie jak s\u0105dy, wojsko, policj\u0119, urz\u0119dy samorz\u0105du terytorialnego.<\/p><p><strong>Uprawnienia. Absolwent uzyskuje tytu\u0142 licencjata kierunku administracja i jest przygotowany do podj\u0119cia pracy zawodowej lub studi\u00f3w II stopnia (magisterskich) oraz studi\u00f3w podyplomowych i innych form kszta\u0142cenia.<\/strong><\/p><p><strong>W ramach kszta\u0142cenia z wykorzystaniem metod i technik kszta\u0142cenia na odleg\u0142o\u015b\u0107 student mo\u017ce uzyska\u0107 do 30% punkt\u00f3w ECTS.<u><br \/><\/u><\/strong><strong>Zaj\u0119cia z wykorzystaniem technik kszta\u0142cenia na odleg\u0142o\u015b\u0107 odbywaj\u0105 si\u0119 na platformach MOODLE i Ms Teams<\/strong><\/p><\/div><\/div>\t\t\t\t\t\t<\/div>\n\t\t\t\t<\/div>\n\t\t\t\t\t<\/div>\n\t\t<\/div>\n\t\t\t\t\t<\/div>\n\t\t<\/section>\n\t\t\t\t<section class=\"elementor-section elementor-top-section elementor-element elementor-element-74f3ad7 elementor-section-boxed elementor-section-height-default elementor-section-height-default\" data-id=\"74f3ad7\" data-element_type=\"section\">\n\t\t\t\t\t\t<div class=\"elementor-container elementor-column-gap-default\">\n\t\t\t\t\t<div class=\"elementor-column elementor-col-100 elementor-top-column elementor-element elementor-element-578fa54\" data-id=\"578fa54\" data-element_type=\"column\">\n\t\t\t<div class=\"elementor-widget-wrap elementor-element-populated\">\n\t\t\t\t\t\t<div class=\"elementor-element elementor-element-6bdf301 elementor-widget-divider--view-line elementor-widget elementor-widget-divider\" data-id=\"6bdf301\" data-element_type=\"widget\" data-widget_type=\"divider.default\">\n\t\t\t\t<div class=\"elementor-widget-container\">\n\t\t\t\t\t<div class=\"elementor-divider\">\n\t\t\t<span class=\"elementor-divider-separator\">\n\t\t\t\t\t\t<\/span>\n\t\t<\/div>\n\t\t\t\t<\/div>\n\t\t\t\t<\/div>\n\t\t\t\t\t<\/div>\n\t\t<\/div>\n\t\t\t\t\t<\/div>\n\t\t<\/section>\n\t\t\t\t<section class=\"elementor-section elementor-top-section elementor-element elementor-element-7cf77e4 elementor-section-boxed elementor-section-height-default elementor-section-height-default\" data-id=\"7cf77e4\" data-element_type=\"section\">\n\t\t\t\t\t\t<div class=\"elementor-container elementor-column-gap-default\">\n\t\t\t\t\t<div class=\"elementor-column elementor-col-100 elementor-top-column elementor-element elementor-element-bc533b6\" data-id=\"bc533b6\" data-element_type=\"column\">\n\t\t\t<div class=\"elementor-widget-wrap elementor-element-populated\">\n\t\t\t\t\t\t<div class=\"elementor-element elementor-element-a1f4a69 elementor--h-position-center elementor--v-position-middle elementor-arrows-position-inside elementor-pagination-position-inside elementor-widget elementor-widget-slides\" data-id=\"a1f4a69\" data-element_type=\"widget\" data-settings=\"{&quot;navigation&quot;:&quot;both&quot;,&quot;autoplay&quot;:&quot;yes&quot;,&quot;pause_on_hover&quot;:&quot;yes&quot;,&quot;pause_on_interaction&quot;:&quot;yes&quot;,&quot;autoplay_speed&quot;:5000,&quot;infinite&quot;:&quot;yes&quot;,&quot;transition&quot;:&quot;slide&quot;,&quot;transition_speed&quot;:500}\" data-widget_type=\"slides.default\">\n\t\t\t\t<div class=\"elementor-widget-container\">\n\t\t\t\t\t<div class=\"elementor-swiper\">\n\t\t\t<div class=\"elementor-slides-wrapper elementor-main-swiper swiper\" dir=\"ltr\" data-animation=\"fadeInUp\">\n\t\t\t\t<div class=\"swiper-wrapper elementor-slides\">\n\t\t\t\t\t\t\t\t\t\t<div class=\"elementor-repeater-item-2749875 swiper-slide\"><div class=\"swiper-slide-bg elementor-ken-burns elementor-ken-burns--in\" role=\"img\"><\/div><div class=\"swiper-slide-inner\" ><div class=\"swiper-slide-contents\"><div class=\"elementor-slide-heading\">Administracja publiczna<\/div><\/div><\/div><\/div>\t\t\t\t<\/div>\n\t\t\t\t\t\t\t<\/div>\n\t\t<\/div>\n\t\t\t\t<\/div>\n\t\t\t\t<\/div>\n\t\t\t\t\t<\/div>\n\t\t<\/div>\n\t\t\t\t\t<\/div>\n\t\t<\/section>\n\t\t\t\t<section class=\"elementor-section elementor-top-section elementor-element elementor-element-ec895f3 elementor-section-boxed elementor-section-height-default elementor-section-height-default\" data-id=\"ec895f3\" data-element_type=\"section\">\n\t\t\t\t\t\t<div class=\"elementor-container elementor-column-gap-default\">\n\t\t\t\t\t<div class=\"elementor-column elementor-col-100 elementor-top-column elementor-element elementor-element-610f8fd\" data-id=\"610f8fd\" data-element_type=\"column\">\n\t\t\t<div class=\"elementor-widget-wrap elementor-element-populated\">\n\t\t\t\t\t\t<div class=\"elementor-element elementor-element-a2d4f51 elementor-widget elementor-widget-text-editor\" data-id=\"a2d4f51\" data-element_type=\"widget\" data-widget_type=\"text-editor.default\">\n\t\t\t\t<div class=\"elementor-widget-container\">\n\t\t\t\t\t\t\t<p><strong>Cel studi\u00f3w<\/strong>. Wybieraj\u0105c grup\u0119 zaj\u0119\u0107 administracja publiczna, student w toku kszta\u0142cenia opanuje w stopniu pog\u0142\u0119bionym wiedz\u0119 o funkcjonowaniu administracji publicznej, pozna regulacje prawne dotycz\u0105ce r\u00f3\u017cnych form dzia\u0142ania administracji, nab\u0119dzie umiej\u0119tno\u015bci sprawnego wykorzystania wiadomo\u015bci teoretycznych w praktyce. Absolwenci b\u0119d\u0105 przygotowani teoretycznie i praktycznie do zawodu urz\u0119dnika &#8211; wszechstronnie wykszta\u0142conego, znaj\u0105cego europejskie standardy pracy i nowoczesne systemy zarz\u0105dzania.<\/p><p><strong>Wybrane przedmioty<\/strong>: zasady podzia\u0142u \u015brodk\u00f3w publicznych, administracja publiczna a media, prawo rolne w Polsce i UE, przygotowanie projekt\u00f3w do UE, ochrona praw cz\u0142owieka.<\/p><p><strong>Sylwetka absolwenta<\/strong>. Absolwent tej grupy zaj\u0119\u0107 posiada pog\u0142\u0119bion\u0105 wiedz\u0119 w zakresie zarz\u0105dzania, organizowania i funkcjonowania administracji publicznej, zar\u00f3wno samorz\u0105dowej jak i rz\u0105dowej. Absolwent zna i rozumie wybrane fakty, obiekty i zjawiska oraz dotycz\u0105ce ich metody i teorie wyja\u015bniaj\u0105ce z\u0142o\u017cone zale\u017cno\u015bci mi\u0119dzy nimi, stanowi\u0105ce podstawy funkcjonowania administracji publicznej. Absolwent posiada umiej\u0119tno\u015bci i kompetencje praktycznego zastosowaniu wiedzy w dzia\u0142alno\u015bci zawodowej zwi\u0105zanej z kierunkiem administracja i zaj\u0119ciami z grupy administracja publiczna.<\/p><p><strong>Absolwent uzyskuje tytu\u0142 magistra<\/strong> kierunku administracja i jest przygotowany do podj\u0119cia pracy zawodowej lub studi\u00f3w III stopnia (doktoranckich) oraz studi\u00f3w podyplomowych i innych form kszta\u0142cenia.<\/p><p><strong>Przyk\u0142adowe miejsce zatrudnienia<\/strong>: administracja rz\u0105dowa, struktury samorz\u0105dowe, s\u0142u\u017cby administracyjne podmiot\u00f3w gospodarczych, instytucje pozarz\u0105dowe, administracja specjalna, administracja prywatna, plac\u00f3wki kulturalne, organy partii politycznych, instytucje krajowe, organizacje i instytucje specjalizuj\u0105ce si\u0119 we wsp\u00f3\u0142pracy z partnerami w krajach UE.<\/p>\t\t\t\t\t\t<\/div>\n\t\t\t\t<\/div>\n\t\t\t\t\t<\/div>\n\t\t<\/div>\n\t\t\t\t\t<\/div>\n\t\t<\/section>\n\t\t\t\t<section class=\"elementor-section elementor-top-section elementor-element elementor-element-3d1ac2c elementor-section-boxed elementor-section-height-default elementor-section-height-default\" data-id=\"3d1ac2c\" data-element_type=\"section\">\n\t\t\t\t\t\t<div class=\"elementor-container elementor-column-gap-default\">\n\t\t\t\t\t<div class=\"elementor-column elementor-col-100 elementor-top-column elementor-element elementor-element-3f29374\" data-id=\"3f29374\" data-element_type=\"column\">\n\t\t\t<div class=\"elementor-widget-wrap elementor-element-populated\">\n\t\t\t\t\t\t<div class=\"elementor-element elementor-element-ae450b1 elementor--h-position-center elementor--v-position-middle elementor-arrows-position-inside elementor-pagination-position-inside elementor-widget elementor-widget-slides\" data-id=\"ae450b1\" data-element_type=\"widget\" data-settings=\"{&quot;navigation&quot;:&quot;both&quot;,&quot;autoplay&quot;:&quot;yes&quot;,&quot;pause_on_hover&quot;:&quot;yes&quot;,&quot;pause_on_interaction&quot;:&quot;yes&quot;,&quot;autoplay_speed&quot;:5000,&quot;infinite&quot;:&quot;yes&quot;,&quot;transition&quot;:&quot;slide&quot;,&quot;transition_speed&quot;:500}\" data-widget_type=\"slides.default\">\n\t\t\t\t<div class=\"elementor-widget-container\">\n\t\t\t\t\t<div class=\"elementor-swiper\">\n\t\t\t<div class=\"elementor-slides-wrapper elementor-main-swiper swiper\" dir=\"ltr\" data-animation=\"fadeInUp\">\n\t\t\t\t<div class=\"swiper-wrapper elementor-slides\">\n\t\t\t\t\t\t\t\t\t\t<div class=\"elementor-repeater-item-2749875 swiper-slide\"><div class=\"swiper-slide-bg elementor-ken-burns elementor-ken-burns--in\" role=\"img\"><\/div><div class=\"swiper-slide-inner\" ><div class=\"swiper-slide-contents\"><div class=\"elementor-slide-heading\">Administracja samorz\u0105dowa              i finanse publiczne<\/div><\/div><\/div><\/div>\t\t\t\t<\/div>\n\t\t\t\t\t\t\t<\/div>\n\t\t<\/div>\n\t\t\t\t<\/div>\n\t\t\t\t<\/div>\n\t\t\t\t\t<\/div>\n\t\t<\/div>\n\t\t\t\t\t<\/div>\n\t\t<\/section>\n\t\t\t\t<section class=\"elementor-section elementor-top-section elementor-element elementor-element-6cb0621 elementor-section-boxed elementor-section-height-default elementor-section-height-default\" data-id=\"6cb0621\" data-element_type=\"section\">\n\t\t\t\t\t\t<div class=\"elementor-container elementor-column-gap-default\">\n\t\t\t\t\t<div class=\"elementor-column elementor-col-100 elementor-top-column elementor-element elementor-element-4f349ec\" data-id=\"4f349ec\" data-element_type=\"column\">\n\t\t\t<div class=\"elementor-widget-wrap elementor-element-populated\">\n\t\t\t\t\t\t<div class=\"elementor-element elementor-element-10ffe17 elementor-widget elementor-widget-text-editor\" data-id=\"10ffe17\" data-element_type=\"widget\" data-widget_type=\"text-editor.default\">\n\t\t\t\t<div class=\"elementor-widget-container\">\n\t\t\t\t\t\t\t<p><strong>Cel studi\u00f3w<\/strong>. Ta grupa zaj\u0119\u0107 jest skierowana do student\u00f3w, kt\u00f3rzy s\u0105 zainteresowani zdobyciem wiedzy w spos\u00f3b pog\u0142\u0119biony m.in. o wykorzystaniu instrument\u00f3w finansowych w podmiotach gospodarczych, instytucjach sektora finans\u00f3w rz\u0105dowych i samorz\u0105dowych oraz w podmiotach zarz\u0105dzaj\u0105cych \u015brodkami pochodz\u0105cymi z funduszy UE. Celem tej grupy zaj\u0119\u0107 jest tak\u017ce wykszta\u0142cenie profesjonalnych kadr urz\u0119dniczych, zorientowanych na tworzenie nowoczesnej i sprawnej administracji publicznej i samorz\u0105dowej.<\/p><p><strong>Wybrane przedmioty<\/strong>: prawo podatkowe, ochrona praw cz\u0142owieka, kontrola zarz\u0105dcza w jednostkach sektora publicznego, finansowanie inwestycji publicznych, zasady podzia\u0142u \u015brodk\u00f3w publicznych.<\/p><p><strong>Sylwetka absolwenta<\/strong>. Studenci po wybraniu grupy zaj\u0119\u0107 w zakresie administracji samorz\u0105dowej i finans\u00f3w publicznych s\u0105 przede wszystkim przygotowywani do samodzielnej pracy na wy\u017cszych stanowiskach, w jednostkach samorz\u0105dowych i innych zajmuj\u0105cych si\u0119 finansami publicznymi. Absolwenci tej grupy maj\u0105 \u015bwiadomo\u015b\u0107 zachodz\u0105cych proces\u00f3w finansowych, znaj\u0105 instrumenty finansowe, ich cechy, ryzyko i zastosowanie w szeroko rozumianym sektorze finans\u00f3w publicznych. Absolwent uzyskuje tytu\u0142 magistra kierunku administracja i jest przygotowany do podj\u0119cia pracy zawodowej lub studi\u00f3w III stopnia (doktoranckich) oraz studi\u00f3w podyplomowych i innych form kszta\u0142cenia.<\/p><p><strong>Przyk\u0142adowe miejsce zatrudnienia<\/strong>: jednostki terytorialne na ka\u017cdym szczeblu organizacji samorz\u0105dowej: Stra\u017c Graniczna, urz\u0119dy miast i gmin, starostwa powiatowe, urz\u0119dy marsza\u0142kowskie, urz\u0119dy wojew\u00f3dzkie, urz\u0119dy pracy, o\u015brodki \u015bwiadcze\u0144 publicznych, urz\u0119dy skarbowe. Absolwent mo\u017ce podj\u0105\u0107 r\u00f3wnie obowi\u0105zki: pracownika Pa\u0144stwowej Inspekcji Pracy, pracownika Pa\u0144stwowej Inspekcji Handlowej, inspektora sanitarnego i weterynaryjnego, inspektora w dziale organizacji przetarg\u00f3w, referendarza w Ministerstwie lub Urz\u0119dzie Wojew\u00f3dzkim.<\/p>\t\t\t\t\t\t<\/div>\n\t\t\t\t<\/div>\n\t\t\t\t\t<\/div>\n\t\t<\/div>\n\t\t\t\t\t<\/div>\n\t\t<\/section>\n\t\t\t\t<section class=\"elementor-section elementor-top-section elementor-element elementor-element-09b4511 elementor-section-boxed elementor-section-height-default elementor-section-height-default\" data-id=\"09b4511\" data-element_type=\"section\">\n\t\t\t\t\t\t<div class=\"elementor-container elementor-column-gap-default\">\n\t\t\t\t\t<div class=\"elementor-column elementor-col-100 elementor-top-column elementor-element elementor-element-3242045\" data-id=\"3242045\" data-element_type=\"column\">\n\t\t\t<div class=\"elementor-widget-wrap elementor-element-populated\">\n\t\t\t\t\t\t<div class=\"elementor-element elementor-element-f09a9a7 elementor--h-position-center elementor--v-position-middle elementor-arrows-position-inside elementor-pagination-position-inside elementor-widget elementor-widget-slides\" data-id=\"f09a9a7\" data-element_type=\"widget\" data-settings=\"{&quot;navigation&quot;:&quot;both&quot;,&quot;autoplay&quot;:&quot;yes&quot;,&quot;pause_on_hover&quot;:&quot;yes&quot;,&quot;pause_on_interaction&quot;:&quot;yes&quot;,&quot;autoplay_speed&quot;:5000,&quot;infinite&quot;:&quot;yes&quot;,&quot;transition&quot;:&quot;slide&quot;,&quot;transition_speed&quot;:500}\" data-widget_type=\"slides.default\">\n\t\t\t\t<div class=\"elementor-widget-container\">\n\t\t\t\t\t<div class=\"elementor-swiper\">\n\t\t\t<div class=\"elementor-slides-wrapper elementor-main-swiper swiper\" dir=\"ltr\" data-animation=\"fadeInUp\">\n\t\t\t\t<div class=\"swiper-wrapper elementor-slides\">\n\t\t\t\t\t\t\t\t\t\t<div class=\"elementor-repeater-item-2749875 swiper-slide\"><div class=\"swiper-slide-bg elementor-ken-burns elementor-ken-burns--in\" role=\"img\"><\/div><div class=\"swiper-slide-inner\" ><div class=\"swiper-slide-contents\"><div class=\"elementor-slide-heading\">Administracja ochrony \u015brodowiska<\/div><\/div><\/div><\/div>\t\t\t\t<\/div>\n\t\t\t\t\t\t\t<\/div>\n\t\t<\/div>\n\t\t\t\t<\/div>\n\t\t\t\t<\/div>\n\t\t\t\t\t<\/div>\n\t\t<\/div>\n\t\t\t\t\t<\/div>\n\t\t<\/section>\n\t\t\t\t<section class=\"elementor-section elementor-top-section elementor-element elementor-element-d647fcb elementor-section-boxed elementor-section-height-default elementor-section-height-default\" data-id=\"d647fcb\" data-element_type=\"section\">\n\t\t\t\t\t\t<div class=\"elementor-container elementor-column-gap-default\">\n\t\t\t\t\t<div class=\"elementor-column elementor-col-100 elementor-top-column elementor-element elementor-element-92aaf25\" data-id=\"92aaf25\" data-element_type=\"column\">\n\t\t\t<div class=\"elementor-widget-wrap elementor-element-populated\">\n\t\t\t\t\t\t<div class=\"elementor-element elementor-element-ce966a2 elementor-widget elementor-widget-text-editor\" data-id=\"ce966a2\" data-element_type=\"widget\" data-widget_type=\"text-editor.default\">\n\t\t\t\t<div class=\"elementor-widget-container\">\n\t\t\t\t\t\t\t<p><strong>Cel studi\u00f3w<\/strong>. Ta grupa zaj\u0119\u0107 jest skierowana do student\u00f3w, kt\u00f3rzy s\u0105 zainteresowani zdobyciem wiedzy w spos\u00f3b pog\u0142\u0119biony m.in. o wykorzystaniu instrument\u00f3w finansowych w podmiotach gospodarczych, instytucjach sektora finans\u00f3w rz\u0105dowych i samorz\u0105dowych oraz w podmiotach zarz\u0105dzaj\u0105cych \u015brodkami pochodz\u0105cymi z funduszy UE. Celem tej grupy zaj\u0119\u0107 jest tak\u017ce wykszta\u0142cenie profesjonalnych kadr urz\u0119dniczych, zorientowanych na tworzenie nowoczesnej i sprawnej administracji publicznej i samorz\u0105dowej.<\/p><p><strong>Wybrane przedmioty<\/strong>: prawo podatkowe, ochrona praw cz\u0142owieka, kontrola zarz\u0105dcza w jednostkach sektora publicznego, finansowanie inwestycji publicznych, zasady podzia\u0142u \u015brodk\u00f3w publicznych.<\/p><p><strong>Sylwetka absolwenta<\/strong>. Studenci po wybraniu grupy zaj\u0119\u0107 w zakresie administracji samorz\u0105dowej i finans\u00f3w publicznych s\u0105 przede wszystkim przygotowywani do samodzielnej pracy na wy\u017cszych stanowiskach, w jednostkach samorz\u0105dowych i innych zajmuj\u0105cych si\u0119 finansami publicznymi. Absolwenci tej grupy maj\u0105 \u015bwiadomo\u015b\u0107 zachodz\u0105cych proces\u00f3w finansowych, znaj\u0105 instrumenty finansowe, ich cechy, ryzyko i zastosowanie w szeroko rozumianym sektorze finans\u00f3w publicznych. Absolwent uzyskuje tytu\u0142 magistra kierunku administracja i jest przygotowany do podj\u0119cia pracy zawodowej lub studi\u00f3w III stopnia (doktoranckich) oraz studi\u00f3w podyplomowych i innych form kszta\u0142cenia.<\/p><p><strong>Przyk\u0142adowe miejsce zatrudnienia<\/strong>: jednostki terytorialne na ka\u017cdym szczeblu organizacji samorz\u0105dowej: Stra\u017c Graniczna, urz\u0119dy miast i gmin, starostwa powiatowe, urz\u0119dy marsza\u0142kowskie, urz\u0119dy wojew\u00f3dzkie, urz\u0119dy pracy, o\u015brodki \u015bwiadcze\u0144 publicznych, urz\u0119dy skarbowe. Absolwent mo\u017ce podj\u0105\u0107 r\u00f3wnie obowi\u0105zki: pracownika Pa\u0144stwowej Inspekcji Pracy, pracownika Pa\u0144stwowej Inspekcji Handlowej, inspektora sanitarnego i weterynaryjnego, inspektora w dziale organizacji przetarg\u00f3w, referendarza w Ministerstwie lub Urz\u0119dzie Wojew\u00f3dzkim.<\/p>\t\t\t\t\t\t<\/div>\n\t\t\t\t<\/div>\n\t\t\t\t\t<\/div>\n\t\t<\/div>\n\t\t\t\t\t<\/div>\n\t\t<\/section>\n\t\t\t\t<section class=\"elementor-section elementor-top-section elementor-element elementor-element-1e3ad8d elementor-section-boxed elementor-section-height-default elementor-section-height-default\" data-id=\"1e3ad8d\" data-element_type=\"section\">\n\t\t\t\t\t\t<div class=\"elementor-container elementor-column-gap-default\">\n\t\t\t\t\t<div class=\"elementor-column elementor-col-100 elementor-top-column elementor-element elementor-element-c9947c3\" data-id=\"c9947c3\" data-element_type=\"column\">\n\t\t\t<div class=\"elementor-widget-wrap elementor-element-populated\">\n\t\t\t\t\t\t<div class=\"elementor-element elementor-element-e9ebb19 elementor--h-position-center elementor--v-position-middle elementor-arrows-position-inside elementor-pagination-position-inside elementor-widget elementor-widget-slides\" data-id=\"e9ebb19\" data-element_type=\"widget\" data-settings=\"{&quot;navigation&quot;:&quot;both&quot;,&quot;autoplay&quot;:&quot;yes&quot;,&quot;pause_on_hover&quot;:&quot;yes&quot;,&quot;pause_on_interaction&quot;:&quot;yes&quot;,&quot;autoplay_speed&quot;:5000,&quot;infinite&quot;:&quot;yes&quot;,&quot;transition&quot;:&quot;slide&quot;,&quot;transition_speed&quot;:500}\" data-widget_type=\"slides.default\">\n\t\t\t\t<div class=\"elementor-widget-container\">\n\t\t\t\t\t<div class=\"elementor-swiper\">\n\t\t\t<div class=\"elementor-slides-wrapper elementor-main-swiper swiper\" dir=\"ltr\" data-animation=\"fadeInUp\">\n\t\t\t\t<div class=\"swiper-wrapper elementor-slides\">\n\t\t\t\t\t\t\t\t\t\t<div class=\"elementor-repeater-item-2749875 swiper-slide\"><div class=\"swiper-slide-bg elementor-ken-burns elementor-ken-burns--in\" role=\"img\"><\/div><div class=\"swiper-slide-inner\" ><div class=\"swiper-slide-contents\"><div class=\"elementor-slide-heading\">Administracja ochrony zdrowia<\/div><\/div><\/div><\/div>\t\t\t\t<\/div>\n\t\t\t\t\t\t\t<\/div>\n\t\t<\/div>\n\t\t\t\t<\/div>\n\t\t\t\t<\/div>\n\t\t\t\t\t<\/div>\n\t\t<\/div>\n\t\t\t\t\t<\/div>\n\t\t<\/section>\n\t\t\t\t<section class=\"elementor-section elementor-top-section elementor-element elementor-element-c008d90 elementor-section-boxed elementor-section-height-default elementor-section-height-default\" data-id=\"c008d90\" data-element_type=\"section\">\n\t\t\t\t\t\t<div class=\"elementor-container elementor-column-gap-default\">\n\t\t\t\t\t<div class=\"elementor-column elementor-col-100 elementor-top-column elementor-element elementor-element-1adbdda\" data-id=\"1adbdda\" data-element_type=\"column\">\n\t\t\t<div class=\"elementor-widget-wrap elementor-element-populated\">\n\t\t\t\t\t\t<div class=\"elementor-element elementor-element-0258926 elementor-widget elementor-widget-text-editor\" data-id=\"0258926\" data-element_type=\"widget\" data-widget_type=\"text-editor.default\">\n\t\t\t\t<div class=\"elementor-widget-container\">\n\t\t\t\t\t\t\t<p><strong>Cel studi\u00f3w<\/strong>. Ta grupa zaj\u0119\u0107 jest skierowana do student\u00f3w, kt\u00f3rzy s\u0105 zainteresowani zdobyciem wiedzy w spos\u00f3b pog\u0142\u0119biony m.in. o wykorzystaniu instrument\u00f3w finansowych w podmiotach gospodarczych, instytucjach sektora finans\u00f3w rz\u0105dowych i samorz\u0105dowych oraz w podmiotach zarz\u0105dzaj\u0105cych \u015brodkami pochodz\u0105cymi z funduszy UE. Celem tej grupy zaj\u0119\u0107 jest tak\u017ce wykszta\u0142cenie profesjonalnych kadr urz\u0119dniczych, zorientowanych na tworzenie nowoczesnej i sprawnej administracji publicznej i samorz\u0105dowej.<\/p><p><strong>Wybrane przedmioty<\/strong>: prawo podatkowe, ochrona praw cz\u0142owieka, kontrola zarz\u0105dcza w jednostkach sektora publicznego, finansowanie inwestycji publicznych, zasady podzia\u0142u \u015brodk\u00f3w publicznych.<\/p><p><strong>Sylwetka absolwenta<\/strong>. Studenci po wybraniu grupy zaj\u0119\u0107 w zakresie administracji samorz\u0105dowej i finans\u00f3w publicznych s\u0105 przede wszystkim przygotowywani do samodzielnej pracy na wy\u017cszych stanowiskach, w jednostkach samorz\u0105dowych i innych zajmuj\u0105cych si\u0119 finansami publicznymi. Absolwenci tej grupy maj\u0105 \u015bwiadomo\u015b\u0107 zachodz\u0105cych proces\u00f3w finansowych, znaj\u0105 instrumenty finansowe, ich cechy, ryzyko i zastosowanie w szeroko rozumianym sektorze finans\u00f3w publicznych. Absolwent uzyskuje tytu\u0142 magistra kierunku administracja i jest przygotowany do podj\u0119cia pracy zawodowej lub studi\u00f3w III stopnia (doktoranckich) oraz studi\u00f3w podyplomowych i innych form kszta\u0142cenia.<\/p><p><strong>Przyk\u0142adowe miejsce zatrudnienia<\/strong>: jednostki terytorialne na ka\u017cdym szczeblu organizacji samorz\u0105dowej: Stra\u017c Graniczna, urz\u0119dy miast i gmin, starostwa powiatowe, urz\u0119dy marsza\u0142kowskie, urz\u0119dy wojew\u00f3dzkie, urz\u0119dy pracy, o\u015brodki \u015bwiadcze\u0144 publicznych, urz\u0119dy skarbowe. Absolwent mo\u017ce podj\u0105\u0107 r\u00f3wnie obowi\u0105zki: pracownika Pa\u0144stwowej Inspekcji Pracy, pracownika Pa\u0144stwowej Inspekcji Handlowej, inspektora sanitarnego i weterynaryjnego, inspektora w dziale organizacji przetarg\u00f3w, referendarza w Ministerstwie lub Urz\u0119dzie Wojew\u00f3dzkim.<\/p>\t\t\t\t\t\t<\/div>\n\t\t\t\t<\/div>\n\t\t\t\t\t<\/div>\n\t\t<\/div>\n\t\t\t\t\t<\/div>\n\t\t<\/section>\n\t\t\t\t<section class=\"elementor-section elementor-top-section elementor-element elementor-element-dbec336 elementor-section-boxed elementor-section-height-default elementor-section-height-default\" data-id=\"dbec336\" data-element_type=\"section\">\n\t\t\t\t\t\t<div class=\"elementor-container elementor-column-gap-default\">\n\t\t\t\t\t<div class=\"elementor-column elementor-col-100 elementor-top-column elementor-element elementor-element-370661d\" data-id=\"370661d\" data-element_type=\"column\">\n\t\t\t<div class=\"elementor-widget-wrap elementor-element-populated\">\n\t\t\t\t\t\t<div class=\"elementor-element elementor-element-ef95d26 elementor--h-position-center elementor--v-position-middle elementor-arrows-position-inside elementor-pagination-position-inside elementor-widget elementor-widget-slides\" data-id=\"ef95d26\" data-element_type=\"widget\" data-settings=\"{&quot;navigation&quot;:&quot;both&quot;,&quot;autoplay&quot;:&quot;yes&quot;,&quot;pause_on_hover&quot;:&quot;yes&quot;,&quot;pause_on_interaction&quot;:&quot;yes&quot;,&quot;autoplay_speed&quot;:5000,&quot;infinite&quot;:&quot;yes&quot;,&quot;transition&quot;:&quot;slide&quot;,&quot;transition_speed&quot;:500}\" data-widget_type=\"slides.default\">\n\t\t\t\t<div class=\"elementor-widget-container\">\n\t\t\t\t\t<div class=\"elementor-swiper\">\n\t\t\t<div class=\"elementor-slides-wrapper elementor-main-swiper swiper\" dir=\"ltr\" data-animation=\"fadeInUp\">\n\t\t\t\t<div class=\"swiper-wrapper elementor-slides\">\n\t\t\t\t\t\t\t\t\t\t<div class=\"elementor-repeater-item-2749875 swiper-slide\"><div class=\"swiper-slide-bg elementor-ken-burns elementor-ken-burns--in\" role=\"img\"><\/div><div class=\"swiper-slide-inner\" ><div class=\"swiper-slide-contents\"><div class=\"elementor-slide-heading\">Zarz\u0105dzanie publiczne<\/div><\/div><\/div><\/div>\t\t\t\t<\/div>\n\t\t\t\t\t\t\t<\/div>\n\t\t<\/div>\n\t\t\t\t<\/div>\n\t\t\t\t<\/div>\n\t\t\t\t\t<\/div>\n\t\t<\/div>\n\t\t\t\t\t<\/div>\n\t\t<\/section>\n\t\t\t\t<section class=\"elementor-section elementor-top-section elementor-element elementor-element-b851638 elementor-section-boxed elementor-section-height-default elementor-section-height-default\" data-id=\"b851638\" data-element_type=\"section\">\n\t\t\t\t\t\t<div class=\"elementor-container elementor-column-gap-default\">\n\t\t\t\t\t<div class=\"elementor-column elementor-col-100 elementor-top-column elementor-element elementor-element-bfee03f\" data-id=\"bfee03f\" data-element_type=\"column\">\n\t\t\t<div class=\"elementor-widget-wrap elementor-element-populated\">\n\t\t\t\t\t\t<div class=\"elementor-element elementor-element-2209f72 elementor-widget elementor-widget-text-editor\" data-id=\"2209f72\" data-element_type=\"widget\" data-widget_type=\"text-editor.default\">\n\t\t\t\t<div class=\"elementor-widget-container\">\n\t\t\t\t\t\t\t<p><strong>Cel studi\u00f3w<\/strong>. Dynamiczny rozw\u00f3j sektora publicznego i spo\u0142ecznego stwarza piln\u0105 potrzeb\u0119 kszta\u0142cenia specjalist\u00f3w, mened\u017cer\u00f3w\/doradc\u00f3w\/konsultant\u00f3w dla potrzeb organizacji sektora publicznego, spo\u0142ecznego i non-profit z po\u0142o\u017ceniem nacisku na dostarczenie wiedzy eksperckiej w dziedzinie zarz\u0105dzania w szeroko rozumianym sektorze publicznym. Celem tej grupy zaj\u0119\u0107 jest m.in. wieloaspektowe rozwijanie umiej\u0119tno\u015bci samodzielnego dzia\u0142ania w organizacjach administracji publicznej i wykorzystywania norm prawnych w praktyce; pog\u0142\u0119bione i rozszerzone zdobycie wiedzy na temat otoczenia dalszego (ze szczeg\u00f3lnym uwzgl\u0119dnieniem czynnik\u00f3w prawnych) i bli\u017cszego danej organizacji publicznej i wp\u0142ywu tego otoczenia na spos\u00f3b funkcjonowania i realizowania zada\u0144 w danej organizacji.<\/p><p><strong>Wybrane przedmioty<\/strong>: transport w polityce rozwoju lokalnego i regionalnego, zarz\u0105dzanie publiczne, finansowanie inwestycji publicznych, funkcjonalne i prawne aspekty zarz\u0105dzania kryzysowego, zasady podzia\u0142u \u015brodk\u00f3w publicznych.<\/p><p><strong>Sylwetka absolwenta<\/strong>. Grupa zaj\u0119\u0107 z zarz\u0105dzania publicznego wzorowana jest na najlepszych modelach program\u00f3w uczelni zagranicznych, dzi\u0119ki czemu spe\u0142nia standardy mi\u0119dzynarodowe. Studia charakteryzuje praktyczne podej\u015bcie do tematu, gdy\u017c zaj\u0119cia prowadz\u0105 praktycy zarz\u0105dzania publicznego, dydaktycy posiadaj\u0105cy wiele do\u015bwiadcze\u0144 praktycznych wynikaj\u0105cych ze wsp\u00f3\u0142pracy z organizacjami sektora publicznego. Absolwenci tej grupy zaj\u0119\u0107 nab\u0119d\u0105 wiedz\u0119 w stopniu pog\u0142\u0119bionym w zakresie sposob\u00f3w funkcjonowania organizacji sektora publicznego, spo\u0142ecznego i non-profit, umiej\u0119tno\u015bci i kompetencje niezb\u0119dne do pracy w organizacjach sektora publicznego. Ponadto student zdob\u0119dzie umiej\u0119tno\u015bci profesjonalnego stosowania procedur zwi\u0105zanych z wykonywaniem zleconych zada\u0144; organizacji pracy i pozyskiwania wiedzy niezb\u0119dnej do wykonania zleconych zada\u0144; sprawnego komunikowania si\u0119 w organizacji; oraz wieloaspektowej wsp\u00f3\u0142pracy w zespole z uwzgl\u0119dnieniem norm etycznych i zdolno\u015bci kooperacyjnych.<\/p><p><strong>Absolwent uzyskuje tytu\u0142 magistra<\/strong> kierunku administracja i jest przygotowany do podj\u0119cia pracy zawodowej lub studi\u00f3w III stopnia <b>(doktoranckich) oraz studi\u00f3w podyplomowych i<\/b><b> innych form kszta\u0142cenia.<\/b><\/p><p><strong>Przyk\u0142adowe miejsce zatrudnienia<\/strong>: urz\u0105d gminy i miasta oraz ich sp\u00f3\u0142ki i jednostki organizacyjne, starostwa powiatowe, urz\u0119dy marsza\u0142kowskie i wojew\u00f3dzkie urz\u0119dy i izby skarbowe, urz\u0119dy i izby celne, instytucje kultury, organizacje pozarz\u0105dowe, jednostki organizacyjne samorz\u0105du terytorialnego, jednostki s\u0142u\u017cby zdrowia.<\/p>\t\t\t\t\t\t<\/div>\n\t\t\t\t<\/div>\n\t\t\t\t\t<\/div>\n\t\t<\/div>\n\t\t\t\t\t<\/div>\n\t\t<\/section>\n\t\t\t\t<section class=\"elementor-section elementor-top-section elementor-element elementor-element-ef87c62 elementor-section-boxed elementor-section-height-default elementor-section-height-default\" data-id=\"ef87c62\" data-element_type=\"section\">\n\t\t\t\t\t\t<div class=\"elementor-container elementor-column-gap-default\">\n\t\t\t\t\t<div class=\"elementor-column elementor-col-100 elementor-top-column elementor-element elementor-element-20c623d\" data-id=\"20c623d\" data-element_type=\"column\">\n\t\t\t<div class=\"elementor-widget-wrap elementor-element-populated\">\n\t\t\t\t\t\t<div class=\"elementor-element elementor-element-6567c21 elementor--h-position-center elementor--v-position-middle elementor-arrows-position-inside elementor-pagination-position-inside elementor-widget elementor-widget-slides\" data-id=\"6567c21\" data-element_type=\"widget\" data-settings=\"{&quot;navigation&quot;:&quot;both&quot;,&quot;autoplay&quot;:&quot;yes&quot;,&quot;pause_on_hover&quot;:&quot;yes&quot;,&quot;pause_on_interaction&quot;:&quot;yes&quot;,&quot;autoplay_speed&quot;:5000,&quot;infinite&quot;:&quot;yes&quot;,&quot;transition&quot;:&quot;slide&quot;,&quot;transition_speed&quot;:500}\" data-widget_type=\"slides.default\">\n\t\t\t\t<div class=\"elementor-widget-container\">\n\t\t\t\t\t<div class=\"elementor-swiper\">\n\t\t\t<div class=\"elementor-slides-wrapper elementor-main-swiper swiper\" dir=\"ltr\" data-animation=\"fadeInUp\">\n\t\t\t\t<div class=\"swiper-wrapper elementor-slides\">\n\t\t\t\t\t\t\t\t\t\t<div class=\"elementor-repeater-item-2749875 swiper-slide\"><div class=\"swiper-slide-bg elementor-ken-burns elementor-ken-burns--in\" role=\"img\"><\/div><div class=\"swiper-slide-inner\" ><div class=\"swiper-slide-contents\"><div class=\"elementor-slide-heading\">Administracja cyfrowa<\/div><\/div><\/div><\/div>\t\t\t\t<\/div>\n\t\t\t\t\t\t\t<\/div>\n\t\t<\/div>\n\t\t\t\t<\/div>\n\t\t\t\t<\/div>\n\t\t\t\t\t<\/div>\n\t\t<\/div>\n\t\t\t\t\t<\/div>\n\t\t<\/section>\n\t\t\t\t<section class=\"elementor-section elementor-top-section elementor-element elementor-element-59eb079 elementor-section-boxed elementor-section-height-default elementor-section-height-default\" data-id=\"59eb079\" data-element_type=\"section\">\n\t\t\t\t\t\t<div class=\"elementor-container elementor-column-gap-default\">\n\t\t\t\t\t<div class=\"elementor-column elementor-col-100 elementor-top-column elementor-element elementor-element-473fa7a\" data-id=\"473fa7a\" data-element_type=\"column\">\n\t\t\t<div class=\"elementor-widget-wrap elementor-element-populated\">\n\t\t\t\t\t\t<div class=\"elementor-element elementor-element-93b4680 elementor-widget elementor-widget-text-editor\" data-id=\"93b4680\" data-element_type=\"widget\" data-widget_type=\"text-editor.default\">\n\t\t\t\t<div class=\"elementor-widget-container\">\n\t\t\t\t\t\t\t<p><strong>Cel studi\u00f3w<\/strong>. Grupa zaj\u0119\u0107 do wyboru administracja cyfrowa daje mo\u017cliwo\u015bci poszerzenia wiedzy i kwalifikacji z zakresu prawa administracyjnego o zagadnienia zwi\u0105zane z dzia\u0142aniami organ\u00f3w administracji publicznej, system\u00f3w i sieci komputerowych, a tak\u017ce dost\u0119pnych us\u0142ug stworzonych dla spo\u0142ecze\u0144stwa, jak r\u00f3wnie\u017c bezpiecze\u0144stwem wewn\u0119trznym. Adresowana jest g\u0142\u00f3wnie do os\u00f3b ju\u017c pracuj\u0105cych w\u00a0administracji publicznej, jak r\u00f3wnie\u017c tych, kt\u00f3re zamierzaj\u0105 ubiega\u0107 si\u0119 o\u00a0stanowisko funkcjonariusza publicznego, szczeg\u00f3lnie do pracownik\u00f3w dzia\u0142\u00f3w i\u00a0kom\u00f3rek zajmuj\u0105cych si\u0119 cyfrowym wymiarem administracji publicznej.<\/p><p><strong>Wybrane przedmioty<\/strong>: elektroniczne zarz\u0105dzanie dokumentacj\u0105, platformy us\u0142ug elektronicznych, organizacja ochrony i bezpiecze\u0144stwa publicznego, prawne zagadnienia e-administracji.<\/p><p><strong>Sylwetka absolwenta<\/strong>. Absolwent posiada wiedz\u0119 i umiej\u0119tno\u015bci zwi\u0105zane z odpowiedzialno\u015bci\u0105 funkcjonariusza publicznego, polityk\u0105 bezpiecze\u0144stwa informacji i administracj\u0105 elektroniczn\u0105. Potrafi formu\u0142owa\u0107 i rozwi\u0105zywa\u0107 z\u0142o\u017cone i nietypowe problemy zwi\u0105zane z bezpiecze\u0144stwem informatycznym oraz wykazywa\u0107 si\u0119 wiedz\u0105 i umiej\u0119tno\u015bciami dotycz\u0105cymi funkcjonowania system\u00f3w elektronicznego zarz\u0105dzania dokumentacj\u0105, elektronicznej archiwizacji, a tak\u017ce podpis\u00f3w elektronicznych. Posiada umiej\u0119tno\u015bci komunikowania si\u0119 z otoczeniem w miejscu pracy z u\u017cyciem specjalistycznej terminologii z wybranego zakresu. Sprawnie pos\u0142uguje si\u0119 dost\u0119pnymi \u015brodkami informacji i aktywnie uczestniczy w pracy grupowej.<\/p><p><strong>Absolwent uzyskuje tytu\u0142 magistra<\/strong> kierunku administracja i jest przygotowany do podj\u0119cia pracy zawodowej lub studi\u00f3w III stopnia (doktoranckich) oraz studi\u00f3w podyplomowych i innych form kszta\u0142cenia.<\/p><p><span style=\"font-weight: normal !msorm;\"><strong>Przyk\u0142adowe miejsce zatrudnienia<\/strong><\/span>: s\u0142u\u017cby mundurowe, wszystkie szczeble administracji rz\u0105dowej, samorz\u0105dowej oraz w sektorze prywatnym.<\/p>\t\t\t\t\t\t<\/div>\n\t\t\t\t<\/div>\n\t\t\t\t\t<\/div>\n\t\t<\/div>\n\t\t\t\t\t<\/div>\n\t\t<\/section>\n\t\t\t\t<section class=\"elementor-section elementor-top-section elementor-element elementor-element-72a3efa elementor-section-boxed elementor-section-height-default elementor-section-height-default\" data-id=\"72a3efa\" data-element_type=\"section\">\n\t\t\t\t\t\t<div class=\"elementor-container elementor-column-gap-default\">\n\t\t\t\t\t<div class=\"elementor-column elementor-col-100 elementor-top-column elementor-element elementor-element-a00d62c\" data-id=\"a00d62c\" data-element_type=\"column\">\n\t\t\t<div class=\"elementor-widget-wrap elementor-element-populated\">\n\t\t\t\t\t\t<div class=\"elementor-element elementor-element-4b87710 elementor--h-position-center elementor--v-position-middle elementor-arrows-position-inside elementor-pagination-position-inside elementor-widget elementor-widget-slides\" data-id=\"4b87710\" data-element_type=\"widget\" data-settings=\"{&quot;navigation&quot;:&quot;both&quot;,&quot;autoplay&quot;:&quot;yes&quot;,&quot;pause_on_hover&quot;:&quot;yes&quot;,&quot;pause_on_interaction&quot;:&quot;yes&quot;,&quot;autoplay_speed&quot;:5000,&quot;infinite&quot;:&quot;yes&quot;,&quot;transition&quot;:&quot;slide&quot;,&quot;transition_speed&quot;:500}\" data-widget_type=\"slides.default\">\n\t\t\t\t<div class=\"elementor-widget-container\">\n\t\t\t\t\t<div class=\"elementor-swiper\">\n\t\t\t<div class=\"elementor-slides-wrapper elementor-main-swiper swiper\" dir=\"ltr\" data-animation=\"fadeInUp\">\n\t\t\t\t<div class=\"swiper-wrapper elementor-slides\">\n\t\t\t\t\t\t\t\t\t\t<div class=\"elementor-repeater-item-2749875 swiper-slide\"><div class=\"swiper-slide-bg elementor-ken-burns elementor-ken-burns--in\" role=\"img\"><\/div><div class=\"swiper-slide-inner\" ><div class=\"swiper-slide-contents\"><div class=\"elementor-slide-heading\">Administracja bezpiecze\u0144stwa wewn\u0119trznego z zarz\u0105dzaniem kryzysowym<\/div><\/div><\/div><\/div>\t\t\t\t<\/div>\n\t\t\t\t\t\t\t<\/div>\n\t\t<\/div>\n\t\t\t\t<\/div>\n\t\t\t\t<\/div>\n\t\t\t\t\t<\/div>\n\t\t<\/div>\n\t\t\t\t\t<\/div>\n\t\t<\/section>\n\t\t\t\t<section class=\"elementor-section elementor-top-section elementor-element elementor-element-fdcd1a3 elementor-section-boxed elementor-section-height-default elementor-section-height-default\" data-id=\"fdcd1a3\" data-element_type=\"section\">\n\t\t\t\t\t\t<div class=\"elementor-container elementor-column-gap-default\">\n\t\t\t\t\t<div class=\"elementor-column elementor-col-100 elementor-top-column elementor-element elementor-element-da65335\" data-id=\"da65335\" data-element_type=\"column\">\n\t\t\t<div class=\"elementor-widget-wrap elementor-element-populated\">\n\t\t\t\t\t\t<div class=\"elementor-element elementor-element-271e2a3 elementor-widget elementor-widget-text-editor\" data-id=\"271e2a3\" data-element_type=\"widget\" data-widget_type=\"text-editor.default\">\n\t\t\t\t<div class=\"elementor-widget-container\">\n\t\t\t\t\t\t\t<p><strong>Cel studi\u00f3w<\/strong>. Wybieraj\u0105c grup\u0119 zaj\u0119\u0107 w zakresie administracji bezpiecze\u0144stwa wewn\u0119trznego z zarz\u0105dzaniem kryzysowym student uzyska kwalifikacje wymagane od specjalist\u00f3w do spraw bezpiecze\u0144stwa, porz\u0105dku publicznego i zarz\u0105dzania w sytuacjach kryzysowych oraz stanach nadzwyczajnych, zatrudnionych w aparacie pomocniczym organ\u00f3w pa\u0144stwowych. Studia\u00a0w tym zakresie zaj\u0119\u0107 przyczyni\u0105 si\u0119 do pog\u0142\u0119bionego i rozszerzonego zdobycia praktycznych umiej\u0119tno\u015bci diagnozowania i rozwi\u0105zywania problem\u00f3w administracji publicznej ukierunkowanej na gwarantowanie bezpiecze\u0144stwa wewn\u0119trznego kraju.<\/p><p>W trakcie studi\u00f3w studenci tej grupy zaj\u0119\u0107 uzyskuj\u0105 wiedz\u0119 zar\u00f3wno z zakresu bezpiecze\u0144stwa wewn\u0119trznego jak i ze specyfiki zarz\u0105dzania kryzysowego, ze szczeg\u00f3lnym uwzgl\u0119dnieniem funkcji planowania, aspekt\u00f3w funkcjonalno-prawnych i logistycznych zarz\u0105dzania kryzysowego, struktur zarz\u0105dzania kryzysowego i podzia\u0142u kompetencji organ\u00f3w za to opowiedzialnych, wsparcia teleinformatycznego dzia\u0142a\u0144 zarz\u0105dzania kryzysowego.<\/p><p><strong>Wybrane przedmioty<\/strong>: organizacja ochrony i bezpiecze\u0144stwa publicznego, funkcjonalne i prawne aspekty zarz\u0105dzania kryzysowego, ochrona os\u00f3b, mienia, obiekt\u00f3w i przestrzeni, organizacja i zarz\u0105dzanie w s\u0142u\u017cbach ochrony bezpiecze\u0144stwa wewn\u0119trznego, zarz\u0105dzanie publiczne.<\/p><p><strong>Sylwetka absolwenta<\/strong>. Absolwent tej grupy zaj\u0119\u0107 b\u0119dzie przygotowany w szczeg\u00f3lno\u015bci do wykonywania zada\u0144 typowych dla s\u0142u\u017cb odpowiedzialnych za bezpiecze\u0144stwo i \u0142ad publiczny. B\u0119dzie r\u00f3wnie\u017c posiada\u0142 wiedz\u0119 i umiej\u0119tno\u015bci niezb\u0119dne do formu\u0142owania i rozwi\u0105zywania z\u0142o\u017conych i nietypowych problem\u00f3w zw. z zarz\u0105dzaniem kryzysowym oraz wykonywaniem zada\u0144 w warunkach nie w pe\u0142ni przewidywalnych. Student pozna i zrozumie zewn\u0119trzne i wewn\u0119trzne warunki funkcjonowania organizacji i podmiot\u00f3w odpowiadaj\u0105cych za bezpiecze\u0144stwo publiczne z kt\u00f3rymi ta organizacja wsp\u00f3\u0142pracuje. Innymi s\u0142owy, absolwent pozna specyfik\u0119 realizacji zada\u0144 administracji w dziedzinie bezpiecze\u0144stwa wewn\u0119trznego, a tak\u017ce funkcjonowania instytucji ochrony bezpiecze\u0144stwa i porz\u0105dku publicznego. Wybieraj\u0105c zaj\u0119cia z administracji bezpiecze\u0144stwa wewn\u0119trznego z zarz\u0105dzaniem kryzysowym student zdob\u0119dzie specjalistyczn\u0105 wiedz\u0119 z zakresu zarz\u0105dzania kryzysowego oraz kompetencje w obszarze zarz\u0105dzania w instytucjach bezpiecze\u0144stwa wewn\u0119trznego, a tak\u017ce opanuje podstawowe zasady i procedury, podejmowane w razie zagro\u017ce\u0144 i katastrof, m.in. w celu umo\u017cliwienia skutecznej komunikacji w trakcie dzia\u0142a\u0144 podejmowanych przed, w trakcie i po zaistnieniu kryzysu.<\/p><p><strong>Absolwent uzyskuje tytu\u0142 magistra<\/strong> kierunku administracja i jest przygotowany do podj\u0119cia pracy zawodowej lub studi\u00f3w III stopnia (doktoranckich) oraz studi\u00f3w podyplomowych i innych form kszta\u0142cenia.<\/p><p><strong>Przyk\u0142adowe miejsce zatrudnienia<\/strong>: s\u0142u\u017cby pa\u0144stwowe i instytucje odpowiedzialne za bezpiecze\u0144stwo wewn\u0119trzne pa\u0144stwa np.: Policja, Stra\u017c Graniczna, Agencja Bezpiecze\u0144stwa Wewn\u0119trznego, Centralne Biuro Antykorupcyjne, S\u0142u\u017cba Celno-Skarbowa. Organy i s\u0142u\u017cby odpowiedzialne za bezpiecze\u0144stwo powszechne oraz zespo\u0142y ds. reagowania kryzysowego np.: Pa\u0144stwowa Stra\u017c Po\u017carna, Wojsko Polskie, Biuro Bezpiecze\u0144stwa Narodowego oraz Wojew\u00f3dzkie\/ Powiatowe\/ Gminne Centrum Zarz\u0105dzania Kryzysowego.<\/p>\t\t\t\t\t\t<\/div>\n\t\t\t\t<\/div>\n\t\t\t\t\t<\/div>\n\t\t<\/div>\n\t\t\t\t\t<\/div>\n\t\t<\/section>\n\t\t\t\t<\/div>\n\t\t","protected":false},"excerpt":{"rendered":"<p>ADMINISTRACJA Administracja &#8211; studia I Odkryj kierunek dla przysz\u0142ych specjalist\u00f3w w dziedzinie administracji Kluczowym celem kszta\u0142cenia na kierunku administracja I stopnia jest przygotowanie studenta do odpowiedzialnego pe\u0142nienia r\u00f3l zawodowych zwi\u0105zanych m.in. z zadaniami publicznymi, realizowanymi przede wszystkim na r\u00f3\u017cnych poziomach administracji rz\u0105dowej, samorz\u0105dowej b\u0105d\u017a prywatnej, sprawnego pos\u0142ugiwania si\u0119 metodami i narz\u0119dziami wykorzystywanymi w naukach prawnych, [&hellip;]<\/p>\n","protected":false},"author":2,"featured_media":0,"parent":282,"menu_order":0,"comment_status":"closed","ping_status":"closed","template":"elementor_header_footer","meta":{"ocean_post_layout":"","ocean_both_sidebars_style":"","ocean_both_sidebars_content_width":0,"ocean_both_sidebars_sidebars_width":0,"ocean_sidebar":"0","ocean_second_sidebar":"0","ocean_disable_margins":"enable","ocean_add_body_class":"","ocean_shortcode_before_top_bar":"","ocean_shortcode_after_top_bar":"","ocean_shortcode_before_header":"","ocean_shortcode_after_header":"","ocean_has_shortcode":"","ocean_shortcode_after_title":"","ocean_shortcode_before_footer_widgets":"","ocean_shortcode_after_footer_widgets":"","ocean_shortcode_before_footer_bottom":"","ocean_shortcode_after_footer_bottom":"","ocean_display_top_bar":"default","ocean_display_header":"default","ocean_header_style":"","ocean_center_header_left_menu":"0","ocean_custom_header_template":"0","ocean_custom_logo":0,"ocean_custom_retina_logo":0,"ocean_custom_logo_max_width":0,"ocean_custom_logo_tablet_max_width":0,"ocean_custom_logo_mobile_max_width":0,"ocean_custom_logo_max_height":0,"ocean_custom_logo_tablet_max_height":0,"ocean_custom_logo_mobile_max_height":0,"ocean_header_custom_menu":"0","ocean_menu_typo_font_family":"0","ocean_menu_typo_font_subset":"","ocean_menu_typo_font_size":0,"ocean_menu_typo_font_size_tablet":0,"ocean_menu_typo_font_size_mobile":0,"ocean_menu_typo_font_size_unit":"px","ocean_menu_typo_font_weight":"","ocean_menu_typo_font_weight_tablet":"","ocean_menu_typo_font_weight_mobile":"","ocean_menu_typo_transform":"","ocean_menu_typo_transform_tablet":"","ocean_menu_typo_transform_mobile":"","ocean_menu_typo_line_height":0,"ocean_menu_typo_line_height_tablet":0,"ocean_menu_typo_line_height_mobile":0,"ocean_menu_typo_line_height_unit":"","ocean_menu_typo_spacing":0,"ocean_menu_typo_spacing_tablet":0,"ocean_menu_typo_spacing_mobile":0,"ocean_menu_typo_spacing_unit":"","ocean_menu_link_color":"","ocean_menu_link_color_hover":"","ocean_menu_link_color_active":"","ocean_menu_link_background":"","ocean_menu_link_hover_background":"","ocean_menu_link_active_background":"","ocean_menu_social_links_bg":"","ocean_menu_social_hover_links_bg":"","ocean_menu_social_links_color":"","ocean_menu_social_hover_links_color":"","ocean_disable_title":"default","ocean_disable_heading":"default","ocean_post_title":"","ocean_post_subheading":"","ocean_post_title_style":"","ocean_post_title_background_color":"","ocean_post_title_background":0,"ocean_post_title_bg_image_position":"","ocean_post_title_bg_image_attachment":"","ocean_post_title_bg_image_repeat":"","ocean_post_title_bg_image_size":"","ocean_post_title_height":0,"ocean_post_title_bg_overlay":0.5,"ocean_post_title_bg_overlay_color":"","ocean_disable_breadcrumbs":"default","ocean_breadcrumbs_color":"","ocean_breadcrumbs_separator_color":"","ocean_breadcrumbs_links_color":"","ocean_breadcrumbs_links_hover_color":"","ocean_display_footer_widgets":"default","ocean_display_footer_bottom":"default","ocean_custom_footer_template":"0","footnotes":""},"class_list":["post-481","page","type-page","status-publish","hentry","entry"],"yoast_head":"<!-- This site is optimized with the Yoast SEO plugin v23.7 - https:\/\/yoast.com\/wordpress\/plugins\/seo\/ -->\n<title>Administracja studia licencjackie zaoczne w Elbl\u0105gu - AMISNS<\/title>\n<meta name=\"robots\" content=\"noindex, follow, max-snippet:-1, max-image-preview:large, max-video-preview:-1\" \/>\n<meta property=\"og:locale\" content=\"pl_PL\" \/>\n<meta property=\"og:type\" content=\"article\" \/>\n<meta property=\"og:title\" content=\"Administracja studia licencjackie zaoczne w Elbl\u0105gu - AMISNS\" \/>\n<meta property=\"og:description\" content=\"ADMINISTRACJA Administracja &#8211; studia I Odkryj kierunek dla przysz\u0142ych specjalist\u00f3w w dziedzinie administracji Kluczowym celem kszta\u0142cenia na kierunku administracja I stopnia jest przygotowanie studenta do odpowiedzialnego pe\u0142nienia r\u00f3l zawodowych zwi\u0105zanych m.in. z zadaniami publicznymi, realizowanymi przede wszystkim na r\u00f3\u017cnych poziomach administracji rz\u0105dowej, samorz\u0105dowej b\u0105d\u017a prywatnej, sprawnego pos\u0142ugiwania si\u0119 metodami i narz\u0119dziami wykorzystywanymi w naukach prawnych, [&hellip;]\" \/>\n<meta property=\"og:url\" content=\"https:\/\/amisns.edu.pl\/stara-wersja\/homepage\/wydzialy\/wydzial-administracji-i-nauk-spolecznych\/administracja\/\" \/>\n<meta property=\"og:site_name\" content=\"AMISNS\" \/>\n<meta property=\"article:publisher\" content=\"https:\/\/www.facebook.com\/AMiSNSElblag\" \/>\n<meta property=\"article:modified_time\" content=\"2024-07-25T08:00:55+00:00\" \/>\n<meta name=\"twitter:card\" content=\"summary_large_image\" \/>\n<meta name=\"twitter:label1\" content=\"Szacowany czas czytania\" \/>\n\t<meta name=\"twitter:data1\" content=\"27 minut\" \/>\n<script type=\"application\/ld+json\" class=\"yoast-schema-graph\">{\"@context\":\"https:\/\/schema.org\",\"@graph\":[{\"@type\":\"WebPage\",\"@id\":\"https:\/\/amisns.edu.pl\/stara-wersja\/homepage\/wydzialy\/wydzial-administracji-i-nauk-spolecznych\/administracja\/\",\"url\":\"https:\/\/amisns.edu.pl\/stara-wersja\/homepage\/wydzialy\/wydzial-administracji-i-nauk-spolecznych\/administracja\/\",\"name\":\"Administracja studia licencjackie zaoczne w Elbl\u0105gu - AMISNS\",\"isPartOf\":{\"@id\":\"https:\/\/amisns.edu.pl\/stara-wersja\/stara-wersja\/#website\"},\"datePublished\":\"2022-11-08T20:13:02+00:00\",\"dateModified\":\"2024-07-25T08:00:55+00:00\",\"breadcrumb\":{\"@id\":\"https:\/\/amisns.edu.pl\/stara-wersja\/homepage\/wydzialy\/wydzial-administracji-i-nauk-spolecznych\/administracja\/#breadcrumb\"},\"inLanguage\":\"pl-PL\",\"potentialAction\":[{\"@type\":\"ReadAction\",\"target\":[\"https:\/\/amisns.edu.pl\/stara-wersja\/homepage\/wydzialy\/wydzial-administracji-i-nauk-spolecznych\/administracja\/\"]}]},{\"@type\":\"BreadcrumbList\",\"@id\":\"https:\/\/amisns.edu.pl\/stara-wersja\/homepage\/wydzialy\/wydzial-administracji-i-nauk-spolecznych\/administracja\/#breadcrumb\",\"itemListElement\":[{\"@type\":\"ListItem\",\"position\":1,\"name\":\"Strona g\u0142\u00f3wna\",\"item\":\"https:\/\/amisns.edu.pl\/stara-wersja\/\"},{\"@type\":\"ListItem\",\"position\":2,\"name\":\"Homepage\",\"item\":\"https:\/\/amisns.edu.pl\/stara-wersja\/\"},{\"@type\":\"ListItem\",\"position\":3,\"name\":\"Wydzia\u0142y\",\"item\":\"https:\/\/amisns.edu.pl\/stara-wersja\/homepage\/wydzialy\/\"},{\"@type\":\"ListItem\",\"position\":4,\"name\":\"Wydzia\u0142 Administracji i Nauk Spo\u0142ecznych\",\"item\":\"https:\/\/amisns.edu.pl\/stara-wersja\/homepage\/wydzialy\/wydzial-administracji-i-nauk-spolecznych\/\"},{\"@type\":\"ListItem\",\"position\":5,\"name\":\"Administracja\"}]},{\"@type\":\"WebSite\",\"@id\":\"https:\/\/amisns.edu.pl\/stara-wersja\/stara-wersja\/#website\",\"url\":\"https:\/\/amisns.edu.pl\/stara-wersja\/stara-wersja\/\",\"name\":\"AMISNS\",\"description\":\"Akademia Medycznych i Spo\u0142ecznych nauk stosowanych\",\"publisher\":{\"@id\":\"https:\/\/amisns.edu.pl\/stara-wersja\/stara-wersja\/#organization\"},\"potentialAction\":[{\"@type\":\"SearchAction\",\"target\":{\"@type\":\"EntryPoint\",\"urlTemplate\":\"https:\/\/amisns.edu.pl\/stara-wersja\/stara-wersja\/?s={search_term_string}\"},\"query-input\":{\"@type\":\"PropertyValueSpecification\",\"valueRequired\":true,\"valueName\":\"search_term_string\"}}],\"inLanguage\":\"pl-PL\"},{\"@type\":\"Organization\",\"@id\":\"https:\/\/amisns.edu.pl\/stara-wersja\/stara-wersja\/#organization\",\"name\":\"AMISNS\",\"url\":\"https:\/\/amisns.edu.pl\/stara-wersja\/stara-wersja\/\",\"logo\":{\"@type\":\"ImageObject\",\"inLanguage\":\"pl-PL\",\"@id\":\"https:\/\/amisns.edu.pl\/stara-wersja\/stara-wersja\/#\/schema\/logo\/image\/\",\"url\":\"https:\/\/amisns.edu.pl\/stara-wersja\/wp-content\/uploads\/2022\/12\/Znak-AMiSNS-na-strone-www-4k.png\",\"contentUrl\":\"https:\/\/amisns.edu.pl\/stara-wersja\/wp-content\/uploads\/2022\/12\/Znak-AMiSNS-na-strone-www-4k.png\",\"width\":1920,\"height\":523,\"caption\":\"AMISNS\"},\"image\":{\"@id\":\"https:\/\/amisns.edu.pl\/stara-wersja\/stara-wersja\/#\/schema\/logo\/image\/\"},\"sameAs\":[\"https:\/\/www.facebook.com\/AMiSNSElblag\"]}]}<\/script>\n<!-- \/ Yoast SEO plugin. -->","yoast_head_json":{"title":"Administracja studia licencjackie zaoczne w Elbl\u0105gu - AMISNS","robots":{"index":"noindex","follow":"follow","max-snippet":"max-snippet:-1","max-image-preview":"max-image-preview:large","max-video-preview":"max-video-preview:-1"},"og_locale":"pl_PL","og_type":"article","og_title":"Administracja studia licencjackie zaoczne w Elbl\u0105gu - AMISNS","og_description":"ADMINISTRACJA Administracja &#8211; studia I Odkryj kierunek dla przysz\u0142ych specjalist\u00f3w w dziedzinie administracji Kluczowym celem kszta\u0142cenia na kierunku administracja I stopnia jest przygotowanie studenta do odpowiedzialnego pe\u0142nienia r\u00f3l zawodowych zwi\u0105zanych m.in. z zadaniami publicznymi, realizowanymi przede wszystkim na r\u00f3\u017cnych poziomach administracji rz\u0105dowej, samorz\u0105dowej b\u0105d\u017a prywatnej, sprawnego pos\u0142ugiwania si\u0119 metodami i narz\u0119dziami wykorzystywanymi w naukach prawnych, [&hellip;]","og_url":"https:\/\/amisns.edu.pl\/stara-wersja\/homepage\/wydzialy\/wydzial-administracji-i-nauk-spolecznych\/administracja\/","og_site_name":"AMISNS","article_publisher":"https:\/\/www.facebook.com\/AMiSNSElblag","article_modified_time":"2024-07-25T08:00:55+00:00","twitter_card":"summary_large_image","twitter_misc":{"Szacowany czas czytania":"27 minut"},"schema":{"@context":"https:\/\/schema.org","@graph":[{"@type":"WebPage","@id":"https:\/\/amisns.edu.pl\/stara-wersja\/homepage\/wydzialy\/wydzial-administracji-i-nauk-spolecznych\/administracja\/","url":"https:\/\/amisns.edu.pl\/stara-wersja\/homepage\/wydzialy\/wydzial-administracji-i-nauk-spolecznych\/administracja\/","name":"Administracja studia licencjackie zaoczne w Elbl\u0105gu - AMISNS","isPartOf":{"@id":"https:\/\/amisns.edu.pl\/stara-wersja\/stara-wersja\/#website"},"datePublished":"2022-11-08T20:13:02+00:00","dateModified":"2024-07-25T08:00:55+00:00","breadcrumb":{"@id":"https:\/\/amisns.edu.pl\/stara-wersja\/homepage\/wydzialy\/wydzial-administracji-i-nauk-spolecznych\/administracja\/#breadcrumb"},"inLanguage":"pl-PL","potentialAction":[{"@type":"ReadAction","target":["https:\/\/amisns.edu.pl\/stara-wersja\/homepage\/wydzialy\/wydzial-administracji-i-nauk-spolecznych\/administracja\/"]}]},{"@type":"BreadcrumbList","@id":"https:\/\/amisns.edu.pl\/stara-wersja\/homepage\/wydzialy\/wydzial-administracji-i-nauk-spolecznych\/administracja\/#breadcrumb","itemListElement":[{"@type":"ListItem","position":1,"name":"Strona g\u0142\u00f3wna","item":"https:\/\/amisns.edu.pl\/stara-wersja\/"},{"@type":"ListItem","position":2,"name":"Homepage","item":"https:\/\/amisns.edu.pl\/stara-wersja\/"},{"@type":"ListItem","position":3,"name":"Wydzia\u0142y","item":"https:\/\/amisns.edu.pl\/stara-wersja\/homepage\/wydzialy\/"},{"@type":"ListItem","position":4,"name":"Wydzia\u0142 Administracji i Nauk Spo\u0142ecznych","item":"https:\/\/amisns.edu.pl\/stara-wersja\/homepage\/wydzialy\/wydzial-administracji-i-nauk-spolecznych\/"},{"@type":"ListItem","position":5,"name":"Administracja"}]},{"@type":"WebSite","@id":"https:\/\/amisns.edu.pl\/stara-wersja\/stara-wersja\/#website","url":"https:\/\/amisns.edu.pl\/stara-wersja\/stara-wersja\/","name":"AMISNS","description":"Akademia Medycznych i Spo\u0142ecznych nauk stosowanych","publisher":{"@id":"https:\/\/amisns.edu.pl\/stara-wersja\/stara-wersja\/#organization"},"potentialAction":[{"@type":"SearchAction","target":{"@type":"EntryPoint","urlTemplate":"https:\/\/amisns.edu.pl\/stara-wersja\/stara-wersja\/?s={search_term_string}"},"query-input":{"@type":"PropertyValueSpecification","valueRequired":true,"valueName":"search_term_string"}}],"inLanguage":"pl-PL"},{"@type":"Organization","@id":"https:\/\/amisns.edu.pl\/stara-wersja\/stara-wersja\/#organization","name":"AMISNS","url":"https:\/\/amisns.edu.pl\/stara-wersja\/stara-wersja\/","logo":{"@type":"ImageObject","inLanguage":"pl-PL","@id":"https:\/\/amisns.edu.pl\/stara-wersja\/stara-wersja\/#\/schema\/logo\/image\/","url":"https:\/\/amisns.edu.pl\/stara-wersja\/wp-content\/uploads\/2022\/12\/Znak-AMiSNS-na-strone-www-4k.png","contentUrl":"https:\/\/amisns.edu.pl\/stara-wersja\/wp-content\/uploads\/2022\/12\/Znak-AMiSNS-na-strone-www-4k.png","width":1920,"height":523,"caption":"AMISNS"},"image":{"@id":"https:\/\/amisns.edu.pl\/stara-wersja\/stara-wersja\/#\/schema\/logo\/image\/"},"sameAs":["https:\/\/www.facebook.com\/AMiSNSElblag"]}]}},"_links":{"self":[{"href":"https:\/\/amisns.edu.pl\/stara-wersja\/wp-json\/wp\/v2\/pages\/481"}],"collection":[{"href":"https:\/\/amisns.edu.pl\/stara-wersja\/wp-json\/wp\/v2\/pages"}],"about":[{"href":"https:\/\/amisns.edu.pl\/stara-wersja\/wp-json\/wp\/v2\/types\/page"}],"author":[{"embeddable":true,"href":"https:\/\/amisns.edu.pl\/stara-wersja\/wp-json\/wp\/v2\/users\/2"}],"replies":[{"embeddable":true,"href":"https:\/\/amisns.edu.pl\/stara-wersja\/wp-json\/wp\/v2\/comments?post=481"}],"version-history":[{"count":89,"href":"https:\/\/amisns.edu.pl\/stara-wersja\/wp-json\/wp\/v2\/pages\/481\/revisions"}],"predecessor-version":[{"id":23711,"href":"https:\/\/amisns.edu.pl\/stara-wersja\/wp-json\/wp\/v2\/pages\/481\/revisions\/23711"}],"up":[{"embeddable":true,"href":"https:\/\/amisns.edu.pl\/stara-wersja\/wp-json\/wp\/v2\/pages\/282"}],"wp:attachment":[{"href":"https:\/\/amisns.edu.pl\/stara-wersja\/wp-json\/wp\/v2\/media?parent=481"}],"curies":[{"name":"wp","href":"https:\/\/api.w.org\/{rel}","templated":true}]}}