{"id":522,"date":"2022-11-09T11:55:03","date_gmt":"2022-11-09T11:55:03","guid":{"rendered":"http:\/\/wordpress2247503.home.pl\/public_html\/amisns.edu.pl\/?page_id=522"},"modified":"2024-05-23T12:09:20","modified_gmt":"2024-05-23T11:09:20","slug":"pedagogika","status":"publish","type":"page","link":"https:\/\/amisns.edu.pl\/stara-wersja\/homepage\/wydzialy\/wydzial-administracji-i-nauk-spolecznych\/pedagogika\/","title":{"rendered":"Pedagogika"},"content":{"rendered":"\t\t<div data-elementor-type=\"wp-page\" data-elementor-id=\"522\" class=\"elementor elementor-522\" data-elementor-post-type=\"page\">\n\t\t\t\t\t\t<section class=\"elementor-section elementor-top-section elementor-element elementor-element-47a6dd4 elementor-section-boxed elementor-section-height-default elementor-section-height-default\" data-id=\"47a6dd4\" data-element_type=\"section\">\n\t\t\t\t\t\t<div class=\"elementor-container elementor-column-gap-default\">\n\t\t\t\t\t<div class=\"elementor-column elementor-col-100 elementor-top-column elementor-element elementor-element-ff38c85\" data-id=\"ff38c85\" data-element_type=\"column\">\n\t\t\t<div class=\"elementor-widget-wrap elementor-element-populated\">\n\t\t\t\t\t\t<div class=\"elementor-element elementor-element-e40b044 elementor-widget elementor-widget-template\" data-id=\"e40b044\" data-element_type=\"widget\" data-widget_type=\"template.default\">\n\t\t\t\t<div class=\"elementor-widget-container\">\n\t\t\t\t\t<div class=\"elementor-template\">\n\t\t\t\t\t<div data-elementor-type=\"section\" data-elementor-id=\"1711\" class=\"elementor elementor-1711\" data-elementor-post-type=\"elementor_library\">\n\t\t\t\t\t<section class=\"elementor-section elementor-top-section elementor-element elementor-element-3e292e79 elementor-section-boxed elementor-section-height-default elementor-section-height-default\" data-id=\"3e292e79\" data-element_type=\"section\">\n\t\t\t\t\t\t<div class=\"elementor-container elementor-column-gap-default\">\n\t\t\t\t\t<div class=\"elementor-column elementor-col-100 elementor-top-column elementor-element elementor-element-7c07ba61\" data-id=\"7c07ba61\" data-element_type=\"column\">\n\t\t\t<div class=\"elementor-widget-wrap elementor-element-populated\">\n\t\t\t\t\t\t<div class=\"elementor-element elementor-element-ec63c83 elementor-nav-menu__align-center elementor-nav-menu--dropdown-mobile elementor-nav-menu__text-align-aside elementor-nav-menu--toggle elementor-nav-menu--burger elementor-widget elementor-widget-nav-menu\" data-id=\"ec63c83\" data-element_type=\"widget\" data-settings=\"{&quot;layout&quot;:&quot;horizontal&quot;,&quot;submenu_icon&quot;:{&quot;value&quot;:&quot;&lt;i class=\\&quot;fas fa-caret-down\\&quot;&gt;&lt;\\\/i&gt;&quot;,&quot;library&quot;:&quot;fa-solid&quot;},&quot;toggle&quot;:&quot;burger&quot;}\" data-widget_type=\"nav-menu.default\">\n\t\t\t\t<div class=\"elementor-widget-container\">\n\t\t\t\t\t\t<nav aria-label=\"Menu\" class=\"elementor-nav-menu--main elementor-nav-menu__container elementor-nav-menu--layout-horizontal e--pointer-underline e--animation-fade\">\n\t\t\t\t<ul id=\"menu-1-ec63c83\" class=\"elementor-nav-menu\"><li class=\"menu-item menu-item-type-post_type menu-item-object-page menu-item-490\"><a href=\"https:\/\/amisns.edu.pl\/stara-wersja\/homepage\/wydzialy\/wydzial-administracji-i-nauk-spolecznych\/administracja\/\" class=\"elementor-item\">Administracja<\/a><\/li>\n<li class=\"menu-item menu-item-type-post_type menu-item-object-page menu-item-530\"><a href=\"https:\/\/amisns.edu.pl\/stara-wersja\/homepage\/wydzialy\/wydzial-administracji-i-nauk-spolecznych\/pedagogika\/\" class=\"elementor-item\">Pedagogika<\/a><\/li>\n<li class=\"menu-item menu-item-type-post_type menu-item-object-page menu-item-531\"><a href=\"https:\/\/amisns.edu.pl\/stara-wersja\/homepage\/wydzialy\/wydzial-administracji-i-nauk-spolecznych\/psychologia\/\" class=\"elementor-item\">Psychologia<\/a><\/li>\n<li class=\"menu-item menu-item-type-post_type menu-item-object-page menu-item-532\"><a href=\"https:\/\/amisns.edu.pl\/stara-wersja\/homepage\/wydzialy\/wydzial-administracji-i-nauk-spolecznych\/zarzadzanie\/\" class=\"elementor-item\">Zarz\u0105dzanie<\/a><\/li>\n<li class=\"menu-item menu-item-type-post_type menu-item-object-page menu-item-533\"><a href=\"https:\/\/amisns.edu.pl\/stara-wersja\/homepage\/wydzialy\/wydzial-administracji-i-nauk-spolecznych\/bezpieczenstwo-wewnetrzne\/\" class=\"elementor-item\">Bezpiecze\u0144stwo wewn\u0119trzne<\/a><\/li>\n<\/ul>\t\t\t<\/nav>\n\t\t\t\t\t<div class=\"elementor-menu-toggle\" role=\"button\" tabindex=\"0\" aria-label=\"Menu Toggle\" aria-expanded=\"false\">\n\t\t\t<i aria-hidden=\"true\" role=\"presentation\" class=\"elementor-menu-toggle__icon--open eicon-menu-bar\"><\/i><i aria-hidden=\"true\" role=\"presentation\" class=\"elementor-menu-toggle__icon--close eicon-close\"><\/i>\t\t\t<span class=\"elementor-screen-only\">Menu<\/span>\n\t\t<\/div>\n\t\t\t\t\t<nav class=\"elementor-nav-menu--dropdown elementor-nav-menu__container\" aria-hidden=\"true\">\n\t\t\t\t<ul id=\"menu-2-ec63c83\" class=\"elementor-nav-menu\"><li class=\"menu-item menu-item-type-post_type menu-item-object-page menu-item-490\"><a href=\"https:\/\/amisns.edu.pl\/stara-wersja\/homepage\/wydzialy\/wydzial-administracji-i-nauk-spolecznych\/administracja\/\" class=\"elementor-item\" tabindex=\"-1\">Administracja<\/a><\/li>\n<li class=\"menu-item menu-item-type-post_type menu-item-object-page menu-item-530\"><a href=\"https:\/\/amisns.edu.pl\/stara-wersja\/homepage\/wydzialy\/wydzial-administracji-i-nauk-spolecznych\/pedagogika\/\" class=\"elementor-item\" tabindex=\"-1\">Pedagogika<\/a><\/li>\n<li class=\"menu-item menu-item-type-post_type menu-item-object-page menu-item-531\"><a href=\"https:\/\/amisns.edu.pl\/stara-wersja\/homepage\/wydzialy\/wydzial-administracji-i-nauk-spolecznych\/psychologia\/\" class=\"elementor-item\" tabindex=\"-1\">Psychologia<\/a><\/li>\n<li class=\"menu-item menu-item-type-post_type menu-item-object-page menu-item-532\"><a href=\"https:\/\/amisns.edu.pl\/stara-wersja\/homepage\/wydzialy\/wydzial-administracji-i-nauk-spolecznych\/zarzadzanie\/\" class=\"elementor-item\" tabindex=\"-1\">Zarz\u0105dzanie<\/a><\/li>\n<li class=\"menu-item menu-item-type-post_type menu-item-object-page menu-item-533\"><a href=\"https:\/\/amisns.edu.pl\/stara-wersja\/homepage\/wydzialy\/wydzial-administracji-i-nauk-spolecznych\/bezpieczenstwo-wewnetrzne\/\" class=\"elementor-item\" tabindex=\"-1\">Bezpiecze\u0144stwo wewn\u0119trzne<\/a><\/li>\n<\/ul>\t\t\t<\/nav>\n\t\t\t\t<\/div>\n\t\t\t\t<\/div>\n\t\t\t\t\t<\/div>\n\t\t<\/div>\n\t\t\t\t\t<\/div>\n\t\t<\/section>\n\t\t\t\t<\/div>\n\t\t\t\t<\/div>\n\t\t\t\t<\/div>\n\t\t\t\t<\/div>\n\t\t\t\t\t<\/div>\n\t\t<\/div>\n\t\t\t\t\t<\/div>\n\t\t<\/section>\n\t\t\t\t<section class=\"elementor-section elementor-top-section elementor-element elementor-element-7020c9b elementor-section-full_width elementor-section-height-default elementor-section-height-default\" data-id=\"7020c9b\" data-element_type=\"section\">\n\t\t\t\t\t\t<div class=\"elementor-container elementor-column-gap-default\">\n\t\t\t\t\t<div class=\"elementor-column elementor-col-100 elementor-top-column elementor-element elementor-element-c58a8ad\" data-id=\"c58a8ad\" data-element_type=\"column\">\n\t\t\t<div class=\"elementor-widget-wrap elementor-element-populated\">\n\t\t\t\t\t\t<div class=\"elementor-element elementor-element-a4f4ae3 elementor--h-position-center elementor--v-position-middle elementor-arrows-position-inside elementor-pagination-position-inside elementor-widget elementor-widget-slides\" data-id=\"a4f4ae3\" data-element_type=\"widget\" data-settings=\"{&quot;navigation&quot;:&quot;both&quot;,&quot;autoplay&quot;:&quot;yes&quot;,&quot;pause_on_hover&quot;:&quot;yes&quot;,&quot;pause_on_interaction&quot;:&quot;yes&quot;,&quot;autoplay_speed&quot;:5000,&quot;infinite&quot;:&quot;yes&quot;,&quot;transition&quot;:&quot;slide&quot;,&quot;transition_speed&quot;:500}\" data-widget_type=\"slides.default\">\n\t\t\t\t<div class=\"elementor-widget-container\">\n\t\t\t\t\t<div class=\"elementor-swiper\">\n\t\t\t<div class=\"elementor-slides-wrapper elementor-main-swiper swiper\" dir=\"ltr\" data-animation=\"fadeInUp\">\n\t\t\t\t<div class=\"swiper-wrapper elementor-slides\">\n\t\t\t\t\t\t\t\t\t\t<div class=\"elementor-repeater-item-040f7df swiper-slide\"><div class=\"swiper-slide-bg elementor-ken-burns elementor-ken-burns--in\" role=\"img\"><\/div><div class=\"swiper-slide-inner\" ><div class=\"swiper-slide-contents\"><div class=\"elementor-slide-heading\">PEDAGOGIKA<\/div><\/div><\/div><\/div>\t\t\t\t<\/div>\n\t\t\t\t\t\t\t<\/div>\n\t\t<\/div>\n\t\t\t\t<\/div>\n\t\t\t\t<\/div>\n\t\t\t\t\t<\/div>\n\t\t<\/div>\n\t\t\t\t\t<\/div>\n\t\t<\/section>\n\t\t\t\t<section class=\"elementor-section elementor-top-section elementor-element elementor-element-3673f2a animated-slow elementor-section-boxed elementor-section-height-default elementor-section-height-default elementor-invisible\" data-id=\"3673f2a\" data-element_type=\"section\" data-settings=\"{&quot;animation&quot;:&quot;fadeIn&quot;}\">\n\t\t\t\t\t\t<div class=\"elementor-container elementor-column-gap-default\">\n\t\t\t\t\t<div class=\"elementor-column elementor-col-100 elementor-top-column elementor-element elementor-element-76d27ba\" data-id=\"76d27ba\" data-element_type=\"column\">\n\t\t\t<div class=\"elementor-widget-wrap elementor-element-populated\">\n\t\t\t\t\t\t<div class=\"elementor-element elementor-element-f15c12c elementor-widget elementor-widget-template\" data-id=\"f15c12c\" data-element_type=\"widget\" data-widget_type=\"template.default\">\n\t\t\t\t<div class=\"elementor-widget-container\">\n\t\t\t\t\t<div class=\"elementor-template\">\n\t\t\t\t\t<div data-elementor-type=\"section\" data-elementor-id=\"1213\" class=\"elementor elementor-1213\" data-elementor-post-type=\"elementor_library\">\n\t\t\t\t\t<section class=\"elementor-section elementor-top-section elementor-element elementor-element-3479f0db elementor-section-boxed elementor-section-height-default elementor-section-height-default\" data-id=\"3479f0db\" data-element_type=\"section\">\n\t\t\t\t\t\t<div class=\"elementor-container elementor-column-gap-default\">\n\t\t\t\t\t<div class=\"elementor-column elementor-col-25 elementor-top-column elementor-element elementor-element-7f646dbd\" data-id=\"7f646dbd\" data-element_type=\"column\">\n\t\t\t<div class=\"elementor-widget-wrap elementor-element-populated\">\n\t\t\t\t\t\t<div class=\"elementor-element elementor-element-1b957fad elementor-cta--skin-cover elementor-cta--valign-bottom elementor-animated-content elementor-bg-transform elementor-bg-transform-zoom-in elementor-widget elementor-widget-call-to-action\" data-id=\"1b957fad\" data-element_type=\"widget\" data-widget_type=\"call-to-action.default\">\n\t\t\t\t<div class=\"elementor-widget-container\">\n\t\t\t\t\t<a class=\"elementor-cta\" href=\"https:\/\/amisns.edu.pl\/stara-wersja\/homepage\/wydzialy\/wydzial-administracji-i-nauk-spolecznych\/pedagogika\/ogloszenia-dla-studentow-pedagogika\/\">\n\t\t\t\t\t<div class=\"elementor-cta__bg-wrapper\">\n\t\t\t\t<div class=\"elementor-cta__bg elementor-bg\" style=\"background-image: url(https:\/\/amisns.edu.pl\/stara-wersja\/wp-content\/uploads\/2-piktogram-na-strone-01-szary.jpg);\" role=\"img\" aria-label=\"\"><\/div>\n\t\t\t\t<div class=\"elementor-cta__bg-overlay\"><\/div>\n\t\t\t<\/div>\n\t\t\t\t\t\t\t<div class=\"elementor-cta__content\">\n\t\t\t\t\n\t\t\t\t\n\t\t\t\t\t\t\t\t\t<div class=\"elementor-cta__description elementor-cta__content-item elementor-content-item elementor-animated-item--grow\">\n\t\t\t\t\t\tOG\u0141OSZENIA DLA STUDENT\u00d3W\t\t\t\t\t<\/div>\n\t\t\t\t\n\t\t\t\t\t\t\t<\/div>\n\t\t\t\t\t\t<\/a>\n\t\t\t\t<\/div>\n\t\t\t\t<\/div>\n\t\t\t\t<div class=\"elementor-element elementor-element-3f86d14e elementor-cta--skin-cover elementor-cta--valign-bottom elementor-animated-content elementor-bg-transform elementor-bg-transform-zoom-in elementor-widget elementor-widget-call-to-action\" data-id=\"3f86d14e\" data-element_type=\"widget\" data-widget_type=\"call-to-action.default\">\n\t\t\t\t<div class=\"elementor-widget-container\">\n\t\t\t\t\t<a class=\"elementor-cta\" href=\"https:\/\/amisns.edu.pl\/stara-wersja\/homepage\/wydzialy\/wydzial-administracji-i-nauk-spolecznych\/pedagogika\/sylabusy-pedagogika\/\">\n\t\t\t\t\t<div class=\"elementor-cta__bg-wrapper\">\n\t\t\t\t<div class=\"elementor-cta__bg elementor-bg\" style=\"background-image: url(https:\/\/amisns.edu.pl\/stara-wersja\/wp-content\/uploads\/2-piktogram-na-strone-05-szary.jpg);\" role=\"img\" aria-label=\"\"><\/div>\n\t\t\t\t<div class=\"elementor-cta__bg-overlay\"><\/div>\n\t\t\t<\/div>\n\t\t\t\t\t\t\t<div class=\"elementor-cta__content\">\n\t\t\t\t\n\t\t\t\t\n\t\t\t\t\t\t\t\t\t<div class=\"elementor-cta__description elementor-cta__content-item elementor-content-item elementor-animated-item--grow\">\n\t\t\t\t\t\tSYLABUSY\t\t\t\t\t<\/div>\n\t\t\t\t\n\t\t\t\t\t\t\t<\/div>\n\t\t\t\t\t\t<\/a>\n\t\t\t\t<\/div>\n\t\t\t\t<\/div>\n\t\t\t\t\t<\/div>\n\t\t<\/div>\n\t\t\t\t<div class=\"elementor-column elementor-col-25 elementor-top-column elementor-element elementor-element-7e7e247e\" data-id=\"7e7e247e\" data-element_type=\"column\">\n\t\t\t<div class=\"elementor-widget-wrap elementor-element-populated\">\n\t\t\t\t\t\t<div class=\"elementor-element elementor-element-7bb8d9a4 elementor-cta--skin-cover elementor-cta--valign-bottom elementor-animated-content elementor-bg-transform elementor-bg-transform-zoom-in elementor-widget elementor-widget-call-to-action\" data-id=\"7bb8d9a4\" data-element_type=\"widget\" data-widget_type=\"call-to-action.default\">\n\t\t\t\t<div class=\"elementor-widget-container\">\n\t\t\t\t\t<a class=\"elementor-cta\" href=\"https:\/\/amisns.edu.pl\/stara-wersja\/homepage\/wydzialy\/wydzial-administracji-i-nauk-spolecznych\/pedagogika\/plany-i-programy-studiow-pedagogika\/\">\n\t\t\t\t\t<div class=\"elementor-cta__bg-wrapper\">\n\t\t\t\t<div class=\"elementor-cta__bg elementor-bg\" style=\"background-image: url(https:\/\/amisns.edu.pl\/stara-wersja\/wp-content\/uploads\/2-piktogram-na-strone-02-szary.jpg);\" role=\"img\" aria-label=\"\"><\/div>\n\t\t\t\t<div class=\"elementor-cta__bg-overlay\"><\/div>\n\t\t\t<\/div>\n\t\t\t\t\t\t\t<div class=\"elementor-cta__content\">\n\t\t\t\t\n\t\t\t\t\n\t\t\t\t\t\t\t\t\t<div class=\"elementor-cta__description elementor-cta__content-item elementor-content-item elementor-animated-item--grow\">\n\t\t\t\t\t\tPLANY I PROGRAMY STUDI\u00d3W\t\t\t\t\t<\/div>\n\t\t\t\t\n\t\t\t\t\t\t\t<\/div>\n\t\t\t\t\t\t<\/a>\n\t\t\t\t<\/div>\n\t\t\t\t<\/div>\n\t\t\t\t<div class=\"elementor-element elementor-element-36000298 elementor-cta--skin-cover elementor-cta--valign-bottom elementor-animated-content elementor-bg-transform elementor-bg-transform-zoom-in elementor-widget elementor-widget-call-to-action\" data-id=\"36000298\" data-element_type=\"widget\" data-widget_type=\"call-to-action.default\">\n\t\t\t\t<div class=\"elementor-widget-container\">\n\t\t\t\t\t<a class=\"elementor-cta\" href=\"https:\/\/amisns.edu.pl\/stara-wersja\/homepage\/wydzialy\/wydzial-administracji-i-nauk-spolecznych\/pedagogika\/efekty-uczenia-pedagogika\/\">\n\t\t\t\t\t<div class=\"elementor-cta__bg-wrapper\">\n\t\t\t\t<div class=\"elementor-cta__bg elementor-bg\" style=\"background-image: url(https:\/\/amisns.edu.pl\/stara-wersja\/wp-content\/uploads\/2-piktogram-na-strone-06-szary.jpg);\" role=\"img\" aria-label=\"\"><\/div>\n\t\t\t\t<div class=\"elementor-cta__bg-overlay\"><\/div>\n\t\t\t<\/div>\n\t\t\t\t\t\t\t<div class=\"elementor-cta__content\">\n\t\t\t\t\n\t\t\t\t\n\t\t\t\t\t\t\t\t\t<div class=\"elementor-cta__description elementor-cta__content-item elementor-content-item elementor-animated-item--grow\">\n\t\t\t\t\t\tEFEKTY UCZENIA\t\t\t\t\t<\/div>\n\t\t\t\t\n\t\t\t\t\t\t\t<\/div>\n\t\t\t\t\t\t<\/a>\n\t\t\t\t<\/div>\n\t\t\t\t<\/div>\n\t\t\t\t\t<\/div>\n\t\t<\/div>\n\t\t\t\t<div class=\"elementor-column elementor-col-25 elementor-top-column elementor-element elementor-element-15f2c48d\" data-id=\"15f2c48d\" data-element_type=\"column\">\n\t\t\t<div class=\"elementor-widget-wrap elementor-element-populated\">\n\t\t\t\t\t\t<div class=\"elementor-element elementor-element-3dffba6d elementor-cta--skin-cover elementor-cta--valign-bottom elementor-animated-content elementor-bg-transform elementor-bg-transform-zoom-in elementor-widget elementor-widget-call-to-action\" data-id=\"3dffba6d\" data-element_type=\"widget\" data-widget_type=\"call-to-action.default\">\n\t\t\t\t<div class=\"elementor-widget-container\">\n\t\t\t\t\t<a class=\"elementor-cta\" href=\"https:\/\/amisns.edu.pl\/stara-wersja\/homepage\/wydzialy\/wydzial-administracji-i-nauk-spolecznych\/pedagogika\/praktyki-zawodowe-pedagogika\/\">\n\t\t\t\t\t<div class=\"elementor-cta__bg-wrapper\">\n\t\t\t\t<div class=\"elementor-cta__bg elementor-bg\" style=\"background-image: url(https:\/\/amisns.edu.pl\/stara-wersja\/wp-content\/uploads\/2-piktogram-na-strone-03-szary.jpg);\" role=\"img\" aria-label=\"\"><\/div>\n\t\t\t\t<div class=\"elementor-cta__bg-overlay\"><\/div>\n\t\t\t<\/div>\n\t\t\t\t\t\t\t<div class=\"elementor-cta__content\">\n\t\t\t\t\n\t\t\t\t\n\t\t\t\t\t\t\t\t\t<div class=\"elementor-cta__description elementor-cta__content-item elementor-content-item elementor-animated-item--grow\">\n\t\t\t\t\t\tPRAKTYKI ZAWODOWE\t\t\t\t\t<\/div>\n\t\t\t\t\n\t\t\t\t\t\t\t<\/div>\n\t\t\t\t\t\t<\/a>\n\t\t\t\t<\/div>\n\t\t\t\t<\/div>\n\t\t\t\t<div class=\"elementor-element elementor-element-638b78fb elementor-cta--skin-cover elementor-cta--valign-bottom elementor-animated-content elementor-bg-transform elementor-bg-transform-zoom-in elementor-widget elementor-widget-call-to-action\" data-id=\"638b78fb\" data-element_type=\"widget\" data-widget_type=\"call-to-action.default\">\n\t\t\t\t<div class=\"elementor-widget-container\">\n\t\t\t\t\t<a class=\"elementor-cta\" href=\"https:\/\/amisns.edu.pl\/stara-wersja\/homepage\/wydzialy\/wydzial-administracji-i-nauk-spolecznych\/pedagogika\/wyniki-ewaluacji-zajec-pedagogika\/\">\n\t\t\t\t\t<div class=\"elementor-cta__bg-wrapper\">\n\t\t\t\t<div class=\"elementor-cta__bg elementor-bg\" style=\"background-image: url(https:\/\/amisns.edu.pl\/stara-wersja\/wp-content\/uploads\/2-piktogram-na-strone-07-szary.jpg);\" role=\"img\" aria-label=\"\"><\/div>\n\t\t\t\t<div class=\"elementor-cta__bg-overlay\"><\/div>\n\t\t\t<\/div>\n\t\t\t\t\t\t\t<div class=\"elementor-cta__content\">\n\t\t\t\t\n\t\t\t\t\n\t\t\t\t\t\t\t\t\t<div class=\"elementor-cta__description elementor-cta__content-item elementor-content-item elementor-animated-item--grow\">\n\t\t\t\t\t\tWYNIKI EWALUACJI ZAJ\u0118\u0106\t\t\t\t\t<\/div>\n\t\t\t\t\n\t\t\t\t\t\t\t<\/div>\n\t\t\t\t\t\t<\/a>\n\t\t\t\t<\/div>\n\t\t\t\t<\/div>\n\t\t\t\t\t<\/div>\n\t\t<\/div>\n\t\t\t\t<div class=\"elementor-column elementor-col-25 elementor-top-column elementor-element elementor-element-46c0a329\" data-id=\"46c0a329\" data-element_type=\"column\">\n\t\t\t<div class=\"elementor-widget-wrap elementor-element-populated\">\n\t\t\t\t\t\t<div class=\"elementor-element elementor-element-322664a6 elementor-cta--skin-cover elementor-cta--valign-bottom elementor-animated-content elementor-bg-transform elementor-bg-transform-zoom-in elementor-widget elementor-widget-call-to-action\" data-id=\"322664a6\" data-element_type=\"widget\" data-widget_type=\"call-to-action.default\">\n\t\t\t\t<div class=\"elementor-widget-container\">\n\t\t\t\t\t<a class=\"elementor-cta\" href=\"https:\/\/amisns.edu.pl\/stara-wersja\/homepage\/wydzialy\/wydzial-administracji-i-nauk-spolecznych\/pedagogika\/zasady-dyplomowania-pedagogika\/\">\n\t\t\t\t\t<div class=\"elementor-cta__bg-wrapper\">\n\t\t\t\t<div class=\"elementor-cta__bg elementor-bg\" style=\"background-image: url(https:\/\/amisns.edu.pl\/stara-wersja\/wp-content\/uploads\/2-piktogram-na-strone-04-szary.jpg);\" role=\"img\" aria-label=\"\"><\/div>\n\t\t\t\t<div class=\"elementor-cta__bg-overlay\"><\/div>\n\t\t\t<\/div>\n\t\t\t\t\t\t\t<div class=\"elementor-cta__content\">\n\t\t\t\t\n\t\t\t\t\n\t\t\t\t\t\t\t\t\t<div class=\"elementor-cta__description elementor-cta__content-item elementor-content-item elementor-animated-item--grow\">\n\t\t\t\t\t\tZASADY DYPLOMOWANIA\t\t\t\t\t<\/div>\n\t\t\t\t\n\t\t\t\t\t\t\t<\/div>\n\t\t\t\t\t\t<\/a>\n\t\t\t\t<\/div>\n\t\t\t\t<\/div>\n\t\t\t\t<div class=\"elementor-element elementor-element-5ef6e62e elementor-cta--skin-cover elementor-cta--valign-bottom elementor-animated-content elementor-bg-transform elementor-bg-transform-zoom-in elementor-widget elementor-widget-call-to-action\" data-id=\"5ef6e62e\" data-element_type=\"widget\" data-widget_type=\"call-to-action.default\">\n\t\t\t\t<div class=\"elementor-widget-container\">\n\t\t\t\t\t<a class=\"elementor-cta\" href=\"https:\/\/amisns.edu.pl\/stara-wersja\/homepage\/wydzialy\/wydzial-administracji-i-nauk-spolecznych\/pedagogika\/do-pobrania-pedagogika\/\">\n\t\t\t\t\t<div class=\"elementor-cta__bg-wrapper\">\n\t\t\t\t<div class=\"elementor-cta__bg elementor-bg\" style=\"background-image: url(https:\/\/amisns.edu.pl\/stara-wersja\/wp-content\/uploads\/2-piktogram-na-strone-08-szary.jpg);\" role=\"img\" aria-label=\"\"><\/div>\n\t\t\t\t<div class=\"elementor-cta__bg-overlay\"><\/div>\n\t\t\t<\/div>\n\t\t\t\t\t\t\t<div class=\"elementor-cta__content\">\n\t\t\t\t\n\t\t\t\t\n\t\t\t\t\t\t\t\t\t<div class=\"elementor-cta__description elementor-cta__content-item elementor-content-item elementor-animated-item--grow\">\n\t\t\t\t\t\tDO POBRANIA\t\t\t\t\t<\/div>\n\t\t\t\t\n\t\t\t\t\t\t\t<\/div>\n\t\t\t\t\t\t<\/a>\n\t\t\t\t<\/div>\n\t\t\t\t<\/div>\n\t\t\t\t\t<\/div>\n\t\t<\/div>\n\t\t\t\t\t<\/div>\n\t\t<\/section>\n\t\t\t\t<\/div>\n\t\t\t\t<\/div>\n\t\t\t\t<\/div>\n\t\t\t\t<\/div>\n\t\t\t\t\t<\/div>\n\t\t<\/div>\n\t\t\t\t\t<\/div>\n\t\t<\/section>\n\t\t\t\t<section class=\"elementor-section elementor-top-section elementor-element elementor-element-8572d3a elementor-section-boxed elementor-section-height-default elementor-section-height-default\" data-id=\"8572d3a\" data-element_type=\"section\">\n\t\t\t\t\t\t<div class=\"elementor-container elementor-column-gap-default\">\n\t\t\t\t\t<div class=\"elementor-column elementor-col-100 elementor-top-column elementor-element elementor-element-660e21e\" data-id=\"660e21e\" data-element_type=\"column\">\n\t\t\t<div class=\"elementor-widget-wrap elementor-element-populated\">\n\t\t\t\t\t\t<div class=\"elementor-element elementor-element-8a93f8e elementor-widget elementor-widget-heading\" data-id=\"8a93f8e\" data-element_type=\"widget\" data-widget_type=\"heading.default\">\n\t\t\t\t<div class=\"elementor-widget-container\">\n\t\t\t<h1 class=\"elementor-heading-title elementor-size-xl\">Pedagogika - studia I i II stopnia - kszta\u0142\u0107 si\u0119 na kierunku dla przysz\u0142ych pedagog\u00f3w i edukator\u00f3w<\/h1>\t\t<\/div>\n\t\t\t\t<\/div>\n\t\t\t\t\t<\/div>\n\t\t<\/div>\n\t\t\t\t\t<\/div>\n\t\t<\/section>\n\t\t\t\t<section class=\"elementor-section elementor-top-section elementor-element elementor-element-0b99df2 animated-slow elementor-section-boxed elementor-section-height-default elementor-section-height-default elementor-invisible\" data-id=\"0b99df2\" data-element_type=\"section\" data-settings=\"{&quot;animation&quot;:&quot;fadeIn&quot;}\">\n\t\t\t\t\t\t<div class=\"elementor-container elementor-column-gap-default\">\n\t\t\t\t\t<div class=\"elementor-column elementor-col-100 elementor-top-column elementor-element elementor-element-a69ae86\" data-id=\"a69ae86\" data-element_type=\"column\">\n\t\t\t<div class=\"elementor-widget-wrap elementor-element-populated\">\n\t\t\t\t\t\t<div class=\"elementor-element elementor-element-6c1f4d2 elementor-invisible elementor-widget elementor-widget-text-editor\" data-id=\"6c1f4d2\" data-element_type=\"widget\" data-settings=\"{&quot;_animation&quot;:&quot;fadeIn&quot;}\" data-widget_type=\"text-editor.default\">\n\t\t\t\t<div class=\"elementor-widget-container\">\n\t\t\t\t\t\t\t<p>Pedagogika to naukowa dyscyplina obejmuj\u0105ca przedmiotem swoich bada\u0144 i praktyk wychowanie, kszta\u0142cenie i rozw\u00f3j cz\u0142owieka we wszystkich fazach jego \u017cycia. Jej przedmiot bada\u0144 jest umiejscowiony zar\u00f3wno w obszarze idei (idea\u0142y, normy, powinno\u015bci), jak i praktycznej dzia\u0142alno\u015bci pedagogicznej. Pedagogika jako nauka \u0142\u0105czy perspektyw\u0119 koncentruj\u0105c\u0105 si\u0119 na istocie wychowania, nauczania i uczenia si\u0119, oraz t\u0119 dotycz\u0105c\u0105 \u015brodowisk wychowawczych, system\u00f3w instytucji o\u015bwiatowych, wychowawczych resocjalizacyjnych i terapeutycznych, ich funkcji, znaczenia i roli w rozwoju cz\u0142owieka, grup i spo\u0142ecze\u0144stw.<\/p><p>Studia na kierunku pedagogika prowadzone w Akademii Medycznych i Spo\u0142ecznych Nauk Stosowanych stanowi\u0105 odpowied\u017a na zapotrzebowanie lokalnego, regionalnego oraz og\u00f3lnopolskiego rynku pracy. Jest ono podyktowane zmieniaj\u0105c\u0105 si\u0119 rzeczywisto\u015bci\u0105 spo\u0142eczn\u0105, kulturow\u0105 i gospodarcz\u0105, powoduj\u0105c\u0105 znacz\u0105ce przeobra\u017cenia w funkcjonowaniu wsp\u00f3\u0142czesnego cz\u0142owieka. Na szczeg\u00f3ln\u0105 uwag\u0119 zas\u0142uguj\u0105 przede wszystkim dzieci i m\u0142odzie\u017c, ale tak\u017ce osoby starsze. To w\u0142a\u015bnie te grupy spo\u0142eczne z racji jawi\u0105cych si\u0119 potrzeb wymagaj\u0105 nierzadko specjalistycznego wsparcia i pomocy profesjonalist\u00f3w wyposa\u017conych w specjalistyczn\u0105 i aktualn\u0105 wiedz\u0119, umiej\u0119tno\u015bci praktyczne i kompetencje spo\u0142eczne. Dlatego misj\u0105, kt\u00f3ra przy\u015bwieca studiom prowadzonym na kierunku pedagogika, jest przygotowanie specjalist\u00f3w w \u015bci\u015ble okre\u015blonych zakresach. Specjalist\u00f3w, kt\u00f3rzy swoj\u0105 wiedz\u0105, umiej\u0119tno\u015bciami i kompetencjami popartymi do\u015bwiadczeniami praktycznymi b\u0119d\u0105 wype\u0142nia\u0107 misj\u0119, jaka przy\u015bwieca pedagogom.<\/p><p>Kierunek pedagogika dysponuje studiami I stopnia (licencjackimi) oraz II stopnia (magisterskimi). Studenci w trakcie trwania nauki maj\u0105 mo\u017cliwo\u015b\u0107 wyboru \u015bcie\u017cki zawodowej poprzez wyb\u00f3r grup zaj\u0119\u0107 w poszczeg\u00f3lnych zakresach przygotowuj\u0105cych do przysz\u0142ej pracy na r\u00f3\u017cnych stanowiskach w instytucjach zwi\u0105zanych z szerok\u0105 rozumian\u0105 edukacj\u0105, opiek\u0105, wychowaniem, resocjalizacj\u0105 czy terapi\u0105. Programy studi\u00f3w zosta\u0142y tak skonstruowane, aby przyszli absolwenci byli nie tylko wyposa\u017ceni w wymagan\u0105 do pe\u0142nienia poszczeg\u00f3lnych funkcji wiedz\u0119, umiej\u0119tno\u015bci i kompetencje, ale tak\u017ce aby posiadali kwalifikacje spe\u0142niaj\u0105ce wszelkie wymagania formalne oraz prawne, kt\u00f3re przewiduje ustawodawca.<\/p>\t\t\t\t\t\t<\/div>\n\t\t\t\t<\/div>\n\t\t\t\t<div class=\"elementor-element elementor-element-da9c374 elementor-widget-divider--view-line elementor-widget elementor-widget-divider\" data-id=\"da9c374\" data-element_type=\"widget\" data-widget_type=\"divider.default\">\n\t\t\t\t<div class=\"elementor-widget-container\">\n\t\t\t\t\t<div class=\"elementor-divider\">\n\t\t\t<span class=\"elementor-divider-separator\">\n\t\t\t\t\t\t<\/span>\n\t\t<\/div>\n\t\t\t\t<\/div>\n\t\t\t\t<\/div>\n\t\t\t\t<div class=\"elementor-element elementor-element-924b476 elementor-widget elementor-widget-heading\" data-id=\"924b476\" data-element_type=\"widget\" data-widget_type=\"heading.default\">\n\t\t\t\t<div class=\"elementor-widget-container\">\n\t\t\t<h2 class=\"elementor-heading-title elementor-size-default\">Ile trwaj\u0105 studia?<\/h2>\t\t<\/div>\n\t\t\t\t<\/div>\n\t\t\t\t<div class=\"elementor-element elementor-element-4acd142 elementor-widget elementor-widget-text-editor\" data-id=\"4acd142\" data-element_type=\"widget\" data-widget_type=\"text-editor.default\">\n\t\t\t\t<div class=\"elementor-widget-container\">\n\t\t\t\t\t\t\t<p>Studia na kierunku pedagogika trwaj\u0105:<\/p><ul><li>studia I stopnia (licencjat): sze\u015b\u0107 semestr\u00f3w (trzy lata)<\/li><li>studia II stopnia (magister): cztery semestry (dwa lata)<\/li><\/ul><p><strong>Studia na kierunku pedagogika na naszej uczelni odbywaj\u0105 si\u0119 w trybie weekendowym.\u00a0<\/strong><\/p><p><strong><span style=\"font-family: 'Calibri', sans-serif; font-size: 12pt;\">Zaj\u0119cia z wykorzystaniem technik kszta\u0142cenia na odleg\u0142o\u015b\u0107 odbywaj\u0105 si\u0119 na platformach MOODLE i MS Teams.<\/span><\/strong><\/p><p><span style=\"font-size: 10pt;\">W ramach kszta\u0142cenia z wykorzystaniem metod i technik kszta\u0142cenia na odleg\u0142o\u015b\u0107 student mo\u017ce uzyska\u0107 do 30% punkt\u00f3w ECTS.<\/span><\/p>\t\t\t\t\t\t<\/div>\n\t\t\t\t<\/div>\n\t\t\t\t<div class=\"elementor-element elementor-element-6e90407 elementor-widget-divider--view-line elementor-widget elementor-widget-divider\" data-id=\"6e90407\" data-element_type=\"widget\" data-widget_type=\"divider.default\">\n\t\t\t\t<div class=\"elementor-widget-container\">\n\t\t\t\t\t<div class=\"elementor-divider\">\n\t\t\t<span class=\"elementor-divider-separator\">\n\t\t\t\t\t\t<\/span>\n\t\t<\/div>\n\t\t\t\t<\/div>\n\t\t\t\t<\/div>\n\t\t\t\t\t<\/div>\n\t\t<\/div>\n\t\t\t\t\t<\/div>\n\t\t<\/section>\n\t\t\t\t<section class=\"elementor-section elementor-top-section elementor-element elementor-element-df71fad animated-slow elementor-section-boxed elementor-section-height-default elementor-section-height-default elementor-invisible\" data-id=\"df71fad\" data-element_type=\"section\" data-settings=\"{&quot;animation&quot;:&quot;fadeIn&quot;}\">\n\t\t\t\t\t\t<div class=\"elementor-container elementor-column-gap-default\">\n\t\t\t\t\t<div class=\"elementor-column elementor-col-100 elementor-top-column elementor-element elementor-element-ad9f9ad\" data-id=\"ad9f9ad\" data-element_type=\"column\">\n\t\t\t<div class=\"elementor-widget-wrap elementor-element-populated\">\n\t\t\t\t\t\t<div class=\"elementor-element elementor-element-0adbbe1 elementor-widget elementor-widget-heading\" data-id=\"0adbbe1\" data-element_type=\"widget\" data-widget_type=\"heading.default\">\n\t\t\t\t<div class=\"elementor-widget-container\">\n\t\t\t<h2 class=\"elementor-heading-title elementor-size-large\">NIESTACJONARNE STUDIA PIERWSZEGO STOPNIA, PROFIL PRAKTYCZNY, MODU\u0141Y:<\/h2>\t\t<\/div>\n\t\t\t\t<\/div>\n\t\t\t\t<div class=\"elementor-element elementor-element-dab8995 elementor--h-position-center elementor--v-position-middle elementor-arrows-position-inside elementor-pagination-position-inside elementor-widget elementor-widget-slides\" data-id=\"dab8995\" data-element_type=\"widget\" data-settings=\"{&quot;navigation&quot;:&quot;both&quot;,&quot;autoplay&quot;:&quot;yes&quot;,&quot;pause_on_hover&quot;:&quot;yes&quot;,&quot;pause_on_interaction&quot;:&quot;yes&quot;,&quot;autoplay_speed&quot;:5000,&quot;infinite&quot;:&quot;yes&quot;,&quot;transition&quot;:&quot;slide&quot;,&quot;transition_speed&quot;:500}\" data-widget_type=\"slides.default\">\n\t\t\t\t<div class=\"elementor-widget-container\">\n\t\t\t\t\t<div class=\"elementor-swiper\">\n\t\t\t<div class=\"elementor-slides-wrapper elementor-main-swiper swiper\" dir=\"ltr\" data-animation=\"fadeInUp\">\n\t\t\t\t<div class=\"swiper-wrapper elementor-slides\">\n\t\t\t\t\t\t\t\t\t\t<div class=\"elementor-repeater-item-7787e60 swiper-slide\"><div class=\"swiper-slide-bg\" role=\"img\"><\/div><div class=\"swiper-slide-inner\" ><div class=\"swiper-slide-contents\"><div class=\"elementor-slide-heading\">Pedagogika opieku\u0144czo \u2013 wychowawcza z opiek\u0105 nad ma\u0142ym dzieckiem\u200b<\/div><\/div><\/div><\/div>\t\t\t\t<\/div>\n\t\t\t\t\t\t\t<\/div>\n\t\t<\/div>\n\t\t\t\t<\/div>\n\t\t\t\t<\/div>\n\t\t\t\t\t<\/div>\n\t\t<\/div>\n\t\t\t\t\t<\/div>\n\t\t<\/section>\n\t\t\t\t<section class=\"elementor-section elementor-top-section elementor-element elementor-element-77eeb70 animated-slow elementor-section-boxed elementor-section-height-default elementor-section-height-default elementor-invisible\" data-id=\"77eeb70\" data-element_type=\"section\" data-settings=\"{&quot;animation&quot;:&quot;fadeIn&quot;}\">\n\t\t\t\t\t\t<div class=\"elementor-container elementor-column-gap-default\">\n\t\t\t\t\t<div class=\"elementor-column elementor-col-100 elementor-top-column elementor-element elementor-element-ae350de\" data-id=\"ae350de\" data-element_type=\"column\">\n\t\t\t<div class=\"elementor-widget-wrap elementor-element-populated\">\n\t\t\t\t\t\t<div class=\"elementor-element elementor-element-c1d97c3 elementor-invisible elementor-widget elementor-widget-text-editor\" data-id=\"c1d97c3\" data-element_type=\"widget\" data-settings=\"{&quot;_animation&quot;:&quot;fadeIn&quot;}\" data-widget_type=\"text-editor.default\">\n\t\t\t\t<div class=\"elementor-widget-container\">\n\t\t\t\t\t\t\t<p>Wyb\u00f3r grupy zaj\u0119\u0107 w tym zakresie zapewnia przygotowanie do pracy w charakterze pedagoga i wychowawcy mi\u0119dzy innymi w plac\u00f3wkach opieku\u0144czych oraz opieku\u0144czo-wychowawczych prowadzonych przez samorz\u0105dy, w organizacjach pozarz\u0105dowych lub podmiotach prywatnych, na stanowiskach zwi\u0105zanych z opiek\u0105 dzienn\u0105 nad dzieckiem (np. w \u015bwietlicach \u015brodowiskowych, klubikach dla ma\u0142ych dzieci i innych).<\/p><p>Studenci w toku studi\u00f3w zdobywaj\u0105 wiedz\u0119 i umiej\u0119tno\u015bci niezb\u0119dne do rozumienia procesu rozwoju, opieki i wychowania ma\u0142ego dziecka i m\u0142odzie\u017cy oraz podstawy wiedzy prawno-ekonomicznej potrzebnej w sytuacjach zagro\u017cenia ich zdrowia lub \u017cycia. Studenci nabywaj\u0105 kompetencje pedagogiczne uprawniaj\u0105ce do podj\u0119cia zada\u0144 wype\u0142niaj\u0105cych wymagania niezb\u0119dne do pracy w zawodzie opiekunki\/na dzieci\u0119cej.<\/p><p><strong>Wybrane przedmioty w zakresie modu\u0142u pedagogika opieku\u0144cza i wychowawcza z opiek\u0105 nad ma\u0142ym dzieckiem:<\/strong><\/p><ul><li>pedagogika zabawy<\/li><li>wychowanie przez sztuk\u0119 i wprowadzenie w kultur\u0119<\/li><li>opieka piel\u0119gnacyjna i zdrowotna z podstawami medycyny ratunkowej<\/li><li>rozw\u00f3j i dobrostan psychiczny dziecka<\/li><li>emisja g\u0142osu<\/li><li>stymulowanie rozwoju dziecka<\/li><\/ul><p>Absolwent b\u0119dzie przygotowany do wykonywania zada\u0144 w zakresie wspierania rodziny i systemu pieczy zast\u0119pczej oraz w zakresie opieki nad ma\u0142ym dzieckiem (opieka \u017c\u0142obkowa, kluby i ogniska dzieci\u0119ce, k\u0105ciki dzieci\u0119ce w centrach handlowych, organizator imprez okoliczno\u015bciowych dla dzieci, centra wsparcia rodziny itp.). Nabyte umiej\u0119tno\u015bci i kwalifikacje umo\u017cliwiaj\u0105 zatrudnienie absolwenta w plac\u00f3wkach pomocy spo\u0142ecznej jako asystenta rodziny. Posiada on r\u00f3wnie\u017c uprawnienia do pracy w plac\u00f3wkach wsparcia dziennego, mo\u017ce by\u0107 tak\u017ce organizatorem rodzinnej pieczy zast\u0119pczej, pracowa\u0107 w plac\u00f3wkach opieku\u0144czo-wychowawczych zajmuj\u0105cych si\u0119 opiek\u0105 ca\u0142kowit\u0105, w interwencyjnych o\u015brodkach preadopcyjnych lub w o\u015brodkach adopcyjnych. Absolwent b\u0119dzie wyposa\u017cony tak\u017ce w umiej\u0119tno\u015bci niezb\u0119dne do prowadzenia w\u0142asnej dzia\u0142alno\u015bci gospodarczej w zakresie opieki nad ma\u0142ym dzieckiem.<\/p><p><strong>Absolwent uzyskuje tytu\u0142 licencjata na kierunku pedagogika i jest przygotowany do podj\u0119cia pracy zawodowej lub studi\u00f3w II stopnia (magisterskich), studi\u00f3w podyplomowych oraz innych form kszta\u0142cenia i doskonalenia zawodowego.<\/strong><\/p>\t\t\t\t\t\t<\/div>\n\t\t\t\t<\/div>\n\t\t\t\t\t<\/div>\n\t\t<\/div>\n\t\t\t\t\t<\/div>\n\t\t<\/section>\n\t\t\t\t<section class=\"elementor-section elementor-top-section elementor-element elementor-element-665e553 animated-slow elementor-section-boxed elementor-section-height-default elementor-section-height-default elementor-invisible\" data-id=\"665e553\" data-element_type=\"section\" data-settings=\"{&quot;animation&quot;:&quot;fadeIn&quot;}\">\n\t\t\t\t\t\t<div class=\"elementor-container elementor-column-gap-default\">\n\t\t\t\t\t<div class=\"elementor-column elementor-col-100 elementor-top-column elementor-element elementor-element-dc8e2a8\" data-id=\"dc8e2a8\" data-element_type=\"column\">\n\t\t\t<div class=\"elementor-widget-wrap elementor-element-populated\">\n\t\t\t\t\t\t<div class=\"elementor-element elementor-element-0ce6802 elementor--h-position-center elementor--v-position-middle elementor-arrows-position-inside elementor-pagination-position-inside elementor-widget elementor-widget-slides\" data-id=\"0ce6802\" data-element_type=\"widget\" data-settings=\"{&quot;navigation&quot;:&quot;both&quot;,&quot;autoplay&quot;:&quot;yes&quot;,&quot;pause_on_hover&quot;:&quot;yes&quot;,&quot;pause_on_interaction&quot;:&quot;yes&quot;,&quot;autoplay_speed&quot;:5000,&quot;infinite&quot;:&quot;yes&quot;,&quot;transition&quot;:&quot;slide&quot;,&quot;transition_speed&quot;:500}\" data-widget_type=\"slides.default\">\n\t\t\t\t<div class=\"elementor-widget-container\">\n\t\t\t\t\t<div class=\"elementor-swiper\">\n\t\t\t<div class=\"elementor-slides-wrapper elementor-main-swiper swiper\" dir=\"ltr\" data-animation=\"fadeInUp\">\n\t\t\t\t<div class=\"swiper-wrapper elementor-slides\">\n\t\t\t\t\t\t\t\t\t\t<div class=\"elementor-repeater-item-7787e60 swiper-slide\"><div class=\"swiper-slide-bg\" role=\"img\"><\/div><div class=\"swiper-slide-inner\" ><div class=\"swiper-slide-contents\"><div class=\"elementor-slide-heading\">Pedagogika resocjalizacyjna z elementami psychopedagogiki\u200b<\/div><\/div><\/div><\/div>\t\t\t\t<\/div>\n\t\t\t\t\t\t\t<\/div>\n\t\t<\/div>\n\t\t\t\t<\/div>\n\t\t\t\t<\/div>\n\t\t\t\t\t<\/div>\n\t\t<\/div>\n\t\t\t\t\t<\/div>\n\t\t<\/section>\n\t\t\t\t<section class=\"elementor-section elementor-top-section elementor-element elementor-element-9ae6150 animated-slow elementor-section-boxed elementor-section-height-default elementor-section-height-default elementor-invisible\" data-id=\"9ae6150\" data-element_type=\"section\" data-settings=\"{&quot;animation&quot;:&quot;fadeIn&quot;}\">\n\t\t\t\t\t\t<div class=\"elementor-container elementor-column-gap-default\">\n\t\t\t\t\t<div class=\"elementor-column elementor-col-100 elementor-top-column elementor-element elementor-element-691a603\" data-id=\"691a603\" data-element_type=\"column\">\n\t\t\t<div class=\"elementor-widget-wrap elementor-element-populated\">\n\t\t\t\t\t\t<div class=\"elementor-element elementor-element-3bc24d9 elementor-invisible elementor-widget elementor-widget-text-editor\" data-id=\"3bc24d9\" data-element_type=\"widget\" data-settings=\"{&quot;_animation&quot;:&quot;fadeIn&quot;}\" data-widget_type=\"text-editor.default\">\n\t\t\t\t<div class=\"elementor-widget-container\">\n\t\t\t\t\t\t\t<p>Grupa zaj\u0119\u0107 w tym zakresie zapewnia przygotowanie do pracy z osobami nieprzystosowanymi spo\u0142ecznie i zagro\u017conymi nieprzystosowaniem spo\u0142ecznym zar\u00f3wno w instytucjach zamkni\u0119tych jak i \u015brodowisku otwartym. Studenci w trakcie toku kszta\u0142cenia uzyskaj\u0105 wiedz\u0119 i umiej\u0119tno\u015bci mi\u0119dzy innymi z zakresu teorii dewiacji spo\u0142ecznych, prawnych, organizacyjnych i spo\u0142eczno-kulturowych podstaw pracy resocjalizacyjnej, umiej\u0119tno\u015b\u0107 diagnozowania r\u00f3\u017cnorodnych form nieprzystosowania spo\u0142ecznego oraz projektowania i realizacji wieloaspektowych oddzia\u0142ywa\u0144 resocjalizacyjnych i profilaktycznych. Realizowany proces kszta\u0142cenia w tym zakresie zapewnia tak\u017ce zdobycie szeroko rozumianych kompetencji pedagogicznych, jak r\u00f3wnie\u017c psychologicznych, maj\u0105cych zastosowanie w pracy z dzie\u0107mi, m\u0142odzie\u017c\u0105 i doros\u0142ymi. Kszta\u0142tuje wieloaspektowe ujmowanie sytuacji wychowawczych i resocjalizacyjnych, jak r\u00f3wnie\u017c psychospo\u0142ecznych uwarunkowa\u0144 relacji interpersonalnych.<\/p><p><strong>Wybrane przedmioty w zakresie modu\u0142u pedagogika resocjalizacyjna z elementami psychopedagogiki:<\/strong><\/p><ul><li>readaptacja spo\u0142eczna i opieka postpenitencjarna z elementami pracy socjalnej<\/li><li>diagnostyka resocjalizacyjna<\/li><li>podstawy kryminologii i wiktymologii<\/li><li>psychologia niedostosowania spo\u0142ecznego<\/li><li>elementy psychopatologii<\/li><\/ul><p>Absolwenci po uko\u0144czeniu studi\u00f3w I stopnia w zakresie modu\u0142u pedagogika resocjalizacyjna z elementami psychopedagogiki przygotowani b\u0119d\u0105 do pracy mi\u0119dzy innymi w charakterze wychowawcy w m\u0142odzie\u017cowych o\u015brodkach wychowawczych, m\u0142odzie\u017cowych o\u015brodkach socjoterapii, zak\u0142adach poprawczych i schroniskach dla nieletnich, do pracy w s\u0105dzie w charakterze kurator\u00f3w s\u0105dowych, w plac\u00f3wkach wsparcia dziennego, \u015bwietlicach \u015brodowiskowych, ogniskach wychowawczych, plac\u00f3wkach opieku\u0144czo-wychowawczych, w strukturach pomocy spo\u0142ecznej jako koordynatorzy rodzinnej pieczy zast\u0119pczej, jako pedagodzy ulicy i pedagodzy rodzinni oraz w policji i zak\u0142adach karnych.<\/p><p><strong>Absolwent uzyskuje tytu\u0142 licencjata na kierunku pedagogika i jest przygotowany do podj\u0119cia pracy zawodowej lub studi\u00f3w II stopnia (magisterskich), studi\u00f3w podyplomowych oraz innych form kszta\u0142cenia i doskonalenia zawodowego.<\/strong><\/p>\t\t\t\t\t\t<\/div>\n\t\t\t\t<\/div>\n\t\t\t\t\t<\/div>\n\t\t<\/div>\n\t\t\t\t\t<\/div>\n\t\t<\/section>\n\t\t\t\t<section class=\"elementor-section elementor-top-section elementor-element elementor-element-482c069 animated-slow elementor-section-boxed elementor-section-height-default elementor-section-height-default elementor-invisible\" data-id=\"482c069\" data-element_type=\"section\" data-settings=\"{&quot;animation&quot;:&quot;fadeIn&quot;}\">\n\t\t\t\t\t\t<div class=\"elementor-container elementor-column-gap-default\">\n\t\t\t\t\t<div class=\"elementor-column elementor-col-100 elementor-top-column elementor-element elementor-element-a2a1609\" data-id=\"a2a1609\" data-element_type=\"column\">\n\t\t\t<div class=\"elementor-widget-wrap elementor-element-populated\">\n\t\t\t\t\t\t<div class=\"elementor-element elementor-element-b39b24b elementor--h-position-center elementor--v-position-middle elementor-arrows-position-inside elementor-pagination-position-inside elementor-widget elementor-widget-slides\" data-id=\"b39b24b\" data-element_type=\"widget\" data-settings=\"{&quot;navigation&quot;:&quot;both&quot;,&quot;autoplay&quot;:&quot;yes&quot;,&quot;pause_on_hover&quot;:&quot;yes&quot;,&quot;pause_on_interaction&quot;:&quot;yes&quot;,&quot;autoplay_speed&quot;:5000,&quot;infinite&quot;:&quot;yes&quot;,&quot;transition&quot;:&quot;slide&quot;,&quot;transition_speed&quot;:500}\" data-widget_type=\"slides.default\">\n\t\t\t\t<div class=\"elementor-widget-container\">\n\t\t\t\t\t<div class=\"elementor-swiper\">\n\t\t\t<div class=\"elementor-slides-wrapper elementor-main-swiper swiper\" dir=\"ltr\" data-animation=\"fadeInUp\">\n\t\t\t\t<div class=\"swiper-wrapper elementor-slides\">\n\t\t\t\t\t\t\t\t\t\t<div class=\"elementor-repeater-item-7787e60 swiper-slide\"><div class=\"swiper-slide-bg\" role=\"img\"><\/div><div class=\"swiper-slide-inner\" ><div class=\"swiper-slide-contents\"><div class=\"elementor-slide-heading\">Pedagogika opieku\u0144cza i wychowawcza z elementami psychopedagogiki\u200b<\/div><\/div><\/div><\/div>\t\t\t\t<\/div>\n\t\t\t\t\t\t\t<\/div>\n\t\t<\/div>\n\t\t\t\t<\/div>\n\t\t\t\t<\/div>\n\t\t\t\t\t<\/div>\n\t\t<\/div>\n\t\t\t\t\t<\/div>\n\t\t<\/section>\n\t\t\t\t<section class=\"elementor-section elementor-top-section elementor-element elementor-element-4eebb0a animated-slow elementor-section-boxed elementor-section-height-default elementor-section-height-default elementor-invisible\" data-id=\"4eebb0a\" data-element_type=\"section\" data-settings=\"{&quot;animation&quot;:&quot;fadeIn&quot;}\">\n\t\t\t\t\t\t<div class=\"elementor-container elementor-column-gap-default\">\n\t\t\t\t\t<div class=\"elementor-column elementor-col-100 elementor-top-column elementor-element elementor-element-7f0912d\" data-id=\"7f0912d\" data-element_type=\"column\">\n\t\t\t<div class=\"elementor-widget-wrap elementor-element-populated\">\n\t\t\t\t\t\t<div class=\"elementor-element elementor-element-3299c60 elementor-invisible elementor-widget elementor-widget-text-editor\" data-id=\"3299c60\" data-element_type=\"widget\" data-settings=\"{&quot;_animation&quot;:&quot;fadeIn&quot;}\" data-widget_type=\"text-editor.default\">\n\t\t\t\t<div class=\"elementor-widget-container\">\n\t\t\t\t\t\t\t<p>Wyb\u00f3r grupy zaj\u0119\u0107 w tym zakresie zapewnia przygotowanie do pracy w charakterze pedagoga i wychowawcy mi\u0119dzy innymi w plac\u00f3wkach opieku\u0144czych oraz opieku\u0144czo-wychowawczych prowadzonych przez samorz\u0105dy, organizacje pozarz\u0105dowe lub podmioty prywatne, na stanowiskach zwi\u0105zanych z opiek\u0105 dzienn\u0105 nad dzieckiem. Studenci w toku studi\u00f3w zdobywaj\u0105 wiedz\u0119, umiej\u0119tno\u015bci i kompetencje spo\u0142eczne umo\u017cliwiaj\u0105ce rozumienie i realizacj\u0119 dzia\u0142a\u0144 zwi\u0105zanych z opiek\u0105 i wychowaniem ukierunkowanych na rozw\u00f3j dzieci i m\u0142odzie\u017cy. Realizowany w tym zakresie proces kszta\u0142cenia umo\u017cliwia r\u00f3wnie\u017c poszerzenie szeroko rozumianych kompetencji pedagogicznych o znajomo\u015b\u0107 psychologicznych aspekt\u00f3w relacji interpersonalnych i psychospo\u0142ecznych, umiej\u0119tno\u015bci analizowania i podejmowania w\u0142a\u015bciwych dzia\u0142a\u0144 w kontek\u015bcie funkcjonowania psychospo\u0142ecznego dzieci i m\u0142odzie\u017cy.<\/p><p><strong>Wybrane przedmioty w zakresie modu\u0142u pedagogika opieku\u0144czo-wychowawcza z elementami psychopedagogiki:<\/strong><\/p><ul><li>elementy psychopatologii<\/li><li>programy profilaktyczne i terapeutyczne w pracy opieku\u0144czej i wychowawczej<\/li><li>psychologia uczenia si\u0119<\/li><li>wsp\u00f3\u0142praca z rodzin\u0105 i \u015brodowiskiem wychowawczym\u00a0<\/li><li>warsztat umiej\u0119tno\u015bci wychowawczych<\/li><li>emisja g\u0142osu<\/li><\/ul><p>Absolwent po uko\u0144czeniu studi\u00f3w I stopnia w zakresie pedagogika opieku\u0144cza i wychowawcza z elementami psychopedagogiki b\u0119dzie przygotowany do wykonywania zada\u0144 w zakresie wspierania rodziny i systemu pieczy zast\u0119pczej, pracy z m\u0142odzie\u017c\u0105 zagro\u017con\u0105 niedostosowaniem spo\u0142ecznym oraz dzie\u0107mi m\u0142odzie\u017c\u0105 wymagaj\u0105cych wsparcia pedagogicznego. Nabyte umiej\u0119tno\u015bci i kwalifikacje umo\u017cliwiaj\u0105 zatrudnienie go w plac\u00f3wkach pomocy spo\u0142ecznej jako asystenta rodziny.<\/p><p>Absolwent posiada uprawnienia do pracy w plac\u00f3wkach wsparcia dziennego, mo\u017ce by\u0107 r\u00f3wnie\u017c organizatorem rodzinnej pieczy zast\u0119pczej, pracowa\u0107 w plac\u00f3wkach opieku\u0144czo-wychowawczych zajmuj\u0105cych si\u0119 opiek\u0105 ca\u0142kowit\u0105 oraz innych instytucjach zajmuj\u0105cych si\u0119 wsparciem pedagogicznym dzieci i m\u0142odzie\u017cy.<\/p><p><strong>Absolwent uzyskuje tytu\u0142 licencjata na kierunku pedagogika i jest przygotowany do podj\u0119cia pracy zawodowej lub studi\u00f3w II stopnia\u00a0(magisterskich), studi\u00f3w podyplomowych oraz innych form kszta\u0142cenia i doskonalenia zawodowego.<\/strong><\/p>\t\t\t\t\t\t<\/div>\n\t\t\t\t<\/div>\n\t\t\t\t\t<\/div>\n\t\t<\/div>\n\t\t\t\t\t<\/div>\n\t\t<\/section>\n\t\t\t\t<section class=\"elementor-section elementor-top-section elementor-element elementor-element-23f90bc elementor-section-boxed elementor-section-height-default elementor-section-height-default\" data-id=\"23f90bc\" data-element_type=\"section\">\n\t\t\t\t\t\t<div class=\"elementor-container elementor-column-gap-default\">\n\t\t\t\t\t<div class=\"elementor-column elementor-col-100 elementor-top-column elementor-element elementor-element-8cb5ed7\" data-id=\"8cb5ed7\" data-element_type=\"column\">\n\t\t\t<div class=\"elementor-widget-wrap elementor-element-populated\">\n\t\t\t\t\t\t<div class=\"elementor-element elementor-element-718faff elementor-widget-divider--view-line elementor-widget elementor-widget-divider\" data-id=\"718faff\" data-element_type=\"widget\" data-widget_type=\"divider.default\">\n\t\t\t\t<div class=\"elementor-widget-container\">\n\t\t\t\t\t<div class=\"elementor-divider\">\n\t\t\t<span class=\"elementor-divider-separator\">\n\t\t\t\t\t\t<\/span>\n\t\t<\/div>\n\t\t\t\t<\/div>\n\t\t\t\t<\/div>\n\t\t\t\t\t<\/div>\n\t\t<\/div>\n\t\t\t\t\t<\/div>\n\t\t<\/section>\n\t\t\t\t<section class=\"elementor-section elementor-top-section elementor-element elementor-element-4962d30 elementor-section-boxed elementor-section-height-default elementor-section-height-default\" data-id=\"4962d30\" data-element_type=\"section\">\n\t\t\t\t\t\t<div class=\"elementor-container elementor-column-gap-default\">\n\t\t\t\t\t<div class=\"elementor-column elementor-col-100 elementor-top-column elementor-element elementor-element-a1f3e67\" data-id=\"a1f3e67\" data-element_type=\"column\">\n\t\t\t<div class=\"elementor-widget-wrap elementor-element-populated\">\n\t\t\t\t\t\t<div class=\"elementor-element elementor-element-6d2cda9 elementor-widget elementor-widget-heading\" data-id=\"6d2cda9\" data-element_type=\"widget\" data-widget_type=\"heading.default\">\n\t\t\t\t<div class=\"elementor-widget-container\">\n\t\t\t<h2 class=\"elementor-heading-title elementor-size-default\">NIESTACJONARNE STUDIA DRUGIEGO STOPNIA, PROFIL PRAKTYCZNY, MODU\u0141Y:<\/h2>\t\t<\/div>\n\t\t\t\t<\/div>\n\t\t\t\t<div class=\"elementor-element elementor-element-31ec80a elementor--h-position-center elementor--v-position-middle elementor-arrows-position-inside elementor-pagination-position-inside elementor-widget elementor-widget-slides\" data-id=\"31ec80a\" data-element_type=\"widget\" data-settings=\"{&quot;navigation&quot;:&quot;both&quot;,&quot;autoplay&quot;:&quot;yes&quot;,&quot;pause_on_hover&quot;:&quot;yes&quot;,&quot;pause_on_interaction&quot;:&quot;yes&quot;,&quot;autoplay_speed&quot;:5000,&quot;infinite&quot;:&quot;yes&quot;,&quot;transition&quot;:&quot;slide&quot;,&quot;transition_speed&quot;:500}\" data-widget_type=\"slides.default\">\n\t\t\t\t<div class=\"elementor-widget-container\">\n\t\t\t\t\t<div class=\"elementor-swiper\">\n\t\t\t<div class=\"elementor-slides-wrapper elementor-main-swiper swiper\" dir=\"ltr\" data-animation=\"fadeInUp\">\n\t\t\t\t<div class=\"swiper-wrapper elementor-slides\">\n\t\t\t\t\t\t\t\t\t\t<div class=\"elementor-repeater-item-7787e60 swiper-slide\"><div class=\"swiper-slide-bg\" role=\"img\"><\/div><div class=\"swiper-slide-inner\" ><div class=\"swiper-slide-contents\"><div class=\"elementor-slide-heading\">Pedagogika opieku\u0144czo - wychowawcza z elementami terapii pedagogicznej\u200b<\/div><\/div><\/div><\/div>\t\t\t\t<\/div>\n\t\t\t\t\t\t\t<\/div>\n\t\t<\/div>\n\t\t\t\t<\/div>\n\t\t\t\t<\/div>\n\t\t\t\t\t<\/div>\n\t\t<\/div>\n\t\t\t\t\t<\/div>\n\t\t<\/section>\n\t\t\t\t<section class=\"elementor-section elementor-top-section elementor-element elementor-element-a923dfc elementor-section-boxed elementor-section-height-default elementor-section-height-default\" data-id=\"a923dfc\" data-element_type=\"section\">\n\t\t\t\t\t\t<div class=\"elementor-container elementor-column-gap-default\">\n\t\t\t\t\t<div class=\"elementor-column elementor-col-100 elementor-top-column elementor-element elementor-element-996f83f\" data-id=\"996f83f\" data-element_type=\"column\">\n\t\t\t<div class=\"elementor-widget-wrap elementor-element-populated\">\n\t\t\t\t\t\t<div class=\"elementor-element elementor-element-7663b1c elementor-widget elementor-widget-text-editor\" data-id=\"7663b1c\" data-element_type=\"widget\" data-widget_type=\"text-editor.default\">\n\t\t\t\t<div class=\"elementor-widget-container\">\n\t\t\t\t\t\t\t<p>Wyb\u00f3r tej grupy zaj\u0119\u0107 zapewnia przygotowanie do pracy na rzecz jednostek, rodzin lub grup spo\u0142ecznych, ze szczeg\u00f3lnym uwzgl\u0119dnieniem dzieci i m\u0142odzie\u017cy potrzebuj\u0105cych r\u00f3\u017cnych form wsparcia profilaktycznego lub konkretnej pomocy psychopedagogicznej i organizacyjnej. Studia w tym zakresie przygotowuj\u0105 do wykonywania zada\u0144 w zakresie wspierania rodziny i systemu pieczy zast\u0119pczej, opieki i wychowania dzieci i m\u0142odzie\u017cy. Student b\u0119dzie posiada\u0142 kompetencje pedagogiczne niezb\u0119dne do pracy w plac\u00f3wkach wsparcia dziennego, w plac\u00f3wkach opieku\u0144czo-wychowawczych zajmuj\u0105cych si\u0119 opiek\u0105 ca\u0142kowit\u0105, w interwencyjnych o\u015brodkach preadopcyjnych lub w o\u015brodkach adopcyjnych.<\/p><p>Po uko\u0144czeniu studi\u00f3w absolwent b\u0119dzie przygotowany do wype\u0142niania zada\u0144 opieku\u0144czo-wychowawczych zapewniaj\u0105cych osobom w r\u00f3\u017cnym wieku oraz fazach rozwoju poczucie bezpiecze\u0144stwa fizycznego, psychicznego i egzystencjalnego, a tak\u017ce warunk\u00f3w do nauki i rozwoju potrzeb kulturalnych oraz wspierania rozwoju moralnego i spo\u0142ecznego. W toku studi\u00f3w student zdob\u0119dzie tak\u017ce umiej\u0119tno\u015bci przydatne bezpo\u015brednio w praktyce, mi\u0119dzy innymi w zakresie prawodawstwa spo\u0142ecznego, poradnictwa i strategii wsparcia oraz podejmowania i organizowania pracy korekcyjno \u2013 kompensacyjnej.<\/p><p><strong>Wybrane przedmioty w zakresie modu\u0142u pedagogika opieku\u0144czo-wychowawcza z elementami terapii pedagogicznej:<\/strong><\/p><ul><li>profilaktyka spo\u0142eczna<\/li><li>praca z dzieckiem z zaburzeniami zachowania i emocji<\/li><li>diagnoza psychopedagogiczna<\/li><li>dysharmonia rozwoju dziecka z elementami pracy kompensacyjnej<\/li><li>poradnictwo rodzinne i socjalne<\/li><\/ul><p>Absolwent ko\u0144cz\u0105cy studia II stopnia na kierunku pedagogika w zakresie pedagogika opieku\u0144czo-wychowawcza z elementami terapii pedagogicznej jest przygotowany do podj\u0119cia zatrudnienia mi\u0119dzy innymi w o\u015brodkach preadopcyjnych, w \u015bwietlicach \u015brodowiskowych, internatach, plac\u00f3wkach opieku\u0144czo-wychowawczych, w organizacjach pozarz\u0105dowych zajmuj\u0105cych si\u0119 wspieraniem rodziny, szko\u0142y i spo\u0142eczno\u015bci lokalnej, a tak\u017ce w \u015bwietlicach szkolnych.<\/p><p><strong>Ponadto absolwenci studi\u00f3w II stopnia (magisterskich) przygotowani s\u0105 do podj\u0119cia studi\u00f3w III stopnia (doktoranckich) oraz innych form kszta\u0142cenia, w tym studi\u00f3w podyplomowych.<\/strong><\/p>\t\t\t\t\t\t<\/div>\n\t\t\t\t<\/div>\n\t\t\t\t<div class=\"elementor-element elementor-element-841c049 elementor--h-position-center elementor--v-position-middle elementor-arrows-position-inside elementor-pagination-position-inside elementor-widget elementor-widget-slides\" data-id=\"841c049\" data-element_type=\"widget\" data-settings=\"{&quot;navigation&quot;:&quot;both&quot;,&quot;autoplay&quot;:&quot;yes&quot;,&quot;pause_on_hover&quot;:&quot;yes&quot;,&quot;pause_on_interaction&quot;:&quot;yes&quot;,&quot;autoplay_speed&quot;:5000,&quot;infinite&quot;:&quot;yes&quot;,&quot;transition&quot;:&quot;slide&quot;,&quot;transition_speed&quot;:500}\" data-widget_type=\"slides.default\">\n\t\t\t\t<div class=\"elementor-widget-container\">\n\t\t\t\t\t<div class=\"elementor-swiper\">\n\t\t\t<div class=\"elementor-slides-wrapper elementor-main-swiper swiper\" dir=\"ltr\" data-animation=\"fadeInUp\">\n\t\t\t\t<div class=\"swiper-wrapper elementor-slides\">\n\t\t\t\t\t\t\t\t\t\t<div class=\"elementor-repeater-item-7787e60 swiper-slide\"><div class=\"swiper-slide-bg\" role=\"img\"><\/div><div class=\"swiper-slide-inner\" ><div class=\"swiper-slide-contents\"><div class=\"elementor-slide-heading\">Pedagogika resocjalizacyjna<\/div><\/div><\/div><\/div>\t\t\t\t<\/div>\n\t\t\t\t\t\t\t<\/div>\n\t\t<\/div>\n\t\t\t\t<\/div>\n\t\t\t\t<\/div>\n\t\t\t\t\t<\/div>\n\t\t<\/div>\n\t\t\t\t\t<\/div>\n\t\t<\/section>\n\t\t\t\t<section class=\"elementor-section elementor-top-section elementor-element elementor-element-ffc2bda elementor-section-boxed elementor-section-height-default elementor-section-height-default\" data-id=\"ffc2bda\" data-element_type=\"section\">\n\t\t\t\t\t\t<div class=\"elementor-container elementor-column-gap-default\">\n\t\t\t\t\t<div class=\"elementor-column elementor-col-100 elementor-top-column elementor-element elementor-element-3c1e341\" data-id=\"3c1e341\" data-element_type=\"column\">\n\t\t\t<div class=\"elementor-widget-wrap elementor-element-populated\">\n\t\t\t\t\t\t<div class=\"elementor-element elementor-element-43966ca elementor-widget elementor-widget-text-editor\" data-id=\"43966ca\" data-element_type=\"widget\" data-widget_type=\"text-editor.default\">\n\t\t\t\t<div class=\"elementor-widget-container\">\n\t\t\t\t\t\t\t<p>Wyb\u00f3r tej grupy zaj\u0119\u0107 zapewnia przygotowanie do pracy z m\u0142odzie\u017c\u0105 niedostosowan\u0105 spo\u0142ecznie, dzie\u0107mi zagro\u017conymi niedostosowaniem lub wykolejeniem spo\u0142ecznym, demoralizacj\u0105 oraz przest\u0119pczo\u015bci\u0105. W trakcie realizacji procesu kszta\u0142cenia studenci uzyskuj\u0105 wiedz\u0119, umiej\u0119tno\u015bci i kompetencje spo\u0142eczne przygotowuj\u0105ce do pracy z m\u0142odzie\u017c\u0105 i doros\u0142ymi przest\u0119pcami, rodzinami dysfunkcyjnymi, niew\u0142a\u015bciwie wype\u0142niaj\u0105cymi swoje funkcje wychowawcze i opieku\u0144cze, a tak\u017ce z osobami wykazuj\u0105cymi objawy patologii spo\u0142ecznej, takimi jak: narkomania, alkoholizm, prostytucja, wyuczona bezradno\u015b\u0107 spo\u0142eczna.<\/p><p>Student nabywa kompetencje pedagogiczne umo\u017cliwiaj\u0105ce wykorzystywanie zdobytej wiedzy i umiej\u0119tno\u015bci w praktyce zawodowej oraz pracy w zespole i podejmowania zr\u00f3\u017cnicowanych r\u00f3l.<\/p><p><strong>Wybrane przedmioty w zakresie modu\u0142u pedagogika resocjalizacyjna:<\/strong><\/p><ul><li>pedagogika penitencjarna<\/li><li>problemy wsp\u00f3\u0142czesnej penitencjarystyki<\/li><li>metody kreatywnej resocjalizacji<\/li><li>diagnoza w resocjalizacji<\/li><li>podstawy terapii skoncentrowanej na rozwi\u0105zaniach<\/li><li>praca socjalna w resocjalizacji<\/li><\/ul><p>Absolwenci po uko\u0144czeniu studi\u00f3w II stopnia na kierunku pedagogika w zakresie pedagogika resocjalizacyjna s\u0105 przygotowani do pracy w charakterze wychowawcy w m\u0142odzie\u017cowych o\u015brodkach wychowawczych, m\u0142odzie\u017cowych o\u015brodkach socjoterapii, zak\u0142adach poprawczych i schroniskach dla nieletnich, do pracy w s\u0105dzie w charakterze kurator\u00f3w s\u0105dowych, w plac\u00f3wkach wsparcia dziennego, \u015bwietlicach \u015brodowiskowych, ogniskach wychowawczych, plac\u00f3wkach opieku\u0144czo-wychowawczych, w strukturach pomocy spo\u0142ecznej, jako pedagodzy ulicy i pedagodzy rodzinni oraz w policji i instytucjach penitencjarnych (zak\u0142ady karne, areszty \u015bledcze).\u00a0<\/p><p><strong>Ponadto absolwenci studi\u00f3w II stopnia (magisterskich) przygotowani s\u0105 do podj\u0119cia studi\u00f3w III stopnia (doktoranckich) oraz innych form kszta\u0142cenia, w tym studi\u00f3w podyplomowych.<\/strong><\/p>\t\t\t\t\t\t<\/div>\n\t\t\t\t<\/div>\n\t\t\t\t<div class=\"elementor-element elementor-element-f5dfd06 elementor--h-position-center elementor--v-position-middle elementor-arrows-position-inside elementor-pagination-position-inside elementor-widget elementor-widget-slides\" data-id=\"f5dfd06\" data-element_type=\"widget\" data-settings=\"{&quot;navigation&quot;:&quot;both&quot;,&quot;autoplay&quot;:&quot;yes&quot;,&quot;pause_on_hover&quot;:&quot;yes&quot;,&quot;pause_on_interaction&quot;:&quot;yes&quot;,&quot;autoplay_speed&quot;:5000,&quot;infinite&quot;:&quot;yes&quot;,&quot;transition&quot;:&quot;slide&quot;,&quot;transition_speed&quot;:500}\" data-widget_type=\"slides.default\">\n\t\t\t\t<div class=\"elementor-widget-container\">\n\t\t\t\t\t<div class=\"elementor-swiper\">\n\t\t\t<div class=\"elementor-slides-wrapper elementor-main-swiper swiper\" dir=\"ltr\" data-animation=\"fadeInUp\">\n\t\t\t\t<div class=\"swiper-wrapper elementor-slides\">\n\t\t\t\t\t\t\t\t\t\t<div class=\"elementor-repeater-item-7787e60 swiper-slide\"><div class=\"swiper-slide-bg\" role=\"img\"><\/div><div class=\"swiper-slide-inner\" ><div class=\"swiper-slide-contents\"><div class=\"elementor-slide-heading\">Pedagogika pracy z zarz\u0105dzaniem zasobami ludzkimi<\/div><\/div><\/div><\/div>\t\t\t\t<\/div>\n\t\t\t\t\t\t\t<\/div>\n\t\t<\/div>\n\t\t\t\t<\/div>\n\t\t\t\t<\/div>\n\t\t\t\t\t<\/div>\n\t\t<\/div>\n\t\t\t\t\t<\/div>\n\t\t<\/section>\n\t\t\t\t<section class=\"elementor-section elementor-top-section elementor-element elementor-element-d8526e9 elementor-section-boxed elementor-section-height-default elementor-section-height-default\" data-id=\"d8526e9\" data-element_type=\"section\">\n\t\t\t\t\t\t<div class=\"elementor-container elementor-column-gap-default\">\n\t\t\t\t\t<div class=\"elementor-column elementor-col-100 elementor-top-column elementor-element elementor-element-d3f1cb8\" data-id=\"d3f1cb8\" data-element_type=\"column\">\n\t\t\t<div class=\"elementor-widget-wrap elementor-element-populated\">\n\t\t\t\t\t\t<div class=\"elementor-element elementor-element-5feccd2 elementor-widget elementor-widget-text-editor\" data-id=\"5feccd2\" data-element_type=\"widget\" data-widget_type=\"text-editor.default\">\n\t\t\t\t<div class=\"elementor-widget-container\">\n\t\t\t\t\t\t\t<p>Wyb\u00f3r tej grupy zaj\u0119\u0107 umo\u017cliwia przygotowanie si\u0119 do pracy w instytucjach i organizacjach sektora o\u015bwiaty, edukacji, opieki, a tak\u017ce sektora gospodarczego na stanowiskach zwi\u0105zanych z organizacj\u0105 pracy w zakresie rekrutacji i selekcji w procesie zatrudniania pracownik\u00f3w. Studenci w toku kszta\u0142cenia nabywaj\u0105 wiedz\u0119, umiej\u0119tno\u015bci i kompetencje spo\u0142eczne w zakresie komunikacji interpersonalnej, samokszta\u0142cenia i samodoskonalenia zawodowego, podejmowania zr\u00f3\u017cnicowanych r\u00f3l w pracy zespo\u0142owej, kreowania i upowszechniania r\u00f3\u017cnych \u015bcie\u017cek zawodowych, kierowania rozwojem drugiego cz\u0142owieka, w tym w\u0142asnym, oraz uczestnictwa w r\u00f3\u017cnych obszarach \u017cycia spo\u0142ecznego, rodzinnego i zawodowego.<\/p><p><strong>Wybrane przedmioty w zakresie modu\u0142u pedagogika pracy z zarz\u0105dzaniem zasobami ludzkimi:<\/strong><\/p><ul><li>wybrane problemy wsp\u00f3\u0142czesnej pedagogiki pracy<\/li><li>podstawy zarz\u0105dzania zasobami ludzkimi<\/li><li>aktywizacja zawodowa i spo\u0142eczna<\/li><li>narz\u0119dzia diagnozy kwalifikacji i kompetencji pracownika<\/li><li>warsztat pracy doradcy, coacha, specjalisty ds. kierowania rozwojem<\/li><\/ul><p>Absolwent studi\u00f3w II stopnia na kierunku pedagogika w zakresie pedagogika pracy z zarz\u0105dzaniem zasobami ludzkimi jest przygotowany do podj\u0119cia zatrudnienia w jednostkach administracyjnych zwi\u0105zanych\u00a0 doradztwem zawodowym, agencjach pracy tymczasowej, agencjach po\u015brednictwa pracy na terenie RP, agencjach po\u015brednictwa pracy za granic\u0105, akademickich biurach karier w charakterze doradcy zawodowego, konsultanta ds. kariery, specjalisty ds. rekrutacji pracownik\u00f3w, w o\u015brodkach pomocy spo\u0142ecznej gminnych, powiatowych i wojew\u00f3dzkich centrach informacji, instytucjach dialogu spo\u0142ecznego, instytucjach partnerstwa lokalnego pracuj\u0105cych na rzecz wsparcia w zatrudnieniu, w klubach pracy w charakterze doradcy zawodowego, w instytucjach szkoleniowych, prywatnych agencjach zatrudnienia, szkolnych o\u015brodkach kariery w charakterze organizatora r\u00f3\u017cnych form edukacyjnych kierowanych do os\u00f3b doros\u0142ych, w klubach integracji spo\u0142ecznej, centrach integracji spo\u0142ecznej, klubach seniora, w plac\u00f3wkach o\u015bwiatowych (szko\u0142ach, poradniach pedagogicznych, internatach, Uniwersytetach Trzeciego Wieku itd.), o\u015brodkach pomocy spo\u0142ecznej (centrach pomocy rodzinie, domach pomocy spo\u0142ecznej, plac\u00f3wkach wsparcia dziennego.<\/p><p><strong>Ponadto absolwenci studi\u00f3w II stopnia (magisterskich) przygotowani s\u0105 do podj\u0119cia studi\u00f3w III stopnia (doktoranckich) oraz innych form kszta\u0142cenia, w tym studi\u00f3w podyplomowych.<\/strong><\/p>\t\t\t\t\t\t<\/div>\n\t\t\t\t<\/div>\n\t\t\t\t\t<\/div>\n\t\t<\/div>\n\t\t\t\t\t<\/div>\n\t\t<\/section>\n\t\t\t\t<\/div>\n\t\t","protected":false},"excerpt":{"rendered":"<p>PEDAGOGIKA Pedagogika &#8211; studia I i II stopnia &#8211; kszta\u0142\u0107 si\u0119 na kierunku dla przysz\u0142ych pedagog\u00f3w i edukator\u00f3w Pedagogika to naukowa dyscyplina obejmuj\u0105ca przedmiotem swoich bada\u0144 i praktyk wychowanie, kszta\u0142cenie i rozw\u00f3j cz\u0142owieka we wszystkich fazach jego \u017cycia. Jej przedmiot bada\u0144 jest umiejscowiony zar\u00f3wno w obszarze idei (idea\u0142y, normy, powinno\u015bci), jak i praktycznej dzia\u0142alno\u015bci pedagogicznej. [&hellip;]<\/p>\n","protected":false},"author":2,"featured_media":0,"parent":282,"menu_order":0,"comment_status":"closed","ping_status":"closed","template":"elementor_header_footer","meta":{"ocean_post_layout":"","ocean_both_sidebars_style":"","ocean_both_sidebars_content_width":0,"ocean_both_sidebars_sidebars_width":0,"ocean_sidebar":"0","ocean_second_sidebar":"0","ocean_disable_margins":"enable","ocean_add_body_class":"","ocean_shortcode_before_top_bar":"","ocean_shortcode_after_top_bar":"","ocean_shortcode_before_header":"","ocean_shortcode_after_header":"","ocean_has_shortcode":"","ocean_shortcode_after_title":"","ocean_shortcode_before_footer_widgets":"","ocean_shortcode_after_footer_widgets":"","ocean_shortcode_before_footer_bottom":"","ocean_shortcode_after_footer_bottom":"","ocean_display_top_bar":"default","ocean_display_header":"default","ocean_header_style":"","ocean_center_header_left_menu":"0","ocean_custom_header_template":"0","ocean_custom_logo":0,"ocean_custom_retina_logo":0,"ocean_custom_logo_max_width":0,"ocean_custom_logo_tablet_max_width":0,"ocean_custom_logo_mobile_max_width":0,"ocean_custom_logo_max_height":0,"ocean_custom_logo_tablet_max_height":0,"ocean_custom_logo_mobile_max_height":0,"ocean_header_custom_menu":"0","ocean_menu_typo_font_family":"0","ocean_menu_typo_font_subset":"","ocean_menu_typo_font_size":0,"ocean_menu_typo_font_size_tablet":0,"ocean_menu_typo_font_size_mobile":0,"ocean_menu_typo_font_size_unit":"px","ocean_menu_typo_font_weight":"","ocean_menu_typo_font_weight_tablet":"","ocean_menu_typo_font_weight_mobile":"","ocean_menu_typo_transform":"","ocean_menu_typo_transform_tablet":"","ocean_menu_typo_transform_mobile":"","ocean_menu_typo_line_height":0,"ocean_menu_typo_line_height_tablet":0,"ocean_menu_typo_line_height_mobile":0,"ocean_menu_typo_line_height_unit":"","ocean_menu_typo_spacing":0,"ocean_menu_typo_spacing_tablet":0,"ocean_menu_typo_spacing_mobile":0,"ocean_menu_typo_spacing_unit":"","ocean_menu_link_color":"","ocean_menu_link_color_hover":"","ocean_menu_link_color_active":"","ocean_menu_link_background":"","ocean_menu_link_hover_background":"","ocean_menu_link_active_background":"","ocean_menu_social_links_bg":"","ocean_menu_social_hover_links_bg":"","ocean_menu_social_links_color":"","ocean_menu_social_hover_links_color":"","ocean_disable_title":"default","ocean_disable_heading":"default","ocean_post_title":"","ocean_post_subheading":"","ocean_post_title_style":"","ocean_post_title_background_color":"","ocean_post_title_background":0,"ocean_post_title_bg_image_position":"","ocean_post_title_bg_image_attachment":"","ocean_post_title_bg_image_repeat":"","ocean_post_title_bg_image_size":"","ocean_post_title_height":0,"ocean_post_title_bg_overlay":0.5,"ocean_post_title_bg_overlay_color":"","ocean_disable_breadcrumbs":"default","ocean_breadcrumbs_color":"","ocean_breadcrumbs_separator_color":"","ocean_breadcrumbs_links_color":"","ocean_breadcrumbs_links_hover_color":"","ocean_display_footer_widgets":"default","ocean_display_footer_bottom":"default","ocean_custom_footer_template":"0","footnotes":""},"class_list":["post-522","page","type-page","status-publish","hentry","entry"],"yoast_head":"<!-- This site is optimized with the Yoast SEO plugin v23.7 - https:\/\/yoast.com\/wordpress\/plugins\/seo\/ -->\n<title>Pedagogika studia licencjackie zaoczne w Elbl\u0105gu - AMISNS<\/title>\n<meta name=\"robots\" content=\"noindex, follow, max-snippet:-1, max-image-preview:large, max-video-preview:-1\" \/>\n<meta property=\"og:locale\" content=\"pl_PL\" \/>\n<meta property=\"og:type\" content=\"article\" \/>\n<meta property=\"og:title\" content=\"Pedagogika studia licencjackie zaoczne w Elbl\u0105gu - AMISNS\" \/>\n<meta property=\"og:description\" content=\"PEDAGOGIKA Pedagogika &#8211; studia I i II stopnia &#8211; kszta\u0142\u0107 si\u0119 na kierunku dla przysz\u0142ych pedagog\u00f3w i edukator\u00f3w Pedagogika to naukowa dyscyplina obejmuj\u0105ca przedmiotem swoich bada\u0144 i praktyk wychowanie, kszta\u0142cenie i rozw\u00f3j cz\u0142owieka we wszystkich fazach jego \u017cycia. Jej przedmiot bada\u0144 jest umiejscowiony zar\u00f3wno w obszarze idei (idea\u0142y, normy, powinno\u015bci), jak i praktycznej dzia\u0142alno\u015bci pedagogicznej. [&hellip;]\" \/>\n<meta property=\"og:url\" content=\"https:\/\/amisns.edu.pl\/stara-wersja\/homepage\/wydzialy\/wydzial-administracji-i-nauk-spolecznych\/pedagogika\/\" \/>\n<meta property=\"og:site_name\" content=\"AMISNS\" \/>\n<meta property=\"article:publisher\" content=\"https:\/\/www.facebook.com\/AMiSNSElblag\" \/>\n<meta property=\"article:modified_time\" content=\"2024-05-23T11:09:20+00:00\" \/>\n<meta name=\"twitter:card\" content=\"summary_large_image\" \/>\n<meta name=\"twitter:label1\" content=\"Szacowany czas czytania\" \/>\n\t<meta name=\"twitter:data1\" content=\"12 minut\" \/>\n<script type=\"application\/ld+json\" class=\"yoast-schema-graph\">{\"@context\":\"https:\/\/schema.org\",\"@graph\":[{\"@type\":\"WebPage\",\"@id\":\"https:\/\/amisns.edu.pl\/stara-wersja\/homepage\/wydzialy\/wydzial-administracji-i-nauk-spolecznych\/pedagogika\/\",\"url\":\"https:\/\/amisns.edu.pl\/stara-wersja\/homepage\/wydzialy\/wydzial-administracji-i-nauk-spolecznych\/pedagogika\/\",\"name\":\"Pedagogika studia licencjackie zaoczne w Elbl\u0105gu - AMISNS\",\"isPartOf\":{\"@id\":\"https:\/\/amisns.edu.pl\/stara-wersja\/stara-wersja\/#website\"},\"datePublished\":\"2022-11-09T11:55:03+00:00\",\"dateModified\":\"2024-05-23T11:09:20+00:00\",\"breadcrumb\":{\"@id\":\"https:\/\/amisns.edu.pl\/stara-wersja\/homepage\/wydzialy\/wydzial-administracji-i-nauk-spolecznych\/pedagogika\/#breadcrumb\"},\"inLanguage\":\"pl-PL\",\"potentialAction\":[{\"@type\":\"ReadAction\",\"target\":[\"https:\/\/amisns.edu.pl\/stara-wersja\/homepage\/wydzialy\/wydzial-administracji-i-nauk-spolecznych\/pedagogika\/\"]}]},{\"@type\":\"BreadcrumbList\",\"@id\":\"https:\/\/amisns.edu.pl\/stara-wersja\/homepage\/wydzialy\/wydzial-administracji-i-nauk-spolecznych\/pedagogika\/#breadcrumb\",\"itemListElement\":[{\"@type\":\"ListItem\",\"position\":1,\"name\":\"Strona g\u0142\u00f3wna\",\"item\":\"https:\/\/amisns.edu.pl\/stara-wersja\/\"},{\"@type\":\"ListItem\",\"position\":2,\"name\":\"Homepage\",\"item\":\"https:\/\/amisns.edu.pl\/stara-wersja\/\"},{\"@type\":\"ListItem\",\"position\":3,\"name\":\"Wydzia\u0142y\",\"item\":\"https:\/\/amisns.edu.pl\/stara-wersja\/homepage\/wydzialy\/\"},{\"@type\":\"ListItem\",\"position\":4,\"name\":\"Wydzia\u0142 Administracji i Nauk Spo\u0142ecznych\",\"item\":\"https:\/\/amisns.edu.pl\/stara-wersja\/homepage\/wydzialy\/wydzial-administracji-i-nauk-spolecznych\/\"},{\"@type\":\"ListItem\",\"position\":5,\"name\":\"Pedagogika\"}]},{\"@type\":\"WebSite\",\"@id\":\"https:\/\/amisns.edu.pl\/stara-wersja\/stara-wersja\/#website\",\"url\":\"https:\/\/amisns.edu.pl\/stara-wersja\/stara-wersja\/\",\"name\":\"AMISNS\",\"description\":\"Akademia Medycznych i Spo\u0142ecznych nauk stosowanych\",\"publisher\":{\"@id\":\"https:\/\/amisns.edu.pl\/stara-wersja\/stara-wersja\/#organization\"},\"potentialAction\":[{\"@type\":\"SearchAction\",\"target\":{\"@type\":\"EntryPoint\",\"urlTemplate\":\"https:\/\/amisns.edu.pl\/stara-wersja\/stara-wersja\/?s={search_term_string}\"},\"query-input\":{\"@type\":\"PropertyValueSpecification\",\"valueRequired\":true,\"valueName\":\"search_term_string\"}}],\"inLanguage\":\"pl-PL\"},{\"@type\":\"Organization\",\"@id\":\"https:\/\/amisns.edu.pl\/stara-wersja\/stara-wersja\/#organization\",\"name\":\"AMISNS\",\"url\":\"https:\/\/amisns.edu.pl\/stara-wersja\/stara-wersja\/\",\"logo\":{\"@type\":\"ImageObject\",\"inLanguage\":\"pl-PL\",\"@id\":\"https:\/\/amisns.edu.pl\/stara-wersja\/stara-wersja\/#\/schema\/logo\/image\/\",\"url\":\"https:\/\/amisns.edu.pl\/stara-wersja\/wp-content\/uploads\/2022\/12\/Znak-AMiSNS-na-strone-www-4k.png\",\"contentUrl\":\"https:\/\/amisns.edu.pl\/stara-wersja\/wp-content\/uploads\/2022\/12\/Znak-AMiSNS-na-strone-www-4k.png\",\"width\":1920,\"height\":523,\"caption\":\"AMISNS\"},\"image\":{\"@id\":\"https:\/\/amisns.edu.pl\/stara-wersja\/stara-wersja\/#\/schema\/logo\/image\/\"},\"sameAs\":[\"https:\/\/www.facebook.com\/AMiSNSElblag\"]}]}<\/script>\n<!-- \/ Yoast SEO plugin. -->","yoast_head_json":{"title":"Pedagogika studia licencjackie zaoczne w Elbl\u0105gu - AMISNS","robots":{"index":"noindex","follow":"follow","max-snippet":"max-snippet:-1","max-image-preview":"max-image-preview:large","max-video-preview":"max-video-preview:-1"},"og_locale":"pl_PL","og_type":"article","og_title":"Pedagogika studia licencjackie zaoczne w Elbl\u0105gu - AMISNS","og_description":"PEDAGOGIKA Pedagogika &#8211; studia I i II stopnia &#8211; kszta\u0142\u0107 si\u0119 na kierunku dla przysz\u0142ych pedagog\u00f3w i edukator\u00f3w Pedagogika to naukowa dyscyplina obejmuj\u0105ca przedmiotem swoich bada\u0144 i praktyk wychowanie, kszta\u0142cenie i rozw\u00f3j cz\u0142owieka we wszystkich fazach jego \u017cycia. Jej przedmiot bada\u0144 jest umiejscowiony zar\u00f3wno w obszarze idei (idea\u0142y, normy, powinno\u015bci), jak i praktycznej dzia\u0142alno\u015bci pedagogicznej. [&hellip;]","og_url":"https:\/\/amisns.edu.pl\/stara-wersja\/homepage\/wydzialy\/wydzial-administracji-i-nauk-spolecznych\/pedagogika\/","og_site_name":"AMISNS","article_publisher":"https:\/\/www.facebook.com\/AMiSNSElblag","article_modified_time":"2024-05-23T11:09:20+00:00","twitter_card":"summary_large_image","twitter_misc":{"Szacowany czas czytania":"12 minut"},"schema":{"@context":"https:\/\/schema.org","@graph":[{"@type":"WebPage","@id":"https:\/\/amisns.edu.pl\/stara-wersja\/homepage\/wydzialy\/wydzial-administracji-i-nauk-spolecznych\/pedagogika\/","url":"https:\/\/amisns.edu.pl\/stara-wersja\/homepage\/wydzialy\/wydzial-administracji-i-nauk-spolecznych\/pedagogika\/","name":"Pedagogika studia licencjackie zaoczne w Elbl\u0105gu - AMISNS","isPartOf":{"@id":"https:\/\/amisns.edu.pl\/stara-wersja\/stara-wersja\/#website"},"datePublished":"2022-11-09T11:55:03+00:00","dateModified":"2024-05-23T11:09:20+00:00","breadcrumb":{"@id":"https:\/\/amisns.edu.pl\/stara-wersja\/homepage\/wydzialy\/wydzial-administracji-i-nauk-spolecznych\/pedagogika\/#breadcrumb"},"inLanguage":"pl-PL","potentialAction":[{"@type":"ReadAction","target":["https:\/\/amisns.edu.pl\/stara-wersja\/homepage\/wydzialy\/wydzial-administracji-i-nauk-spolecznych\/pedagogika\/"]}]},{"@type":"BreadcrumbList","@id":"https:\/\/amisns.edu.pl\/stara-wersja\/homepage\/wydzialy\/wydzial-administracji-i-nauk-spolecznych\/pedagogika\/#breadcrumb","itemListElement":[{"@type":"ListItem","position":1,"name":"Strona g\u0142\u00f3wna","item":"https:\/\/amisns.edu.pl\/stara-wersja\/"},{"@type":"ListItem","position":2,"name":"Homepage","item":"https:\/\/amisns.edu.pl\/stara-wersja\/"},{"@type":"ListItem","position":3,"name":"Wydzia\u0142y","item":"https:\/\/amisns.edu.pl\/stara-wersja\/homepage\/wydzialy\/"},{"@type":"ListItem","position":4,"name":"Wydzia\u0142 Administracji i Nauk Spo\u0142ecznych","item":"https:\/\/amisns.edu.pl\/stara-wersja\/homepage\/wydzialy\/wydzial-administracji-i-nauk-spolecznych\/"},{"@type":"ListItem","position":5,"name":"Pedagogika"}]},{"@type":"WebSite","@id":"https:\/\/amisns.edu.pl\/stara-wersja\/stara-wersja\/#website","url":"https:\/\/amisns.edu.pl\/stara-wersja\/stara-wersja\/","name":"AMISNS","description":"Akademia Medycznych i Spo\u0142ecznych nauk stosowanych","publisher":{"@id":"https:\/\/amisns.edu.pl\/stara-wersja\/stara-wersja\/#organization"},"potentialAction":[{"@type":"SearchAction","target":{"@type":"EntryPoint","urlTemplate":"https:\/\/amisns.edu.pl\/stara-wersja\/stara-wersja\/?s={search_term_string}"},"query-input":{"@type":"PropertyValueSpecification","valueRequired":true,"valueName":"search_term_string"}}],"inLanguage":"pl-PL"},{"@type":"Organization","@id":"https:\/\/amisns.edu.pl\/stara-wersja\/stara-wersja\/#organization","name":"AMISNS","url":"https:\/\/amisns.edu.pl\/stara-wersja\/stara-wersja\/","logo":{"@type":"ImageObject","inLanguage":"pl-PL","@id":"https:\/\/amisns.edu.pl\/stara-wersja\/stara-wersja\/#\/schema\/logo\/image\/","url":"https:\/\/amisns.edu.pl\/stara-wersja\/wp-content\/uploads\/2022\/12\/Znak-AMiSNS-na-strone-www-4k.png","contentUrl":"https:\/\/amisns.edu.pl\/stara-wersja\/wp-content\/uploads\/2022\/12\/Znak-AMiSNS-na-strone-www-4k.png","width":1920,"height":523,"caption":"AMISNS"},"image":{"@id":"https:\/\/amisns.edu.pl\/stara-wersja\/stara-wersja\/#\/schema\/logo\/image\/"},"sameAs":["https:\/\/www.facebook.com\/AMiSNSElblag"]}]}},"_links":{"self":[{"href":"https:\/\/amisns.edu.pl\/stara-wersja\/wp-json\/wp\/v2\/pages\/522"}],"collection":[{"href":"https:\/\/amisns.edu.pl\/stara-wersja\/wp-json\/wp\/v2\/pages"}],"about":[{"href":"https:\/\/amisns.edu.pl\/stara-wersja\/wp-json\/wp\/v2\/types\/page"}],"author":[{"embeddable":true,"href":"https:\/\/amisns.edu.pl\/stara-wersja\/wp-json\/wp\/v2\/users\/2"}],"replies":[{"embeddable":true,"href":"https:\/\/amisns.edu.pl\/stara-wersja\/wp-json\/wp\/v2\/comments?post=522"}],"version-history":[{"count":170,"href":"https:\/\/amisns.edu.pl\/stara-wersja\/wp-json\/wp\/v2\/pages\/522\/revisions"}],"predecessor-version":[{"id":21509,"href":"https:\/\/amisns.edu.pl\/stara-wersja\/wp-json\/wp\/v2\/pages\/522\/revisions\/21509"}],"up":[{"embeddable":true,"href":"https:\/\/amisns.edu.pl\/stara-wersja\/wp-json\/wp\/v2\/pages\/282"}],"wp:attachment":[{"href":"https:\/\/amisns.edu.pl\/stara-wersja\/wp-json\/wp\/v2\/media?parent=522"}],"curies":[{"name":"wp","href":"https:\/\/api.w.org\/{rel}","templated":true}]}}