{"id":592,"date":"2022-11-29T18:33:45","date_gmt":"2022-11-29T17:33:45","guid":{"rendered":"http:\/\/wordpress2247503.home.pl\/public_html\/amisns.edu.pl\/?page_id=592"},"modified":"2023-12-14T08:40:10","modified_gmt":"2023-12-14T07:40:10","slug":"polityki","status":"publish","type":"page","link":"https:\/\/amisns.edu.pl\/stara-wersja\/homepage\/uczelnia\/polityki\/","title":{"rendered":"Polityka jako\u015bci"},"content":{"rendered":"\t\t<div data-elementor-type=\"wp-page\" data-elementor-id=\"592\" class=\"elementor elementor-592\" data-elementor-post-type=\"page\">\n\t\t\t\t\t\t<section class=\"elementor-section elementor-top-section elementor-element elementor-element-03f5d2e elementor-section-full_width elementor-section-height-default elementor-section-height-default\" data-id=\"03f5d2e\" data-element_type=\"section\">\n\t\t\t\t\t\t<div class=\"elementor-container elementor-column-gap-default\">\n\t\t\t\t\t<div class=\"elementor-column elementor-col-100 elementor-top-column elementor-element elementor-element-eba8b9c\" data-id=\"eba8b9c\" data-element_type=\"column\">\n\t\t\t<div class=\"elementor-widget-wrap elementor-element-populated\">\n\t\t\t\t\t\t<div class=\"elementor-element elementor-element-79e203f elementor--h-position-center elementor--v-position-middle elementor-arrows-position-inside elementor-pagination-position-inside elementor-widget elementor-widget-slides\" data-id=\"79e203f\" data-element_type=\"widget\" data-settings=\"{&quot;navigation&quot;:&quot;both&quot;,&quot;autoplay&quot;:&quot;yes&quot;,&quot;pause_on_hover&quot;:&quot;yes&quot;,&quot;pause_on_interaction&quot;:&quot;yes&quot;,&quot;autoplay_speed&quot;:5000,&quot;infinite&quot;:&quot;yes&quot;,&quot;transition&quot;:&quot;slide&quot;,&quot;transition_speed&quot;:500}\" data-widget_type=\"slides.default\">\n\t\t\t\t<div class=\"elementor-widget-container\">\n\t\t\t\t\t<div class=\"elementor-swiper\">\n\t\t\t<div class=\"elementor-slides-wrapper elementor-main-swiper swiper\" dir=\"ltr\" data-animation=\"fadeInUp\">\n\t\t\t\t<div class=\"swiper-wrapper elementor-slides\">\n\t\t\t\t\t\t\t\t\t\t<div class=\"elementor-repeater-item-355104c swiper-slide\"><div class=\"swiper-slide-bg elementor-ken-burns elementor-ken-burns--in\" role=\"img\"><\/div><div class=\"swiper-slide-inner\" ><div class=\"swiper-slide-contents\"><div class=\"elementor-slide-heading\">POLITYKA JAKO\u015aCI<\/div><\/div><\/div><\/div>\t\t\t\t<\/div>\n\t\t\t\t\t\t\t<\/div>\n\t\t<\/div>\n\t\t\t\t<\/div>\n\t\t\t\t<\/div>\n\t\t\t\t\t<\/div>\n\t\t<\/div>\n\t\t\t\t\t<\/div>\n\t\t<\/section>\n\t\t\t\t<section class=\"elementor-section elementor-top-section elementor-element elementor-element-b0464f9 animated-slow elementor-section-boxed elementor-section-height-default elementor-section-height-default elementor-invisible\" data-id=\"b0464f9\" data-element_type=\"section\" data-settings=\"{&quot;animation&quot;:&quot;fadeIn&quot;}\">\n\t\t\t\t\t\t<div class=\"elementor-container elementor-column-gap-default\">\n\t\t\t\t\t<div class=\"elementor-column elementor-col-100 elementor-top-column elementor-element elementor-element-f41d9e5\" data-id=\"f41d9e5\" data-element_type=\"column\">\n\t\t\t<div class=\"elementor-widget-wrap elementor-element-populated\">\n\t\t\t\t\t\t<div class=\"elementor-element elementor-element-b47eb04 elementor-widget elementor-widget-text-editor\" data-id=\"b47eb04\" data-element_type=\"widget\" data-widget_type=\"text-editor.default\">\n\t\t\t\t<div class=\"elementor-widget-container\">\n\t\t\t\t\t\t\t<p>Akademia Medycznych i Spo\u0142ecznych Nauk Stosowanych w Elbl\u0105gu, kieruj\u0105c si\u0119 dobrem spo\u0142ecznym i maj\u0105c na uwadze odpowiedzialno\u015b\u0107 wobec student\u00f3w, wykazuje szczeg\u00f3ln\u0105 dba\u0142o\u015b\u0107 o utrzymanie standard\u00f3w jako\u015bci podczas wykonywania zada\u0144 zwi\u0105zanych z zapewnianiem i ci\u0105g\u0142ym doskonaleniem jako\u015bci kszta\u0142cenia w europejskim obszarze szkolnictwa wy\u017cszego. Akademia Medycznych i Spo\u0142ecznych Nauk Stosowanych w Elbl\u0105gu wychodzi naprzeciw przysz\u0142ym potrzebom i aspiracjom student\u00f3w oraz pozosta\u0142ych interesariuszy, dostosowuje swoj\u0105 ofert\u0119 i programy kszta\u0142cenia do zmian zachodz\u0105cych na rynku pracy, wdra\u017caj\u0105c najlepsze standardy kszta\u0142cenia.<br \/>Akademia przyjmuje podej\u015bcie projako\u015bciowe we wszystkich podejmowanych przez siebie dzia\u0142aniach, a tak\u017ce wyznacza i realizuje cele jako\u015bciowe. Za priorytetowe uznaje ci\u0105g\u0142e doskonalenie przyj\u0119tych procedur projako\u015bciowych, uj\u0119tych w uczelnianym systemie zapewniania jako\u015bci kszta\u0142cenia. Dzia\u0142ania te podejmowane s\u0105 w trosce o uzyskiwanie coraz lepszych wynik\u00f3w kszta\u0142cenia, dzia\u0142alno\u015bci naukowej i organizacyjnej przez pracownik\u00f3w i student\u00f3w.<\/p>\t\t\t\t\t\t<\/div>\n\t\t\t\t<\/div>\n\t\t\t\t\t<\/div>\n\t\t<\/div>\n\t\t\t\t\t<\/div>\n\t\t<\/section>\n\t\t\t\t<section class=\"elementor-section elementor-top-section elementor-element elementor-element-b3cf321 animated-slow elementor-section-boxed elementor-section-height-default elementor-section-height-default elementor-invisible\" data-id=\"b3cf321\" data-element_type=\"section\" data-settings=\"{&quot;animation&quot;:&quot;fadeIn&quot;}\">\n\t\t\t\t\t\t<div class=\"elementor-container elementor-column-gap-default\">\n\t\t\t\t\t<div class=\"elementor-column elementor-col-100 elementor-top-column elementor-element elementor-element-2dd82c3\" data-id=\"2dd82c3\" data-element_type=\"column\">\n\t\t\t<div class=\"elementor-widget-wrap elementor-element-populated\">\n\t\t\t\t\t\t<div class=\"elementor-element elementor-element-c6febf1 elementor-widget elementor-widget-heading\" data-id=\"c6febf1\" data-element_type=\"widget\" data-widget_type=\"heading.default\">\n\t\t\t\t<div class=\"elementor-widget-container\">\n\t\t\t<h2 class=\"elementor-heading-title elementor-size-default\">Nadrz\u0119dnymi celami Akademii Medycznych i Spo\u0142ecznych Nauk Stosowanych wyra\u017conymi w polityce jako\u015bci s\u0105:<\/h2>\t\t<\/div>\n\t\t\t\t<\/div>\n\t\t\t\t\t<\/div>\n\t\t<\/div>\n\t\t\t\t\t<\/div>\n\t\t<\/section>\n\t\t\t\t<section class=\"elementor-section elementor-top-section elementor-element elementor-element-af61372 animated-slow elementor-section-boxed elementor-section-height-default elementor-section-height-default elementor-invisible\" data-id=\"af61372\" data-element_type=\"section\" data-settings=\"{&quot;animation&quot;:&quot;fadeIn&quot;}\">\n\t\t\t\t\t\t<div class=\"elementor-container elementor-column-gap-default\">\n\t\t\t\t\t<div class=\"elementor-column elementor-col-100 elementor-top-column elementor-element elementor-element-3bb4fba\" data-id=\"3bb4fba\" data-element_type=\"column\">\n\t\t\t<div class=\"elementor-widget-wrap elementor-element-populated\">\n\t\t\t\t\t\t<div class=\"elementor-element elementor-element-fa66505 elementor-widget elementor-widget-text-editor\" data-id=\"fa66505\" data-element_type=\"widget\" data-widget_type=\"text-editor.default\">\n\t\t\t\t<div class=\"elementor-widget-container\">\n\t\t\t\t\t\t\t<p>1. realizowanie procesu kszta\u0142cenia zgodnie z krajowymi i mi\u0119dzynarodowymi standardami;<br>2. skuteczna i efektywna realizacja zada\u0144 ustawowych, a tak\u017ce misji i cel\u00f3w strategicznych Akademii;<br>3. skuteczna oraz efektywna realizacja polityki i procedur zarz\u0105dzania jako\u015bci\u0105; <br>4. sta\u0142y rozw\u00f3j pracownik\u00f3w poprzez systematyczne doskonalenie ich kompetencji;<br>5. sta\u0142y monitoring procesu kszta\u0142cenia i szybkie reagowanie na wszelkie zdiagnozowane nieprawid\u0142owo\u015bci;<br>6. doskonalenie program\u00f3w kszta\u0142cenia w porozumienia z partnerami programowymi i interesariuszami zewn\u0119trznymi;<br>7. zapewnianie nowoczesnych zasob\u00f3w do nauki, umo\u017cliwiaj\u0105cych stosowanie innowacyjnych metod dydaktycznych; <br>8. transparentno\u015b\u0107 procesu kszta\u0142cenia.<\/p>\t\t\t\t\t\t<\/div>\n\t\t\t\t<\/div>\n\t\t\t\t\t<\/div>\n\t\t<\/div>\n\t\t\t\t\t<\/div>\n\t\t<\/section>\n\t\t\t\t<section class=\"elementor-section elementor-top-section elementor-element elementor-element-ced36be animated-slow elementor-section-boxed elementor-section-height-default elementor-section-height-default elementor-invisible\" data-id=\"ced36be\" data-element_type=\"section\" data-settings=\"{&quot;animation&quot;:&quot;fadeIn&quot;}\">\n\t\t\t\t\t\t<div class=\"elementor-container elementor-column-gap-default\">\n\t\t\t\t\t<div class=\"elementor-column elementor-col-100 elementor-top-column elementor-element elementor-element-9cced90\" data-id=\"9cced90\" data-element_type=\"column\">\n\t\t\t<div class=\"elementor-widget-wrap elementor-element-populated\">\n\t\t\t\t\t\t<div class=\"elementor-element elementor-element-cd137f9 elementor-widget elementor-widget-heading\" data-id=\"cd137f9\" data-element_type=\"widget\" data-widget_type=\"heading.default\">\n\t\t\t\t<div class=\"elementor-widget-container\">\n\t\t\t<h2 class=\"elementor-heading-title elementor-size-default\">Cele te s\u0105 realizowane poprzez nast\u0119puj\u0105ce dzia\u0142ania:<\/h2>\t\t<\/div>\n\t\t\t\t<\/div>\n\t\t\t\t\t<\/div>\n\t\t<\/div>\n\t\t\t\t\t<\/div>\n\t\t<\/section>\n\t\t\t\t<section class=\"elementor-section elementor-top-section elementor-element elementor-element-17c517b animated-slow elementor-section-boxed elementor-section-height-default elementor-section-height-default elementor-invisible\" data-id=\"17c517b\" data-element_type=\"section\" data-settings=\"{&quot;animation&quot;:&quot;fadeIn&quot;}\">\n\t\t\t\t\t\t<div class=\"elementor-container elementor-column-gap-default\">\n\t\t\t\t\t<div class=\"elementor-column elementor-col-100 elementor-top-column elementor-element elementor-element-c82fbfb\" data-id=\"c82fbfb\" data-element_type=\"column\">\n\t\t\t<div class=\"elementor-widget-wrap elementor-element-populated\">\n\t\t\t\t\t\t<div class=\"elementor-element elementor-element-c6966e3 elementor-widget elementor-widget-text-editor\" data-id=\"c6966e3\" data-element_type=\"widget\" data-widget_type=\"text-editor.default\">\n\t\t\t\t<div class=\"elementor-widget-container\">\n\t\t\t\t\t\t\t<p>1. budowanie i szerzenie kultury jako\u015bci w\u015br\u00f3d student\u00f3w i pracownik\u00f3w;<br \/>2. przekazywanie studiuj\u0105cym wiedzy opartej na aktualnym stanie nauki oraz najnowszych kierunkach jej rozwoju, w dziedzinach i dyscyplinach bada\u0144 prowadzonych przez Akademi\u0119;<br \/>3. sta\u0142e doskonalenie i rozbudowywanie oferty edukacyjnej zgodnie z oczekiwaniami student\u00f3w oraz aktualnych tendencji na rynku pracy;<br \/>4. sta\u0142e doskonalenie metod dydaktycznych, w tym metod i technik kszta\u0142cenia na odleg\u0142o\u015b\u0107;<br \/>5. okresowe przegl\u0105dy program\u00f3w kszta\u0142cenia prowadzone w porozumienia z interesariuszami zewn\u0119trznymi;<br \/>6. stosowanie procedur oraz inicjowanie nowych rozwi\u0105za\u0144 podnosz\u0105cych jako\u015b\u0107 podejmowanych dzia\u0142a\u0144;<br \/>7. anga\u017cowanie przedstawicieli student\u00f3w do wsp\u00f3\u0142uczestniczenia w doskonaleniu proces\u00f3w kszta\u0142cenia;<br \/>8. identyfikowanie zmian o charakterze jako\u015bciowym, zwi\u0105zanych z dzia\u0142aniami i funkcjonowaniem systemu zarz\u0105dzania jako\u015bci\u0105 i wdra\u017canie ich w Akademii poprzez modyfikacj\u0119 wewn\u0119trznego systemu zarz\u0105dzania jako\u015bci\u0105;<br \/>9. dokonywanie cyklicznej oceny funkcjonowania systemu zarz\u0105dzania jako\u015bci\u0105;<br \/>10. zapewnianie sprawnego przep\u0142ywu informacji pomi\u0119dzy interesariuszami wewn\u0119trznymi i zewn\u0119trznymi.<\/p>\t\t\t\t\t\t<\/div>\n\t\t\t\t<\/div>\n\t\t\t\t\t<\/div>\n\t\t<\/div>\n\t\t\t\t\t<\/div>\n\t\t<\/section>\n\t\t\t\t<section class=\"elementor-section elementor-top-section elementor-element elementor-element-47bfc39 elementor-section-boxed elementor-section-height-default elementor-section-height-default elementor-invisible\" data-id=\"47bfc39\" data-element_type=\"section\" data-settings=\"{&quot;animation&quot;:&quot;fadeIn&quot;}\">\n\t\t\t\t\t\t<div class=\"elementor-container elementor-column-gap-default\">\n\t\t\t\t\t<div class=\"elementor-column elementor-col-66 elementor-top-column elementor-element elementor-element-8c99d5f\" data-id=\"8c99d5f\" data-element_type=\"column\">\n\t\t\t<div class=\"elementor-widget-wrap elementor-element-populated\">\n\t\t\t\t\t\t<div class=\"elementor-element elementor-element-15ef844 elementor-widget elementor-widget-text-editor\" data-id=\"15ef844\" data-element_type=\"widget\" data-widget_type=\"text-editor.default\">\n\t\t\t\t<div class=\"elementor-widget-container\">\n\t\t\t\t\t\t\t<p>Uchwa\u0142a Senatu z dnia 17 grudnia 2021 r. w sprawie polityki jako\u015bci<\/p>\t\t\t\t\t\t<\/div>\n\t\t\t\t<\/div>\n\t\t\t\t\t<\/div>\n\t\t<\/div>\n\t\t\t\t<div class=\"elementor-column elementor-col-33 elementor-top-column elementor-element elementor-element-2143284\" data-id=\"2143284\" data-element_type=\"column\">\n\t\t\t<div class=\"elementor-widget-wrap elementor-element-populated\">\n\t\t\t\t\t\t<div class=\"elementor-element elementor-element-5905df8 elementor-align-center elementor-widget elementor-widget-button\" data-id=\"5905df8\" data-element_type=\"widget\" data-widget_type=\"button.default\">\n\t\t\t\t<div class=\"elementor-widget-container\">\n\t\t\t\t\t<div class=\"elementor-button-wrapper\">\n\t\t\t<a class=\"elementor-button elementor-button-link elementor-size-sm elementor-animation-grow\" href=\"http:\/\/amisns.edu.pl\/wp-content\/uploads\/2022\/12\/Uchwala_senatu_ws._Polityki_jakosci_17.12.2021.pdf\" target=\"_blank\">\n\t\t\t\t\t\t<span class=\"elementor-button-content-wrapper\">\n\t\t\t\t\t\t<span class=\"elementor-button-icon\">\n\t\t\t\t<i aria-hidden=\"true\" class=\"fas fa-file-download\"><\/i>\t\t\t<\/span>\n\t\t\t\t\t\t\t\t\t<span class=\"elementor-button-text\">Pobierz plik<\/span>\n\t\t\t\t\t<\/span>\n\t\t\t\t\t<\/a>\n\t\t<\/div>\n\t\t\t\t<\/div>\n\t\t\t\t<\/div>\n\t\t\t\t\t<\/div>\n\t\t<\/div>\n\t\t\t\t\t<\/div>\n\t\t<\/section>\n\t\t\t\t<section class=\"elementor-section elementor-top-section elementor-element elementor-element-cd42bbb animated-slow elementor-section-boxed elementor-section-height-default elementor-section-height-default elementor-invisible\" data-id=\"cd42bbb\" data-element_type=\"section\" data-settings=\"{&quot;animation&quot;:&quot;fadeIn&quot;}\">\n\t\t\t\t\t\t<div class=\"elementor-container elementor-column-gap-default\">\n\t\t\t\t\t<div class=\"elementor-column elementor-col-100 elementor-top-column elementor-element elementor-element-ecefe23\" data-id=\"ecefe23\" data-element_type=\"column\">\n\t\t\t<div class=\"elementor-widget-wrap elementor-element-populated\">\n\t\t\t\t\t\t<div class=\"elementor-element elementor-element-6323d88 elementor-widget elementor-widget-heading\" data-id=\"6323d88\" data-element_type=\"widget\" data-widget_type=\"heading.default\">\n\t\t\t\t<div class=\"elementor-widget-container\">\n\t\t\t<h2 class=\"elementor-heading-title elementor-size-default\">Polityka wsp\u00f3\u0142pracy mi\u0119dzynarodowej<br>Akademii Medycznych i Spo\u0142ecznych Nauk Stosowanych<\/h2>\t\t<\/div>\n\t\t\t\t<\/div>\n\t\t\t\t\t<\/div>\n\t\t<\/div>\n\t\t\t\t\t<\/div>\n\t\t<\/section>\n\t\t\t\t<section class=\"elementor-section elementor-top-section elementor-element elementor-element-eb9f95f animated-slow elementor-section-boxed elementor-section-height-default elementor-section-height-default elementor-invisible\" data-id=\"eb9f95f\" data-element_type=\"section\" data-settings=\"{&quot;animation&quot;:&quot;fadeIn&quot;}\">\n\t\t\t\t\t\t<div class=\"elementor-container elementor-column-gap-default\">\n\t\t\t\t\t<div class=\"elementor-column elementor-col-100 elementor-top-column elementor-element elementor-element-7679f1d\" data-id=\"7679f1d\" data-element_type=\"column\">\n\t\t\t<div class=\"elementor-widget-wrap elementor-element-populated\">\n\t\t\t\t\t\t<div class=\"elementor-element elementor-element-f4da48d elementor-widget__width-initial elementor-widget elementor-widget-text-editor\" data-id=\"f4da48d\" data-element_type=\"widget\" data-widget_type=\"text-editor.default\">\n\t\t\t\t<div class=\"elementor-widget-container\">\n\t\t\t\t\t\t\t<p>Wsp\u00f3\u0142praca mi\u0119dzynarodowa ma zasadnicze znaczenie dla rozwoju AMiSNS. Cele zwi\u0105zane z Europejskim Obszarem Edukacyjnym s\u0105 dla uczelni nadrz\u0119dne w rozwijaniu oferty edukacyjnej i stwarzaniu mo\u017cliwo\u015bci doskonalenia kompetencji kadry i student\u00f3w poprzez realizacj\u0119 projekt\u00f3w mi\u0119dzynarodowych oraz wykorzystanie mo\u017cliwo\u015bci wynikaj\u0105cych z programu Erasmus +.<\/p><p>Aby uczyni\u0107 t\u0119 kwesti\u0119 priorytetow\u0105, okre\u015blone zosta\u0142y wytyczne dla wsp\u00f3\u0142pracy mi\u0119dzynarodowej, zawarte w strategii uczelni, obowi\u0105zuj\u0105cej do 2025 roku. W dokumencie tym okre\u015blono kierunek rozwoju krajowej i mi\u0119dzynarodowej wsp\u00f3\u0142pracy akademickiej.<\/p><p>AMiSNS realizuje wsp\u00f3\u0142prac\u0119 z uczelniami i innymi podmiotami za granic\u0105, bior\u0105c pod uwag\u0119 nast\u0119puj\u0105ce kryteria:<\/p><ul><li>zapewnienie mo\u017cliwo\u015bci rozwijania mi\u0119dzynarodowej wsp\u00f3\u0142pracy w obszarach kszta\u0142cenia odpowiadaj\u0105cych obecnym i przysz\u0142ym kierunkom rozwoju uczelni;<\/li><li>zapewnienie zr\u00f3\u017cnicowanej oferty partner\u00f3w zagranicznych, uwzgl\u0119dniaj\u0105cej tak\u017ce wsp\u00f3\u0142prac\u0119 mi\u0119dzynarodow\u0105 Elbl\u0105ga i regionu (podpisane partnerstwa przez w\u0142adze samorz\u0105dowe).<\/li><\/ul><p>Realizacji cel\u00f3w strategicznych zawartych w strategii s\u0142u\u017c\u0105 nast\u0119puj\u0105ce dzia\u0142ania:<\/p><ul><li>rozwijanie mi\u0119dzynarodowej wymiany pracownik\u00f3w akademickich oraz student\u00f3w w ramach programu Erasmus +;<\/li><li>budowanie sieci relacji z innymi o\u015brodkami akademickimi za granic\u0105 w zakresie bada\u0144 rozwojowych;<\/li><li>wspieranie dzia\u0142a\u0144 pracownik\u00f3w i student\u00f3w zmierzaj\u0105cych do zwi\u0119kszenia aktywno\u015bci i mobilno\u015bci mi\u0119dzynarodowej;<\/li><li>promowanie w\u015br\u00f3d pracownik\u00f3w i student\u00f3w mo\u017cliwo\u015bci udzia\u0142u w mi\u0119dzynarodowych projektach;<\/li><li>koordynacj\u0119 przep\u0142ywu informacji pomi\u0119dzy AMiSNS i partnerami zagranicznymi;<\/li><li>wznowienie dawnych porozumie\u0144 partnerskich w zakresie d\u0142ugofalowej wsp\u00f3\u0142pracy zagranicznej;<\/li><li>nawi\u0105zanie nowych porozumie\u0144 mi\u0119dzyuczelnianych i rozszerzenie sieci kontakt\u00f3w z partnerami zagranicznymi;<\/li><li>inicjowanie mi\u0119dzynarodowych wydarze\u0144 w celu zwi\u0119kszenia liczby wyk\u0142adowc\u00f3w i pracownik\u00f3w zagranicznych oraz popularyzacji programu Erasmus+;<\/li><li>zwi\u0119kszenie poziomu aplikowania o granty ze \u015brodk\u00f3w zagranicznych; udzia\u0142 AMiSNS w transgranicznych programach dedykowanych wsp\u00f3\u0142pracy mi\u0119dzynarodowej, gwarantuj\u0105cych dofinansowanie projekt\u00f3w proponowanych m.in. przez Urz\u0105d Marsza\u0142kowski i Euroregion Ba\u0142tyk;<\/li><li>budowanie atrakcyjnej oferty programu kszta\u0142cenia w j\u0119zyku polskim i j\u0119zykach obcych;<\/li><li>stworzenie angielskiej wersji strony internetowej uczelni AMiSNS ;<br \/>prowadzenie zaj\u0119\u0107 w j\u0119zykach obcych\/angielskim;<\/li><li>wzmacnianie udzia\u0142u AMiSNS w mi\u0119dzynarodowych konferencjach, sympozjach, badaniach naukowych;<\/li><li>opracowywanie mi\u0119dzynarodowych program\u00f3w badawczych z udzia\u0142em student\u00f3w;<\/li><li>rozwijanie wsp\u00f3\u0142pracy z przedsi\u0119biorcami zagranicznymi i plac\u00f3wkami medycznymi poprzez realizacj\u0119 praktyk i szkole\u0144;<\/li><li>organizacja szkole\u0144 przygotowuj\u0105cych do udzia\u0142u w projektach mi\u0119dzynarodowych.<\/li><\/ul><p>Uczelnia uwzgl\u0119dnia w swojej polityce wsp\u00f3\u0142pracy mi\u0119dzynarodowej konieczno\u015b\u0107 zach\u0119cania do udzia\u0142u w programach wsp\u00f3\u0142pracy mi\u0119dzynarodowej os\u00f3b niepe\u0142nosprawnych, os\u00f3b w trudnej sytuacji \u017cyciowej. Ma to s\u0142u\u017cy\u0107 ograniczaniu negatywnych zjawisk spo\u0142ecznych, w tym migracji do najwi\u0119kszych o\u015brodk\u00f3w miejskich w Polsce oraz przeciwdzia\u0142aniu dyskryminacji. Postawione cele realizowane s\u0105 w duchu tolerancji, opartej na szacunku i akceptacji bez wzgl\u0119du na pochodzenie, kultur\u0119 czy religi\u0119 jednostki.<\/p><p>Uczelnia promuje d\u0105\u017cenie do doskona\u0142o\u015bci w rozwijaniu umiej\u0119tno\u015bci i wiedzy swoich pracownik\u00f3w oraz student\u00f3w, stwarzaj\u0105c szanse rozwojowe osobom z mniejszych o\u015brodk\u00f3w, oddalonych od aglomeracji miejskich oraz osobom ze \u015brodowisk defaworyzowanych spo\u0142ecznie. Dostosowuje te\u017c swoj\u0105 ofert\u0119 kszta\u0142cenia do realnych potrzeb interesariuszy, uwzgl\u0119dniaj\u0105c w tej ofercie zjawiska spo\u0142eczno-gospodarcze zachodz\u0105ce w przestrzeni mi\u0119dzynarodowej.<\/p><p>Realizacja polityki wsp\u00f3\u0142pracy mi\u0119dzynarodowej w za\u0142o\u017ceniu powinna prowadzi\u0107 do:<\/p><ul><li>wzrostu liczby uczestnik\u00f3w projekt\u00f3w mi\u0119dzynarodowych, w tym os\u00f3b bior\u0105cych udzia\u0142 w programie Erasmus+;<\/li><li>wzrostu wiedzy i umiej\u0119tno\u015bci praktycznych absolwent\u00f3w uczelni rozpoczynaj\u0105cych prac\u0119 w zawodzie;<\/li><li>doskonalenia program\u00f3w kszta\u0142cenia i form wsp\u00f3\u0142pracy mi\u0119dzynarodowej;<\/li><li>zapewnienia wyje\u017cd\u017caj\u0105cym i przyje\u017cd\u017caj\u0105cym uczestnikom projekt\u00f3w mi\u0119dzynarodowych pomocy zwi\u0105zanej z dostosowaniem si\u0119 do nowego otoczenia i spe\u0142nieniem wymaga\u0144 wynikaj\u0105cych z danego projektu;<\/li><li>zapewnienia przyje\u017cd\u017caj\u0105cym partnerom (studenci, kadra) wsparcia j\u0119zykowego;<\/li><li>kszta\u0142towania wizerunku AMiSNS jako uczelni, kt\u00f3ra potrafi funkcjonowa\u0107 w przestrzeni mi\u0119dzynarodowej i budowa\u0107 atrakcyjn\u0105 dla swoich student\u00f3w i partner\u00f3w sie\u0107 kontakt\u00f3w.<\/li><\/ul>\t\t\t\t\t\t<\/div>\n\t\t\t\t<\/div>\n\t\t\t\t\t<\/div>\n\t\t<\/div>\n\t\t\t\t\t<\/div>\n\t\t<\/section>\n\t\t\t\t<section class=\"elementor-section elementor-top-section elementor-element elementor-element-d2375ab animated-slow elementor-section-boxed elementor-section-height-default elementor-section-height-default elementor-invisible\" data-id=\"d2375ab\" data-element_type=\"section\" data-settings=\"{&quot;animation&quot;:&quot;fadeIn&quot;}\">\n\t\t\t\t\t\t<div class=\"elementor-container elementor-column-gap-default\">\n\t\t\t\t\t<div class=\"elementor-column elementor-col-66 elementor-top-column elementor-element elementor-element-1972213\" data-id=\"1972213\" data-element_type=\"column\">\n\t\t\t<div class=\"elementor-widget-wrap elementor-element-populated\">\n\t\t\t\t\t\t<div class=\"elementor-element elementor-element-ad0236c elementor-widget elementor-widget-text-editor\" data-id=\"ad0236c\" data-element_type=\"widget\" data-widget_type=\"text-editor.default\">\n\t\t\t\t<div class=\"elementor-widget-container\">\n\t\t\t\t\t\t\t<p>Zarz\u0105dzenie Rektora w sprawie polityki wsp\u00f3\u0142pracy mi\u0119dzynarodowej<\/p>\t\t\t\t\t\t<\/div>\n\t\t\t\t<\/div>\n\t\t\t\t\t<\/div>\n\t\t<\/div>\n\t\t\t\t<div class=\"elementor-column elementor-col-33 elementor-top-column elementor-element elementor-element-26ccf32\" data-id=\"26ccf32\" data-element_type=\"column\">\n\t\t\t<div class=\"elementor-widget-wrap elementor-element-populated\">\n\t\t\t\t\t\t<div class=\"elementor-element elementor-element-4e28898 elementor-align-center elementor-widget elementor-widget-button\" data-id=\"4e28898\" data-element_type=\"widget\" data-widget_type=\"button.default\">\n\t\t\t\t<div class=\"elementor-widget-container\">\n\t\t\t\t\t<div class=\"elementor-button-wrapper\">\n\t\t\t<a class=\"elementor-button elementor-button-link elementor-size-sm elementor-animation-grow\" href=\"http:\/\/amisns.edu.pl\/wp-content\/uploads\/2022\/12\/zarzadzenie_rektora_ws._polityki_wspolpracy_miedzynarodowej.pdf\" target=\"_blank\">\n\t\t\t\t\t\t<span class=\"elementor-button-content-wrapper\">\n\t\t\t\t\t\t<span class=\"elementor-button-icon\">\n\t\t\t\t<i aria-hidden=\"true\" class=\"fas fa-file-download\"><\/i>\t\t\t<\/span>\n\t\t\t\t\t\t\t\t\t<span class=\"elementor-button-text\">Pobierz plik<\/span>\n\t\t\t\t\t<\/span>\n\t\t\t\t\t<\/a>\n\t\t<\/div>\n\t\t\t\t<\/div>\n\t\t\t\t<\/div>\n\t\t\t\t\t<\/div>\n\t\t<\/div>\n\t\t\t\t\t<\/div>\n\t\t<\/section>\n\t\t\t\t<section class=\"elementor-section elementor-top-section elementor-element elementor-element-cb31636 animated-slow elementor-section-boxed elementor-section-height-default elementor-section-height-default elementor-invisible\" data-id=\"cb31636\" data-element_type=\"section\" data-settings=\"{&quot;animation&quot;:&quot;fadeIn&quot;}\">\n\t\t\t\t\t\t<div class=\"elementor-container elementor-column-gap-default\">\n\t\t\t\t\t<div class=\"elementor-column elementor-col-100 elementor-top-column elementor-element elementor-element-71a9012\" data-id=\"71a9012\" data-element_type=\"column\">\n\t\t\t<div class=\"elementor-widget-wrap elementor-element-populated\">\n\t\t\t\t\t\t<div class=\"elementor-element elementor-element-a00daeb elementor-widget-divider--view-line elementor-widget elementor-widget-divider\" data-id=\"a00daeb\" data-element_type=\"widget\" data-widget_type=\"divider.default\">\n\t\t\t\t<div class=\"elementor-widget-container\">\n\t\t\t\t\t<div class=\"elementor-divider\">\n\t\t\t<span class=\"elementor-divider-separator\">\n\t\t\t\t\t\t<\/span>\n\t\t<\/div>\n\t\t\t\t<\/div>\n\t\t\t\t<\/div>\n\t\t\t\t\t<\/div>\n\t\t<\/div>\n\t\t\t\t\t<\/div>\n\t\t<\/section>\n\t\t\t\t<section class=\"elementor-section elementor-top-section elementor-element elementor-element-ddf361e animated-slow elementor-section-boxed elementor-section-height-default elementor-section-height-default elementor-invisible\" data-id=\"ddf361e\" data-element_type=\"section\" data-settings=\"{&quot;animation&quot;:&quot;fadeIn&quot;}\">\n\t\t\t\t\t\t<div class=\"elementor-container elementor-column-gap-default\">\n\t\t\t\t\t<div class=\"elementor-column elementor-col-66 elementor-top-column elementor-element elementor-element-271af80\" data-id=\"271af80\" data-element_type=\"column\">\n\t\t\t<div class=\"elementor-widget-wrap elementor-element-populated\">\n\t\t\t\t\t\t<div class=\"elementor-element elementor-element-93187ad elementor-widget elementor-widget-text-editor\" data-id=\"93187ad\" data-element_type=\"widget\" data-widget_type=\"text-editor.default\">\n\t\t\t\t<div class=\"elementor-widget-container\">\n\t\t\t\t\t\t\t<p>Zarz\u0105dzenie Rektora Akademii Medycznych i Spo\u0142ecznych Nauk Stosowanych z dnia 1 pa\u017adziernika 2019 roku w sprawie wprowadzenia Standardu antydyskryminacyjnego<\/p>\t\t\t\t\t\t<\/div>\n\t\t\t\t<\/div>\n\t\t\t\t\t<\/div>\n\t\t<\/div>\n\t\t\t\t<div class=\"elementor-column elementor-col-33 elementor-top-column elementor-element elementor-element-c22c9ce\" data-id=\"c22c9ce\" data-element_type=\"column\">\n\t\t\t<div class=\"elementor-widget-wrap elementor-element-populated\">\n\t\t\t\t\t\t<div class=\"elementor-element elementor-element-5563620 elementor-align-center elementor-widget elementor-widget-button\" data-id=\"5563620\" data-element_type=\"widget\" data-widget_type=\"button.default\">\n\t\t\t\t<div class=\"elementor-widget-container\">\n\t\t\t\t\t<div class=\"elementor-button-wrapper\">\n\t\t\t<a class=\"elementor-button elementor-button-link elementor-size-sm elementor-animation-grow\" href=\"http:\/\/amisns.edu.pl\/wp-content\/uploads\/2022\/12\/Standard_antydyskryminacyjny_paz._2019.pdf\" target=\"_blank\">\n\t\t\t\t\t\t<span class=\"elementor-button-content-wrapper\">\n\t\t\t\t\t\t<span class=\"elementor-button-icon\">\n\t\t\t\t<i aria-hidden=\"true\" class=\"fas fa-file-download\"><\/i>\t\t\t<\/span>\n\t\t\t\t\t\t\t\t\t<span class=\"elementor-button-text\">Pobierz plik<\/span>\n\t\t\t\t\t<\/span>\n\t\t\t\t\t<\/a>\n\t\t<\/div>\n\t\t\t\t<\/div>\n\t\t\t\t<\/div>\n\t\t\t\t\t<\/div>\n\t\t<\/div>\n\t\t\t\t\t<\/div>\n\t\t<\/section>\n\t\t\t\t<section class=\"elementor-section elementor-top-section elementor-element elementor-element-9003003 animated-slow elementor-section-boxed elementor-section-height-default elementor-section-height-default elementor-invisible\" data-id=\"9003003\" data-element_type=\"section\" data-settings=\"{&quot;animation&quot;:&quot;fadeIn&quot;}\">\n\t\t\t\t\t\t<div class=\"elementor-container elementor-column-gap-default\">\n\t\t\t\t\t<div class=\"elementor-column elementor-col-100 elementor-top-column elementor-element elementor-element-70d7a0c\" data-id=\"70d7a0c\" data-element_type=\"column\">\n\t\t\t<div class=\"elementor-widget-wrap elementor-element-populated\">\n\t\t\t\t\t\t<div class=\"elementor-element elementor-element-9114b2e elementor-widget-divider--view-line elementor-widget elementor-widget-divider\" data-id=\"9114b2e\" data-element_type=\"widget\" data-widget_type=\"divider.default\">\n\t\t\t\t<div class=\"elementor-widget-container\">\n\t\t\t\t\t<div class=\"elementor-divider\">\n\t\t\t<span class=\"elementor-divider-separator\">\n\t\t\t\t\t\t<\/span>\n\t\t<\/div>\n\t\t\t\t<\/div>\n\t\t\t\t<\/div>\n\t\t\t\t\t<\/div>\n\t\t<\/div>\n\t\t\t\t\t<\/div>\n\t\t<\/section>\n\t\t\t\t<section class=\"elementor-section elementor-top-section elementor-element elementor-element-55583b4 animated-slow elementor-section-boxed elementor-section-height-default elementor-section-height-default elementor-invisible\" data-id=\"55583b4\" data-element_type=\"section\" data-settings=\"{&quot;animation&quot;:&quot;fadeIn&quot;}\">\n\t\t\t\t\t\t<div class=\"elementor-container elementor-column-gap-default\">\n\t\t\t\t\t<div class=\"elementor-column elementor-col-66 elementor-top-column elementor-element elementor-element-2fc6323\" data-id=\"2fc6323\" data-element_type=\"column\">\n\t\t\t<div class=\"elementor-widget-wrap elementor-element-populated\">\n\t\t\t\t\t\t<div class=\"elementor-element elementor-element-6347883 elementor-widget elementor-widget-text-editor\" data-id=\"6347883\" data-element_type=\"widget\" data-widget_type=\"text-editor.default\">\n\t\t\t\t<div class=\"elementor-widget-container\">\n\t\t\t\t\t\t\t<p>Zarz\u0105dzenie Rektora Akademii Medycznych i Spo\u0142ecznych Nauk Stosowanych z dnia 15 lipca 2021 roku w sprawie wprowadzenia Procedury przeciwdzia\u0142ania dyskryminacji i molestowaniu seksualnemu w AMiSNS<\/p>\t\t\t\t\t\t<\/div>\n\t\t\t\t<\/div>\n\t\t\t\t\t<\/div>\n\t\t<\/div>\n\t\t\t\t<div class=\"elementor-column elementor-col-33 elementor-top-column elementor-element elementor-element-713f7a7\" data-id=\"713f7a7\" data-element_type=\"column\">\n\t\t\t<div class=\"elementor-widget-wrap elementor-element-populated\">\n\t\t\t\t\t\t<div class=\"elementor-element elementor-element-0fb6143 elementor-align-center elementor-widget elementor-widget-button\" data-id=\"0fb6143\" data-element_type=\"widget\" data-widget_type=\"button.default\">\n\t\t\t\t<div class=\"elementor-widget-container\">\n\t\t\t\t\t<div class=\"elementor-button-wrapper\">\n\t\t\t<a class=\"elementor-button elementor-button-link elementor-size-sm elementor-animation-grow\" href=\"http:\/\/amisns.edu.pl\/wp-content\/uploads\/2022\/12\/zarzadzenie_Rektora_ws._procedury_przeciwdzialania_dyskryminacji_i_molestowaniu_seksualnemu.pdf\" target=\"_blank\">\n\t\t\t\t\t\t<span class=\"elementor-button-content-wrapper\">\n\t\t\t\t\t\t<span class=\"elementor-button-icon\">\n\t\t\t\t<i aria-hidden=\"true\" class=\"fas fa-file-download\"><\/i>\t\t\t<\/span>\n\t\t\t\t\t\t\t\t\t<span class=\"elementor-button-text\">Pobierz plik<\/span>\n\t\t\t\t\t<\/span>\n\t\t\t\t\t<\/a>\n\t\t<\/div>\n\t\t\t\t<\/div>\n\t\t\t\t<\/div>\n\t\t\t\t\t<\/div>\n\t\t<\/div>\n\t\t\t\t\t<\/div>\n\t\t<\/section>\n\t\t\t\t<\/div>\n\t\t","protected":false},"excerpt":{"rendered":"<p>POLITYKA JAKO\u015aCI Akademia Medycznych i Spo\u0142ecznych Nauk Stosowanych w Elbl\u0105gu, kieruj\u0105c si\u0119 dobrem spo\u0142ecznym i maj\u0105c na uwadze odpowiedzialno\u015b\u0107 wobec student\u00f3w, wykazuje szczeg\u00f3ln\u0105 dba\u0142o\u015b\u0107 o utrzymanie standard\u00f3w jako\u015bci podczas wykonywania zada\u0144 zwi\u0105zanych z zapewnianiem i ci\u0105g\u0142ym doskonaleniem jako\u015bci kszta\u0142cenia w europejskim obszarze szkolnictwa wy\u017cszego. Akademia Medycznych i Spo\u0142ecznych Nauk Stosowanych w Elbl\u0105gu wychodzi naprzeciw przysz\u0142ym [&hellip;]<\/p>\n","protected":false},"author":2,"featured_media":0,"parent":54,"menu_order":0,"comment_status":"closed","ping_status":"closed","template":"elementor_header_footer","meta":{"ocean_post_layout":"","ocean_both_sidebars_style":"","ocean_both_sidebars_content_width":0,"ocean_both_sidebars_sidebars_width":0,"ocean_sidebar":"0","ocean_second_sidebar":"0","ocean_disable_margins":"enable","ocean_add_body_class":"","ocean_shortcode_before_top_bar":"","ocean_shortcode_after_top_bar":"","ocean_shortcode_before_header":"","ocean_shortcode_after_header":"","ocean_has_shortcode":"","ocean_shortcode_after_title":"","ocean_shortcode_before_footer_widgets":"","ocean_shortcode_after_footer_widgets":"","ocean_shortcode_before_footer_bottom":"","ocean_shortcode_after_footer_bottom":"","ocean_display_top_bar":"default","ocean_display_header":"default","ocean_header_style":"","ocean_center_header_left_menu":"0","ocean_custom_header_template":"0","ocean_custom_logo":0,"ocean_custom_retina_logo":0,"ocean_custom_logo_max_width":0,"ocean_custom_logo_tablet_max_width":0,"ocean_custom_logo_mobile_max_width":0,"ocean_custom_logo_max_height":0,"ocean_custom_logo_tablet_max_height":0,"ocean_custom_logo_mobile_max_height":0,"ocean_header_custom_menu":"0","ocean_menu_typo_font_family":"0","ocean_menu_typo_font_subset":"","ocean_menu_typo_font_size":0,"ocean_menu_typo_font_size_tablet":0,"ocean_menu_typo_font_size_mobile":0,"ocean_menu_typo_font_size_unit":"px","ocean_menu_typo_font_weight":"","ocean_menu_typo_font_weight_tablet":"","ocean_menu_typo_font_weight_mobile":"","ocean_menu_typo_transform":"","ocean_menu_typo_transform_tablet":"","ocean_menu_typo_transform_mobile":"","ocean_menu_typo_line_height":0,"ocean_menu_typo_line_height_tablet":0,"ocean_menu_typo_line_height_mobile":0,"ocean_menu_typo_line_height_unit":"","ocean_menu_typo_spacing":0,"ocean_menu_typo_spacing_tablet":0,"ocean_menu_typo_spacing_mobile":0,"ocean_menu_typo_spacing_unit":"","ocean_menu_link_color":"","ocean_menu_link_color_hover":"","ocean_menu_link_color_active":"","ocean_menu_link_background":"","ocean_menu_link_hover_background":"","ocean_menu_link_active_background":"","ocean_menu_social_links_bg":"","ocean_menu_social_hover_links_bg":"","ocean_menu_social_links_color":"","ocean_menu_social_hover_links_color":"","ocean_disable_title":"default","ocean_disable_heading":"default","ocean_post_title":"","ocean_post_subheading":"","ocean_post_title_style":"","ocean_post_title_background_color":"","ocean_post_title_background":0,"ocean_post_title_bg_image_position":"","ocean_post_title_bg_image_attachment":"","ocean_post_title_bg_image_repeat":"","ocean_post_title_bg_image_size":"","ocean_post_title_height":0,"ocean_post_title_bg_overlay":0.5,"ocean_post_title_bg_overlay_color":"","ocean_disable_breadcrumbs":"default","ocean_breadcrumbs_color":"","ocean_breadcrumbs_separator_color":"","ocean_breadcrumbs_links_color":"","ocean_breadcrumbs_links_hover_color":"","ocean_display_footer_widgets":"default","ocean_display_footer_bottom":"default","ocean_custom_footer_template":"0","footnotes":""},"class_list":["post-592","page","type-page","status-publish","hentry","entry"],"yoast_head":"<!-- This site is optimized with the Yoast SEO plugin v23.7 - https:\/\/yoast.com\/wordpress\/plugins\/seo\/ -->\n<title>Polityka jako\u015bci - AMISNS<\/title>\n<meta name=\"robots\" content=\"noindex, follow, max-snippet:-1, max-image-preview:large, max-video-preview:-1\" \/>\n<meta property=\"og:locale\" content=\"pl_PL\" \/>\n<meta property=\"og:type\" content=\"article\" \/>\n<meta property=\"og:title\" content=\"Polityka jako\u015bci - AMISNS\" \/>\n<meta property=\"og:description\" content=\"POLITYKA JAKO\u015aCI Akademia Medycznych i Spo\u0142ecznych Nauk Stosowanych w Elbl\u0105gu, kieruj\u0105c si\u0119 dobrem spo\u0142ecznym i maj\u0105c na uwadze odpowiedzialno\u015b\u0107 wobec student\u00f3w, wykazuje szczeg\u00f3ln\u0105 dba\u0142o\u015b\u0107 o utrzymanie standard\u00f3w jako\u015bci podczas wykonywania zada\u0144 zwi\u0105zanych z zapewnianiem i ci\u0105g\u0142ym doskonaleniem jako\u015bci kszta\u0142cenia w europejskim obszarze szkolnictwa wy\u017cszego. Akademia Medycznych i Spo\u0142ecznych Nauk Stosowanych w Elbl\u0105gu wychodzi naprzeciw przysz\u0142ym [&hellip;]\" \/>\n<meta property=\"og:url\" content=\"https:\/\/amisns.edu.pl\/stara-wersja\/homepage\/uczelnia\/polityki\/\" \/>\n<meta property=\"og:site_name\" content=\"AMISNS\" \/>\n<meta property=\"article:publisher\" content=\"https:\/\/www.facebook.com\/AMiSNSElblag\" \/>\n<meta property=\"article:modified_time\" content=\"2023-12-14T07:40:10+00:00\" \/>\n<meta name=\"twitter:card\" content=\"summary_large_image\" \/>\n<meta name=\"twitter:label1\" content=\"Szacowany czas czytania\" \/>\n\t<meta name=\"twitter:data1\" content=\"6 minut\" \/>\n<script type=\"application\/ld+json\" class=\"yoast-schema-graph\">{\"@context\":\"https:\/\/schema.org\",\"@graph\":[{\"@type\":\"WebPage\",\"@id\":\"https:\/\/amisns.edu.pl\/stara-wersja\/homepage\/uczelnia\/polityki\/\",\"url\":\"https:\/\/amisns.edu.pl\/stara-wersja\/homepage\/uczelnia\/polityki\/\",\"name\":\"Polityka jako\u015bci - AMISNS\",\"isPartOf\":{\"@id\":\"https:\/\/amisns.edu.pl\/stara-wersja\/stara-wersja\/#website\"},\"datePublished\":\"2022-11-29T17:33:45+00:00\",\"dateModified\":\"2023-12-14T07:40:10+00:00\",\"breadcrumb\":{\"@id\":\"https:\/\/amisns.edu.pl\/stara-wersja\/homepage\/uczelnia\/polityki\/#breadcrumb\"},\"inLanguage\":\"pl-PL\",\"potentialAction\":[{\"@type\":\"ReadAction\",\"target\":[\"https:\/\/amisns.edu.pl\/stara-wersja\/homepage\/uczelnia\/polityki\/\"]}]},{\"@type\":\"BreadcrumbList\",\"@id\":\"https:\/\/amisns.edu.pl\/stara-wersja\/homepage\/uczelnia\/polityki\/#breadcrumb\",\"itemListElement\":[{\"@type\":\"ListItem\",\"position\":1,\"name\":\"Strona g\u0142\u00f3wna\",\"item\":\"https:\/\/amisns.edu.pl\/stara-wersja\/\"},{\"@type\":\"ListItem\",\"position\":2,\"name\":\"Homepage\",\"item\":\"https:\/\/amisns.edu.pl\/stara-wersja\/\"},{\"@type\":\"ListItem\",\"position\":3,\"name\":\"Uczelnia\",\"item\":\"https:\/\/amisns.edu.pl\/stara-wersja\/homepage\/uczelnia\/\"},{\"@type\":\"ListItem\",\"position\":4,\"name\":\"Polityka jako\u015bci\"}]},{\"@type\":\"WebSite\",\"@id\":\"https:\/\/amisns.edu.pl\/stara-wersja\/stara-wersja\/#website\",\"url\":\"https:\/\/amisns.edu.pl\/stara-wersja\/stara-wersja\/\",\"name\":\"AMISNS\",\"description\":\"Akademia Medycznych i Spo\u0142ecznych nauk stosowanych\",\"publisher\":{\"@id\":\"https:\/\/amisns.edu.pl\/stara-wersja\/stara-wersja\/#organization\"},\"potentialAction\":[{\"@type\":\"SearchAction\",\"target\":{\"@type\":\"EntryPoint\",\"urlTemplate\":\"https:\/\/amisns.edu.pl\/stara-wersja\/stara-wersja\/?s={search_term_string}\"},\"query-input\":{\"@type\":\"PropertyValueSpecification\",\"valueRequired\":true,\"valueName\":\"search_term_string\"}}],\"inLanguage\":\"pl-PL\"},{\"@type\":\"Organization\",\"@id\":\"https:\/\/amisns.edu.pl\/stara-wersja\/stara-wersja\/#organization\",\"name\":\"AMISNS\",\"url\":\"https:\/\/amisns.edu.pl\/stara-wersja\/stara-wersja\/\",\"logo\":{\"@type\":\"ImageObject\",\"inLanguage\":\"pl-PL\",\"@id\":\"https:\/\/amisns.edu.pl\/stara-wersja\/stara-wersja\/#\/schema\/logo\/image\/\",\"url\":\"https:\/\/amisns.edu.pl\/stara-wersja\/wp-content\/uploads\/2022\/12\/Znak-AMiSNS-na-strone-www-4k.png\",\"contentUrl\":\"https:\/\/amisns.edu.pl\/stara-wersja\/wp-content\/uploads\/2022\/12\/Znak-AMiSNS-na-strone-www-4k.png\",\"width\":1920,\"height\":523,\"caption\":\"AMISNS\"},\"image\":{\"@id\":\"https:\/\/amisns.edu.pl\/stara-wersja\/stara-wersja\/#\/schema\/logo\/image\/\"},\"sameAs\":[\"https:\/\/www.facebook.com\/AMiSNSElblag\"]}]}<\/script>\n<!-- \/ Yoast SEO plugin. -->","yoast_head_json":{"title":"Polityka jako\u015bci - AMISNS","robots":{"index":"noindex","follow":"follow","max-snippet":"max-snippet:-1","max-image-preview":"max-image-preview:large","max-video-preview":"max-video-preview:-1"},"og_locale":"pl_PL","og_type":"article","og_title":"Polityka jako\u015bci - AMISNS","og_description":"POLITYKA JAKO\u015aCI Akademia Medycznych i Spo\u0142ecznych Nauk Stosowanych w Elbl\u0105gu, kieruj\u0105c si\u0119 dobrem spo\u0142ecznym i maj\u0105c na uwadze odpowiedzialno\u015b\u0107 wobec student\u00f3w, wykazuje szczeg\u00f3ln\u0105 dba\u0142o\u015b\u0107 o utrzymanie standard\u00f3w jako\u015bci podczas wykonywania zada\u0144 zwi\u0105zanych z zapewnianiem i ci\u0105g\u0142ym doskonaleniem jako\u015bci kszta\u0142cenia w europejskim obszarze szkolnictwa wy\u017cszego. Akademia Medycznych i Spo\u0142ecznych Nauk Stosowanych w Elbl\u0105gu wychodzi naprzeciw przysz\u0142ym [&hellip;]","og_url":"https:\/\/amisns.edu.pl\/stara-wersja\/homepage\/uczelnia\/polityki\/","og_site_name":"AMISNS","article_publisher":"https:\/\/www.facebook.com\/AMiSNSElblag","article_modified_time":"2023-12-14T07:40:10+00:00","twitter_card":"summary_large_image","twitter_misc":{"Szacowany czas czytania":"6 minut"},"schema":{"@context":"https:\/\/schema.org","@graph":[{"@type":"WebPage","@id":"https:\/\/amisns.edu.pl\/stara-wersja\/homepage\/uczelnia\/polityki\/","url":"https:\/\/amisns.edu.pl\/stara-wersja\/homepage\/uczelnia\/polityki\/","name":"Polityka jako\u015bci - AMISNS","isPartOf":{"@id":"https:\/\/amisns.edu.pl\/stara-wersja\/stara-wersja\/#website"},"datePublished":"2022-11-29T17:33:45+00:00","dateModified":"2023-12-14T07:40:10+00:00","breadcrumb":{"@id":"https:\/\/amisns.edu.pl\/stara-wersja\/homepage\/uczelnia\/polityki\/#breadcrumb"},"inLanguage":"pl-PL","potentialAction":[{"@type":"ReadAction","target":["https:\/\/amisns.edu.pl\/stara-wersja\/homepage\/uczelnia\/polityki\/"]}]},{"@type":"BreadcrumbList","@id":"https:\/\/amisns.edu.pl\/stara-wersja\/homepage\/uczelnia\/polityki\/#breadcrumb","itemListElement":[{"@type":"ListItem","position":1,"name":"Strona g\u0142\u00f3wna","item":"https:\/\/amisns.edu.pl\/stara-wersja\/"},{"@type":"ListItem","position":2,"name":"Homepage","item":"https:\/\/amisns.edu.pl\/stara-wersja\/"},{"@type":"ListItem","position":3,"name":"Uczelnia","item":"https:\/\/amisns.edu.pl\/stara-wersja\/homepage\/uczelnia\/"},{"@type":"ListItem","position":4,"name":"Polityka jako\u015bci"}]},{"@type":"WebSite","@id":"https:\/\/amisns.edu.pl\/stara-wersja\/stara-wersja\/#website","url":"https:\/\/amisns.edu.pl\/stara-wersja\/stara-wersja\/","name":"AMISNS","description":"Akademia Medycznych i Spo\u0142ecznych nauk stosowanych","publisher":{"@id":"https:\/\/amisns.edu.pl\/stara-wersja\/stara-wersja\/#organization"},"potentialAction":[{"@type":"SearchAction","target":{"@type":"EntryPoint","urlTemplate":"https:\/\/amisns.edu.pl\/stara-wersja\/stara-wersja\/?s={search_term_string}"},"query-input":{"@type":"PropertyValueSpecification","valueRequired":true,"valueName":"search_term_string"}}],"inLanguage":"pl-PL"},{"@type":"Organization","@id":"https:\/\/amisns.edu.pl\/stara-wersja\/stara-wersja\/#organization","name":"AMISNS","url":"https:\/\/amisns.edu.pl\/stara-wersja\/stara-wersja\/","logo":{"@type":"ImageObject","inLanguage":"pl-PL","@id":"https:\/\/amisns.edu.pl\/stara-wersja\/stara-wersja\/#\/schema\/logo\/image\/","url":"https:\/\/amisns.edu.pl\/stara-wersja\/wp-content\/uploads\/2022\/12\/Znak-AMiSNS-na-strone-www-4k.png","contentUrl":"https:\/\/amisns.edu.pl\/stara-wersja\/wp-content\/uploads\/2022\/12\/Znak-AMiSNS-na-strone-www-4k.png","width":1920,"height":523,"caption":"AMISNS"},"image":{"@id":"https:\/\/amisns.edu.pl\/stara-wersja\/stara-wersja\/#\/schema\/logo\/image\/"},"sameAs":["https:\/\/www.facebook.com\/AMiSNSElblag"]}]}},"_links":{"self":[{"href":"https:\/\/amisns.edu.pl\/stara-wersja\/wp-json\/wp\/v2\/pages\/592"}],"collection":[{"href":"https:\/\/amisns.edu.pl\/stara-wersja\/wp-json\/wp\/v2\/pages"}],"about":[{"href":"https:\/\/amisns.edu.pl\/stara-wersja\/wp-json\/wp\/v2\/types\/page"}],"author":[{"embeddable":true,"href":"https:\/\/amisns.edu.pl\/stara-wersja\/wp-json\/wp\/v2\/users\/2"}],"replies":[{"embeddable":true,"href":"https:\/\/amisns.edu.pl\/stara-wersja\/wp-json\/wp\/v2\/comments?post=592"}],"version-history":[{"count":45,"href":"https:\/\/amisns.edu.pl\/stara-wersja\/wp-json\/wp\/v2\/pages\/592\/revisions"}],"predecessor-version":[{"id":16421,"href":"https:\/\/amisns.edu.pl\/stara-wersja\/wp-json\/wp\/v2\/pages\/592\/revisions\/16421"}],"up":[{"embeddable":true,"href":"https:\/\/amisns.edu.pl\/stara-wersja\/wp-json\/wp\/v2\/pages\/54"}],"wp:attachment":[{"href":"https:\/\/amisns.edu.pl\/stara-wersja\/wp-json\/wp\/v2\/media?parent=592"}],"curies":[{"name":"wp","href":"https:\/\/api.w.org\/{rel}","templated":true}]}}