{"id":670,"date":"2022-11-30T00:17:38","date_gmt":"2022-11-30T00:17:38","guid":{"rendered":"http:\/\/wordpress2247503.home.pl\/public_html\/amisns.edu.pl\/?page_id=670"},"modified":"2024-04-03T11:39:25","modified_gmt":"2024-04-03T10:39:25","slug":"biuro-karier","status":"publish","type":"page","link":"https:\/\/amisns.edu.pl\/stara-wersja\/homepage\/dla-studenta\/biuro-karier\/","title":{"rendered":"Biuro Karier"},"content":{"rendered":"\t\t<div data-elementor-type=\"wp-page\" data-elementor-id=\"670\" class=\"elementor elementor-670\" data-elementor-post-type=\"page\">\n\t\t\t\t\t\t<section class=\"elementor-section elementor-top-section elementor-element elementor-element-d6acbb2 elementor-section-full_width elementor-section-height-default elementor-section-height-default\" data-id=\"d6acbb2\" data-element_type=\"section\">\n\t\t\t\t\t\t<div class=\"elementor-container elementor-column-gap-default\">\n\t\t\t\t\t<div class=\"elementor-column elementor-col-100 elementor-top-column elementor-element elementor-element-9c4c64e\" data-id=\"9c4c64e\" data-element_type=\"column\">\n\t\t\t<div class=\"elementor-widget-wrap elementor-element-populated\">\n\t\t\t\t\t\t<div class=\"elementor-element elementor-element-6181b71 elementor--h-position-center elementor--v-position-middle elementor-arrows-position-inside elementor-pagination-position-inside elementor-widget elementor-widget-slides\" data-id=\"6181b71\" data-element_type=\"widget\" data-settings=\"{&quot;navigation&quot;:&quot;both&quot;,&quot;autoplay&quot;:&quot;yes&quot;,&quot;pause_on_hover&quot;:&quot;yes&quot;,&quot;pause_on_interaction&quot;:&quot;yes&quot;,&quot;autoplay_speed&quot;:5000,&quot;infinite&quot;:&quot;yes&quot;,&quot;transition&quot;:&quot;slide&quot;,&quot;transition_speed&quot;:500}\" data-widget_type=\"slides.default\">\n\t\t\t\t<div class=\"elementor-widget-container\">\n\t\t\t\t\t<div class=\"elementor-swiper\">\n\t\t\t<div class=\"elementor-slides-wrapper elementor-main-swiper swiper\" dir=\"ltr\" data-animation=\"fadeInUp\">\n\t\t\t\t<div class=\"swiper-wrapper elementor-slides\">\n\t\t\t\t\t\t\t\t\t\t<div class=\"elementor-repeater-item-6e86543 swiper-slide\"><div class=\"swiper-slide-bg elementor-ken-burns elementor-ken-burns--in\" role=\"img\"><\/div><div class=\"swiper-slide-inner\" ><div class=\"swiper-slide-contents\"><div class=\"elementor-slide-heading\">BIURO KARIER<\/div><\/div><\/div><\/div>\t\t\t\t<\/div>\n\t\t\t\t\t\t\t<\/div>\n\t\t<\/div>\n\t\t\t\t<\/div>\n\t\t\t\t<\/div>\n\t\t\t\t\t<\/div>\n\t\t<\/div>\n\t\t\t\t\t<\/div>\n\t\t<\/section>\n\t\t\t\t<section class=\"elementor-section elementor-top-section elementor-element elementor-element-a44beff elementor-section-boxed elementor-section-height-default elementor-section-height-default\" data-id=\"a44beff\" data-element_type=\"section\">\n\t\t\t\t\t\t<div class=\"elementor-container elementor-column-gap-default\">\n\t\t\t\t\t<div class=\"elementor-column elementor-col-100 elementor-top-column elementor-element elementor-element-e849259\" data-id=\"e849259\" data-element_type=\"column\">\n\t\t\t<div class=\"elementor-widget-wrap elementor-element-populated\">\n\t\t\t\t\t\t<div class=\"elementor-element elementor-element-99c098c elementor-widget elementor-widget-text-editor\" data-id=\"99c098c\" data-element_type=\"widget\" data-widget_type=\"text-editor.default\">\n\t\t\t\t<div class=\"elementor-widget-container\">\n\t\t\t\t\t\t\t<p>Biuro Karier Akademii Medycznych i Spo\u0142ecznych Nauk Stosowanych prowadzi dzia\u0142alno\u015b\u0107 doradcz\u0105 i informacyjn\u0105 dla student\u00f3w oraz absolwent\u00f3w AMiSNS.<\/p><p><strong>Obszary dzia\u0142alno\u015bci ABK:<\/strong><\/p><ul><li>dostarczanie studentom i absolwentom uczelni aktualnych informacji o rynku pracy i mo\u017cliwo\u015bciach podnoszenia kwalifikacji zawodowych,<\/li><li>zbieranie, klasyfikowanie i udost\u0119pnianie ofert pracy, sta\u017cy i praktyk zawodowych,<\/li><li>pomoc pracodawcom w pozyskiwaniu odpowiednich kandydat\u00f3w na wolne miejsca pracy oraz sta\u017ce zawodowe,<\/li><li>pomoc w aktywnym poszukiwaniu pracy.<\/li><\/ul><p><strong>Je\u015bli potrzebujesz pomocy w:<\/strong><\/p><ul><li>stworzeniu dokument\u00f3w aplikacyjnych,<\/li><li>przygotowaniu si\u0119 do rozmowy o prac\u0119,<\/li><li>szukaniu pracy,<\/li><li>wyznaczeniu swoich cel\u00f3w,<\/li><li>zdiagnozowaniu swoich predyspozycji zawodowych.<\/li><\/ul><p><strong>Um\u00f3w si\u0119 z akademickim doradc\u0105 zawodowym mgr Angelik\u0105 Jeleniewsk\u0105 dzwoni\u0105c pod numer telefonu 512 542 850, wysy\u0142aj\u0105c wiadomo\u015b\u0107 e-mail na adres a.jeleniewska@amisns.edu.pl lub mo\u017cesz te\u017c przyj\u015b\u0107 osobi\u015bcie do pokoju 114 w ka\u017cdy pi\u0105tek od 8:00 do 16:00.<\/strong><\/p><h2 style=\"text-align: center;\"><strong>ZAPRASZAMY!!<\/strong><\/h2>\t\t\t\t\t\t<\/div>\n\t\t\t\t<\/div>\n\t\t\t\t\t<\/div>\n\t\t<\/div>\n\t\t\t\t\t<\/div>\n\t\t<\/section>\n\t\t\t\t<section class=\"elementor-section elementor-top-section elementor-element elementor-element-38a0f17 animated-slow elementor-section-boxed elementor-section-height-default elementor-section-height-default elementor-invisible\" data-id=\"38a0f17\" data-element_type=\"section\" data-settings=\"{&quot;animation&quot;:&quot;fadeIn&quot;}\">\n\t\t\t\t\t\t<div class=\"elementor-container elementor-column-gap-default\">\n\t\t\t\t\t<div class=\"elementor-column elementor-col-100 elementor-top-column elementor-element elementor-element-ad8789a\" data-id=\"ad8789a\" data-element_type=\"column\">\n\t\t\t<div class=\"elementor-widget-wrap elementor-element-populated\">\n\t\t\t\t\t\t<div class=\"elementor-element elementor-element-6231160 elementor-grid-3 elementor-grid-tablet-2 elementor-grid-mobile-1 elementor-posts--thumbnail-top elementor-widget elementor-widget-posts\" data-id=\"6231160\" data-element_type=\"widget\" data-settings=\"{&quot;pagination_type&quot;:&quot;prev_next&quot;,&quot;classic_columns&quot;:&quot;3&quot;,&quot;classic_columns_tablet&quot;:&quot;2&quot;,&quot;classic_columns_mobile&quot;:&quot;1&quot;,&quot;classic_row_gap&quot;:{&quot;unit&quot;:&quot;px&quot;,&quot;size&quot;:35,&quot;sizes&quot;:[]},&quot;classic_row_gap_tablet&quot;:{&quot;unit&quot;:&quot;px&quot;,&quot;size&quot;:&quot;&quot;,&quot;sizes&quot;:[]},&quot;classic_row_gap_mobile&quot;:{&quot;unit&quot;:&quot;px&quot;,&quot;size&quot;:&quot;&quot;,&quot;sizes&quot;:[]}}\" data-widget_type=\"posts.classic\">\n\t\t\t\t<div class=\"elementor-widget-container\">\n\t\t\t\t\t<div class=\"elementor-posts-container elementor-posts elementor-posts--skin-classic elementor-grid\">\n\t\t\t\t<article class=\"elementor-post elementor-grid-item post-24885 post type-post status-publish format-standard has-post-thumbnail hentry category-aktualnosci-biuro-karier category-aktualnosci-wains category-glowne-aktualnosci category-ogloszenia-dla-studentow-psychologii category-uncategorized entry has-media\">\n\t\t\t\t<a class=\"elementor-post__thumbnail__link\" href=\"https:\/\/amisns.edu.pl\/stara-wersja\/elblaskie-stowarzyszenie-wspierania-inicjatyw-pozarzadowych-zatrudni-psychologa-zke\/\" tabindex=\"-1\" >\n\t\t\t<div class=\"elementor-post__thumbnail\"><img fetchpriority=\"high\" decoding=\"async\" width=\"940\" height=\"788\" src=\"https:\/\/amisns.edu.pl\/stara-wersja\/wp-content\/uploads\/Cream-Black-Minimalist-Fair-Job-Facebook-Post-1.png\" class=\"attachment-medium size-medium wp-image-21501\" alt=\"\" srcset=\"https:\/\/amisns.edu.pl\/stara-wersja\/wp-content\/uploads\/Cream-Black-Minimalist-Fair-Job-Facebook-Post-1.png 940w, https:\/\/amisns.edu.pl\/stara-wersja\/wp-content\/uploads\/Cream-Black-Minimalist-Fair-Job-Facebook-Post-1-768x644.png 768w\" sizes=\"(max-width: 940px) 100vw, 940px\" \/><\/div>\n\t\t<\/a>\n\t\t\t\t<div class=\"elementor-post__text\">\n\t\t\t\t<h3 class=\"elementor-post__title\">\n\t\t\t<a href=\"https:\/\/amisns.edu.pl\/stara-wersja\/elblaskie-stowarzyszenie-wspierania-inicjatyw-pozarzadowych-zatrudni-psychologa-zke\/\" >\n\t\t\t\tElbl\u0105skie Stowarzyszenie Wspierania Inicjatyw Pozarz\u0105dowych zatrudni psychologa\/\u017ck\u0119\t\t\t<\/a>\n\t\t<\/h3>\n\t\t\t\t<div class=\"elementor-post__meta-data\">\n\t\t\t\t\t<span class=\"elementor-post-date\">\n\t\t\t26\/09\/2024\t\t<\/span>\n\t\t\t\t<\/div>\n\t\t\t\t<div class=\"elementor-post__excerpt\">\n\t\t\t<p>Stowarzyszenie ESWIP poszukuje pracownika na stanowisko psychologa\/-\u017cki. Podstawowy zakres obowi\u0105zk\u00f3w:&#8211; wspieranie w aktywno\u015bci spo\u0142ecznej i zawodowej os\u00f3b zagro\u017conych wykluczeniem spo\u0142ecznym,&#8211; prowadzenie warsztat\u00f3w i spotka\u0144 indywidualnych<\/p>\n\t\t<\/div>\n\t\t\t\t\t<div class=\"elementor-post__read-more-wrapper\">\n\t\t\n\t\t<a class=\"elementor-post__read-more\" href=\"https:\/\/amisns.edu.pl\/stara-wersja\/elblaskie-stowarzyszenie-wspierania-inicjatyw-pozarzadowych-zatrudni-psychologa-zke\/\" aria-label=\"Read more about Elbl\u0105skie Stowarzyszenie Wspierania Inicjatyw Pozarz\u0105dowych zatrudni psychologa\/\u017ck\u0119\" tabindex=\"-1\" >\n\t\t\tCzytaj wi\u0119cej \u00bb\t\t<\/a>\n\n\t\t\t\t\t<\/div>\n\t\t\t\t<\/div>\n\t\t\t\t<\/article>\n\t\t\t\t<article class=\"elementor-post elementor-grid-item post-24731 post type-post status-publish format-standard has-post-thumbnail hentry category-aktualnosc-wnoz category-aktualnosci-biuro-karier category-glowne-aktualnosci category-uncategorized entry has-media\">\n\t\t\t\t<a class=\"elementor-post__thumbnail__link\" href=\"https:\/\/amisns.edu.pl\/stara-wersja\/pomorski-urzad-wojewodzki-w-gdansku-poszukuje-inspektora-wojewodzkiego-w-oddziale-ratownictwa-medycznego\/\" tabindex=\"-1\" >\n\t\t\t<div class=\"elementor-post__thumbnail\"><img decoding=\"async\" width=\"940\" height=\"788\" src=\"https:\/\/amisns.edu.pl\/stara-wersja\/wp-content\/uploads\/Cream-Black-Minimalist-Fair-Job-Facebook-Post-1.jpg\" class=\"attachment-medium size-medium wp-image-23878\" alt=\"\" srcset=\"https:\/\/amisns.edu.pl\/stara-wersja\/wp-content\/uploads\/Cream-Black-Minimalist-Fair-Job-Facebook-Post-1.jpg 940w, https:\/\/amisns.edu.pl\/stara-wersja\/wp-content\/uploads\/Cream-Black-Minimalist-Fair-Job-Facebook-Post-1-768x644.jpg 768w\" sizes=\"(max-width: 940px) 100vw, 940px\" \/><\/div>\n\t\t<\/a>\n\t\t\t\t<div class=\"elementor-post__text\">\n\t\t\t\t<h3 class=\"elementor-post__title\">\n\t\t\t<a href=\"https:\/\/amisns.edu.pl\/stara-wersja\/pomorski-urzad-wojewodzki-w-gdansku-poszukuje-inspektora-wojewodzkiego-w-oddziale-ratownictwa-medycznego\/\" >\n\t\t\t\tPomorski Urz\u0105d Wojew\u00f3dzki w Gda\u0144sku poszukuje: Inspektora Wojew\u00f3dzkiego (&#8230;) w oddziale Ratownictwa Medycznego\t\t\t<\/a>\n\t\t<\/h3>\n\t\t\t\t<div class=\"elementor-post__meta-data\">\n\t\t\t\t\t<span class=\"elementor-post-date\">\n\t\t\t19\/09\/2024\t\t<\/span>\n\t\t\t\t<\/div>\n\t\t\t\t<div class=\"elementor-post__excerpt\">\n\t\t\t<p>Pomorski Urz\u0105d Wojew\u00f3dzki w Gda\u0144sku poszukuje kandydat\u00f3w na stanowisko inspektora wojew\u00f3dzkiego ds. planowania i organizacji ratownictwa medycznego oraz rozpatrywania skarg medycznych w Wydziale Pa\u0144stwowego Ratownictwa<\/p>\n\t\t<\/div>\n\t\t\t\t\t<div class=\"elementor-post__read-more-wrapper\">\n\t\t\n\t\t<a class=\"elementor-post__read-more\" href=\"https:\/\/amisns.edu.pl\/stara-wersja\/pomorski-urzad-wojewodzki-w-gdansku-poszukuje-inspektora-wojewodzkiego-w-oddziale-ratownictwa-medycznego\/\" aria-label=\"Read more about Pomorski Urz\u0105d Wojew\u00f3dzki w Gda\u0144sku poszukuje: Inspektora Wojew\u00f3dzkiego (&#8230;) w oddziale Ratownictwa Medycznego\" tabindex=\"-1\" >\n\t\t\tCzytaj wi\u0119cej \u00bb\t\t<\/a>\n\n\t\t\t\t\t<\/div>\n\t\t\t\t<\/div>\n\t\t\t\t<\/article>\n\t\t\t\t<article class=\"elementor-post elementor-grid-item post-24561 post type-post status-publish format-standard has-post-thumbnail hentry category-aktualnosci-biuro-karier category-ogloszenia-fizjoterapia category-uncategorized entry has-media\">\n\t\t\t\t<a class=\"elementor-post__thumbnail__link\" href=\"https:\/\/amisns.edu.pl\/stara-wersja\/firma-rehatherapy-poszukuje-fizjoterapeutow\/\" tabindex=\"-1\" >\n\t\t\t<div class=\"elementor-post__thumbnail\"><img decoding=\"async\" width=\"940\" height=\"788\" src=\"https:\/\/amisns.edu.pl\/stara-wersja\/wp-content\/uploads\/Cream-Black-Minimalist-Fair-Job-Facebook-Post.jpg\" class=\"attachment-medium size-medium wp-image-22108\" alt=\"\" srcset=\"https:\/\/amisns.edu.pl\/stara-wersja\/wp-content\/uploads\/Cream-Black-Minimalist-Fair-Job-Facebook-Post.jpg 940w, https:\/\/amisns.edu.pl\/stara-wersja\/wp-content\/uploads\/Cream-Black-Minimalist-Fair-Job-Facebook-Post-768x644.jpg 768w\" sizes=\"(max-width: 940px) 100vw, 940px\" \/><\/div>\n\t\t<\/a>\n\t\t\t\t<div class=\"elementor-post__text\">\n\t\t\t\t<h3 class=\"elementor-post__title\">\n\t\t\t<a href=\"https:\/\/amisns.edu.pl\/stara-wersja\/firma-rehatherapy-poszukuje-fizjoterapeutow\/\" >\n\t\t\t\tFirma RehaTherapy poszukuje Fizjoterapeut\u00f3w\t\t\t<\/a>\n\t\t<\/h3>\n\t\t\t\t<div class=\"elementor-post__meta-data\">\n\t\t\t\t\t<span class=\"elementor-post-date\">\n\t\t\t13\/09\/2024\t\t<\/span>\n\t\t\t\t<\/div>\n\t\t\t\t<div class=\"elementor-post__excerpt\">\n\t\t\t<p>RehaTherapy jest firm\u0105 \u015bwiadcz\u0105c\u0105 us\u0142ugi rehabilitacji \u015brodowiskowej w ramach wsp\u00f3\u0142pracy\u00a0 z NFZ. Do swojego zespo\u0142u poszukuje fizjoterapeut\u00f3w dyspozycyjnych w miejscowo\u015bciach: Ko\u015bcierzyna\/okolice, Rumia \/ Wejherowo, Kartuzy<\/p>\n\t\t<\/div>\n\t\t\t\t\t<div class=\"elementor-post__read-more-wrapper\">\n\t\t\n\t\t<a class=\"elementor-post__read-more\" href=\"https:\/\/amisns.edu.pl\/stara-wersja\/firma-rehatherapy-poszukuje-fizjoterapeutow\/\" aria-label=\"Read more about Firma RehaTherapy poszukuje Fizjoterapeut\u00f3w\" tabindex=\"-1\" >\n\t\t\tCzytaj wi\u0119cej \u00bb\t\t<\/a>\n\n\t\t\t\t\t<\/div>\n\t\t\t\t<\/div>\n\t\t\t\t<\/article>\n\t\t\t\t<article class=\"elementor-post elementor-grid-item post-24090 post type-post status-publish format-standard has-post-thumbnail hentry category-aktualnosci-biuro-karier category-uncategorized entry has-media\">\n\t\t\t\t<a class=\"elementor-post__thumbnail__link\" href=\"https:\/\/amisns.edu.pl\/stara-wersja\/aktualne-oferty-pracy-22-08-2024-r-powiatowy-urzad-pracy-w-elblagu\/\" tabindex=\"-1\" >\n\t\t\t<div class=\"elementor-post__thumbnail\"><img loading=\"lazy\" decoding=\"async\" width=\"768\" height=\"768\" src=\"https:\/\/amisns.edu.pl\/stara-wersja\/wp-content\/uploads\/Aktualne-Oferty-Pracy-3.png\" class=\"attachment-medium size-medium wp-image-21027\" alt=\"\" srcset=\"https:\/\/amisns.edu.pl\/stara-wersja\/wp-content\/uploads\/Aktualne-Oferty-Pracy-3.png 768w, https:\/\/amisns.edu.pl\/stara-wersja\/wp-content\/uploads\/Aktualne-Oferty-Pracy-3-600x600.png 600w\" sizes=\"(max-width: 768px) 100vw, 768px\" \/><\/div>\n\t\t<\/a>\n\t\t\t\t<div class=\"elementor-post__text\">\n\t\t\t\t<h3 class=\"elementor-post__title\">\n\t\t\t<a href=\"https:\/\/amisns.edu.pl\/stara-wersja\/aktualne-oferty-pracy-22-08-2024-r-powiatowy-urzad-pracy-w-elblagu\/\" >\n\t\t\t\tAktualne oferty pracy ? 22.08.2024 r. Powiatowy Urz\u0105d Pracy w Elbl\u0105gu\t\t\t<\/a>\n\t\t<\/h3>\n\t\t\t\t<div class=\"elementor-post__meta-data\">\n\t\t\t\t\t<span class=\"elementor-post-date\">\n\t\t\t22\/08\/2024\t\t<\/span>\n\t\t\t\t<\/div>\n\t\t\t\t<div class=\"elementor-post__excerpt\">\n\t\t\t<p>Informacja z Powiatowego Urz\u0119du Pracy w Elbl\u0105gu na temat ofert pracy, nabor\u00f3w, inicjatyw na lokalnym rynku pracy. Pobierz<\/p>\n\t\t<\/div>\n\t\t\t\t\t<div class=\"elementor-post__read-more-wrapper\">\n\t\t\n\t\t<a class=\"elementor-post__read-more\" href=\"https:\/\/amisns.edu.pl\/stara-wersja\/aktualne-oferty-pracy-22-08-2024-r-powiatowy-urzad-pracy-w-elblagu\/\" aria-label=\"Read more about Aktualne oferty pracy ? 22.08.2024 r. Powiatowy Urz\u0105d Pracy w Elbl\u0105gu\" tabindex=\"-1\" >\n\t\t\tCzytaj wi\u0119cej \u00bb\t\t<\/a>\n\n\t\t\t\t\t<\/div>\n\t\t\t\t<\/div>\n\t\t\t\t<\/article>\n\t\t\t\t<article class=\"elementor-post elementor-grid-item post-23946 post type-post status-publish format-standard has-post-thumbnail hentry category-aktualnosci-biuro-karier category-aktualnosci-wains category-glowne-aktualnosci entry has-media\">\n\t\t\t\t<a class=\"elementor-post__thumbnail__link\" href=\"https:\/\/amisns.edu.pl\/stara-wersja\/srodowiskowy-dom-samopomocy-w-kwietniewie-nr-48-gmina-rychliki-poszukuje-psychologa-3\/\" tabindex=\"-1\" >\n\t\t\t<div class=\"elementor-post__thumbnail\"><img fetchpriority=\"high\" decoding=\"async\" width=\"940\" height=\"788\" src=\"https:\/\/amisns.edu.pl\/stara-wersja\/wp-content\/uploads\/Cream-Black-Minimalist-Fair-Job-Facebook-Post-1.png\" class=\"attachment-medium size-medium wp-image-21501\" alt=\"\" srcset=\"https:\/\/amisns.edu.pl\/stara-wersja\/wp-content\/uploads\/Cream-Black-Minimalist-Fair-Job-Facebook-Post-1.png 940w, https:\/\/amisns.edu.pl\/stara-wersja\/wp-content\/uploads\/Cream-Black-Minimalist-Fair-Job-Facebook-Post-1-768x644.png 768w\" sizes=\"(max-width: 940px) 100vw, 940px\" \/><\/div>\n\t\t<\/a>\n\t\t\t\t<div class=\"elementor-post__text\">\n\t\t\t\t<h3 class=\"elementor-post__title\">\n\t\t\t<a href=\"https:\/\/amisns.edu.pl\/stara-wersja\/srodowiskowy-dom-samopomocy-w-kwietniewie-nr-48-gmina-rychliki-poszukuje-psychologa-3\/\" >\n\t\t\t\t\u015arodowiskowy Dom Samopomocy w Kwietniewie nr 48, gmina Rychliki poszukuje PSYCHOLOGA\t\t\t<\/a>\n\t\t<\/h3>\n\t\t\t\t<div class=\"elementor-post__meta-data\">\n\t\t\t\t\t<span class=\"elementor-post-date\">\n\t\t\t09\/08\/2024\t\t<\/span>\n\t\t\t\t<\/div>\n\t\t\t\t<div class=\"elementor-post__excerpt\">\n\t\t\t<p>\u015arodowiskowy Dom Samopomocy w Kwietniewie\u00a0nr 48, gmina Rychliki poszukuje\u00a0PSYCHOLOGA\u00a0? w za\u0142\u0105czeniu oferta pracy, kt\u00f3ra jest r\u00f3wnie\u017c na stronie PUP w Elbl\u0105gu. Dom jest prowadzony przez<\/p>\n\t\t<\/div>\n\t\t\t\t\t<div class=\"elementor-post__read-more-wrapper\">\n\t\t\n\t\t<a class=\"elementor-post__read-more\" href=\"https:\/\/amisns.edu.pl\/stara-wersja\/srodowiskowy-dom-samopomocy-w-kwietniewie-nr-48-gmina-rychliki-poszukuje-psychologa-3\/\" aria-label=\"Read more about \u015arodowiskowy Dom Samopomocy w Kwietniewie nr 48, gmina Rychliki poszukuje PSYCHOLOGA\" tabindex=\"-1\" >\n\t\t\tCzytaj wi\u0119cej \u00bb\t\t<\/a>\n\n\t\t\t\t\t<\/div>\n\t\t\t\t<\/div>\n\t\t\t\t<\/article>\n\t\t\t\t<article class=\"elementor-post elementor-grid-item post-23941 post type-post status-publish format-standard has-post-thumbnail hentry category-aktualnosci-biuro-karier entry has-media\">\n\t\t\t\t<a class=\"elementor-post__thumbnail__link\" href=\"https:\/\/amisns.edu.pl\/stara-wersja\/aktualne-oferty-pracy-09-08-2024-r-powiatowy-urzad-pracy-w-elblagu\/\" tabindex=\"-1\" >\n\t\t\t<div class=\"elementor-post__thumbnail\"><img loading=\"lazy\" decoding=\"async\" width=\"768\" height=\"768\" src=\"https:\/\/amisns.edu.pl\/stara-wersja\/wp-content\/uploads\/Aktualne-Oferty-Pracy-3.png\" class=\"attachment-medium size-medium wp-image-21027\" alt=\"\" srcset=\"https:\/\/amisns.edu.pl\/stara-wersja\/wp-content\/uploads\/Aktualne-Oferty-Pracy-3.png 768w, https:\/\/amisns.edu.pl\/stara-wersja\/wp-content\/uploads\/Aktualne-Oferty-Pracy-3-600x600.png 600w\" sizes=\"(max-width: 768px) 100vw, 768px\" \/><\/div>\n\t\t<\/a>\n\t\t\t\t<div class=\"elementor-post__text\">\n\t\t\t\t<h3 class=\"elementor-post__title\">\n\t\t\t<a href=\"https:\/\/amisns.edu.pl\/stara-wersja\/aktualne-oferty-pracy-09-08-2024-r-powiatowy-urzad-pracy-w-elblagu\/\" >\n\t\t\t\tAktualne oferty pracy ? 09.08.2024 r. Powiatowy Urz\u0105d Pracy w Elbl\u0105gu\t\t\t<\/a>\n\t\t<\/h3>\n\t\t\t\t<div class=\"elementor-post__meta-data\">\n\t\t\t\t\t<span class=\"elementor-post-date\">\n\t\t\t09\/08\/2024\t\t<\/span>\n\t\t\t\t<\/div>\n\t\t\t\t<div class=\"elementor-post__excerpt\">\n\t\t\t<p>Informacja z Powiatowego Urz\u0119du Pracy w Elbl\u0105gu na temat ofert pracy, nabor\u00f3w, inicjatyw na lokalnym rynku pracy. Pobierz<\/p>\n\t\t<\/div>\n\t\t\t\t\t<div class=\"elementor-post__read-more-wrapper\">\n\t\t\n\t\t<a class=\"elementor-post__read-more\" href=\"https:\/\/amisns.edu.pl\/stara-wersja\/aktualne-oferty-pracy-09-08-2024-r-powiatowy-urzad-pracy-w-elblagu\/\" aria-label=\"Read more about Aktualne oferty pracy ? 09.08.2024 r. Powiatowy Urz\u0105d Pracy w Elbl\u0105gu\" tabindex=\"-1\" >\n\t\t\tCzytaj wi\u0119cej \u00bb\t\t<\/a>\n\n\t\t\t\t\t<\/div>\n\t\t\t\t<\/div>\n\t\t\t\t<\/article>\n\t\t\t\t<article class=\"elementor-post elementor-grid-item post-23879 post type-post status-publish format-standard has-post-thumbnail hentry category-aktualnosci-biuro-karier category-glowne-aktualnosci entry has-media\">\n\t\t\t\t<a class=\"elementor-post__thumbnail__link\" href=\"https:\/\/amisns.edu.pl\/stara-wersja\/pomorski-urzad-wojewodzki-w-gdansku-poszukuje-inspektora-wojewodzkiego\/\" tabindex=\"-1\" >\n\t\t\t<div class=\"elementor-post__thumbnail\"><img decoding=\"async\" width=\"940\" height=\"788\" src=\"https:\/\/amisns.edu.pl\/stara-wersja\/wp-content\/uploads\/Cream-Black-Minimalist-Fair-Job-Facebook-Post-1.jpg\" class=\"attachment-medium size-medium wp-image-23878\" alt=\"\" srcset=\"https:\/\/amisns.edu.pl\/stara-wersja\/wp-content\/uploads\/Cream-Black-Minimalist-Fair-Job-Facebook-Post-1.jpg 940w, https:\/\/amisns.edu.pl\/stara-wersja\/wp-content\/uploads\/Cream-Black-Minimalist-Fair-Job-Facebook-Post-1-768x644.jpg 768w\" sizes=\"(max-width: 940px) 100vw, 940px\" \/><\/div>\n\t\t<\/a>\n\t\t\t\t<div class=\"elementor-post__text\">\n\t\t\t\t<h3 class=\"elementor-post__title\">\n\t\t\t<a href=\"https:\/\/amisns.edu.pl\/stara-wersja\/pomorski-urzad-wojewodzki-w-gdansku-poszukuje-inspektora-wojewodzkiego\/\" >\n\t\t\t\tPomorski Urz\u0105d Wojew\u00f3dzki w Gda\u0144sku poszukuje: Inspektora Wojew\u00f3dzkiego\t\t\t<\/a>\n\t\t<\/h3>\n\t\t\t\t<div class=\"elementor-post__meta-data\">\n\t\t\t\t\t<span class=\"elementor-post-date\">\n\t\t\t01\/08\/2024\t\t<\/span>\n\t\t\t\t<\/div>\n\t\t\t\t<div class=\"elementor-post__excerpt\">\n\t\t\t<p>Pomorski Urz\u0105d Wojew\u00f3dzki w Gda\u0144sku poszukuje kandydat\u00f3w na stanowisko inspektora wojew\u00f3dzkiego ds. planowania i organizacji ratownictwa medycznego oraz rozpatrywania skarg medycznych w Wydziale Pa\u0144stwowego Ratownictwa<\/p>\n\t\t<\/div>\n\t\t\t\t\t<div class=\"elementor-post__read-more-wrapper\">\n\t\t\n\t\t<a class=\"elementor-post__read-more\" href=\"https:\/\/amisns.edu.pl\/stara-wersja\/pomorski-urzad-wojewodzki-w-gdansku-poszukuje-inspektora-wojewodzkiego\/\" aria-label=\"Read more about Pomorski Urz\u0105d Wojew\u00f3dzki w Gda\u0144sku poszukuje: Inspektora Wojew\u00f3dzkiego\" tabindex=\"-1\" >\n\t\t\tCzytaj wi\u0119cej \u00bb\t\t<\/a>\n\n\t\t\t\t\t<\/div>\n\t\t\t\t<\/div>\n\t\t\t\t<\/article>\n\t\t\t\t<article class=\"elementor-post elementor-grid-item post-23866 post type-post status-publish format-standard has-post-thumbnail hentry category-aktualnosci-biuro-karier category-glowne-aktualnosci category-uncategorized entry has-media\">\n\t\t\t\t<a class=\"elementor-post__thumbnail__link\" href=\"https:\/\/amisns.edu.pl\/stara-wersja\/akademia-medycznych-i-spolecznych-nauk-stosowanych-poszukuje-dziekana-wydzialu-administracji-i-nauk-spolecznych\/\" tabindex=\"-1\" >\n\t\t\t<div class=\"elementor-post__thumbnail\"><img loading=\"lazy\" decoding=\"async\" width=\"940\" height=\"788\" src=\"https:\/\/amisns.edu.pl\/stara-wersja\/wp-content\/uploads\/AMiSNS-poszukuje-pracownika-Biura-ds.-Wspolpracy-Miedzynarodowej-1-1.jpg\" class=\"attachment-medium size-medium wp-image-23867\" alt=\"\" srcset=\"https:\/\/amisns.edu.pl\/stara-wersja\/wp-content\/uploads\/AMiSNS-poszukuje-pracownika-Biura-ds.-Wspolpracy-Miedzynarodowej-1-1.jpg 940w, https:\/\/amisns.edu.pl\/stara-wersja\/wp-content\/uploads\/AMiSNS-poszukuje-pracownika-Biura-ds.-Wspolpracy-Miedzynarodowej-1-1-768x644.jpg 768w\" sizes=\"(max-width: 940px) 100vw, 940px\" \/><\/div>\n\t\t<\/a>\n\t\t\t\t<div class=\"elementor-post__text\">\n\t\t\t\t<h3 class=\"elementor-post__title\">\n\t\t\t<a href=\"https:\/\/amisns.edu.pl\/stara-wersja\/akademia-medycznych-i-spolecznych-nauk-stosowanych-poszukuje-dziekana-wydzialu-administracji-i-nauk-spolecznych\/\" >\n\t\t\t\tAkademia Medycznych i Spo\u0142ecznych Nauk Stosowanych poszukuje:\u00a0Dziekana Wydzia\u0142u Administracji i Nauk Spo\u0142ecznych\t\t\t<\/a>\n\t\t<\/h3>\n\t\t\t\t<div class=\"elementor-post__meta-data\">\n\t\t\t\t\t<span class=\"elementor-post-date\">\n\t\t\t31\/07\/2024\t\t<\/span>\n\t\t\t\t<\/div>\n\t\t\t\t<div class=\"elementor-post__excerpt\">\n\t\t\t<p>Zakres obowi\u0105zk\u00f3w: kierowanie prac\u0105 wydzia\u0142u i reprezentowanie go na zewn\u0105trz decydowanie w sprawach okre\u015blonych postanowieniami statutu, regulaminu studi\u00f3w oraz uchwa\u0142ami i zarz\u0105dzeniami organ\u00f3w Uczelni, przekazanych<\/p>\n\t\t<\/div>\n\t\t\t\t\t<div class=\"elementor-post__read-more-wrapper\">\n\t\t\n\t\t<a class=\"elementor-post__read-more\" href=\"https:\/\/amisns.edu.pl\/stara-wersja\/akademia-medycznych-i-spolecznych-nauk-stosowanych-poszukuje-dziekana-wydzialu-administracji-i-nauk-spolecznych\/\" aria-label=\"Read more about Akademia Medycznych i Spo\u0142ecznych Nauk Stosowanych poszukuje:\u00a0Dziekana Wydzia\u0142u Administracji i Nauk Spo\u0142ecznych\" tabindex=\"-1\" >\n\t\t\tCzytaj wi\u0119cej \u00bb\t\t<\/a>\n\n\t\t\t\t\t<\/div>\n\t\t\t\t<\/div>\n\t\t\t\t<\/article>\n\t\t\t\t<article class=\"elementor-post elementor-grid-item post-23853 post type-post status-publish format-standard has-post-thumbnail hentry category-aktualnosci-biuro-karier category-glowne-aktualnosci category-uncategorized entry has-media\">\n\t\t\t\t<a class=\"elementor-post__thumbnail__link\" href=\"https:\/\/amisns.edu.pl\/stara-wersja\/akademia-medycznych-i-spolecznych-nauk-stosowanych-poszukuje-pracownika-sprzatajacego\/\" tabindex=\"-1\" >\n\t\t\t<div class=\"elementor-post__thumbnail\"><img loading=\"lazy\" decoding=\"async\" width=\"940\" height=\"788\" src=\"https:\/\/amisns.edu.pl\/stara-wersja\/wp-content\/uploads\/AMiSNS-poszukuje-pracownika-Biura-ds.-Wspolpracy-Miedzynarodowej-1.jpg\" class=\"attachment-medium size-medium wp-image-23854\" alt=\"\" srcset=\"https:\/\/amisns.edu.pl\/stara-wersja\/wp-content\/uploads\/AMiSNS-poszukuje-pracownika-Biura-ds.-Wspolpracy-Miedzynarodowej-1.jpg 940w, https:\/\/amisns.edu.pl\/stara-wersja\/wp-content\/uploads\/AMiSNS-poszukuje-pracownika-Biura-ds.-Wspolpracy-Miedzynarodowej-1-768x644.jpg 768w\" sizes=\"(max-width: 940px) 100vw, 940px\" \/><\/div>\n\t\t<\/a>\n\t\t\t\t<div class=\"elementor-post__text\">\n\t\t\t\t<h3 class=\"elementor-post__title\">\n\t\t\t<a href=\"https:\/\/amisns.edu.pl\/stara-wersja\/akademia-medycznych-i-spolecznych-nauk-stosowanych-poszukuje-pracownika-sprzatajacego\/\" >\n\t\t\t\tAkademia Medycznych i Spo\u0142ecznych Nauk Stosowanych poszukuje:\u00a0pracownika sprz\u0105taj\u0105cego\t\t\t<\/a>\n\t\t<\/h3>\n\t\t\t\t<div class=\"elementor-post__meta-data\">\n\t\t\t\t\t<span class=\"elementor-post-date\">\n\t\t\t30\/07\/2024\t\t<\/span>\n\t\t\t\t<\/div>\n\t\t\t\t<div class=\"elementor-post__excerpt\">\n\t\t\t<p>Zakres obowi\u0105zk\u00f3w: dbanie o porz\u0105dek na terenie uczelni wydawanie kluczy i obs\u0142uga recepcji sprz\u0105tanie biur, sal wyk\u0142adowych mycie pod\u0142\u00f3g, schod\u00f3w, posadzki uzupe\u0142nianie \u015brodk\u00f3w higienicznych podlewanie<\/p>\n\t\t<\/div>\n\t\t\t\t\t<div class=\"elementor-post__read-more-wrapper\">\n\t\t\n\t\t<a class=\"elementor-post__read-more\" href=\"https:\/\/amisns.edu.pl\/stara-wersja\/akademia-medycznych-i-spolecznych-nauk-stosowanych-poszukuje-pracownika-sprzatajacego\/\" aria-label=\"Read more about Akademia Medycznych i Spo\u0142ecznych Nauk Stosowanych poszukuje:\u00a0pracownika sprz\u0105taj\u0105cego\" tabindex=\"-1\" >\n\t\t\tCzytaj wi\u0119cej \u00bb\t\t<\/a>\n\n\t\t\t\t\t<\/div>\n\t\t\t\t<\/div>\n\t\t\t\t<\/article>\n\t\t\t\t<article class=\"elementor-post elementor-grid-item post-23264 post type-post status-publish format-standard has-post-thumbnail hentry category-aktualnosci-biuro-karier category-aktulnosci-wlek category-glowne-aktualnosci category-uncategorized entry has-media\">\n\t\t\t\t<a class=\"elementor-post__thumbnail__link\" href=\"https:\/\/amisns.edu.pl\/stara-wersja\/amisns-poszukuje-pracownika-dziekanatu-wydzialu-lekarskiego\/\" tabindex=\"-1\" >\n\t\t\t<div class=\"elementor-post__thumbnail\"><img loading=\"lazy\" decoding=\"async\" width=\"1500\" height=\"1000\" src=\"https:\/\/amisns.edu.pl\/stara-wersja\/wp-content\/uploads\/IMG_6320-1500x1000.jpg\" class=\"attachment-medium size-medium wp-image-18318\" alt=\"\" srcset=\"https:\/\/amisns.edu.pl\/stara-wersja\/wp-content\/uploads\/IMG_6320-1500x1000.jpg 1500w, https:\/\/amisns.edu.pl\/stara-wersja\/wp-content\/uploads\/IMG_6320-1000x667.jpg 1000w, https:\/\/amisns.edu.pl\/stara-wersja\/wp-content\/uploads\/IMG_6320-768x512.jpg 768w, https:\/\/amisns.edu.pl\/stara-wersja\/wp-content\/uploads\/IMG_6320-1536x1024.jpg 1536w, https:\/\/amisns.edu.pl\/stara-wersja\/wp-content\/uploads\/IMG_6320.jpg 1620w\" sizes=\"(max-width: 1500px) 100vw, 1500px\" \/><\/div>\n\t\t<\/a>\n\t\t\t\t<div class=\"elementor-post__text\">\n\t\t\t\t<h3 class=\"elementor-post__title\">\n\t\t\t<a href=\"https:\/\/amisns.edu.pl\/stara-wersja\/amisns-poszukuje-pracownika-dziekanatu-wydzialu-lekarskiego\/\" >\n\t\t\t\tAMiSNS poszukuje pracownika Dziekanatu Wydzia\u0142u Lekarskiego\t\t\t<\/a>\n\t\t<\/h3>\n\t\t\t\t<div class=\"elementor-post__meta-data\">\n\t\t\t\t\t<span class=\"elementor-post-date\">\n\t\t\t11\/07\/2024\t\t<\/span>\n\t\t\t\t<\/div>\n\t\t\t\t<div class=\"elementor-post__excerpt\">\n\t\t\t<p>Akademia Medycznych i Spo\u0142ecznych Nauk Stosowanych poszukuje:\u00a0 Pracownika Dziekanatu Wydzia\u0142u Lekarskiego \u00a0 Zakres obowi\u0105zk\u00f3w: Wsp\u00f3\u0142praca z jednostkami organizacyjnymi uczelni. Prowadzenie dokumentacji przebiegu studi\u00f3w w teczkach<\/p>\n\t\t<\/div>\n\t\t\t\t\t<div class=\"elementor-post__read-more-wrapper\">\n\t\t\n\t\t<a class=\"elementor-post__read-more\" href=\"https:\/\/amisns.edu.pl\/stara-wersja\/amisns-poszukuje-pracownika-dziekanatu-wydzialu-lekarskiego\/\" aria-label=\"Read more about AMiSNS poszukuje pracownika Dziekanatu Wydzia\u0142u Lekarskiego\" tabindex=\"-1\" >\n\t\t\tCzytaj wi\u0119cej \u00bb\t\t<\/a>\n\n\t\t\t\t\t<\/div>\n\t\t\t\t<\/div>\n\t\t\t\t<\/article>\n\t\t\t\t<article class=\"elementor-post elementor-grid-item post-23255 post type-post status-publish format-standard has-post-thumbnail hentry category-aktualnosci-biuro-karier category-glowne-aktualnosci category-uncategorized category-wspolpraca-miedzynarodowa entry has-media\">\n\t\t\t\t<a class=\"elementor-post__thumbnail__link\" href=\"https:\/\/amisns.edu.pl\/stara-wersja\/amisns-poszukuje-pracownika-biura-ds-wspolpracy-miedzynarodowej\/\" tabindex=\"-1\" >\n\t\t\t<div class=\"elementor-post__thumbnail\"><img loading=\"lazy\" decoding=\"async\" width=\"1500\" height=\"1000\" src=\"https:\/\/amisns.edu.pl\/stara-wersja\/wp-content\/uploads\/IMG_6320-1500x1000.jpg\" class=\"attachment-medium size-medium wp-image-18318\" alt=\"\" srcset=\"https:\/\/amisns.edu.pl\/stara-wersja\/wp-content\/uploads\/IMG_6320-1500x1000.jpg 1500w, https:\/\/amisns.edu.pl\/stara-wersja\/wp-content\/uploads\/IMG_6320-1000x667.jpg 1000w, https:\/\/amisns.edu.pl\/stara-wersja\/wp-content\/uploads\/IMG_6320-768x512.jpg 768w, https:\/\/amisns.edu.pl\/stara-wersja\/wp-content\/uploads\/IMG_6320-1536x1024.jpg 1536w, https:\/\/amisns.edu.pl\/stara-wersja\/wp-content\/uploads\/IMG_6320.jpg 1620w\" sizes=\"(max-width: 1500px) 100vw, 1500px\" \/><\/div>\n\t\t<\/a>\n\t\t\t\t<div class=\"elementor-post__text\">\n\t\t\t\t<h3 class=\"elementor-post__title\">\n\t\t\t<a href=\"https:\/\/amisns.edu.pl\/stara-wersja\/amisns-poszukuje-pracownika-biura-ds-wspolpracy-miedzynarodowej\/\" >\n\t\t\t\tAMiSNS poszukuje pracownika Biura ds. Wsp\u00f3\u0142pracy Mi\u0119dzynarodowej\t\t\t<\/a>\n\t\t<\/h3>\n\t\t\t\t<div class=\"elementor-post__meta-data\">\n\t\t\t\t\t<span class=\"elementor-post-date\">\n\t\t\t11\/07\/2024\t\t<\/span>\n\t\t\t\t<\/div>\n\t\t\t\t<div class=\"elementor-post__excerpt\">\n\t\t\t<p>Akademia Medycznych i Spo\u0142ecznych Nauk Stosowanych poszukuje:\u00a0 Pracownika Biura ds. Wsp\u00f3\u0142pracy Mi\u0119dzynarodowej \u00a0 Zakres obowi\u0105zk\u00f3w: Wsparcie organizacyjno-administracyjne dzia\u0142a\u0144 zwi\u0105zanych z realizacj\u0105 wsp\u00f3\u0142pracy mi\u0119dzynarodowej,w tym: Wsparcie<\/p>\n\t\t<\/div>\n\t\t\t\t\t<div class=\"elementor-post__read-more-wrapper\">\n\t\t\n\t\t<a class=\"elementor-post__read-more\" href=\"https:\/\/amisns.edu.pl\/stara-wersja\/amisns-poszukuje-pracownika-biura-ds-wspolpracy-miedzynarodowej\/\" aria-label=\"Read more about AMiSNS poszukuje pracownika Biura ds. Wsp\u00f3\u0142pracy Mi\u0119dzynarodowej\" tabindex=\"-1\" >\n\t\t\tCzytaj wi\u0119cej \u00bb\t\t<\/a>\n\n\t\t\t\t\t<\/div>\n\t\t\t\t<\/div>\n\t\t\t\t<\/article>\n\t\t\t\t<article class=\"elementor-post elementor-grid-item post-22615 post type-post status-publish format-standard has-post-thumbnail hentry category-aktualnosci-biuro-karier category-glowne-aktualnosci category-uncategorized entry has-media\">\n\t\t\t\t<a class=\"elementor-post__thumbnail__link\" href=\"https:\/\/amisns.edu.pl\/stara-wersja\/jakie-korzysci-niesie-praca-sezonowa\/\" tabindex=\"-1\" >\n\t\t\t<div class=\"elementor-post__thumbnail\"><img loading=\"lazy\" decoding=\"async\" width=\"940\" height=\"788\" src=\"https:\/\/amisns.edu.pl\/stara-wersja\/wp-content\/uploads\/Korzysci-z-pracy-sezonowej.jpg\" class=\"attachment-medium size-medium wp-image-22614\" alt=\"\" srcset=\"https:\/\/amisns.edu.pl\/stara-wersja\/wp-content\/uploads\/Korzysci-z-pracy-sezonowej.jpg 940w, https:\/\/amisns.edu.pl\/stara-wersja\/wp-content\/uploads\/Korzysci-z-pracy-sezonowej-768x644.jpg 768w\" sizes=\"(max-width: 940px) 100vw, 940px\" \/><\/div>\n\t\t<\/a>\n\t\t\t\t<div class=\"elementor-post__text\">\n\t\t\t\t<h3 class=\"elementor-post__title\">\n\t\t\t<a href=\"https:\/\/amisns.edu.pl\/stara-wersja\/jakie-korzysci-niesie-praca-sezonowa\/\" >\n\t\t\t\tJakie korzy\u015bci niesie praca sezonowa!?\t\t\t<\/a>\n\t\t<\/h3>\n\t\t\t\t<div class=\"elementor-post__meta-data\">\n\t\t\t\t\t<span class=\"elementor-post-date\">\n\t\t\t18\/06\/2024\t\t<\/span>\n\t\t\t\t<\/div>\n\t\t\t\t<div class=\"elementor-post__excerpt\">\n\t\t\t<p>Koniec roku akademickiego i pocz\u0105tek wakacji to idealny moment, aby spr\u00f3bowa\u0107 swoich si\u0142 w pracy sezonowej ? formie zatrudnienia, kt\u00f3ra cieszy si\u0119 rosn\u0105c\u0105 popularno\u015bci\u0105 w\u015br\u00f3d<\/p>\n\t\t<\/div>\n\t\t\t\t\t<div class=\"elementor-post__read-more-wrapper\">\n\t\t\n\t\t<a class=\"elementor-post__read-more\" href=\"https:\/\/amisns.edu.pl\/stara-wersja\/jakie-korzysci-niesie-praca-sezonowa\/\" aria-label=\"Read more about Jakie korzy\u015bci niesie praca sezonowa!?\" tabindex=\"-1\" >\n\t\t\tCzytaj wi\u0119cej \u00bb\t\t<\/a>\n\n\t\t\t\t\t<\/div>\n\t\t\t\t<\/div>\n\t\t\t\t<\/article>\n\t\t\t\t<\/div>\n\t\t\n\t\t\t\t<div class=\"e-load-more-anchor\" data-page=\"1\" data-max-page=\"7\" data-next-page=\"https:\/\/amisns.edu.pl\/stara-wersja\/wp-json\/wp\/v2\/pages\/670\/page\/2\/\"><\/div>\n\t\t\t\t<nav class=\"elementor-pagination\" aria-label=\"Paginacja\">\n\t\t\t<span class=\"page-numbers prev\">&laquo; Poprzedni<\/span>\n<a class=\"page-numbers next\" href=\"https:\/\/amisns.edu.pl\/stara-wersja\/wp-json\/wp\/v2\/pages\/670\/page\/2\/\">Nast\u0119pny &raquo;<\/a>\t\t<\/nav>\n\t\t\t\t<\/div>\n\t\t\t\t<\/div>\n\t\t\t\t\t<\/div>\n\t\t<\/div>\n\t\t\t\t\t<\/div>\n\t\t<\/section>\n\t\t\t\t<\/div>\n\t\t","protected":false},"excerpt":{"rendered":"<p>BIURO KARIER Biuro Karier Akademii Medycznych i Spo\u0142ecznych Nauk Stosowanych prowadzi dzia\u0142alno\u015b\u0107 doradcz\u0105 i informacyjn\u0105 dla student\u00f3w oraz absolwent\u00f3w AMiSNS. Obszary dzia\u0142alno\u015bci ABK: dostarczanie studentom i absolwentom uczelni aktualnych informacji o rynku pracy i mo\u017cliwo\u015bciach podnoszenia kwalifikacji zawodowych, zbieranie, klasyfikowanie i udost\u0119pnianie ofert pracy, sta\u017cy i praktyk zawodowych, pomoc pracodawcom w pozyskiwaniu odpowiednich kandydat\u00f3w na [&hellip;]<\/p>\n","protected":false},"author":2,"featured_media":0,"parent":66,"menu_order":0,"comment_status":"closed","ping_status":"closed","template":"elementor_header_footer","meta":{"ocean_post_layout":"","ocean_both_sidebars_style":"","ocean_both_sidebars_content_width":0,"ocean_both_sidebars_sidebars_width":0,"ocean_sidebar":"0","ocean_second_sidebar":"0","ocean_disable_margins":"enable","ocean_add_body_class":"","ocean_shortcode_before_top_bar":"","ocean_shortcode_after_top_bar":"","ocean_shortcode_before_header":"","ocean_shortcode_after_header":"","ocean_has_shortcode":"","ocean_shortcode_after_title":"","ocean_shortcode_before_footer_widgets":"","ocean_shortcode_after_footer_widgets":"","ocean_shortcode_before_footer_bottom":"","ocean_shortcode_after_footer_bottom":"","ocean_display_top_bar":"default","ocean_display_header":"default","ocean_header_style":"","ocean_center_header_left_menu":"0","ocean_custom_header_template":"0","ocean_custom_logo":0,"ocean_custom_retina_logo":0,"ocean_custom_logo_max_width":0,"ocean_custom_logo_tablet_max_width":0,"ocean_custom_logo_mobile_max_width":0,"ocean_custom_logo_max_height":0,"ocean_custom_logo_tablet_max_height":0,"ocean_custom_logo_mobile_max_height":0,"ocean_header_custom_menu":"0","ocean_menu_typo_font_family":"0","ocean_menu_typo_font_subset":"","ocean_menu_typo_font_size":0,"ocean_menu_typo_font_size_tablet":0,"ocean_menu_typo_font_size_mobile":0,"ocean_menu_typo_font_size_unit":"px","ocean_menu_typo_font_weight":"","ocean_menu_typo_font_weight_tablet":"","ocean_menu_typo_font_weight_mobile":"","ocean_menu_typo_transform":"","ocean_menu_typo_transform_tablet":"","ocean_menu_typo_transform_mobile":"","ocean_menu_typo_line_height":0,"ocean_menu_typo_line_height_tablet":0,"ocean_menu_typo_line_height_mobile":0,"ocean_menu_typo_line_height_unit":"","ocean_menu_typo_spacing":0,"ocean_menu_typo_spacing_tablet":0,"ocean_menu_typo_spacing_mobile":0,"ocean_menu_typo_spacing_unit":"","ocean_menu_link_color":"","ocean_menu_link_color_hover":"","ocean_menu_link_color_active":"","ocean_menu_link_background":"","ocean_menu_link_hover_background":"","ocean_menu_link_active_background":"","ocean_menu_social_links_bg":"","ocean_menu_social_hover_links_bg":"","ocean_menu_social_links_color":"","ocean_menu_social_hover_links_color":"","ocean_disable_title":"default","ocean_disable_heading":"default","ocean_post_title":"","ocean_post_subheading":"","ocean_post_title_style":"","ocean_post_title_background_color":"","ocean_post_title_background":0,"ocean_post_title_bg_image_position":"","ocean_post_title_bg_image_attachment":"","ocean_post_title_bg_image_repeat":"","ocean_post_title_bg_image_size":"","ocean_post_title_height":0,"ocean_post_title_bg_overlay":0.5,"ocean_post_title_bg_overlay_color":"","ocean_disable_breadcrumbs":"default","ocean_breadcrumbs_color":"","ocean_breadcrumbs_separator_color":"","ocean_breadcrumbs_links_color":"","ocean_breadcrumbs_links_hover_color":"","ocean_display_footer_widgets":"default","ocean_display_footer_bottom":"default","ocean_custom_footer_template":"0","footnotes":""},"class_list":["post-670","page","type-page","status-publish","hentry","entry","has-media"],"yoast_head":"<!-- This site is optimized with the Yoast SEO plugin v23.7 - https:\/\/yoast.com\/wordpress\/plugins\/seo\/ -->\n<title>Biuro Karier - AMISNS<\/title>\n<meta name=\"robots\" content=\"noindex, follow, max-snippet:-1, max-image-preview:large, max-video-preview:-1\" \/>\n<meta property=\"og:locale\" content=\"pl_PL\" \/>\n<meta property=\"og:type\" content=\"article\" \/>\n<meta property=\"og:title\" content=\"Biuro Karier - AMISNS\" \/>\n<meta property=\"og:description\" content=\"BIURO KARIER Biuro Karier Akademii Medycznych i Spo\u0142ecznych Nauk Stosowanych prowadzi dzia\u0142alno\u015b\u0107 doradcz\u0105 i informacyjn\u0105 dla student\u00f3w oraz absolwent\u00f3w AMiSNS. Obszary dzia\u0142alno\u015bci ABK: dostarczanie studentom i absolwentom uczelni aktualnych informacji o rynku pracy i mo\u017cliwo\u015bciach podnoszenia kwalifikacji zawodowych, zbieranie, klasyfikowanie i udost\u0119pnianie ofert pracy, sta\u017cy i praktyk zawodowych, pomoc pracodawcom w pozyskiwaniu odpowiednich kandydat\u00f3w na [&hellip;]\" \/>\n<meta property=\"og:url\" content=\"https:\/\/amisns.edu.pl\/stara-wersja\/homepage\/dla-studenta\/biuro-karier\/\" \/>\n<meta property=\"og:site_name\" content=\"AMISNS\" \/>\n<meta property=\"article:publisher\" content=\"https:\/\/www.facebook.com\/AMiSNSElblag\" \/>\n<meta property=\"article:modified_time\" content=\"2024-04-03T10:39:25+00:00\" \/>\n<meta name=\"twitter:card\" content=\"summary_large_image\" \/>\n<meta name=\"twitter:label1\" content=\"Szacowany czas czytania\" \/>\n\t<meta name=\"twitter:data1\" content=\"9 minut\" \/>\n<script type=\"application\/ld+json\" class=\"yoast-schema-graph\">{\"@context\":\"https:\/\/schema.org\",\"@graph\":[{\"@type\":\"WebPage\",\"@id\":\"https:\/\/amisns.edu.pl\/stara-wersja\/homepage\/dla-studenta\/biuro-karier\/\",\"url\":\"https:\/\/amisns.edu.pl\/stara-wersja\/homepage\/dla-studenta\/biuro-karier\/\",\"name\":\"Biuro Karier - AMISNS\",\"isPartOf\":{\"@id\":\"https:\/\/amisns.edu.pl\/stara-wersja\/stara-wersja\/#website\"},\"datePublished\":\"2022-11-30T00:17:38+00:00\",\"dateModified\":\"2024-04-03T10:39:25+00:00\",\"breadcrumb\":{\"@id\":\"https:\/\/amisns.edu.pl\/stara-wersja\/homepage\/dla-studenta\/biuro-karier\/#breadcrumb\"},\"inLanguage\":\"pl-PL\",\"potentialAction\":[{\"@type\":\"ReadAction\",\"target\":[\"https:\/\/amisns.edu.pl\/stara-wersja\/homepage\/dla-studenta\/biuro-karier\/\"]}]},{\"@type\":\"BreadcrumbList\",\"@id\":\"https:\/\/amisns.edu.pl\/stara-wersja\/homepage\/dla-studenta\/biuro-karier\/#breadcrumb\",\"itemListElement\":[{\"@type\":\"ListItem\",\"position\":1,\"name\":\"Strona g\u0142\u00f3wna\",\"item\":\"https:\/\/amisns.edu.pl\/stara-wersja\/\"},{\"@type\":\"ListItem\",\"position\":2,\"name\":\"Homepage\",\"item\":\"https:\/\/amisns.edu.pl\/stara-wersja\/\"},{\"@type\":\"ListItem\",\"position\":3,\"name\":\"Dla studenta\",\"item\":\"https:\/\/amisns.edu.pl\/stara-wersja\/homepage\/dla-studenta\/\"},{\"@type\":\"ListItem\",\"position\":4,\"name\":\"Biuro Karier\"}]},{\"@type\":\"WebSite\",\"@id\":\"https:\/\/amisns.edu.pl\/stara-wersja\/stara-wersja\/#website\",\"url\":\"https:\/\/amisns.edu.pl\/stara-wersja\/stara-wersja\/\",\"name\":\"AMISNS\",\"description\":\"Akademia Medycznych i Spo\u0142ecznych nauk stosowanych\",\"publisher\":{\"@id\":\"https:\/\/amisns.edu.pl\/stara-wersja\/stara-wersja\/#organization\"},\"potentialAction\":[{\"@type\":\"SearchAction\",\"target\":{\"@type\":\"EntryPoint\",\"urlTemplate\":\"https:\/\/amisns.edu.pl\/stara-wersja\/stara-wersja\/?s={search_term_string}\"},\"query-input\":{\"@type\":\"PropertyValueSpecification\",\"valueRequired\":true,\"valueName\":\"search_term_string\"}}],\"inLanguage\":\"pl-PL\"},{\"@type\":\"Organization\",\"@id\":\"https:\/\/amisns.edu.pl\/stara-wersja\/stara-wersja\/#organization\",\"name\":\"AMISNS\",\"url\":\"https:\/\/amisns.edu.pl\/stara-wersja\/stara-wersja\/\",\"logo\":{\"@type\":\"ImageObject\",\"inLanguage\":\"pl-PL\",\"@id\":\"https:\/\/amisns.edu.pl\/stara-wersja\/stara-wersja\/#\/schema\/logo\/image\/\",\"url\":\"https:\/\/amisns.edu.pl\/stara-wersja\/wp-content\/uploads\/2022\/12\/Znak-AMiSNS-na-strone-www-4k.png\",\"contentUrl\":\"https:\/\/amisns.edu.pl\/stara-wersja\/wp-content\/uploads\/2022\/12\/Znak-AMiSNS-na-strone-www-4k.png\",\"width\":1920,\"height\":523,\"caption\":\"AMISNS\"},\"image\":{\"@id\":\"https:\/\/amisns.edu.pl\/stara-wersja\/stara-wersja\/#\/schema\/logo\/image\/\"},\"sameAs\":[\"https:\/\/www.facebook.com\/AMiSNSElblag\"]}]}<\/script>\n<!-- \/ Yoast SEO plugin. -->","yoast_head_json":{"title":"Biuro Karier - AMISNS","robots":{"index":"noindex","follow":"follow","max-snippet":"max-snippet:-1","max-image-preview":"max-image-preview:large","max-video-preview":"max-video-preview:-1"},"og_locale":"pl_PL","og_type":"article","og_title":"Biuro Karier - AMISNS","og_description":"BIURO KARIER Biuro Karier Akademii Medycznych i Spo\u0142ecznych Nauk Stosowanych prowadzi dzia\u0142alno\u015b\u0107 doradcz\u0105 i informacyjn\u0105 dla student\u00f3w oraz absolwent\u00f3w AMiSNS. Obszary dzia\u0142alno\u015bci ABK: dostarczanie studentom i absolwentom uczelni aktualnych informacji o rynku pracy i mo\u017cliwo\u015bciach podnoszenia kwalifikacji zawodowych, zbieranie, klasyfikowanie i udost\u0119pnianie ofert pracy, sta\u017cy i praktyk zawodowych, pomoc pracodawcom w pozyskiwaniu odpowiednich kandydat\u00f3w na [&hellip;]","og_url":"https:\/\/amisns.edu.pl\/stara-wersja\/homepage\/dla-studenta\/biuro-karier\/","og_site_name":"AMISNS","article_publisher":"https:\/\/www.facebook.com\/AMiSNSElblag","article_modified_time":"2024-04-03T10:39:25+00:00","twitter_card":"summary_large_image","twitter_misc":{"Szacowany czas czytania":"9 minut"},"schema":{"@context":"https:\/\/schema.org","@graph":[{"@type":"WebPage","@id":"https:\/\/amisns.edu.pl\/stara-wersja\/homepage\/dla-studenta\/biuro-karier\/","url":"https:\/\/amisns.edu.pl\/stara-wersja\/homepage\/dla-studenta\/biuro-karier\/","name":"Biuro Karier - AMISNS","isPartOf":{"@id":"https:\/\/amisns.edu.pl\/stara-wersja\/stara-wersja\/#website"},"datePublished":"2022-11-30T00:17:38+00:00","dateModified":"2024-04-03T10:39:25+00:00","breadcrumb":{"@id":"https:\/\/amisns.edu.pl\/stara-wersja\/homepage\/dla-studenta\/biuro-karier\/#breadcrumb"},"inLanguage":"pl-PL","potentialAction":[{"@type":"ReadAction","target":["https:\/\/amisns.edu.pl\/stara-wersja\/homepage\/dla-studenta\/biuro-karier\/"]}]},{"@type":"BreadcrumbList","@id":"https:\/\/amisns.edu.pl\/stara-wersja\/homepage\/dla-studenta\/biuro-karier\/#breadcrumb","itemListElement":[{"@type":"ListItem","position":1,"name":"Strona g\u0142\u00f3wna","item":"https:\/\/amisns.edu.pl\/stara-wersja\/"},{"@type":"ListItem","position":2,"name":"Homepage","item":"https:\/\/amisns.edu.pl\/stara-wersja\/"},{"@type":"ListItem","position":3,"name":"Dla studenta","item":"https:\/\/amisns.edu.pl\/stara-wersja\/homepage\/dla-studenta\/"},{"@type":"ListItem","position":4,"name":"Biuro Karier"}]},{"@type":"WebSite","@id":"https:\/\/amisns.edu.pl\/stara-wersja\/stara-wersja\/#website","url":"https:\/\/amisns.edu.pl\/stara-wersja\/stara-wersja\/","name":"AMISNS","description":"Akademia Medycznych i Spo\u0142ecznych nauk stosowanych","publisher":{"@id":"https:\/\/amisns.edu.pl\/stara-wersja\/stara-wersja\/#organization"},"potentialAction":[{"@type":"SearchAction","target":{"@type":"EntryPoint","urlTemplate":"https:\/\/amisns.edu.pl\/stara-wersja\/stara-wersja\/?s={search_term_string}"},"query-input":{"@type":"PropertyValueSpecification","valueRequired":true,"valueName":"search_term_string"}}],"inLanguage":"pl-PL"},{"@type":"Organization","@id":"https:\/\/amisns.edu.pl\/stara-wersja\/stara-wersja\/#organization","name":"AMISNS","url":"https:\/\/amisns.edu.pl\/stara-wersja\/stara-wersja\/","logo":{"@type":"ImageObject","inLanguage":"pl-PL","@id":"https:\/\/amisns.edu.pl\/stara-wersja\/stara-wersja\/#\/schema\/logo\/image\/","url":"https:\/\/amisns.edu.pl\/stara-wersja\/wp-content\/uploads\/2022\/12\/Znak-AMiSNS-na-strone-www-4k.png","contentUrl":"https:\/\/amisns.edu.pl\/stara-wersja\/wp-content\/uploads\/2022\/12\/Znak-AMiSNS-na-strone-www-4k.png","width":1920,"height":523,"caption":"AMISNS"},"image":{"@id":"https:\/\/amisns.edu.pl\/stara-wersja\/stara-wersja\/#\/schema\/logo\/image\/"},"sameAs":["https:\/\/www.facebook.com\/AMiSNSElblag"]}]}},"_links":{"self":[{"href":"https:\/\/amisns.edu.pl\/stara-wersja\/wp-json\/wp\/v2\/pages\/670"}],"collection":[{"href":"https:\/\/amisns.edu.pl\/stara-wersja\/wp-json\/wp\/v2\/pages"}],"about":[{"href":"https:\/\/amisns.edu.pl\/stara-wersja\/wp-json\/wp\/v2\/types\/page"}],"author":[{"embeddable":true,"href":"https:\/\/amisns.edu.pl\/stara-wersja\/wp-json\/wp\/v2\/users\/2"}],"replies":[{"embeddable":true,"href":"https:\/\/amisns.edu.pl\/stara-wersja\/wp-json\/wp\/v2\/comments?post=670"}],"version-history":[{"count":32,"href":"https:\/\/amisns.edu.pl\/stara-wersja\/wp-json\/wp\/v2\/pages\/670\/revisions"}],"predecessor-version":[{"id":19635,"href":"https:\/\/amisns.edu.pl\/stara-wersja\/wp-json\/wp\/v2\/pages\/670\/revisions\/19635"}],"up":[{"embeddable":true,"href":"https:\/\/amisns.edu.pl\/stara-wersja\/wp-json\/wp\/v2\/pages\/66"}],"wp:attachment":[{"href":"https:\/\/amisns.edu.pl\/stara-wersja\/wp-json\/wp\/v2\/media?parent=670"}],"curies":[{"name":"wp","href":"https:\/\/api.w.org\/{rel}","templated":true}]}}