{"id":675,"date":"2022-11-30T00:18:38","date_gmt":"2022-11-30T00:18:38","guid":{"rendered":"http:\/\/wordpress2247503.home.pl\/public_html\/amisns.edu.pl\/?page_id=675"},"modified":"2023-01-23T13:56:10","modified_gmt":"2023-01-23T12:56:10","slug":"wspolpraca","status":"publish","type":"page","link":"https:\/\/amisns.edu.pl\/stara-wersja\/homepage\/dla-studenta\/wspolpraca\/","title":{"rendered":"Wsp\u00f3\u0142praca"},"content":{"rendered":"\t\t<div data-elementor-type=\"wp-page\" data-elementor-id=\"675\" class=\"elementor elementor-675\" data-elementor-post-type=\"page\">\n\t\t\t\t\t\t<section class=\"elementor-section elementor-top-section elementor-element elementor-element-d6acbb2 elementor-section-full_width elementor-section-height-default elementor-section-height-default\" data-id=\"d6acbb2\" data-element_type=\"section\">\n\t\t\t\t\t\t<div class=\"elementor-container elementor-column-gap-default\">\n\t\t\t\t\t<div class=\"elementor-column elementor-col-100 elementor-top-column elementor-element elementor-element-9c4c64e\" data-id=\"9c4c64e\" data-element_type=\"column\">\n\t\t\t<div class=\"elementor-widget-wrap elementor-element-populated\">\n\t\t\t\t\t\t<div class=\"elementor-element elementor-element-6181b71 elementor--h-position-center elementor--v-position-middle elementor-arrows-position-inside elementor-pagination-position-inside elementor-widget elementor-widget-slides\" data-id=\"6181b71\" data-element_type=\"widget\" data-settings=\"{&quot;navigation&quot;:&quot;both&quot;,&quot;autoplay&quot;:&quot;yes&quot;,&quot;pause_on_hover&quot;:&quot;yes&quot;,&quot;pause_on_interaction&quot;:&quot;yes&quot;,&quot;autoplay_speed&quot;:5000,&quot;infinite&quot;:&quot;yes&quot;,&quot;transition&quot;:&quot;slide&quot;,&quot;transition_speed&quot;:500}\" data-widget_type=\"slides.default\">\n\t\t\t\t<div class=\"elementor-widget-container\">\n\t\t\t\t\t<div class=\"elementor-swiper\">\n\t\t\t<div class=\"elementor-slides-wrapper elementor-main-swiper swiper\" dir=\"ltr\" data-animation=\"fadeInUp\">\n\t\t\t\t<div class=\"swiper-wrapper elementor-slides\">\n\t\t\t\t\t\t\t\t\t\t<div class=\"elementor-repeater-item-6e86543 swiper-slide\"><div class=\"swiper-slide-bg elementor-ken-burns elementor-ken-burns--in\" role=\"img\"><\/div><div class=\"swiper-slide-inner\" ><div class=\"swiper-slide-contents\"><div class=\"elementor-slide-heading\">WSP\u00d3\u0141PRACA<\/div><\/div><\/div><\/div>\t\t\t\t<\/div>\n\t\t\t\t\t\t\t<\/div>\n\t\t<\/div>\n\t\t\t\t<\/div>\n\t\t\t\t<\/div>\n\t\t\t\t\t<\/div>\n\t\t<\/div>\n\t\t\t\t\t<\/div>\n\t\t<\/section>\n\t\t\t\t<section class=\"elementor-section elementor-top-section elementor-element elementor-element-8f1ea8c elementor-section-boxed elementor-section-height-default elementor-section-height-default\" data-id=\"8f1ea8c\" data-element_type=\"section\">\n\t\t\t\t\t\t<div class=\"elementor-container elementor-column-gap-default\">\n\t\t\t\t\t<div class=\"elementor-column elementor-col-100 elementor-top-column elementor-element elementor-element-1d644bc\" data-id=\"1d644bc\" data-element_type=\"column\">\n\t\t\t<div class=\"elementor-widget-wrap elementor-element-populated\">\n\t\t\t\t\t\t<div class=\"elementor-element elementor-element-e0fd659 elementor-widget elementor-widget-heading\" data-id=\"e0fd659\" data-element_type=\"widget\" data-widget_type=\"heading.default\">\n\t\t\t\t<div class=\"elementor-widget-container\">\n\t\t\t<h2 class=\"elementor-heading-title elementor-size-default\">Rada spo\u0142eczno-gospodarcza<\/h2>\t\t<\/div>\n\t\t\t\t<\/div>\n\t\t\t\t\t<\/div>\n\t\t<\/div>\n\t\t\t\t\t<\/div>\n\t\t<\/section>\n\t\t\t\t<section class=\"elementor-section elementor-top-section elementor-element elementor-element-427af16 elementor-section-boxed elementor-section-height-default elementor-section-height-default\" data-id=\"427af16\" data-element_type=\"section\">\n\t\t\t\t\t\t<div class=\"elementor-container elementor-column-gap-default\">\n\t\t\t\t\t<div class=\"elementor-column elementor-col-100 elementor-top-column elementor-element elementor-element-20f6c10\" data-id=\"20f6c10\" data-element_type=\"column\">\n\t\t\t<div class=\"elementor-widget-wrap elementor-element-populated\">\n\t\t\t\t\t\t<div class=\"elementor-element elementor-element-b69ef3a elementor-widget elementor-widget-text-editor\" data-id=\"b69ef3a\" data-element_type=\"widget\" data-widget_type=\"text-editor.default\">\n\t\t\t\t<div class=\"elementor-widget-container\">\n\t\t\t\t\t\t\t<p>Ide\u0105 powstania rady spo\u0142eczno &#8211; gospodarczej jest rozwijanie efektywnej wsp\u00f3\u0142pracy uczelni z wiod\u0105cymi przedstawicielami sfery biznesu, instytucji i organizacji spo\u0142ecznych oraz administracji publicznej wojew\u00f3dztwa warmi\u0144sko-mazurskiego w celu m.in. doskonalenia program\u00f3w kszta\u0142cenia oraz dostosowania oferty kszta\u0142cenia do oczekiwa\u0144 pracodawc\u00f3w i wymog\u00f3w rynku pracy.<\/p><p>W sk\u0142ad rady spo\u0142eczno &#8211; gospodarczej Wydzia\u0142u Administracji i Nauk Spo\u0142ecznych wchodz\u0105 przedstawiciele du\u017cych, \u015brednich i ma\u0142ych przedsi\u0119biorstw:<\/p><ul><li>Rados\u0142aw \u017by\u0142owski, M\u0142odzie\u017cowy O\u015brodek Wychowawczy w Kamionku Wielkim<\/li><li>Iwona Pietraszkiewicz, Warsztat Terapii Zaj\u0119ciowej przy Stowarzyszeniu \u201eTacy Sami\u201d w Elbl\u0105gu<\/li><li>Urszula Ma\u0142ek, dyrektor Elbl\u0105skiego Parku Technologicznego<\/li><li>Robert Muraszko, komendant Komendy Miejskiej Policji w Elbl\u0105gu<\/li><li>Damian Kowalski, Klaster Mebel Elbl\u0105g<\/li><li>Monika Pra\u017cak &#8211; Micha\u0142owska, prezes zarz\u0105du Elbl\u0105skiego Klastra Turystycznego<\/li><li>Artur Szudarski, prezes Klaster ICT Amber<\/li><li>Teresa Miszkiewicz, Florczyk, koordynator projekt\u00f3w informatycznych Klaster ICT Amber.<\/li><\/ul><p>Uczelnia planuje w\u0142\u0105cza\u0107 przedstawicieli rady w proces dydaktyczny poprzez:<\/p><ul><li>konsultowanie, rozw\u00f3j i ocen\u0119 przygotowanych przez Wydzia\u0142 Administracji i Nauk Spo\u0142ecznych program\u00f3w kszta\u0142cenia<\/li><li>projektowanie program\u00f3w studi\u00f3w podyplomowych<\/li><li>przekazywanie informacji i wskaz\u00f3wek, kt\u00f3re mog\u0142yby mie\u0107 wp\u0142yw na podniesienie atrakcyjno\u015bci i jako\u015bci kszta\u0142cenia<\/li><li>umo\u017cliwienie realizacji zaj\u0119\u0107 pogl\u0105dowych, praktyk, sta\u017cy, warsztat\u00f3w na terenie siedziby Pracodawcy<\/li><li>prowadzenie przez pracodawc\u00f3w zaj\u0119\u0107 dydaktycznych.<\/li><\/ul><p>Rada jest r\u00f3wnie\u017c wy\u015bmienitym forum wymiany my\u015bli, do\u015bwiadcze\u0144 i rozszerzania p\u0142aszczyzn wsp\u00f3\u0142pracy pomi\u0119dzy uczelni\u0105 i zrzeszonymi podmiotami, przyczyniaj\u0105c si\u0119 jednocze\u015bnie do u\u0142atwienia swobodnego przep\u0142ywu idei mi\u0119dzy \u015bwiatem nauki, biznesu i administracji publicznej.<\/p>\t\t\t\t\t\t<\/div>\n\t\t\t\t<\/div>\n\t\t\t\t\t<\/div>\n\t\t<\/div>\n\t\t\t\t\t<\/div>\n\t\t<\/section>\n\t\t\t\t<\/div>\n\t\t","protected":false},"excerpt":{"rendered":"<p>WSP\u00d3\u0141PRACA Rada spo\u0142eczno-gospodarcza Ide\u0105 powstania rady spo\u0142eczno &#8211; gospodarczej jest rozwijanie efektywnej wsp\u00f3\u0142pracy uczelni z wiod\u0105cymi przedstawicielami sfery biznesu, instytucji i organizacji spo\u0142ecznych oraz administracji publicznej wojew\u00f3dztwa warmi\u0144sko-mazurskiego w celu m.in. doskonalenia program\u00f3w kszta\u0142cenia oraz dostosowania oferty kszta\u0142cenia do oczekiwa\u0144 pracodawc\u00f3w i wymog\u00f3w rynku pracy. W sk\u0142ad rady spo\u0142eczno &#8211; gospodarczej Wydzia\u0142u Administracji i Nauk [&hellip;]<\/p>\n","protected":false},"author":2,"featured_media":0,"parent":66,"menu_order":0,"comment_status":"closed","ping_status":"closed","template":"elementor_header_footer","meta":{"ocean_post_layout":"","ocean_both_sidebars_style":"","ocean_both_sidebars_content_width":0,"ocean_both_sidebars_sidebars_width":0,"ocean_sidebar":"0","ocean_second_sidebar":"0","ocean_disable_margins":"enable","ocean_add_body_class":"","ocean_shortcode_before_top_bar":"","ocean_shortcode_after_top_bar":"","ocean_shortcode_before_header":"","ocean_shortcode_after_header":"","ocean_has_shortcode":"","ocean_shortcode_after_title":"","ocean_shortcode_before_footer_widgets":"","ocean_shortcode_after_footer_widgets":"","ocean_shortcode_before_footer_bottom":"","ocean_shortcode_after_footer_bottom":"","ocean_display_top_bar":"default","ocean_display_header":"default","ocean_header_style":"","ocean_center_header_left_menu":"0","ocean_custom_header_template":"0","ocean_custom_logo":0,"ocean_custom_retina_logo":0,"ocean_custom_logo_max_width":0,"ocean_custom_logo_tablet_max_width":0,"ocean_custom_logo_mobile_max_width":0,"ocean_custom_logo_max_height":0,"ocean_custom_logo_tablet_max_height":0,"ocean_custom_logo_mobile_max_height":0,"ocean_header_custom_menu":"0","ocean_menu_typo_font_family":"0","ocean_menu_typo_font_subset":"","ocean_menu_typo_font_size":0,"ocean_menu_typo_font_size_tablet":0,"ocean_menu_typo_font_size_mobile":0,"ocean_menu_typo_font_size_unit":"px","ocean_menu_typo_font_weight":"","ocean_menu_typo_font_weight_tablet":"","ocean_menu_typo_font_weight_mobile":"","ocean_menu_typo_transform":"","ocean_menu_typo_transform_tablet":"","ocean_menu_typo_transform_mobile":"","ocean_menu_typo_line_height":0,"ocean_menu_typo_line_height_tablet":0,"ocean_menu_typo_line_height_mobile":0,"ocean_menu_typo_line_height_unit":"","ocean_menu_typo_spacing":0,"ocean_menu_typo_spacing_tablet":0,"ocean_menu_typo_spacing_mobile":0,"ocean_menu_typo_spacing_unit":"","ocean_menu_link_color":"","ocean_menu_link_color_hover":"","ocean_menu_link_color_active":"","ocean_menu_link_background":"","ocean_menu_link_hover_background":"","ocean_menu_link_active_background":"","ocean_menu_social_links_bg":"","ocean_menu_social_hover_links_bg":"","ocean_menu_social_links_color":"","ocean_menu_social_hover_links_color":"","ocean_disable_title":"default","ocean_disable_heading":"default","ocean_post_title":"","ocean_post_subheading":"","ocean_post_title_style":"","ocean_post_title_background_color":"","ocean_post_title_background":0,"ocean_post_title_bg_image_position":"","ocean_post_title_bg_image_attachment":"","ocean_post_title_bg_image_repeat":"","ocean_post_title_bg_image_size":"","ocean_post_title_height":0,"ocean_post_title_bg_overlay":0.5,"ocean_post_title_bg_overlay_color":"","ocean_disable_breadcrumbs":"default","ocean_breadcrumbs_color":"","ocean_breadcrumbs_separator_color":"","ocean_breadcrumbs_links_color":"","ocean_breadcrumbs_links_hover_color":"","ocean_display_footer_widgets":"default","ocean_display_footer_bottom":"default","ocean_custom_footer_template":"0","footnotes":""},"class_list":["post-675","page","type-page","status-publish","hentry","entry"],"yoast_head":"<!-- This site is optimized with the Yoast SEO plugin v23.7 - https:\/\/yoast.com\/wordpress\/plugins\/seo\/ -->\n<title>Wsp\u00f3\u0142praca - AMISNS<\/title>\n<meta name=\"robots\" content=\"noindex, follow, max-snippet:-1, max-image-preview:large, max-video-preview:-1\" \/>\n<meta property=\"og:locale\" content=\"pl_PL\" \/>\n<meta property=\"og:type\" content=\"article\" \/>\n<meta property=\"og:title\" content=\"Wsp\u00f3\u0142praca - AMISNS\" \/>\n<meta property=\"og:description\" content=\"WSP\u00d3\u0141PRACA Rada spo\u0142eczno-gospodarcza Ide\u0105 powstania rady spo\u0142eczno &#8211; gospodarczej jest rozwijanie efektywnej wsp\u00f3\u0142pracy uczelni z wiod\u0105cymi przedstawicielami sfery biznesu, instytucji i organizacji spo\u0142ecznych oraz administracji publicznej wojew\u00f3dztwa warmi\u0144sko-mazurskiego w celu m.in. doskonalenia program\u00f3w kszta\u0142cenia oraz dostosowania oferty kszta\u0142cenia do oczekiwa\u0144 pracodawc\u00f3w i wymog\u00f3w rynku pracy. W sk\u0142ad rady spo\u0142eczno &#8211; gospodarczej Wydzia\u0142u Administracji i Nauk [&hellip;]\" \/>\n<meta property=\"og:url\" content=\"https:\/\/amisns.edu.pl\/stara-wersja\/homepage\/dla-studenta\/wspolpraca\/\" \/>\n<meta property=\"og:site_name\" content=\"AMISNS\" \/>\n<meta property=\"article:publisher\" content=\"https:\/\/www.facebook.com\/AMiSNSElblag\" \/>\n<meta property=\"article:modified_time\" content=\"2023-01-23T12:56:10+00:00\" \/>\n<meta name=\"twitter:card\" content=\"summary_large_image\" \/>\n<meta name=\"twitter:label1\" content=\"Szacowany czas czytania\" \/>\n\t<meta name=\"twitter:data1\" content=\"1 minuta\" \/>\n<script type=\"application\/ld+json\" class=\"yoast-schema-graph\">{\"@context\":\"https:\/\/schema.org\",\"@graph\":[{\"@type\":\"WebPage\",\"@id\":\"https:\/\/amisns.edu.pl\/stara-wersja\/homepage\/dla-studenta\/wspolpraca\/\",\"url\":\"https:\/\/amisns.edu.pl\/stara-wersja\/homepage\/dla-studenta\/wspolpraca\/\",\"name\":\"Wsp\u00f3\u0142praca - AMISNS\",\"isPartOf\":{\"@id\":\"https:\/\/amisns.edu.pl\/stara-wersja\/stara-wersja\/#website\"},\"datePublished\":\"2022-11-30T00:18:38+00:00\",\"dateModified\":\"2023-01-23T12:56:10+00:00\",\"breadcrumb\":{\"@id\":\"https:\/\/amisns.edu.pl\/stara-wersja\/homepage\/dla-studenta\/wspolpraca\/#breadcrumb\"},\"inLanguage\":\"pl-PL\",\"potentialAction\":[{\"@type\":\"ReadAction\",\"target\":[\"https:\/\/amisns.edu.pl\/stara-wersja\/homepage\/dla-studenta\/wspolpraca\/\"]}]},{\"@type\":\"BreadcrumbList\",\"@id\":\"https:\/\/amisns.edu.pl\/stara-wersja\/homepage\/dla-studenta\/wspolpraca\/#breadcrumb\",\"itemListElement\":[{\"@type\":\"ListItem\",\"position\":1,\"name\":\"Strona g\u0142\u00f3wna\",\"item\":\"https:\/\/amisns.edu.pl\/stara-wersja\/\"},{\"@type\":\"ListItem\",\"position\":2,\"name\":\"Homepage\",\"item\":\"https:\/\/amisns.edu.pl\/stara-wersja\/\"},{\"@type\":\"ListItem\",\"position\":3,\"name\":\"Dla studenta\",\"item\":\"https:\/\/amisns.edu.pl\/stara-wersja\/homepage\/dla-studenta\/\"},{\"@type\":\"ListItem\",\"position\":4,\"name\":\"Wsp\u00f3\u0142praca\"}]},{\"@type\":\"WebSite\",\"@id\":\"https:\/\/amisns.edu.pl\/stara-wersja\/stara-wersja\/#website\",\"url\":\"https:\/\/amisns.edu.pl\/stara-wersja\/stara-wersja\/\",\"name\":\"AMISNS\",\"description\":\"Akademia Medycznych i Spo\u0142ecznych nauk stosowanych\",\"publisher\":{\"@id\":\"https:\/\/amisns.edu.pl\/stara-wersja\/stara-wersja\/#organization\"},\"potentialAction\":[{\"@type\":\"SearchAction\",\"target\":{\"@type\":\"EntryPoint\",\"urlTemplate\":\"https:\/\/amisns.edu.pl\/stara-wersja\/stara-wersja\/?s={search_term_string}\"},\"query-input\":{\"@type\":\"PropertyValueSpecification\",\"valueRequired\":true,\"valueName\":\"search_term_string\"}}],\"inLanguage\":\"pl-PL\"},{\"@type\":\"Organization\",\"@id\":\"https:\/\/amisns.edu.pl\/stara-wersja\/stara-wersja\/#organization\",\"name\":\"AMISNS\",\"url\":\"https:\/\/amisns.edu.pl\/stara-wersja\/stara-wersja\/\",\"logo\":{\"@type\":\"ImageObject\",\"inLanguage\":\"pl-PL\",\"@id\":\"https:\/\/amisns.edu.pl\/stara-wersja\/stara-wersja\/#\/schema\/logo\/image\/\",\"url\":\"https:\/\/amisns.edu.pl\/stara-wersja\/wp-content\/uploads\/2022\/12\/Znak-AMiSNS-na-strone-www-4k.png\",\"contentUrl\":\"https:\/\/amisns.edu.pl\/stara-wersja\/wp-content\/uploads\/2022\/12\/Znak-AMiSNS-na-strone-www-4k.png\",\"width\":1920,\"height\":523,\"caption\":\"AMISNS\"},\"image\":{\"@id\":\"https:\/\/amisns.edu.pl\/stara-wersja\/stara-wersja\/#\/schema\/logo\/image\/\"},\"sameAs\":[\"https:\/\/www.facebook.com\/AMiSNSElblag\"]}]}<\/script>\n<!-- \/ Yoast SEO plugin. -->","yoast_head_json":{"title":"Wsp\u00f3\u0142praca - AMISNS","robots":{"index":"noindex","follow":"follow","max-snippet":"max-snippet:-1","max-image-preview":"max-image-preview:large","max-video-preview":"max-video-preview:-1"},"og_locale":"pl_PL","og_type":"article","og_title":"Wsp\u00f3\u0142praca - AMISNS","og_description":"WSP\u00d3\u0141PRACA Rada spo\u0142eczno-gospodarcza Ide\u0105 powstania rady spo\u0142eczno &#8211; gospodarczej jest rozwijanie efektywnej wsp\u00f3\u0142pracy uczelni z wiod\u0105cymi przedstawicielami sfery biznesu, instytucji i organizacji spo\u0142ecznych oraz administracji publicznej wojew\u00f3dztwa warmi\u0144sko-mazurskiego w celu m.in. doskonalenia program\u00f3w kszta\u0142cenia oraz dostosowania oferty kszta\u0142cenia do oczekiwa\u0144 pracodawc\u00f3w i wymog\u00f3w rynku pracy. W sk\u0142ad rady spo\u0142eczno &#8211; gospodarczej Wydzia\u0142u Administracji i Nauk [&hellip;]","og_url":"https:\/\/amisns.edu.pl\/stara-wersja\/homepage\/dla-studenta\/wspolpraca\/","og_site_name":"AMISNS","article_publisher":"https:\/\/www.facebook.com\/AMiSNSElblag","article_modified_time":"2023-01-23T12:56:10+00:00","twitter_card":"summary_large_image","twitter_misc":{"Szacowany czas czytania":"1 minuta"},"schema":{"@context":"https:\/\/schema.org","@graph":[{"@type":"WebPage","@id":"https:\/\/amisns.edu.pl\/stara-wersja\/homepage\/dla-studenta\/wspolpraca\/","url":"https:\/\/amisns.edu.pl\/stara-wersja\/homepage\/dla-studenta\/wspolpraca\/","name":"Wsp\u00f3\u0142praca - AMISNS","isPartOf":{"@id":"https:\/\/amisns.edu.pl\/stara-wersja\/stara-wersja\/#website"},"datePublished":"2022-11-30T00:18:38+00:00","dateModified":"2023-01-23T12:56:10+00:00","breadcrumb":{"@id":"https:\/\/amisns.edu.pl\/stara-wersja\/homepage\/dla-studenta\/wspolpraca\/#breadcrumb"},"inLanguage":"pl-PL","potentialAction":[{"@type":"ReadAction","target":["https:\/\/amisns.edu.pl\/stara-wersja\/homepage\/dla-studenta\/wspolpraca\/"]}]},{"@type":"BreadcrumbList","@id":"https:\/\/amisns.edu.pl\/stara-wersja\/homepage\/dla-studenta\/wspolpraca\/#breadcrumb","itemListElement":[{"@type":"ListItem","position":1,"name":"Strona g\u0142\u00f3wna","item":"https:\/\/amisns.edu.pl\/stara-wersja\/"},{"@type":"ListItem","position":2,"name":"Homepage","item":"https:\/\/amisns.edu.pl\/stara-wersja\/"},{"@type":"ListItem","position":3,"name":"Dla studenta","item":"https:\/\/amisns.edu.pl\/stara-wersja\/homepage\/dla-studenta\/"},{"@type":"ListItem","position":4,"name":"Wsp\u00f3\u0142praca"}]},{"@type":"WebSite","@id":"https:\/\/amisns.edu.pl\/stara-wersja\/stara-wersja\/#website","url":"https:\/\/amisns.edu.pl\/stara-wersja\/stara-wersja\/","name":"AMISNS","description":"Akademia Medycznych i Spo\u0142ecznych nauk stosowanych","publisher":{"@id":"https:\/\/amisns.edu.pl\/stara-wersja\/stara-wersja\/#organization"},"potentialAction":[{"@type":"SearchAction","target":{"@type":"EntryPoint","urlTemplate":"https:\/\/amisns.edu.pl\/stara-wersja\/stara-wersja\/?s={search_term_string}"},"query-input":{"@type":"PropertyValueSpecification","valueRequired":true,"valueName":"search_term_string"}}],"inLanguage":"pl-PL"},{"@type":"Organization","@id":"https:\/\/amisns.edu.pl\/stara-wersja\/stara-wersja\/#organization","name":"AMISNS","url":"https:\/\/amisns.edu.pl\/stara-wersja\/stara-wersja\/","logo":{"@type":"ImageObject","inLanguage":"pl-PL","@id":"https:\/\/amisns.edu.pl\/stara-wersja\/stara-wersja\/#\/schema\/logo\/image\/","url":"https:\/\/amisns.edu.pl\/stara-wersja\/wp-content\/uploads\/2022\/12\/Znak-AMiSNS-na-strone-www-4k.png","contentUrl":"https:\/\/amisns.edu.pl\/stara-wersja\/wp-content\/uploads\/2022\/12\/Znak-AMiSNS-na-strone-www-4k.png","width":1920,"height":523,"caption":"AMISNS"},"image":{"@id":"https:\/\/amisns.edu.pl\/stara-wersja\/stara-wersja\/#\/schema\/logo\/image\/"},"sameAs":["https:\/\/www.facebook.com\/AMiSNSElblag"]}]}},"_links":{"self":[{"href":"https:\/\/amisns.edu.pl\/stara-wersja\/wp-json\/wp\/v2\/pages\/675"}],"collection":[{"href":"https:\/\/amisns.edu.pl\/stara-wersja\/wp-json\/wp\/v2\/pages"}],"about":[{"href":"https:\/\/amisns.edu.pl\/stara-wersja\/wp-json\/wp\/v2\/types\/page"}],"author":[{"embeddable":true,"href":"https:\/\/amisns.edu.pl\/stara-wersja\/wp-json\/wp\/v2\/users\/2"}],"replies":[{"embeddable":true,"href":"https:\/\/amisns.edu.pl\/stara-wersja\/wp-json\/wp\/v2\/comments?post=675"}],"version-history":[{"count":25,"href":"https:\/\/amisns.edu.pl\/stara-wersja\/wp-json\/wp\/v2\/pages\/675\/revisions"}],"predecessor-version":[{"id":6010,"href":"https:\/\/amisns.edu.pl\/stara-wersja\/wp-json\/wp\/v2\/pages\/675\/revisions\/6010"}],"up":[{"embeddable":true,"href":"https:\/\/amisns.edu.pl\/stara-wersja\/wp-json\/wp\/v2\/pages\/66"}],"wp:attachment":[{"href":"https:\/\/amisns.edu.pl\/stara-wersja\/wp-json\/wp\/v2\/media?parent=675"}],"curies":[{"name":"wp","href":"https:\/\/api.w.org\/{rel}","templated":true}]}}