{"id":683,"date":"2022-11-30T00:22:59","date_gmt":"2022-11-30T00:22:59","guid":{"rendered":"http:\/\/wordpress2247503.home.pl\/public_html\/amisns.edu.pl\/?page_id=683"},"modified":"2024-09-27T07:27:03","modified_gmt":"2024-09-27T06:27:03","slug":"os-niepelnosprawne","status":"publish","type":"page","link":"https:\/\/amisns.edu.pl\/stara-wersja\/homepage\/dla-studenta\/os-niepelnosprawne\/","title":{"rendered":"Os. niepe\u0142nosprawne"},"content":{"rendered":"\t\t<div data-elementor-type=\"wp-page\" data-elementor-id=\"683\" class=\"elementor elementor-683\" data-elementor-post-type=\"page\">\n\t\t\t\t\t\t<section class=\"elementor-section elementor-top-section elementor-element elementor-element-d6acbb2 elementor-section-full_width elementor-section-height-default elementor-section-height-default\" data-id=\"d6acbb2\" data-element_type=\"section\">\n\t\t\t\t\t\t<div class=\"elementor-container elementor-column-gap-default\">\n\t\t\t\t\t<div class=\"elementor-column elementor-col-100 elementor-top-column elementor-element elementor-element-9c4c64e\" data-id=\"9c4c64e\" data-element_type=\"column\">\n\t\t\t<div class=\"elementor-widget-wrap elementor-element-populated\">\n\t\t\t\t\t\t<div class=\"elementor-element elementor-element-6181b71 elementor--h-position-center elementor--v-position-middle elementor-arrows-position-inside elementor-pagination-position-inside elementor-widget elementor-widget-slides\" data-id=\"6181b71\" data-element_type=\"widget\" data-settings=\"{&quot;navigation&quot;:&quot;both&quot;,&quot;autoplay&quot;:&quot;yes&quot;,&quot;pause_on_hover&quot;:&quot;yes&quot;,&quot;pause_on_interaction&quot;:&quot;yes&quot;,&quot;autoplay_speed&quot;:5000,&quot;infinite&quot;:&quot;yes&quot;,&quot;transition&quot;:&quot;slide&quot;,&quot;transition_speed&quot;:500}\" data-widget_type=\"slides.default\">\n\t\t\t\t<div class=\"elementor-widget-container\">\n\t\t\t\t\t<div class=\"elementor-swiper\">\n\t\t\t<div class=\"elementor-slides-wrapper elementor-main-swiper swiper\" dir=\"ltr\" data-animation=\"fadeInUp\">\n\t\t\t\t<div class=\"swiper-wrapper elementor-slides\">\n\t\t\t\t\t\t\t\t\t\t<div class=\"elementor-repeater-item-6e86543 swiper-slide\"><div class=\"swiper-slide-bg elementor-ken-burns elementor-ken-burns--in\" role=\"img\"><\/div><div class=\"swiper-slide-inner\" ><div class=\"swiper-slide-contents\"><div class=\"elementor-slide-heading\">OSOBY Z NIEPE\u0141NOSPRAWNO\u015aCIAMI<\/div><\/div><\/div><\/div>\t\t\t\t<\/div>\n\t\t\t\t\t\t\t<\/div>\n\t\t<\/div>\n\t\t\t\t<\/div>\n\t\t\t\t<\/div>\n\t\t\t\t\t<\/div>\n\t\t<\/div>\n\t\t\t\t\t<\/div>\n\t\t<\/section>\n\t\t\t\t<section class=\"elementor-section elementor-top-section elementor-element elementor-element-6f26510 animated-slow elementor-section-boxed elementor-section-height-default elementor-section-height-default elementor-invisible\" data-id=\"6f26510\" data-element_type=\"section\" data-settings=\"{&quot;animation&quot;:&quot;fadeIn&quot;}\">\n\t\t\t\t\t\t<div class=\"elementor-container elementor-column-gap-default\">\n\t\t\t\t\t<div class=\"elementor-column elementor-col-100 elementor-top-column elementor-element elementor-element-4089a7a\" data-id=\"4089a7a\" data-element_type=\"column\">\n\t\t\t<div class=\"elementor-widget-wrap elementor-element-populated\">\n\t\t\t\t\t\t<div class=\"elementor-element elementor-element-e13ac08 elementor-widget elementor-widget-text-editor\" data-id=\"e13ac08\" data-element_type=\"widget\" data-widget_type=\"text-editor.default\">\n\t\t\t\t<div class=\"elementor-widget-container\">\n\t\t\t\t\t\t\t<p>W\u0142adze Uczelni czyni\u0105 wszelkie starania, \u017ceby w jak najwi\u0119kszym stopniu u\u0142atwi\u0107 kandydatom oraz studentom z&nbsp; niepe\u0142nosprawno\u015bciami dost\u0119p do wiedzy. Oczywi\u015bcie nie chodzi tylko o wymiar architektoniczny. Stawiamy przed sob\u0105 wiele cel\u00f3w i zada\u0144, kt\u00f3re zmierzaj\u0105 do likwidacji wszelkich barier utrudniaj\u0105cych studiowanie. D\u0105\u017cymy do zapewnienia r\u00f3wnego dost\u0119pu do wykszta\u0142cenia studentom z&nbsp; niepe\u0142nosprawno\u015bciami.<\/p>\n<p>Rektor Akademii Medycznych i Spo\u0142ecznych Nauk Stosowanych powo\u0142a\u0142 Pe\u0142nomocnika ds. Os\u00f3b z Niepe\u0142nosprawno\u015bciami. Zakres zada\u0144 obejmuje podejmowanie dzia\u0142a\u0144 zmierzaj\u0105cych do:<\/p>\n<ul>\n<li>inicjowania dzia\u0142a\u0144 maj\u0105cych na celu stworzenie studentom warunk\u00f3w do pe\u0142nego udzia\u0142u w procesie kszta\u0142cenia,<\/li>\n<li>likwidacji w Uczelni barier uniemo\u017cliwiaj\u0105cych osobom z niepe\u0142nosprawno\u015bciami kszta\u0142cenie, a tak\u017ce udzia\u0142 w \u017cyciu spo\u0142eczno\u015bci akademickiej,<\/li>\n<li>pomocy dora\u017anej w rozwi\u0105zywaniu aktualnych problem\u00f3w student\u00f3w z niepe\u0142nosprawno\u015bciami, stosownie do indywidualnych potrzeb studenta,<\/li>\n<li>reprezentowania interes\u00f3w student\u00f3w z niepe\u0142nosprawno\u015bciami,<\/li>\n<li>zapewnienia dost\u0119pu do zaj\u0119\u0107 dydaktycznych studentom z niepe\u0142nosprawno\u015bciami i przewlekle chorym, kt\u00f3rzy nie s\u0105 w stanie standardowo realizowa\u0107 programu studi\u00f3w,<\/li>\n<li>udzielania informacji na temat program\u00f3w np. finansowych skierowanych do student\u00f3w z&nbsp; niepe\u0142nosprawno\u015bciami oraz pomocy w wype\u0142nianiu wniosk\u00f3w.<\/li>\n<\/ul>\n<p>Do korzystania z pomocy Pe\u0142nomocnika ds. Os\u00f3b z Niepe\u0142nosprawno\u015bci\u0105 uprawnione s\u0105 nast\u0119puj\u0105ce osoby ze spo\u0142eczno\u015bci studenckiej: osoby z niepe\u0142nosprawno\u015bci\u0105, osoby przewlekle chore lub niezdolne do pe\u0142nego uczestnictwa w zaj\u0119ciach w trybie standardowym, ale nieposiadaj\u0105ce orzeczonego stopnia niesprawno\u015bci, osoby, kt\u00f3rych niezdolno\u015b\u0107 do pe\u0142nego uczestnictwa w zaj\u0119ciach spowodowana jest nag\u0142\u0105 chorob\u0105 lub utrat\u0105 sprawno\u015bci z powodu wypadku, gdzie charakter tej niezdolno\u015bci jest czasowy.<\/p>\n<p>Pe\u0142nomocnik Rektora ds. Os\u00f3b z Niepe\u0142nosprawno\u015bci\u0105<br>mgr Angelika Jeleniewska<br>pe\u0142ni dy\u017cur dla student\u00f3w w pi\u0105tki w godz. 08.00-12.00.<\/p>\n<p>Kontakt jest mo\u017cliwy osobi\u015bcie w pok. nr 114, telefonicznie pod numerem 512 542 850 lub poprzez e-mail: a.jeleniewska@amisns.edu.pl<\/p>\n<p>Szanuj\u0105c prawa studenta uczelnia zapewnia pe\u0142n\u0105 poufno\u015b\u0107 informacji powierzanych pe\u0142nomocnikowi.<\/p>\n<p><strong>Student zg\u0142aszaj\u0105cy si\u0119 do Pe\u0142nomocnika ds. Os\u00f3b z Niepe\u0142nosprawno\u015bciami Akademii Medycznych i Spo\u0142ecznych Nauk Stosowanych jest zobowi\u0105zany do wyra\u017cenia pisemnie swoich potrzeb.<\/strong><\/p>\n<p>Budynek Uczelni zosta\u0142 zaprojektowany tak, aby osoby poruszaj\u0105ce si\u0119 na w\u00f3zkach inwalidzkich mia\u0142y komfort poruszania si\u0119 po terenie ca\u0142ej Uczelni. W budynkach przeznaczonych na cele dydaktyczne nie wyst\u0119puj\u0105 bariery architektoniczne. Powierzchnie p\u0142askie korytarzy i pomieszcze\u0144 s\u0105 dostosowane do poruszania si\u0119 na w\u00f3zku inwalidzkim. Drzwi maj\u0105 szeroko\u015b\u0107 90 cm i wi\u0119cej, nie wyst\u0119puj\u0105 w nich progi. Na wszystkich kondygnacjach wydzielone s\u0105 sanitariaty o normowych parametrach zaopatrzone w potrzebne uchwyty i por\u0119cze. Przemieszczanie si\u0119 os\u00f3b z&nbsp; niepe\u0142nosprawno\u015bciami na poszczeg\u00f3lne kondygnacje budynku mo\u017cliwe jest dzi\u0119ki d\u017awigowi osobowemu. Jest on przystosowany do potrzeb os\u00f3b poruszaj\u0105cych si\u0119 na w\u00f3zkach inwalidzkich.<\/p>\n<p>Parkingi po\u0142o\u017cone na posesji przy ul. Lotniczej po\u0142\u0105czone s\u0105 drogami wewn\u0119trznymi i p\u0142askimi chodnikami umo\u017cliwiaj\u0105cymi swobodne doj\u015bcie i dojazd w\u00f3zkiem inwalidzkim do budynku dydaktyczno-administracyjnego, dydaktycznego i Centrum Dydaktyki i Symulacji Medycznej. Na parkingach wyznaczono odpowiednie stanowiska do parkowania samochod\u00f3w u\u017cytkowanych przez osoby z niepe\u0142nosprawno\u015bciami. Stanowiska te oznaczone s\u0105 normowymi znakami pionowymi i poziomymi. Do pokonania r\u00f3\u017cnicy poziom\u00f3w 12 cm z parkingu na chodnik s\u0142u\u017cy pochylnia.<\/p>\n<p>Na prze\u0142omie lat Uczelnia (uwzgl\u0119dniaj\u0105c potrzeby w zakresie wyr\u00f3wnywania szans edukacyjnych studentom b\u0119d\u0105cym osobami z&nbsp; niepe\u0142nosprawno\u015bciami) podj\u0119\u0142a szereg dzia\u0142a\u0144 pozwalaj\u0105cych na stworzenie warunk\u00f3w do poprawy zewn\u0119trznej infrastruktury komunikacyjnej, poprawy warunk\u00f3w audiowizualnych oraz przeprowadzenia \u0107wicze\u0144 w zwi\u0119kszonym wymiarze czasu.<\/p>\n<p>W swojej bazie posiadamy:<\/p>\n<ul>\n<li>boisko sportowe, przystosowane do mo\u017cliwo\u015bci os\u00f3b z&nbsp; niepe\u0142nosprawno\u015bci\u0105 ruchow\u0105, w tym na w\u00f3zkach inwalidzkich. Obiekt jest nowoczesnym wielofunkcyjnym boiskiem o nawierzchni polipropylenowej, kt\u00f3ra przystosowana jest do prowadzenia zaj\u0119\u0107 rehabilitacyjnych i rekreacyjno-sportowych naszych student\u00f3w. W budynku znajduje si\u0119 niezb\u0119dne wyposa\u017cenie do gry w pi\u0142k\u0119 r\u0119czn\u0105, pi\u0142k\u0119 siatkow\u0105, tenisa ziemnego oraz pi\u0142k\u0119 koszykow\u0105,<\/li>\n<li>parking z 12 miejscami postojowymi dla os\u00f3b z&nbsp; niepe\u0142nosprawno\u015bci\u0105 w s\u0105siedztwie g\u0142\u00f3wnego wej\u015bcia do AMiSNS, sali gimnastycznej, boiska wielofunkcyjnego,<\/li>\n<li>parking z miejscami postojowymi dla os\u00f3b z&nbsp; niepe\u0142nosprawno\u015bci\u0105 przy g\u0142\u00f3wnym wej\u015bciu do Centrum Dydaktyki i Symulacji Medycznej,<\/li>\n<li>zmodernizowane systemy audiowizualne w czterech aulach wyk\u0142adowych, przystosowane do potrzeb student\u00f3w niedowidz\u0105cych. W ka\u017cdej z sal znajduj\u0105 si\u0119 projektory, laptopy, okablowanie, oprogramowanie, klawiatury dla niedowidz\u0105cych oraz myszki dla os\u00f3b z niepe\u0142nosprawno\u015bci\u0105, kt\u00f3re umo\u017cliwi\u0105 wi\u0119ksz\u0105 aktywno\u015b\u0107 student\u00f3w w prowadzonych seminariach i \u0107wiczeniach,<\/li>\n<li>oprogramowania Zoom Text Magnifier \u2013 program powi\u0119kszaj\u0105cy tekst dla os\u00f3b niedowidz\u0105cych. Te rozwi\u0105zanie pozwala wyk\u0142adowcy, po wcze\u015bniej zg\u0142oszonej przez studenta specjalnej potrzebie, powi\u0119ksza\u0107 wy\u015bwietlany na ekranie tekst i obraz do potrzeb student\u00f3w niedowidz\u0105cych.<\/li>\n<li>sprz\u0119t medyczny (wniosek o wypo\u017cyczenie nale\u017cy z\u0142o\u017cy\u0107 w pok. 114 u pe\u0142nomocnika rektora ds. os\u00f3b z niepe\u0142nosprawno\u015bci\u0105):<\/li>\n<li><span style=\"font-size: 16px; color: var( --e-global-color-text ); letter-spacing: var( --e-global-typography-51b974a-letter-spacing ); word-spacing: var( --e-global-typography-51b974a-word-spacing );\">w\u00f3zek inwalidzki (aktywny),<\/span><\/li>\n<li><span style=\"font-size: 16px; color: var( --e-global-color-text ); letter-spacing: var( --e-global-typography-51b974a-letter-spacing ); word-spacing: var( --e-global-typography-51b974a-word-spacing );\">2 komplety kul \u0142okciowych,<\/span><\/li>\n<li><span style=\"font-size: 16px; color: var( --e-global-color-text ); letter-spacing: var( --e-global-typography-51b974a-letter-spacing ); word-spacing: var( --e-global-typography-51b974a-word-spacing );\">1 komplet kul pachowych,<\/span><\/li>\n<li><span style=\"font-size: 16px; color: var( --e-global-color-text ); letter-spacing: var( --e-global-typography-51b974a-letter-spacing ); word-spacing: var( --e-global-typography-51b974a-word-spacing );\">tr\u00f3jfunkcyjny balkonik sk\u0142adany,<\/span><\/li>\n<li><span style=\"font-size: 16px; color: var( --e-global-color-text ); letter-spacing: var( --e-global-typography-51b974a-letter-spacing ); word-spacing: var( --e-global-typography-51b974a-word-spacing );\">ortez\u0119 na ramie i bark odci\u0105\u017caj\u0105co-stabilizuj\u0105ca (rozmiar M i L),<\/span><\/li>\n<li><span style=\"font-size: 16px; color: var( --e-global-color-text ); letter-spacing: var( --e-global-typography-51b974a-letter-spacing ); word-spacing: var( --e-global-typography-51b974a-word-spacing );\">d\u0142ug\u0105 ortez\u0119 stabilizator-kolana z zegarem regulacj\u0105 k\u0105ta zgi\u0119cia,<\/span><\/li>\n<li><span style=\"font-size: 16px; color: var( --e-global-color-text ); letter-spacing: var( --e-global-typography-51b974a-letter-spacing ); word-spacing: var( --e-global-typography-51b974a-word-spacing );\">stabilizator stawu skokowego,<\/span><\/li>\n<li><span style=\"font-size: 16px; color: var( --e-global-color-text ); letter-spacing: var( --e-global-typography-51b974a-letter-spacing ); word-spacing: var( --e-global-typography-51b974a-word-spacing );\">elastyczny stabilizator nadgarstka,<\/span><\/li>\n<li><span style=\"font-size: 16px; color: var( --e-global-color-text ); letter-spacing: var( --e-global-typography-51b974a-letter-spacing ); word-spacing: var( --e-global-typography-51b974a-word-spacing );\">uniwersalny stabilizator kciuka z uj\u0119ciem nadgarstka,<\/span><\/li>\n<li><span style=\"font-size: 16px; color: var( --e-global-color-text ); letter-spacing: var( --e-global-typography-51b974a-letter-spacing ); word-spacing: var( --e-global-typography-51b974a-word-spacing );\">uniwersalny stabilizator nadgarstka z szynami profilowanymi,<\/span><\/li>\n<li><span style=\"font-size: 16px; color: var( --e-global-color-text ); letter-spacing: var( --e-global-typography-51b974a-letter-spacing ); word-spacing: var( --e-global-typography-51b974a-word-spacing );\">ortez\u0119 \u2013 stabilizator stawu skokowego \u2013 kostki.<\/span><\/li>\n<\/ul>\t\t\t\t\t\t<\/div>\n\t\t\t\t<\/div>\n\t\t\t\t\t<\/div>\n\t\t<\/div>\n\t\t\t\t\t<\/div>\n\t\t<\/section>\n\t\t\t\t<section class=\"elementor-section elementor-top-section elementor-element elementor-element-757c12a elementor-section-boxed elementor-section-height-default elementor-section-height-default elementor-invisible\" data-id=\"757c12a\" data-element_type=\"section\" data-settings=\"{&quot;animation&quot;:&quot;fadeIn&quot;}\">\n\t\t\t\t\t\t<div class=\"elementor-container elementor-column-gap-default\">\n\t\t\t\t\t<div class=\"elementor-column elementor-col-66 elementor-top-column elementor-element elementor-element-521ff86\" data-id=\"521ff86\" data-element_type=\"column\">\n\t\t\t<div class=\"elementor-widget-wrap elementor-element-populated\">\n\t\t\t\t\t\t<div class=\"elementor-element elementor-element-b3d9494 elementor-widget elementor-widget-text-editor\" data-id=\"b3d9494\" data-element_type=\"widget\" data-widget_type=\"text-editor.default\">\n\t\t\t\t<div class=\"elementor-widget-container\">\n\t\t\t\t\t\t\t<p>Wniosek wypo\u017cyczenia sprz\u0119tu medycznego<\/p>\t\t\t\t\t\t<\/div>\n\t\t\t\t<\/div>\n\t\t\t\t\t<\/div>\n\t\t<\/div>\n\t\t\t\t<div class=\"elementor-column elementor-col-33 elementor-top-column elementor-element elementor-element-732000b\" data-id=\"732000b\" data-element_type=\"column\">\n\t\t\t<div class=\"elementor-widget-wrap elementor-element-populated\">\n\t\t\t\t\t\t<div class=\"elementor-element elementor-element-6b7bcfb elementor-align-center elementor-widget elementor-widget-button\" data-id=\"6b7bcfb\" data-element_type=\"widget\" data-widget_type=\"button.default\">\n\t\t\t\t<div class=\"elementor-widget-container\">\n\t\t\t\t\t<div class=\"elementor-button-wrapper\">\n\t\t\t<a class=\"elementor-button elementor-button-link elementor-size-sm\" href=\"https:\/\/amisns.edu.pl\/wp-content\/uploads\/wniosek_o_wypozyczenie_sprzetu_medycz.doc\" target=\"_blank\">\n\t\t\t\t\t\t<span class=\"elementor-button-content-wrapper\">\n\t\t\t\t\t\t<span class=\"elementor-button-icon\">\n\t\t\t\t<i aria-hidden=\"true\" class=\"fas fa-file-download\"><\/i>\t\t\t<\/span>\n\t\t\t\t\t\t\t\t\t<span class=\"elementor-button-text\">Pobierz plik<\/span>\n\t\t\t\t\t<\/span>\n\t\t\t\t\t<\/a>\n\t\t<\/div>\n\t\t\t\t<\/div>\n\t\t\t\t<\/div>\n\t\t\t\t\t<\/div>\n\t\t<\/div>\n\t\t\t\t\t<\/div>\n\t\t<\/section>\n\t\t\t\t<\/div>\n\t\t","protected":false},"excerpt":{"rendered":"<p>OSOBY Z NIEPE\u0141NOSPRAWNO\u015aCIAMI W\u0142adze Uczelni czyni\u0105 wszelkie starania, \u017ceby w jak najwi\u0119kszym stopniu u\u0142atwi\u0107 kandydatom oraz studentom z&nbsp; niepe\u0142nosprawno\u015bciami dost\u0119p do wiedzy. Oczywi\u015bcie nie chodzi tylko o wymiar architektoniczny. Stawiamy przed sob\u0105 wiele cel\u00f3w i zada\u0144, kt\u00f3re zmierzaj\u0105 do likwidacji wszelkich barier utrudniaj\u0105cych studiowanie. D\u0105\u017cymy do zapewnienia r\u00f3wnego dost\u0119pu do wykszta\u0142cenia studentom z&nbsp; niepe\u0142nosprawno\u015bciami. Rektor [&hellip;]<\/p>\n","protected":false},"author":2,"featured_media":0,"parent":66,"menu_order":0,"comment_status":"closed","ping_status":"closed","template":"elementor_header_footer","meta":{"ocean_post_layout":"","ocean_both_sidebars_style":"","ocean_both_sidebars_content_width":0,"ocean_both_sidebars_sidebars_width":0,"ocean_sidebar":"0","ocean_second_sidebar":"0","ocean_disable_margins":"enable","ocean_add_body_class":"","ocean_shortcode_before_top_bar":"","ocean_shortcode_after_top_bar":"","ocean_shortcode_before_header":"","ocean_shortcode_after_header":"","ocean_has_shortcode":"","ocean_shortcode_after_title":"","ocean_shortcode_before_footer_widgets":"","ocean_shortcode_after_footer_widgets":"","ocean_shortcode_before_footer_bottom":"","ocean_shortcode_after_footer_bottom":"","ocean_display_top_bar":"default","ocean_display_header":"default","ocean_header_style":"","ocean_center_header_left_menu":"0","ocean_custom_header_template":"0","ocean_custom_logo":0,"ocean_custom_retina_logo":0,"ocean_custom_logo_max_width":0,"ocean_custom_logo_tablet_max_width":0,"ocean_custom_logo_mobile_max_width":0,"ocean_custom_logo_max_height":0,"ocean_custom_logo_tablet_max_height":0,"ocean_custom_logo_mobile_max_height":0,"ocean_header_custom_menu":"0","ocean_menu_typo_font_family":"0","ocean_menu_typo_font_subset":"","ocean_menu_typo_font_size":0,"ocean_menu_typo_font_size_tablet":0,"ocean_menu_typo_font_size_mobile":0,"ocean_menu_typo_font_size_unit":"px","ocean_menu_typo_font_weight":"","ocean_menu_typo_font_weight_tablet":"","ocean_menu_typo_font_weight_mobile":"","ocean_menu_typo_transform":"","ocean_menu_typo_transform_tablet":"","ocean_menu_typo_transform_mobile":"","ocean_menu_typo_line_height":0,"ocean_menu_typo_line_height_tablet":0,"ocean_menu_typo_line_height_mobile":0,"ocean_menu_typo_line_height_unit":"","ocean_menu_typo_spacing":0,"ocean_menu_typo_spacing_tablet":0,"ocean_menu_typo_spacing_mobile":0,"ocean_menu_typo_spacing_unit":"","ocean_menu_link_color":"","ocean_menu_link_color_hover":"","ocean_menu_link_color_active":"","ocean_menu_link_background":"","ocean_menu_link_hover_background":"","ocean_menu_link_active_background":"","ocean_menu_social_links_bg":"","ocean_menu_social_hover_links_bg":"","ocean_menu_social_links_color":"","ocean_menu_social_hover_links_color":"","ocean_disable_title":"default","ocean_disable_heading":"default","ocean_post_title":"","ocean_post_subheading":"","ocean_post_title_style":"","ocean_post_title_background_color":"","ocean_post_title_background":0,"ocean_post_title_bg_image_position":"","ocean_post_title_bg_image_attachment":"","ocean_post_title_bg_image_repeat":"","ocean_post_title_bg_image_size":"","ocean_post_title_height":0,"ocean_post_title_bg_overlay":0.5,"ocean_post_title_bg_overlay_color":"","ocean_disable_breadcrumbs":"default","ocean_breadcrumbs_color":"","ocean_breadcrumbs_separator_color":"","ocean_breadcrumbs_links_color":"","ocean_breadcrumbs_links_hover_color":"","ocean_display_footer_widgets":"default","ocean_display_footer_bottom":"default","ocean_custom_footer_template":"0","footnotes":""},"class_list":["post-683","page","type-page","status-publish","hentry","entry"],"yoast_head":"<!-- This site is optimized with the Yoast SEO plugin v23.7 - https:\/\/yoast.com\/wordpress\/plugins\/seo\/ -->\n<title>Os. niepe\u0142nosprawne - AMISNS<\/title>\n<meta name=\"robots\" content=\"noindex, follow, max-snippet:-1, max-image-preview:large, max-video-preview:-1\" \/>\n<meta property=\"og:locale\" content=\"pl_PL\" \/>\n<meta property=\"og:type\" content=\"article\" \/>\n<meta property=\"og:title\" content=\"Os. niepe\u0142nosprawne - AMISNS\" \/>\n<meta property=\"og:description\" content=\"OSOBY Z NIEPE\u0141NOSPRAWNO\u015aCIAMI W\u0142adze Uczelni czyni\u0105 wszelkie starania, \u017ceby w jak najwi\u0119kszym stopniu u\u0142atwi\u0107 kandydatom oraz studentom z&nbsp; niepe\u0142nosprawno\u015bciami dost\u0119p do wiedzy. Oczywi\u015bcie nie chodzi tylko o wymiar architektoniczny. Stawiamy przed sob\u0105 wiele cel\u00f3w i zada\u0144, kt\u00f3re zmierzaj\u0105 do likwidacji wszelkich barier utrudniaj\u0105cych studiowanie. D\u0105\u017cymy do zapewnienia r\u00f3wnego dost\u0119pu do wykszta\u0142cenia studentom z&nbsp; niepe\u0142nosprawno\u015bciami. Rektor [&hellip;]\" \/>\n<meta property=\"og:url\" content=\"https:\/\/amisns.edu.pl\/stara-wersja\/homepage\/dla-studenta\/os-niepelnosprawne\/\" \/>\n<meta property=\"og:site_name\" content=\"AMISNS\" \/>\n<meta property=\"article:publisher\" content=\"https:\/\/www.facebook.com\/AMiSNSElblag\" \/>\n<meta property=\"article:modified_time\" content=\"2024-09-27T06:27:03+00:00\" \/>\n<meta name=\"twitter:card\" content=\"summary_large_image\" \/>\n<meta name=\"twitter:label1\" content=\"Szacowany czas czytania\" \/>\n\t<meta name=\"twitter:data1\" content=\"5 minut\" \/>\n<script type=\"application\/ld+json\" class=\"yoast-schema-graph\">{\"@context\":\"https:\/\/schema.org\",\"@graph\":[{\"@type\":\"WebPage\",\"@id\":\"https:\/\/amisns.edu.pl\/stara-wersja\/homepage\/dla-studenta\/os-niepelnosprawne\/\",\"url\":\"https:\/\/amisns.edu.pl\/stara-wersja\/homepage\/dla-studenta\/os-niepelnosprawne\/\",\"name\":\"Os. niepe\u0142nosprawne - AMISNS\",\"isPartOf\":{\"@id\":\"https:\/\/amisns.edu.pl\/stara-wersja\/stara-wersja\/#website\"},\"datePublished\":\"2022-11-30T00:22:59+00:00\",\"dateModified\":\"2024-09-27T06:27:03+00:00\",\"breadcrumb\":{\"@id\":\"https:\/\/amisns.edu.pl\/stara-wersja\/homepage\/dla-studenta\/os-niepelnosprawne\/#breadcrumb\"},\"inLanguage\":\"pl-PL\",\"potentialAction\":[{\"@type\":\"ReadAction\",\"target\":[\"https:\/\/amisns.edu.pl\/stara-wersja\/homepage\/dla-studenta\/os-niepelnosprawne\/\"]}]},{\"@type\":\"BreadcrumbList\",\"@id\":\"https:\/\/amisns.edu.pl\/stara-wersja\/homepage\/dla-studenta\/os-niepelnosprawne\/#breadcrumb\",\"itemListElement\":[{\"@type\":\"ListItem\",\"position\":1,\"name\":\"Strona g\u0142\u00f3wna\",\"item\":\"https:\/\/amisns.edu.pl\/stara-wersja\/\"},{\"@type\":\"ListItem\",\"position\":2,\"name\":\"Homepage\",\"item\":\"https:\/\/amisns.edu.pl\/stara-wersja\/\"},{\"@type\":\"ListItem\",\"position\":3,\"name\":\"Dla studenta\",\"item\":\"https:\/\/amisns.edu.pl\/stara-wersja\/homepage\/dla-studenta\/\"},{\"@type\":\"ListItem\",\"position\":4,\"name\":\"Os. niepe\u0142nosprawne\"}]},{\"@type\":\"WebSite\",\"@id\":\"https:\/\/amisns.edu.pl\/stara-wersja\/stara-wersja\/#website\",\"url\":\"https:\/\/amisns.edu.pl\/stara-wersja\/stara-wersja\/\",\"name\":\"AMISNS\",\"description\":\"Akademia Medycznych i Spo\u0142ecznych nauk stosowanych\",\"publisher\":{\"@id\":\"https:\/\/amisns.edu.pl\/stara-wersja\/stara-wersja\/#organization\"},\"potentialAction\":[{\"@type\":\"SearchAction\",\"target\":{\"@type\":\"EntryPoint\",\"urlTemplate\":\"https:\/\/amisns.edu.pl\/stara-wersja\/stara-wersja\/?s={search_term_string}\"},\"query-input\":{\"@type\":\"PropertyValueSpecification\",\"valueRequired\":true,\"valueName\":\"search_term_string\"}}],\"inLanguage\":\"pl-PL\"},{\"@type\":\"Organization\",\"@id\":\"https:\/\/amisns.edu.pl\/stara-wersja\/stara-wersja\/#organization\",\"name\":\"AMISNS\",\"url\":\"https:\/\/amisns.edu.pl\/stara-wersja\/stara-wersja\/\",\"logo\":{\"@type\":\"ImageObject\",\"inLanguage\":\"pl-PL\",\"@id\":\"https:\/\/amisns.edu.pl\/stara-wersja\/stara-wersja\/#\/schema\/logo\/image\/\",\"url\":\"https:\/\/amisns.edu.pl\/stara-wersja\/wp-content\/uploads\/2022\/12\/Znak-AMiSNS-na-strone-www-4k.png\",\"contentUrl\":\"https:\/\/amisns.edu.pl\/stara-wersja\/wp-content\/uploads\/2022\/12\/Znak-AMiSNS-na-strone-www-4k.png\",\"width\":1920,\"height\":523,\"caption\":\"AMISNS\"},\"image\":{\"@id\":\"https:\/\/amisns.edu.pl\/stara-wersja\/stara-wersja\/#\/schema\/logo\/image\/\"},\"sameAs\":[\"https:\/\/www.facebook.com\/AMiSNSElblag\"]}]}<\/script>\n<!-- \/ Yoast SEO plugin. -->","yoast_head_json":{"title":"Os. niepe\u0142nosprawne - AMISNS","robots":{"index":"noindex","follow":"follow","max-snippet":"max-snippet:-1","max-image-preview":"max-image-preview:large","max-video-preview":"max-video-preview:-1"},"og_locale":"pl_PL","og_type":"article","og_title":"Os. niepe\u0142nosprawne - AMISNS","og_description":"OSOBY Z NIEPE\u0141NOSPRAWNO\u015aCIAMI W\u0142adze Uczelni czyni\u0105 wszelkie starania, \u017ceby w jak najwi\u0119kszym stopniu u\u0142atwi\u0107 kandydatom oraz studentom z&nbsp; niepe\u0142nosprawno\u015bciami dost\u0119p do wiedzy. Oczywi\u015bcie nie chodzi tylko o wymiar architektoniczny. Stawiamy przed sob\u0105 wiele cel\u00f3w i zada\u0144, kt\u00f3re zmierzaj\u0105 do likwidacji wszelkich barier utrudniaj\u0105cych studiowanie. D\u0105\u017cymy do zapewnienia r\u00f3wnego dost\u0119pu do wykszta\u0142cenia studentom z&nbsp; niepe\u0142nosprawno\u015bciami. Rektor [&hellip;]","og_url":"https:\/\/amisns.edu.pl\/stara-wersja\/homepage\/dla-studenta\/os-niepelnosprawne\/","og_site_name":"AMISNS","article_publisher":"https:\/\/www.facebook.com\/AMiSNSElblag","article_modified_time":"2024-09-27T06:27:03+00:00","twitter_card":"summary_large_image","twitter_misc":{"Szacowany czas czytania":"5 minut"},"schema":{"@context":"https:\/\/schema.org","@graph":[{"@type":"WebPage","@id":"https:\/\/amisns.edu.pl\/stara-wersja\/homepage\/dla-studenta\/os-niepelnosprawne\/","url":"https:\/\/amisns.edu.pl\/stara-wersja\/homepage\/dla-studenta\/os-niepelnosprawne\/","name":"Os. niepe\u0142nosprawne - AMISNS","isPartOf":{"@id":"https:\/\/amisns.edu.pl\/stara-wersja\/stara-wersja\/#website"},"datePublished":"2022-11-30T00:22:59+00:00","dateModified":"2024-09-27T06:27:03+00:00","breadcrumb":{"@id":"https:\/\/amisns.edu.pl\/stara-wersja\/homepage\/dla-studenta\/os-niepelnosprawne\/#breadcrumb"},"inLanguage":"pl-PL","potentialAction":[{"@type":"ReadAction","target":["https:\/\/amisns.edu.pl\/stara-wersja\/homepage\/dla-studenta\/os-niepelnosprawne\/"]}]},{"@type":"BreadcrumbList","@id":"https:\/\/amisns.edu.pl\/stara-wersja\/homepage\/dla-studenta\/os-niepelnosprawne\/#breadcrumb","itemListElement":[{"@type":"ListItem","position":1,"name":"Strona g\u0142\u00f3wna","item":"https:\/\/amisns.edu.pl\/stara-wersja\/"},{"@type":"ListItem","position":2,"name":"Homepage","item":"https:\/\/amisns.edu.pl\/stara-wersja\/"},{"@type":"ListItem","position":3,"name":"Dla studenta","item":"https:\/\/amisns.edu.pl\/stara-wersja\/homepage\/dla-studenta\/"},{"@type":"ListItem","position":4,"name":"Os. niepe\u0142nosprawne"}]},{"@type":"WebSite","@id":"https:\/\/amisns.edu.pl\/stara-wersja\/stara-wersja\/#website","url":"https:\/\/amisns.edu.pl\/stara-wersja\/stara-wersja\/","name":"AMISNS","description":"Akademia Medycznych i Spo\u0142ecznych nauk stosowanych","publisher":{"@id":"https:\/\/amisns.edu.pl\/stara-wersja\/stara-wersja\/#organization"},"potentialAction":[{"@type":"SearchAction","target":{"@type":"EntryPoint","urlTemplate":"https:\/\/amisns.edu.pl\/stara-wersja\/stara-wersja\/?s={search_term_string}"},"query-input":{"@type":"PropertyValueSpecification","valueRequired":true,"valueName":"search_term_string"}}],"inLanguage":"pl-PL"},{"@type":"Organization","@id":"https:\/\/amisns.edu.pl\/stara-wersja\/stara-wersja\/#organization","name":"AMISNS","url":"https:\/\/amisns.edu.pl\/stara-wersja\/stara-wersja\/","logo":{"@type":"ImageObject","inLanguage":"pl-PL","@id":"https:\/\/amisns.edu.pl\/stara-wersja\/stara-wersja\/#\/schema\/logo\/image\/","url":"https:\/\/amisns.edu.pl\/stara-wersja\/wp-content\/uploads\/2022\/12\/Znak-AMiSNS-na-strone-www-4k.png","contentUrl":"https:\/\/amisns.edu.pl\/stara-wersja\/wp-content\/uploads\/2022\/12\/Znak-AMiSNS-na-strone-www-4k.png","width":1920,"height":523,"caption":"AMISNS"},"image":{"@id":"https:\/\/amisns.edu.pl\/stara-wersja\/stara-wersja\/#\/schema\/logo\/image\/"},"sameAs":["https:\/\/www.facebook.com\/AMiSNSElblag"]}]}},"_links":{"self":[{"href":"https:\/\/amisns.edu.pl\/stara-wersja\/wp-json\/wp\/v2\/pages\/683"}],"collection":[{"href":"https:\/\/amisns.edu.pl\/stara-wersja\/wp-json\/wp\/v2\/pages"}],"about":[{"href":"https:\/\/amisns.edu.pl\/stara-wersja\/wp-json\/wp\/v2\/types\/page"}],"author":[{"embeddable":true,"href":"https:\/\/amisns.edu.pl\/stara-wersja\/wp-json\/wp\/v2\/users\/2"}],"replies":[{"embeddable":true,"href":"https:\/\/amisns.edu.pl\/stara-wersja\/wp-json\/wp\/v2\/comments?post=683"}],"version-history":[{"count":58,"href":"https:\/\/amisns.edu.pl\/stara-wersja\/wp-json\/wp\/v2\/pages\/683\/revisions"}],"predecessor-version":[{"id":24916,"href":"https:\/\/amisns.edu.pl\/stara-wersja\/wp-json\/wp\/v2\/pages\/683\/revisions\/24916"}],"up":[{"embeddable":true,"href":"https:\/\/amisns.edu.pl\/stara-wersja\/wp-json\/wp\/v2\/pages\/66"}],"wp:attachment":[{"href":"https:\/\/amisns.edu.pl\/stara-wersja\/wp-json\/wp\/v2\/media?parent=683"}],"curies":[{"name":"wp","href":"https:\/\/api.w.org\/{rel}","templated":true}]}}