{"id":70,"date":"2022-10-16T21:24:35","date_gmt":"2022-10-16T21:24:35","guid":{"rendered":"http:\/\/wordpress2247503.home.pl\/public_html\/amisns.edu.pl\/?page_id=70"},"modified":"2024-10-04T11:33:41","modified_gmt":"2024-10-04T10:33:41","slug":"kontakt","status":"publish","type":"page","link":"https:\/\/amisns.edu.pl\/stara-wersja\/homepage\/kontakt\/","title":{"rendered":"Kontakt"},"content":{"rendered":"\t\t<div data-elementor-type=\"wp-page\" data-elementor-id=\"70\" class=\"elementor elementor-70\" data-elementor-post-type=\"page\">\n\t\t\t\t\t\t<section class=\"elementor-section elementor-top-section elementor-element elementor-element-d0efa5b elementor-section-boxed elementor-section-height-default elementor-section-height-default\" data-id=\"d0efa5b\" data-element_type=\"section\">\n\t\t\t\t\t\t<div class=\"elementor-container elementor-column-gap-default\">\n\t\t\t\t\t<div class=\"elementor-column elementor-col-50 elementor-top-column elementor-element elementor-element-5cfed15\" data-id=\"5cfed15\" data-element_type=\"column\">\n\t\t\t<div class=\"elementor-widget-wrap elementor-element-populated\">\n\t\t\t\t\t\t<div class=\"elementor-element elementor-element-20924ef elementor-widget elementor-widget-text-editor\" data-id=\"20924ef\" data-element_type=\"widget\" data-widget_type=\"text-editor.default\">\n\t\t\t\t<div class=\"elementor-widget-container\">\n\t\t\t\t\t\t\t<h1>Kontakt<\/h1><p><strong>Akademia Medycznych i Spo\u0142ecznych Nauk Stosowanych<\/strong><\/p><p>82-300 Elbl\u0105g, ul. Lotnicza 2<\/p><p>NIP: 5782731535<\/p><p><strong>elektroniczna skrzynka podawcza:<\/strong> \/AMiSNSElblag\/SkrytkaESP<\/p>\t\t\t\t\t\t<\/div>\n\t\t\t\t<\/div>\n\t\t\t\t\t<\/div>\n\t\t<\/div>\n\t\t\t\t<div class=\"elementor-column elementor-col-50 elementor-top-column elementor-element elementor-element-ef69bcb\" data-id=\"ef69bcb\" data-element_type=\"column\">\n\t\t\t<div class=\"elementor-widget-wrap elementor-element-populated\">\n\t\t\t\t\t\t<div class=\"elementor-element elementor-element-9cc1d63 elementor-widget elementor-widget-google_maps\" data-id=\"9cc1d63\" data-element_type=\"widget\" data-widget_type=\"google_maps.default\">\n\t\t\t\t<div class=\"elementor-widget-container\">\n\t\t\t\t\t<div class=\"elementor-custom-embed\">\n\t\t\t<iframe loading=\"lazy\"\n\t\t\t\t\tsrc=\"https:\/\/maps.google.com\/maps?q=Lotnicza%202%2C%2082-300%20Elbl%C4%85g&#038;t=m&#038;z=18&#038;output=embed&#038;iwloc=near\"\n\t\t\t\t\ttitle=\"Lotnicza 2, 82-300 Elbl\u0105g\"\n\t\t\t\t\taria-label=\"Lotnicza 2, 82-300 Elbl\u0105g\"\n\t\t\t><\/iframe>\n\t\t<\/div>\n\t\t\t\t<\/div>\n\t\t\t\t<\/div>\n\t\t\t\t\t<\/div>\n\t\t<\/div>\n\t\t\t\t\t<\/div>\n\t\t<\/section>\n\t\t\t\t<section class=\"elementor-section elementor-top-section elementor-element elementor-element-4a4aca3 elementor-section-boxed elementor-section-height-default elementor-section-height-default\" data-id=\"4a4aca3\" data-element_type=\"section\">\n\t\t\t\t\t\t<div class=\"elementor-container elementor-column-gap-default\">\n\t\t\t\t\t<div class=\"elementor-column elementor-col-100 elementor-top-column elementor-element elementor-element-c4efd94\" data-id=\"c4efd94\" data-element_type=\"column\">\n\t\t\t<div class=\"elementor-widget-wrap elementor-element-populated\">\n\t\t\t\t\t\t<div class=\"elementor-element elementor-element-b166261 elementor-widget elementor-widget-toggle\" data-id=\"b166261\" data-element_type=\"widget\" data-widget_type=\"toggle.default\">\n\t\t\t\t<div class=\"elementor-widget-container\">\n\t\t\t\t\t<div class=\"elementor-toggle\">\n\t\t\t\t\t\t\t<div class=\"elementor-toggle-item\">\n\t\t\t\t\t<div id=\"elementor-tab-title-1861\" class=\"elementor-tab-title\" data-tab=\"1\" role=\"button\" aria-controls=\"elementor-tab-content-1861\" aria-expanded=\"false\">\n\t\t\t\t\t\t\t\t\t\t\t\t<span class=\"elementor-toggle-icon elementor-toggle-icon-left\" aria-hidden=\"true\">\n\t\t\t\t\t\t\t\t\t\t\t\t\t\t\t<span class=\"elementor-toggle-icon-closed\"><i class=\"fas fa-caret-right\"><\/i><\/span>\n\t\t\t\t\t\t\t\t<span class=\"elementor-toggle-icon-opened\"><i class=\"elementor-toggle-icon-opened fas fa-caret-up\"><\/i><\/span>\n\t\t\t\t\t\t\t\t\t\t\t\t\t<\/span>\n\t\t\t\t\t\t\t\t\t\t\t\t<a class=\"elementor-toggle-title\" tabindex=\"0\">Rektorat<\/a>\n\t\t\t\t\t<\/div>\n\n\t\t\t\t\t<div id=\"elementor-tab-content-1861\" class=\"elementor-tab-content elementor-clearfix\" data-tab=\"1\" role=\"region\" aria-labelledby=\"elementor-tab-title-1861\"><p>mgr Paulina Erdman<\/p><p>55 239 38 02<br \/>512 543 463<\/p><p>e-mail: rektorat<span style=\"color: var( --e-global-color-text ); font-family: Roboto, 'sans serif'; font-size: 14px; font-style: normal; font-variant-ligatures: normal; font-variant-caps: normal; font-weight: 400;\">@amisns.edu.pl<\/span><\/p><p>pok\u00f3j 108<\/p><\/div>\n\t\t\t\t<\/div>\n\t\t\t\t\t\t\t<div class=\"elementor-toggle-item\">\n\t\t\t\t\t<div id=\"elementor-tab-title-1862\" class=\"elementor-tab-title\" data-tab=\"2\" role=\"button\" aria-controls=\"elementor-tab-content-1862\" aria-expanded=\"false\">\n\t\t\t\t\t\t\t\t\t\t\t\t<span class=\"elementor-toggle-icon elementor-toggle-icon-left\" aria-hidden=\"true\">\n\t\t\t\t\t\t\t\t\t\t\t\t\t\t\t<span class=\"elementor-toggle-icon-closed\"><i class=\"fas fa-caret-right\"><\/i><\/span>\n\t\t\t\t\t\t\t\t<span class=\"elementor-toggle-icon-opened\"><i class=\"elementor-toggle-icon-opened fas fa-caret-up\"><\/i><\/span>\n\t\t\t\t\t\t\t\t\t\t\t\t\t<\/span>\n\t\t\t\t\t\t\t\t\t\t\t\t<a class=\"elementor-toggle-title\" tabindex=\"0\">Biuro Rektora<\/a>\n\t\t\t\t\t<\/div>\n\n\t\t\t\t\t<div id=\"elementor-tab-content-1862\" class=\"elementor-tab-content elementor-clearfix\" data-tab=\"2\" role=\"region\" aria-labelledby=\"elementor-tab-title-1862\"><p><strong>Dyrektor Biura Rektora<\/strong>: Inga Olsza\u0144ska<\/p><p>e-mail: i.olszanska@amisns.edu.pl<\/p><p>pok\u00f3j 114<\/p><\/div>\n\t\t\t\t<\/div>\n\t\t\t\t\t\t\t<div class=\"elementor-toggle-item\">\n\t\t\t\t\t<div id=\"elementor-tab-title-1863\" class=\"elementor-tab-title\" data-tab=\"3\" role=\"button\" aria-controls=\"elementor-tab-content-1863\" aria-expanded=\"false\">\n\t\t\t\t\t\t\t\t\t\t\t\t<span class=\"elementor-toggle-icon elementor-toggle-icon-left\" aria-hidden=\"true\">\n\t\t\t\t\t\t\t\t\t\t\t\t\t\t\t<span class=\"elementor-toggle-icon-closed\"><i class=\"fas fa-caret-right\"><\/i><\/span>\n\t\t\t\t\t\t\t\t<span class=\"elementor-toggle-icon-opened\"><i class=\"elementor-toggle-icon-opened fas fa-caret-up\"><\/i><\/span>\n\t\t\t\t\t\t\t\t\t\t\t\t\t<\/span>\n\t\t\t\t\t\t\t\t\t\t\t\t<a class=\"elementor-toggle-title\" tabindex=\"0\">Dzia\u0142 Rekrutacji i Promocji <\/a>\n\t\t\t\t\t<\/div>\n\n\t\t\t\t\t<div id=\"elementor-tab-content-1863\" class=\"elementor-tab-content elementor-clearfix\" data-tab=\"3\" role=\"region\" aria-labelledby=\"elementor-tab-title-1863\"><p><strong>Kierownik dzia\u0142u<\/strong>: mgr Zyta Wrzos<\/p><p><strong>Pracownicy dzia\u0142u<\/strong>:<br \/>mgr Monika W\u0119grzynek<br \/>mgr Monika Kowalska-Rutyna<\/p><p><strong>Rekrutacja i Promocja:<\/strong><\/p><p>451 177 566<br \/>512 542 967<br \/>512 543 321<\/p><p>e-mail: rekrutacja@amisns.edu.pl<\/p><p>e-mail: promocja@amisns.edu.pl<\/p><p>pok\u00f3j 124<\/p><\/div>\n\t\t\t\t<\/div>\n\t\t\t\t\t\t\t<div class=\"elementor-toggle-item\">\n\t\t\t\t\t<div id=\"elementor-tab-title-1864\" class=\"elementor-tab-title\" data-tab=\"4\" role=\"button\" aria-controls=\"elementor-tab-content-1864\" aria-expanded=\"false\">\n\t\t\t\t\t\t\t\t\t\t\t\t<span class=\"elementor-toggle-icon elementor-toggle-icon-left\" aria-hidden=\"true\">\n\t\t\t\t\t\t\t\t\t\t\t\t\t\t\t<span class=\"elementor-toggle-icon-closed\"><i class=\"fas fa-caret-right\"><\/i><\/span>\n\t\t\t\t\t\t\t\t<span class=\"elementor-toggle-icon-opened\"><i class=\"elementor-toggle-icon-opened fas fa-caret-up\"><\/i><\/span>\n\t\t\t\t\t\t\t\t\t\t\t\t\t<\/span>\n\t\t\t\t\t\t\t\t\t\t\t\t<a class=\"elementor-toggle-title\" tabindex=\"0\">Kwestura<\/a>\n\t\t\t\t\t<\/div>\n\n\t\t\t\t\t<div id=\"elementor-tab-content-1864\" class=\"elementor-tab-content elementor-clearfix\" data-tab=\"4\" role=\"region\" aria-labelledby=\"elementor-tab-title-1864\"><p><strong>Kwestor<\/strong>: mgr Marcin Jakimowski<br>55 239 38 06<br>512 543 442<br>e-mail: kwestor@amisns.edu.pl<br>pok\u00f3j 106<\/p>\n<p><strong>Rozliczenia z dostawcami i odbiorcami<\/strong>:<br><b>Referent ksi\u0119gowo\u015bci<\/b>: mgr Patrycja Kwiatkowska<br>55 239 38 38<br>512 543 096<br>e-mail: p.kwiatkowska@amisns.edu.pl<br>pok\u00f3j 116<\/p><\/div>\n\t\t\t\t<\/div>\n\t\t\t\t\t\t\t<div class=\"elementor-toggle-item\">\n\t\t\t\t\t<div id=\"elementor-tab-title-1865\" class=\"elementor-tab-title\" data-tab=\"5\" role=\"button\" aria-controls=\"elementor-tab-content-1865\" aria-expanded=\"false\">\n\t\t\t\t\t\t\t\t\t\t\t\t<span class=\"elementor-toggle-icon elementor-toggle-icon-left\" aria-hidden=\"true\">\n\t\t\t\t\t\t\t\t\t\t\t\t\t\t\t<span class=\"elementor-toggle-icon-closed\"><i class=\"fas fa-caret-right\"><\/i><\/span>\n\t\t\t\t\t\t\t\t<span class=\"elementor-toggle-icon-opened\"><i class=\"elementor-toggle-icon-opened fas fa-caret-up\"><\/i><\/span>\n\t\t\t\t\t\t\t\t\t\t\t\t\t<\/span>\n\t\t\t\t\t\t\t\t\t\t\t\t<a class=\"elementor-toggle-title\" tabindex=\"0\">Rozliczenia finansowe ze studentami<\/a>\n\t\t\t\t\t<\/div>\n\n\t\t\t\t\t<div id=\"elementor-tab-content-1865\" class=\"elementor-tab-content elementor-clearfix\" data-tab=\"5\" role=\"region\" aria-labelledby=\"elementor-tab-title-1865\"><p><strong>Rozliczenia finansowe ze studentami (op\u0142aty za studia)<\/strong>:<br \/><strong>Referent ksi\u0119gowo\u015bci<\/strong>: Ma\u0142gorzata Gajczewska<br \/>55 239 38 28 <br \/>512 543 040<br \/>e-mail: czesnestudent@amisns.edu.pl<\/p><p><strong>Obs\u0142uga student\u00f3w<\/strong>:<br \/>od poniedzia\u0142ku do pi\u0105tku w godz:<\/p><p><strong>8:00 \u2013 16:00<\/strong><\/p><p>pok\u00f3j 112<strong><br \/><\/strong><\/p><\/div>\n\t\t\t\t<\/div>\n\t\t\t\t\t\t\t<div class=\"elementor-toggle-item\">\n\t\t\t\t\t<div id=\"elementor-tab-title-1866\" class=\"elementor-tab-title\" data-tab=\"6\" role=\"button\" aria-controls=\"elementor-tab-content-1866\" aria-expanded=\"false\">\n\t\t\t\t\t\t\t\t\t\t\t\t<span class=\"elementor-toggle-icon elementor-toggle-icon-left\" aria-hidden=\"true\">\n\t\t\t\t\t\t\t\t\t\t\t\t\t\t\t<span class=\"elementor-toggle-icon-closed\"><i class=\"fas fa-caret-right\"><\/i><\/span>\n\t\t\t\t\t\t\t\t<span class=\"elementor-toggle-icon-opened\"><i class=\"elementor-toggle-icon-opened fas fa-caret-up\"><\/i><\/span>\n\t\t\t\t\t\t\t\t\t\t\t\t\t<\/span>\n\t\t\t\t\t\t\t\t\t\t\t\t<a class=\"elementor-toggle-title\" tabindex=\"0\">Dzia\u0142 Kadr i P\u0142ac<\/a>\n\t\t\t\t\t<\/div>\n\n\t\t\t\t\t<div id=\"elementor-tab-content-1866\" class=\"elementor-tab-content elementor-clearfix\" data-tab=\"6\" role=\"region\" aria-labelledby=\"elementor-tab-title-1866\"><p><strong>Kierownik Dzia\u0142u Kadr i P\u0142ac<\/strong>: mgr Ma\u0142gorzata Ma\u015blankowska<\/p><p>55 239 38 05<br \/>512 543 448<\/p><p>e-mail: kadry@amisns.edu.pl<\/p><p>pok\u00f3j 112<\/p><\/div>\n\t\t\t\t<\/div>\n\t\t\t\t\t\t\t<div class=\"elementor-toggle-item\">\n\t\t\t\t\t<div id=\"elementor-tab-title-1867\" class=\"elementor-tab-title\" data-tab=\"7\" role=\"button\" aria-controls=\"elementor-tab-content-1867\" aria-expanded=\"false\">\n\t\t\t\t\t\t\t\t\t\t\t\t<span class=\"elementor-toggle-icon elementor-toggle-icon-left\" aria-hidden=\"true\">\n\t\t\t\t\t\t\t\t\t\t\t\t\t\t\t<span class=\"elementor-toggle-icon-closed\"><i class=\"fas fa-caret-right\"><\/i><\/span>\n\t\t\t\t\t\t\t\t<span class=\"elementor-toggle-icon-opened\"><i class=\"elementor-toggle-icon-opened fas fa-caret-up\"><\/i><\/span>\n\t\t\t\t\t\t\t\t\t\t\t\t\t<\/span>\n\t\t\t\t\t\t\t\t\t\t\t\t<a class=\"elementor-toggle-title\" tabindex=\"0\">Dzia\u0142 Administracyjny<\/a>\n\t\t\t\t\t<\/div>\n\n\t\t\t\t\t<div id=\"elementor-tab-content-1867\" class=\"elementor-tab-content elementor-clearfix\" data-tab=\"7\" role=\"region\" aria-labelledby=\"elementor-tab-title-1867\"><p><strong>Specjalista ds. administracyjnych<\/strong>: mgr Tomasz Mendrek<\/p><p>451 177 572<\/p><p>e-mail: t.mendrek@amisns.edu.pl<\/p><p>budynek C, pok\u00f3j 020<\/p><\/div>\n\t\t\t\t<\/div>\n\t\t\t\t\t\t\t<div class=\"elementor-toggle-item\">\n\t\t\t\t\t<div id=\"elementor-tab-title-1868\" class=\"elementor-tab-title\" data-tab=\"8\" role=\"button\" aria-controls=\"elementor-tab-content-1868\" aria-expanded=\"false\">\n\t\t\t\t\t\t\t\t\t\t\t\t<span class=\"elementor-toggle-icon elementor-toggle-icon-left\" aria-hidden=\"true\">\n\t\t\t\t\t\t\t\t\t\t\t\t\t\t\t<span class=\"elementor-toggle-icon-closed\"><i class=\"fas fa-caret-right\"><\/i><\/span>\n\t\t\t\t\t\t\t\t<span class=\"elementor-toggle-icon-opened\"><i class=\"elementor-toggle-icon-opened fas fa-caret-up\"><\/i><\/span>\n\t\t\t\t\t\t\t\t\t\t\t\t\t<\/span>\n\t\t\t\t\t\t\t\t\t\t\t\t<a class=\"elementor-toggle-title\" tabindex=\"0\">Dzia\u0142 Techniczno-Eksploatacyjny<\/a>\n\t\t\t\t\t<\/div>\n\n\t\t\t\t\t<div id=\"elementor-tab-content-1868\" class=\"elementor-tab-content elementor-clearfix\" data-tab=\"8\" role=\"region\" aria-labelledby=\"elementor-tab-title-1868\"><p><strong>Kierownik dzia\u0142u techniczno-eksploatacyjnego<\/strong>: mgr Micha\u0142 Kowalkowski<\/p><p>55 239 39 51<\/p><p>512 543 049<\/p><p>e-mail: m.kowalkowski<span style=\"font-family: Roboto, 'sans serif'; font-size: 14px; font-style: normal; font-variant-ligatures: normal; font-variant-caps: normal; font-weight: 400; color: var( --e-global-color-text );\">@amisns.edu.pl<\/span><\/p><p>pok\u00f3j 116<\/p><\/div>\n\t\t\t\t<\/div>\n\t\t\t\t\t\t\t<div class=\"elementor-toggle-item\">\n\t\t\t\t\t<div id=\"elementor-tab-title-1869\" class=\"elementor-tab-title\" data-tab=\"9\" role=\"button\" aria-controls=\"elementor-tab-content-1869\" aria-expanded=\"false\">\n\t\t\t\t\t\t\t\t\t\t\t\t<span class=\"elementor-toggle-icon elementor-toggle-icon-left\" aria-hidden=\"true\">\n\t\t\t\t\t\t\t\t\t\t\t\t\t\t\t<span class=\"elementor-toggle-icon-closed\"><i class=\"fas fa-caret-right\"><\/i><\/span>\n\t\t\t\t\t\t\t\t<span class=\"elementor-toggle-icon-opened\"><i class=\"elementor-toggle-icon-opened fas fa-caret-up\"><\/i><\/span>\n\t\t\t\t\t\t\t\t\t\t\t\t\t<\/span>\n\t\t\t\t\t\t\t\t\t\t\t\t<a class=\"elementor-toggle-title\" tabindex=\"0\">Dzia\u0142 IT<\/a>\n\t\t\t\t\t<\/div>\n\n\t\t\t\t\t<div id=\"elementor-tab-content-1869\" class=\"elementor-tab-content elementor-clearfix\" data-tab=\"9\" role=\"region\" aria-labelledby=\"elementor-tab-title-1869\"><p><strong>Kierownik dzia\u0142u IT<\/strong>: Leszek Grzybek<br>e-mail: l.grzybek@amisns.edu.pl<\/p>\n<p>in\u017c. S\u0142awomir W\u0142asak<br>55 239 38 17<br>512 543 245<br>e-mail: s.wlasak@amisns.edu.pl<\/p>\n<p>Piotr Hajczuk<br>55 239 39 05<br>512 542 828<br>e-mail: p.hajczuk@amisns.edu.pl<\/p><\/div>\n\t\t\t\t<\/div>\n\t\t\t\t\t\t\t<div class=\"elementor-toggle-item\">\n\t\t\t\t\t<div id=\"elementor-tab-title-18610\" class=\"elementor-tab-title\" data-tab=\"10\" role=\"button\" aria-controls=\"elementor-tab-content-18610\" aria-expanded=\"false\">\n\t\t\t\t\t\t\t\t\t\t\t\t<span class=\"elementor-toggle-icon elementor-toggle-icon-left\" aria-hidden=\"true\">\n\t\t\t\t\t\t\t\t\t\t\t\t\t\t\t<span class=\"elementor-toggle-icon-closed\"><i class=\"fas fa-caret-right\"><\/i><\/span>\n\t\t\t\t\t\t\t\t<span class=\"elementor-toggle-icon-opened\"><i class=\"elementor-toggle-icon-opened fas fa-caret-up\"><\/i><\/span>\n\t\t\t\t\t\t\t\t\t\t\t\t\t<\/span>\n\t\t\t\t\t\t\t\t\t\t\t\t<a class=\"elementor-toggle-title\" tabindex=\"0\">Wydzia\u0142 Administracji i Nauk Spo\u0142ecznych<\/a>\n\t\t\t\t\t<\/div>\n\n\t\t\t\t\t<div id=\"elementor-tab-content-18610\" class=\"elementor-tab-content elementor-clearfix\" data-tab=\"10\" role=\"region\" aria-labelledby=\"elementor-tab-title-18610\"><p><strong>Dziekan<\/strong>: dr Andrzej \u017byli\u0144ski\u00a0<br \/>e-mail: a.zylinski@amisns.edu.pl<\/p><p><strong>Kierownik kierunku psychologia<\/strong>: dr Anna Skuzi\u0144ska, prof. uczelni<br \/>e-mail: a.skuzinska@amisns.edu.pl<\/p><p><strong>Koordynator kierunku administracja, zarz\u0105dzanie oraz bezpiecze\u0144stwo wewn\u0119trzne<\/strong>: dr Mi\u0142osz Jan Kaczy\u0144ski<br \/>e-mail: m.kaczynski@amisns.edu.pl<\/p><p><strong>p.o. kierownika dziekanatu<\/strong>: Ewelina Kalinowska<\/p><p>55 239 38 11 \/ 512 543\u00a0304<\/p><p><strong>Pracownicy dziekanatu:<\/strong><\/p><p>Joanna Paradowska<br \/>mgr Anna Hrinchenko<br \/>Maria Ratajewska<\/p><p>55 239 39 70\/ 512 542 740<br \/>55 239 39 62\/ 512 542 766<br \/>e-mail: dziekanatwains@amisns.edu.pl<\/p><p><strong>Godziny otwarcia dziekanatu<\/strong>:<br \/>poniedzia\u0142ek nieczynne<br \/>wtorek 8:00 &#8211; 16:00<br \/>\u015broda 8:00 &#8211; 16:00 (prace administracyjne z wy\u0142\u0105czeniem obs\u0142ugi student\u00f3w)<br \/>czwartek 8:00 &#8211; 16:00<br \/>pi\u0105tek 8:00 &#8211; 16:00<br \/>sobota 8:00 &#8211; 16:00<br \/>niedziela (w pierwsz\u0105 niedziel\u0119 miesi\u0105ca &#8211; wy\u0142\u0105cznie w weekend, w kt\u00f3ry odbywa si\u0119 zjazd) 9:00 &#8211; 13:00<br \/>pok\u00f3j 202<\/p><\/div>\n\t\t\t\t<\/div>\n\t\t\t\t\t\t\t<div class=\"elementor-toggle-item\">\n\t\t\t\t\t<div id=\"elementor-tab-title-18611\" class=\"elementor-tab-title\" data-tab=\"11\" role=\"button\" aria-controls=\"elementor-tab-content-18611\" aria-expanded=\"false\">\n\t\t\t\t\t\t\t\t\t\t\t\t<span class=\"elementor-toggle-icon elementor-toggle-icon-left\" aria-hidden=\"true\">\n\t\t\t\t\t\t\t\t\t\t\t\t\t\t\t<span class=\"elementor-toggle-icon-closed\"><i class=\"fas fa-caret-right\"><\/i><\/span>\n\t\t\t\t\t\t\t\t<span class=\"elementor-toggle-icon-opened\"><i class=\"elementor-toggle-icon-opened fas fa-caret-up\"><\/i><\/span>\n\t\t\t\t\t\t\t\t\t\t\t\t\t<\/span>\n\t\t\t\t\t\t\t\t\t\t\t\t<a class=\"elementor-toggle-title\" tabindex=\"0\">Wydzia\u0142 Lekarski<\/a>\n\t\t\t\t\t<\/div>\n\n\t\t\t\t\t<div id=\"elementor-tab-content-18611\" class=\"elementor-tab-content elementor-clearfix\" data-tab=\"11\" role=\"region\" aria-labelledby=\"elementor-tab-title-18611\"><p><strong>Dziekan<\/strong>: dr n.med. Jacek Perli\u0144ski, prof. uczelni<\/p>\n<p>e-mail: j.perlinski@amisns.edu.pl<\/p>\n<p><strong>Koordynator kierunku lekarskiego<\/strong>: dr Robert Dargiewicz<\/p>\n<p>e-mail: r.dargiewicz@amisns.edu.pl<\/p>\n<p><strong>Koordynator kszta\u0142cenia praktycznego i klinicznego na kierunku lekarskim<\/strong>: dr n. o zdr. Magdalena Tomczyk<\/p>\n<p>e-mail: m.tomczyk@amisns.edu.pl<\/p><p><strong>Pracownicy dziekanatu:<\/strong><\/p>\n<p>mgr Jacek Rubczewski<\/p>\n<p>Anna Radzanowska<\/p>\n<p>55 239 39 54<\/p>\n<p>451 177 570<\/p>\n<p>e-mail: dziekanatwl@amisns.edu.pl<\/p>\n<p><strong>Godziny otwarcia dziekanatu<\/strong>:<\/p>\n<p>poniedzia\u0142ek 8:00 \u2013 16:00<br>wtorek 8:00 \u2013 16:00<br>\u015broda 8:00 \u2013 16:00<br>czwartek 8:00 \u2013 16:00<br>pi\u0105tek 8:00 \u2013 16:00<br>sobota nieczynne<br>niedziela nieczynne<\/p>\n<p>pok\u00f3j 102<\/p><\/div>\n\t\t\t\t<\/div>\n\t\t\t\t\t\t\t<div class=\"elementor-toggle-item\">\n\t\t\t\t\t<div id=\"elementor-tab-title-18612\" class=\"elementor-tab-title\" data-tab=\"12\" role=\"button\" aria-controls=\"elementor-tab-content-18612\" aria-expanded=\"false\">\n\t\t\t\t\t\t\t\t\t\t\t\t<span class=\"elementor-toggle-icon elementor-toggle-icon-left\" aria-hidden=\"true\">\n\t\t\t\t\t\t\t\t\t\t\t\t\t\t\t<span class=\"elementor-toggle-icon-closed\"><i class=\"fas fa-caret-right\"><\/i><\/span>\n\t\t\t\t\t\t\t\t<span class=\"elementor-toggle-icon-opened\"><i class=\"elementor-toggle-icon-opened fas fa-caret-up\"><\/i><\/span>\n\t\t\t\t\t\t\t\t\t\t\t\t\t<\/span>\n\t\t\t\t\t\t\t\t\t\t\t\t<a class=\"elementor-toggle-title\" tabindex=\"0\">Wydzia\u0142 Nauk o Zdrowiu<\/a>\n\t\t\t\t\t<\/div>\n\n\t\t\t\t\t<div id=\"elementor-tab-content-18612\" class=\"elementor-tab-content elementor-clearfix\" data-tab=\"12\" role=\"region\" aria-labelledby=\"elementor-tab-title-18612\"><p style=\"margin-bottom: 0cm;\"><strong>Dziekan<\/strong>: dr n. o zdr. Magdalena Tomczyk<\/p>\n<p style=\"margin-bottom: 0cm;\">e-mail: m.tomczyk@amisns.edu.pl<\/p>\n<p style=\"margin-bottom: 0cm;\"><strong>Koordynator kierunku piel\u0119gniarstwo i po\u0142o\u017cnictwo<\/strong>: mgr Barbara G\u0142owacka<\/p>\n<p style=\"margin-bottom: 0cm;\">e-mail: b.glowacka@amisns.edu.pl<\/p>\n<p style=\"margin-bottom: 0cm;\"><strong>Koordynator kierunku ratownictwo medyczne<\/strong>: mgr Przemys\u0142aw Ho\u0144ko<\/p>\n<p style=\"margin-bottom: 0cm;\">e-mail: p.honko@amisns.edu.pl<\/p>\n<p style=\"margin-bottom: 0cm;\"><strong>Koordynator praktyk zawodowych kierunku piel\u0119gniarstwo i po\u0142o\u017cnictwo: <\/strong>mgr Wioletta Sulich-\u015awidnicka<\/p>\n<p style=\"margin-bottom: 0cm;\">e-mail: w.sulich-swidnicka@amisns.edu.pl<\/p>\n<p style=\"margin-bottom: 0cm;\"><strong>p.o. kierownika dziekanatu<\/strong>: Ewelina Kalinowska<\/p>\n<p style=\"margin-bottom: 0cm;\">55 239 38 11 \/ 512 543&nbsp;304<\/p>\n<p><strong>Pracownicy dziekanatu:<\/strong><\/p>\n<p>Joanna Paradowska<br>mgr Anna Hrinchenko<br>Maria Ratajewska<\/p>\n<p>512 543 520<br>e-mail: dziekanatwnoz@amisns.edu.pl<\/p>\n<p style=\"margin-bottom: 0cm;\"><strong>Godziny otwarcia dziekanatu:<\/strong><br>poniedzia\u0142ek nieczynne<br>wtorek 8:00 &#8211; 16:00<br>\u015broda 8:00 &#8211; 16:00 (prace administracyjne z wy\u0142\u0105czeniem obs\u0142ugi student\u00f3w)<br>czwartek 8:00 &#8211; 16:00<br>pi\u0105tek 8:00 &#8211; 16:00<br>sobota 8:00 &#8211; 16:00<br>niedziela (w pierwsz\u0105 niedziel\u0119 miesi\u0105ca &#8211; wy\u0142\u0105cznie w weekend, w kt\u00f3ry odbywa si\u0119 zjazd) 9:00 &#8211; 13:00<br>pok\u00f3j 202<br><\/p><\/div>\n\t\t\t\t<\/div>\n\t\t\t\t\t\t\t<div class=\"elementor-toggle-item\">\n\t\t\t\t\t<div id=\"elementor-tab-title-18613\" class=\"elementor-tab-title\" data-tab=\"13\" role=\"button\" aria-controls=\"elementor-tab-content-18613\" aria-expanded=\"false\">\n\t\t\t\t\t\t\t\t\t\t\t\t<span class=\"elementor-toggle-icon elementor-toggle-icon-left\" aria-hidden=\"true\">\n\t\t\t\t\t\t\t\t\t\t\t\t\t\t\t<span class=\"elementor-toggle-icon-closed\"><i class=\"fas fa-caret-right\"><\/i><\/span>\n\t\t\t\t\t\t\t\t<span class=\"elementor-toggle-icon-opened\"><i class=\"elementor-toggle-icon-opened fas fa-caret-up\"><\/i><\/span>\n\t\t\t\t\t\t\t\t\t\t\t\t\t<\/span>\n\t\t\t\t\t\t\t\t\t\t\t\t<a class=\"elementor-toggle-title\" tabindex=\"0\">Studia Podyplomowe<\/a>\n\t\t\t\t\t<\/div>\n\n\t\t\t\t\t<div id=\"elementor-tab-content-18613\" class=\"elementor-tab-content elementor-clearfix\" data-tab=\"13\" role=\"region\" aria-labelledby=\"elementor-tab-title-18613\"><p><strong>Dziekan Wydzia\u0142u Administracji i Nauk Spo\u0142ecznych<\/strong>: dr Piotr Kulikowski<br \/>e-mail: p.kulikowski@amisns.edu.pl<\/p><p><strong>Obs\u0142uga s\u0142uchaczy<\/strong>:<br \/>Dziekanat Wydzia\u0142u Administracji i Nauk Spo\u0142ecznych<br \/>55 239 39 70\/ 512 542 740<br \/>55 239 39 62\/ 512 542 766<br \/>e-mail: dziekanatwains@amisns.edu.pl<\/p><p><strong>Godziny otwarcia<\/strong>:<br \/>poniedzia\u0142ek nieczynne<br \/>wtorek 8:00 &#8211; 16:00<br \/>\u015broda 8:00 &#8211; 16:00<br \/>czwartek 8:00 &#8211; 16:00<br \/>pi\u0105tek 8:00 &#8211; 16:00<br \/>sobota 8:00 &#8211; 16:00<\/p><p>pok\u00f3j 202<\/p><\/div>\n\t\t\t\t<\/div>\n\t\t\t\t\t\t\t<div class=\"elementor-toggle-item\">\n\t\t\t\t\t<div id=\"elementor-tab-title-18614\" class=\"elementor-tab-title\" data-tab=\"14\" role=\"button\" aria-controls=\"elementor-tab-content-18614\" aria-expanded=\"false\">\n\t\t\t\t\t\t\t\t\t\t\t\t<span class=\"elementor-toggle-icon elementor-toggle-icon-left\" aria-hidden=\"true\">\n\t\t\t\t\t\t\t\t\t\t\t\t\t\t\t<span class=\"elementor-toggle-icon-closed\"><i class=\"fas fa-caret-right\"><\/i><\/span>\n\t\t\t\t\t\t\t\t<span class=\"elementor-toggle-icon-opened\"><i class=\"elementor-toggle-icon-opened fas fa-caret-up\"><\/i><\/span>\n\t\t\t\t\t\t\t\t\t\t\t\t\t<\/span>\n\t\t\t\t\t\t\t\t\t\t\t\t<a class=\"elementor-toggle-title\" tabindex=\"0\">Biuro ds. Wsp\u00f3\u0142pracy Mi\u0119dzynarodowej<\/a>\n\t\t\t\t\t<\/div>\n\n\t\t\t\t\t<div id=\"elementor-tab-content-18614\" class=\"elementor-tab-content elementor-clearfix\" data-tab=\"14\" role=\"region\" aria-labelledby=\"elementor-tab-title-18614\"><p><strong>Specjalista ds. wsp\u00f3\u0142pracy mi\u0119dzynarodowej<\/strong>: mgr Olga Reva<br>451 177 575<br>e-mail: erasmus@amisns.edu.pl<br>budynek C, pok\u00f3j 020<\/p><\/div>\n\t\t\t\t<\/div>\n\t\t\t\t\t\t\t<div class=\"elementor-toggle-item\">\n\t\t\t\t\t<div id=\"elementor-tab-title-18615\" class=\"elementor-tab-title\" data-tab=\"15\" role=\"button\" aria-controls=\"elementor-tab-content-18615\" aria-expanded=\"false\">\n\t\t\t\t\t\t\t\t\t\t\t\t<span class=\"elementor-toggle-icon elementor-toggle-icon-left\" aria-hidden=\"true\">\n\t\t\t\t\t\t\t\t\t\t\t\t\t\t\t<span class=\"elementor-toggle-icon-closed\"><i class=\"fas fa-caret-right\"><\/i><\/span>\n\t\t\t\t\t\t\t\t<span class=\"elementor-toggle-icon-opened\"><i class=\"elementor-toggle-icon-opened fas fa-caret-up\"><\/i><\/span>\n\t\t\t\t\t\t\t\t\t\t\t\t\t<\/span>\n\t\t\t\t\t\t\t\t\t\t\t\t<a class=\"elementor-toggle-title\" tabindex=\"0\">Biuro Karier<\/a>\n\t\t\t\t\t<\/div>\n\n\t\t\t\t\t<div id=\"elementor-tab-content-18615\" class=\"elementor-tab-content elementor-clearfix\" data-tab=\"15\" role=\"region\" aria-labelledby=\"elementor-tab-title-18615\"><p><strong>Doradca zawodowy<\/strong>: mgr Angelika Jeleniewska<br \/>512 542 850<br \/>e-mail: a.jeleniewska@amisns.edu.pl<br \/>pok. 114<\/p><\/div>\n\t\t\t\t<\/div>\n\t\t\t\t\t\t\t<div class=\"elementor-toggle-item\">\n\t\t\t\t\t<div id=\"elementor-tab-title-18616\" class=\"elementor-tab-title\" data-tab=\"16\" role=\"button\" aria-controls=\"elementor-tab-content-18616\" aria-expanded=\"false\">\n\t\t\t\t\t\t\t\t\t\t\t\t<span class=\"elementor-toggle-icon elementor-toggle-icon-left\" aria-hidden=\"true\">\n\t\t\t\t\t\t\t\t\t\t\t\t\t\t\t<span class=\"elementor-toggle-icon-closed\"><i class=\"fas fa-caret-right\"><\/i><\/span>\n\t\t\t\t\t\t\t\t<span class=\"elementor-toggle-icon-opened\"><i class=\"elementor-toggle-icon-opened fas fa-caret-up\"><\/i><\/span>\n\t\t\t\t\t\t\t\t\t\t\t\t\t<\/span>\n\t\t\t\t\t\t\t\t\t\t\t\t<a class=\"elementor-toggle-title\" tabindex=\"0\">Centrum Dydaktyki i Symulacji Medycznej<\/a>\n\t\t\t\t\t<\/div>\n\n\t\t\t\t\t<div id=\"elementor-tab-content-18616\" class=\"elementor-tab-content elementor-clearfix\" data-tab=\"16\" role=\"region\" aria-labelledby=\"elementor-tab-title-18616\"><p><strong>Pe\u0142nomocnik Rektora ds. Centrum Dydaktyki i Symulacji Medycznej<\/strong>: mgr Barbara G\u0142owacka<br \/>e-mail: b.glowacka@amisns.edu.pl<br \/>budynek C, pok\u00f3j 019<\/p><p><strong>Technik<\/strong>: Dawid Domaszewicz<br \/>e-mail: d.domaszewicz@amisns.edu.pl<br \/>budynek C, pok\u00f3j 211<\/p><p><strong>Laborant<\/strong>: mgr Agnieszka Tywoniuk<br \/>451 177 571<br \/>e-mail: a.tywoniuk@amisns.edu.pl<br \/>budynek C, pok\u00f3j 019<\/p><p><strong>Pracownik administracyjny CDiSM<\/strong>:<br \/>in\u017c. Paulina Ziemba<br \/>budynek C, pok\u00f3j 019<\/p><\/div>\n\t\t\t\t<\/div>\n\t\t\t\t\t\t\t<div class=\"elementor-toggle-item\">\n\t\t\t\t\t<div id=\"elementor-tab-title-18617\" class=\"elementor-tab-title\" data-tab=\"17\" role=\"button\" aria-controls=\"elementor-tab-content-18617\" aria-expanded=\"false\">\n\t\t\t\t\t\t\t\t\t\t\t\t<span class=\"elementor-toggle-icon elementor-toggle-icon-left\" aria-hidden=\"true\">\n\t\t\t\t\t\t\t\t\t\t\t\t\t\t\t<span class=\"elementor-toggle-icon-closed\"><i class=\"fas fa-caret-right\"><\/i><\/span>\n\t\t\t\t\t\t\t\t<span class=\"elementor-toggle-icon-opened\"><i class=\"elementor-toggle-icon-opened fas fa-caret-up\"><\/i><\/span>\n\t\t\t\t\t\t\t\t\t\t\t\t\t<\/span>\n\t\t\t\t\t\t\t\t\t\t\t\t<a class=\"elementor-toggle-title\" tabindex=\"0\">Biblioteka i Czytelnia<\/a>\n\t\t\t\t\t<\/div>\n\n\t\t\t\t\t<div id=\"elementor-tab-content-18617\" class=\"elementor-tab-content elementor-clearfix\" data-tab=\"17\" role=\"region\" aria-labelledby=\"elementor-tab-title-18617\"><p><strong>Kierownik Pracowni Metod Diagnostycznych<\/strong>: dr Anna Skuzi\u0144ska, prof. uczelni<br \/>e-mail: a.skuzinska@amisns.edu.pl<\/p><p><strong>Specjalista ds. bibliotecznych<\/strong>: mgr Sylwia Sobkowiak<br \/>451 177 567<br \/>e-mail: biblioteka@amisns.edu.pl<\/p><p><strong>Godziny otwarcia<\/strong>:<br \/>Poniedzia\u0142ek &#8211; nieczynne<br \/>Wtorek 8:00 &#8211; 16:00<br \/>\u015aroda 8:00 &#8211; 16:00<br \/>Czwartek 8:00 &#8211; 16:00<br \/>Pi\u0105tek 8:00 &#8211; 16:00<br \/>Sobota 8:00 &#8211; 16:00<br \/>pok\u00f3j 110<\/p><\/div>\n\t\t\t\t<\/div>\n\t\t\t\t\t\t\t<div class=\"elementor-toggle-item\">\n\t\t\t\t\t<div id=\"elementor-tab-title-18618\" class=\"elementor-tab-title\" data-tab=\"18\" role=\"button\" aria-controls=\"elementor-tab-content-18618\" aria-expanded=\"false\">\n\t\t\t\t\t\t\t\t\t\t\t\t<span class=\"elementor-toggle-icon elementor-toggle-icon-left\" aria-hidden=\"true\">\n\t\t\t\t\t\t\t\t\t\t\t\t\t\t\t<span class=\"elementor-toggle-icon-closed\"><i class=\"fas fa-caret-right\"><\/i><\/span>\n\t\t\t\t\t\t\t\t<span class=\"elementor-toggle-icon-opened\"><i class=\"elementor-toggle-icon-opened fas fa-caret-up\"><\/i><\/span>\n\t\t\t\t\t\t\t\t\t\t\t\t\t<\/span>\n\t\t\t\t\t\t\t\t\t\t\t\t<a class=\"elementor-toggle-title\" tabindex=\"0\">Pe\u0142nomocnik rektora ds. student\u00f3w<\/a>\n\t\t\t\t\t<\/div>\n\n\t\t\t\t\t<div id=\"elementor-tab-content-18618\" class=\"elementor-tab-content elementor-clearfix\" data-tab=\"18\" role=\"region\" aria-labelledby=\"elementor-tab-title-18618\"><p>dr Magdalena Kie\u0142basiewicz\u00a0<\/p><p>e-mail: m.kielbasiewicz@amisns.edu.pl<\/p><p>pok\u00f3j 307<\/p><\/div>\n\t\t\t\t<\/div>\n\t\t\t\t\t\t\t<div class=\"elementor-toggle-item\">\n\t\t\t\t\t<div id=\"elementor-tab-title-18619\" class=\"elementor-tab-title\" data-tab=\"19\" role=\"button\" aria-controls=\"elementor-tab-content-18619\" aria-expanded=\"false\">\n\t\t\t\t\t\t\t\t\t\t\t\t<span class=\"elementor-toggle-icon elementor-toggle-icon-left\" aria-hidden=\"true\">\n\t\t\t\t\t\t\t\t\t\t\t\t\t\t\t<span class=\"elementor-toggle-icon-closed\"><i class=\"fas fa-caret-right\"><\/i><\/span>\n\t\t\t\t\t\t\t\t<span class=\"elementor-toggle-icon-opened\"><i class=\"elementor-toggle-icon-opened fas fa-caret-up\"><\/i><\/span>\n\t\t\t\t\t\t\t\t\t\t\t\t\t<\/span>\n\t\t\t\t\t\t\t\t\t\t\t\t<a class=\"elementor-toggle-title\" tabindex=\"0\">Pe\u0142nomocnik rektora ds. os\u00f3b niepe\u0142nosprawnych<\/a>\n\t\t\t\t\t<\/div>\n\n\t\t\t\t\t<div id=\"elementor-tab-content-18619\" class=\"elementor-tab-content elementor-clearfix\" data-tab=\"19\" role=\"region\" aria-labelledby=\"elementor-tab-title-18619\"><p>mgr Angelika Jeleniewska<\/p>\n<p>512 542 850<\/p>\n<p>e-mail: a.jeleniewska@amisns.edu.pl<\/p>\n<p>pok\u00f3j 114<\/p><\/div>\n\t\t\t\t<\/div>\n\t\t\t\t\t\t\t<div class=\"elementor-toggle-item\">\n\t\t\t\t\t<div id=\"elementor-tab-title-18620\" class=\"elementor-tab-title\" data-tab=\"20\" role=\"button\" aria-controls=\"elementor-tab-content-18620\" aria-expanded=\"false\">\n\t\t\t\t\t\t\t\t\t\t\t\t<span class=\"elementor-toggle-icon elementor-toggle-icon-left\" aria-hidden=\"true\">\n\t\t\t\t\t\t\t\t\t\t\t\t\t\t\t<span class=\"elementor-toggle-icon-closed\"><i class=\"fas fa-caret-right\"><\/i><\/span>\n\t\t\t\t\t\t\t\t<span class=\"elementor-toggle-icon-opened\"><i class=\"elementor-toggle-icon-opened fas fa-caret-up\"><\/i><\/span>\n\t\t\t\t\t\t\t\t\t\t\t\t\t<\/span>\n\t\t\t\t\t\t\t\t\t\t\t\t<a class=\"elementor-toggle-title\" tabindex=\"0\">Archiwum<\/a>\n\t\t\t\t\t<\/div>\n\n\t\t\t\t\t<div id=\"elementor-tab-content-18620\" class=\"elementor-tab-content elementor-clearfix\" data-tab=\"20\" role=\"region\" aria-labelledby=\"elementor-tab-title-18620\"><p><strong>Pracownik archiwum<\/strong>: Ma\u0142gorzata Gajczewska<br \/>55 239 38 28<br \/>512 543 040<br \/>e-mail: m.gajczewska@amisns.edu.pl<\/p><p><strong>Kwestor<\/strong>: mgr Marcin Jakimowski<br \/>512 543 442<br \/>e-mail: m.jakimowski@amisns.edu.pl<br \/>pok\u00f3j 106<\/p><\/div>\n\t\t\t\t<\/div>\n\t\t\t\t\t\t\t<div class=\"elementor-toggle-item\">\n\t\t\t\t\t<div id=\"elementor-tab-title-18621\" class=\"elementor-tab-title\" data-tab=\"21\" role=\"button\" aria-controls=\"elementor-tab-content-18621\" aria-expanded=\"false\">\n\t\t\t\t\t\t\t\t\t\t\t\t<span class=\"elementor-toggle-icon elementor-toggle-icon-left\" aria-hidden=\"true\">\n\t\t\t\t\t\t\t\t\t\t\t\t\t\t\t<span class=\"elementor-toggle-icon-closed\"><i class=\"fas fa-caret-right\"><\/i><\/span>\n\t\t\t\t\t\t\t\t<span class=\"elementor-toggle-icon-opened\"><i class=\"elementor-toggle-icon-opened fas fa-caret-up\"><\/i><\/span>\n\t\t\t\t\t\t\t\t\t\t\t\t\t<\/span>\n\t\t\t\t\t\t\t\t\t\t\t\t<a class=\"elementor-toggle-title\" tabindex=\"0\">Inspektor Ochrony Danych<\/a>\n\t\t\t\t\t<\/div>\n\n\t\t\t\t\t<div id=\"elementor-tab-content-18621\" class=\"elementor-tab-content elementor-clearfix\" data-tab=\"21\" role=\"region\" aria-labelledby=\"elementor-tab-title-18621\"><p>Tomasz Baprawski<\/p><p>e-mail: iod@amisns.edu.pl<\/p><\/div>\n\t\t\t\t<\/div>\n\t\t\t\t\t\t\t<div class=\"elementor-toggle-item\">\n\t\t\t\t\t<div id=\"elementor-tab-title-18622\" class=\"elementor-tab-title\" data-tab=\"22\" role=\"button\" aria-controls=\"elementor-tab-content-18622\" aria-expanded=\"false\">\n\t\t\t\t\t\t\t\t\t\t\t\t<span class=\"elementor-toggle-icon elementor-toggle-icon-left\" aria-hidden=\"true\">\n\t\t\t\t\t\t\t\t\t\t\t\t\t\t\t<span class=\"elementor-toggle-icon-closed\"><i class=\"fas fa-caret-right\"><\/i><\/span>\n\t\t\t\t\t\t\t\t<span class=\"elementor-toggle-icon-opened\"><i class=\"elementor-toggle-icon-opened fas fa-caret-up\"><\/i><\/span>\n\t\t\t\t\t\t\t\t\t\t\t\t\t<\/span>\n\t\t\t\t\t\t\t\t\t\t\t\t<a class=\"elementor-toggle-title\" tabindex=\"0\">Specjalista BHP i p. po\u017c.<\/a>\n\t\t\t\t\t<\/div>\n\n\t\t\t\t\t<div id=\"elementor-tab-content-18622\" class=\"elementor-tab-content elementor-clearfix\" data-tab=\"22\" role=\"region\" aria-labelledby=\"elementor-tab-title-18622\"><p>Tomasz Kawa\u0142kowski<\/p>\n<p>e-mail: kawalkowski@amisns.edu.pl<\/p><\/div>\n\t\t\t\t<\/div>\n\t\t\t\t\t\t\t<div class=\"elementor-toggle-item\">\n\t\t\t\t\t<div id=\"elementor-tab-title-18623\" class=\"elementor-tab-title\" data-tab=\"23\" role=\"button\" aria-controls=\"elementor-tab-content-18623\" aria-expanded=\"false\">\n\t\t\t\t\t\t\t\t\t\t\t\t<span class=\"elementor-toggle-icon elementor-toggle-icon-left\" aria-hidden=\"true\">\n\t\t\t\t\t\t\t\t\t\t\t\t\t\t\t<span class=\"elementor-toggle-icon-closed\"><i class=\"fas fa-caret-right\"><\/i><\/span>\n\t\t\t\t\t\t\t\t<span class=\"elementor-toggle-icon-opened\"><i class=\"elementor-toggle-icon-opened fas fa-caret-up\"><\/i><\/span>\n\t\t\t\t\t\t\t\t\t\t\t\t\t<\/span>\n\t\t\t\t\t\t\t\t\t\t\t\t<a class=\"elementor-toggle-title\" tabindex=\"0\">Rzecznik dyscyplinarny ds. nauczycieli akademickich<\/a>\n\t\t\t\t\t<\/div>\n\n\t\t\t\t\t<div id=\"elementor-tab-content-18623\" class=\"elementor-tab-content elementor-clearfix\" data-tab=\"23\" role=\"region\" aria-labelledby=\"elementor-tab-title-18623\"><p>dr Teresa Jaworska<\/p><p>e-mail: t.jaworska@amisns.edu.pl<\/p><\/div>\n\t\t\t\t<\/div>\n\t\t\t\t\t\t\t<div class=\"elementor-toggle-item\">\n\t\t\t\t\t<div id=\"elementor-tab-title-18624\" class=\"elementor-tab-title\" data-tab=\"24\" role=\"button\" aria-controls=\"elementor-tab-content-18624\" aria-expanded=\"false\">\n\t\t\t\t\t\t\t\t\t\t\t\t<span class=\"elementor-toggle-icon elementor-toggle-icon-left\" aria-hidden=\"true\">\n\t\t\t\t\t\t\t\t\t\t\t\t\t\t\t<span class=\"elementor-toggle-icon-closed\"><i class=\"fas fa-caret-right\"><\/i><\/span>\n\t\t\t\t\t\t\t\t<span class=\"elementor-toggle-icon-opened\"><i class=\"elementor-toggle-icon-opened fas fa-caret-up\"><\/i><\/span>\n\t\t\t\t\t\t\t\t\t\t\t\t\t<\/span>\n\t\t\t\t\t\t\t\t\t\t\t\t<a class=\"elementor-toggle-title\" tabindex=\"0\">Rzecznik dyscyplinarny ds. student\u00f3w<\/a>\n\t\t\t\t\t<\/div>\n\n\t\t\t\t\t<div id=\"elementor-tab-content-18624\" class=\"elementor-tab-content elementor-clearfix\" data-tab=\"24\" role=\"region\" aria-labelledby=\"elementor-tab-title-18624\"><p>dr n. med. Marcin \u017b\u00f3rawski<\/p><p>e-mail: rzecznik.dysc.ds.studentow@amisns.edu.pl<\/p><\/div>\n\t\t\t\t<\/div>\n\t\t\t\t\t\t\t\t<\/div>\n\t\t\t\t<\/div>\n\t\t\t\t<\/div>\n\t\t\t\t\t<\/div>\n\t\t<\/div>\n\t\t\t\t\t<\/div>\n\t\t<\/section>\n\t\t\t\t<\/div>\n\t\t","protected":false},"excerpt":{"rendered":"<p>Kontakt Akademia Medycznych i Spo\u0142ecznych Nauk Stosowanych 82-300 Elbl\u0105g, ul. Lotnicza 2 NIP: 5782731535 elektroniczna skrzynka podawcza: \/AMiSNSElblag\/SkrytkaESP Rektorat mgr Paulina Erdman 55 239 38 02512 543 463 e-mail: rektorat@amisns.edu.pl pok\u00f3j 108 Biuro Rektora Dyrektor Biura Rektora: Inga Olsza\u0144ska e-mail: i.olszanska@amisns.edu.pl pok\u00f3j 114 Dzia\u0142 Rekrutacji i Promocji Kierownik dzia\u0142u: mgr Zyta Wrzos Pracownicy dzia\u0142u:mgr Monika [&hellip;]<\/p>\n","protected":false},"author":2,"featured_media":0,"parent":46,"menu_order":0,"comment_status":"closed","ping_status":"closed","template":"elementor_header_footer","meta":{"ocean_post_layout":"","ocean_both_sidebars_style":"","ocean_both_sidebars_content_width":0,"ocean_both_sidebars_sidebars_width":0,"ocean_sidebar":"0","ocean_second_sidebar":"0","ocean_disable_margins":"enable","ocean_add_body_class":"","ocean_shortcode_before_top_bar":"","ocean_shortcode_after_top_bar":"","ocean_shortcode_before_header":"","ocean_shortcode_after_header":"","ocean_has_shortcode":"","ocean_shortcode_after_title":"","ocean_shortcode_before_footer_widgets":"","ocean_shortcode_after_footer_widgets":"","ocean_shortcode_before_footer_bottom":"","ocean_shortcode_after_footer_bottom":"","ocean_display_top_bar":"default","ocean_display_header":"default","ocean_header_style":"","ocean_center_header_left_menu":"0","ocean_custom_header_template":"0","ocean_custom_logo":0,"ocean_custom_retina_logo":0,"ocean_custom_logo_max_width":0,"ocean_custom_logo_tablet_max_width":0,"ocean_custom_logo_mobile_max_width":0,"ocean_custom_logo_max_height":0,"ocean_custom_logo_tablet_max_height":0,"ocean_custom_logo_mobile_max_height":0,"ocean_header_custom_menu":"0","ocean_menu_typo_font_family":"0","ocean_menu_typo_font_subset":"","ocean_menu_typo_font_size":0,"ocean_menu_typo_font_size_tablet":0,"ocean_menu_typo_font_size_mobile":0,"ocean_menu_typo_font_size_unit":"px","ocean_menu_typo_font_weight":"","ocean_menu_typo_font_weight_tablet":"","ocean_menu_typo_font_weight_mobile":"","ocean_menu_typo_transform":"","ocean_menu_typo_transform_tablet":"","ocean_menu_typo_transform_mobile":"","ocean_menu_typo_line_height":0,"ocean_menu_typo_line_height_tablet":0,"ocean_menu_typo_line_height_mobile":0,"ocean_menu_typo_line_height_unit":"","ocean_menu_typo_spacing":0,"ocean_menu_typo_spacing_tablet":0,"ocean_menu_typo_spacing_mobile":0,"ocean_menu_typo_spacing_unit":"","ocean_menu_link_color":"","ocean_menu_link_color_hover":"","ocean_menu_link_color_active":"","ocean_menu_link_background":"","ocean_menu_link_hover_background":"","ocean_menu_link_active_background":"","ocean_menu_social_links_bg":"","ocean_menu_social_hover_links_bg":"","ocean_menu_social_links_color":"","ocean_menu_social_hover_links_color":"","ocean_disable_title":"default","ocean_disable_heading":"default","ocean_post_title":"","ocean_post_subheading":"","ocean_post_title_style":"","ocean_post_title_background_color":"","ocean_post_title_background":0,"ocean_post_title_bg_image_position":"","ocean_post_title_bg_image_attachment":"","ocean_post_title_bg_image_repeat":"","ocean_post_title_bg_image_size":"","ocean_post_title_height":0,"ocean_post_title_bg_overlay":0.5,"ocean_post_title_bg_overlay_color":"","ocean_disable_breadcrumbs":"default","ocean_breadcrumbs_color":"","ocean_breadcrumbs_separator_color":"","ocean_breadcrumbs_links_color":"","ocean_breadcrumbs_links_hover_color":"","ocean_display_footer_widgets":"default","ocean_display_footer_bottom":"default","ocean_custom_footer_template":"0","footnotes":""},"class_list":["post-70","page","type-page","status-publish","hentry","entry"],"yoast_head":"<!-- This site is optimized with the Yoast SEO plugin v23.7 - https:\/\/yoast.com\/wordpress\/plugins\/seo\/ -->\n<title>Kontakt - AMISNS<\/title>\n<meta name=\"robots\" content=\"noindex, follow, max-snippet:-1, max-image-preview:large, max-video-preview:-1\" \/>\n<meta property=\"og:locale\" content=\"pl_PL\" \/>\n<meta property=\"og:type\" content=\"article\" \/>\n<meta property=\"og:title\" content=\"Kontakt - AMISNS\" \/>\n<meta property=\"og:description\" content=\"Kontakt Akademia Medycznych i Spo\u0142ecznych Nauk Stosowanych 82-300 Elbl\u0105g, ul. Lotnicza 2 NIP: 5782731535 elektroniczna skrzynka podawcza: \/AMiSNSElblag\/SkrytkaESP Rektorat mgr Paulina Erdman 55 239 38 02512 543 463 e-mail: rektorat@amisns.edu.pl pok\u00f3j 108 Biuro Rektora Dyrektor Biura Rektora: Inga Olsza\u0144ska e-mail: i.olszanska@amisns.edu.pl pok\u00f3j 114 Dzia\u0142 Rekrutacji i Promocji Kierownik dzia\u0142u: mgr Zyta Wrzos Pracownicy dzia\u0142u:mgr Monika [&hellip;]\" \/>\n<meta property=\"og:url\" content=\"https:\/\/amisns.edu.pl\/stara-wersja\/homepage\/kontakt\/\" \/>\n<meta property=\"og:site_name\" content=\"AMISNS\" \/>\n<meta property=\"article:publisher\" content=\"https:\/\/www.facebook.com\/AMiSNSElblag\" \/>\n<meta property=\"article:modified_time\" content=\"2024-10-04T10:33:41+00:00\" \/>\n<meta name=\"twitter:card\" content=\"summary_large_image\" \/>\n<meta name=\"twitter:label1\" content=\"Szacowany czas czytania\" \/>\n\t<meta name=\"twitter:data1\" content=\"5 minut\" \/>\n<script type=\"application\/ld+json\" class=\"yoast-schema-graph\">{\"@context\":\"https:\/\/schema.org\",\"@graph\":[{\"@type\":\"WebPage\",\"@id\":\"https:\/\/amisns.edu.pl\/stara-wersja\/homepage\/kontakt\/\",\"url\":\"https:\/\/amisns.edu.pl\/stara-wersja\/homepage\/kontakt\/\",\"name\":\"Kontakt - AMISNS\",\"isPartOf\":{\"@id\":\"https:\/\/amisns.edu.pl\/stara-wersja\/stara-wersja\/#website\"},\"datePublished\":\"2022-10-16T21:24:35+00:00\",\"dateModified\":\"2024-10-04T10:33:41+00:00\",\"breadcrumb\":{\"@id\":\"https:\/\/amisns.edu.pl\/stara-wersja\/homepage\/kontakt\/#breadcrumb\"},\"inLanguage\":\"pl-PL\",\"potentialAction\":[{\"@type\":\"ReadAction\",\"target\":[\"https:\/\/amisns.edu.pl\/stara-wersja\/homepage\/kontakt\/\"]}]},{\"@type\":\"BreadcrumbList\",\"@id\":\"https:\/\/amisns.edu.pl\/stara-wersja\/homepage\/kontakt\/#breadcrumb\",\"itemListElement\":[{\"@type\":\"ListItem\",\"position\":1,\"name\":\"Strona g\u0142\u00f3wna\",\"item\":\"https:\/\/amisns.edu.pl\/stara-wersja\/\"},{\"@type\":\"ListItem\",\"position\":2,\"name\":\"Homepage\",\"item\":\"https:\/\/amisns.edu.pl\/stara-wersja\/\"},{\"@type\":\"ListItem\",\"position\":3,\"name\":\"Kontakt\"}]},{\"@type\":\"WebSite\",\"@id\":\"https:\/\/amisns.edu.pl\/stara-wersja\/stara-wersja\/#website\",\"url\":\"https:\/\/amisns.edu.pl\/stara-wersja\/stara-wersja\/\",\"name\":\"AMISNS\",\"description\":\"Akademia Medycznych i Spo\u0142ecznych nauk stosowanych\",\"publisher\":{\"@id\":\"https:\/\/amisns.edu.pl\/stara-wersja\/stara-wersja\/#organization\"},\"potentialAction\":[{\"@type\":\"SearchAction\",\"target\":{\"@type\":\"EntryPoint\",\"urlTemplate\":\"https:\/\/amisns.edu.pl\/stara-wersja\/stara-wersja\/?s={search_term_string}\"},\"query-input\":{\"@type\":\"PropertyValueSpecification\",\"valueRequired\":true,\"valueName\":\"search_term_string\"}}],\"inLanguage\":\"pl-PL\"},{\"@type\":\"Organization\",\"@id\":\"https:\/\/amisns.edu.pl\/stara-wersja\/stara-wersja\/#organization\",\"name\":\"AMISNS\",\"url\":\"https:\/\/amisns.edu.pl\/stara-wersja\/stara-wersja\/\",\"logo\":{\"@type\":\"ImageObject\",\"inLanguage\":\"pl-PL\",\"@id\":\"https:\/\/amisns.edu.pl\/stara-wersja\/stara-wersja\/#\/schema\/logo\/image\/\",\"url\":\"https:\/\/amisns.edu.pl\/stara-wersja\/wp-content\/uploads\/2022\/12\/Znak-AMiSNS-na-strone-www-4k.png\",\"contentUrl\":\"https:\/\/amisns.edu.pl\/stara-wersja\/wp-content\/uploads\/2022\/12\/Znak-AMiSNS-na-strone-www-4k.png\",\"width\":1920,\"height\":523,\"caption\":\"AMISNS\"},\"image\":{\"@id\":\"https:\/\/amisns.edu.pl\/stara-wersja\/stara-wersja\/#\/schema\/logo\/image\/\"},\"sameAs\":[\"https:\/\/www.facebook.com\/AMiSNSElblag\"]}]}<\/script>\n<!-- \/ Yoast SEO plugin. -->","yoast_head_json":{"title":"Kontakt - AMISNS","robots":{"index":"noindex","follow":"follow","max-snippet":"max-snippet:-1","max-image-preview":"max-image-preview:large","max-video-preview":"max-video-preview:-1"},"og_locale":"pl_PL","og_type":"article","og_title":"Kontakt - AMISNS","og_description":"Kontakt Akademia Medycznych i Spo\u0142ecznych Nauk Stosowanych 82-300 Elbl\u0105g, ul. Lotnicza 2 NIP: 5782731535 elektroniczna skrzynka podawcza: \/AMiSNSElblag\/SkrytkaESP Rektorat mgr Paulina Erdman 55 239 38 02512 543 463 e-mail: rektorat@amisns.edu.pl pok\u00f3j 108 Biuro Rektora Dyrektor Biura Rektora: Inga Olsza\u0144ska e-mail: i.olszanska@amisns.edu.pl pok\u00f3j 114 Dzia\u0142 Rekrutacji i Promocji Kierownik dzia\u0142u: mgr Zyta Wrzos Pracownicy dzia\u0142u:mgr Monika [&hellip;]","og_url":"https:\/\/amisns.edu.pl\/stara-wersja\/homepage\/kontakt\/","og_site_name":"AMISNS","article_publisher":"https:\/\/www.facebook.com\/AMiSNSElblag","article_modified_time":"2024-10-04T10:33:41+00:00","twitter_card":"summary_large_image","twitter_misc":{"Szacowany czas czytania":"5 minut"},"schema":{"@context":"https:\/\/schema.org","@graph":[{"@type":"WebPage","@id":"https:\/\/amisns.edu.pl\/stara-wersja\/homepage\/kontakt\/","url":"https:\/\/amisns.edu.pl\/stara-wersja\/homepage\/kontakt\/","name":"Kontakt - AMISNS","isPartOf":{"@id":"https:\/\/amisns.edu.pl\/stara-wersja\/stara-wersja\/#website"},"datePublished":"2022-10-16T21:24:35+00:00","dateModified":"2024-10-04T10:33:41+00:00","breadcrumb":{"@id":"https:\/\/amisns.edu.pl\/stara-wersja\/homepage\/kontakt\/#breadcrumb"},"inLanguage":"pl-PL","potentialAction":[{"@type":"ReadAction","target":["https:\/\/amisns.edu.pl\/stara-wersja\/homepage\/kontakt\/"]}]},{"@type":"BreadcrumbList","@id":"https:\/\/amisns.edu.pl\/stara-wersja\/homepage\/kontakt\/#breadcrumb","itemListElement":[{"@type":"ListItem","position":1,"name":"Strona g\u0142\u00f3wna","item":"https:\/\/amisns.edu.pl\/stara-wersja\/"},{"@type":"ListItem","position":2,"name":"Homepage","item":"https:\/\/amisns.edu.pl\/stara-wersja\/"},{"@type":"ListItem","position":3,"name":"Kontakt"}]},{"@type":"WebSite","@id":"https:\/\/amisns.edu.pl\/stara-wersja\/stara-wersja\/#website","url":"https:\/\/amisns.edu.pl\/stara-wersja\/stara-wersja\/","name":"AMISNS","description":"Akademia Medycznych i Spo\u0142ecznych nauk stosowanych","publisher":{"@id":"https:\/\/amisns.edu.pl\/stara-wersja\/stara-wersja\/#organization"},"potentialAction":[{"@type":"SearchAction","target":{"@type":"EntryPoint","urlTemplate":"https:\/\/amisns.edu.pl\/stara-wersja\/stara-wersja\/?s={search_term_string}"},"query-input":{"@type":"PropertyValueSpecification","valueRequired":true,"valueName":"search_term_string"}}],"inLanguage":"pl-PL"},{"@type":"Organization","@id":"https:\/\/amisns.edu.pl\/stara-wersja\/stara-wersja\/#organization","name":"AMISNS","url":"https:\/\/amisns.edu.pl\/stara-wersja\/stara-wersja\/","logo":{"@type":"ImageObject","inLanguage":"pl-PL","@id":"https:\/\/amisns.edu.pl\/stara-wersja\/stara-wersja\/#\/schema\/logo\/image\/","url":"https:\/\/amisns.edu.pl\/stara-wersja\/wp-content\/uploads\/2022\/12\/Znak-AMiSNS-na-strone-www-4k.png","contentUrl":"https:\/\/amisns.edu.pl\/stara-wersja\/wp-content\/uploads\/2022\/12\/Znak-AMiSNS-na-strone-www-4k.png","width":1920,"height":523,"caption":"AMISNS"},"image":{"@id":"https:\/\/amisns.edu.pl\/stara-wersja\/stara-wersja\/#\/schema\/logo\/image\/"},"sameAs":["https:\/\/www.facebook.com\/AMiSNSElblag"]}]}},"_links":{"self":[{"href":"https:\/\/amisns.edu.pl\/stara-wersja\/wp-json\/wp\/v2\/pages\/70"}],"collection":[{"href":"https:\/\/amisns.edu.pl\/stara-wersja\/wp-json\/wp\/v2\/pages"}],"about":[{"href":"https:\/\/amisns.edu.pl\/stara-wersja\/wp-json\/wp\/v2\/types\/page"}],"author":[{"embeddable":true,"href":"https:\/\/amisns.edu.pl\/stara-wersja\/wp-json\/wp\/v2\/users\/2"}],"replies":[{"embeddable":true,"href":"https:\/\/amisns.edu.pl\/stara-wersja\/wp-json\/wp\/v2\/comments?post=70"}],"version-history":[{"count":932,"href":"https:\/\/amisns.edu.pl\/stara-wersja\/wp-json\/wp\/v2\/pages\/70\/revisions"}],"predecessor-version":[{"id":24999,"href":"https:\/\/amisns.edu.pl\/stara-wersja\/wp-json\/wp\/v2\/pages\/70\/revisions\/24999"}],"up":[{"embeddable":true,"href":"https:\/\/amisns.edu.pl\/stara-wersja\/wp-json\/wp\/v2\/pages\/46"}],"wp:attachment":[{"href":"https:\/\/amisns.edu.pl\/stara-wersja\/wp-json\/wp\/v2\/media?parent=70"}],"curies":[{"name":"wp","href":"https:\/\/api.w.org\/{rel}","templated":true}]}}