{"id":722,"date":"2022-11-30T01:52:44","date_gmt":"2022-11-30T00:52:44","guid":{"rendered":"http:\/\/wordpress2247503.home.pl\/public_html\/amisns.edu.pl\/?page_id=722"},"modified":"2024-06-10T11:04:30","modified_gmt":"2024-06-10T10:04:30","slug":"studia-podyplomowe","status":"publish","type":"page","link":"https:\/\/amisns.edu.pl\/stara-wersja\/homepage\/studia-podyplomowe\/","title":{"rendered":"Studia podyplomowe"},"content":{"rendered":"\t\t<div data-elementor-type=\"wp-page\" data-elementor-id=\"722\" class=\"elementor elementor-722\" data-elementor-post-type=\"page\">\n\t\t\t\t\t\t<section class=\"elementor-section elementor-top-section elementor-element elementor-element-d6acbb2 elementor-section-full_width elementor-section-height-default elementor-section-height-default\" data-id=\"d6acbb2\" data-element_type=\"section\">\n\t\t\t\t\t\t<div class=\"elementor-container elementor-column-gap-default\">\n\t\t\t\t\t<div class=\"elementor-column elementor-col-100 elementor-top-column elementor-element elementor-element-9c4c64e\" data-id=\"9c4c64e\" data-element_type=\"column\">\n\t\t\t<div class=\"elementor-widget-wrap elementor-element-populated\">\n\t\t\t\t\t\t<div class=\"elementor-element elementor-element-6181b71 elementor--h-position-center elementor--v-position-middle elementor-arrows-position-inside elementor-pagination-position-inside elementor-widget elementor-widget-slides\" data-id=\"6181b71\" data-element_type=\"widget\" data-settings=\"{&quot;navigation&quot;:&quot;both&quot;,&quot;autoplay&quot;:&quot;yes&quot;,&quot;pause_on_hover&quot;:&quot;yes&quot;,&quot;pause_on_interaction&quot;:&quot;yes&quot;,&quot;autoplay_speed&quot;:5000,&quot;infinite&quot;:&quot;yes&quot;,&quot;transition&quot;:&quot;slide&quot;,&quot;transition_speed&quot;:500}\" data-widget_type=\"slides.default\">\n\t\t\t\t<div class=\"elementor-widget-container\">\n\t\t\t\t\t<div class=\"elementor-swiper\">\n\t\t\t<div class=\"elementor-slides-wrapper elementor-main-swiper swiper\" dir=\"ltr\" data-animation=\"fadeInUp\">\n\t\t\t\t<div class=\"swiper-wrapper elementor-slides\">\n\t\t\t\t\t\t\t\t\t\t<div class=\"elementor-repeater-item-6e86543 swiper-slide\"><div class=\"swiper-slide-bg elementor-ken-burns elementor-ken-burns--in\" role=\"img\"><\/div><div class=\"swiper-slide-inner\" ><div class=\"swiper-slide-contents\"><div class=\"elementor-slide-heading\">STUDIA PODYPLOMOWE<\/div><\/div><\/div><\/div>\t\t\t\t<\/div>\n\t\t\t\t\t\t\t<\/div>\n\t\t<\/div>\n\t\t\t\t<\/div>\n\t\t\t\t<\/div>\n\t\t\t\t\t<\/div>\n\t\t<\/div>\n\t\t\t\t\t<\/div>\n\t\t<\/section>\n\t\t\t\t<section class=\"elementor-section elementor-top-section elementor-element elementor-element-98bcdf2 elementor-section-boxed elementor-section-height-default elementor-section-height-default\" data-id=\"98bcdf2\" data-element_type=\"section\">\n\t\t\t\t\t\t<div class=\"elementor-container elementor-column-gap-default\">\n\t\t\t\t\t<div class=\"elementor-column elementor-col-100 elementor-top-column elementor-element elementor-element-7d5fcb5\" data-id=\"7d5fcb5\" data-element_type=\"column\">\n\t\t\t<div class=\"elementor-widget-wrap elementor-element-populated\">\n\t\t\t\t\t\t<div class=\"elementor-element elementor-element-b359b48 animated-slow elementor--h-position-center elementor--v-position-middle elementor-arrows-position-inside elementor-pagination-position-inside elementor-invisible elementor-widget elementor-widget-slides\" data-id=\"b359b48\" data-element_type=\"widget\" data-settings=\"{&quot;_animation&quot;:&quot;fadeIn&quot;,&quot;navigation&quot;:&quot;both&quot;,&quot;autoplay&quot;:&quot;yes&quot;,&quot;pause_on_hover&quot;:&quot;yes&quot;,&quot;pause_on_interaction&quot;:&quot;yes&quot;,&quot;autoplay_speed&quot;:5000,&quot;infinite&quot;:&quot;yes&quot;,&quot;transition&quot;:&quot;slide&quot;,&quot;transition_speed&quot;:500}\" data-widget_type=\"slides.default\">\n\t\t\t\t<div class=\"elementor-widget-container\">\n\t\t\t\t\t<div class=\"elementor-swiper\">\n\t\t\t<div class=\"elementor-slides-wrapper elementor-main-swiper swiper\" dir=\"ltr\" data-animation=\"fadeInUp\">\n\t\t\t\t<div class=\"swiper-wrapper elementor-slides\">\n\t\t\t\t\t\t\t\t\t\t<div class=\"elementor-repeater-item-034b4a4 swiper-slide\"><div class=\"swiper-slide-bg elementor-ken-burns elementor-ken-burns--in\" role=\"img\"><\/div><div class=\"swiper-slide-inner\" ><div class=\"swiper-slide-contents\"><div class=\"elementor-slide-heading\">Zasady naboru<\/div><div class=\"elementor-slide-description\">O przyj\u0119ciu na studia decyduje kolejno\u015b\u0107 zg\u0142osze\u0144<\/div><\/div><\/div><\/div>\t\t\t\t<\/div>\n\t\t\t\t\t\t\t<\/div>\n\t\t<\/div>\n\t\t\t\t<\/div>\n\t\t\t\t<\/div>\n\t\t\t\t\t<\/div>\n\t\t<\/div>\n\t\t\t\t\t<\/div>\n\t\t<\/section>\n\t\t\t\t<section class=\"elementor-section elementor-top-section elementor-element elementor-element-e62bde0 animated-slow elementor-section-boxed elementor-section-height-default elementor-section-height-default elementor-invisible\" data-id=\"e62bde0\" data-element_type=\"section\" data-settings=\"{&quot;animation&quot;:&quot;fadeIn&quot;}\">\n\t\t\t\t\t\t<div class=\"elementor-container elementor-column-gap-default\">\n\t\t\t\t\t<div class=\"elementor-column elementor-col-100 elementor-top-column elementor-element elementor-element-25326d4\" data-id=\"25326d4\" data-element_type=\"column\">\n\t\t\t<div class=\"elementor-widget-wrap elementor-element-populated\">\n\t\t\t\t\t\t<div class=\"elementor-element elementor-element-6db2e7f elementor-widget elementor-widget-heading\" data-id=\"6db2e7f\" data-element_type=\"widget\" data-widget_type=\"heading.default\">\n\t\t\t\t<div class=\"elementor-widget-container\">\n\t\t\t<h2 class=\"elementor-heading-title elementor-size-default\">Wymagania<\/h2>\t\t<\/div>\n\t\t\t\t<\/div>\n\t\t\t\t\t<\/div>\n\t\t<\/div>\n\t\t\t\t\t<\/div>\n\t\t<\/section>\n\t\t\t\t<section class=\"elementor-section elementor-top-section elementor-element elementor-element-14703da animated-slow elementor-section-boxed elementor-section-height-default elementor-section-height-default elementor-invisible\" data-id=\"14703da\" data-element_type=\"section\" data-settings=\"{&quot;animation&quot;:&quot;fadeIn&quot;}\">\n\t\t\t\t\t\t<div class=\"elementor-container elementor-column-gap-default\">\n\t\t\t\t\t<div class=\"elementor-column elementor-col-100 elementor-top-column elementor-element elementor-element-a25fdfb\" data-id=\"a25fdfb\" data-element_type=\"column\">\n\t\t\t<div class=\"elementor-widget-wrap elementor-element-populated\">\n\t\t\t\t\t\t<div class=\"elementor-element elementor-element-7e49f9f elementor-widget elementor-widget-text-editor\" data-id=\"7e49f9f\" data-element_type=\"widget\" data-widget_type=\"text-editor.default\">\n\t\t\t\t<div class=\"elementor-widget-container\">\n\t\t\t\t\t\t\t<p><span style=\"font-family: Roboto, 'sans serif'; font-size: 14px; font-style: normal; font-variant-ligatures: normal; font-variant-caps: normal; font-weight: 400; text-align: justify;\">Studia wy\u017csze: honorowane s\u0105 dyplomy uko\u0144czenia studi\u00f3w I stopnia \u2013 licencjackich oraz in\u017cynierskich, II stopnia oraz jednolitych studi\u00f3w magisterskich.<\/span><\/p>\t\t\t\t\t\t<\/div>\n\t\t\t\t<\/div>\n\t\t\t\t\t<\/div>\n\t\t<\/div>\n\t\t\t\t\t<\/div>\n\t\t<\/section>\n\t\t\t\t<section class=\"elementor-section elementor-top-section elementor-element elementor-element-5e493de animated-slow elementor-section-boxed elementor-section-height-default elementor-section-height-default elementor-invisible\" data-id=\"5e493de\" data-element_type=\"section\" data-settings=\"{&quot;animation&quot;:&quot;fadeIn&quot;}\">\n\t\t\t\t\t\t<div class=\"elementor-container elementor-column-gap-default\">\n\t\t\t\t\t<div class=\"elementor-column elementor-col-100 elementor-top-column elementor-element elementor-element-dd4fc6a\" data-id=\"dd4fc6a\" data-element_type=\"column\">\n\t\t\t<div class=\"elementor-widget-wrap elementor-element-populated\">\n\t\t\t\t\t\t<div class=\"elementor-element elementor-element-6b4291d elementor-widget elementor-widget-heading\" data-id=\"6b4291d\" data-element_type=\"widget\" data-widget_type=\"heading.default\">\n\t\t\t\t<div class=\"elementor-widget-container\">\n\t\t\t<h2 class=\"elementor-heading-title elementor-size-default\">Wymagane dokumenty<\/h2>\t\t<\/div>\n\t\t\t\t<\/div>\n\t\t\t\t\t<\/div>\n\t\t<\/div>\n\t\t\t\t\t<\/div>\n\t\t<\/section>\n\t\t\t\t<section class=\"elementor-section elementor-top-section elementor-element elementor-element-c2a6828 animated-slow elementor-section-boxed elementor-section-height-default elementor-section-height-default elementor-invisible\" data-id=\"c2a6828\" data-element_type=\"section\" data-settings=\"{&quot;animation&quot;:&quot;fadeIn&quot;}\">\n\t\t\t\t\t\t<div class=\"elementor-container elementor-column-gap-default\">\n\t\t\t\t\t<div class=\"elementor-column elementor-col-100 elementor-top-column elementor-element elementor-element-7ec7170\" data-id=\"7ec7170\" data-element_type=\"column\">\n\t\t\t<div class=\"elementor-widget-wrap elementor-element-populated\">\n\t\t\t\t\t\t<div class=\"elementor-element elementor-element-7852378 elementor-widget elementor-widget-text-editor\" data-id=\"7852378\" data-element_type=\"widget\" data-widget_type=\"text-editor.default\">\n\t\t\t\t<div class=\"elementor-widget-container\">\n\t\t\t\t\t\t\t<p>Kandydaci na studia sk\u0142adaj\u0105 \/ przesy\u0142aj\u0105 do biura rekrutacji nast\u0119puj\u0105ce dokumenty:<\/p><p>podanie rekrutacyjne &#8211; wygenerowane w systemie <a href=\"https:\/\/irk.amisns.edu.pl\/pl\/\">Internetowej Rejestracji Kandydat\u00f3w<\/a> (IRK)<br \/>klauzula informacyjna &#8211; <a href=\"http:\/\/amisns.edu.pl\/wp-content\/uploads\/klauzula_informacyjna.pdf\">pobierz plik<\/a><br \/>jedno zdj\u0119cie (format legitymacyjny)<br \/>odpis dyplomu uko\u0144czenia studi\u00f3w wy\u017cszych (tytu\u0142 zawodowy: licencjat, in\u017cynier, lekarz, magister).<\/p>\t\t\t\t\t\t<\/div>\n\t\t\t\t<\/div>\n\t\t\t\t\t<\/div>\n\t\t<\/div>\n\t\t\t\t\t<\/div>\n\t\t<\/section>\n\t\t\t\t<section class=\"elementor-section elementor-top-section elementor-element elementor-element-530d5f6 animated-slow elementor-section-boxed elementor-section-height-default elementor-section-height-default elementor-invisible\" data-id=\"530d5f6\" data-element_type=\"section\" data-settings=\"{&quot;animation&quot;:&quot;fadeIn&quot;}\">\n\t\t\t\t\t\t<div class=\"elementor-container elementor-column-gap-default\">\n\t\t\t\t\t<div class=\"elementor-column elementor-col-100 elementor-top-column elementor-element elementor-element-28b9dbc\" data-id=\"28b9dbc\" data-element_type=\"column\">\n\t\t\t<div class=\"elementor-widget-wrap elementor-element-populated\">\n\t\t\t\t\t\t<div class=\"elementor-element elementor-element-bb9d13a elementor-widget elementor-widget-heading\" data-id=\"bb9d13a\" data-element_type=\"widget\" data-widget_type=\"heading.default\">\n\t\t\t\t<div class=\"elementor-widget-container\">\n\t\t\t<h2 class=\"elementor-heading-title elementor-size-default\">Rekrutacja krok po kroku:<\/h2>\t\t<\/div>\n\t\t\t\t<\/div>\n\t\t\t\t\t<\/div>\n\t\t<\/div>\n\t\t\t\t\t<\/div>\n\t\t<\/section>\n\t\t\t\t<section class=\"elementor-section elementor-top-section elementor-element elementor-element-cf74c02 animated-slow elementor-section-boxed elementor-section-height-default elementor-section-height-default elementor-invisible\" data-id=\"cf74c02\" data-element_type=\"section\" data-settings=\"{&quot;animation&quot;:&quot;fadeIn&quot;}\">\n\t\t\t\t\t\t<div class=\"elementor-container elementor-column-gap-default\">\n\t\t\t\t\t<div class=\"elementor-column elementor-col-100 elementor-top-column elementor-element elementor-element-1aff0ad\" data-id=\"1aff0ad\" data-element_type=\"column\">\n\t\t\t<div class=\"elementor-widget-wrap elementor-element-populated\">\n\t\t\t\t\t\t<div class=\"elementor-element elementor-element-1e176ef elementor-icon-list--layout-traditional elementor-list-item-link-full_width elementor-widget elementor-widget-icon-list\" data-id=\"1e176ef\" data-element_type=\"widget\" data-widget_type=\"icon-list.default\">\n\t\t\t\t<div class=\"elementor-widget-container\">\n\t\t\t\t\t<ul class=\"elementor-icon-list-items\">\n\t\t\t\t\t\t\t<li class=\"elementor-icon-list-item\">\n\t\t\t\t\t\t\t\t\t\t\t<span class=\"elementor-icon-list-icon\">\n\t\t\t\t\t\t\t<i aria-hidden=\"true\" class=\"fas fa-check\"><\/i>\t\t\t\t\t\t<\/span>\n\t\t\t\t\t\t\t\t\t\t<span class=\"elementor-icon-list-text\">wybierz interesuj\u0105cy Ci\u0119 kierunek studi\u00f3w podyplomowych dost\u0119pny na stronie www.amisns.edu.pl -&gt;dla kandydata -&gt; studia podyplomowe<\/span>\n\t\t\t\t\t\t\t\t\t<\/li>\n\t\t\t\t\t\t\t\t<li class=\"elementor-icon-list-item\">\n\t\t\t\t\t\t\t\t\t\t\t<span class=\"elementor-icon-list-icon\">\n\t\t\t\t\t\t\t<i aria-hidden=\"true\" class=\"fas fa-check\"><\/i>\t\t\t\t\t\t<\/span>\n\t\t\t\t\t\t\t\t\t\t<span class=\"elementor-icon-list-text\">za\u0142\u00f3\u017c konto w systemie Internetowej Rejestracji Kandydat\u00f3w i uzupe\u0142nij swoje dane osobowe<\/span>\n\t\t\t\t\t\t\t\t\t<\/li>\n\t\t\t\t\t\t\t\t<li class=\"elementor-icon-list-item\">\n\t\t\t\t\t\t\t\t\t\t\t<span class=\"elementor-icon-list-icon\">\n\t\t\t\t\t\t\t<i aria-hidden=\"true\" class=\"fas fa-check\"><\/i>\t\t\t\t\t\t<\/span>\n\t\t\t\t\t\t\t\t\t\t<span class=\"elementor-icon-list-text\">wybierz kierunek studi\u00f3w, na kt\u00f3ry aplikujesz<\/span>\n\t\t\t\t\t\t\t\t\t<\/li>\n\t\t\t\t\t\t\t\t<li class=\"elementor-icon-list-item\">\n\t\t\t\t\t\t\t\t\t\t\t<span class=\"elementor-icon-list-icon\">\n\t\t\t\t\t\t\t<i aria-hidden=\"true\" class=\"fas fa-check\"><\/i>\t\t\t\t\t\t<\/span>\n\t\t\t\t\t\t\t\t\t\t<span class=\"elementor-icon-list-text\">wygeneruj, wydrukuj i podpisz podanie - wejd\u017a: moje konto -> zg\u0142oszenia rekrutacyjne - wydruk poda\u0144<\/span>\n\t\t\t\t\t\t\t\t\t<\/li>\n\t\t\t\t\t\t\t\t<li class=\"elementor-icon-list-item\">\n\t\t\t\t\t\t\t\t\t\t\t<span class=\"elementor-icon-list-icon\">\n\t\t\t\t\t\t\t<i aria-hidden=\"true\" class=\"fas fa-check\"><\/i>\t\t\t\t\t\t<\/span>\n\t\t\t\t\t\t\t\t\t\t<span class=\"elementor-icon-list-text\">dokonaj op\u0142aty rekrutacyjnej w wysoko\u015bci 120z\u0142<\/span>\n\t\t\t\t\t\t\t\t\t<\/li>\n\t\t\t\t\t\t\t\t<li class=\"elementor-icon-list-item\">\n\t\t\t\t\t\t\t\t\t\t\t<span class=\"elementor-icon-list-icon\">\n\t\t\t\t\t\t\t<i aria-hidden=\"true\" class=\"fas fa-check\"><\/i>\t\t\t\t\t\t<\/span>\n\t\t\t\t\t\t\t\t\t\t<span class=\"elementor-icon-list-text\">skompletuj wszystkie pozosta\u0142e dokumenty wymagane do rekrutacji na wybrany kierunek studi\u00f3w.<\/span>\n\t\t\t\t\t\t\t\t\t<\/li>\n\t\t\t\t\t\t<\/ul>\n\t\t\t\t<\/div>\n\t\t\t\t<\/div>\n\t\t\t\t\t<\/div>\n\t\t<\/div>\n\t\t\t\t\t<\/div>\n\t\t<\/section>\n\t\t\t\t<section class=\"elementor-section elementor-top-section elementor-element elementor-element-6f26510 animated-slow elementor-section-boxed elementor-section-height-default elementor-section-height-default elementor-invisible\" data-id=\"6f26510\" data-element_type=\"section\" data-settings=\"{&quot;animation&quot;:&quot;fadeIn&quot;}\">\n\t\t\t\t\t\t<div class=\"elementor-container elementor-column-gap-default\">\n\t\t\t\t\t<div class=\"elementor-column elementor-col-100 elementor-top-column elementor-element elementor-element-4089a7a\" data-id=\"4089a7a\" data-element_type=\"column\">\n\t\t\t<div class=\"elementor-widget-wrap elementor-element-populated\">\n\t\t\t\t\t\t<div class=\"elementor-element elementor-element-e13ac08 elementor-widget elementor-widget-text-editor\" data-id=\"e13ac08\" data-element_type=\"widget\" data-widget_type=\"text-editor.default\">\n\t\t\t\t<div class=\"elementor-widget-container\">\n\t\t\t\t\t\t\t<p>Wszystkie wymagane dokumenty rekrutacyjne nale\u017cy z\u0142o\u017cy\u0107 w biurze rekrutacji w terminie 14 dni od dnia dokonania rejestracji.<\/p><p>\u00a0<\/p><p><a href=\"https:\/\/irk.amisns.edu.pl\/pl\/\">ELEKTRONICZNA REJESTRACJA &#8211; SYSTEM INTERNETOWEJ REJESTRACJI KANDYDAT\u00d3W (IRK)<\/a><\/p>\t\t\t\t\t\t<\/div>\n\t\t\t\t<\/div>\n\t\t\t\t\t<\/div>\n\t\t<\/div>\n\t\t\t\t\t<\/div>\n\t\t<\/section>\n\t\t\t\t<section class=\"elementor-section elementor-top-section elementor-element elementor-element-511a6b3 animated-slow elementor-section-boxed elementor-section-height-default elementor-section-height-default elementor-invisible\" data-id=\"511a6b3\" data-element_type=\"section\" data-settings=\"{&quot;animation&quot;:&quot;fadeIn&quot;}\">\n\t\t\t\t\t\t<div class=\"elementor-container elementor-column-gap-default\">\n\t\t\t\t\t<div class=\"elementor-column elementor-col-100 elementor-top-column elementor-element elementor-element-c817d9c\" data-id=\"c817d9c\" data-element_type=\"column\">\n\t\t\t<div class=\"elementor-widget-wrap elementor-element-populated\">\n\t\t\t\t\t\t<div class=\"elementor-element elementor-element-9d38680 elementor-widget elementor-widget-heading\" data-id=\"9d38680\" data-element_type=\"widget\" data-widget_type=\"heading.default\">\n\t\t\t\t<div class=\"elementor-widget-container\">\n\t\t\t<h2 class=\"elementor-heading-title elementor-size-default\">P\u0142atno\u015bci:<\/h2>\t\t<\/div>\n\t\t\t\t<\/div>\n\t\t\t\t\t<\/div>\n\t\t<\/div>\n\t\t\t\t\t<\/div>\n\t\t<\/section>\n\t\t\t\t<section class=\"elementor-section elementor-top-section elementor-element elementor-element-6233ef4 animated-slow elementor-section-boxed elementor-section-height-default elementor-section-height-default elementor-invisible\" data-id=\"6233ef4\" data-element_type=\"section\" data-settings=\"{&quot;animation&quot;:&quot;fadeIn&quot;}\">\n\t\t\t\t\t\t<div class=\"elementor-container elementor-column-gap-default\">\n\t\t\t\t\t<div class=\"elementor-column elementor-col-100 elementor-top-column elementor-element elementor-element-29c35e2\" data-id=\"29c35e2\" data-element_type=\"column\">\n\t\t\t<div class=\"elementor-widget-wrap elementor-element-populated\">\n\t\t\t\t\t\t<div class=\"elementor-element elementor-element-313479d elementor-widget elementor-widget-text-editor\" data-id=\"313479d\" data-element_type=\"widget\" data-widget_type=\"text-editor.default\">\n\t\t\t\t<div class=\"elementor-widget-container\">\n\t\t\t\t\t\t\t<p>Op\u0142at\u0119 rekrutacyjn\u0105 w wysoko\u015bci 120 z\u0142 nale\u017cy wp\u0142aci\u0107 na poni\u017cszy numer konta:<\/p><p>78 2030 0074 5385 0002 0570 5423<br \/>(w tytule przelewu obowi\u0105zkowo nale\u017cy poda\u0107: nazwisko i imi\u0119 oraz kierunek studi\u00f3w) ksero dowodu wp\u0142aty nale\u017cy do\u0142\u0105czy\u0107 do dokument\u00f3w rekrutacyjnych.<\/p><p>P\u0142atno\u015bci za pierwszy semestr nale\u017cy dokona\u0107 na indywidulane konto s\u0142uchacza, wydane po zako\u0144czeniu procesu rekrutacji.<\/p><p>Uwaga! Osoby, kt\u00f3re zarejestruj\u0105 si\u0119 w systemie Internetowej Rejestracji Kandydat\u00f3w oraz dostarcz\u0105\/prze\u015bl\u0105 wszystkie wymagane dokumenty rekrutacyjne do dnia 31.08.2023 r. lub s\u0105 przedstawicielami wybranych grup zawodowych, b\u0119d\u0105 mog\u0142y skorzysta\u0107 ze zni\u017cki w czesnym za pierwszy semestr wg poni\u017cszej tabeli.<\/p><p>Promocje mog\u0105 si\u0119 sumowa\u0107!<\/p><p>Uruchomienie studi\u00f3w podyplomowych zale\u017cy od liczby os\u00f3b, kt\u00f3re z\u0142o\u017c\u0105 wymagane dokumenty.<\/p><p>Harmonogram zjazd\u00f3w zostanie udost\u0119pniony uczestnikom studi\u00f3w podyplomowych po decyzji o ich uruchomieniu.<\/p>\t\t\t\t\t\t<\/div>\n\t\t\t\t<\/div>\n\t\t\t\t\t<\/div>\n\t\t<\/div>\n\t\t\t\t\t<\/div>\n\t\t<\/section>\n\t\t\t\t<section class=\"elementor-section elementor-top-section elementor-element elementor-element-250c4c1 elementor-section-boxed elementor-section-height-default elementor-section-height-default\" data-id=\"250c4c1\" data-element_type=\"section\">\n\t\t\t\t\t\t<div class=\"elementor-container elementor-column-gap-default\">\n\t\t\t\t\t<div class=\"elementor-column elementor-col-100 elementor-top-column elementor-element elementor-element-4625b53\" data-id=\"4625b53\" data-element_type=\"column\">\n\t\t\t<div class=\"elementor-widget-wrap elementor-element-populated\">\n\t\t\t\t\t\t<div class=\"elementor-element elementor-element-4211994 elementor-widget elementor-widget-toggle\" data-id=\"4211994\" data-element_type=\"widget\" data-widget_type=\"toggle.default\">\n\t\t\t\t<div class=\"elementor-widget-container\">\n\t\t\t\t\t<div class=\"elementor-toggle\">\n\t\t\t\t\t\t\t<div class=\"elementor-toggle-item\">\n\t\t\t\t\t<div id=\"elementor-tab-title-6921\" class=\"elementor-tab-title\" data-tab=\"1\" role=\"button\" aria-controls=\"elementor-tab-content-6921\" aria-expanded=\"false\">\n\t\t\t\t\t\t\t\t\t\t\t\t<span class=\"elementor-toggle-icon elementor-toggle-icon-left\" aria-hidden=\"true\">\n\t\t\t\t\t\t\t\t\t\t\t\t\t\t\t<span class=\"elementor-toggle-icon-closed\"><i class=\"fas fa-caret-right\"><\/i><\/span>\n\t\t\t\t\t\t\t\t<span class=\"elementor-toggle-icon-opened\"><i class=\"elementor-toggle-icon-opened fas fa-caret-up\"><\/i><\/span>\n\t\t\t\t\t\t\t\t\t\t\t\t\t<\/span>\n\t\t\t\t\t\t\t\t\t\t\t\t<a class=\"elementor-toggle-title\" tabindex=\"0\">DORADZTWO ZAWODOWE Z ELEMENTAMI COACHINGU<\/a>\n\t\t\t\t\t<\/div>\n\n\t\t\t\t\t<div id=\"elementor-tab-content-6921\" class=\"elementor-tab-content elementor-clearfix\" data-tab=\"1\" role=\"region\" aria-labelledby=\"elementor-tab-title-6921\"><p>CEL STUDI\u00d3W<\/p><p>Celem studi\u00f3w jest przygotowanie do samodzielnego wykonywania zawodu doradcy zawodowego poprzez wyposa\u017cenie s\u0142uchaczy w kompleksow\u0105 wiedz\u0119 i niezb\u0119dne umiej\u0119tno\u015bci praktyczne m.in. z zakresu w\u0142a\u015bciwego planowania \u015bcie\u017cki edukacyjno-zawodowej.<\/p><p>ADRESACI STUDI\u00d3W<\/p><p>Studia kierowane s\u0105 miedzy innymi do:<\/p><p>nauczycieli,<br \/>psycholog\u00f3w<br \/>os\u00f3b zainteresowanych prac\u0105 w roli doradcy zawodowego w instytucjach rynku pracy.<\/p><p>Warunkiem uczestnictwa w studiach podyplomowych jest:<\/p><p>posiadanie wykszta\u0142cenia wy\u017cszego: dyplom licencjata, in\u017cyniera b\u0105d\u017a magistra lub r\u00f3wnorz\u0119dny;<br \/>podstawowa umiej\u0119tno\u015b\u0107 obs\u0142ugi komputera<\/p><p>Zakres tematyczny programu studi\u00f3w:<\/p><ul><li><strong>diagnozowania potrzeb zawodowych i pomoc w planowaniu kszta\u0142cenia i kariery zawodowej,<\/strong><\/li><li><strong>podstawowych umiej\u0119tno\u015bci w komunikowaniu si\u0119<\/strong><\/li><li><strong>poznania grupowych i indywidualnych form i metod pracy w zale\u017cno\u015bci od sytuacji \u017cyciowej oraz psychofizycznych uwarunkowa\u0144 klienta, do kt\u00f3rych zaliczaj\u0105 si\u0119 uczniowie i ich rodzice, a tak\u017ce osoby poszukuj\u0105ce mo\u017cliwo\u015bci zatrudnienia i samozatrudnienia<\/strong><\/li><li><strong>prowadzenia grupowych zaj\u0119\u0107 aktywizuj\u0105cych, przygotowuj\u0105cych uczni\u00f3w oraz osoby zainteresowane do \u015bwiadomego planowania w\u0142asnej kariery zawodowej,<\/strong><\/li><li><strong>trendy w<\/strong> <strong>\u015bwiecie zawod\u00f3w i zatrudnienia,<\/strong><\/li><li><strong>mo\u017cliwo\u015bci wsp\u00f3\u0142pracy z instytucjami wspieraj\u0105cymi system doradztwa zawodowego<\/strong><\/li><li><strong>seminarium dyplomowe<\/strong><\/li><li><strong>praktyka<\/strong><\/li><\/ul><p>Organizacja studi\u00f3w:<\/p><p>Czas trwania studi\u00f3w 3 semestry<br \/>\u0141\u0105czna liczba godzin zaj\u0119\u0107 350 godziny<br \/>Liczba Punkt\u00f3w ECTS \u2013 30<br \/>Forma prowadzenia zaj\u0119\u0107 \u2013 zaj\u0119cia odbywaj\u0105 hybrydowo z przewag\u0105 zaj\u0119\u0107 on-line (platforma Zoom)<br \/>Warunki uko\u0144czenia studi\u00f3w<\/p><p>aktywny udzia\u0142 w zaj\u0119ciach<br \/>pozytywne zaliczenie wszystkich egzamin\u00f3w<br \/>napisanie i obrona pracy dyplomowej<br \/>wniesienie wymaganej op\u0142aty za studia<\/p><p>Uczelnia zastrzega sobie prawo do niewielkich zmian w programie lub organizacji zjazd\u00f3w.<\/p><p>Uruchomienie kierunku jest uzale\u017cnione od liczby kandydat\u00f3w.<\/p><p>Harmonogram studi\u00f3w zostanie udost\u0119pniony po zako\u0144czeniu procesu rekrutacji.<\/p><\/div>\n\t\t\t\t<\/div>\n\t\t\t\t\t\t\t<div class=\"elementor-toggle-item\">\n\t\t\t\t\t<div id=\"elementor-tab-title-6922\" class=\"elementor-tab-title\" data-tab=\"2\" role=\"button\" aria-controls=\"elementor-tab-content-6922\" aria-expanded=\"false\">\n\t\t\t\t\t\t\t\t\t\t\t\t<span class=\"elementor-toggle-icon elementor-toggle-icon-left\" aria-hidden=\"true\">\n\t\t\t\t\t\t\t\t\t\t\t\t\t\t\t<span class=\"elementor-toggle-icon-closed\"><i class=\"fas fa-caret-right\"><\/i><\/span>\n\t\t\t\t\t\t\t\t<span class=\"elementor-toggle-icon-opened\"><i class=\"elementor-toggle-icon-opened fas fa-caret-up\"><\/i><\/span>\n\t\t\t\t\t\t\t\t\t\t\t\t\t<\/span>\n\t\t\t\t\t\t\t\t\t\t\t\t<a class=\"elementor-toggle-title\" tabindex=\"0\">PEDAGOGIKA OPIEKU\u0143CZO - WYCHOWAWCZA Z PROFILAKTYK\u0104 SPO\u0141ECZN\u0104<\/a>\n\t\t\t\t\t<\/div>\n\n\t\t\t\t\t<div id=\"elementor-tab-content-6922\" class=\"elementor-tab-content elementor-clearfix\" data-tab=\"2\" role=\"region\" aria-labelledby=\"elementor-tab-title-6922\"><p>Pedagogika opieku\u0144czo &#8211; wychowawcza z profilaktyk\u0105 spo\u0142eczn\u0105<\/p><p>CEL STUDI\u00d3W<\/p><p>Studia przygotowuj\u0105 s\u0142uchaczy do pracy w plac\u00f3wkach opieku\u0144czo \u2013 wychowawczych (np. w \u015brodowiskowych domach opieki), internatach, \u015bwietlicach oraz na stanowisku pedagoga szkolnego. Studia na kierunku pedagogika opieku\u0144czo \u2013 wychowawcza pozwalaj\u0105 s\u0142uchaczom realizowa\u0107 dzia\u0142ania z zakresu pomocy i profilaktyki spo\u0142ecznej, daj\u0105 umiej\u0119tno\u015b\u0107 rozwi\u0105zywania problem\u00f3w spo\u0142ecznych, wychowawczych i dydaktycznych. Kierunek ten promuje wra\u017cliwo\u015b\u0107 spo\u0142eczn\u0105 i zachowania prozdrowotne.<\/p><p>ADRESACI STUDI\u00d3W<\/p><p>adresatami mog\u0105 by\u0107 osoby posiadaj\u0105ce wy\u017csze wykszta\u0142cenie w zakresie nauk spo\u0142ecznych i humanistycznych &#8211; przede wszystkim pedagodzy,<br \/>kierunek ten przeznaczony jest dla nauczycieli posiadaj\u0105cych kwalifikacje pedagogiczne.<\/p><p>ZAKRES PROGRAMOWY<\/p><p>Program studium obejmuje 200 godzin dydaktycznych i mi\u0119dzy innymi takie przedmioty:<\/p><ul><li><strong>Diagnostyka psychologiczno-pedagogiczna,<\/strong><\/li><li><strong>Praktyczne umiej\u0119tno\u015bci wychowawcze,<\/strong><\/li><li><strong>Instytucjonalna i pozainstytucjonalna praca opieku\u0144czo-wychowawcza,<\/strong><\/li><li><strong>Konstruowanie program\u00f3w profilaktycznych i wychowawczych,<\/strong><\/li><li><strong>Metodyka pracy opieku\u0144czo-wychowawczej,<\/strong><\/li><li><strong>Metody socjoterapii w pracy opieku\u0144czo-wychowawczej oraz terapii przez sztuk\u0119,<\/strong><\/li><li><strong>Pomoc psychologiczno-pedagogiczna w szkole,<\/strong><\/li><li><strong>Praca opieku\u0144czo-wychowawcza na wybranych etapach edukacyjnych,<\/strong><\/li><li><strong>Wspomaganie rozwoju spo\u0142ecznego i emocjonalnego dzieci i m\u0142odzie\u017cy,<\/strong><\/li><li><strong>Prawne, psychologiczne i rozwojowe podstawy dzia\u0142alno\u015bci opieku\u0144czo \u2013 wychowawczej,<\/strong><\/li><li><strong>Trening umiej\u0119tno\u015bci wychowawczych,<\/strong><\/li><li><strong>Wsparcie rodziny z elementami coachingu i terapii.<\/strong><\/li><li><strong>Praktyka pedagogiczna<\/strong><\/li><\/ul><p><b><br \/><\/b>Zaj\u0119cia prowadzone r\u00f3\u017cnymi metodami z nastawieniem na metody aktywizuj\u0105ce i prac\u0119 warsztatow\u0105.\u00a0<\/p><p>Uko\u0144czenie studi\u00f3w daje przygotowanie &#8211; do pracy w r\u00f3\u017cnego rodzaju plac\u00f3wkach opieku\u0144czo &#8211; wychowawczych jak:\u00a0<\/p><p>pogotowie opieku\u0144cze, dom dziecka, rodzinny dom dziecka, internat, \u015bwietlica, poradnia, o\u015brodek pomocy socjalnej lub wychowawczej.<\/p><p>ORGANIZACJA ZAJ\u0118\u0106<\/p><ul><li>studia trwaj\u0105 2 semestry\/200 godzin<\/li><li>zaj\u0119cia odbywaj\u0105 si\u0119 raz lub dwa razy w miesi\u0105cu,<\/li><li>liczba punkt\u00f3w ECTS &#8211; 30<\/li><li>forma prowadzenia zaj\u0119\u0107 &#8211; zaj\u0119cia odbywaja si\u0119 hybrydowo w tym 50% zaj\u0119\u0107 on-line (platforma Zoom)<\/li><\/ul><p>WARUNKI UKO\u0143CZENIA STUDI\u00d3W<\/p><ul><li>aktywny udzia\u0142 w zaj\u0119ciach<\/li><li>pozytywne zaliczenie wszystkich egzamin\u00f3w<\/li><li>pozytywna ocena z egzaminu dyplomowego<\/li><li>wniesienie wymaganej op\u0142aty za studia<\/li><\/ul><p>Uczelnia zastrzega sobie prawo do niewielkich zmian w programie lub organizacji zjazd\u00f3w.<\/p><p>Uruchomienie kierunku jest uzale\u017cnione od liczby kandydat\u00f3w.<\/p><p>Harmonogram studi\u00f3w zostanie udost\u0119pniony po zako\u0144czeniu procesu rekrutacji.<\/p><p>\u00a0Cena 1300 z\u0142 (semestr)<\/p><\/div>\n\t\t\t\t<\/div>\n\t\t\t\t\t\t\t<div class=\"elementor-toggle-item\">\n\t\t\t\t\t<div id=\"elementor-tab-title-6923\" class=\"elementor-tab-title\" data-tab=\"3\" role=\"button\" aria-controls=\"elementor-tab-content-6923\" aria-expanded=\"false\">\n\t\t\t\t\t\t\t\t\t\t\t\t<span class=\"elementor-toggle-icon elementor-toggle-icon-left\" aria-hidden=\"true\">\n\t\t\t\t\t\t\t\t\t\t\t\t\t\t\t<span class=\"elementor-toggle-icon-closed\"><i class=\"fas fa-caret-right\"><\/i><\/span>\n\t\t\t\t\t\t\t\t<span class=\"elementor-toggle-icon-opened\"><i class=\"elementor-toggle-icon-opened fas fa-caret-up\"><\/i><\/span>\n\t\t\t\t\t\t\t\t\t\t\t\t\t<\/span>\n\t\t\t\t\t\t\t\t\t\t\t\t<a class=\"elementor-toggle-title\" tabindex=\"0\">ORGANIZACJA I ZARZ\u0104DZANIE O\u015aWIAT\u0104 Z ELEMENTAMI COACHINGU<\/a>\n\t\t\t\t\t<\/div>\n\n\t\t\t\t\t<div id=\"elementor-tab-content-6923\" class=\"elementor-tab-content elementor-clearfix\" data-tab=\"3\" role=\"region\" aria-labelledby=\"elementor-tab-title-6923\"><p>CEL STUDI\u00d3W<\/p><p>Celem studi\u00f3w na kierunku Organizacja i zarz\u0105dzanie o\u015bwiat\u0105 z elementami coachingu jest przygotowanie dyrektor\u00f3w przedszkoli, szk\u00f3\u0142 wszystkich szczebli i rodzaj\u00f3w, a tak\u017ce pracownik\u00f3w s\u0142u\u017cb nadzoru i doradztwa pedagogicznego do prawid\u0142owej realizacji ich r\u00f3l zawodowych w polskim systemie o\u015bwiaty. Uko\u0144czenie studi\u00f3w jest spe\u0142nieniem warunku formalnego, sformu\u0142owanego wobec tej grupy pracownik\u00f3w o\u015bwiaty przez ministra resortu.<\/p><p>Adresaci studi\u00f3w<\/p><p>Studia kierowane s\u0105 przede wszystkim do:<\/p><p>nauczycieli chc\u0105cych kandydowa\u0107 na stanowisko dyrektora, wicedyrektora jak r\u00f3wnie\u017c pracownik\u00f3w nadzoru pedagogicznego, przedstawicieli samorz\u0105d\u00f3w gminnych i powiatowych<br \/>Warunkiem uczestnictwa w studiach podyplomowych jest:<\/p><p>posiadanie wykszta\u0142cenia wy\u017cszego: dyplom licencjata, in\u017cyniera b\u0105d\u017a magistra lub r\u00f3wnorz\u0119dny;<br \/>podstawowa umiej\u0119tno\u015b\u0107 obs\u0142ugi komputera.<\/p><p><br \/>Zakres tematyczny programu studi\u00f3w<\/p><ul><li><strong>teoria organizacji i zarz\u0105dzania<\/strong><\/li><li><strong>prawo w o\u015bwiacie a prawo pracy<\/strong><\/li><li><strong>nadz\u00f3r pedagogiczny<\/strong><\/li><li><strong>psychologia zarz\u0105dzania<\/strong><\/li><li><strong>marketing us\u0142ug edukacyjnych<\/strong><\/li><li><strong>zarz\u0105dzanie jako\u015bci\u0105<\/strong><\/li><li><strong>negocjacje<\/strong><\/li><li><strong>zarz\u0105dzanie projektem unijnym<\/strong><\/li><li><strong>administrowanie plac\u00f3wk\u0105 o\u015bwiatow\u0105<\/strong><\/li><li><strong>zam\u00f3wienia publiczne<\/strong><\/li><li><strong>seminarium dyplomowe<\/strong><\/li><li><strong>praktyka\u00a0\u00a0<\/strong><\/li><li>Opracowana tematyka i jej realizacja s\u0105 zgodne z nowoczesnymi tendencjami szkolenia kadr kierowniczych. Realizacja programu oparta jest na stosowaniu metod aktywizuj\u0105cych w po\u0142\u0105czeniu z racjonalnym wykorzystaniem tre\u015bci teoretycznych do wiedzy praktycznej. Program ten wi\u0105\u017ce uczenie si\u0119 w trakcie warsztat\u00f3w z uczeniem si\u0119 na miejscu pracy (przenoszenie i stosowanie wiedzy i umiej\u0119tno\u015bci w praktyce).<\/li><\/ul><p>Organizacja studi\u00f3w<\/p><p>Czas trwania studi\u00f3w 2 semestry<br \/>\u0141\u0105czna liczba godzin zaj\u0119\u0107 220 godzin<br \/>Liczba Punkt\u00f3w ECTS \u2013 30<br \/>Forma prowadzenia zaj\u0119\u0107 \u2013 zaj\u0119cia odbywaj\u0105 si\u0119 w pe\u0142ni on-line (platforma Zoom)<br \/>WARUNKI UKO\u0143CZENIA STUDI\u00d3W<\/p><p>aktywny udzia\u0142 w zaj\u0119ciach<br \/>pozytywne zaliczenie wszystkich egzamin\u00f3w<br \/>napisanie pracy dyplomowej<br \/>wniesienie wymaganej op\u0142aty za studia<br \/>Osoby uprawnione do uzyskania zni\u017cki w czesnym &#8211; szczeg\u00f3\u0142y<\/p><p>Uczelnia zastrzega sobie prawo do niewielkich zmian w programie lub organizacji zjazd\u00f3w.<\/p><p>Uruchomienie kierunku jest uzale\u017cnione od liczby kandydat\u00f3w.<\/p><p>Harmonogram studi\u00f3w zostanie udost\u0119pniony po zako\u0144czeniu procesu rekrutacji.<\/p><\/div>\n\t\t\t\t<\/div>\n\t\t\t\t\t\t\t<div class=\"elementor-toggle-item\">\n\t\t\t\t\t<div id=\"elementor-tab-title-6924\" class=\"elementor-tab-title\" data-tab=\"4\" role=\"button\" aria-controls=\"elementor-tab-content-6924\" aria-expanded=\"false\">\n\t\t\t\t\t\t\t\t\t\t\t\t<span class=\"elementor-toggle-icon elementor-toggle-icon-left\" aria-hidden=\"true\">\n\t\t\t\t\t\t\t\t\t\t\t\t\t\t\t<span class=\"elementor-toggle-icon-closed\"><i class=\"fas fa-caret-right\"><\/i><\/span>\n\t\t\t\t\t\t\t\t<span class=\"elementor-toggle-icon-opened\"><i class=\"elementor-toggle-icon-opened fas fa-caret-up\"><\/i><\/span>\n\t\t\t\t\t\t\t\t\t\t\t\t\t<\/span>\n\t\t\t\t\t\t\t\t\t\t\t\t<a class=\"elementor-toggle-title\" tabindex=\"0\">ADMINISTRACJA PUBLICZNA<\/a>\n\t\t\t\t\t<\/div>\n\n\t\t\t\t\t<div id=\"elementor-tab-content-6924\" class=\"elementor-tab-content elementor-clearfix\" data-tab=\"4\" role=\"region\" aria-labelledby=\"elementor-tab-title-6924\"><p>CEL STUDI\u00d3W<\/p><p>Studia podyplomowe na kierunku administracja publiczna umo\u017cliwiaj\u0105 podniesienie kwalifikacji zawodowych i uzyskanie specjalistycznej wiedzy z zakresu nauk administracyjnych, ale tak\u017ce przyczyniaj\u0105 si\u0119 do podniesienia jako\u015bci funkcjonowania administracji publicznej.<\/p><p>ADRESACI STUDI\u00d3W<\/p><p>Studia kierowane s\u0105 przede wszystkim do:<\/p><p>Os\u00f3b, kt\u00f3re swoj\u0105 prac\u0119 zawodow\u0105 chc\u0105 podj\u0105\u0107 na stanowiskach administracji publicznej<br \/>os\u00f3b zatrudnionych ju\u017c w organach administracji publicznej, chc\u0105cych uzyska\u0107 pe\u0142ne kwalifikacje<br \/>Warunkiem uczestnictwa w studiach podyplomowych jest:<\/p><p>posiadanie wykszta\u0142cenia wy\u017cszego: dyplom licencjata, in\u017cyniera b\u0105d\u017a magistra lub r\u00f3wnorz\u0119dny;<br \/>podstawowa umiej\u0119tno\u015b\u0107 obs\u0142ugi komputera.<\/p><p><br \/>Zakres tematyczny programu studi\u00f3w:<\/p><ul><li><strong>Konstytucyjne zasady i instytucje ustroju politycznego pa\u0144stwa<\/strong><\/li><li><strong>Ochrona \u015brodowiska w procesach inwestycyjnych i gospodarczych<\/strong><\/li><li><strong>Ustr\u00f3j organ\u00f3w i procesy decyzyjne w administracji publicznej<\/strong><\/li><li><strong>Organizacja i zarz\u0105dzanie w administracji publicznej<\/strong><\/li><li><strong>Prawo i post\u0119powanie administracyjne oraz s\u0105dowo-administracyjne<\/strong><\/li><li><strong>Finanse publiczne i prawo finansowe<\/strong><\/li><li><strong>Wybrane zagadnienia prawa pracy i prawa urz\u0119dniczego<\/strong><\/li><li><strong>Podstawy mikro i makroekonomii z elementami statystyki publicznej<\/strong><\/li><li><strong>Polityka gospodarcza i spo\u0142eczna<\/strong><\/li><li><strong>Dost\u0119p do informacji publicznej, ochrona danych osobowych i informacji niejawnych<\/strong><\/li><li><strong>Zarz\u0105dzanie przestrzeni\u0105 publiczn\u0105<\/strong><\/li><li><strong>Fundusze Unii Europejskiej w systemie finans\u00f3w publicznych.<\/strong><\/li><\/ul><p>Organizacja studi\u00f3w:<\/p><p>Czas trwania studi\u00f3w 2 semestry<br \/>\u0141\u0105czna liczba godzin zaj\u0119\u0107 200 godziny<br \/>Liczba Punkt\u00f3w ECTS \u2013 30<br \/>Forma prowadzenia zaj\u0119\u0107 \u2013 zaj\u0119cia odbywaj\u0105 w pe\u0142ni on-line (platforma Zoom)<br \/>Warunki uko\u0144czenia studi\u00f3w<\/p><p>aktywny udzia\u0142 w zaj\u0119ciach<br \/>uzyskanie pozytywnych ocen z egzamin\u00f3w i zalicze\u0144 ze wszystkich przedmiot\u00f3w w toku studi\u00f3w<br \/>pozytywne zaliczenie egzaminu ko\u0144cowego<br \/>wniesienie wymaganej op\u0142aty za studia<\/p><p>Osoby uprawnione do uzyskania zni\u017cki w czesnym &#8211; szczeg\u00f3\u0142y<\/p><p>Uczelnia zastrzega sobie prawo do niewielkich zmian w programie lub organizacji zjazd\u00f3w.<\/p><p>Uruchomienie kierunku jest uzale\u017cnione od liczby kandydat\u00f3w.<\/p><p>Harmonogram studi\u00f3w zostanie udost\u0119pniony po zako\u0144czeniu procesu rekrutacji<\/p><\/div>\n\t\t\t\t<\/div>\n\t\t\t\t\t\t\t<div class=\"elementor-toggle-item\">\n\t\t\t\t\t<div id=\"elementor-tab-title-6925\" class=\"elementor-tab-title\" data-tab=\"5\" role=\"button\" aria-controls=\"elementor-tab-content-6925\" aria-expanded=\"false\">\n\t\t\t\t\t\t\t\t\t\t\t\t<span class=\"elementor-toggle-icon elementor-toggle-icon-left\" aria-hidden=\"true\">\n\t\t\t\t\t\t\t\t\t\t\t\t\t\t\t<span class=\"elementor-toggle-icon-closed\"><i class=\"fas fa-caret-right\"><\/i><\/span>\n\t\t\t\t\t\t\t\t<span class=\"elementor-toggle-icon-opened\"><i class=\"elementor-toggle-icon-opened fas fa-caret-up\"><\/i><\/span>\n\t\t\t\t\t\t\t\t\t\t\t\t\t<\/span>\n\t\t\t\t\t\t\t\t\t\t\t\t<a class=\"elementor-toggle-title\" tabindex=\"0\">ZARZ\u0104DZANIE ZASOBAMI LUDZKIMI<\/a>\n\t\t\t\t\t<\/div>\n\n\t\t\t\t\t<div id=\"elementor-tab-content-6925\" class=\"elementor-tab-content elementor-clearfix\" data-tab=\"5\" role=\"region\" aria-labelledby=\"elementor-tab-title-6925\"><p>CEL STUDI\u00d3W<\/p><p>O rozwoju i sukcesie firmy decyduj\u0105 przede wszystkim ludzie. Zarz\u0105dzanie zasobami ludzkimi to jeden z najtrudniejszych aspekt\u00f3w zarz\u0105dzania w przedsi\u0119biorstwie, dlatego potrzeba du\u017cego zrozumienia i umiej\u0119tno\u015bci interpersonalnych, \u017ceby sta\u0107 si\u0119 dobrym specjalist\u0105 w tej dziedzinie. Wsp\u00f3\u0142cze\u015bnie skuteczne zarz\u0105dzanie zasobami ludzkimi wymaga rozumienia ca\u0142o\u015bci zagadnie\u0144 zwi\u0105zanych z funkcjonowaniem przedsi\u0119biorstwa, dostosowaniem strategii i polityki personalnej do potrzeb strategii organizacji<\/p><p>Studia podyplomowe na kierunku Zarz\u0105dzanie zasobami ludzkimi daj\u0105 mo\u017cliwo\u015b\u0107 zdobycia wiedzy w zakresie technik wywierania wp\u0142ywu, rozwi\u0105zywania konflikt\u00f3w, pozyskiwanie nowych pracownik\u00f3w w organizacji i kszta\u0142towania lider\u00f3w a tak\u017ce umiej\u0119tno\u015bci my\u015blenia i dzia\u0142ania w spos\u00f3b przedsi\u0119biorczy, rozmawiania z pracownikami oraz motywowania pracownik\u00f3w i siebie samego.<\/p><p>Warunkiem uczestnictwa w studiach podyplomowych jest posiadanie wykszta\u0142cenia wy\u017cszego: technicznego, ekonomicznego lub humanistycznego (dyplom licencjata, in\u017cyniera b\u0105d\u017a magistra lub r\u00f3wnorz\u0119dny np. lekarz)<\/p><p>Adresaci studi\u00f3w<\/p><p>Studia kierowane s\u0105 przede wszystkim do:<\/p><p>mened\u017cer\u00f3w i pracownik\u00f3w dzia\u0142\u00f3w personalnych oraz innych obszar\u00f3w organizacji,<br \/>w\u0142a\u015bcicieli firm,<br \/>doradc\u00f3w personalnych<br \/>os\u00f3b zainteresowanych t\u0105 wa\u017cn\u0105 \u2013 z punktu widzenia organizacji \u2013 problematyk\u0105<br \/>Warunkiem uczestnictwa w studiach podyplomowych jest:<\/p><p>posiadanie wykszta\u0142cenia wy\u017cszego: dyplom licencjata, in\u017cyniera b\u0105d\u017a magistra lub r\u00f3wnorz\u0119dny;<br \/>podstawowa umiej\u0119tno\u015b\u0107 obs\u0142ugi komputera.<br \/>Przyk\u0142adowe miejsce zatrudnienia<\/p><p>piony personalne przedsi\u0119biorstw pa\u0144stwowych i prywatnych<br \/>agencje doradztwa personalnego.<\/p><p><br \/>Zakres tematyczny programu studi\u00f3w:<\/p><ul><li><strong>Zachowania organizacyjne<\/strong><\/li><li><strong>Koncepcja wsp\u00f3\u0142czesnego przyw\u00f3dztwa<\/strong><\/li><li><strong>Rozw\u00f3j zasob\u00f3w ludzkich<\/strong><\/li><li><strong>Animacja rozwoju osobistego<\/strong><\/li><li><strong>Elementy prawa pracy<\/strong><\/li><li><strong>Etyka w biznesie i sferze publicznej<\/strong><\/li><li><strong>Psychologia spo\u0142eczna<\/strong><\/li><li><strong>Zarz\u0105dzanie projektami<\/strong><\/li><li><strong>Psychologia pracy \u2013 wybrane aspekty Negocjacje i mediacje<\/strong><\/li><li><strong>Komunikacja spo\u0142eczna<\/strong><\/li><li><strong>Zarz\u0105dzanie strategiczne<\/strong><\/li><li><strong>Zachowania organizacyjne<\/strong><\/li><\/ul><p>Organizacja studi\u00f3w<\/p><p>Czas trwania studi\u00f3w 2 semestry<\/p><p>\u0141\u0105czna liczba godzin zaj\u0119\u0107 190 godzin<\/p><p>Liczba Punkt\u00f3w ECTS \u2013 30<\/p><p>Forma prowadzenia zaj\u0119\u0107 \u2013 zaj\u0119cia odbywaj\u0105 w pe\u0142ni on-line (platforma Zoom)<br \/>Warunki uko\u0144czenia studi\u00f3w<\/p><p>aktywny udzia\u0142 w zaj\u0119ciach<br \/>uzyskanie pozytywnych ocen z egzamin\u00f3w i zalicze\u0144 ze wszystkich przedmiot\u00f3w w toku studi\u00f3w<br \/>pozytywne zaliczenie egzaminu ko\u0144cowego<br \/>wniesienie wymaganej op\u0142aty za studia<br \/>Osoby uprawnione do uzyskania zni\u017cki w czesnym &#8211; szczeg\u00f3\u0142y<\/p><p>Uczelnia zastrzega sobie prawo do niewielkich zmian w programie lub organizacji zjazd\u00f3w.<\/p><p>Uruchomienie kierunku jest uzale\u017cnione od liczby kandydat\u00f3w.<\/p><p>Harmonogram studi\u00f3w zostanie udost\u0119pniony po zako\u0144czeniu procesu rekrutacji.<\/p><\/div>\n\t\t\t\t<\/div>\n\t\t\t\t\t\t\t<div class=\"elementor-toggle-item\">\n\t\t\t\t\t<div id=\"elementor-tab-title-6926\" class=\"elementor-tab-title\" data-tab=\"6\" role=\"button\" aria-controls=\"elementor-tab-content-6926\" aria-expanded=\"false\">\n\t\t\t\t\t\t\t\t\t\t\t\t<span class=\"elementor-toggle-icon elementor-toggle-icon-left\" aria-hidden=\"true\">\n\t\t\t\t\t\t\t\t\t\t\t\t\t\t\t<span class=\"elementor-toggle-icon-closed\"><i class=\"fas fa-caret-right\"><\/i><\/span>\n\t\t\t\t\t\t\t\t<span class=\"elementor-toggle-icon-opened\"><i class=\"elementor-toggle-icon-opened fas fa-caret-up\"><\/i><\/span>\n\t\t\t\t\t\t\t\t\t\t\t\t\t<\/span>\n\t\t\t\t\t\t\t\t\t\t\t\t<a class=\"elementor-toggle-title\" tabindex=\"0\">ZARZ\u0104DZANIE KRYZYSOWE I BEZPIECZE\u0143STWO CYWILNE<\/a>\n\t\t\t\t\t<\/div>\n\n\t\t\t\t\t<div id=\"elementor-tab-content-6926\" class=\"elementor-tab-content elementor-clearfix\" data-tab=\"6\" role=\"region\" aria-labelledby=\"elementor-tab-title-6926\"><p>CEL STUDI\u00d3W<\/p><p>Zadania realizowane w ramach zarz\u0105dzania kryzysowego wymagaj\u0105 koordynacji dzia\u0142a\u0144 wielu niezale\u017cnych merytorycznie podmiot\u00f3w, konsolidacji procedur dzia\u0142ania i wykorzystywanych technologii. Wymagaj\u0105 r\u00f3wnie\u017c podejmowania trafnych i racjonalnych decyzji. Niezb\u0119dna jest tutaj szeroka wiedza, ci\u0105g\u0142e doskonalenie, podnoszenie kompetencji, \u015bwiadomo\u015bci oraz nieustanne uzupe\u0142nianie informacji. Zarz\u0105dzania kryzysowego nie da si\u0119 uj\u0105\u0107 w sztywne ramy, gdy\u017c ka\u017cda sytuacja kryzysowa jest odmienna, zr\u00f3\u017cnicowana i z\u0142o\u017cona.<\/p><p>Studia podyplomowe na kierunku Zarz\u0105dzanie kryzysowe i bezpiecze\u0144stwo cywilne maj\u0105 na celu umo\u017cliwienie poszerzenia wiedzy i zdobycia, b\u0105d\u017a uzupe\u0142niania kompetencji zawodowych w zakresie funkcjonowania pa\u0144stwa, prawa i spo\u0142ecze\u0144stwa w odniesieniu do zwalczania terroryzmu, ochrony os\u00f3b i mienia, kt\u00f3r\u0105 powinni dysponowa\u0107 wykwalifikowani funkcjonariusze publiczni zdolni do prowadzenia spraw pa\u0144stwa oraz ochrony obywateli w stanach zagro\u017ce\u0144. Studia umo\u017cliwiaj\u0105 r\u00f3wnie\u017c poznanie podstawowych zasad i procedur, podejmowanych w razie zagro\u017ce\u0144 i katastrof; znajomo\u015b\u0107 wsp\u00f3\u0142czesnych form sytuacji kryzysowej ale r\u00f3wnie\u017c technik negocjacji umo\u017cliwiaj\u0105cych skuteczn\u0105 komunikacj\u0119 w trakcie dzia\u0142a\u0144 podejmowanych przed zaistnieniem kryzysu i po jego wyst\u0105pieniu.<\/p><p>Adresaci studi\u00f3w<\/p><p>Studia kierowane s\u0105 przede wszystkim do:<\/p><p>os\u00f3b chc\u0105cych poszerzy\u0107 swoj\u0105 wiedz\u0119 z zakresu wsp\u00f3\u0142czesnych zagro\u017ce\u0144 w sytuacjach kryzysowych<br \/>os\u00f3b zajmuj\u0105cych si\u0119 problematyk\u0105 zarz\u0105dzania bezpiecze\u0144stwem w sektorze publicznym i niepublicznym oraz przygotowuj\u0105cych si\u0119 do realizacji takich zada\u0144<br \/>Warunkiem uczestnictwa w studiach podyplomowych jest:<\/p><p>posiadanie wykszta\u0142cenia wy\u017cszego: dyplom licencjata, in\u017cyniera b\u0105d\u017a magistra lub r\u00f3wnorz\u0119dny;<br \/>podstawowa umiej\u0119tno\u015b\u0107 obs\u0142ugi komputera.<br \/>Przyk\u0142adowe miejsce zatrudnienia<\/p><p>s\u0142u\u017cby i instytucje odpowiedzialne za bezpiecze\u0144stwo wewn\u0119trzne pa\u0144stwa (Policja, Stra\u017c Graniczna, S\u0142u\u017cba Celno-Skarbowa),<br \/>zespo\u0142y ds. reagowania kryzysowego w organach i s\u0142u\u017cbach odpowiedzialnych za bezpiecze\u0144stwo powszechne i zarz\u0105dzanie kryzysowe (np. Pa\u0144stwowa Stra\u017c Po\u017carna, Wojsko Polskie, Wojew\u00f3dzkie Centrum Zarz\u0105dzania Kryzysowego)<\/p><p><br \/>Zakres tematyczny programu studi\u00f3w<\/p><ul><li><strong>Wst\u0119p do nauk o bezpiecze\u0144stwie<\/strong><\/li><li><strong>Ochrona os\u00f3b, mienia, obiekt\u00f3w i przestrzeni<\/strong><\/li><li><strong>Bezpiecze\u0144stwo infrastruktury krytycznej<\/strong><\/li><li><strong>Bezpieczne przestrzenie<\/strong><\/li><li><strong>Organizacja ochrony i bezpiecze\u0144stwa publicznego<\/strong><\/li><li><strong>System bezpiecze\u0144stwa mi\u0119dzynarodowego ONZ<\/strong><\/li><li><strong>Zarz\u0105dzanie strategiczne<\/strong><\/li><li><strong>Zwalczanie terroryzmu<\/strong><\/li><li><strong>Bezpiecze\u0144stwo zgromadze\u0144 i imprez masowych<\/strong><\/li><li><strong>Podstawy zarz\u0105dzania logistyk\u0105<\/strong><\/li><li><strong>Bezpiecze\u0144stwo spo\u0142eczne<\/strong><\/li><li><strong>Negocjacje i mediacje<\/strong><\/li><li><strong>Zarz\u0105dzanie kryzysowe<\/strong><\/li><\/ul><p>Organizacja studi\u00f3w<\/p><p>Czas trwania studi\u00f3w 2 semestry<\/p><p>\u0141\u0105czna liczba godzin zaj\u0119\u0107 195 godzin<\/p><p>Liczba Punkt\u00f3w ECTS \u2013 32<\/p><p>Forma prowadzenia zaj\u0119\u0107 \u2013 zaj\u0119cia odbywaj\u0105 si\u0119 hybrydowo z przewag\u0105 zaj\u0119\u0107 on-line (platforma Zoom)<\/p><p>Warunki uko\u0144czenia studi\u00f3w<\/p><p>aktywny udzia\u0142 w zaj\u0119ciach<br \/>uzyskanie pozytywnych ocen z egzamin\u00f3w i zalicze\u0144 ze wszystkich przedmiot\u00f3w w toku studi\u00f3w<br \/>pozytywne zaliczenie egzaminu ko\u0144cowego<br \/>wniesienie wymaganej op\u0142aty za studia<br \/>Osoby uprawnione do uzyskania zni\u017cki w czesnym &#8211; szczeg\u00f3\u0142y<\/p><p>Uczelnia zastrzega sobie prawo do niewielkich zmian w programie lub organizacji zjazd\u00f3w.<\/p><p>Uruchomienie kierunku jest uzale\u017cnione od liczby kandydat\u00f3w.<\/p><p>Harmonogram studi\u00f3w zostanie udost\u0119pniony po zako\u0144czeniu procesu rekrutacji.<\/p><\/div>\n\t\t\t\t<\/div>\n\t\t\t\t\t\t\t<div class=\"elementor-toggle-item\">\n\t\t\t\t\t<div id=\"elementor-tab-title-6927\" class=\"elementor-tab-title\" data-tab=\"7\" role=\"button\" aria-controls=\"elementor-tab-content-6927\" aria-expanded=\"false\">\n\t\t\t\t\t\t\t\t\t\t\t\t<span class=\"elementor-toggle-icon elementor-toggle-icon-left\" aria-hidden=\"true\">\n\t\t\t\t\t\t\t\t\t\t\t\t\t\t\t<span class=\"elementor-toggle-icon-closed\"><i class=\"fas fa-caret-right\"><\/i><\/span>\n\t\t\t\t\t\t\t\t<span class=\"elementor-toggle-icon-opened\"><i class=\"elementor-toggle-icon-opened fas fa-caret-up\"><\/i><\/span>\n\t\t\t\t\t\t\t\t\t\t\t\t\t<\/span>\n\t\t\t\t\t\t\t\t\t\t\t\t<a class=\"elementor-toggle-title\" tabindex=\"0\">CYBERBEZPIECZE\u0143STWO<\/a>\n\t\t\t\t\t<\/div>\n\n\t\t\t\t\t<div id=\"elementor-tab-content-6927\" class=\"elementor-tab-content elementor-clearfix\" data-tab=\"7\" role=\"region\" aria-labelledby=\"elementor-tab-title-6927\"><p>CEL STUDI\u00d3W<\/p><p>Bezpiecze\u0144stwo w cyberprzestrzeni jest jednym z najwi\u0119kszych priorytet\u00f3w stawianych za podstawowy cel zar\u00f3wno w sektorze prywatnym jak i publicznym. Wraz z rozwojem Internetu natrafi\u0107 mo\u017cna na zagro\u017cenia, kt\u00f3re wynikaj\u0105 z niew\u0142a\u015bciwego zabezpieczenia i niepoprawnego korzystania z zasob\u00f3w sieci.<\/p><p>Celem studi\u00f3w podyplomowych na kierunku Cyberbezpiecze\u0144stwo jest przekazanie wiedzy i umiej\u0119tno\u015bci w zakresie zarz\u0105dzania cyberbezpiecze\u0144stwem w dzia\u0142alno\u015bci gospodarczej oraz bezpiecznym funkcjonowaniu instytucji sektora publicznego, z uwzgl\u0119dnieniem zapewnienia ochrony system\u00f3w, infrastruktury teleinformatycznej oraz samych informacji.<\/p><p>ADRESACI STUDI\u00d3W<\/p><p>Studia kierowane s\u0105 przede wszystkim do:<\/p><p>os\u00f3b zainteresowanych zagadnieniami zwi\u0105zanymi z cyberbezpiecze\u0144stwem i cyberprzest\u0119pczo\u015bci\u0105 we wsp\u00f3\u0142czesnym \u015bwiecie<br \/>pracownik\u00f3w administracji publicznej, organ\u00f3w \u015bcigania i wymiaru sprawiedliwo\u015bci<br \/>pracownik\u00f3w sektora bankowego i finansowego<br \/>os\u00f3b, dla kt\u00f3rych wiedza z tej dziedziny b\u0119dzie uzupe\u0142nieniem kompetencji zawodowych.<br \/>Warunkiem uczestnictwa w studiach podyplomowych jest:<\/p><p>posiadanie wykszta\u0142cenia wy\u017cszego: dyplom licencjata, in\u017cyniera b\u0105d\u017a magistra lub r\u00f3wnorz\u0119dny;<br \/>podstawowa umiej\u0119tno\u015b\u0107 obs\u0142ugi komputera.<\/p><p><br \/>Zakres tematyczny programu studi\u00f3w<\/p><ul><li><strong>Komputerowe prawo karne<\/strong><\/li><li><strong>Zabezpieczenie danych cyfrowych<\/strong><\/li><li><strong>Narz\u0119dzia cyberprzest\u0119pcy<\/strong><\/li><li><strong>Bia\u0142y wywiad<\/strong><\/li><li><strong>Aplikacje i us\u0142ugi<\/strong><\/li><li><strong>Testy penetracyjne<\/strong><\/li><li><strong>Informatyka \u015bledcza<\/strong><\/li><li><strong>Ochrona i bezpiecze\u0144stwo danych<\/strong><\/li><li><strong>Cyberbezpiecze\u0144stwo<\/strong><\/li><li><strong>Elementy kryptografii<\/strong><\/li><\/ul><p>Absolwent b\u0119dzie przygotowany do pracy jako:<\/p><p>mened\u017cer IT odpowiedzialnych za bezpiecze\u0144stwo teleinformatyczne<br \/>analityk zajmuj\u0105cy si\u0119 zagadnieniami ryzyka operacyjnego<br \/>audytor wewn\u0119trzny<br \/>pracownik odpowiedzialny za bezpiecze\u0144stwo informacji<br \/>pracownik administracji publicznej odpowiedzialny za zagro\u017cenia cybernetyczne<br \/>konsultant specjalizuj\u0105cy si\u0119 w bezpiecze\u0144stwie cyfrowym, zarz\u0105dzaniu ryzykiem.<br \/>Organizacja studi\u00f3w<\/p><p>Czas trwania studi\u00f3w 2 semestry<br \/>\u0141\u0105czna liczba godzin zaj\u0119\u0107 144 godziny<br \/>Liczba Punkt\u00f3w ECTS \u2013 30<br \/>Forma prowadzenia zaj\u0119\u0107 \u2013 zaj\u0119cia odbywaj\u0105 hybrydowo z przewag\u0105 zaj\u0119\u0107 on-line (platforma Zoom)<br \/>Warunki uko\u0144czenia studi\u00f3w<\/p><p>aktywny udzia\u0142 w zaj\u0119ciach<br \/>uzyskanie pozytywnych ocen z egzamin\u00f3w i zalicze\u0144 ze wszystkich przedmiot\u00f3w w toku studi\u00f3w<br \/>pozytywne zaliczenie egzaminu ko\u0144cowego<br \/>wniesienie wymaganej op\u0142aty za studia<br \/>Osoby uprawnione do uzyskania zni\u017cki w czesnym &#8211; szczeg\u00f3\u0142y<\/p><p>Uczelnia zastrzega sobie prawo do niewielkich zmian w programie lub organizacji zjazd\u00f3w.<\/p><p>Uruchomienie kierunku jest uzale\u017cnione od liczby kandydat\u00f3w.<\/p><p>Harmonogram studi\u00f3w zostanie udost\u0119pniony po zako\u0144czeniu procesu rekrutacji.<\/p><\/div>\n\t\t\t\t<\/div>\n\t\t\t\t\t\t\t<div class=\"elementor-toggle-item\">\n\t\t\t\t\t<div id=\"elementor-tab-title-6928\" class=\"elementor-tab-title\" data-tab=\"8\" role=\"button\" aria-controls=\"elementor-tab-content-6928\" aria-expanded=\"false\">\n\t\t\t\t\t\t\t\t\t\t\t\t<span class=\"elementor-toggle-icon elementor-toggle-icon-left\" aria-hidden=\"true\">\n\t\t\t\t\t\t\t\t\t\t\t\t\t\t\t<span class=\"elementor-toggle-icon-closed\"><i class=\"fas fa-caret-right\"><\/i><\/span>\n\t\t\t\t\t\t\t\t<span class=\"elementor-toggle-icon-opened\"><i class=\"elementor-toggle-icon-opened fas fa-caret-up\"><\/i><\/span>\n\t\t\t\t\t\t\t\t\t\t\t\t\t<\/span>\n\t\t\t\t\t\t\t\t\t\t\t\t<a class=\"elementor-toggle-title\" tabindex=\"0\">ADMINISTRACJA CYFROWA<\/a>\n\t\t\t\t\t<\/div>\n\n\t\t\t\t\t<div id=\"elementor-tab-content-6928\" class=\"elementor-tab-content elementor-clearfix\" data-tab=\"8\" role=\"region\" aria-labelledby=\"elementor-tab-title-6928\"><p>CEL STUDI\u00d3W<\/p><p>Sprawne i przejrzyste us\u0142ugi publiczne maj\u0105 bezpo\u015bredni wp\u0142yw na jako\u015b\u0107 naszego \u017cycia. Przy pe\u0142nym wykorzystaniu ich potencja\u0142u wsp\u00f3\u0142czesne narz\u0119dzia cyfrowe wspieraj\u0105ce administracj\u0119 publiczn\u0105 usprawniaj\u0105 procesy administracyjne i dostosowuj\u0105 je do potrzeb u\u017cytkownik\u00f3w, poprawiaj\u0105 r\u00f3wnie\u017c jako\u015b\u0107 us\u0142ug oraz zwi\u0119kszaj\u0105 aktywno\u015b\u0107 sektora publicznego.<\/p><p>Studia podyplomowe na kierunku Administracja cyfrowa maj\u0105 na celu przygotowanie wykwalifikowanej kadry administracyjnej na szczeblu rz\u0105dowym i samorz\u0105dowym w zakresie prawa administracyjnego w powi\u0105zaniu z zagadnieniami zwi\u0105zanymi z dzia\u0142aniami organ\u00f3w administracji publicznej, system\u00f3w i sieci komputerowych, a tak\u017ce dost\u0119pnych us\u0142ug stworzonych dla spo\u0142ecze\u0144stwa, jak r\u00f3wnie\u017c bezpiecze\u0144stwem wewn\u0119trznym.<\/p><p>Warunkiem uczestnictwa w studiach podyplomowych jest posiadanie wykszta\u0142cenia wy\u017cszego: technicznego, ekonomicznego lub humanistycznego (dyplom licencjata, in\u017cyniera b\u0105d\u017a magistra lub r\u00f3wnorz\u0119dny np. lekarz)<\/p><p>ADRESACI STUDI\u00d3W<\/p><p>Studia kierowane s\u0105 przede wszystkim do:<br \/>os\u00f3b ju\u017c pracuj\u0105cych w administracji publicznej,<br \/>os\u00f3b zamierzaj\u0105cych ubiega\u0107 si\u0119 o stanowisko funkcjonariusza publicznego,<br \/>pracownik\u00f3w dzia\u0142\u00f3w i kom\u00f3rek zajmuj\u0105cych si\u0119 cyfrowym wymiarem administracji publicznej.<br \/>Przyk\u0142adowe miejsce zatrudnienia<\/p><p>s\u0142u\u017cby mundurowe,<br \/>wszystkie szczeble administracji rz\u0105dowej i samorz\u0105dowej<br \/>Warunkiem uczestnictwa w studiach podyplomowych jest:<\/p><p>posiadanie wykszta\u0142cenia wy\u017cszego: dyplom licencjata, in\u017cyniera b\u0105d\u017a magistra lub r\u00f3wnorz\u0119dny<br \/>podstawowa umiej\u0119tno\u015b\u0107 obs\u0142ugi komputera.<\/p><p>Zakres tematyczny programu studi\u00f3w<\/p><ul><li><strong>Konstytucyjne zasady i instytucje ustroju politycznego pa\u0144stwa<\/strong><\/li><li><strong>Ustr\u00f3j organ\u00f3w i procesy decyzyjne w administracji publicznej<\/strong><\/li><li><strong>Organizacja i zarz\u0105dzanie w administracji publicznej<\/strong><\/li><li><strong>Prawo i post\u0119powanie administracyjne oraz s\u0105dowo-administracyjne<\/strong><\/li><li><strong>Zagro\u017cenia dla bezpiecze\u0144stwa w cyberprzestrzeni<\/strong><\/li><li><strong>Dost\u0119p do informacji publicznej, ochrona danych osobowych i informacji niejawnych<\/strong><\/li><li><strong>Organizacja ochrony i bezpiecze\u0144stwa publicznego<\/strong><\/li><li><strong>Komputerowe prawo karne<\/strong><\/li><li><strong>Elektroniczna Platforma Us\u0142ug Administracji publicznej<\/strong><\/li><li><strong>Elektroniczne Zarz\u0105dzanie Dokumentacj\u0105 (Podpis elektroniczny, \u015brodki komunikacji elektronicznej, archiwizacja)<\/strong><\/li><li><strong>Cyberbezpiecze\u0144stwo<\/strong><\/li><li><strong>Platformy Us\u0142ug Elektronicznych (PUE ZUS, eGo)<\/strong><\/li><li><strong>Ochrona danych osobowych w systemach IT (RODO)<\/strong><\/li><li><strong>Platforma Us\u0142ug Elektronicznych Zak\u0142adu Ubezpiecze\u0144 Spo\u0142ecznych (PUE ZUS)<\/strong> <br \/><br \/><\/li><\/ul><p>ORGANIZACJA STUDI\u00d3W<\/p><p>Czas trwania studi\u00f3w 2 semestry<\/p><p>\u0141\u0105czna liczba godzin zaj\u0119\u0107 225 godzin<\/p><p>Liczba Punkt\u00f3w ECTS \u2013 30<\/p><p>Forma prowadzenia zaj\u0119\u0107 \u2013 zaj\u0119cia odbywaj\u0105 w pe\u0142ni on-line (platforma Zoom)<\/p><p>Warunki uko\u0144czenia studi\u00f3w<\/p><p>aktywny udzia\u0142 w zaj\u0119ciach<br \/>uzyskanie pozytywnych ocen z egzamin\u00f3w i zalicze\u0144 ze wszystkich przedmiot\u00f3w w toku studi\u00f3w<br \/>pozytywne zaliczenie egzaminu ko\u0144cowego<br \/>wniesienie wymaganej op\u0142aty za studia<\/p><p>Osoby uprawnione do uzyskania zni\u017cki w czesnym &#8211; szczeg\u00f3\u0142y<\/p><p>Uczelnia zastrzega sobie prawo do niewielkich zmian w programie lub organizacji zjazd\u00f3w.<\/p><p>Uruchomienie kierunku jest uzale\u017cnione od liczby kandydat\u00f3w.<\/p><p>Harmonogram studi\u00f3w zostanie udost\u0119pniony po zako\u0144czeniu procesu rekrutacji.<\/p><\/div>\n\t\t\t\t<\/div>\n\t\t\t\t\t\t\t<div class=\"elementor-toggle-item\">\n\t\t\t\t\t<div id=\"elementor-tab-title-6929\" class=\"elementor-tab-title\" data-tab=\"9\" role=\"button\" aria-controls=\"elementor-tab-content-6929\" aria-expanded=\"false\">\n\t\t\t\t\t\t\t\t\t\t\t\t<span class=\"elementor-toggle-icon elementor-toggle-icon-left\" aria-hidden=\"true\">\n\t\t\t\t\t\t\t\t\t\t\t\t\t\t\t<span class=\"elementor-toggle-icon-closed\"><i class=\"fas fa-caret-right\"><\/i><\/span>\n\t\t\t\t\t\t\t\t<span class=\"elementor-toggle-icon-opened\"><i class=\"elementor-toggle-icon-opened fas fa-caret-up\"><\/i><\/span>\n\t\t\t\t\t\t\t\t\t\t\t\t\t<\/span>\n\t\t\t\t\t\t\t\t\t\t\t\t<a class=\"elementor-toggle-title\" tabindex=\"0\">PSYCHOLOGIA SPORTU<\/a>\n\t\t\t\t\t<\/div>\n\n\t\t\t\t\t<div id=\"elementor-tab-content-6929\" class=\"elementor-tab-content elementor-clearfix\" data-tab=\"9\" role=\"region\" aria-labelledby=\"elementor-tab-title-6929\"><p>CEL STUDI\u00d3W<\/p><p>Celem studi\u00f3w jest poszerzenie oraz zdobycie przez s\u0142uchaczy wiedzy, umiej\u0119tno\u015bci praktycz-nych oraz odpowiednich kompetencji do pracy psychologa w sporcie.<\/p><p>ADRESACI STUDI\u00d3W<\/p><p>Studia adresowane s\u0105 do os\u00f3b, kt\u00f3re uko\u0144czy\u0142y studia co najmniej I stopnia, zainteresowanych wspieraniem sportowc\u00f3w w rozwijaniu przez nich swojego potencja\u0142u oraz radzeniu sobie z przeciwno\u015bciami, a tak\u017ce do os\u00f3b pragn\u0105cych rozwija\u0107 wiedz\u0119 z zakresu psychologii sportu, zdobywa\u0107 umiej\u0119tno\u015bci i kwalifikacje do pracy psychologa w sporcie.<\/p><p>Warunkiem uczestnictwa w studiach podyplomowych jest posiadanie wykszta\u0142cenia wy\u017cszego: technicznego, ekonomicznego lub humanistycznego (dyplom licencjata, in\u017cyniera b\u0105d\u017a magistra lub r\u00f3wnorz\u0119dny np. lekarz)<\/p><p>PROGRAM STUDI\u00d3W<\/p><p>S\u0142uchacz w trakcie studi\u00f3w wyposa\u017cony zostanie w wiedz\u0119 z zakresu:<\/p><ul><li><strong>psychologii og\u00f3lnej<\/strong><\/li><li><strong>podstaw psychologii sportu<\/strong><\/li><li><strong>psychologii sportu dzieci, m\u0142odzie\u017cy, os\u00f3b niepe\u0142nosprawnych<\/strong><\/li><li><strong>metod i technik treningu psychologicznego<\/strong><\/li><li><strong>wypalenia zawodowego w sporcie<\/strong><\/li><li><strong>komunikacji w sporcie<\/strong><\/li><li><strong>podstaw teorii treningu sportowego<\/strong><\/li><li><strong>budowy i prowadzenia zespo\u0142u sportowego<\/strong><\/li><li><strong>dietetyki i sposobu \u017cywienia w sporcie.<\/strong><\/li><\/ul><p>Absolwent b\u0119dzie przygotowany do pracy jako:<\/p><p>trener psychologiczny<br \/>specjalista w zakresie psychologii sportu<br \/>pracownik klub\u00f3w sportowych<br \/>asystent trenera zespo\u0142u sportowego<br \/>doradca<br \/>team lider<br \/>facylitator.<br \/>ORGANIZACJA ZAJ\u0118\u0106<\/p><p>studia trwaj\u0105 dwa semestry \u2013 230 godzin ( zaj\u0119cia prowadzone on-line)<br \/>zaj\u0119cia odbywaj\u0105 si\u0119 w soboty i niedziele<br \/>poszczeg\u00f3lne przedmioty ko\u0144cz\u0105 si\u0119 zaliczeniem z ocen\u0105 lub egzaminem<br \/>po zako\u0144czeniu zaj\u0119\u0107 s\u0142uchacz broni prac\u0119 dyplomow\u0105.<br \/>Osoby uprawnione do uzyskania zni\u017cki w czesnym &#8211; szczeg\u00f3\u0142y<\/p><\/div>\n\t\t\t\t<\/div>\n\t\t\t\t\t\t\t<div class=\"elementor-toggle-item\">\n\t\t\t\t\t<div id=\"elementor-tab-title-69210\" class=\"elementor-tab-title\" data-tab=\"10\" role=\"button\" aria-controls=\"elementor-tab-content-69210\" aria-expanded=\"false\">\n\t\t\t\t\t\t\t\t\t\t\t\t<span class=\"elementor-toggle-icon elementor-toggle-icon-left\" aria-hidden=\"true\">\n\t\t\t\t\t\t\t\t\t\t\t\t\t\t\t<span class=\"elementor-toggle-icon-closed\"><i class=\"fas fa-caret-right\"><\/i><\/span>\n\t\t\t\t\t\t\t\t<span class=\"elementor-toggle-icon-opened\"><i class=\"elementor-toggle-icon-opened fas fa-caret-up\"><\/i><\/span>\n\t\t\t\t\t\t\t\t\t\t\t\t\t<\/span>\n\t\t\t\t\t\t\t\t\t\t\t\t<a class=\"elementor-toggle-title\" tabindex=\"0\">ZARZ\u0104DZANIE BEZPIECZE\u0143STWEM PA\u0143STWA<\/a>\n\t\t\t\t\t<\/div>\n\n\t\t\t\t\t<div id=\"elementor-tab-content-69210\" class=\"elementor-tab-content elementor-clearfix\" data-tab=\"10\" role=\"region\" aria-labelledby=\"elementor-tab-title-69210\"><p>CEL STUDI\u00d3W<\/p><p>Wsp\u00f3\u0142czesny \u015bwiat to p\u0119dz\u0105ca machina zmian, kt\u00f3rych efektem nierzadko jest wzrost sytuacji kryzysowych o r\u00f3\u017cnej patogenezie. Powoduje to, \u017ce coraz cz\u0119\u015bciej instytucje publiczne i organizacje zwi\u0105zane z szeroko rozumianym bezpiecze\u0144stwem poszukuj\u0105 specjalist\u00f3w posiadaj\u0105cych aktualn\u0105 wiedz\u0119 i umiej\u0119tno\u015bci szybkiego reagowania w sytuacjach kryzysowych.<\/p><p>Studia podyplomowe na kierunku Zarz\u0105dzanie bezpiecze\u0144stwem pa\u0144stwa ukierunkowane s\u0105 na przekazaniu uczestnikom lub uzupe\u0142nianiu ich wiedzy, umiej\u0119tno\u015bci i kompetencji spo\u0142ecznych zwi\u0105zanych z szeroko rozumianym bezpiecze\u0144stwem pa\u0144stwa. Studia kierowane s\u0105 przede wszystkim do os\u00f3b wykonuj\u0105cych swoje obowi\u0105zki zawodowe na stanowiskach zwi\u0105zanych z bezpiecze\u0144stwem w administracji publicznej i samorz\u0105dowej oraz w podmiotach dzia\u0142aj\u0105cych w sektorze bezpiecze\u0144stwa narodowego i publicznego. Umiej\u0119tno\u015bci nab\u0119d\u0105 uczestnicy podczas trwania studi\u00f3w podyplomowych to m.in. zarz\u0105dzanie bezpiecze\u0144stwem, ochrony bezpiecze\u0144stwa publicznego i narodowego, zarz\u0105dzanie sytuacj\u0105 kryzysow\u0105 czy te\u017c negocjacje w sytuacjach kryzysowych. Uzyskanie dyplomu uko\u0144czenia studi\u00f3w b\u0119dzie zdecydowanym atutem w zdobyciu zatrudnienia mi\u0119dzy innymi w: administracji publicznej i samorz\u0105dowej, podmiotach dzia\u0142aj\u0105cych w sektorze bezpiecze\u0144stwa narodowego i publicznego, jednostkach policji, s\u0142u\u017cbach specjalnych, innych s\u0142u\u017cbach mundurowych, jednostkach i strukturach Wojska Polskiego, instytucjach zajmuj\u0105cych si\u0119 organizacj\u0105 imprez masowych, wszelkiego rodzaju instytucjach zajmuj\u0105cych si\u0119 dbaniem o bezpiecze\u0144stwo pa\u0144stwa.<\/p><p>Adresaci studi\u00f3w<\/p><p>Studia kierowane s\u0105 przede wszystkim do:<\/p><p>os\u00f3b, kt\u00f3re pracowa\u0142y, pracuj\u0105 lub zamierzaj\u0105 podj\u0105\u0107 prac\u0119 w instytucjach publicznych zwi\u0105zanych z bezpiecze\u0144stwem pa\u0144stwa,<br \/>os\u00f3b, kt\u00f3re s\u0105 zainteresowane prac\u0105 we wszelkiego typu instytucjach zajmuj\u0105cych si\u0119 organizacj\u0105 imprez masowych oraz odpowiedzialnych za bezpiecze\u0144stwo r\u00f3\u017cnych sektor\u00f3w,<br \/>funkcjonariuszami i pracownikami podmiot\u00f3w zajmuj\u0105cych si\u0119 bezpiecze\u0144stwem, pragn\u0105cymi poszerza\u0107 swoje kompetencje,<br \/>absolwent\u00f3w kierunk\u00f3w takich jak: bezpiecze\u0144stwo narodowe, bezpiecze\u0144stwo wewn\u0119trzne, bezpiecze\u0144stwo publiczne, zarz\u0105dzanie,<br \/>os\u00f3b zainteresowanych tematyk\u0105 studi\u00f3w, chc\u0105cych doskonali\u0107 swoje kompetencje.<\/p><p>Przyk\u0142adowe miejsce zatrudnienia<\/p><p>administracji publicznej i samorz\u0105dowej,<br \/>podmiotach dzia\u0142aj\u0105cych w sektorze bezpiecze\u0144stwa narodowego i publicznego,<br \/>jednostkach policji, s\u0142u\u017cbach specjalnych,<br \/>innych s\u0142u\u017cbach mundurowych,<br \/>jednostkach i strukturach Wojska Polskiego (w tym \u017bandarmerii Wojskowej, Wojskach Obrony Terytorialnej), Stra\u017cy Granicznej, Stra\u017cy Ochrony Kolei,<br \/>instytucjach zajmuj\u0105cych si\u0119 organizacj\u0105 imprez masowych,<br \/>wszelkiego rodzaju instytucjach zajmuj\u0105cych si\u0119 dbaniem o bezpiecze\u0144stwo pa\u0144stwa,<br \/>Warunkiem uczestnictwa w studiach podyplomowych jest:<\/p><p>posiadanie wykszta\u0142cenia wy\u017cszego: technicznego, ekonomicznego lub humanistycznego (dyplom licencjata, in\u017cyniera b\u0105d\u017a magistra lub r\u00f3wnorz\u0119dny np. lekarz);<br \/>podstawowa umiej\u0119tno\u015b\u0107 obs\u0142ugi komputera.<\/p><p><br \/>Zakres tematyczny programu studi\u00f3w<\/p><ul><li><strong>Teorie i modele bezpiecze\u0144stwa pa\u0144stwa<\/strong><\/li><li><strong>Podstawowe elementy teorii zarz\u0105dzania<\/strong><\/li><li><strong>Bezpiecze\u0144stwo system\u00f3w teleinformatycznych<\/strong><\/li><li><strong>Czynniki bezpiecze\u0144stwa mi\u0119dzynarodowego<\/strong><\/li><li><strong>Infrastruktura krytyczna w zarz\u0105dzaniu bezpiecze\u0144stwem pa\u0144stwa<\/strong><\/li><li><strong>Zarz\u0105dzanie kryzysowe<\/strong><\/li><li><strong>Ochrona ludno\u015bci i mienia<\/strong><\/li><li><strong>Bezpiecze\u0144stwo imprez i zgromadze\u0144 masowych<\/strong><\/li><li><strong>Bezpiecze\u0144stwo w transporcie<\/strong><\/li><li><strong>Komunikacja i negocjacje w sytuacjach kryzysowych<\/strong><\/li><li><strong>Przeciwdzia\u0142anie awariom przemys\u0142owym<\/strong><\/li><li><strong>Terroryzm i jego zwalczanie<\/strong><\/li><\/ul><p>Organizacja studi\u00f3w<\/p><p>Czas trwania studi\u00f3w 2 semestry <br \/>\u0141\u0105czna liczba godzin zaj\u0119\u0107 200 godzin <br \/>Liczba Punkt\u00f3w ECTS \u2013 30 <br \/>Forma prowadzenia zaj\u0119\u0107 \u2013 zaj\u0119cia odbywaj\u0105 hybrydowo z przewag\u0105 zaj\u0119\u0107 on-line (platforma Zoom)<br \/>Warunku uko\u0144czenia studi\u00f3w<\/p><p>aktywny udzia\u0142 w zaj\u0119ciach<br \/>uzyskanie pozytywnych ocen z egzamin\u00f3w i zalicze\u0144 ze wszystkich przedmiot\u00f3w w toku studi\u00f3w <br \/>pozytywne zaliczenie egzaminu ko\u0144cowego<br \/>wniesienie wymaganej op\u0142aty za studia<\/p><p>Osoby uprawnione do uzyskania zni\u017cki w czesnym &#8211; szczeg\u00f3\u0142y<\/p><p>Uczelnia zastrzega sobie prawo do niewielkich zmian w programie lub organizacji zjazd\u00f3w.<\/p><p>Uruchomienie kierunku jest uzale\u017cnione od liczby kandydat\u00f3w.<\/p><p>Harmonogram studi\u00f3w zostanie udost\u0119pniony po zako\u0144czeniu procesu rekrutacji.<\/p><\/div>\n\t\t\t\t<\/div>\n\t\t\t\t\t\t\t\t<\/div>\n\t\t\t\t<\/div>\n\t\t\t\t<\/div>\n\t\t\t\t\t<\/div>\n\t\t<\/div>\n\t\t\t\t\t<\/div>\n\t\t<\/section>\n\t\t\t\t<section class=\"elementor-section elementor-top-section elementor-element elementor-element-44cb673 elementor-section-boxed elementor-section-height-default elementor-section-height-default\" data-id=\"44cb673\" data-element_type=\"section\">\n\t\t\t\t\t\t<div class=\"elementor-container elementor-column-gap-default\">\n\t\t\t\t\t<div class=\"elementor-column elementor-col-100 elementor-top-column elementor-element elementor-element-2f06462\" data-id=\"2f06462\" data-element_type=\"column\">\n\t\t\t<div class=\"elementor-widget-wrap elementor-element-populated\">\n\t\t\t\t\t\t<div class=\"elementor-element elementor-element-d3da772 animated-slow elementor-invisible elementor-widget elementor-widget-elementskit-tablepress\" data-id=\"d3da772\" data-element_type=\"widget\" data-settings=\"{&quot;_animation&quot;:&quot;fadeIn&quot;}\" data-widget_type=\"elementskit-tablepress.default\">\n\t\t\t\t<div class=\"elementor-widget-container\">\n\t\t\t<div class=\"elemenetskit-tablepress ekit-wid-con\" id=\"ekit_tablepress_d3da772\">\n<table id=\"tablepress-2\" class=\"tablepress tablepress-id-2\">\n<thead>\n<tr class=\"row-1 odd\">\n\t<th class=\"column-1\">kierunek<\/th><th class=\"column-2\">liczba semestr\u00f3w<\/th><th class=\"column-3\">czesne za semestr<\/th><th class=\"column-4\">grupy zawodowe uprawnione do zni\u017cki 100 z\u0142<br \/>\nw ramach poszczeg\u00f3lnych kierunk\u00f3w studi\u00f3w<\/th>\n<\/tr>\n<\/thead>\n<tbody class=\"row-hover\">\n<tr class=\"row-2 even\">\n\t<td class=\"column-1\">Pedagogika opieku\u0144czo-wychowawcza z profilaktyk\u0105 spo\u0142eczn\u0105<\/td><td class=\"column-2\">2<\/td><td class=\"column-3\">1700 z\u0142<\/td><td class=\"column-4\">pracownicy o\u015bwiaty<\/td>\n<\/tr>\n<tr class=\"row-3 odd\">\n\t<td class=\"column-1\">Doradztwo zawodowe z elementami coachingu<\/td><td class=\"column-2\">3<\/td><td class=\"column-3\">1900 z\u0142<\/td><td class=\"column-4\">pracownicy o\u015bwiaty<\/td>\n<\/tr>\n<tr class=\"row-4 even\">\n\t<td class=\"column-1\">Organizacja i zarz\u0105dzanie o\u015bwiat\u0105 z elementami coachingu<\/td><td class=\"column-2\">2<\/td><td class=\"column-3\">1800 z\u0142<\/td><td class=\"column-4\">pracownicy o\u015bwiaty<\/td>\n<\/tr>\n<tr class=\"row-5 odd\">\n\t<td class=\"column-1\">Administracja publiczna<\/td><td class=\"column-2\">2<\/td><td class=\"column-3\">1700 z\u0142<\/td><td class=\"column-4\">--------------<\/td>\n<\/tr>\n<tr class=\"row-6 even\">\n\t<td class=\"column-1\">Cyberbezpiecze\u0144stwo<\/td><td class=\"column-2\">2<\/td><td class=\"column-3\">1600 z\u0142<\/td><td class=\"column-4\">przedstawiciele s\u0142u\u017cb mundurowych<\/td>\n<\/tr>\n<tr class=\"row-7 odd\">\n\t<td class=\"column-1\">Psychologia sportu<\/td><td class=\"column-2\">2<\/td><td class=\"column-3\">1800 z\u0142<\/td><td class=\"column-4\">pracownicy o\u015bwiaty<br \/>\n<br \/>\npracownicy samorz\u0105dowych<\/td>\n<\/tr>\n<tr class=\"row-8 even\">\n\t<td class=\"column-1\">Administracja cyfrowa<\/td><td class=\"column-2\">2<\/td><td class=\"column-3\">1800 z\u0142<\/td><td class=\"column-4\">pracownicy administracji publicznej<\/td>\n<\/tr>\n<tr class=\"row-9 odd\">\n\t<td class=\"column-1\">Zarz\u0105dzanie zasobami ludzkimi<\/td><td class=\"column-2\">2<\/td><td class=\"column-3\">1700 z\u0142<\/td><td class=\"column-4\">pracownicy dzia\u0142\u00f3w personalno-kadrowych w sektorze prywatnym i publicznym<\/td>\n<\/tr>\n<tr class=\"row-10 even\">\n\t<td class=\"column-1\">Zarz\u0105dzanie kryzysowe i bezpiecze\u0144stwo cywilne<\/td><td class=\"column-2\">2<\/td><td class=\"column-3\">1700 z\u0142<\/td><td class=\"column-4\">przedstawiciele s\u0142u\u017cb mundurowych,<br \/>\n<br \/>\npracownicy administracji sektora publicznego<\/td>\n<\/tr>\n<tr class=\"row-11 odd\">\n\t<td class=\"column-1\">Zarz\u0105dzanie bezpiecze\u0144stwem pa\u0144stwa<\/td><td class=\"column-2\">2<\/td><td class=\"column-3\">1700 z\u0142<\/td><td class=\"column-4\">przedstawiciele s\u0142u\u017cb mundurowych<\/td>\n<\/tr>\n<\/tbody>\n<\/table>\n<!-- #tablepress-2 from cache --><\/div>\t\t<\/div>\n\t\t\t\t<\/div>\n\t\t\t\t\t<\/div>\n\t\t<\/div>\n\t\t\t\t\t<\/div>\n\t\t<\/section>\n\t\t\t\t<section class=\"elementor-section elementor-top-section elementor-element elementor-element-0352439 elementor-section-boxed elementor-section-height-default elementor-section-height-default\" data-id=\"0352439\" data-element_type=\"section\">\n\t\t\t\t\t\t<div class=\"elementor-container elementor-column-gap-default\">\n\t\t\t\t\t<div class=\"elementor-column elementor-col-100 elementor-top-column elementor-element elementor-element-79d2e95\" data-id=\"79d2e95\" data-element_type=\"column\">\n\t\t\t<div class=\"elementor-widget-wrap elementor-element-populated\">\n\t\t\t\t\t\t\t<\/div>\n\t\t<\/div>\n\t\t\t\t\t<\/div>\n\t\t<\/section>\n\t\t\t\t<\/div>\n\t\t","protected":false},"excerpt":{"rendered":"<p>STUDIA PODYPLOMOWE Zasady naboruO przyj\u0119ciu na studia decyduje kolejno\u015b\u0107 zg\u0142osze\u0144 Wymagania Studia wy\u017csze: honorowane s\u0105 dyplomy uko\u0144czenia studi\u00f3w I stopnia ? licencjackich oraz in\u017cynierskich, II stopnia oraz jednolitych studi\u00f3w magisterskich. Wymagane dokumenty Kandydaci na studia sk\u0142adaj\u0105 \/ przesy\u0142aj\u0105 do biura rekrutacji nast\u0119puj\u0105ce dokumenty: podanie rekrutacyjne &#8211; wygenerowane w systemie Internetowej Rejestracji Kandydat\u00f3w (IRK)klauzula informacyjna &#8211; [&hellip;]<\/p>\n","protected":false},"author":2,"featured_media":0,"parent":46,"menu_order":0,"comment_status":"closed","ping_status":"closed","template":"elementor_header_footer","meta":{"ocean_post_layout":"","ocean_both_sidebars_style":"","ocean_both_sidebars_content_width":0,"ocean_both_sidebars_sidebars_width":0,"ocean_sidebar":"0","ocean_second_sidebar":"0","ocean_disable_margins":"enable","ocean_add_body_class":"","ocean_shortcode_before_top_bar":"","ocean_shortcode_after_top_bar":"","ocean_shortcode_before_header":"","ocean_shortcode_after_header":"","ocean_has_shortcode":"","ocean_shortcode_after_title":"","ocean_shortcode_before_footer_widgets":"","ocean_shortcode_after_footer_widgets":"","ocean_shortcode_before_footer_bottom":"","ocean_shortcode_after_footer_bottom":"","ocean_display_top_bar":"default","ocean_display_header":"default","ocean_header_style":"","ocean_center_header_left_menu":"0","ocean_custom_header_template":"0","ocean_custom_logo":0,"ocean_custom_retina_logo":0,"ocean_custom_logo_max_width":0,"ocean_custom_logo_tablet_max_width":0,"ocean_custom_logo_mobile_max_width":0,"ocean_custom_logo_max_height":0,"ocean_custom_logo_tablet_max_height":0,"ocean_custom_logo_mobile_max_height":0,"ocean_header_custom_menu":"0","ocean_menu_typo_font_family":"0","ocean_menu_typo_font_subset":"","ocean_menu_typo_font_size":0,"ocean_menu_typo_font_size_tablet":0,"ocean_menu_typo_font_size_mobile":0,"ocean_menu_typo_font_size_unit":"px","ocean_menu_typo_font_weight":"","ocean_menu_typo_font_weight_tablet":"","ocean_menu_typo_font_weight_mobile":"","ocean_menu_typo_transform":"","ocean_menu_typo_transform_tablet":"","ocean_menu_typo_transform_mobile":"","ocean_menu_typo_line_height":0,"ocean_menu_typo_line_height_tablet":0,"ocean_menu_typo_line_height_mobile":0,"ocean_menu_typo_line_height_unit":"","ocean_menu_typo_spacing":0,"ocean_menu_typo_spacing_tablet":0,"ocean_menu_typo_spacing_mobile":0,"ocean_menu_typo_spacing_unit":"","ocean_menu_link_color":"","ocean_menu_link_color_hover":"","ocean_menu_link_color_active":"","ocean_menu_link_background":"","ocean_menu_link_hover_background":"","ocean_menu_link_active_background":"","ocean_menu_social_links_bg":"","ocean_menu_social_hover_links_bg":"","ocean_menu_social_links_color":"","ocean_menu_social_hover_links_color":"","ocean_disable_title":"default","ocean_disable_heading":"default","ocean_post_title":"","ocean_post_subheading":"","ocean_post_title_style":"","ocean_post_title_background_color":"","ocean_post_title_background":0,"ocean_post_title_bg_image_position":"","ocean_post_title_bg_image_attachment":"","ocean_post_title_bg_image_repeat":"","ocean_post_title_bg_image_size":"","ocean_post_title_height":0,"ocean_post_title_bg_overlay":0.5,"ocean_post_title_bg_overlay_color":"","ocean_disable_breadcrumbs":"default","ocean_breadcrumbs_color":"","ocean_breadcrumbs_separator_color":"","ocean_breadcrumbs_links_color":"","ocean_breadcrumbs_links_hover_color":"","ocean_display_footer_widgets":"default","ocean_display_footer_bottom":"default","ocean_custom_footer_template":"0","footnotes":""},"class_list":["post-722","page","type-page","status-publish","hentry","entry"],"yoast_head":"<!-- This site is optimized with the Yoast SEO plugin v23.7 - https:\/\/yoast.com\/wordpress\/plugins\/seo\/ -->\n<title>Studia podyplomowe - AMISNS<\/title>\n<meta name=\"robots\" content=\"noindex, follow, max-snippet:-1, max-image-preview:large, max-video-preview:-1\" \/>\n<meta property=\"og:locale\" content=\"pl_PL\" \/>\n<meta property=\"og:type\" content=\"article\" \/>\n<meta property=\"og:title\" content=\"Studia podyplomowe - AMISNS\" \/>\n<meta property=\"og:description\" content=\"STUDIA PODYPLOMOWE Zasady naboruO przyj\u0119ciu na studia decyduje kolejno\u015b\u0107 zg\u0142osze\u0144 Wymagania Studia wy\u017csze: honorowane s\u0105 dyplomy uko\u0144czenia studi\u00f3w I stopnia ? licencjackich oraz in\u017cynierskich, II stopnia oraz jednolitych studi\u00f3w magisterskich. Wymagane dokumenty Kandydaci na studia sk\u0142adaj\u0105 \/ przesy\u0142aj\u0105 do biura rekrutacji nast\u0119puj\u0105ce dokumenty: podanie rekrutacyjne &#8211; wygenerowane w systemie Internetowej Rejestracji Kandydat\u00f3w (IRK)klauzula informacyjna &#8211; [&hellip;]\" \/>\n<meta property=\"og:url\" content=\"https:\/\/amisns.edu.pl\/stara-wersja\/homepage\/studia-podyplomowe\/\" \/>\n<meta property=\"og:site_name\" content=\"AMISNS\" \/>\n<meta property=\"article:publisher\" content=\"https:\/\/www.facebook.com\/AMiSNSElblag\" \/>\n<meta property=\"article:modified_time\" content=\"2024-06-10T10:04:30+00:00\" \/>\n<meta name=\"twitter:card\" content=\"summary_large_image\" \/>\n<meta name=\"twitter:label1\" content=\"Szacowany czas czytania\" \/>\n\t<meta name=\"twitter:data1\" content=\"22 minuty\" \/>\n<script type=\"application\/ld+json\" class=\"yoast-schema-graph\">{\"@context\":\"https:\/\/schema.org\",\"@graph\":[{\"@type\":\"WebPage\",\"@id\":\"https:\/\/amisns.edu.pl\/stara-wersja\/homepage\/studia-podyplomowe\/\",\"url\":\"https:\/\/amisns.edu.pl\/stara-wersja\/homepage\/studia-podyplomowe\/\",\"name\":\"Studia podyplomowe - AMISNS\",\"isPartOf\":{\"@id\":\"https:\/\/amisns.edu.pl\/stara-wersja\/stara-wersja\/#website\"},\"datePublished\":\"2022-11-30T00:52:44+00:00\",\"dateModified\":\"2024-06-10T10:04:30+00:00\",\"breadcrumb\":{\"@id\":\"https:\/\/amisns.edu.pl\/stara-wersja\/homepage\/studia-podyplomowe\/#breadcrumb\"},\"inLanguage\":\"pl-PL\",\"potentialAction\":[{\"@type\":\"ReadAction\",\"target\":[\"https:\/\/amisns.edu.pl\/stara-wersja\/homepage\/studia-podyplomowe\/\"]}]},{\"@type\":\"BreadcrumbList\",\"@id\":\"https:\/\/amisns.edu.pl\/stara-wersja\/homepage\/studia-podyplomowe\/#breadcrumb\",\"itemListElement\":[{\"@type\":\"ListItem\",\"position\":1,\"name\":\"Strona g\u0142\u00f3wna\",\"item\":\"https:\/\/amisns.edu.pl\/stara-wersja\/\"},{\"@type\":\"ListItem\",\"position\":2,\"name\":\"Homepage\",\"item\":\"https:\/\/amisns.edu.pl\/stara-wersja\/\"},{\"@type\":\"ListItem\",\"position\":3,\"name\":\"Studia podyplomowe\"}]},{\"@type\":\"WebSite\",\"@id\":\"https:\/\/amisns.edu.pl\/stara-wersja\/stara-wersja\/#website\",\"url\":\"https:\/\/amisns.edu.pl\/stara-wersja\/stara-wersja\/\",\"name\":\"AMISNS\",\"description\":\"Akademia Medycznych i Spo\u0142ecznych nauk stosowanych\",\"publisher\":{\"@id\":\"https:\/\/amisns.edu.pl\/stara-wersja\/stara-wersja\/#organization\"},\"potentialAction\":[{\"@type\":\"SearchAction\",\"target\":{\"@type\":\"EntryPoint\",\"urlTemplate\":\"https:\/\/amisns.edu.pl\/stara-wersja\/stara-wersja\/?s={search_term_string}\"},\"query-input\":{\"@type\":\"PropertyValueSpecification\",\"valueRequired\":true,\"valueName\":\"search_term_string\"}}],\"inLanguage\":\"pl-PL\"},{\"@type\":\"Organization\",\"@id\":\"https:\/\/amisns.edu.pl\/stara-wersja\/stara-wersja\/#organization\",\"name\":\"AMISNS\",\"url\":\"https:\/\/amisns.edu.pl\/stara-wersja\/stara-wersja\/\",\"logo\":{\"@type\":\"ImageObject\",\"inLanguage\":\"pl-PL\",\"@id\":\"https:\/\/amisns.edu.pl\/stara-wersja\/stara-wersja\/#\/schema\/logo\/image\/\",\"url\":\"https:\/\/amisns.edu.pl\/stara-wersja\/wp-content\/uploads\/2022\/12\/Znak-AMiSNS-na-strone-www-4k.png\",\"contentUrl\":\"https:\/\/amisns.edu.pl\/stara-wersja\/wp-content\/uploads\/2022\/12\/Znak-AMiSNS-na-strone-www-4k.png\",\"width\":1920,\"height\":523,\"caption\":\"AMISNS\"},\"image\":{\"@id\":\"https:\/\/amisns.edu.pl\/stara-wersja\/stara-wersja\/#\/schema\/logo\/image\/\"},\"sameAs\":[\"https:\/\/www.facebook.com\/AMiSNSElblag\"]}]}<\/script>\n<!-- \/ Yoast SEO plugin. -->","yoast_head_json":{"title":"Studia podyplomowe - AMISNS","robots":{"index":"noindex","follow":"follow","max-snippet":"max-snippet:-1","max-image-preview":"max-image-preview:large","max-video-preview":"max-video-preview:-1"},"og_locale":"pl_PL","og_type":"article","og_title":"Studia podyplomowe - AMISNS","og_description":"STUDIA PODYPLOMOWE Zasady naboruO przyj\u0119ciu na studia decyduje kolejno\u015b\u0107 zg\u0142osze\u0144 Wymagania Studia wy\u017csze: honorowane s\u0105 dyplomy uko\u0144czenia studi\u00f3w I stopnia ? licencjackich oraz in\u017cynierskich, II stopnia oraz jednolitych studi\u00f3w magisterskich. Wymagane dokumenty Kandydaci na studia sk\u0142adaj\u0105 \/ przesy\u0142aj\u0105 do biura rekrutacji nast\u0119puj\u0105ce dokumenty: podanie rekrutacyjne &#8211; wygenerowane w systemie Internetowej Rejestracji Kandydat\u00f3w (IRK)klauzula informacyjna &#8211; [&hellip;]","og_url":"https:\/\/amisns.edu.pl\/stara-wersja\/homepage\/studia-podyplomowe\/","og_site_name":"AMISNS","article_publisher":"https:\/\/www.facebook.com\/AMiSNSElblag","article_modified_time":"2024-06-10T10:04:30+00:00","twitter_card":"summary_large_image","twitter_misc":{"Szacowany czas czytania":"22 minuty"},"schema":{"@context":"https:\/\/schema.org","@graph":[{"@type":"WebPage","@id":"https:\/\/amisns.edu.pl\/stara-wersja\/homepage\/studia-podyplomowe\/","url":"https:\/\/amisns.edu.pl\/stara-wersja\/homepage\/studia-podyplomowe\/","name":"Studia podyplomowe - AMISNS","isPartOf":{"@id":"https:\/\/amisns.edu.pl\/stara-wersja\/stara-wersja\/#website"},"datePublished":"2022-11-30T00:52:44+00:00","dateModified":"2024-06-10T10:04:30+00:00","breadcrumb":{"@id":"https:\/\/amisns.edu.pl\/stara-wersja\/homepage\/studia-podyplomowe\/#breadcrumb"},"inLanguage":"pl-PL","potentialAction":[{"@type":"ReadAction","target":["https:\/\/amisns.edu.pl\/stara-wersja\/homepage\/studia-podyplomowe\/"]}]},{"@type":"BreadcrumbList","@id":"https:\/\/amisns.edu.pl\/stara-wersja\/homepage\/studia-podyplomowe\/#breadcrumb","itemListElement":[{"@type":"ListItem","position":1,"name":"Strona g\u0142\u00f3wna","item":"https:\/\/amisns.edu.pl\/stara-wersja\/"},{"@type":"ListItem","position":2,"name":"Homepage","item":"https:\/\/amisns.edu.pl\/stara-wersja\/"},{"@type":"ListItem","position":3,"name":"Studia podyplomowe"}]},{"@type":"WebSite","@id":"https:\/\/amisns.edu.pl\/stara-wersja\/stara-wersja\/#website","url":"https:\/\/amisns.edu.pl\/stara-wersja\/stara-wersja\/","name":"AMISNS","description":"Akademia Medycznych i Spo\u0142ecznych nauk stosowanych","publisher":{"@id":"https:\/\/amisns.edu.pl\/stara-wersja\/stara-wersja\/#organization"},"potentialAction":[{"@type":"SearchAction","target":{"@type":"EntryPoint","urlTemplate":"https:\/\/amisns.edu.pl\/stara-wersja\/stara-wersja\/?s={search_term_string}"},"query-input":{"@type":"PropertyValueSpecification","valueRequired":true,"valueName":"search_term_string"}}],"inLanguage":"pl-PL"},{"@type":"Organization","@id":"https:\/\/amisns.edu.pl\/stara-wersja\/stara-wersja\/#organization","name":"AMISNS","url":"https:\/\/amisns.edu.pl\/stara-wersja\/stara-wersja\/","logo":{"@type":"ImageObject","inLanguage":"pl-PL","@id":"https:\/\/amisns.edu.pl\/stara-wersja\/stara-wersja\/#\/schema\/logo\/image\/","url":"https:\/\/amisns.edu.pl\/stara-wersja\/wp-content\/uploads\/2022\/12\/Znak-AMiSNS-na-strone-www-4k.png","contentUrl":"https:\/\/amisns.edu.pl\/stara-wersja\/wp-content\/uploads\/2022\/12\/Znak-AMiSNS-na-strone-www-4k.png","width":1920,"height":523,"caption":"AMISNS"},"image":{"@id":"https:\/\/amisns.edu.pl\/stara-wersja\/stara-wersja\/#\/schema\/logo\/image\/"},"sameAs":["https:\/\/www.facebook.com\/AMiSNSElblag"]}]}},"_links":{"self":[{"href":"https:\/\/amisns.edu.pl\/stara-wersja\/wp-json\/wp\/v2\/pages\/722"}],"collection":[{"href":"https:\/\/amisns.edu.pl\/stara-wersja\/wp-json\/wp\/v2\/pages"}],"about":[{"href":"https:\/\/amisns.edu.pl\/stara-wersja\/wp-json\/wp\/v2\/types\/page"}],"author":[{"embeddable":true,"href":"https:\/\/amisns.edu.pl\/stara-wersja\/wp-json\/wp\/v2\/users\/2"}],"replies":[{"embeddable":true,"href":"https:\/\/amisns.edu.pl\/stara-wersja\/wp-json\/wp\/v2\/comments?post=722"}],"version-history":[{"count":124,"href":"https:\/\/amisns.edu.pl\/stara-wersja\/wp-json\/wp\/v2\/pages\/722\/revisions"}],"predecessor-version":[{"id":22234,"href":"https:\/\/amisns.edu.pl\/stara-wersja\/wp-json\/wp\/v2\/pages\/722\/revisions\/22234"}],"up":[{"embeddable":true,"href":"https:\/\/amisns.edu.pl\/stara-wersja\/wp-json\/wp\/v2\/pages\/46"}],"wp:attachment":[{"href":"https:\/\/amisns.edu.pl\/stara-wersja\/wp-json\/wp\/v2\/media?parent=722"}],"curies":[{"name":"wp","href":"https:\/\/api.w.org\/{rel}","templated":true}]}}